{"id":8766,"date":"2021-12-07T07:21:12","date_gmt":"2021-12-07T06:21:12","guid":{"rendered":"https:\/\/www.uni.lu\/fr\/events\/construire-des-politiques-sociales-dans-un-contexte-frontalier-le-cas-des-ouvrier%c2%b7e%c2%b7s-belges-dans-le-nord-de-la-france\/"},"modified":"2021-12-07T07:21:12","modified_gmt":"2021-12-07T06:21:12","slug":"construire-des-politiques-sociales-dans-un-contexte-frontalier-le-cas-des-ouvrier%c2%b7e%c2%b7s-belges-dans-le-nord-de-la-france","status":"publish","type":"events","link":"https:\/\/www.uni.lu\/fr\/events\/construire-des-politiques-sociales-dans-un-contexte-frontalier-le-cas-des-ouvrier%c2%b7e%c2%b7s-belges-dans-le-nord-de-la-france\/","title":{"rendered":"Construire des politiques sociales dans un contexte frontalier: le cas des ouvrier\u00b7e\u00b7s belges dans le Nord de la France"},"content":{"rendered":"<section class=\"wp-block-unilux-blocks-free-section section\"><div class=\"container xl:max-w-screen-xl\"><p><strong>Webinaire du Dr. Claudine Marissal (EUI) dans le cadre de \u00ab\u00a0FLUXUS \u2013 S\u00e9rie de conf\u00e9rences au sujet des migrations et des fronti\u00e8res dans l\u2019espace de la Grande R\u00e9gion\u00a0\u00bb.<\/strong><\/p><p>Du milieu du 19e si\u00e8cle aux ann\u00e9es 1960, des dizaines de milliers d\u2019ouvriers et d\u2019ouvri\u00e8res belges sont partis chaque ann\u00e9e travailler dans le Nord de la France pour y profiter d\u2019opportunit\u00e9s d\u2019emploi plus avantageuses qu\u2019en Belgique. Ils\/elles travaillaient dans l\u2019agriculture, l\u2019industrie ou le secteur de la construction et r\u00e9alisaient les travaux les plus p\u00e9nibles et les moins bien r\u00e9mun\u00e9r\u00e9s. Ces migrations ouvri\u00e8res ont \u00e9t\u00e9 tour \u00e0 tour frein\u00e9es ou encourag\u00e9es, selon le contexte \u00e9conomique et les besoins de main d\u2019\u0153uvre dans le Nord de la France. Elles ont donn\u00e9 lieu \u00e0 des tensions et des n\u00e9gociations entre les industriels, les syndicats, les associations qui d\u00e9fendaient les int\u00e9r\u00eats des migrants et les autorit\u00e9s publiques, de part et d\u2019autre de la fronti\u00e8re. Cette recherche explore la construction de politiques sociales sp\u00e9cifiques et l\u2019adaptation -ou non- des dispositifs d\u2019assistance et de protection sociale \u00e0 la situation particuli\u00e8re des travailleurs de la zone frontali\u00e8re et de leur famille, avec une attention particuli\u00e8re pour des groupes fragilis\u00e9s : les femmes ouvri\u00e8res, les anciens combattants et les enfants.<\/p><p><strong>Claudine Marissal<\/strong> est Docteure en Histoire de l\u2019Universit\u00e9 Libre de Bruxelles. Sp\u00e9cialis\u00e9e en histoire sociale et du genre, ses recherches portent sur l\u2019histoire de la pauvret\u00e9 et des politiques sociales (initiatives publiques et priv\u00e9es), l\u2019histoire de la protection de l\u2019enfance et de la maternit\u00e9 et l\u2019histoire du f\u00e9minisme. Codirectrice et auteure des ouvrages <i>Encyclop\u00e9die d\u2019histoire des femmes en Belgique<\/i> (en coll., 2018), <i>M\u00e8res et p\u00e8res, le d\u00e9fi de l\u2019\u00e9galit\u00e9<\/i> (2018) et <i>Prot\u00e9ger le jeune enfant: enjeux sociaux, politiques et sexu\u00e9s<\/i> (2014), elle est actuellement historienne au Centre d\u2019Archives et de Recherches pour l\u2019Histoire des Femmes (Bruxelles), collaboratrice scientifique \u00e0 l\u2019Universit\u00e9 Libre de Bruxelles et chercheuse au sein du projet Sociobord \u00e0 l\u2019European University Institute (Florence), qui \u00e9tudie la construction des politiques sociales dans les zones frontali\u00e8res europ\u00e9ennes.<\/p><p><strong>Discutante: Mme Suzanne Pasleau<\/strong>, Professeur agr\u00e9g\u00e9e \u00e0 la Facult\u00e9 de Philosophie et lettres, D\u00e9partement des sciences historiques, Histoire \u00e9conomique et sociale de l&rsquo;Universit\u00e9 de Li\u00e8ge.<\/p><p><strong>Mod\u00e9ration<\/strong> de la conf\u00e9rence par <strong>Mme Catherine Lanneau<\/strong> et <strong>M. Eric Geerkens<\/strong>, professeurs \u00e0 l\u2019Universit\u00e9 de Li\u00e8ge.<\/p><p>La conf\u00e9rence est organis\u00e9e en partenariat avec l&rsquo;Universit\u00e9 de Li\u00e8ge.<\/p><p>Le <a href=\"https:\/\/www.c2dh.uni.lu\/projects\/foreign-workforce-minette-during-inter-war-period\" target=\"_blank\" title=\"\" rel=\"noopener\">projet FLUXUS<\/a> b\u00e9n\u00e9ficie du soutien de la Grande R\u00e9gion.<\/p><p><\/p><p><strong>Inscription:<\/strong> Pour recevoir le lien vers la conf\u00e9rence, veuillez vous inscrire \u00e0 l&rsquo;adresse <a href=\"mailto:lorine.hosch@ext.uni.lu\" target=\"_self\" title=\"\" rel=\"noopener\">lorine.hosch@ext.uni.lu<\/a>.<\/p><p><\/p><p>Photo: Arbeid, grensarbeiders, AMSAB-ISG &#8211; <a href=\"https:\/\/opac.amsab.be\/Record\/fo002125#usercomments\" target=\"_blank\" title=\"\" rel=\"noopener\">Instituut Voor Sociale Geschiedenis<\/a><\/p><\/div><\/section>","protected":false},"excerpt":{"rendered":"<p>Webinaire du Dr. Claudine Marissal (EUI) dans le cadre de \u00ab\u00a0FLUXUS \u2013 S\u00e9rie de conf\u00e9rences au sujet des migrations et des fronti\u00e8res dans l\u2019espace de la Grande R\u00e9gion\u00a0\u00bb.<\/p>\n","protected":false},"author":0,"featured_media":8767,"parent":0,"menu_order":0,"comment_status":"open","ping_status":"closed","template":"","format":"standard","meta":{"featured_image_focal_point":[],"show_featured_caption":false,"ulux_newsletter_groups":"","uluxPostTitle":"","uluxPrePostTitle":"","_trash_the_other_posts":false,"_price":"","_stock":"","_tribe_ticket_header":"","_tribe_default_ticket_provider":"","_tribe_ticket_capacity":"0","_ticket_start_date":"","_ticket_end_date":"","_tribe_ticket_show_description":"","_tribe_ticket_show_not_going":false,"_tribe_ticket_use_global_stock":"","_tribe_ticket_global_stock_level":"","_global_stock_mode":"","_global_stock_cap":"","_tribe_rsvp_for_event":"","_tribe_ticket_going_count":"","_tribe_ticket_not_going_count":"","_tribe_tickets_list":"[]","_tribe_ticket_has_attendee_info_fields":false,"event_start_date":"2021-12-13 15:30:00","event_end_date":"2021-12-13 17:00:00","event_speaker_name":"Dr. Claudine Marissal","event_speaker_link":"","event_is_online":false,"event_location":"Online - Webex","event_street":"","event_location_link":"","event_zip_code":"","event_city":"","event_country":"LU"},"events-topic":[312],"events-type":[],"organisation":[221,226],"authorship":[],"acf":[],"yoast_head":"<!-- This site is optimized with the Yoast SEO Premium plugin v22.3 (Yoast SEO v22.3) - https:\/\/yoast.com\/wordpress\/plugins\/seo\/ -->\n<title>Construire des politiques sociales dans un contexte frontalier: le cas des ouvrier\u00b7e\u00b7s belges dans le Nord de la France - Universit\u00e9 du Luxembourg<\/title>\n<meta name=\"description\" content=\"Webinaire du Dr. Claudine Marissal (EUI) dans le cadre de &quot;FLUXUS \u2013 S\u00e9rie de conf\u00e9rences au sujet des migrations et des fronti\u00e8res dans l\u2019espace de la Grande R\u00e9gion&quot;.\" \/>\n<meta name=\"robots\" content=\"index, follow, max-snippet:-1, max-image-preview:large, max-video-preview:-1\" \/>\n<link rel=\"canonical\" href=\"https:\/\/www.uni.lu\/fr\/events\/construire-des-politiques-sociales-dans-un-contexte-frontalier-le-cas-des-ouvrier\u00b7e\u00b7s-belges-dans-le-nord-de-la-france\/\" \/>\n<meta property=\"og:locale\" content=\"fr_FR\" \/>\n<meta property=\"og:type\" content=\"article\" \/>\n<meta property=\"og:title\" content=\"Construire des politiques sociales dans un contexte frontalier: le cas des ouvrier\u00b7e\u00b7s belges dans le Nord de la France\" \/>\n<meta property=\"og:description\" content=\"Webinaire du Dr. Claudine Marissal (EUI) dans le cadre de &quot;FLUXUS \u2013 S\u00e9rie de conf\u00e9rences au sujet des migrations et des fronti\u00e8res dans l\u2019espace de la Grande R\u00e9gion&quot;.\" \/>\n<meta property=\"og:url\" content=\"https:\/\/www.uni.lu\/fr\/events\/construire-des-politiques-sociales-dans-un-contexte-frontalier-le-cas-des-ouvrier\u00b7e\u00b7s-belges-dans-le-nord-de-la-france\/\" \/>\n<meta property=\"og:site_name\" content=\"UNI FR\" \/>\n<meta property=\"article:publisher\" content=\"https:\/\/www.facebook.com\/uni.lu\" \/>\n<meta property=\"og:image\" content=\"https:\/\/www.uni.lu\/wp-content\/uploads\/sites\/11\/2026\/03\/03120045\/UNIV_SM-Profile_1600x1600px-scaled.jpg\" \/>\n\t<meta property=\"og:image:width\" content=\"2560\" \/>\n\t<meta property=\"og:image:height\" content=\"2560\" \/>\n\t<meta property=\"og:image:type\" content=\"image\/jpeg\" \/>\n<meta name=\"twitter:card\" content=\"summary_large_image\" \/>\n<meta name=\"twitter:label1\" content=\"Dur\u00e9e de lecture estim\u00e9e\" \/>\n\t<meta name=\"twitter:data1\" content=\"2 minutes\" \/>\n<script type=\"application\/ld+json\" class=\"yoast-schema-graph\">{\"@context\":\"https:\/\/schema.org\",\"@graph\":[{\"@type\":\"WebPage\",\"@id\":\"https:\/\/www.uni.lu\/fr\/events\/construire-des-politiques-sociales-dans-un-contexte-frontalier-le-cas-des-ouvrier%c2%b7e%c2%b7s-belges-dans-le-nord-de-la-france\/\",\"url\":\"https:\/\/www.uni.lu\/fr\/events\/construire-des-politiques-sociales-dans-un-contexte-frontalier-le-cas-des-ouvrier%c2%b7e%c2%b7s-belges-dans-le-nord-de-la-france\/\",\"name\":\"Construire des politiques sociales dans un contexte frontalier: le cas des ouvrier\u00b7e\u00b7s belges dans le Nord de la France - Universit\u00e9 du Luxembourg\",\"isPartOf\":{\"@id\":\"https:\/\/www.uni.lu\/fr\/#website\"},\"primaryImageOfPage\":{\"@id\":\"https:\/\/www.uni.lu\/fr\/events\/construire-des-politiques-sociales-dans-un-contexte-frontalier-le-cas-des-ouvrier%c2%b7e%c2%b7s-belges-dans-le-nord-de-la-france\/#primaryimage\"},\"image\":{\"@id\":\"https:\/\/www.uni.lu\/fr\/events\/construire-des-politiques-sociales-dans-un-contexte-frontalier-le-cas-des-ouvrier%c2%b7e%c2%b7s-belges-dans-le-nord-de-la-france\/#primaryimage\"},\"thumbnailUrl\":\"https:\/\/www.uni.lu\/wp-content\/uploads\/sites\/11\/2021\/12\/construire_des_politiques_sociales_dans_un_contexte_frontalier_le_cas_des_ouvrier_e_s_belges_dans_le_nord_de_la_france.jpg\",\"datePublished\":\"2021-12-07T06:21:12+00:00\",\"dateModified\":\"2021-12-07T06:21:12+00:00\",\"description\":\"Webinaire du Dr. Claudine Marissal (EUI) dans le cadre de \\\"FLUXUS \u2013 S\u00e9rie de conf\u00e9rences au sujet des migrations et des fronti\u00e8res dans l\u2019espace de la Grande R\u00e9gion\\\".\",\"breadcrumb\":{\"@id\":\"https:\/\/www.uni.lu\/fr\/events\/construire-des-politiques-sociales-dans-un-contexte-frontalier-le-cas-des-ouvrier%c2%b7e%c2%b7s-belges-dans-le-nord-de-la-france\/#breadcrumb\"},\"inLanguage\":\"fr-FR\",\"potentialAction\":[{\"@type\":\"ReadAction\",\"target\":[\"https:\/\/www.uni.lu\/fr\/events\/construire-des-politiques-sociales-dans-un-contexte-frontalier-le-cas-des-ouvrier%c2%b7e%c2%b7s-belges-dans-le-nord-de-la-france\/\"]}]},{\"@type\":\"ImageObject\",\"inLanguage\":\"fr-FR\",\"@id\":\"https:\/\/www.uni.lu\/fr\/events\/construire-des-politiques-sociales-dans-un-contexte-frontalier-le-cas-des-ouvrier%c2%b7e%c2%b7s-belges-dans-le-nord-de-la-france\/#primaryimage\",\"url\":\"https:\/\/www.uni.lu\/wp-content\/uploads\/sites\/11\/2021\/12\/construire_des_politiques_sociales_dans_un_contexte_frontalier_le_cas_des_ouvrier_e_s_belges_dans_le_nord_de_la_france.jpg\",\"contentUrl\":\"https:\/\/www.uni.lu\/wp-content\/uploads\/sites\/11\/2021\/12\/construire_des_politiques_sociales_dans_un_contexte_frontalier_le_cas_des_ouvrier_e_s_belges_dans_le_nord_de_la_france.jpg\",\"width\":800,\"height\":600},{\"@type\":\"BreadcrumbList\",\"@id\":\"https:\/\/www.uni.lu\/fr\/events\/construire-des-politiques-sociales-dans-un-contexte-frontalier-le-cas-des-ouvrier%c2%b7e%c2%b7s-belges-dans-le-nord-de-la-france\/#breadcrumb\",\"itemListElement\":[{\"@type\":\"ListItem\",\"position\":1,\"name\":\"Home\",\"item\":\"https:\/\/www.uni.lu\/fr\/\"},{\"@type\":\"ListItem\",\"position\":2,\"name\":\"Events\",\"item\":\"https:\/\/www.uni.lu\/fr\/events\/\"},{\"@type\":\"ListItem\",\"position\":3,\"name\":\"Construire des politiques sociales dans un contexte frontalier: le cas des ouvrier\u00b7e\u00b7s belges dans le Nord de la France\"}]},{\"@type\":\"WebSite\",\"@id\":\"https:\/\/www.uni.lu\/fr\/#website\",\"url\":\"https:\/\/www.uni.lu\/fr\/\",\"name\":\"Uni.lu\",\"description\":\"Universit\u00e9 du Luxembourg\",\"publisher\":{\"@id\":\"https:\/\/www.uni.lu\/fr\/#organization\"},\"alternateName\":\"Universit\u00e9 du Luxembourg\",\"potentialAction\":[{\"@type\":\"SearchAction\",\"target\":{\"@type\":\"EntryPoint\",\"urlTemplate\":\"https:\/\/www.uni.lu\/fr\/?s={search_term_string}\"},\"query-input\":\"required name=search_term_string\"}],\"inLanguage\":\"fr-FR\"},{\"@type\":\"Organization\",\"@id\":\"https:\/\/www.uni.lu\/fr\/#organization\",\"name\":\"Universit\u00e9 du Luxembourg\",\"alternateName\":\"Uni.lu\",\"url\":\"https:\/\/www.uni.lu\/fr\/\",\"logo\":{\"@type\":\"ImageObject\",\"inLanguage\":\"fr-FR\",\"@id\":\"https:\/\/www.uni.lu\/fr\/#\/schema\/logo\/image\/\",\"url\":\"https:\/\/www.uni.lu\/wp-content\/uploads\/sites\/11\/2026\/03\/03120045\/UNIV_SM-Profile_1600x1600px-scaled.jpg\",\"contentUrl\":\"https:\/\/www.uni.lu\/wp-content\/uploads\/sites\/11\/2026\/03\/03120045\/UNIV_SM-Profile_1600x1600px-scaled.jpg\",\"width\":2560,\"height\":2560,\"caption\":\"Universit\u00e9 du Luxembourg\"},\"image\":\"https:\/\/www.uni.lu\/wp-content\/uploads\/sites\/11\/2026\/04\/24120552\/20200609-Belval-Campus_Henri-Goergen-23.jpg\",\"sameAs\":[\"https:\/\/www.facebook.com\/uni.lu\",\"https:\/\/www.linkedin.com\/school\/university-of-luxembourg\/\",\"https:\/\/www.instagram.com\/uni.lu\",\"https:\/\/www.youtube.com\/@uni_lu\",\"https:\/\/en.wikipedia.org\/wiki\/University_of_Luxembourg\"],\"email\":\"communication@uni.lu\",\"telephone\":\"+352 46 66 44 1\",\"address\":{\"@type\":\"PostalAddress\",\"streetAddress\":\"2, place de l\u2019Universit\u00e9\",\"addressLocality\":\"Esch-sur-Alzette\",\"postalCode\":\"4365\",\"addressCountry\":\"LU\"},\"description\":\"Universit\u00e9 du Luxembourg\"}]}<\/script>\n<!-- \/ Yoast SEO Premium plugin. -->","yoast_head_json":{"title":"Construire des politiques sociales dans un contexte frontalier: le cas des ouvrier\u00b7e\u00b7s belges dans le Nord de la France - Universit\u00e9 du Luxembourg","description":"Webinaire du Dr. Claudine Marissal (EUI) dans le cadre de \"FLUXUS \u2013 S\u00e9rie de conf\u00e9rences au sujet des migrations et des fronti\u00e8res dans l\u2019espace de la Grande R\u00e9gion\".","robots":{"index":"index","follow":"follow","max-snippet":"max-snippet:-1","max-image-preview":"max-image-preview:large","max-video-preview":"max-video-preview:-1"},"canonical":"https:\/\/www.uni.lu\/fr\/events\/construire-des-politiques-sociales-dans-un-contexte-frontalier-le-cas-des-ouvrier\u00b7e\u00b7s-belges-dans-le-nord-de-la-france\/","og_locale":"fr_FR","og_type":"article","og_title":"Construire des politiques sociales dans un contexte frontalier: le cas des ouvrier\u00b7e\u00b7s belges dans le Nord de la France","og_description":"Webinaire du Dr. Claudine Marissal (EUI) dans le cadre de \"FLUXUS \u2013 S\u00e9rie de conf\u00e9rences au sujet des migrations et des fronti\u00e8res dans l\u2019espace de la Grande R\u00e9gion\".","og_url":"https:\/\/www.uni.lu\/fr\/events\/construire-des-politiques-sociales-dans-un-contexte-frontalier-le-cas-des-ouvrier\u00b7e\u00b7s-belges-dans-le-nord-de-la-france\/","og_site_name":"UNI FR","article_publisher":"https:\/\/www.facebook.com\/uni.lu","og_image":[{"width":2560,"height":2560,"url":"https:\/\/www.uni.lu\/wp-content\/uploads\/sites\/11\/2026\/03\/03120045\/UNIV_SM-Profile_1600x1600px-scaled.jpg","type":"image\/jpeg"}],"twitter_card":"summary_large_image","twitter_misc":{"Dur\u00e9e de lecture estim\u00e9e":"2 minutes"},"schema":{"@context":"https:\/\/schema.org","@graph":[{"@type":"WebPage","@id":"https:\/\/www.uni.lu\/fr\/events\/construire-des-politiques-sociales-dans-un-contexte-frontalier-le-cas-des-ouvrier%c2%b7e%c2%b7s-belges-dans-le-nord-de-la-france\/","url":"https:\/\/www.uni.lu\/fr\/events\/construire-des-politiques-sociales-dans-un-contexte-frontalier-le-cas-des-ouvrier%c2%b7e%c2%b7s-belges-dans-le-nord-de-la-france\/","name":"Construire des politiques sociales dans un contexte frontalier: le cas des ouvrier\u00b7e\u00b7s belges dans le Nord de la France - Universit\u00e9 du Luxembourg","isPartOf":{"@id":"https:\/\/www.uni.lu\/fr\/#website"},"primaryImageOfPage":{"@id":"https:\/\/www.uni.lu\/fr\/events\/construire-des-politiques-sociales-dans-un-contexte-frontalier-le-cas-des-ouvrier%c2%b7e%c2%b7s-belges-dans-le-nord-de-la-france\/#primaryimage"},"image":{"@id":"https:\/\/www.uni.lu\/fr\/events\/construire-des-politiques-sociales-dans-un-contexte-frontalier-le-cas-des-ouvrier%c2%b7e%c2%b7s-belges-dans-le-nord-de-la-france\/#primaryimage"},"thumbnailUrl":"https:\/\/www.uni.lu\/wp-content\/uploads\/sites\/11\/2021\/12\/construire_des_politiques_sociales_dans_un_contexte_frontalier_le_cas_des_ouvrier_e_s_belges_dans_le_nord_de_la_france.jpg","datePublished":"2021-12-07T06:21:12+00:00","dateModified":"2021-12-07T06:21:12+00:00","description":"Webinaire du Dr. Claudine Marissal (EUI) dans le cadre de \"FLUXUS \u2013 S\u00e9rie de conf\u00e9rences au sujet des migrations et des fronti\u00e8res dans l\u2019espace de la Grande R\u00e9gion\".","breadcrumb":{"@id":"https:\/\/www.uni.lu\/fr\/events\/construire-des-politiques-sociales-dans-un-contexte-frontalier-le-cas-des-ouvrier%c2%b7e%c2%b7s-belges-dans-le-nord-de-la-france\/#breadcrumb"},"inLanguage":"fr-FR","potentialAction":[{"@type":"ReadAction","target":["https:\/\/www.uni.lu\/fr\/events\/construire-des-politiques-sociales-dans-un-contexte-frontalier-le-cas-des-ouvrier%c2%b7e%c2%b7s-belges-dans-le-nord-de-la-france\/"]}]},{"@type":"ImageObject","inLanguage":"fr-FR","@id":"https:\/\/www.uni.lu\/fr\/events\/construire-des-politiques-sociales-dans-un-contexte-frontalier-le-cas-des-ouvrier%c2%b7e%c2%b7s-belges-dans-le-nord-de-la-france\/#primaryimage","url":"https:\/\/www.uni.lu\/wp-content\/uploads\/sites\/11\/2021\/12\/construire_des_politiques_sociales_dans_un_contexte_frontalier_le_cas_des_ouvrier_e_s_belges_dans_le_nord_de_la_france.jpg","contentUrl":"https:\/\/www.uni.lu\/wp-content\/uploads\/sites\/11\/2021\/12\/construire_des_politiques_sociales_dans_un_contexte_frontalier_le_cas_des_ouvrier_e_s_belges_dans_le_nord_de_la_france.jpg","width":800,"height":600},{"@type":"BreadcrumbList","@id":"https:\/\/www.uni.lu\/fr\/events\/construire-des-politiques-sociales-dans-un-contexte-frontalier-le-cas-des-ouvrier%c2%b7e%c2%b7s-belges-dans-le-nord-de-la-france\/#breadcrumb","itemListElement":[{"@type":"ListItem","position":1,"name":"Home","item":"https:\/\/www.uni.lu\/fr\/"},{"@type":"ListItem","position":2,"name":"Events","item":"https:\/\/www.uni.lu\/fr\/events\/"},{"@type":"ListItem","position":3,"name":"Construire des politiques sociales dans un contexte frontalier: le cas des ouvrier\u00b7e\u00b7s belges dans le Nord de la France"}]},{"@type":"WebSite","@id":"https:\/\/www.uni.lu\/fr\/#website","url":"https:\/\/www.uni.lu\/fr\/","name":"Uni.lu","description":"Universit\u00e9 du Luxembourg","publisher":{"@id":"https:\/\/www.uni.lu\/fr\/#organization"},"alternateName":"Universit\u00e9 du Luxembourg","potentialAction":[{"@type":"SearchAction","target":{"@type":"EntryPoint","urlTemplate":"https:\/\/www.uni.lu\/fr\/?s={search_term_string}"},"query-input":"required name=search_term_string"}],"inLanguage":"fr-FR"},{"@type":"Organization","@id":"https:\/\/www.uni.lu\/fr\/#organization","name":"Universit\u00e9 du Luxembourg","alternateName":"Uni.lu","url":"https:\/\/www.uni.lu\/fr\/","logo":{"@type":"ImageObject","inLanguage":"fr-FR","@id":"https:\/\/www.uni.lu\/fr\/#\/schema\/logo\/image\/","url":"https:\/\/www.uni.lu\/wp-content\/uploads\/sites\/11\/2026\/03\/03120045\/UNIV_SM-Profile_1600x1600px-scaled.jpg","contentUrl":"https:\/\/www.uni.lu\/wp-content\/uploads\/sites\/11\/2026\/03\/03120045\/UNIV_SM-Profile_1600x1600px-scaled.jpg","width":2560,"height":2560,"caption":"Universit\u00e9 du Luxembourg"},"image":"https:\/\/www.uni.lu\/wp-content\/uploads\/sites\/11\/2026\/04\/24120552\/20200609-Belval-Campus_Henri-Goergen-23.jpg","sameAs":["https:\/\/www.facebook.com\/uni.lu","https:\/\/www.linkedin.com\/school\/university-of-luxembourg\/","https:\/\/www.instagram.com\/uni.lu","https:\/\/www.youtube.com\/@uni_lu","https:\/\/en.wikipedia.org\/wiki\/University_of_Luxembourg"],"email":"communication@uni.lu","telephone":"+352 46 66 44 1","address":{"@type":"PostalAddress","streetAddress":"2, place de l\u2019Universit\u00e9","addressLocality":"Esch-sur-Alzette","postalCode":"4365","addressCountry":"LU"},"description":"Universit\u00e9 du Luxembourg"}]}},"_links":{"self":[{"href":"https:\/\/www.uni.lu\/fr\/wp-json\/wp\/v2\/events\/8766"}],"collection":[{"href":"https:\/\/www.uni.lu\/fr\/wp-json\/wp\/v2\/events"}],"about":[{"href":"https:\/\/www.uni.lu\/fr\/wp-json\/wp\/v2\/types\/events"}],"replies":[{"embeddable":true,"href":"https:\/\/www.uni.lu\/fr\/wp-json\/wp\/v2\/comments?post=8766"}],"version-history":[{"count":0,"href":"https:\/\/www.uni.lu\/fr\/wp-json\/wp\/v2\/events\/8766\/revisions"}],"wp:featuredmedia":[{"embeddable":true,"href":"https:\/\/www.uni.lu\/fr\/wp-json\/wp\/v2\/media\/8767"}],"wp:attachment":[{"href":"https:\/\/www.uni.lu\/fr\/wp-json\/wp\/v2\/media?parent=8766"}],"wp:term":[{"taxonomy":"events-topic","embeddable":true,"href":"https:\/\/www.uni.lu\/fr\/wp-json\/wp\/v2\/events-topic?post=8766"},{"taxonomy":"events-type","embeddable":true,"href":"https:\/\/www.uni.lu\/fr\/wp-json\/wp\/v2\/events-type?post=8766"},{"taxonomy":"organisation","embeddable":true,"href":"https:\/\/www.uni.lu\/fr\/wp-json\/wp\/v2\/organisation?post=8766"}],"curies":[{"name":"wp","href":"https:\/\/api.w.org\/{rel}","templated":true}]}}