{"id":8758,"date":"2021-11-25T08:46:23","date_gmt":"2021-11-25T07:46:23","guid":{"rendered":"https:\/\/www.uni.lu\/fr\/events\/lessor-de-la-siderurgie-luxembourgeoise-du-xixe-siecle-au-debut-du-xxe-siecle-les-conditions-de-developpement-technique-et-economique-du-bassin-minier\/"},"modified":"2021-11-25T08:46:23","modified_gmt":"2021-11-25T07:46:23","slug":"lessor-de-la-siderurgie-luxembourgeoise-du-xixe-siecle-au-debut-du-xxe-siecle-les-conditions-de-developpement-technique-et-economique-du-bassin-minier","status":"publish","type":"events","link":"https:\/\/www.uni.lu\/fr\/events\/lessor-de-la-siderurgie-luxembourgeoise-du-xixe-siecle-au-debut-du-xxe-siecle-les-conditions-de-developpement-technique-et-economique-du-bassin-minier\/","title":{"rendered":"L\u2019essor de la sid\u00e9rurgie luxembourgeoise du XIXe si\u00e8cle au d\u00e9but du XXe si\u00e8cle. Les conditions de d\u00e9veloppement technique et \u00e9conomique du Bassin Minier."},"content":{"rendered":"<section class=\"wp-block-unilux-blocks-free-section section\"><div class=\"container xl:max-w-screen-xl\"><p><strong>Conf\u00e9rence de Jacques Maas, assistant de recherche au C\u00b2DH. L&rsquo;\u00e9v\u00e9nement hybride fait partie de la s\u00e9rie de conf\u00e9rences REMIX.<\/strong><\/p><p>Sous quelles conditions \u00e9conomiques et techniques la sid\u00e9rurgie luxembourgeoise a-t-elle r\u00e9alis\u00e9 sa modernisation \u00e0 partir du milieu du XIXe si\u00e8cle ? Quelles ont \u00e9t\u00e9 les sp\u00e9cificit\u00e9s de l\u2019essor de l\u2019exploitation mini\u00e8re du fer et de la production sid\u00e9rurgique du Bassin Minier durant la seconde moiti\u00e9 du XIXe si\u00e8cle ? Quelle a \u00e9t\u00e9 la part des innovations techniques dans ce processus de d\u00e9veloppement ? Voil\u00e0 quelques-uns des th\u00e8mes qui vont \u00eatre abord\u00e9s lors de cette communication qui pr\u00e9sentera aussi le contexte de la fondation d\u2019une grande entreprise sid\u00e9rurgique luxembourgeoise en 1911, l\u2019ARBED.<\/p><p><strong>Jacques Maas<\/strong> est historien, enseignant-chercheur au C\u00b2DH, fondateur et ancien responsable scientifique de la section des archives historiques de l\u2019industrie lourde aux Archives Nationales \u00e0 Luxembourg et auteur de nombreuses publications scientifiques sur l\u2019histoire \u00e9conomique, sociale et politique contemporaine du Luxembourg et de la grande r\u00e9gion Sarre-Lor-Lux. Ses recherches portent, entre autres, sur les entreprises de la famille de ma\u00eetres de forges Metz, sur les investissements transfrontaliers dans l\u2019industrie lourde, sur les strat\u00e9gies industrielles poursuivies par les industriels allemands Walther Rathenau et August Thyssen au Luxembourg avant la Premi\u00e8re Guerre mondiale, sur le cartel lorrain-luxembourgeois des fontes dirig\u00e9 par les Metz et les de Wendel etc. Il a dirig\u00e9 avec Manfred Rasch la publication de l\u2019ouvrage de synth\u00e8se \u00abDas Thomas-Verfahren in Europa. Entstehung-Entwicklung-Ende.\u00bb\u00a0 Essen 2009, 552 p.<\/p><p><\/p><p>Pour recevoir le lien ou pour participer en pr\u00e9sentiel, veuillez envoyer un e-mail \u00e0 Werner Tschacher (<a href=\"mailto:werner.tschacher@uni.lu\" target=\"_self\" title=\"\" rel=\"noopener\">werner.tschacher@uni.lu<\/a>).<\/p><\/div><\/section>","protected":false},"excerpt":{"rendered":"<p>Conf\u00e9rence de Jacques Maas, assistant de recherche au C\u00b2DH. L&rsquo;\u00e9v\u00e9nement hybride fait partie de la s\u00e9rie de conf\u00e9rences REMIX.<\/p>\n","protected":false},"author":0,"featured_media":8759,"parent":0,"menu_order":0,"comment_status":"open","ping_status":"closed","template":"","format":"standard","meta":{"featured_image_focal_point":[],"show_featured_caption":false,"ulux_newsletter_groups":"","uluxPostTitle":"","uluxPrePostTitle":"","_trash_the_other_posts":false,"_price":"","_stock":"","_tribe_ticket_header":"","_tribe_default_ticket_provider":"","_tribe_ticket_capacity":"0","_ticket_start_date":"","_ticket_end_date":"","_tribe_ticket_show_description":"","_tribe_ticket_show_not_going":false,"_tribe_ticket_use_global_stock":"","_tribe_ticket_global_stock_level":"","_global_stock_mode":"","_global_stock_cap":"","_tribe_rsvp_for_event":"","_tribe_ticket_going_count":"","_tribe_ticket_not_going_count":"","_tribe_tickets_list":"[]","_tribe_ticket_has_attendee_info_fields":false,"event_start_date":"2021-11-30 17:00:00","event_end_date":"2021-11-30 18:30:00","event_speaker_name":"Jacques Maas","event_speaker_link":"","event_is_online":false,"event_location":"\u00c9v\u00e9nement hybride: Webex et Salle Germain Dondelinger (Maison du Savoir, 17e \u00e9tage)","event_street":"2, avenue de l'Universit\u00e9","event_location_link":"","event_zip_code":"L-4365","event_city":"Esch-sur-Alzette","event_country":"LU"},"events-topic":[312],"events-type":[],"organisation":[221,226],"authorship":[],"acf":[],"yoast_head":"<!-- This site is optimized with the Yoast SEO Premium plugin v22.3 (Yoast SEO v22.3) - https:\/\/yoast.com\/wordpress\/plugins\/seo\/ -->\n<title>L\u2019essor de la sid\u00e9rurgie luxembourgeoise du XIXe si\u00e8cle au d\u00e9but du XXe si\u00e8cle. Les conditions de d\u00e9veloppement technique et \u00e9conomique du Bassin Minier. - Universit\u00e9 du Luxembourg<\/title>\n<meta name=\"description\" content=\"Conf\u00e9rence de Jacques Maas, assistant de recherche au C\u00b2DH. L&#039;\u00e9v\u00e9nement hybride fait partie de la s\u00e9rie de conf\u00e9rences REMIX.\" \/>\n<meta name=\"robots\" content=\"index, follow, max-snippet:-1, max-image-preview:large, max-video-preview:-1\" \/>\n<link rel=\"canonical\" href=\"https:\/\/www.uni.lu\/fr\/events\/lessor-de-la-siderurgie-luxembourgeoise-du-xixe-siecle-au-debut-du-xxe-siecle-les-conditions-de-developpement-technique-et-economique-du-bassin-minier\/\" \/>\n<meta property=\"og:locale\" content=\"fr_FR\" \/>\n<meta property=\"og:type\" content=\"article\" \/>\n<meta property=\"og:title\" content=\"L\u2019essor de la sid\u00e9rurgie luxembourgeoise du XIXe si\u00e8cle au d\u00e9but du XXe si\u00e8cle. Les conditions de d\u00e9veloppement technique et \u00e9conomique du Bassin Minier.\" \/>\n<meta property=\"og:description\" content=\"Conf\u00e9rence de Jacques Maas, assistant de recherche au C\u00b2DH. L&#039;\u00e9v\u00e9nement hybride fait partie de la s\u00e9rie de conf\u00e9rences REMIX.\" \/>\n<meta property=\"og:url\" content=\"https:\/\/www.uni.lu\/fr\/events\/lessor-de-la-siderurgie-luxembourgeoise-du-xixe-siecle-au-debut-du-xxe-siecle-les-conditions-de-developpement-technique-et-economique-du-bassin-minier\/\" \/>\n<meta property=\"og:site_name\" content=\"UNI FR\" \/>\n<meta property=\"article:publisher\" content=\"https:\/\/www.facebook.com\/uni.lu\" \/>\n<meta property=\"og:image\" content=\"https:\/\/www.uni.lu\/wp-content\/uploads\/sites\/11\/2026\/03\/03120045\/UNIV_SM-Profile_1600x1600px-scaled.jpg\" \/>\n\t<meta property=\"og:image:width\" content=\"2560\" \/>\n\t<meta property=\"og:image:height\" content=\"2560\" \/>\n\t<meta property=\"og:image:type\" content=\"image\/jpeg\" \/>\n<meta name=\"twitter:card\" content=\"summary_large_image\" \/>\n<meta name=\"twitter:label1\" content=\"Dur\u00e9e de lecture estim\u00e9e\" \/>\n\t<meta name=\"twitter:data1\" content=\"1 minute\" \/>\n<script type=\"application\/ld+json\" class=\"yoast-schema-graph\">{\"@context\":\"https:\/\/schema.org\",\"@graph\":[{\"@type\":\"WebPage\",\"@id\":\"https:\/\/www.uni.lu\/fr\/events\/lessor-de-la-siderurgie-luxembourgeoise-du-xixe-siecle-au-debut-du-xxe-siecle-les-conditions-de-developpement-technique-et-economique-du-bassin-minier\/\",\"url\":\"https:\/\/www.uni.lu\/fr\/events\/lessor-de-la-siderurgie-luxembourgeoise-du-xixe-siecle-au-debut-du-xxe-siecle-les-conditions-de-developpement-technique-et-economique-du-bassin-minier\/\",\"name\":\"L\u2019essor de la sid\u00e9rurgie luxembourgeoise du XIXe si\u00e8cle au d\u00e9but du XXe si\u00e8cle. Les conditions de d\u00e9veloppement technique et \u00e9conomique du Bassin Minier. - Universit\u00e9 du Luxembourg\",\"isPartOf\":{\"@id\":\"https:\/\/www.uni.lu\/fr\/#website\"},\"primaryImageOfPage\":{\"@id\":\"https:\/\/www.uni.lu\/fr\/events\/lessor-de-la-siderurgie-luxembourgeoise-du-xixe-siecle-au-debut-du-xxe-siecle-les-conditions-de-developpement-technique-et-economique-du-bassin-minier\/#primaryimage\"},\"image\":{\"@id\":\"https:\/\/www.uni.lu\/fr\/events\/lessor-de-la-siderurgie-luxembourgeoise-du-xixe-siecle-au-debut-du-xxe-siecle-les-conditions-de-developpement-technique-et-economique-du-bassin-minier\/#primaryimage\"},\"thumbnailUrl\":\"https:\/\/www.uni.lu\/wp-content\/uploads\/sites\/11\/2021\/11\/l_essor_de_la_siderurgie_luxembourgeoise_du_xixe_siecle_au_debut_du_xxe_siecle_les_conditions_de_developpement_technique_et_economique_du_bassin_m.jpg\",\"datePublished\":\"2021-11-25T07:46:23+00:00\",\"dateModified\":\"2021-11-25T07:46:23+00:00\",\"description\":\"Conf\u00e9rence de Jacques Maas, assistant de recherche au C\u00b2DH. L'\u00e9v\u00e9nement hybride fait partie de la s\u00e9rie de conf\u00e9rences REMIX.\",\"breadcrumb\":{\"@id\":\"https:\/\/www.uni.lu\/fr\/events\/lessor-de-la-siderurgie-luxembourgeoise-du-xixe-siecle-au-debut-du-xxe-siecle-les-conditions-de-developpement-technique-et-economique-du-bassin-minier\/#breadcrumb\"},\"inLanguage\":\"fr-FR\",\"potentialAction\":[{\"@type\":\"ReadAction\",\"target\":[\"https:\/\/www.uni.lu\/fr\/events\/lessor-de-la-siderurgie-luxembourgeoise-du-xixe-siecle-au-debut-du-xxe-siecle-les-conditions-de-developpement-technique-et-economique-du-bassin-minier\/\"]}]},{\"@type\":\"ImageObject\",\"inLanguage\":\"fr-FR\",\"@id\":\"https:\/\/www.uni.lu\/fr\/events\/lessor-de-la-siderurgie-luxembourgeoise-du-xixe-siecle-au-debut-du-xxe-siecle-les-conditions-de-developpement-technique-et-economique-du-bassin-minier\/#primaryimage\",\"url\":\"https:\/\/www.uni.lu\/wp-content\/uploads\/sites\/11\/2021\/11\/l_essor_de_la_siderurgie_luxembourgeoise_du_xixe_siecle_au_debut_du_xxe_siecle_les_conditions_de_developpement_technique_et_economique_du_bassin_m.jpg\",\"contentUrl\":\"https:\/\/www.uni.lu\/wp-content\/uploads\/sites\/11\/2021\/11\/l_essor_de_la_siderurgie_luxembourgeoise_du_xixe_siecle_au_debut_du_xxe_siecle_les_conditions_de_developpement_technique_et_economique_du_bassin_m.jpg\",\"width\":800,\"height\":600},{\"@type\":\"BreadcrumbList\",\"@id\":\"https:\/\/www.uni.lu\/fr\/events\/lessor-de-la-siderurgie-luxembourgeoise-du-xixe-siecle-au-debut-du-xxe-siecle-les-conditions-de-developpement-technique-et-economique-du-bassin-minier\/#breadcrumb\",\"itemListElement\":[{\"@type\":\"ListItem\",\"position\":1,\"name\":\"Home\",\"item\":\"https:\/\/www.uni.lu\/fr\/\"},{\"@type\":\"ListItem\",\"position\":2,\"name\":\"Events\",\"item\":\"https:\/\/www.uni.lu\/fr\/events\/\"},{\"@type\":\"ListItem\",\"position\":3,\"name\":\"L\u2019essor de la sid\u00e9rurgie luxembourgeoise du XIXe si\u00e8cle au d\u00e9but du XXe si\u00e8cle. Les conditions de d\u00e9veloppement technique et \u00e9conomique du Bassin Minier.\"}]},{\"@type\":\"WebSite\",\"@id\":\"https:\/\/www.uni.lu\/fr\/#website\",\"url\":\"https:\/\/www.uni.lu\/fr\/\",\"name\":\"Uni.lu\",\"description\":\"Universit\u00e9 du Luxembourg\",\"publisher\":{\"@id\":\"https:\/\/www.uni.lu\/fr\/#organization\"},\"alternateName\":\"Universit\u00e9 du Luxembourg\",\"potentialAction\":[{\"@type\":\"SearchAction\",\"target\":{\"@type\":\"EntryPoint\",\"urlTemplate\":\"https:\/\/www.uni.lu\/fr\/?s={search_term_string}\"},\"query-input\":\"required name=search_term_string\"}],\"inLanguage\":\"fr-FR\"},{\"@type\":\"Organization\",\"@id\":\"https:\/\/www.uni.lu\/fr\/#organization\",\"name\":\"Universit\u00e9 du Luxembourg\",\"alternateName\":\"Uni.lu\",\"url\":\"https:\/\/www.uni.lu\/fr\/\",\"logo\":{\"@type\":\"ImageObject\",\"inLanguage\":\"fr-FR\",\"@id\":\"https:\/\/www.uni.lu\/fr\/#\/schema\/logo\/image\/\",\"url\":\"https:\/\/www.uni.lu\/wp-content\/uploads\/sites\/11\/2026\/03\/03120045\/UNIV_SM-Profile_1600x1600px-scaled.jpg\",\"contentUrl\":\"https:\/\/www.uni.lu\/wp-content\/uploads\/sites\/11\/2026\/03\/03120045\/UNIV_SM-Profile_1600x1600px-scaled.jpg\",\"width\":2560,\"height\":2560,\"caption\":\"Universit\u00e9 du Luxembourg\"},\"image\":\"https:\/\/www.uni.lu\/wp-content\/uploads\/sites\/11\/2026\/04\/24120552\/20200609-Belval-Campus_Henri-Goergen-23.jpg\",\"sameAs\":[\"https:\/\/www.facebook.com\/uni.lu\",\"https:\/\/www.linkedin.com\/school\/university-of-luxembourg\/\",\"https:\/\/www.instagram.com\/uni.lu\",\"https:\/\/www.youtube.com\/@uni_lu\",\"https:\/\/en.wikipedia.org\/wiki\/University_of_Luxembourg\"],\"email\":\"communication@uni.lu\",\"telephone\":\"+352 46 66 44 1\",\"address\":{\"@type\":\"PostalAddress\",\"streetAddress\":\"2, place de l\u2019Universit\u00e9\",\"addressLocality\":\"Esch-sur-Alzette\",\"postalCode\":\"4365\",\"addressCountry\":\"LU\"},\"description\":\"Universit\u00e9 du Luxembourg\"}]}<\/script>\n<!-- \/ Yoast SEO Premium plugin. -->","yoast_head_json":{"title":"L\u2019essor de la sid\u00e9rurgie luxembourgeoise du XIXe si\u00e8cle au d\u00e9but du XXe si\u00e8cle. Les conditions de d\u00e9veloppement technique et \u00e9conomique du Bassin Minier. - Universit\u00e9 du Luxembourg","description":"Conf\u00e9rence de Jacques Maas, assistant de recherche au C\u00b2DH. L'\u00e9v\u00e9nement hybride fait partie de la s\u00e9rie de conf\u00e9rences REMIX.","robots":{"index":"index","follow":"follow","max-snippet":"max-snippet:-1","max-image-preview":"max-image-preview:large","max-video-preview":"max-video-preview:-1"},"canonical":"https:\/\/www.uni.lu\/fr\/events\/lessor-de-la-siderurgie-luxembourgeoise-du-xixe-siecle-au-debut-du-xxe-siecle-les-conditions-de-developpement-technique-et-economique-du-bassin-minier\/","og_locale":"fr_FR","og_type":"article","og_title":"L\u2019essor de la sid\u00e9rurgie luxembourgeoise du XIXe si\u00e8cle au d\u00e9but du XXe si\u00e8cle. Les conditions de d\u00e9veloppement technique et \u00e9conomique du Bassin Minier.","og_description":"Conf\u00e9rence de Jacques Maas, assistant de recherche au C\u00b2DH. L'\u00e9v\u00e9nement hybride fait partie de la s\u00e9rie de conf\u00e9rences REMIX.","og_url":"https:\/\/www.uni.lu\/fr\/events\/lessor-de-la-siderurgie-luxembourgeoise-du-xixe-siecle-au-debut-du-xxe-siecle-les-conditions-de-developpement-technique-et-economique-du-bassin-minier\/","og_site_name":"UNI FR","article_publisher":"https:\/\/www.facebook.com\/uni.lu","og_image":[{"width":2560,"height":2560,"url":"https:\/\/www.uni.lu\/wp-content\/uploads\/sites\/11\/2026\/03\/03120045\/UNIV_SM-Profile_1600x1600px-scaled.jpg","type":"image\/jpeg"}],"twitter_card":"summary_large_image","twitter_misc":{"Dur\u00e9e de lecture estim\u00e9e":"1 minute"},"schema":{"@context":"https:\/\/schema.org","@graph":[{"@type":"WebPage","@id":"https:\/\/www.uni.lu\/fr\/events\/lessor-de-la-siderurgie-luxembourgeoise-du-xixe-siecle-au-debut-du-xxe-siecle-les-conditions-de-developpement-technique-et-economique-du-bassin-minier\/","url":"https:\/\/www.uni.lu\/fr\/events\/lessor-de-la-siderurgie-luxembourgeoise-du-xixe-siecle-au-debut-du-xxe-siecle-les-conditions-de-developpement-technique-et-economique-du-bassin-minier\/","name":"L\u2019essor de la sid\u00e9rurgie luxembourgeoise du XIXe si\u00e8cle au d\u00e9but du XXe si\u00e8cle. Les conditions de d\u00e9veloppement technique et \u00e9conomique du Bassin Minier. - Universit\u00e9 du Luxembourg","isPartOf":{"@id":"https:\/\/www.uni.lu\/fr\/#website"},"primaryImageOfPage":{"@id":"https:\/\/www.uni.lu\/fr\/events\/lessor-de-la-siderurgie-luxembourgeoise-du-xixe-siecle-au-debut-du-xxe-siecle-les-conditions-de-developpement-technique-et-economique-du-bassin-minier\/#primaryimage"},"image":{"@id":"https:\/\/www.uni.lu\/fr\/events\/lessor-de-la-siderurgie-luxembourgeoise-du-xixe-siecle-au-debut-du-xxe-siecle-les-conditions-de-developpement-technique-et-economique-du-bassin-minier\/#primaryimage"},"thumbnailUrl":"https:\/\/www.uni.lu\/wp-content\/uploads\/sites\/11\/2021\/11\/l_essor_de_la_siderurgie_luxembourgeoise_du_xixe_siecle_au_debut_du_xxe_siecle_les_conditions_de_developpement_technique_et_economique_du_bassin_m.jpg","datePublished":"2021-11-25T07:46:23+00:00","dateModified":"2021-11-25T07:46:23+00:00","description":"Conf\u00e9rence de Jacques Maas, assistant de recherche au C\u00b2DH. L'\u00e9v\u00e9nement hybride fait partie de la s\u00e9rie de conf\u00e9rences REMIX.","breadcrumb":{"@id":"https:\/\/www.uni.lu\/fr\/events\/lessor-de-la-siderurgie-luxembourgeoise-du-xixe-siecle-au-debut-du-xxe-siecle-les-conditions-de-developpement-technique-et-economique-du-bassin-minier\/#breadcrumb"},"inLanguage":"fr-FR","potentialAction":[{"@type":"ReadAction","target":["https:\/\/www.uni.lu\/fr\/events\/lessor-de-la-siderurgie-luxembourgeoise-du-xixe-siecle-au-debut-du-xxe-siecle-les-conditions-de-developpement-technique-et-economique-du-bassin-minier\/"]}]},{"@type":"ImageObject","inLanguage":"fr-FR","@id":"https:\/\/www.uni.lu\/fr\/events\/lessor-de-la-siderurgie-luxembourgeoise-du-xixe-siecle-au-debut-du-xxe-siecle-les-conditions-de-developpement-technique-et-economique-du-bassin-minier\/#primaryimage","url":"https:\/\/www.uni.lu\/wp-content\/uploads\/sites\/11\/2021\/11\/l_essor_de_la_siderurgie_luxembourgeoise_du_xixe_siecle_au_debut_du_xxe_siecle_les_conditions_de_developpement_technique_et_economique_du_bassin_m.jpg","contentUrl":"https:\/\/www.uni.lu\/wp-content\/uploads\/sites\/11\/2021\/11\/l_essor_de_la_siderurgie_luxembourgeoise_du_xixe_siecle_au_debut_du_xxe_siecle_les_conditions_de_developpement_technique_et_economique_du_bassin_m.jpg","width":800,"height":600},{"@type":"BreadcrumbList","@id":"https:\/\/www.uni.lu\/fr\/events\/lessor-de-la-siderurgie-luxembourgeoise-du-xixe-siecle-au-debut-du-xxe-siecle-les-conditions-de-developpement-technique-et-economique-du-bassin-minier\/#breadcrumb","itemListElement":[{"@type":"ListItem","position":1,"name":"Home","item":"https:\/\/www.uni.lu\/fr\/"},{"@type":"ListItem","position":2,"name":"Events","item":"https:\/\/www.uni.lu\/fr\/events\/"},{"@type":"ListItem","position":3,"name":"L\u2019essor de la sid\u00e9rurgie luxembourgeoise du XIXe si\u00e8cle au d\u00e9but du XXe si\u00e8cle. Les conditions de d\u00e9veloppement technique et \u00e9conomique du Bassin Minier."}]},{"@type":"WebSite","@id":"https:\/\/www.uni.lu\/fr\/#website","url":"https:\/\/www.uni.lu\/fr\/","name":"Uni.lu","description":"Universit\u00e9 du Luxembourg","publisher":{"@id":"https:\/\/www.uni.lu\/fr\/#organization"},"alternateName":"Universit\u00e9 du Luxembourg","potentialAction":[{"@type":"SearchAction","target":{"@type":"EntryPoint","urlTemplate":"https:\/\/www.uni.lu\/fr\/?s={search_term_string}"},"query-input":"required name=search_term_string"}],"inLanguage":"fr-FR"},{"@type":"Organization","@id":"https:\/\/www.uni.lu\/fr\/#organization","name":"Universit\u00e9 du Luxembourg","alternateName":"Uni.lu","url":"https:\/\/www.uni.lu\/fr\/","logo":{"@type":"ImageObject","inLanguage":"fr-FR","@id":"https:\/\/www.uni.lu\/fr\/#\/schema\/logo\/image\/","url":"https:\/\/www.uni.lu\/wp-content\/uploads\/sites\/11\/2026\/03\/03120045\/UNIV_SM-Profile_1600x1600px-scaled.jpg","contentUrl":"https:\/\/www.uni.lu\/wp-content\/uploads\/sites\/11\/2026\/03\/03120045\/UNIV_SM-Profile_1600x1600px-scaled.jpg","width":2560,"height":2560,"caption":"Universit\u00e9 du Luxembourg"},"image":"https:\/\/www.uni.lu\/wp-content\/uploads\/sites\/11\/2026\/04\/24120552\/20200609-Belval-Campus_Henri-Goergen-23.jpg","sameAs":["https:\/\/www.facebook.com\/uni.lu","https:\/\/www.linkedin.com\/school\/university-of-luxembourg\/","https:\/\/www.instagram.com\/uni.lu","https:\/\/www.youtube.com\/@uni_lu","https:\/\/en.wikipedia.org\/wiki\/University_of_Luxembourg"],"email":"communication@uni.lu","telephone":"+352 46 66 44 1","address":{"@type":"PostalAddress","streetAddress":"2, place de l\u2019Universit\u00e9","addressLocality":"Esch-sur-Alzette","postalCode":"4365","addressCountry":"LU"},"description":"Universit\u00e9 du Luxembourg"}]}},"_links":{"self":[{"href":"https:\/\/www.uni.lu\/fr\/wp-json\/wp\/v2\/events\/8758"}],"collection":[{"href":"https:\/\/www.uni.lu\/fr\/wp-json\/wp\/v2\/events"}],"about":[{"href":"https:\/\/www.uni.lu\/fr\/wp-json\/wp\/v2\/types\/events"}],"replies":[{"embeddable":true,"href":"https:\/\/www.uni.lu\/fr\/wp-json\/wp\/v2\/comments?post=8758"}],"version-history":[{"count":0,"href":"https:\/\/www.uni.lu\/fr\/wp-json\/wp\/v2\/events\/8758\/revisions"}],"wp:featuredmedia":[{"embeddable":true,"href":"https:\/\/www.uni.lu\/fr\/wp-json\/wp\/v2\/media\/8759"}],"wp:attachment":[{"href":"https:\/\/www.uni.lu\/fr\/wp-json\/wp\/v2\/media?parent=8758"}],"wp:term":[{"taxonomy":"events-topic","embeddable":true,"href":"https:\/\/www.uni.lu\/fr\/wp-json\/wp\/v2\/events-topic?post=8758"},{"taxonomy":"events-type","embeddable":true,"href":"https:\/\/www.uni.lu\/fr\/wp-json\/wp\/v2\/events-type?post=8758"},{"taxonomy":"organisation","embeddable":true,"href":"https:\/\/www.uni.lu\/fr\/wp-json\/wp\/v2\/organisation?post=8758"}],"curies":[{"name":"wp","href":"https:\/\/api.w.org\/{rel}","templated":true}]}}