{"id":8756,"date":"2021-11-23T17:13:06","date_gmt":"2021-11-23T16:13:06","guid":{"rendered":"https:\/\/www.uni.lu\/fr\/events\/die-klage-der-ceres-von-der-unheimlichen-macht-auf-die-natur-wie-auf-eine-sprache-zu-horen\/"},"modified":"2021-11-23T17:13:06","modified_gmt":"2021-11-23T16:13:06","slug":"die-klage-der-ceres-von-der-unheimlichen-macht-auf-die-natur-wie-auf-eine-sprache-zu-horen","status":"publish","type":"events","link":"https:\/\/www.uni.lu\/fr\/events\/die-klage-der-ceres-von-der-unheimlichen-macht-auf-die-natur-wie-auf-eine-sprache-zu-horen\/","title":{"rendered":"Die Klage der Ceres: Von der unheimlichen Macht, auf die Natur wie auf eine Sprache zu h\u00f6ren"},"content":{"rendered":"<section class=\"wp-block-unilux-blocks-free-section section\"><div class=\"container xl:max-w-screen-xl\"><p>Vortragsreihe der Arbeitsgruppe \u201eHumanities and Religion\u201c<\/p><p>Wie in den vergangenen Jahren h\u00e4lt Prof. Dr. Georg Mein den Einf\u00fchrungsvortrag im Rahmen der diesj\u00e4hrigen Vortragsreihe mit dem Titel: \u201eVon der unheimlichen Macht der Sprache\u201d.<\/p><p>Der Vortrag entwickelt ein Modell, das Sprache und Kultur auf spezifische Weise mit Blick auf das menschliche Bewusstsein zusammenf\u00fchrt.<\/p><p>Ausgehend von Friedrich Schillers Gedicht \u201eDie Klage der Ceres\u201c (1797) werden aktuelle Fragestellungen der Kultur- und Medienphilosophie diskutiert.<\/p><p>Dabei wird insbesondere Bezug genommen auf den amerikanischen Forscher Julian Jaynes (1920-1997) und seine Theorie des Ursprungs und der Entwicklung des menschlichen Bewusstseins aus einer Struktur heraus, die er bikamerale Psyche nennt. Seine These hat Jaynes vor allem in seinem Hauptwerk \u201cThe Origin of Consciousness in the Breakdown of the Bicameral Mind\u201d (1976) dargestellt.<\/p><p><strong>Wichtiger Hinweis: Der Vortrag (mit anschlie\u00dfendem Umtrunk) unterliegt den <a href=\"https:\/\/covid19.public.lu\/de\/covidcheck\/zertifikat.html\" target=\"_blank\" title=\"\" rel=\"noopener\">CovidCheck-Richtlinien<\/a>.<\/strong><\/p><p><strong>Information und Kontakt:<\/strong><\/p><p><a href=\"mailto:jean-marie.weber@uni.lu\" target=\"_blank\" title=\"\" rel=\"noopener\">Jean-Marie Weber<\/a><\/p><\/div><\/section>","protected":false},"excerpt":{"rendered":"<p>Vortragsreihe der Arbeitsgruppe \u201eHumanities and Religion\u201c<\/p>\n","protected":false},"author":0,"featured_media":8757,"parent":0,"menu_order":0,"comment_status":"open","ping_status":"closed","template":"","format":"standard","meta":{"featured_image_focal_point":[],"show_featured_caption":false,"ulux_newsletter_groups":"","uluxPostTitle":"","uluxPrePostTitle":"","_trash_the_other_posts":false,"_price":"","_stock":"","_tribe_ticket_header":"","_tribe_default_ticket_provider":"","_tribe_ticket_capacity":"0","_ticket_start_date":"","_ticket_end_date":"","_tribe_ticket_show_description":"","_tribe_ticket_show_not_going":false,"_tribe_ticket_use_global_stock":"","_tribe_ticket_global_stock_level":"","_global_stock_mode":"","_global_stock_cap":"","_tribe_rsvp_for_event":"","_tribe_ticket_going_count":"","_tribe_ticket_not_going_count":"","_tribe_tickets_list":"[]","_tribe_ticket_has_attendee_info_fields":false,"event_start_date":"2021-12-02 18:00:00","event_end_date":"2021-12-02 20:00:00","event_speaker_name":"Prof. Dr. Georg Mein (Dekan der FHSE)","event_speaker_link":"","event_is_online":false,"event_location":"Campus Belval, Maison du Savoir, MSA 3.330","event_street":"","event_location_link":"","event_zip_code":"","event_city":"","event_country":"LU"},"events-topic":[318],"events-type":[],"organisation":[179,147,226],"authorship":[],"acf":[],"yoast_head":"<!-- This site is optimized with the Yoast SEO Premium plugin v22.3 (Yoast SEO v22.3) - https:\/\/yoast.com\/wordpress\/plugins\/seo\/ -->\n<title>Die Klage der Ceres: Von der unheimlichen Macht, auf die Natur wie auf eine Sprache zu h\u00f6ren - Universit\u00e9 du Luxembourg<\/title>\n<meta name=\"description\" content=\"Vortragsreihe der Arbeitsgruppe \u201eHumanities and Religion\u201c\" \/>\n<meta name=\"robots\" content=\"index, follow, max-snippet:-1, max-image-preview:large, max-video-preview:-1\" \/>\n<link rel=\"canonical\" href=\"https:\/\/www.uni.lu\/fr\/events\/die-klage-der-ceres-von-der-unheimlichen-macht-auf-die-natur-wie-auf-eine-sprache-zu-horen\/\" \/>\n<meta property=\"og:locale\" content=\"fr_FR\" \/>\n<meta property=\"og:type\" content=\"article\" \/>\n<meta property=\"og:title\" content=\"Die Klage der Ceres: Von der unheimlichen Macht, auf die Natur wie auf eine Sprache zu h\u00f6ren\" \/>\n<meta property=\"og:description\" content=\"Vortragsreihe der Arbeitsgruppe \u201eHumanities and Religion\u201c\" \/>\n<meta property=\"og:url\" content=\"https:\/\/www.uni.lu\/fr\/events\/die-klage-der-ceres-von-der-unheimlichen-macht-auf-die-natur-wie-auf-eine-sprache-zu-horen\/\" \/>\n<meta property=\"og:site_name\" content=\"UNI FR\" \/>\n<meta property=\"article:publisher\" content=\"https:\/\/www.facebook.com\/uni.lu\" \/>\n<meta property=\"og:image\" content=\"https:\/\/www.uni.lu\/wp-content\/uploads\/sites\/11\/2026\/03\/03120045\/UNIV_SM-Profile_1600x1600px-scaled.jpg\" \/>\n\t<meta property=\"og:image:width\" content=\"2560\" \/>\n\t<meta property=\"og:image:height\" content=\"2560\" \/>\n\t<meta property=\"og:image:type\" content=\"image\/jpeg\" \/>\n<meta name=\"twitter:card\" content=\"summary_large_image\" \/>\n<meta name=\"twitter:label1\" content=\"Dur\u00e9e de lecture estim\u00e9e\" \/>\n\t<meta name=\"twitter:data1\" content=\"1 minute\" \/>\n<script type=\"application\/ld+json\" class=\"yoast-schema-graph\">{\"@context\":\"https:\/\/schema.org\",\"@graph\":[{\"@type\":\"WebPage\",\"@id\":\"https:\/\/www.uni.lu\/fr\/events\/die-klage-der-ceres-von-der-unheimlichen-macht-auf-die-natur-wie-auf-eine-sprache-zu-horen\/\",\"url\":\"https:\/\/www.uni.lu\/fr\/events\/die-klage-der-ceres-von-der-unheimlichen-macht-auf-die-natur-wie-auf-eine-sprache-zu-horen\/\",\"name\":\"Die Klage der Ceres: Von der unheimlichen Macht, auf die Natur wie auf eine Sprache zu h\u00f6ren - Universit\u00e9 du Luxembourg\",\"isPartOf\":{\"@id\":\"https:\/\/www.uni.lu\/fr\/#website\"},\"primaryImageOfPage\":{\"@id\":\"https:\/\/www.uni.lu\/fr\/events\/die-klage-der-ceres-von-der-unheimlichen-macht-auf-die-natur-wie-auf-eine-sprache-zu-horen\/#primaryimage\"},\"image\":{\"@id\":\"https:\/\/www.uni.lu\/fr\/events\/die-klage-der-ceres-von-der-unheimlichen-macht-auf-die-natur-wie-auf-eine-sprache-zu-horen\/#primaryimage\"},\"thumbnailUrl\":\"https:\/\/www.uni.lu\/wp-content\/uploads\/sites\/11\/2021\/11\/die_klage_der_ceres.jpg\",\"datePublished\":\"2021-11-23T16:13:06+00:00\",\"dateModified\":\"2021-11-23T16:13:06+00:00\",\"description\":\"Vortragsreihe der Arbeitsgruppe \u201eHumanities and Religion\u201c\",\"breadcrumb\":{\"@id\":\"https:\/\/www.uni.lu\/fr\/events\/die-klage-der-ceres-von-der-unheimlichen-macht-auf-die-natur-wie-auf-eine-sprache-zu-horen\/#breadcrumb\"},\"inLanguage\":\"fr-FR\",\"potentialAction\":[{\"@type\":\"ReadAction\",\"target\":[\"https:\/\/www.uni.lu\/fr\/events\/die-klage-der-ceres-von-der-unheimlichen-macht-auf-die-natur-wie-auf-eine-sprache-zu-horen\/\"]}]},{\"@type\":\"ImageObject\",\"inLanguage\":\"fr-FR\",\"@id\":\"https:\/\/www.uni.lu\/fr\/events\/die-klage-der-ceres-von-der-unheimlichen-macht-auf-die-natur-wie-auf-eine-sprache-zu-horen\/#primaryimage\",\"url\":\"https:\/\/www.uni.lu\/wp-content\/uploads\/sites\/11\/2021\/11\/die_klage_der_ceres.jpg\",\"contentUrl\":\"https:\/\/www.uni.lu\/wp-content\/uploads\/sites\/11\/2021\/11\/die_klage_der_ceres.jpg\",\"width\":800,\"height\":600},{\"@type\":\"BreadcrumbList\",\"@id\":\"https:\/\/www.uni.lu\/fr\/events\/die-klage-der-ceres-von-der-unheimlichen-macht-auf-die-natur-wie-auf-eine-sprache-zu-horen\/#breadcrumb\",\"itemListElement\":[{\"@type\":\"ListItem\",\"position\":1,\"name\":\"Home\",\"item\":\"https:\/\/www.uni.lu\/fr\/\"},{\"@type\":\"ListItem\",\"position\":2,\"name\":\"Events\",\"item\":\"https:\/\/www.uni.lu\/fr\/events\/\"},{\"@type\":\"ListItem\",\"position\":3,\"name\":\"Die Klage der Ceres: Von der unheimlichen Macht, auf die Natur wie auf eine Sprache zu h\u00f6ren\"}]},{\"@type\":\"WebSite\",\"@id\":\"https:\/\/www.uni.lu\/fr\/#website\",\"url\":\"https:\/\/www.uni.lu\/fr\/\",\"name\":\"Uni.lu\",\"description\":\"Universit\u00e9 du Luxembourg\",\"publisher\":{\"@id\":\"https:\/\/www.uni.lu\/fr\/#organization\"},\"alternateName\":\"Universit\u00e9 du Luxembourg\",\"potentialAction\":[{\"@type\":\"SearchAction\",\"target\":{\"@type\":\"EntryPoint\",\"urlTemplate\":\"https:\/\/www.uni.lu\/fr\/?s={search_term_string}\"},\"query-input\":\"required name=search_term_string\"}],\"inLanguage\":\"fr-FR\"},{\"@type\":\"Organization\",\"@id\":\"https:\/\/www.uni.lu\/fr\/#organization\",\"name\":\"Universit\u00e9 du Luxembourg\",\"alternateName\":\"Uni.lu\",\"url\":\"https:\/\/www.uni.lu\/fr\/\",\"logo\":{\"@type\":\"ImageObject\",\"inLanguage\":\"fr-FR\",\"@id\":\"https:\/\/www.uni.lu\/fr\/#\/schema\/logo\/image\/\",\"url\":\"https:\/\/www.uni.lu\/wp-content\/uploads\/sites\/11\/2026\/03\/03120045\/UNIV_SM-Profile_1600x1600px-scaled.jpg\",\"contentUrl\":\"https:\/\/www.uni.lu\/wp-content\/uploads\/sites\/11\/2026\/03\/03120045\/UNIV_SM-Profile_1600x1600px-scaled.jpg\",\"width\":2560,\"height\":2560,\"caption\":\"Universit\u00e9 du Luxembourg\"},\"image\":\"https:\/\/www.uni.lu\/wp-content\/uploads\/sites\/11\/2026\/04\/24120552\/20200609-Belval-Campus_Henri-Goergen-23.jpg\",\"sameAs\":[\"https:\/\/www.facebook.com\/uni.lu\",\"https:\/\/www.linkedin.com\/school\/university-of-luxembourg\/\",\"https:\/\/www.instagram.com\/uni.lu\",\"https:\/\/www.youtube.com\/@uni_lu\",\"https:\/\/en.wikipedia.org\/wiki\/University_of_Luxembourg\"],\"email\":\"communication@uni.lu\",\"telephone\":\"+352 46 66 44 1\",\"address\":{\"@type\":\"PostalAddress\",\"streetAddress\":\"2, place de l\u2019Universit\u00e9\",\"addressLocality\":\"Esch-sur-Alzette\",\"postalCode\":\"4365\",\"addressCountry\":\"LU\"},\"description\":\"Universit\u00e9 du Luxembourg\"}]}<\/script>\n<!-- \/ Yoast SEO Premium plugin. -->","yoast_head_json":{"title":"Die Klage der Ceres: Von der unheimlichen Macht, auf die Natur wie auf eine Sprache zu h\u00f6ren - Universit\u00e9 du Luxembourg","description":"Vortragsreihe der Arbeitsgruppe \u201eHumanities and Religion\u201c","robots":{"index":"index","follow":"follow","max-snippet":"max-snippet:-1","max-image-preview":"max-image-preview:large","max-video-preview":"max-video-preview:-1"},"canonical":"https:\/\/www.uni.lu\/fr\/events\/die-klage-der-ceres-von-der-unheimlichen-macht-auf-die-natur-wie-auf-eine-sprache-zu-horen\/","og_locale":"fr_FR","og_type":"article","og_title":"Die Klage der Ceres: Von der unheimlichen Macht, auf die Natur wie auf eine Sprache zu h\u00f6ren","og_description":"Vortragsreihe der Arbeitsgruppe \u201eHumanities and Religion\u201c","og_url":"https:\/\/www.uni.lu\/fr\/events\/die-klage-der-ceres-von-der-unheimlichen-macht-auf-die-natur-wie-auf-eine-sprache-zu-horen\/","og_site_name":"UNI FR","article_publisher":"https:\/\/www.facebook.com\/uni.lu","og_image":[{"width":2560,"height":2560,"url":"https:\/\/www.uni.lu\/wp-content\/uploads\/sites\/11\/2026\/03\/03120045\/UNIV_SM-Profile_1600x1600px-scaled.jpg","type":"image\/jpeg"}],"twitter_card":"summary_large_image","twitter_misc":{"Dur\u00e9e de lecture estim\u00e9e":"1 minute"},"schema":{"@context":"https:\/\/schema.org","@graph":[{"@type":"WebPage","@id":"https:\/\/www.uni.lu\/fr\/events\/die-klage-der-ceres-von-der-unheimlichen-macht-auf-die-natur-wie-auf-eine-sprache-zu-horen\/","url":"https:\/\/www.uni.lu\/fr\/events\/die-klage-der-ceres-von-der-unheimlichen-macht-auf-die-natur-wie-auf-eine-sprache-zu-horen\/","name":"Die Klage der Ceres: Von der unheimlichen Macht, auf die Natur wie auf eine Sprache zu h\u00f6ren - Universit\u00e9 du Luxembourg","isPartOf":{"@id":"https:\/\/www.uni.lu\/fr\/#website"},"primaryImageOfPage":{"@id":"https:\/\/www.uni.lu\/fr\/events\/die-klage-der-ceres-von-der-unheimlichen-macht-auf-die-natur-wie-auf-eine-sprache-zu-horen\/#primaryimage"},"image":{"@id":"https:\/\/www.uni.lu\/fr\/events\/die-klage-der-ceres-von-der-unheimlichen-macht-auf-die-natur-wie-auf-eine-sprache-zu-horen\/#primaryimage"},"thumbnailUrl":"https:\/\/www.uni.lu\/wp-content\/uploads\/sites\/11\/2021\/11\/die_klage_der_ceres.jpg","datePublished":"2021-11-23T16:13:06+00:00","dateModified":"2021-11-23T16:13:06+00:00","description":"Vortragsreihe der Arbeitsgruppe \u201eHumanities and Religion\u201c","breadcrumb":{"@id":"https:\/\/www.uni.lu\/fr\/events\/die-klage-der-ceres-von-der-unheimlichen-macht-auf-die-natur-wie-auf-eine-sprache-zu-horen\/#breadcrumb"},"inLanguage":"fr-FR","potentialAction":[{"@type":"ReadAction","target":["https:\/\/www.uni.lu\/fr\/events\/die-klage-der-ceres-von-der-unheimlichen-macht-auf-die-natur-wie-auf-eine-sprache-zu-horen\/"]}]},{"@type":"ImageObject","inLanguage":"fr-FR","@id":"https:\/\/www.uni.lu\/fr\/events\/die-klage-der-ceres-von-der-unheimlichen-macht-auf-die-natur-wie-auf-eine-sprache-zu-horen\/#primaryimage","url":"https:\/\/www.uni.lu\/wp-content\/uploads\/sites\/11\/2021\/11\/die_klage_der_ceres.jpg","contentUrl":"https:\/\/www.uni.lu\/wp-content\/uploads\/sites\/11\/2021\/11\/die_klage_der_ceres.jpg","width":800,"height":600},{"@type":"BreadcrumbList","@id":"https:\/\/www.uni.lu\/fr\/events\/die-klage-der-ceres-von-der-unheimlichen-macht-auf-die-natur-wie-auf-eine-sprache-zu-horen\/#breadcrumb","itemListElement":[{"@type":"ListItem","position":1,"name":"Home","item":"https:\/\/www.uni.lu\/fr\/"},{"@type":"ListItem","position":2,"name":"Events","item":"https:\/\/www.uni.lu\/fr\/events\/"},{"@type":"ListItem","position":3,"name":"Die Klage der Ceres: Von der unheimlichen Macht, auf die Natur wie auf eine Sprache zu h\u00f6ren"}]},{"@type":"WebSite","@id":"https:\/\/www.uni.lu\/fr\/#website","url":"https:\/\/www.uni.lu\/fr\/","name":"Uni.lu","description":"Universit\u00e9 du Luxembourg","publisher":{"@id":"https:\/\/www.uni.lu\/fr\/#organization"},"alternateName":"Universit\u00e9 du Luxembourg","potentialAction":[{"@type":"SearchAction","target":{"@type":"EntryPoint","urlTemplate":"https:\/\/www.uni.lu\/fr\/?s={search_term_string}"},"query-input":"required name=search_term_string"}],"inLanguage":"fr-FR"},{"@type":"Organization","@id":"https:\/\/www.uni.lu\/fr\/#organization","name":"Universit\u00e9 du Luxembourg","alternateName":"Uni.lu","url":"https:\/\/www.uni.lu\/fr\/","logo":{"@type":"ImageObject","inLanguage":"fr-FR","@id":"https:\/\/www.uni.lu\/fr\/#\/schema\/logo\/image\/","url":"https:\/\/www.uni.lu\/wp-content\/uploads\/sites\/11\/2026\/03\/03120045\/UNIV_SM-Profile_1600x1600px-scaled.jpg","contentUrl":"https:\/\/www.uni.lu\/wp-content\/uploads\/sites\/11\/2026\/03\/03120045\/UNIV_SM-Profile_1600x1600px-scaled.jpg","width":2560,"height":2560,"caption":"Universit\u00e9 du Luxembourg"},"image":"https:\/\/www.uni.lu\/wp-content\/uploads\/sites\/11\/2026\/04\/24120552\/20200609-Belval-Campus_Henri-Goergen-23.jpg","sameAs":["https:\/\/www.facebook.com\/uni.lu","https:\/\/www.linkedin.com\/school\/university-of-luxembourg\/","https:\/\/www.instagram.com\/uni.lu","https:\/\/www.youtube.com\/@uni_lu","https:\/\/en.wikipedia.org\/wiki\/University_of_Luxembourg"],"email":"communication@uni.lu","telephone":"+352 46 66 44 1","address":{"@type":"PostalAddress","streetAddress":"2, place de l\u2019Universit\u00e9","addressLocality":"Esch-sur-Alzette","postalCode":"4365","addressCountry":"LU"},"description":"Universit\u00e9 du Luxembourg"}]}},"_links":{"self":[{"href":"https:\/\/www.uni.lu\/fr\/wp-json\/wp\/v2\/events\/8756"}],"collection":[{"href":"https:\/\/www.uni.lu\/fr\/wp-json\/wp\/v2\/events"}],"about":[{"href":"https:\/\/www.uni.lu\/fr\/wp-json\/wp\/v2\/types\/events"}],"replies":[{"embeddable":true,"href":"https:\/\/www.uni.lu\/fr\/wp-json\/wp\/v2\/comments?post=8756"}],"version-history":[{"count":0,"href":"https:\/\/www.uni.lu\/fr\/wp-json\/wp\/v2\/events\/8756\/revisions"}],"wp:featuredmedia":[{"embeddable":true,"href":"https:\/\/www.uni.lu\/fr\/wp-json\/wp\/v2\/media\/8757"}],"wp:attachment":[{"href":"https:\/\/www.uni.lu\/fr\/wp-json\/wp\/v2\/media?parent=8756"}],"wp:term":[{"taxonomy":"events-topic","embeddable":true,"href":"https:\/\/www.uni.lu\/fr\/wp-json\/wp\/v2\/events-topic?post=8756"},{"taxonomy":"events-type","embeddable":true,"href":"https:\/\/www.uni.lu\/fr\/wp-json\/wp\/v2\/events-type?post=8756"},{"taxonomy":"organisation","embeddable":true,"href":"https:\/\/www.uni.lu\/fr\/wp-json\/wp\/v2\/organisation?post=8756"}],"curies":[{"name":"wp","href":"https:\/\/api.w.org\/{rel}","templated":true}]}}