{"id":8734,"date":"2021-10-22T10:59:56","date_gmt":"2021-10-22T08:59:56","guid":{"rendered":"https:\/\/www.uni.lu\/fr\/events\/7eme-forum-grande-region-cohesion-sociale-et-territoriale-dans-la-grande-region\/"},"modified":"2021-10-22T10:59:56","modified_gmt":"2021-10-22T08:59:56","slug":"7eme-forum-grande-region-cohesion-sociale-et-territoriale-dans-la-grande-region","status":"publish","type":"events","link":"https:\/\/www.uni.lu\/fr\/events\/7eme-forum-grande-region-cohesion-sociale-et-territoriale-dans-la-grande-region\/","title":{"rendered":"7\u00e8me Forum Grande R\u00e9gion \u2013 Coh\u00e9sion sociale et territoriale dans la Grande R\u00e9gion"},"content":{"rendered":"<section class=\"wp-block-unilux-blocks-free-section section\"><div class=\"container xl:max-w-screen-xl\"><p>La Grande R\u00e9gion est une zone historiquement d\u00e9velopp\u00e9e qui compte aujourd\u2019hui plus de 11 millions d&rsquo;habitant.e.s et 250 000 frontalier.e.s. Les effets de la pand\u00e9mie de Covid-19 sur les travailleurs transfrontaliers et les autres travailleurs ont pu \u00eatre partiellement att\u00e9nu\u00e9s gr\u00e2ce au ch\u00f4mage partiel et au t\u00e9l\u00e9travail. Cependant, ils restent un d\u00e9fi pour la coh\u00e9sion sociale dans la Grande R\u00e9gion. Dans le contexte du multilinguisme, de l&rsquo;am\u00e9nagement du territoire transfrontalier et du march\u00e9 de l\u2019emploi, nous voulons engager un dialogue transfrontalier avec les expert.e.s sur la coh\u00e9sion sociale et territoriale dans la Grande R\u00e9gion.<\/p><p>Nous vous invitons au 7e Forum Grande R\u00e9gion et nous nous r\u00e9jouissons d&rsquo;un \u00e9change stimulant avec nos invit\u00e9.e.s et les participant.e.s.<\/p><ul class=\"ulux-list\"><li class=\"ulux-list-item\"><a href=\"https:\/\/bit.ly\/3ibKVdO%20\" target=\"_blank\" title=\"\" rel=\"noopener\">Inscription<\/a> requise jusqu&rsquo;au 02\/11\/2021<\/li><li class=\"ulux-list-item\"><a href=\"https:\/\/bit.ly\/3lDlUtP\" target=\"_blank\" title=\"\" rel=\"noopener\"><strong>Plus d\u2019informations<\/strong><\/a><\/li><\/ul><ul class=\"ulux-list\"><li class=\"ulux-list-item\"><strong>Plus d\u2019informations<\/strong>:\u00a0<a href=\"https:\/\/europa.eu\/regions-and-cities\/side-events\/list_en\" target=\"_self\" title=\"\" rel=\"noopener\">https:\/\/europa.eu\/regions-and-cities\/side-events\/list_en<\/a><\/li><li class=\"ulux-list-item\"><strong>Contact<\/strong>:\u00a0Denise\u00a0RODRIGUES MARAFONA<\/li><\/ul><p>Le 7\u00e8me Forum Grande R\u00e9gion fait partie du programme-cadre de la European Week of Regions and Cities 2021.<\/p><p>Un \u00e9v\u00e9nement de l\u2019UniGR-Center for Border Studies (Interreg VA Grande R\u00e9gion) en coop\u00e9ration avec l&rsquo;Institut de la Grande R\u00e9gion, l&rsquo;Observatoire interr\u00e9gional du march\u00e9 de l\u2019emploi et le Minist\u00e8re luxembourgeois de l&rsquo;\u00c9nergie et de l&rsquo;Am\u00e9nagement du territoire.<\/p><figure class=\"wp-block-dev4-reusable-blocks-image  object-fit--contain\">\n    \n<img decoding=\"async\" class=\"wp-block-image unilux-custom-image-block\"\n                alt=\"\"\n            src=\"https:\/\/www.uni.lu\/wp-content\/uploads\/sites\/11\/2024\/01\/logos.jpg\"\n                srcset=\"https:\/\/www.uni.lu\/wp-content\/uploads\/sites\/11\/2024\/01\/logos-300x85.jpg 300w, https:\/\/www.uni.lu\/wp-content\/uploads\/sites\/11\/2024\/01\/logos-768x217.jpg 768w, https:\/\/www.uni.lu\/wp-content\/uploads\/sites\/11\/2024\/01\/logos.jpg 890w\"\n                style=\"object-position: 50.00% 50.00%; font-family: &quot;object-fit: contain; object-position: 50.00% 50.00%;&quot;; aspect-ratio: 32\/9; object-fit: contain; width: 100%;\"\n        loading=\"lazy\"\n\/>    <\/figure><\/div><\/section>","protected":false},"excerpt":{"rendered":"<p>La Grande R\u00e9gion est une zone historiquement d\u00e9velopp\u00e9e qui compte aujourd\u2019hui plus de 11 millions d&rsquo;habitant.e.s et 250 000 frontalier.e.s. Les effets de la pand\u00e9mie de Covid-19 sur les travailleurs transfrontaliers et les autres travailleurs ont pu \u00eatre partiellement att\u00e9nu\u00e9s gr\u00e2ce au ch\u00f4mage partiel et au t\u00e9l\u00e9travail. Cependant, ils restent un d\u00e9fi pour la coh\u00e9sion sociale dans la Grande R\u00e9gion. Dans le contexte du multilinguisme, de l&rsquo;am\u00e9nagement du territoire transfrontalier et du march\u00e9 de l\u2019emploi, nous voulons engager un dialogue transfrontalier avec les expert.e.s sur la coh\u00e9sion sociale et territoriale dans la Grande R\u00e9gion.<\/p>\n","protected":false},"author":0,"featured_media":8735,"parent":0,"menu_order":0,"comment_status":"open","ping_status":"closed","template":"","format":"standard","meta":{"featured_image_focal_point":[],"show_featured_caption":false,"ulux_newsletter_groups":"","uluxPostTitle":"","uluxPrePostTitle":"","_trash_the_other_posts":false,"_price":"","_stock":"","_tribe_ticket_header":"","_tribe_default_ticket_provider":"","_tribe_ticket_capacity":"0","_ticket_start_date":"","_ticket_end_date":"","_tribe_ticket_show_description":"","_tribe_ticket_show_not_going":false,"_tribe_ticket_use_global_stock":"","_tribe_ticket_global_stock_level":"","_global_stock_mode":"","_global_stock_cap":"","_tribe_rsvp_for_event":"","_tribe_ticket_going_count":"","_tribe_ticket_not_going_count":"","_tribe_tickets_list":"[]","_tribe_ticket_has_attendee_info_fields":false,"event_start_date":"2021-11-04 13:00:00","event_end_date":"2021-11-04 17:00:00","event_speaker_name":"","event_speaker_link":"","event_is_online":false,"event_location":"En ligne (Zoom)","event_street":"","event_location_link":"","event_zip_code":"","event_city":"","event_country":"LU"},"events-topic":[],"events-type":[],"organisation":[147,226],"authorship":[],"acf":[],"yoast_head":"<!-- This site is optimized with the Yoast SEO Premium plugin v22.3 (Yoast SEO v22.3) - https:\/\/yoast.com\/wordpress\/plugins\/seo\/ -->\n<title>7\u00e8me Forum Grande R\u00e9gion \u2013 Coh\u00e9sion sociale et territoriale dans la Grande R\u00e9gion - Universit\u00e9 du Luxembourg<\/title>\n<meta name=\"description\" content=\"La Grande R\u00e9gion est une zone historiquement d\u00e9velopp\u00e9e qui compte aujourd\u2019hui plus de 11 millions d&#039;habitant.e.s et 250 000 frontalier.e.s. Les effets de la pand\u00e9mie de Covid-19 sur les travailleurs transfrontaliers et les autres travailleurs ont pu \u00eatre partiellement att\u00e9nu\u00e9s gr\u00e2ce au ch\u00f4mage partiel et au t\u00e9l\u00e9travail. Cependant, ils restent un d\u00e9fi pour la coh\u00e9sion sociale dans la Grande R\u00e9gion. Dans le contexte du multilinguisme, de l&#039;am\u00e9nagement du territoire transfrontalier et du march\u00e9 de l\u2019emploi, nous voulons engager un dialogue transfrontalier avec les expert.e.s sur la coh\u00e9sion sociale et territoriale dans la Grande R\u00e9gion.\" \/>\n<meta name=\"robots\" content=\"index, follow, max-snippet:-1, max-image-preview:large, max-video-preview:-1\" \/>\n<link rel=\"canonical\" href=\"https:\/\/www.uni.lu\/fr\/events\/7eme-forum-grande-region-cohesion-sociale-et-territoriale-dans-la-grande-region\/\" \/>\n<meta property=\"og:locale\" content=\"fr_FR\" \/>\n<meta property=\"og:type\" content=\"article\" \/>\n<meta property=\"og:title\" content=\"7\u00e8me Forum Grande R\u00e9gion \u2013 Coh\u00e9sion sociale et territoriale dans la Grande R\u00e9gion\" \/>\n<meta property=\"og:description\" content=\"La Grande R\u00e9gion est une zone historiquement d\u00e9velopp\u00e9e qui compte aujourd\u2019hui plus de 11 millions d&#039;habitant.e.s et 250 000 frontalier.e.s. Les effets de la pand\u00e9mie de Covid-19 sur les travailleurs transfrontaliers et les autres travailleurs ont pu \u00eatre partiellement att\u00e9nu\u00e9s gr\u00e2ce au ch\u00f4mage partiel et au t\u00e9l\u00e9travail. Cependant, ils restent un d\u00e9fi pour la coh\u00e9sion sociale dans la Grande R\u00e9gion. Dans le contexte du multilinguisme, de l&#039;am\u00e9nagement du territoire transfrontalier et du march\u00e9 de l\u2019emploi, nous voulons engager un dialogue transfrontalier avec les expert.e.s sur la coh\u00e9sion sociale et territoriale dans la Grande R\u00e9gion.\" \/>\n<meta property=\"og:url\" content=\"https:\/\/www.uni.lu\/fr\/events\/7eme-forum-grande-region-cohesion-sociale-et-territoriale-dans-la-grande-region\/\" \/>\n<meta property=\"og:site_name\" content=\"UNI FR\" \/>\n<meta property=\"article:publisher\" content=\"https:\/\/www.facebook.com\/uni.lu\" \/>\n<meta property=\"og:image\" content=\"https:\/\/www.uni.lu\/wp-content\/uploads\/sites\/11\/2026\/03\/03120045\/UNIV_SM-Profile_1600x1600px-scaled.jpg\" \/>\n\t<meta property=\"og:image:width\" content=\"2560\" \/>\n\t<meta property=\"og:image:height\" content=\"2560\" \/>\n\t<meta property=\"og:image:type\" content=\"image\/jpeg\" \/>\n<meta name=\"twitter:card\" content=\"summary_large_image\" \/>\n<meta name=\"twitter:label1\" content=\"Dur\u00e9e de lecture estim\u00e9e\" \/>\n\t<meta name=\"twitter:data1\" content=\"1 minute\" \/>\n<script type=\"application\/ld+json\" class=\"yoast-schema-graph\">{\"@context\":\"https:\/\/schema.org\",\"@graph\":[{\"@type\":\"WebPage\",\"@id\":\"https:\/\/www.uni.lu\/fr\/events\/7eme-forum-grande-region-cohesion-sociale-et-territoriale-dans-la-grande-region\/\",\"url\":\"https:\/\/www.uni.lu\/fr\/events\/7eme-forum-grande-region-cohesion-sociale-et-territoriale-dans-la-grande-region\/\",\"name\":\"7\u00e8me Forum Grande R\u00e9gion \u2013 Coh\u00e9sion sociale et territoriale dans la Grande R\u00e9gion - Universit\u00e9 du Luxembourg\",\"isPartOf\":{\"@id\":\"https:\/\/www.uni.lu\/fr\/#website\"},\"primaryImageOfPage\":{\"@id\":\"https:\/\/www.uni.lu\/fr\/events\/7eme-forum-grande-region-cohesion-sociale-et-territoriale-dans-la-grande-region\/#primaryimage\"},\"image\":{\"@id\":\"https:\/\/www.uni.lu\/fr\/events\/7eme-forum-grande-region-cohesion-sociale-et-territoriale-dans-la-grande-region\/#primaryimage\"},\"thumbnailUrl\":\"https:\/\/www.uni.lu\/wp-content\/uploads\/sites\/11\/2021\/10\/7eme_forum_grande_region_cohesion_sociale_et_territoriale_dans_la_grande_region.jpg\",\"datePublished\":\"2021-10-22T08:59:56+00:00\",\"dateModified\":\"2021-10-22T08:59:56+00:00\",\"description\":\"La Grande R\u00e9gion est une zone historiquement d\u00e9velopp\u00e9e qui compte aujourd\u2019hui plus de 11 millions d'habitant.e.s et 250 000 frontalier.e.s. Les effets de la pand\u00e9mie de Covid-19 sur les travailleurs transfrontaliers et les autres travailleurs ont pu \u00eatre partiellement att\u00e9nu\u00e9s gr\u00e2ce au ch\u00f4mage partiel et au t\u00e9l\u00e9travail. Cependant, ils restent un d\u00e9fi pour la coh\u00e9sion sociale dans la Grande R\u00e9gion. Dans le contexte du multilinguisme, de l'am\u00e9nagement du territoire transfrontalier et du march\u00e9 de l\u2019emploi, nous voulons engager un dialogue transfrontalier avec les expert.e.s sur la coh\u00e9sion sociale et territoriale dans la Grande R\u00e9gion.\",\"breadcrumb\":{\"@id\":\"https:\/\/www.uni.lu\/fr\/events\/7eme-forum-grande-region-cohesion-sociale-et-territoriale-dans-la-grande-region\/#breadcrumb\"},\"inLanguage\":\"fr-FR\",\"potentialAction\":[{\"@type\":\"ReadAction\",\"target\":[\"https:\/\/www.uni.lu\/fr\/events\/7eme-forum-grande-region-cohesion-sociale-et-territoriale-dans-la-grande-region\/\"]}]},{\"@type\":\"ImageObject\",\"inLanguage\":\"fr-FR\",\"@id\":\"https:\/\/www.uni.lu\/fr\/events\/7eme-forum-grande-region-cohesion-sociale-et-territoriale-dans-la-grande-region\/#primaryimage\",\"url\":\"https:\/\/www.uni.lu\/wp-content\/uploads\/sites\/11\/2021\/10\/7eme_forum_grande_region_cohesion_sociale_et_territoriale_dans_la_grande_region.jpg\",\"contentUrl\":\"https:\/\/www.uni.lu\/wp-content\/uploads\/sites\/11\/2021\/10\/7eme_forum_grande_region_cohesion_sociale_et_territoriale_dans_la_grande_region.jpg\",\"width\":800,\"height\":600},{\"@type\":\"BreadcrumbList\",\"@id\":\"https:\/\/www.uni.lu\/fr\/events\/7eme-forum-grande-region-cohesion-sociale-et-territoriale-dans-la-grande-region\/#breadcrumb\",\"itemListElement\":[{\"@type\":\"ListItem\",\"position\":1,\"name\":\"Home\",\"item\":\"https:\/\/www.uni.lu\/fr\/\"},{\"@type\":\"ListItem\",\"position\":2,\"name\":\"Events\",\"item\":\"https:\/\/www.uni.lu\/fr\/events\/\"},{\"@type\":\"ListItem\",\"position\":3,\"name\":\"7\u00e8me Forum Grande R\u00e9gion \u2013 Coh\u00e9sion sociale et territoriale dans la Grande R\u00e9gion\"}]},{\"@type\":\"WebSite\",\"@id\":\"https:\/\/www.uni.lu\/fr\/#website\",\"url\":\"https:\/\/www.uni.lu\/fr\/\",\"name\":\"Uni.lu\",\"description\":\"Universit\u00e9 du Luxembourg\",\"publisher\":{\"@id\":\"https:\/\/www.uni.lu\/fr\/#organization\"},\"alternateName\":\"Universit\u00e9 du Luxembourg\",\"potentialAction\":[{\"@type\":\"SearchAction\",\"target\":{\"@type\":\"EntryPoint\",\"urlTemplate\":\"https:\/\/www.uni.lu\/fr\/?s={search_term_string}\"},\"query-input\":\"required name=search_term_string\"}],\"inLanguage\":\"fr-FR\"},{\"@type\":\"Organization\",\"@id\":\"https:\/\/www.uni.lu\/fr\/#organization\",\"name\":\"Universit\u00e9 du Luxembourg\",\"alternateName\":\"Uni.lu\",\"url\":\"https:\/\/www.uni.lu\/fr\/\",\"logo\":{\"@type\":\"ImageObject\",\"inLanguage\":\"fr-FR\",\"@id\":\"https:\/\/www.uni.lu\/fr\/#\/schema\/logo\/image\/\",\"url\":\"https:\/\/www.uni.lu\/wp-content\/uploads\/sites\/11\/2026\/03\/03120045\/UNIV_SM-Profile_1600x1600px-scaled.jpg\",\"contentUrl\":\"https:\/\/www.uni.lu\/wp-content\/uploads\/sites\/11\/2026\/03\/03120045\/UNIV_SM-Profile_1600x1600px-scaled.jpg\",\"width\":2560,\"height\":2560,\"caption\":\"Universit\u00e9 du Luxembourg\"},\"image\":\"https:\/\/www.uni.lu\/wp-content\/uploads\/sites\/11\/2026\/04\/24120552\/20200609-Belval-Campus_Henri-Goergen-23.jpg\",\"sameAs\":[\"https:\/\/www.facebook.com\/uni.lu\",\"https:\/\/www.linkedin.com\/school\/university-of-luxembourg\/\",\"https:\/\/www.instagram.com\/uni.lu\",\"https:\/\/www.youtube.com\/@uni_lu\",\"https:\/\/en.wikipedia.org\/wiki\/University_of_Luxembourg\"],\"email\":\"communication@uni.lu\",\"telephone\":\"+352 46 66 44 1\",\"address\":{\"@type\":\"PostalAddress\",\"streetAddress\":\"2, place de l\u2019Universit\u00e9\",\"addressLocality\":\"Esch-sur-Alzette\",\"postalCode\":\"4365\",\"addressCountry\":\"LU\"},\"description\":\"Universit\u00e9 du Luxembourg\"}]}<\/script>\n<!-- \/ Yoast SEO Premium plugin. -->","yoast_head_json":{"title":"7\u00e8me Forum Grande R\u00e9gion \u2013 Coh\u00e9sion sociale et territoriale dans la Grande R\u00e9gion - Universit\u00e9 du Luxembourg","description":"La Grande R\u00e9gion est une zone historiquement d\u00e9velopp\u00e9e qui compte aujourd\u2019hui plus de 11 millions d'habitant.e.s et 250 000 frontalier.e.s. Les effets de la pand\u00e9mie de Covid-19 sur les travailleurs transfrontaliers et les autres travailleurs ont pu \u00eatre partiellement att\u00e9nu\u00e9s gr\u00e2ce au ch\u00f4mage partiel et au t\u00e9l\u00e9travail. Cependant, ils restent un d\u00e9fi pour la coh\u00e9sion sociale dans la Grande R\u00e9gion. Dans le contexte du multilinguisme, de l'am\u00e9nagement du territoire transfrontalier et du march\u00e9 de l\u2019emploi, nous voulons engager un dialogue transfrontalier avec les expert.e.s sur la coh\u00e9sion sociale et territoriale dans la Grande R\u00e9gion.","robots":{"index":"index","follow":"follow","max-snippet":"max-snippet:-1","max-image-preview":"max-image-preview:large","max-video-preview":"max-video-preview:-1"},"canonical":"https:\/\/www.uni.lu\/fr\/events\/7eme-forum-grande-region-cohesion-sociale-et-territoriale-dans-la-grande-region\/","og_locale":"fr_FR","og_type":"article","og_title":"7\u00e8me Forum Grande R\u00e9gion \u2013 Coh\u00e9sion sociale et territoriale dans la Grande R\u00e9gion","og_description":"La Grande R\u00e9gion est une zone historiquement d\u00e9velopp\u00e9e qui compte aujourd\u2019hui plus de 11 millions d'habitant.e.s et 250 000 frontalier.e.s. Les effets de la pand\u00e9mie de Covid-19 sur les travailleurs transfrontaliers et les autres travailleurs ont pu \u00eatre partiellement att\u00e9nu\u00e9s gr\u00e2ce au ch\u00f4mage partiel et au t\u00e9l\u00e9travail. Cependant, ils restent un d\u00e9fi pour la coh\u00e9sion sociale dans la Grande R\u00e9gion. Dans le contexte du multilinguisme, de l'am\u00e9nagement du territoire transfrontalier et du march\u00e9 de l\u2019emploi, nous voulons engager un dialogue transfrontalier avec les expert.e.s sur la coh\u00e9sion sociale et territoriale dans la Grande R\u00e9gion.","og_url":"https:\/\/www.uni.lu\/fr\/events\/7eme-forum-grande-region-cohesion-sociale-et-territoriale-dans-la-grande-region\/","og_site_name":"UNI FR","article_publisher":"https:\/\/www.facebook.com\/uni.lu","og_image":[{"width":2560,"height":2560,"url":"https:\/\/www.uni.lu\/wp-content\/uploads\/sites\/11\/2026\/03\/03120045\/UNIV_SM-Profile_1600x1600px-scaled.jpg","type":"image\/jpeg"}],"twitter_card":"summary_large_image","twitter_misc":{"Dur\u00e9e de lecture estim\u00e9e":"1 minute"},"schema":{"@context":"https:\/\/schema.org","@graph":[{"@type":"WebPage","@id":"https:\/\/www.uni.lu\/fr\/events\/7eme-forum-grande-region-cohesion-sociale-et-territoriale-dans-la-grande-region\/","url":"https:\/\/www.uni.lu\/fr\/events\/7eme-forum-grande-region-cohesion-sociale-et-territoriale-dans-la-grande-region\/","name":"7\u00e8me Forum Grande R\u00e9gion \u2013 Coh\u00e9sion sociale et territoriale dans la Grande R\u00e9gion - Universit\u00e9 du Luxembourg","isPartOf":{"@id":"https:\/\/www.uni.lu\/fr\/#website"},"primaryImageOfPage":{"@id":"https:\/\/www.uni.lu\/fr\/events\/7eme-forum-grande-region-cohesion-sociale-et-territoriale-dans-la-grande-region\/#primaryimage"},"image":{"@id":"https:\/\/www.uni.lu\/fr\/events\/7eme-forum-grande-region-cohesion-sociale-et-territoriale-dans-la-grande-region\/#primaryimage"},"thumbnailUrl":"https:\/\/www.uni.lu\/wp-content\/uploads\/sites\/11\/2021\/10\/7eme_forum_grande_region_cohesion_sociale_et_territoriale_dans_la_grande_region.jpg","datePublished":"2021-10-22T08:59:56+00:00","dateModified":"2021-10-22T08:59:56+00:00","description":"La Grande R\u00e9gion est une zone historiquement d\u00e9velopp\u00e9e qui compte aujourd\u2019hui plus de 11 millions d'habitant.e.s et 250 000 frontalier.e.s. Les effets de la pand\u00e9mie de Covid-19 sur les travailleurs transfrontaliers et les autres travailleurs ont pu \u00eatre partiellement att\u00e9nu\u00e9s gr\u00e2ce au ch\u00f4mage partiel et au t\u00e9l\u00e9travail. Cependant, ils restent un d\u00e9fi pour la coh\u00e9sion sociale dans la Grande R\u00e9gion. Dans le contexte du multilinguisme, de l'am\u00e9nagement du territoire transfrontalier et du march\u00e9 de l\u2019emploi, nous voulons engager un dialogue transfrontalier avec les expert.e.s sur la coh\u00e9sion sociale et territoriale dans la Grande R\u00e9gion.","breadcrumb":{"@id":"https:\/\/www.uni.lu\/fr\/events\/7eme-forum-grande-region-cohesion-sociale-et-territoriale-dans-la-grande-region\/#breadcrumb"},"inLanguage":"fr-FR","potentialAction":[{"@type":"ReadAction","target":["https:\/\/www.uni.lu\/fr\/events\/7eme-forum-grande-region-cohesion-sociale-et-territoriale-dans-la-grande-region\/"]}]},{"@type":"ImageObject","inLanguage":"fr-FR","@id":"https:\/\/www.uni.lu\/fr\/events\/7eme-forum-grande-region-cohesion-sociale-et-territoriale-dans-la-grande-region\/#primaryimage","url":"https:\/\/www.uni.lu\/wp-content\/uploads\/sites\/11\/2021\/10\/7eme_forum_grande_region_cohesion_sociale_et_territoriale_dans_la_grande_region.jpg","contentUrl":"https:\/\/www.uni.lu\/wp-content\/uploads\/sites\/11\/2021\/10\/7eme_forum_grande_region_cohesion_sociale_et_territoriale_dans_la_grande_region.jpg","width":800,"height":600},{"@type":"BreadcrumbList","@id":"https:\/\/www.uni.lu\/fr\/events\/7eme-forum-grande-region-cohesion-sociale-et-territoriale-dans-la-grande-region\/#breadcrumb","itemListElement":[{"@type":"ListItem","position":1,"name":"Home","item":"https:\/\/www.uni.lu\/fr\/"},{"@type":"ListItem","position":2,"name":"Events","item":"https:\/\/www.uni.lu\/fr\/events\/"},{"@type":"ListItem","position":3,"name":"7\u00e8me Forum Grande R\u00e9gion \u2013 Coh\u00e9sion sociale et territoriale dans la Grande R\u00e9gion"}]},{"@type":"WebSite","@id":"https:\/\/www.uni.lu\/fr\/#website","url":"https:\/\/www.uni.lu\/fr\/","name":"Uni.lu","description":"Universit\u00e9 du Luxembourg","publisher":{"@id":"https:\/\/www.uni.lu\/fr\/#organization"},"alternateName":"Universit\u00e9 du Luxembourg","potentialAction":[{"@type":"SearchAction","target":{"@type":"EntryPoint","urlTemplate":"https:\/\/www.uni.lu\/fr\/?s={search_term_string}"},"query-input":"required name=search_term_string"}],"inLanguage":"fr-FR"},{"@type":"Organization","@id":"https:\/\/www.uni.lu\/fr\/#organization","name":"Universit\u00e9 du Luxembourg","alternateName":"Uni.lu","url":"https:\/\/www.uni.lu\/fr\/","logo":{"@type":"ImageObject","inLanguage":"fr-FR","@id":"https:\/\/www.uni.lu\/fr\/#\/schema\/logo\/image\/","url":"https:\/\/www.uni.lu\/wp-content\/uploads\/sites\/11\/2026\/03\/03120045\/UNIV_SM-Profile_1600x1600px-scaled.jpg","contentUrl":"https:\/\/www.uni.lu\/wp-content\/uploads\/sites\/11\/2026\/03\/03120045\/UNIV_SM-Profile_1600x1600px-scaled.jpg","width":2560,"height":2560,"caption":"Universit\u00e9 du Luxembourg"},"image":"https:\/\/www.uni.lu\/wp-content\/uploads\/sites\/11\/2026\/04\/24120552\/20200609-Belval-Campus_Henri-Goergen-23.jpg","sameAs":["https:\/\/www.facebook.com\/uni.lu","https:\/\/www.linkedin.com\/school\/university-of-luxembourg\/","https:\/\/www.instagram.com\/uni.lu","https:\/\/www.youtube.com\/@uni_lu","https:\/\/en.wikipedia.org\/wiki\/University_of_Luxembourg"],"email":"communication@uni.lu","telephone":"+352 46 66 44 1","address":{"@type":"PostalAddress","streetAddress":"2, place de l\u2019Universit\u00e9","addressLocality":"Esch-sur-Alzette","postalCode":"4365","addressCountry":"LU"},"description":"Universit\u00e9 du Luxembourg"}]}},"_links":{"self":[{"href":"https:\/\/www.uni.lu\/fr\/wp-json\/wp\/v2\/events\/8734"}],"collection":[{"href":"https:\/\/www.uni.lu\/fr\/wp-json\/wp\/v2\/events"}],"about":[{"href":"https:\/\/www.uni.lu\/fr\/wp-json\/wp\/v2\/types\/events"}],"replies":[{"embeddable":true,"href":"https:\/\/www.uni.lu\/fr\/wp-json\/wp\/v2\/comments?post=8734"}],"version-history":[{"count":0,"href":"https:\/\/www.uni.lu\/fr\/wp-json\/wp\/v2\/events\/8734\/revisions"}],"wp:featuredmedia":[{"embeddable":true,"href":"https:\/\/www.uni.lu\/fr\/wp-json\/wp\/v2\/media\/8735"}],"wp:attachment":[{"href":"https:\/\/www.uni.lu\/fr\/wp-json\/wp\/v2\/media?parent=8734"}],"wp:term":[{"taxonomy":"events-topic","embeddable":true,"href":"https:\/\/www.uni.lu\/fr\/wp-json\/wp\/v2\/events-topic?post=8734"},{"taxonomy":"events-type","embeddable":true,"href":"https:\/\/www.uni.lu\/fr\/wp-json\/wp\/v2\/events-type?post=8734"},{"taxonomy":"organisation","embeddable":true,"href":"https:\/\/www.uni.lu\/fr\/wp-json\/wp\/v2\/organisation?post=8734"}],"curies":[{"name":"wp","href":"https:\/\/api.w.org\/{rel}","templated":true}]}}