{"id":8706,"date":"2021-10-12T17:08:13","date_gmt":"2021-10-12T15:08:13","guid":{"rendered":"https:\/\/www.uni.lu\/fr\/events\/passeurs-dart-programmation-initiation-publics\/"},"modified":"2021-10-12T17:08:13","modified_gmt":"2021-10-12T15:08:13","slug":"passeurs-dart-programmation-initiation-publics","status":"publish","type":"events","link":"https:\/\/www.uni.lu\/fr\/events\/passeurs-dart-programmation-initiation-publics\/","title":{"rendered":"PASSEURS D\u2019ART: programmation, initiation, publics"},"content":{"rendered":"<section class=\"wp-block-unilux-blocks-free-section section\"><div class=\"container xl:max-w-screen-xl\"><p>L\u2019Universit\u00e9 a pour vocation de contribuer \u00e0 l\u2019\u00e9volution des pratiques et des d\u00e9bats\u00a0culturels \u00e0 travers ses centres de recherche et les formations qu\u2019elle offre. Mais quelles\u00a0r\u00e9ponses peut-elle apporter \u00e0 la question actuelle de la valorisation des m\u00e9tiers de la\u00a0culture ? Plus particuli\u00e8rement, comment peut-elle accompagner la transmission de l\u2019art,\u00a0dans toute sa complexit\u00e9 ?<\/p><p>C\u2019est de ces questionnements qu\u2019est n\u00e9 ce colloque, qui\u00a0s\u2019attachera \u00e0 sonder les d\u00e9fis qui attendent les institutions culturelles dans un monde en\u00a0constante mutation.<\/p>\n<h4 class=\"has-text-align-left wp-block-unilux-blocks-heading\"        id=\"sessions\"\n    >\nSessions<\/h4>\n<ul class=\"ulux-list\"><li class=\"ulux-list-item\"><p><strong>Session 1: \u00ab\u00a0Programmation et communication\u00a0\u00bb<\/strong><\/p><ul class=\"ulux-list\"><li class=\"ulux-list-item\">Jeudi 21 octobre 2021 \u00e0 17h00 \u2666 Mudam Luxembourg<\/li><li class=\"ulux-list-item\">Inscription:\u00a0<a href=\"https:\/\/my.weezevent.com\/passeurs-dart\" target=\"_blank\" title=\"\" rel=\"noopener\">https:\/\/my.weezevent.com\/passeurs-dart<\/a><\/li><\/ul><\/li><\/ul><ul class=\"ulux-list\"><li class=\"ulux-list-item\"><p><strong>Session 2: \u00ab\u00a0Initiation et m\u00e9diation\u00a0\u00bb<\/strong><\/p><ul class=\"ulux-list\"><li class=\"ulux-list-item\">Vendredi 22 octobre 2021 \u00e0 9h15 \u2666 Universit\u00e9 du Luxembourg \/ Belval<\/li><li class=\"ulux-list-item\">Inscription:\u00a0<a href=\"https:\/\/my.weezevent.com\/passeurs-dart\" target=\"_blank\" title=\"\" rel=\"noopener\">https:\/\/my.weezevent.com\/passeurs-dart<\/a><\/li><li class=\"ulux-list-item\"><a href=\"https:\/\/unilu.webex.com\/webappng\/sites\/unilu\/meeting\/download\/0fa1a4afacd14873a5eae66208ca5d01?MTID=mce901e42fbef03e3c4640aecac621b90&#038;siteurl=unilu\" target=\"_blank\" title=\"\" rel=\"noopener\">Lien Webex<\/a><\/li><\/ul><\/li><\/ul><ul class=\"ulux-list\"><li class=\"ulux-list-item\"><p><strong>Session 3: \u00ab\u00a0Publics et ancrage territorial\u00a0\u00bb<\/strong><\/p><ul class=\"ulux-list\"><li class=\"ulux-list-item\">Vendredi 22 octobre 2021 \u00e0 14h30\u00a0\u2666\u00a0Universit\u00e9 du Luxembourg \/ Belval<\/li><li class=\"ulux-list-item\">Inscription:\u00a0<a href=\"https:\/\/my.weezevent.com\/passeurs-dart\" target=\"_blank\" title=\"\" rel=\"noopener\">https:\/\/my.weezevent.com\/passeurs-dart<\/a><\/li><li class=\"ulux-list-item\"><a href=\"https:\/\/unilu.webex.com\/webappng\/sites\/unilu\/meeting\/download\/d0568085e06b4f2f90a4afe773b8df60?MTID=m6aa59e80bdf5fc041c955953df02e404&#038;siteurl=unilu\" target=\"_blank\" title=\"\" rel=\"noopener\">Lien Webex<\/a><\/li><\/ul><\/li><\/ul><p>Pour plus de <strong>d\u00e9tails et d&rsquo;informations<\/strong>, n&rsquo;h\u00e9sitez pas \u00e0 t\u00e9l\u00e9charger la <strong>brochure de l&rsquo;\u00e9v\u00e9nement<\/strong>:\u00a0<\/p><\/div><\/section>","protected":false},"excerpt":{"rendered":"<p>L\u2019Universit\u00e9 a pour vocation de contribuer \u00e0 l\u2019\u00e9volution des pratiques et des d\u00e9bats\u00a0culturels \u00e0 travers ses centres de recherche et les formations qu\u2019elle offre. Mais quelles\u00a0r\u00e9ponses peut-elle apporter \u00e0 la question actuelle de la valorisation des m\u00e9tiers de la\u00a0culture ? Plus particuli\u00e8rement, comment peut-elle accompagner la transmission de l\u2019art,\u00a0dans toute sa complexit\u00e9 ?<\/p>\n","protected":false},"author":0,"featured_media":8707,"parent":0,"menu_order":0,"comment_status":"open","ping_status":"closed","template":"","format":"standard","meta":{"featured_image_focal_point":[],"show_featured_caption":false,"ulux_newsletter_groups":"","uluxPostTitle":"","uluxPrePostTitle":"","_trash_the_other_posts":false,"_price":"","_stock":"","_tribe_ticket_header":"","_tribe_default_ticket_provider":"","_tribe_ticket_capacity":"0","_ticket_start_date":"","_ticket_end_date":"","_tribe_ticket_show_description":"","_tribe_ticket_show_not_going":false,"_tribe_ticket_use_global_stock":"","_tribe_ticket_global_stock_level":"","_global_stock_mode":"","_global_stock_cap":"","_tribe_rsvp_for_event":"","_tribe_ticket_going_count":"","_tribe_ticket_not_going_count":"","_tribe_tickets_list":"[]","_tribe_ticket_has_attendee_info_fields":false,"event_start_date":"2021-10-21 17:00:00","event_end_date":"2021-10-22 17:00:00","event_speaker_name":"","event_speaker_link":"","event_is_online":false,"event_location":"Mudam Luxembourg et Universit\u00e9 du Luxembourg \/ Belval (Webex)","event_street":"","event_location_link":"","event_zip_code":"","event_city":"","event_country":"LU"},"events-topic":[],"events-type":[],"organisation":[147,226],"authorship":[],"acf":[],"yoast_head":"<!-- This site is optimized with the Yoast SEO Premium plugin v22.3 (Yoast SEO v22.3) - https:\/\/yoast.com\/wordpress\/plugins\/seo\/ -->\n<title>PASSEURS D\u2019ART: programmation, initiation, publics - Universit\u00e9 du Luxembourg<\/title>\n<meta name=\"description\" content=\"L\u2019Universit\u00e9 a pour vocation de contribuer \u00e0 l\u2019\u00e9volution des pratiques et des d\u00e9bats\u00a0culturels \u00e0 travers ses centres de recherche et les formations qu\u2019elle offre. Mais quelles\u00a0r\u00e9ponses peut-elle apporter \u00e0 la question actuelle de la valorisation des m\u00e9tiers de la\u00a0culture ? Plus particuli\u00e8rement, comment peut-elle accompagner la transmission de l\u2019art,\u00a0dans toute sa complexit\u00e9 ?\" \/>\n<meta name=\"robots\" content=\"index, follow, max-snippet:-1, max-image-preview:large, max-video-preview:-1\" \/>\n<link rel=\"canonical\" href=\"https:\/\/www.uni.lu\/fr\/events\/passeurs-dart-programmation-initiation-publics\/\" \/>\n<meta property=\"og:locale\" content=\"fr_FR\" \/>\n<meta property=\"og:type\" content=\"article\" \/>\n<meta property=\"og:title\" content=\"PASSEURS D\u2019ART: programmation, initiation, publics\" \/>\n<meta property=\"og:description\" content=\"L\u2019Universit\u00e9 a pour vocation de contribuer \u00e0 l\u2019\u00e9volution des pratiques et des d\u00e9bats\u00a0culturels \u00e0 travers ses centres de recherche et les formations qu\u2019elle offre. Mais quelles\u00a0r\u00e9ponses peut-elle apporter \u00e0 la question actuelle de la valorisation des m\u00e9tiers de la\u00a0culture ? Plus particuli\u00e8rement, comment peut-elle accompagner la transmission de l\u2019art,\u00a0dans toute sa complexit\u00e9 ?\" \/>\n<meta property=\"og:url\" content=\"https:\/\/www.uni.lu\/fr\/events\/passeurs-dart-programmation-initiation-publics\/\" \/>\n<meta property=\"og:site_name\" content=\"UNI FR\" \/>\n<meta property=\"article:publisher\" content=\"https:\/\/www.facebook.com\/uni.lu\" \/>\n<meta property=\"og:image\" content=\"https:\/\/www.uni.lu\/wp-content\/uploads\/sites\/11\/2026\/03\/03120045\/UNIV_SM-Profile_1600x1600px-scaled.jpg\" \/>\n\t<meta property=\"og:image:width\" content=\"2560\" \/>\n\t<meta property=\"og:image:height\" content=\"2560\" \/>\n\t<meta property=\"og:image:type\" content=\"image\/jpeg\" \/>\n<meta name=\"twitter:card\" content=\"summary_large_image\" \/>\n<meta name=\"twitter:label1\" content=\"Dur\u00e9e de lecture estim\u00e9e\" \/>\n\t<meta name=\"twitter:data1\" content=\"1 minute\" \/>\n<script type=\"application\/ld+json\" class=\"yoast-schema-graph\">{\"@context\":\"https:\/\/schema.org\",\"@graph\":[{\"@type\":\"WebPage\",\"@id\":\"https:\/\/www.uni.lu\/fr\/events\/passeurs-dart-programmation-initiation-publics\/\",\"url\":\"https:\/\/www.uni.lu\/fr\/events\/passeurs-dart-programmation-initiation-publics\/\",\"name\":\"PASSEURS D\u2019ART: programmation, initiation, publics - Universit\u00e9 du Luxembourg\",\"isPartOf\":{\"@id\":\"https:\/\/www.uni.lu\/fr\/#website\"},\"primaryImageOfPage\":{\"@id\":\"https:\/\/www.uni.lu\/fr\/events\/passeurs-dart-programmation-initiation-publics\/#primaryimage\"},\"image\":{\"@id\":\"https:\/\/www.uni.lu\/fr\/events\/passeurs-dart-programmation-initiation-publics\/#primaryimage\"},\"thumbnailUrl\":\"https:\/\/www.uni.lu\/wp-content\/uploads\/sites\/11\/2021\/10\/passeurs_d_art_programmation_initiation_publics.jpg\",\"datePublished\":\"2021-10-12T15:08:13+00:00\",\"dateModified\":\"2021-10-12T15:08:13+00:00\",\"description\":\"L\u2019Universit\u00e9 a pour vocation de contribuer \u00e0 l\u2019\u00e9volution des pratiques et des d\u00e9bats\u00a0culturels \u00e0 travers ses centres de recherche et les formations qu\u2019elle offre. Mais quelles\u00a0r\u00e9ponses peut-elle apporter \u00e0 la question actuelle de la valorisation des m\u00e9tiers de la\u00a0culture ? Plus particuli\u00e8rement, comment peut-elle accompagner la transmission de l\u2019art,\u00a0dans toute sa complexit\u00e9 ?\",\"breadcrumb\":{\"@id\":\"https:\/\/www.uni.lu\/fr\/events\/passeurs-dart-programmation-initiation-publics\/#breadcrumb\"},\"inLanguage\":\"fr-FR\",\"potentialAction\":[{\"@type\":\"ReadAction\",\"target\":[\"https:\/\/www.uni.lu\/fr\/events\/passeurs-dart-programmation-initiation-publics\/\"]}]},{\"@type\":\"ImageObject\",\"inLanguage\":\"fr-FR\",\"@id\":\"https:\/\/www.uni.lu\/fr\/events\/passeurs-dart-programmation-initiation-publics\/#primaryimage\",\"url\":\"https:\/\/www.uni.lu\/wp-content\/uploads\/sites\/11\/2021\/10\/passeurs_d_art_programmation_initiation_publics.jpg\",\"contentUrl\":\"https:\/\/www.uni.lu\/wp-content\/uploads\/sites\/11\/2021\/10\/passeurs_d_art_programmation_initiation_publics.jpg\",\"width\":800,\"height\":600},{\"@type\":\"BreadcrumbList\",\"@id\":\"https:\/\/www.uni.lu\/fr\/events\/passeurs-dart-programmation-initiation-publics\/#breadcrumb\",\"itemListElement\":[{\"@type\":\"ListItem\",\"position\":1,\"name\":\"Home\",\"item\":\"https:\/\/www.uni.lu\/fr\/\"},{\"@type\":\"ListItem\",\"position\":2,\"name\":\"Events\",\"item\":\"https:\/\/www.uni.lu\/fr\/events\/\"},{\"@type\":\"ListItem\",\"position\":3,\"name\":\"PASSEURS D\u2019ART: programmation, initiation, publics\"}]},{\"@type\":\"WebSite\",\"@id\":\"https:\/\/www.uni.lu\/fr\/#website\",\"url\":\"https:\/\/www.uni.lu\/fr\/\",\"name\":\"Uni.lu\",\"description\":\"Universit\u00e9 du Luxembourg\",\"publisher\":{\"@id\":\"https:\/\/www.uni.lu\/fr\/#organization\"},\"alternateName\":\"Universit\u00e9 du Luxembourg\",\"potentialAction\":[{\"@type\":\"SearchAction\",\"target\":{\"@type\":\"EntryPoint\",\"urlTemplate\":\"https:\/\/www.uni.lu\/fr\/?s={search_term_string}\"},\"query-input\":\"required name=search_term_string\"}],\"inLanguage\":\"fr-FR\"},{\"@type\":\"Organization\",\"@id\":\"https:\/\/www.uni.lu\/fr\/#organization\",\"name\":\"Universit\u00e9 du Luxembourg\",\"alternateName\":\"Uni.lu\",\"url\":\"https:\/\/www.uni.lu\/fr\/\",\"logo\":{\"@type\":\"ImageObject\",\"inLanguage\":\"fr-FR\",\"@id\":\"https:\/\/www.uni.lu\/fr\/#\/schema\/logo\/image\/\",\"url\":\"https:\/\/www.uni.lu\/wp-content\/uploads\/sites\/11\/2026\/03\/03120045\/UNIV_SM-Profile_1600x1600px-scaled.jpg\",\"contentUrl\":\"https:\/\/www.uni.lu\/wp-content\/uploads\/sites\/11\/2026\/03\/03120045\/UNIV_SM-Profile_1600x1600px-scaled.jpg\",\"width\":2560,\"height\":2560,\"caption\":\"Universit\u00e9 du Luxembourg\"},\"image\":\"https:\/\/www.uni.lu\/wp-content\/uploads\/sites\/11\/2026\/04\/24120552\/20200609-Belval-Campus_Henri-Goergen-23.jpg\",\"sameAs\":[\"https:\/\/www.facebook.com\/uni.lu\",\"https:\/\/www.linkedin.com\/school\/university-of-luxembourg\/\",\"https:\/\/www.instagram.com\/uni.lu\",\"https:\/\/www.youtube.com\/@uni_lu\",\"https:\/\/en.wikipedia.org\/wiki\/University_of_Luxembourg\"],\"email\":\"communication@uni.lu\",\"telephone\":\"+352 46 66 44 1\",\"address\":{\"@type\":\"PostalAddress\",\"streetAddress\":\"2, place de l\u2019Universit\u00e9\",\"addressLocality\":\"Esch-sur-Alzette\",\"postalCode\":\"4365\",\"addressCountry\":\"LU\"},\"description\":\"Universit\u00e9 du Luxembourg\"}]}<\/script>\n<!-- \/ Yoast SEO Premium plugin. -->","yoast_head_json":{"title":"PASSEURS D\u2019ART: programmation, initiation, publics - Universit\u00e9 du Luxembourg","description":"L\u2019Universit\u00e9 a pour vocation de contribuer \u00e0 l\u2019\u00e9volution des pratiques et des d\u00e9bats\u00a0culturels \u00e0 travers ses centres de recherche et les formations qu\u2019elle offre. Mais quelles\u00a0r\u00e9ponses peut-elle apporter \u00e0 la question actuelle de la valorisation des m\u00e9tiers de la\u00a0culture ? Plus particuli\u00e8rement, comment peut-elle accompagner la transmission de l\u2019art,\u00a0dans toute sa complexit\u00e9 ?","robots":{"index":"index","follow":"follow","max-snippet":"max-snippet:-1","max-image-preview":"max-image-preview:large","max-video-preview":"max-video-preview:-1"},"canonical":"https:\/\/www.uni.lu\/fr\/events\/passeurs-dart-programmation-initiation-publics\/","og_locale":"fr_FR","og_type":"article","og_title":"PASSEURS D\u2019ART: programmation, initiation, publics","og_description":"L\u2019Universit\u00e9 a pour vocation de contribuer \u00e0 l\u2019\u00e9volution des pratiques et des d\u00e9bats\u00a0culturels \u00e0 travers ses centres de recherche et les formations qu\u2019elle offre. Mais quelles\u00a0r\u00e9ponses peut-elle apporter \u00e0 la question actuelle de la valorisation des m\u00e9tiers de la\u00a0culture ? Plus particuli\u00e8rement, comment peut-elle accompagner la transmission de l\u2019art,\u00a0dans toute sa complexit\u00e9 ?","og_url":"https:\/\/www.uni.lu\/fr\/events\/passeurs-dart-programmation-initiation-publics\/","og_site_name":"UNI FR","article_publisher":"https:\/\/www.facebook.com\/uni.lu","og_image":[{"width":2560,"height":2560,"url":"https:\/\/www.uni.lu\/wp-content\/uploads\/sites\/11\/2026\/03\/03120045\/UNIV_SM-Profile_1600x1600px-scaled.jpg","type":"image\/jpeg"}],"twitter_card":"summary_large_image","twitter_misc":{"Dur\u00e9e de lecture estim\u00e9e":"1 minute"},"schema":{"@context":"https:\/\/schema.org","@graph":[{"@type":"WebPage","@id":"https:\/\/www.uni.lu\/fr\/events\/passeurs-dart-programmation-initiation-publics\/","url":"https:\/\/www.uni.lu\/fr\/events\/passeurs-dart-programmation-initiation-publics\/","name":"PASSEURS D\u2019ART: programmation, initiation, publics - Universit\u00e9 du Luxembourg","isPartOf":{"@id":"https:\/\/www.uni.lu\/fr\/#website"},"primaryImageOfPage":{"@id":"https:\/\/www.uni.lu\/fr\/events\/passeurs-dart-programmation-initiation-publics\/#primaryimage"},"image":{"@id":"https:\/\/www.uni.lu\/fr\/events\/passeurs-dart-programmation-initiation-publics\/#primaryimage"},"thumbnailUrl":"https:\/\/www.uni.lu\/wp-content\/uploads\/sites\/11\/2021\/10\/passeurs_d_art_programmation_initiation_publics.jpg","datePublished":"2021-10-12T15:08:13+00:00","dateModified":"2021-10-12T15:08:13+00:00","description":"L\u2019Universit\u00e9 a pour vocation de contribuer \u00e0 l\u2019\u00e9volution des pratiques et des d\u00e9bats\u00a0culturels \u00e0 travers ses centres de recherche et les formations qu\u2019elle offre. Mais quelles\u00a0r\u00e9ponses peut-elle apporter \u00e0 la question actuelle de la valorisation des m\u00e9tiers de la\u00a0culture ? Plus particuli\u00e8rement, comment peut-elle accompagner la transmission de l\u2019art,\u00a0dans toute sa complexit\u00e9 ?","breadcrumb":{"@id":"https:\/\/www.uni.lu\/fr\/events\/passeurs-dart-programmation-initiation-publics\/#breadcrumb"},"inLanguage":"fr-FR","potentialAction":[{"@type":"ReadAction","target":["https:\/\/www.uni.lu\/fr\/events\/passeurs-dart-programmation-initiation-publics\/"]}]},{"@type":"ImageObject","inLanguage":"fr-FR","@id":"https:\/\/www.uni.lu\/fr\/events\/passeurs-dart-programmation-initiation-publics\/#primaryimage","url":"https:\/\/www.uni.lu\/wp-content\/uploads\/sites\/11\/2021\/10\/passeurs_d_art_programmation_initiation_publics.jpg","contentUrl":"https:\/\/www.uni.lu\/wp-content\/uploads\/sites\/11\/2021\/10\/passeurs_d_art_programmation_initiation_publics.jpg","width":800,"height":600},{"@type":"BreadcrumbList","@id":"https:\/\/www.uni.lu\/fr\/events\/passeurs-dart-programmation-initiation-publics\/#breadcrumb","itemListElement":[{"@type":"ListItem","position":1,"name":"Home","item":"https:\/\/www.uni.lu\/fr\/"},{"@type":"ListItem","position":2,"name":"Events","item":"https:\/\/www.uni.lu\/fr\/events\/"},{"@type":"ListItem","position":3,"name":"PASSEURS D\u2019ART: programmation, initiation, publics"}]},{"@type":"WebSite","@id":"https:\/\/www.uni.lu\/fr\/#website","url":"https:\/\/www.uni.lu\/fr\/","name":"Uni.lu","description":"Universit\u00e9 du Luxembourg","publisher":{"@id":"https:\/\/www.uni.lu\/fr\/#organization"},"alternateName":"Universit\u00e9 du Luxembourg","potentialAction":[{"@type":"SearchAction","target":{"@type":"EntryPoint","urlTemplate":"https:\/\/www.uni.lu\/fr\/?s={search_term_string}"},"query-input":"required name=search_term_string"}],"inLanguage":"fr-FR"},{"@type":"Organization","@id":"https:\/\/www.uni.lu\/fr\/#organization","name":"Universit\u00e9 du Luxembourg","alternateName":"Uni.lu","url":"https:\/\/www.uni.lu\/fr\/","logo":{"@type":"ImageObject","inLanguage":"fr-FR","@id":"https:\/\/www.uni.lu\/fr\/#\/schema\/logo\/image\/","url":"https:\/\/www.uni.lu\/wp-content\/uploads\/sites\/11\/2026\/03\/03120045\/UNIV_SM-Profile_1600x1600px-scaled.jpg","contentUrl":"https:\/\/www.uni.lu\/wp-content\/uploads\/sites\/11\/2026\/03\/03120045\/UNIV_SM-Profile_1600x1600px-scaled.jpg","width":2560,"height":2560,"caption":"Universit\u00e9 du Luxembourg"},"image":"https:\/\/www.uni.lu\/wp-content\/uploads\/sites\/11\/2026\/04\/24120552\/20200609-Belval-Campus_Henri-Goergen-23.jpg","sameAs":["https:\/\/www.facebook.com\/uni.lu","https:\/\/www.linkedin.com\/school\/university-of-luxembourg\/","https:\/\/www.instagram.com\/uni.lu","https:\/\/www.youtube.com\/@uni_lu","https:\/\/en.wikipedia.org\/wiki\/University_of_Luxembourg"],"email":"communication@uni.lu","telephone":"+352 46 66 44 1","address":{"@type":"PostalAddress","streetAddress":"2, place de l\u2019Universit\u00e9","addressLocality":"Esch-sur-Alzette","postalCode":"4365","addressCountry":"LU"},"description":"Universit\u00e9 du Luxembourg"}]}},"_links":{"self":[{"href":"https:\/\/www.uni.lu\/fr\/wp-json\/wp\/v2\/events\/8706"}],"collection":[{"href":"https:\/\/www.uni.lu\/fr\/wp-json\/wp\/v2\/events"}],"about":[{"href":"https:\/\/www.uni.lu\/fr\/wp-json\/wp\/v2\/types\/events"}],"replies":[{"embeddable":true,"href":"https:\/\/www.uni.lu\/fr\/wp-json\/wp\/v2\/comments?post=8706"}],"version-history":[{"count":0,"href":"https:\/\/www.uni.lu\/fr\/wp-json\/wp\/v2\/events\/8706\/revisions"}],"wp:featuredmedia":[{"embeddable":true,"href":"https:\/\/www.uni.lu\/fr\/wp-json\/wp\/v2\/media\/8707"}],"wp:attachment":[{"href":"https:\/\/www.uni.lu\/fr\/wp-json\/wp\/v2\/media?parent=8706"}],"wp:term":[{"taxonomy":"events-topic","embeddable":true,"href":"https:\/\/www.uni.lu\/fr\/wp-json\/wp\/v2\/events-topic?post=8706"},{"taxonomy":"events-type","embeddable":true,"href":"https:\/\/www.uni.lu\/fr\/wp-json\/wp\/v2\/events-type?post=8706"},{"taxonomy":"organisation","embeddable":true,"href":"https:\/\/www.uni.lu\/fr\/wp-json\/wp\/v2\/organisation?post=8706"}],"curies":[{"name":"wp","href":"https:\/\/api.w.org\/{rel}","templated":true}]}}