{"id":8690,"date":"2021-09-21T13:04:33","date_gmt":"2021-09-21T11:04:33","guid":{"rendered":"https:\/\/www.uni.lu\/fr\/events\/forum-z-what-is-remembered-lives-memoire-de-la-shoah-a-lere-digitale\/"},"modified":"2021-09-21T13:04:33","modified_gmt":"2021-09-21T11:04:33","slug":"forum-z-what-is-remembered-lives-memoire-de-la-shoah-a-lere-digitale","status":"publish","type":"events","link":"https:\/\/www.uni.lu\/fr\/events\/forum-z-what-is-remembered-lives-memoire-de-la-shoah-a-lere-digitale\/","title":{"rendered":"Forum Z: What is remembered lives. M\u00e9moire de la Shoah \u00e0 l&rsquo;\u00e8re digitale"},"content":{"rendered":"<section class=\"wp-block-unilux-blocks-free-section section\"><div class=\"container xl:max-w-screen-xl\"><p>Dans le cadre des comm\u00e9morations du 80e anniversaire du d\u00e9part du premier convoi de d\u00e9portation depuis la gare de Luxembourg, dans la nuit du 16 au 17 octobre 1941, le Centre for Contemporary and Digital History (C\u00b2DH) \u2013 Universit\u00e9 du Luxembourg et la Fondation Luxembourgeoise pour la M\u00e9moire de la Shoah ont souhait\u00e9 organiser cet \u00e9v\u00e9nement ouvert \u00e0 tous afin de montrer la fa\u00e7on dont la m\u00e9moire des pers\u00e9cutions se prolonge, \u00e9volue et se renouvelle \u00e0 l\u2019\u00e8re digitale.<\/p><p>Gr\u00e2ce \u00e0 trois conf\u00e9renciers de r\u00e9putation internationale et trois ateliers interactifs, les multiples modalit\u00e9s de pr\u00e9servation, d\u2019\u00e9tude et de diffusion des connaissances sur la Shoah seront \u00e9voqu\u00e9es.<\/p><p>es communications seront faites en fran\u00e7ais, allemand et anglais. Des traductions sont pr\u00e9vues.<\/p><p><\/p>\n<h2 class=\"has-text-align-left wp-block-unilux-blocks-heading\"        id=\"programme\"\n    >\nProgramme<\/h2>\n<p>Mots d\u2019accueil du<strong> Prof. Andreas Fickers<\/strong>, Directeur du Centre for Contemporary and Digital History \u2013 Universit\u00e9 du Luxembourg, et de <strong>M. Laurent Moyse<\/strong>, Pr\u00e9sident par int\u00e9rim de la Fondation Luxembourgeoise pour la M\u00e9moire de la Shoah.<\/p>\n<h3 class=\"has-text-align-left wp-block-unilux-blocks-heading\"        id=\"conferences\"\n    >\nConf\u00e9rences<\/h3>\n<p>1. <strong>Prof. Peter Klein<\/strong>, Dean of the M.A. in Holocaust Communication and Tolerance: <i>Die Transporte nach \u201aLitzmannstadt\u2018 im Oktober 1941: Entscheidungen, Schicksale, Konsequenzen<\/i><\/p><p>2. <strong>Prof. Sarah Gensburger,<\/strong> Directrice de Recherche au CNRS, Institut des Sciences sociales du Politique :<i> Les Parisiens racontent la Shoah : de la recherche fondamentale au r\u00e9cit sonore<\/i><\/p><p>3. <strong>Prof. Ass. Denis Scuto<\/strong>, Directeur adjoint du Centre for Contemporary and Digital History \u2013 Universit\u00e9 du Luxembourg : <i>Ecrire et rappeler les vies. Le projet de Le M\u00e9morial Digital de la Shoah au Luxembourg<\/i><\/p><p><\/p>\n<h3 class=\"has-text-align-left wp-block-unilux-blocks-heading\"        id=\"ateliers\"\n    >\nAteliers<\/h3>\n<p>1. <strong>Dr. Kerstin Hofmann<\/strong>, Research Associate, Research Education Department of the Arolsen Archives \u2013 International Center on Nazi Persecution: <i>#everynamecounts \u2013 Die Crowdsourcing-Initiative der Arolsen Archives auf Zooniverse<\/i><\/p><p>2. <strong>Jakub Bronec<\/strong>, Doctoral Candidate, Centre for Contemporary and Digital History \u2013 Universit\u00e9 du Luxembourg: <i>The project \u201cIWalk\u201d: an App to learn about Jewish history in Luxembourg<\/i><\/p><p>3. <strong>Marc Gloden<\/strong>, Secr\u00e9taire G\u00e9n\u00e9ral de la Fondation Luxembourgeoise pour la M\u00e9moire de la Shoah, et <strong>Blandine Landau<\/strong>, Doctoral Candidate, Centre for Contemporary and Digital History \u2013 Universit\u00e9 du Luxembourg : <i>Le M\u00e9morial Digital de la Shoah au Luxembourg, un projet participatif et inclusif<\/i><\/p><p><\/p><p>Pour assister \u00e0 la conf\u00e9rence, une <a href=\"https:\/\/www.eventbrite.fr\/e\/billets-forum-z-what-is-remembered-lives-memoire-de-la-shoah-a-lere-digitale-176108995747\" target=\"_blank\" title=\"\" rel=\"noopener\">inscription<\/a> pr\u00e9alable via Eventbrite est obligatoire. Les places sont limit\u00e9es et l&rsquo;\u00e9v\u00e9nement se d\u00e9roule sous le r\u00e9gime \u00ab\u00a0Covid Check\u00a0\u00bb.<\/p><p>Si vous souhaitez <strong>suivre la conf\u00e9rence en ligne<\/strong>, veuillez vous inscrire \u00e0 l&rsquo;adresse <a href=\"mailto:vanessa.napolitano@uni.lu\" target=\"_self\" title=\"\" rel=\"noopener\">vanessa.napolitano@uni.lu<\/a> pour recevoir le lien.<\/p><\/div><\/section>","protected":false},"excerpt":{"rendered":"","protected":false},"author":0,"featured_media":8691,"parent":0,"menu_order":0,"comment_status":"open","ping_status":"closed","template":"","format":"standard","meta":{"featured_image_focal_point":[],"show_featured_caption":false,"ulux_newsletter_groups":"","uluxPostTitle":"","uluxPrePostTitle":"","_trash_the_other_posts":false,"_price":"","_stock":"","_tribe_ticket_header":"","_tribe_default_ticket_provider":"","_tribe_ticket_capacity":"0","_ticket_start_date":"","_ticket_end_date":"","_tribe_ticket_show_description":"","_tribe_ticket_show_not_going":false,"_tribe_ticket_use_global_stock":"","_tribe_ticket_global_stock_level":"","_global_stock_mode":"","_global_stock_cap":"","_tribe_rsvp_for_event":"","_tribe_ticket_going_count":"","_tribe_ticket_not_going_count":"","_tribe_tickets_list":"[]","_tribe_ticket_has_attendee_info_fields":false,"event_start_date":"2021-10-18 15:00:00","event_end_date":"2021-10-18 18:00:00","event_speaker_name":"","event_speaker_link":"","event_is_online":false,"event_location":"Maison du Savoir\r\nSalle 3.370\r\n2, avenue de l'Universit\u00e9\r\nL-4365 Esch-sur-Alzette ","event_street":"","event_location_link":"","event_zip_code":"","event_city":"","event_country":"LU"},"events-topic":[312],"events-type":[],"organisation":[221,226],"authorship":[],"acf":[],"yoast_head":"<!-- This site is optimized with the Yoast SEO Premium plugin v22.3 (Yoast SEO v22.3) - https:\/\/yoast.com\/wordpress\/plugins\/seo\/ -->\n<title>Forum Z: What is remembered lives. M\u00e9moire de la Shoah \u00e0 l&#039;\u00e8re digitale - Universit\u00e9 du Luxembourg<\/title>\n<meta name=\"description\" content=\"Dans le cadre des comm\u00e9morations du 80e anniversaire du d\u00e9part du premier convoi de d\u00e9portation depuis la gare de Luxembourg, dans la nuit du 16 au 17\" \/>\n<meta name=\"robots\" content=\"index, follow, max-snippet:-1, max-image-preview:large, max-video-preview:-1\" \/>\n<link rel=\"canonical\" href=\"https:\/\/www.uni.lu\/fr\/events\/forum-z-what-is-remembered-lives-memoire-de-la-shoah-a-lere-digitale\/\" \/>\n<meta property=\"og:locale\" content=\"fr_FR\" \/>\n<meta property=\"og:type\" content=\"article\" \/>\n<meta property=\"og:title\" content=\"Forum Z: What is remembered lives. M\u00e9moire de la Shoah \u00e0 l&#039;\u00e8re digitale\" \/>\n<meta property=\"og:description\" content=\"Dans le cadre des comm\u00e9morations du 80e anniversaire du d\u00e9part du premier convoi de d\u00e9portation depuis la gare de Luxembourg, dans la nuit du 16 au 17\" \/>\n<meta property=\"og:url\" content=\"https:\/\/www.uni.lu\/fr\/events\/forum-z-what-is-remembered-lives-memoire-de-la-shoah-a-lere-digitale\/\" \/>\n<meta property=\"og:site_name\" content=\"UNI FR\" \/>\n<meta property=\"article:publisher\" content=\"https:\/\/www.facebook.com\/uni.lu\" \/>\n<meta property=\"og:image\" content=\"https:\/\/www.uni.lu\/wp-content\/uploads\/sites\/11\/2026\/03\/03120045\/UNIV_SM-Profile_1600x1600px-scaled.jpg\" \/>\n\t<meta property=\"og:image:width\" content=\"2560\" \/>\n\t<meta property=\"og:image:height\" content=\"2560\" \/>\n\t<meta property=\"og:image:type\" content=\"image\/jpeg\" \/>\n<meta name=\"twitter:card\" content=\"summary_large_image\" \/>\n<meta name=\"twitter:label1\" content=\"Dur\u00e9e de lecture estim\u00e9e\" \/>\n\t<meta name=\"twitter:data1\" content=\"2 minutes\" \/>\n<script type=\"application\/ld+json\" class=\"yoast-schema-graph\">{\"@context\":\"https:\/\/schema.org\",\"@graph\":[{\"@type\":\"WebPage\",\"@id\":\"https:\/\/www.uni.lu\/fr\/events\/forum-z-what-is-remembered-lives-memoire-de-la-shoah-a-lere-digitale\/\",\"url\":\"https:\/\/www.uni.lu\/fr\/events\/forum-z-what-is-remembered-lives-memoire-de-la-shoah-a-lere-digitale\/\",\"name\":\"Forum Z: What is remembered lives. M\u00e9moire de la Shoah \u00e0 l'\u00e8re digitale - Universit\u00e9 du Luxembourg\",\"isPartOf\":{\"@id\":\"https:\/\/www.uni.lu\/fr\/#website\"},\"primaryImageOfPage\":{\"@id\":\"https:\/\/www.uni.lu\/fr\/events\/forum-z-what-is-remembered-lives-memoire-de-la-shoah-a-lere-digitale\/#primaryimage\"},\"image\":{\"@id\":\"https:\/\/www.uni.lu\/fr\/events\/forum-z-what-is-remembered-lives-memoire-de-la-shoah-a-lere-digitale\/#primaryimage\"},\"thumbnailUrl\":\"https:\/\/www.uni.lu\/wp-content\/uploads\/sites\/11\/2021\/09\/forum_z_what_is_remembered_lives_memoire_de_la_shoah_a_l_ere_digitale.jpg\",\"datePublished\":\"2021-09-21T11:04:33+00:00\",\"dateModified\":\"2021-09-21T11:04:33+00:00\",\"description\":\"Dans le cadre des comm\u00e9morations du 80e anniversaire du d\u00e9part du premier convoi de d\u00e9portation depuis la gare de Luxembourg, dans la nuit du 16 au 17\",\"breadcrumb\":{\"@id\":\"https:\/\/www.uni.lu\/fr\/events\/forum-z-what-is-remembered-lives-memoire-de-la-shoah-a-lere-digitale\/#breadcrumb\"},\"inLanguage\":\"fr-FR\",\"potentialAction\":[{\"@type\":\"ReadAction\",\"target\":[\"https:\/\/www.uni.lu\/fr\/events\/forum-z-what-is-remembered-lives-memoire-de-la-shoah-a-lere-digitale\/\"]}]},{\"@type\":\"ImageObject\",\"inLanguage\":\"fr-FR\",\"@id\":\"https:\/\/www.uni.lu\/fr\/events\/forum-z-what-is-remembered-lives-memoire-de-la-shoah-a-lere-digitale\/#primaryimage\",\"url\":\"https:\/\/www.uni.lu\/wp-content\/uploads\/sites\/11\/2021\/09\/forum_z_what_is_remembered_lives_memoire_de_la_shoah_a_l_ere_digitale.jpg\",\"contentUrl\":\"https:\/\/www.uni.lu\/wp-content\/uploads\/sites\/11\/2021\/09\/forum_z_what_is_remembered_lives_memoire_de_la_shoah_a_l_ere_digitale.jpg\",\"width\":800,\"height\":600},{\"@type\":\"BreadcrumbList\",\"@id\":\"https:\/\/www.uni.lu\/fr\/events\/forum-z-what-is-remembered-lives-memoire-de-la-shoah-a-lere-digitale\/#breadcrumb\",\"itemListElement\":[{\"@type\":\"ListItem\",\"position\":1,\"name\":\"Home\",\"item\":\"https:\/\/www.uni.lu\/fr\/\"},{\"@type\":\"ListItem\",\"position\":2,\"name\":\"Events\",\"item\":\"https:\/\/www.uni.lu\/fr\/events\/\"},{\"@type\":\"ListItem\",\"position\":3,\"name\":\"Forum Z: What is remembered lives. M\u00e9moire de la Shoah \u00e0 l'\u00e8re digitale\"}]},{\"@type\":\"WebSite\",\"@id\":\"https:\/\/www.uni.lu\/fr\/#website\",\"url\":\"https:\/\/www.uni.lu\/fr\/\",\"name\":\"Uni.lu\",\"description\":\"Universit\u00e9 du Luxembourg\",\"publisher\":{\"@id\":\"https:\/\/www.uni.lu\/fr\/#organization\"},\"alternateName\":\"Universit\u00e9 du Luxembourg\",\"potentialAction\":[{\"@type\":\"SearchAction\",\"target\":{\"@type\":\"EntryPoint\",\"urlTemplate\":\"https:\/\/www.uni.lu\/fr\/?s={search_term_string}\"},\"query-input\":\"required name=search_term_string\"}],\"inLanguage\":\"fr-FR\"},{\"@type\":\"Organization\",\"@id\":\"https:\/\/www.uni.lu\/fr\/#organization\",\"name\":\"Universit\u00e9 du Luxembourg\",\"alternateName\":\"Uni.lu\",\"url\":\"https:\/\/www.uni.lu\/fr\/\",\"logo\":{\"@type\":\"ImageObject\",\"inLanguage\":\"fr-FR\",\"@id\":\"https:\/\/www.uni.lu\/fr\/#\/schema\/logo\/image\/\",\"url\":\"https:\/\/www.uni.lu\/wp-content\/uploads\/sites\/11\/2026\/03\/03120045\/UNIV_SM-Profile_1600x1600px-scaled.jpg\",\"contentUrl\":\"https:\/\/www.uni.lu\/wp-content\/uploads\/sites\/11\/2026\/03\/03120045\/UNIV_SM-Profile_1600x1600px-scaled.jpg\",\"width\":2560,\"height\":2560,\"caption\":\"Universit\u00e9 du Luxembourg\"},\"image\":\"https:\/\/www.uni.lu\/wp-content\/uploads\/sites\/11\/2026\/04\/24120552\/20200609-Belval-Campus_Henri-Goergen-23.jpg\",\"sameAs\":[\"https:\/\/www.facebook.com\/uni.lu\",\"https:\/\/www.linkedin.com\/school\/university-of-luxembourg\/\",\"https:\/\/www.instagram.com\/uni.lu\",\"https:\/\/www.youtube.com\/@uni_lu\",\"https:\/\/en.wikipedia.org\/wiki\/University_of_Luxembourg\"],\"email\":\"communication@uni.lu\",\"telephone\":\"+352 46 66 44 1\",\"address\":{\"@type\":\"PostalAddress\",\"streetAddress\":\"2, place de l\u2019Universit\u00e9\",\"addressLocality\":\"Esch-sur-Alzette\",\"postalCode\":\"4365\",\"addressCountry\":\"LU\"},\"description\":\"Universit\u00e9 du Luxembourg\"}]}<\/script>\n<!-- \/ Yoast SEO Premium plugin. -->","yoast_head_json":{"title":"Forum Z: What is remembered lives. M\u00e9moire de la Shoah \u00e0 l'\u00e8re digitale - Universit\u00e9 du Luxembourg","description":"Dans le cadre des comm\u00e9morations du 80e anniversaire du d\u00e9part du premier convoi de d\u00e9portation depuis la gare de Luxembourg, dans la nuit du 16 au 17","robots":{"index":"index","follow":"follow","max-snippet":"max-snippet:-1","max-image-preview":"max-image-preview:large","max-video-preview":"max-video-preview:-1"},"canonical":"https:\/\/www.uni.lu\/fr\/events\/forum-z-what-is-remembered-lives-memoire-de-la-shoah-a-lere-digitale\/","og_locale":"fr_FR","og_type":"article","og_title":"Forum Z: What is remembered lives. M\u00e9moire de la Shoah \u00e0 l'\u00e8re digitale","og_description":"Dans le cadre des comm\u00e9morations du 80e anniversaire du d\u00e9part du premier convoi de d\u00e9portation depuis la gare de Luxembourg, dans la nuit du 16 au 17","og_url":"https:\/\/www.uni.lu\/fr\/events\/forum-z-what-is-remembered-lives-memoire-de-la-shoah-a-lere-digitale\/","og_site_name":"UNI FR","article_publisher":"https:\/\/www.facebook.com\/uni.lu","og_image":[{"width":2560,"height":2560,"url":"https:\/\/www.uni.lu\/wp-content\/uploads\/sites\/11\/2026\/03\/03120045\/UNIV_SM-Profile_1600x1600px-scaled.jpg","type":"image\/jpeg"}],"twitter_card":"summary_large_image","twitter_misc":{"Dur\u00e9e de lecture estim\u00e9e":"2 minutes"},"schema":{"@context":"https:\/\/schema.org","@graph":[{"@type":"WebPage","@id":"https:\/\/www.uni.lu\/fr\/events\/forum-z-what-is-remembered-lives-memoire-de-la-shoah-a-lere-digitale\/","url":"https:\/\/www.uni.lu\/fr\/events\/forum-z-what-is-remembered-lives-memoire-de-la-shoah-a-lere-digitale\/","name":"Forum Z: What is remembered lives. M\u00e9moire de la Shoah \u00e0 l'\u00e8re digitale - Universit\u00e9 du Luxembourg","isPartOf":{"@id":"https:\/\/www.uni.lu\/fr\/#website"},"primaryImageOfPage":{"@id":"https:\/\/www.uni.lu\/fr\/events\/forum-z-what-is-remembered-lives-memoire-de-la-shoah-a-lere-digitale\/#primaryimage"},"image":{"@id":"https:\/\/www.uni.lu\/fr\/events\/forum-z-what-is-remembered-lives-memoire-de-la-shoah-a-lere-digitale\/#primaryimage"},"thumbnailUrl":"https:\/\/www.uni.lu\/wp-content\/uploads\/sites\/11\/2021\/09\/forum_z_what_is_remembered_lives_memoire_de_la_shoah_a_l_ere_digitale.jpg","datePublished":"2021-09-21T11:04:33+00:00","dateModified":"2021-09-21T11:04:33+00:00","description":"Dans le cadre des comm\u00e9morations du 80e anniversaire du d\u00e9part du premier convoi de d\u00e9portation depuis la gare de Luxembourg, dans la nuit du 16 au 17","breadcrumb":{"@id":"https:\/\/www.uni.lu\/fr\/events\/forum-z-what-is-remembered-lives-memoire-de-la-shoah-a-lere-digitale\/#breadcrumb"},"inLanguage":"fr-FR","potentialAction":[{"@type":"ReadAction","target":["https:\/\/www.uni.lu\/fr\/events\/forum-z-what-is-remembered-lives-memoire-de-la-shoah-a-lere-digitale\/"]}]},{"@type":"ImageObject","inLanguage":"fr-FR","@id":"https:\/\/www.uni.lu\/fr\/events\/forum-z-what-is-remembered-lives-memoire-de-la-shoah-a-lere-digitale\/#primaryimage","url":"https:\/\/www.uni.lu\/wp-content\/uploads\/sites\/11\/2021\/09\/forum_z_what_is_remembered_lives_memoire_de_la_shoah_a_l_ere_digitale.jpg","contentUrl":"https:\/\/www.uni.lu\/wp-content\/uploads\/sites\/11\/2021\/09\/forum_z_what_is_remembered_lives_memoire_de_la_shoah_a_l_ere_digitale.jpg","width":800,"height":600},{"@type":"BreadcrumbList","@id":"https:\/\/www.uni.lu\/fr\/events\/forum-z-what-is-remembered-lives-memoire-de-la-shoah-a-lere-digitale\/#breadcrumb","itemListElement":[{"@type":"ListItem","position":1,"name":"Home","item":"https:\/\/www.uni.lu\/fr\/"},{"@type":"ListItem","position":2,"name":"Events","item":"https:\/\/www.uni.lu\/fr\/events\/"},{"@type":"ListItem","position":3,"name":"Forum Z: What is remembered lives. M\u00e9moire de la Shoah \u00e0 l'\u00e8re digitale"}]},{"@type":"WebSite","@id":"https:\/\/www.uni.lu\/fr\/#website","url":"https:\/\/www.uni.lu\/fr\/","name":"Uni.lu","description":"Universit\u00e9 du Luxembourg","publisher":{"@id":"https:\/\/www.uni.lu\/fr\/#organization"},"alternateName":"Universit\u00e9 du Luxembourg","potentialAction":[{"@type":"SearchAction","target":{"@type":"EntryPoint","urlTemplate":"https:\/\/www.uni.lu\/fr\/?s={search_term_string}"},"query-input":"required name=search_term_string"}],"inLanguage":"fr-FR"},{"@type":"Organization","@id":"https:\/\/www.uni.lu\/fr\/#organization","name":"Universit\u00e9 du Luxembourg","alternateName":"Uni.lu","url":"https:\/\/www.uni.lu\/fr\/","logo":{"@type":"ImageObject","inLanguage":"fr-FR","@id":"https:\/\/www.uni.lu\/fr\/#\/schema\/logo\/image\/","url":"https:\/\/www.uni.lu\/wp-content\/uploads\/sites\/11\/2026\/03\/03120045\/UNIV_SM-Profile_1600x1600px-scaled.jpg","contentUrl":"https:\/\/www.uni.lu\/wp-content\/uploads\/sites\/11\/2026\/03\/03120045\/UNIV_SM-Profile_1600x1600px-scaled.jpg","width":2560,"height":2560,"caption":"Universit\u00e9 du Luxembourg"},"image":"https:\/\/www.uni.lu\/wp-content\/uploads\/sites\/11\/2026\/04\/24120552\/20200609-Belval-Campus_Henri-Goergen-23.jpg","sameAs":["https:\/\/www.facebook.com\/uni.lu","https:\/\/www.linkedin.com\/school\/university-of-luxembourg\/","https:\/\/www.instagram.com\/uni.lu","https:\/\/www.youtube.com\/@uni_lu","https:\/\/en.wikipedia.org\/wiki\/University_of_Luxembourg"],"email":"communication@uni.lu","telephone":"+352 46 66 44 1","address":{"@type":"PostalAddress","streetAddress":"2, place de l\u2019Universit\u00e9","addressLocality":"Esch-sur-Alzette","postalCode":"4365","addressCountry":"LU"},"description":"Universit\u00e9 du Luxembourg"}]}},"_links":{"self":[{"href":"https:\/\/www.uni.lu\/fr\/wp-json\/wp\/v2\/events\/8690"}],"collection":[{"href":"https:\/\/www.uni.lu\/fr\/wp-json\/wp\/v2\/events"}],"about":[{"href":"https:\/\/www.uni.lu\/fr\/wp-json\/wp\/v2\/types\/events"}],"replies":[{"embeddable":true,"href":"https:\/\/www.uni.lu\/fr\/wp-json\/wp\/v2\/comments?post=8690"}],"version-history":[{"count":0,"href":"https:\/\/www.uni.lu\/fr\/wp-json\/wp\/v2\/events\/8690\/revisions"}],"wp:featuredmedia":[{"embeddable":true,"href":"https:\/\/www.uni.lu\/fr\/wp-json\/wp\/v2\/media\/8691"}],"wp:attachment":[{"href":"https:\/\/www.uni.lu\/fr\/wp-json\/wp\/v2\/media?parent=8690"}],"wp:term":[{"taxonomy":"events-topic","embeddable":true,"href":"https:\/\/www.uni.lu\/fr\/wp-json\/wp\/v2\/events-topic?post=8690"},{"taxonomy":"events-type","embeddable":true,"href":"https:\/\/www.uni.lu\/fr\/wp-json\/wp\/v2\/events-type?post=8690"},{"taxonomy":"organisation","embeddable":true,"href":"https:\/\/www.uni.lu\/fr\/wp-json\/wp\/v2\/organisation?post=8690"}],"curies":[{"name":"wp","href":"https:\/\/api.w.org\/{rel}","templated":true}]}}