{"id":8679,"date":"2021-09-14T10:14:58","date_gmt":"2021-09-14T08:14:58","guid":{"rendered":"https:\/\/www.uni.lu\/fr\/events\/public-history-in-der-lehre\/"},"modified":"2021-09-14T10:14:58","modified_gmt":"2021-09-14T08:14:58","slug":"public-history-in-der-lehre","status":"publish","type":"events","link":"https:\/\/www.uni.lu\/fr\/events\/public-history-in-der-lehre\/","title":{"rendered":"Public History in der Lehre"},"content":{"rendered":"<section class=\"wp-block-unilux-blocks-free-section section\"><div class=\"container xl:max-w-screen-xl\"><p><strong>Workshop veranstaltet von Prof. Dr. Andreas Fickers (Universit\u00e4t Luxemburg), Dr. Irmgard Z\u00fcndorf (ZZF Potsdam) in Kooperation mit der AG Angewandte Geschichte\/Public History.<\/strong><\/p><p>Digital Public History breitet sich als weiterer Zugang in den stetig wachsenden Lehrangeboten der Public History aus. Gleichzeitig bleibt die personelle und finanzielle Ausstattung vieler Lehrst\u00fchle und Studieng\u00e4nge in diesem Bereich jedoch prek\u00e4r. Welche Chancen und Risiken ergeben sich vor diesem Hintergrund f\u00fcr das boomende Feld der Public History im deutschsprachigen Raum? Wie sehen die Lehrangebote konkret aus? Welche Karrierechancen bieten sich f\u00fcr Studierende der Public History?<\/p><p>Im Rahmen des Workshops sollen Lehrende, Studierende und Absolvent:innen aus den verschiedenen universit\u00e4ren Standorten zusammengebracht werden, um kritisch den derzeitigen Stand des Studienangebots im Bereich der Public History im deutschsprachigen Raum zu reflektieren und mit internationalen Entwicklungen zu konfrontieren. Ziel des Workshops ist nicht nur der gemeinsame Austausch, sondern auch die Entwicklung konkreter Impulse f\u00fcr die (Weiter)entwicklung der Public History in Forschung und Lehre sowie die kritische Diskussion aktueller Herausforderungen partizipativer Geschichtsarbeit in Zeiten von \u201esocial distancing\u201c und \u201edistant learning\u201c.<\/p><p><\/p>\n<h3 class=\"has-text-align-left wp-block-unilux-blocks-heading\"        id=\"programm\"\n    >\nProgramm<\/h3>\n\n<h4 class=\"has-text-align-left wp-block-unilux-blocks-heading\"        id=\"donnerstag-den-23-september-2021\"\n    >\nDonnerstag, den 23. September 2021<\/h4>\n<p><\/p><p>14.00\u00a0\u00a0\u00a0\u00a0<\/p><p><strong>Begr\u00fc\u00dfung<\/strong><\/p><p>Andreas Fickers (Universit\u00e4t Luxemburg), <\/p><p>Irmgard Z\u00fcndorf ( ZZF Potsdam)<\/p><p>14.15<\/p><p><strong>Public History in Zeiten von \u201esocial distancing\u201d und \u201cdistant learning\u201d<\/strong><\/p><p>Christine Gundermann (Universit\u00e4t K\u00f6ln)<\/p><p>Ulrike Weckel\/Clemens Tangerding (Universit\u00e4t Gie\u00dfen) <\/p><p>J\u00f6rg Requate (Universit\u00e4t Kassel) <\/p><p>Andreas Fickers (Universit\u00e4t Luxemburg)<\/p><p>15.45<\/p><p><strong>Pause<\/strong><\/p><p>16.15<\/p><p><strong>Digital Public History<\/strong><\/p><p>Eva Bischoff (Universit\u00e4t Trier) <\/p><p>Nils Steffen (Universit\u00e4t Hamburg)<\/p><p>Christine Szkiet (Universit\u00e4t Luzern) <\/p><p>Christian Bunnenberg (Universit\u00e4t Bochum)<\/p><p>17.45<\/p><p><strong>Pause<\/strong><\/p><p>18.00<\/p><p><strong>Public History international<\/strong><\/p><p>Thomas Cauvin (Universit\u00e4t Luxemburg)<\/p>\n<h4 class=\"has-text-align-left wp-block-unilux-blocks-heading\"        id=\"freitag-den-24-september-2021\"\n    >\nFreitag, den 24. September 2021<\/h4>\n<p>09.00\u00a0\u00a0\u00a0\u00a0 <\/p><p><strong>Public History studieren: Reflexionen von Studierenden und Absolvent*innen<\/strong><\/p><p>10.30<\/p><p><strong>Pause<\/strong><\/p><p>10.45<\/p><p><strong>Neue Studieng\u00e4nge stellen sich vor<\/strong><\/p><p>Bianca Hoenig (Universit\u00e4t Regensburg)<\/p><p>Wolfgang Kruse (FernUniversit\u00e4t Hagen)<\/p><p>Anna Valeska Strugalla (Universit\u00e4t T\u00fcbingen)<\/p><p>11.30<\/p><p><strong>Pause<\/strong><\/p><p>11.45<\/p><p><strong>Podiumsdiskussion: Wie weiter in der (Digital-) Public History<\/strong><\/p><p>Thorsten Logge (Universit\u00e4t Hamburg)<\/p><p>Thekla Keuck (Universit\u00e4t Bremen)<\/p><p>Frank Drauschke (Facts&#038; Files Berlin)<\/p><p>Juliane Tomann (Universit\u00e4t Jena)<\/p><p>Moderation: Irmgard Z\u00fcndorf (ZZF Potsdam)<\/p><p>13.00<\/p><p><strong>Ende des Workshops<\/strong><\/p><p><\/p><p><strong>Anmeldung bis zum 22. September 2021 unter<\/strong><a href=\"mailto:zuendorf@zzf-potsdam.de\" target=\"_self\" title=\"\" rel=\"noopener\">zuendorf@zzf-potsdam.de<\/a><\/p><\/div><\/section>","protected":false},"excerpt":{"rendered":"<p>Workshop veranstaltet von Prof. Dr. Andreas Fickers (Universit\u00e4t Luxemburg), Dr. Irmgard Z\u00fcndorf (ZZF Potsdam) in Kooperation mit der AG Angewandte Geschichte\/Public History.<\/p>\n","protected":false},"author":0,"featured_media":8680,"parent":0,"menu_order":0,"comment_status":"open","ping_status":"closed","template":"","format":"standard","meta":{"featured_image_focal_point":[],"show_featured_caption":false,"ulux_newsletter_groups":"","uluxPostTitle":"","uluxPrePostTitle":"","_trash_the_other_posts":false,"_price":"","_stock":"","_tribe_ticket_header":"","_tribe_default_ticket_provider":"","_tribe_ticket_capacity":"0","_ticket_start_date":"","_ticket_end_date":"","_tribe_ticket_show_description":"","_tribe_ticket_show_not_going":false,"_tribe_ticket_use_global_stock":"","_tribe_ticket_global_stock_level":"","_global_stock_mode":"","_global_stock_cap":"","_tribe_rsvp_for_event":"","_tribe_ticket_going_count":"","_tribe_ticket_not_going_count":"","_tribe_tickets_list":"[]","_tribe_ticket_has_attendee_info_fields":false,"event_start_date":"2021-09-23 14:00:00","event_end_date":"2021-09-24 13:00:00","event_speaker_name":"","event_speaker_link":"","event_is_online":false,"event_location":"Online","event_street":"","event_location_link":"","event_zip_code":"","event_city":"","event_country":"LU"},"events-topic":[312],"events-type":[],"organisation":[221,226],"authorship":[],"acf":[],"yoast_head":"<!-- This site is optimized with the Yoast SEO Premium plugin v22.3 (Yoast SEO v22.3) - https:\/\/yoast.com\/wordpress\/plugins\/seo\/ -->\n<title>Public History in der Lehre - Universit\u00e9 du Luxembourg<\/title>\n<meta name=\"description\" content=\"Workshop veranstaltet von Prof. Dr. Andreas Fickers (Universit\u00e4t Luxemburg), Dr. Irmgard Z\u00fcndorf (ZZF Potsdam) in Kooperation mit der AG Angewandte Geschichte\/Public History.\" \/>\n<meta name=\"robots\" content=\"index, follow, max-snippet:-1, max-image-preview:large, max-video-preview:-1\" \/>\n<link rel=\"canonical\" href=\"https:\/\/www.uni.lu\/fr\/events\/public-history-in-der-lehre\/\" \/>\n<meta property=\"og:locale\" content=\"fr_FR\" \/>\n<meta property=\"og:type\" content=\"article\" \/>\n<meta property=\"og:title\" content=\"Public History in der Lehre\" \/>\n<meta property=\"og:description\" content=\"Workshop veranstaltet von Prof. Dr. Andreas Fickers (Universit\u00e4t Luxemburg), Dr. Irmgard Z\u00fcndorf (ZZF Potsdam) in Kooperation mit der AG Angewandte Geschichte\/Public History.\" \/>\n<meta property=\"og:url\" content=\"https:\/\/www.uni.lu\/fr\/events\/public-history-in-der-lehre\/\" \/>\n<meta property=\"og:site_name\" content=\"UNI FR\" \/>\n<meta property=\"article:publisher\" content=\"https:\/\/www.facebook.com\/uni.lu\" \/>\n<meta property=\"og:image\" content=\"https:\/\/www.uni.lu\/wp-content\/uploads\/sites\/11\/2026\/03\/03120045\/UNIV_SM-Profile_1600x1600px-scaled.jpg\" \/>\n\t<meta property=\"og:image:width\" content=\"2560\" \/>\n\t<meta property=\"og:image:height\" content=\"2560\" \/>\n\t<meta property=\"og:image:type\" content=\"image\/jpeg\" \/>\n<meta name=\"twitter:card\" content=\"summary_large_image\" \/>\n<meta name=\"twitter:label1\" content=\"Dur\u00e9e de lecture estim\u00e9e\" \/>\n\t<meta name=\"twitter:data1\" content=\"2 minutes\" \/>\n<script type=\"application\/ld+json\" class=\"yoast-schema-graph\">{\"@context\":\"https:\/\/schema.org\",\"@graph\":[{\"@type\":\"WebPage\",\"@id\":\"https:\/\/www.uni.lu\/fr\/events\/public-history-in-der-lehre\/\",\"url\":\"https:\/\/www.uni.lu\/fr\/events\/public-history-in-der-lehre\/\",\"name\":\"Public History in der Lehre - Universit\u00e9 du Luxembourg\",\"isPartOf\":{\"@id\":\"https:\/\/www.uni.lu\/fr\/#website\"},\"primaryImageOfPage\":{\"@id\":\"https:\/\/www.uni.lu\/fr\/events\/public-history-in-der-lehre\/#primaryimage\"},\"image\":{\"@id\":\"https:\/\/www.uni.lu\/fr\/events\/public-history-in-der-lehre\/#primaryimage\"},\"thumbnailUrl\":\"https:\/\/www.uni.lu\/wp-content\/uploads\/sites\/11\/2021\/09\/public_history_in_der_lehre.jpg\",\"datePublished\":\"2021-09-14T08:14:58+00:00\",\"dateModified\":\"2021-09-14T08:14:58+00:00\",\"description\":\"Workshop veranstaltet von Prof. Dr. Andreas Fickers (Universit\u00e4t Luxemburg), Dr. Irmgard Z\u00fcndorf (ZZF Potsdam) in Kooperation mit der AG Angewandte Geschichte\/Public History.\",\"breadcrumb\":{\"@id\":\"https:\/\/www.uni.lu\/fr\/events\/public-history-in-der-lehre\/#breadcrumb\"},\"inLanguage\":\"fr-FR\",\"potentialAction\":[{\"@type\":\"ReadAction\",\"target\":[\"https:\/\/www.uni.lu\/fr\/events\/public-history-in-der-lehre\/\"]}]},{\"@type\":\"ImageObject\",\"inLanguage\":\"fr-FR\",\"@id\":\"https:\/\/www.uni.lu\/fr\/events\/public-history-in-der-lehre\/#primaryimage\",\"url\":\"https:\/\/www.uni.lu\/wp-content\/uploads\/sites\/11\/2021\/09\/public_history_in_der_lehre.jpg\",\"contentUrl\":\"https:\/\/www.uni.lu\/wp-content\/uploads\/sites\/11\/2021\/09\/public_history_in_der_lehre.jpg\",\"width\":800,\"height\":600},{\"@type\":\"BreadcrumbList\",\"@id\":\"https:\/\/www.uni.lu\/fr\/events\/public-history-in-der-lehre\/#breadcrumb\",\"itemListElement\":[{\"@type\":\"ListItem\",\"position\":1,\"name\":\"Home\",\"item\":\"https:\/\/www.uni.lu\/fr\/\"},{\"@type\":\"ListItem\",\"position\":2,\"name\":\"Events\",\"item\":\"https:\/\/www.uni.lu\/fr\/events\/\"},{\"@type\":\"ListItem\",\"position\":3,\"name\":\"Public History in der Lehre\"}]},{\"@type\":\"WebSite\",\"@id\":\"https:\/\/www.uni.lu\/fr\/#website\",\"url\":\"https:\/\/www.uni.lu\/fr\/\",\"name\":\"Uni.lu\",\"description\":\"Universit\u00e9 du Luxembourg\",\"publisher\":{\"@id\":\"https:\/\/www.uni.lu\/fr\/#organization\"},\"alternateName\":\"Universit\u00e9 du Luxembourg\",\"potentialAction\":[{\"@type\":\"SearchAction\",\"target\":{\"@type\":\"EntryPoint\",\"urlTemplate\":\"https:\/\/www.uni.lu\/fr\/?s={search_term_string}\"},\"query-input\":\"required name=search_term_string\"}],\"inLanguage\":\"fr-FR\"},{\"@type\":\"Organization\",\"@id\":\"https:\/\/www.uni.lu\/fr\/#organization\",\"name\":\"Universit\u00e9 du Luxembourg\",\"alternateName\":\"Uni.lu\",\"url\":\"https:\/\/www.uni.lu\/fr\/\",\"logo\":{\"@type\":\"ImageObject\",\"inLanguage\":\"fr-FR\",\"@id\":\"https:\/\/www.uni.lu\/fr\/#\/schema\/logo\/image\/\",\"url\":\"https:\/\/www.uni.lu\/wp-content\/uploads\/sites\/11\/2026\/03\/03120045\/UNIV_SM-Profile_1600x1600px-scaled.jpg\",\"contentUrl\":\"https:\/\/www.uni.lu\/wp-content\/uploads\/sites\/11\/2026\/03\/03120045\/UNIV_SM-Profile_1600x1600px-scaled.jpg\",\"width\":2560,\"height\":2560,\"caption\":\"Universit\u00e9 du Luxembourg\"},\"image\":\"https:\/\/www.uni.lu\/wp-content\/uploads\/sites\/11\/2026\/04\/24120552\/20200609-Belval-Campus_Henri-Goergen-23.jpg\",\"sameAs\":[\"https:\/\/www.facebook.com\/uni.lu\",\"https:\/\/www.linkedin.com\/school\/university-of-luxembourg\/\",\"https:\/\/www.instagram.com\/uni.lu\",\"https:\/\/www.youtube.com\/@uni_lu\",\"https:\/\/en.wikipedia.org\/wiki\/University_of_Luxembourg\"],\"email\":\"communication@uni.lu\",\"telephone\":\"+352 46 66 44 1\",\"address\":{\"@type\":\"PostalAddress\",\"streetAddress\":\"2, place de l\u2019Universit\u00e9\",\"addressLocality\":\"Esch-sur-Alzette\",\"postalCode\":\"4365\",\"addressCountry\":\"LU\"},\"description\":\"Universit\u00e9 du Luxembourg\"}]}<\/script>\n<!-- \/ Yoast SEO Premium plugin. -->","yoast_head_json":{"title":"Public History in der Lehre - Universit\u00e9 du Luxembourg","description":"Workshop veranstaltet von Prof. Dr. Andreas Fickers (Universit\u00e4t Luxemburg), Dr. Irmgard Z\u00fcndorf (ZZF Potsdam) in Kooperation mit der AG Angewandte Geschichte\/Public History.","robots":{"index":"index","follow":"follow","max-snippet":"max-snippet:-1","max-image-preview":"max-image-preview:large","max-video-preview":"max-video-preview:-1"},"canonical":"https:\/\/www.uni.lu\/fr\/events\/public-history-in-der-lehre\/","og_locale":"fr_FR","og_type":"article","og_title":"Public History in der Lehre","og_description":"Workshop veranstaltet von Prof. Dr. Andreas Fickers (Universit\u00e4t Luxemburg), Dr. Irmgard Z\u00fcndorf (ZZF Potsdam) in Kooperation mit der AG Angewandte Geschichte\/Public History.","og_url":"https:\/\/www.uni.lu\/fr\/events\/public-history-in-der-lehre\/","og_site_name":"UNI FR","article_publisher":"https:\/\/www.facebook.com\/uni.lu","og_image":[{"width":2560,"height":2560,"url":"https:\/\/www.uni.lu\/wp-content\/uploads\/sites\/11\/2026\/03\/03120045\/UNIV_SM-Profile_1600x1600px-scaled.jpg","type":"image\/jpeg"}],"twitter_card":"summary_large_image","twitter_misc":{"Dur\u00e9e de lecture estim\u00e9e":"2 minutes"},"schema":{"@context":"https:\/\/schema.org","@graph":[{"@type":"WebPage","@id":"https:\/\/www.uni.lu\/fr\/events\/public-history-in-der-lehre\/","url":"https:\/\/www.uni.lu\/fr\/events\/public-history-in-der-lehre\/","name":"Public History in der Lehre - Universit\u00e9 du Luxembourg","isPartOf":{"@id":"https:\/\/www.uni.lu\/fr\/#website"},"primaryImageOfPage":{"@id":"https:\/\/www.uni.lu\/fr\/events\/public-history-in-der-lehre\/#primaryimage"},"image":{"@id":"https:\/\/www.uni.lu\/fr\/events\/public-history-in-der-lehre\/#primaryimage"},"thumbnailUrl":"https:\/\/www.uni.lu\/wp-content\/uploads\/sites\/11\/2021\/09\/public_history_in_der_lehre.jpg","datePublished":"2021-09-14T08:14:58+00:00","dateModified":"2021-09-14T08:14:58+00:00","description":"Workshop veranstaltet von Prof. Dr. Andreas Fickers (Universit\u00e4t Luxemburg), Dr. Irmgard Z\u00fcndorf (ZZF Potsdam) in Kooperation mit der AG Angewandte Geschichte\/Public History.","breadcrumb":{"@id":"https:\/\/www.uni.lu\/fr\/events\/public-history-in-der-lehre\/#breadcrumb"},"inLanguage":"fr-FR","potentialAction":[{"@type":"ReadAction","target":["https:\/\/www.uni.lu\/fr\/events\/public-history-in-der-lehre\/"]}]},{"@type":"ImageObject","inLanguage":"fr-FR","@id":"https:\/\/www.uni.lu\/fr\/events\/public-history-in-der-lehre\/#primaryimage","url":"https:\/\/www.uni.lu\/wp-content\/uploads\/sites\/11\/2021\/09\/public_history_in_der_lehre.jpg","contentUrl":"https:\/\/www.uni.lu\/wp-content\/uploads\/sites\/11\/2021\/09\/public_history_in_der_lehre.jpg","width":800,"height":600},{"@type":"BreadcrumbList","@id":"https:\/\/www.uni.lu\/fr\/events\/public-history-in-der-lehre\/#breadcrumb","itemListElement":[{"@type":"ListItem","position":1,"name":"Home","item":"https:\/\/www.uni.lu\/fr\/"},{"@type":"ListItem","position":2,"name":"Events","item":"https:\/\/www.uni.lu\/fr\/events\/"},{"@type":"ListItem","position":3,"name":"Public History in der Lehre"}]},{"@type":"WebSite","@id":"https:\/\/www.uni.lu\/fr\/#website","url":"https:\/\/www.uni.lu\/fr\/","name":"Uni.lu","description":"Universit\u00e9 du Luxembourg","publisher":{"@id":"https:\/\/www.uni.lu\/fr\/#organization"},"alternateName":"Universit\u00e9 du Luxembourg","potentialAction":[{"@type":"SearchAction","target":{"@type":"EntryPoint","urlTemplate":"https:\/\/www.uni.lu\/fr\/?s={search_term_string}"},"query-input":"required name=search_term_string"}],"inLanguage":"fr-FR"},{"@type":"Organization","@id":"https:\/\/www.uni.lu\/fr\/#organization","name":"Universit\u00e9 du Luxembourg","alternateName":"Uni.lu","url":"https:\/\/www.uni.lu\/fr\/","logo":{"@type":"ImageObject","inLanguage":"fr-FR","@id":"https:\/\/www.uni.lu\/fr\/#\/schema\/logo\/image\/","url":"https:\/\/www.uni.lu\/wp-content\/uploads\/sites\/11\/2026\/03\/03120045\/UNIV_SM-Profile_1600x1600px-scaled.jpg","contentUrl":"https:\/\/www.uni.lu\/wp-content\/uploads\/sites\/11\/2026\/03\/03120045\/UNIV_SM-Profile_1600x1600px-scaled.jpg","width":2560,"height":2560,"caption":"Universit\u00e9 du Luxembourg"},"image":"https:\/\/www.uni.lu\/wp-content\/uploads\/sites\/11\/2026\/04\/24120552\/20200609-Belval-Campus_Henri-Goergen-23.jpg","sameAs":["https:\/\/www.facebook.com\/uni.lu","https:\/\/www.linkedin.com\/school\/university-of-luxembourg\/","https:\/\/www.instagram.com\/uni.lu","https:\/\/www.youtube.com\/@uni_lu","https:\/\/en.wikipedia.org\/wiki\/University_of_Luxembourg"],"email":"communication@uni.lu","telephone":"+352 46 66 44 1","address":{"@type":"PostalAddress","streetAddress":"2, place de l\u2019Universit\u00e9","addressLocality":"Esch-sur-Alzette","postalCode":"4365","addressCountry":"LU"},"description":"Universit\u00e9 du Luxembourg"}]}},"_links":{"self":[{"href":"https:\/\/www.uni.lu\/fr\/wp-json\/wp\/v2\/events\/8679"}],"collection":[{"href":"https:\/\/www.uni.lu\/fr\/wp-json\/wp\/v2\/events"}],"about":[{"href":"https:\/\/www.uni.lu\/fr\/wp-json\/wp\/v2\/types\/events"}],"replies":[{"embeddable":true,"href":"https:\/\/www.uni.lu\/fr\/wp-json\/wp\/v2\/comments?post=8679"}],"version-history":[{"count":0,"href":"https:\/\/www.uni.lu\/fr\/wp-json\/wp\/v2\/events\/8679\/revisions"}],"wp:featuredmedia":[{"embeddable":true,"href":"https:\/\/www.uni.lu\/fr\/wp-json\/wp\/v2\/media\/8680"}],"wp:attachment":[{"href":"https:\/\/www.uni.lu\/fr\/wp-json\/wp\/v2\/media?parent=8679"}],"wp:term":[{"taxonomy":"events-topic","embeddable":true,"href":"https:\/\/www.uni.lu\/fr\/wp-json\/wp\/v2\/events-topic?post=8679"},{"taxonomy":"events-type","embeddable":true,"href":"https:\/\/www.uni.lu\/fr\/wp-json\/wp\/v2\/events-type?post=8679"},{"taxonomy":"organisation","embeddable":true,"href":"https:\/\/www.uni.lu\/fr\/wp-json\/wp\/v2\/organisation?post=8679"}],"curies":[{"name":"wp","href":"https:\/\/api.w.org\/{rel}","templated":true}]}}