{"id":8634,"date":"2021-06-11T09:44:58","date_gmt":"2021-06-11T07:44:58","guid":{"rendered":"https:\/\/www.uni.lu\/fr\/events\/ronndeschgespreich-wei-e-stellewaert-huet-dletzebuerger-geschicht-an-der-fuerschung-an-der-schoul-an-der-effentlechkeet\/"},"modified":"2021-06-11T09:44:58","modified_gmt":"2021-06-11T07:44:58","slug":"ronndeschgespreich-wei-e-stellewaert-huet-dletzebuerger-geschicht-an-der-fuerschung-an-der-schoul-an-der-effentlechkeet","status":"publish","type":"events","link":"https:\/\/www.uni.lu\/fr\/events\/ronndeschgespreich-wei-e-stellewaert-huet-dletzebuerger-geschicht-an-der-fuerschung-an-der-schoul-an-der-effentlechkeet\/","title":{"rendered":"Ronnd\u00ebschgespr\u00e9ich: W\u00e9i e Stellew\u00e4ert huet d\u2019L\u00ebtzebuerger Geschicht an der Fuerschung, an der Schoul, an der \u00cbffentlechkeet?"},"content":{"rendered":"<section class=\"wp-block-unilux-blocks-free-section section\"><div class=\"container xl:max-w-screen-xl\"><p>Obwuel d\u2019L\u00ebtzebuerger Geschicht eng wichteg Roll spillt am politeschen Alldag (Joresdeeg a Commemoratiounen), steet d\u2019Fro am Raum, w\u00e9i et \u00ebm d\u2019Kenntnisser vun der L\u00ebtzebuerger Geschicht bestallt ass.\u00a0W\u00e9i ee Stellew\u00e4ert huet d\u00ebs Geschicht an engem Land, wou ee Groussdeel vun de Sch\u00fcler keng L\u00ebtzebuerger Wuerzelen hunn. W\u00e9i ee Gewiicht a w\u00e9i eng Form soll d\u2019Verm\u00ebttlung vun der L\u00ebtzebuerger Geschicht an der Zukunft hunn?<\/p><p>En Ustouss fir des Table ronde sinn \u00ebnnert anerem zwee Artikelen am Forum (414-415 [2021]). Un der Diskussioun si Vertrieder aus der Fuerschung, aus dem Lyc\u00e9e an eng Studentin bedeelegt.<\/p><p>\u00cbm den D\u00ebsch s\u00ebtzen:<\/p><ul class=\"ulux-list\"><li class=\"ulux-list-item\">Sonja Kmec, associ\u00e9iert Professesch fir europ\u00e4esch Geschicht a Kulturstudien vum 16. bis 20. Joerhonnert, uni.lu<\/li><li class=\"ulux-list-item\">Michel Pauly, emerit\u00e9ierte Professer fir M\u00ebttelalter- an transnational L\u00ebtzebuerger Geschicht, uni.lu<\/li><li class=\"ulux-list-item\">Aur\u00e9lie Thines, Geschichtsstudentin op der Universit\u00e9 de Montr\u00e9al am Canada<\/li><li class=\"ulux-list-item\">Fran\u00e7oise Flesch, Geschichtsenseignante am Lyc\u00e9e du Nord<\/li><\/ul><p>D\u2019Moderatioun\u00a0g\u00ebtt gemaach vum Historiker\u00a0Pit P\u00e9port\u00e9 (<i>Historical Consulting<\/i>).<\/p><p>Organis\u00e9iert vun der ALEH zesumme mat der Nationalbiblioth\u00e9ik<\/p><p>D\u2019<strong>Reservatioun<\/strong>\u00a0ass obligatoresch, via\u00a0<strong><a href=\"mailto:reservation@bnl.etat.lu\" target=\"_self\" title=\"\" rel=\"noopener\">reservation@bnl.etat.lu<\/a><\/strong><\/p><\/div><\/section>","protected":false},"excerpt":{"rendered":"","protected":false},"author":0,"featured_media":8635,"parent":0,"menu_order":0,"comment_status":"open","ping_status":"closed","template":"","format":"standard","meta":{"featured_image_focal_point":[],"show_featured_caption":false,"ulux_newsletter_groups":"","uluxPostTitle":"","uluxPrePostTitle":"","_trash_the_other_posts":false,"_price":"","_stock":"","_tribe_ticket_header":"","_tribe_default_ticket_provider":"","_tribe_ticket_capacity":"0","_ticket_start_date":"","_ticket_end_date":"","_tribe_ticket_show_description":"","_tribe_ticket_show_not_going":false,"_tribe_ticket_use_global_stock":"","_tribe_ticket_global_stock_level":"","_global_stock_mode":"","_global_stock_cap":"","_tribe_rsvp_for_event":"","_tribe_ticket_going_count":"","_tribe_ticket_not_going_count":"","_tribe_tickets_list":"[]","_tribe_ticket_has_attendee_info_fields":false,"event_start_date":"2021-06-21 19:00:00","event_end_date":"2021-06-21 20:30:00","event_speaker_name":"","event_speaker_link":"","event_is_online":false,"event_location":"Nationalbiblioth\u00e9ik (BNL)","event_street":"37D, Avenue John F. Kennedy","event_location_link":"","event_zip_code":"1855","event_city":"Kirchberg","event_country":"LU"},"events-topic":[312],"events-type":[],"organisation":[171,147,174,226],"authorship":[],"acf":[],"yoast_head":"<!-- This site is optimized with the Yoast SEO Premium plugin v22.3 (Yoast SEO v22.3) - https:\/\/yoast.com\/wordpress\/plugins\/seo\/ -->\n<title>Ronnd\u00ebschgespr\u00e9ich: W\u00e9i e Stellew\u00e4ert huet d\u2019L\u00ebtzebuerger Geschicht an der Fuerschung, an der Schoul, an der \u00cbffentlechkeet? - Universit\u00e9 du Luxembourg<\/title>\n<meta name=\"description\" content=\"Obwuel d\u2019L\u00ebtzebuerger Geschicht eng wichteg Roll spillt am politeschen Alldag (Joresdeeg a Commemoratiounen), steet d\u2019Fro am Raum, w\u00e9i et \u00ebm d\u2019Kenntnisser\" \/>\n<meta name=\"robots\" content=\"index, follow, max-snippet:-1, max-image-preview:large, max-video-preview:-1\" \/>\n<link rel=\"canonical\" href=\"https:\/\/www.uni.lu\/fr\/events\/ronndeschgespreich-wei-e-stellewaert-huet-dletzebuerger-geschicht-an-der-fuerschung-an-der-schoul-an-der-effentlechkeet\/\" \/>\n<meta property=\"og:locale\" content=\"fr_FR\" \/>\n<meta property=\"og:type\" content=\"article\" \/>\n<meta property=\"og:title\" content=\"Ronnd\u00ebschgespr\u00e9ich: W\u00e9i e Stellew\u00e4ert huet d\u2019L\u00ebtzebuerger Geschicht an der Fuerschung, an der Schoul, an der \u00cbffentlechkeet?\" \/>\n<meta property=\"og:description\" content=\"Obwuel d\u2019L\u00ebtzebuerger Geschicht eng wichteg Roll spillt am politeschen Alldag (Joresdeeg a Commemoratiounen), steet d\u2019Fro am Raum, w\u00e9i et \u00ebm d\u2019Kenntnisser\" \/>\n<meta property=\"og:url\" content=\"https:\/\/www.uni.lu\/fr\/events\/ronndeschgespreich-wei-e-stellewaert-huet-dletzebuerger-geschicht-an-der-fuerschung-an-der-schoul-an-der-effentlechkeet\/\" \/>\n<meta property=\"og:site_name\" content=\"UNI FR\" \/>\n<meta property=\"article:publisher\" content=\"https:\/\/www.facebook.com\/uni.lu\" \/>\n<meta property=\"og:image\" content=\"https:\/\/www.uni.lu\/wp-content\/uploads\/sites\/11\/2026\/03\/03120045\/UNIV_SM-Profile_1600x1600px-scaled.jpg\" \/>\n\t<meta property=\"og:image:width\" content=\"2560\" \/>\n\t<meta property=\"og:image:height\" content=\"2560\" \/>\n\t<meta property=\"og:image:type\" content=\"image\/jpeg\" \/>\n<meta name=\"twitter:card\" content=\"summary_large_image\" \/>\n<meta name=\"twitter:label1\" content=\"Dur\u00e9e de lecture estim\u00e9e\" \/>\n\t<meta name=\"twitter:data1\" content=\"1 minute\" \/>\n<script type=\"application\/ld+json\" class=\"yoast-schema-graph\">{\"@context\":\"https:\/\/schema.org\",\"@graph\":[{\"@type\":\"WebPage\",\"@id\":\"https:\/\/www.uni.lu\/fr\/events\/ronndeschgespreich-wei-e-stellewaert-huet-dletzebuerger-geschicht-an-der-fuerschung-an-der-schoul-an-der-effentlechkeet\/\",\"url\":\"https:\/\/www.uni.lu\/fr\/events\/ronndeschgespreich-wei-e-stellewaert-huet-dletzebuerger-geschicht-an-der-fuerschung-an-der-schoul-an-der-effentlechkeet\/\",\"name\":\"Ronnd\u00ebschgespr\u00e9ich: W\u00e9i e Stellew\u00e4ert huet d\u2019L\u00ebtzebuerger Geschicht an der Fuerschung, an der Schoul, an der \u00cbffentlechkeet? - Universit\u00e9 du Luxembourg\",\"isPartOf\":{\"@id\":\"https:\/\/www.uni.lu\/fr\/#website\"},\"primaryImageOfPage\":{\"@id\":\"https:\/\/www.uni.lu\/fr\/events\/ronndeschgespreich-wei-e-stellewaert-huet-dletzebuerger-geschicht-an-der-fuerschung-an-der-schoul-an-der-effentlechkeet\/#primaryimage\"},\"image\":{\"@id\":\"https:\/\/www.uni.lu\/fr\/events\/ronndeschgespreich-wei-e-stellewaert-huet-dletzebuerger-geschicht-an-der-fuerschung-an-der-schoul-an-der-effentlechkeet\/#primaryimage\"},\"thumbnailUrl\":\"https:\/\/www.uni.lu\/wp-content\/uploads\/sites\/11\/2021\/06\/ronndeschgespreich_wei_e_stellewaeert_huet_d_letzebuerger_geschicht_an_der_fuerschung_an_der_schoul_an_der_effentlechkeet.jpg\",\"datePublished\":\"2021-06-11T07:44:58+00:00\",\"dateModified\":\"2021-06-11T07:44:58+00:00\",\"description\":\"Obwuel d\u2019L\u00ebtzebuerger Geschicht eng wichteg Roll spillt am politeschen Alldag (Joresdeeg a Commemoratiounen), steet d\u2019Fro am Raum, w\u00e9i et \u00ebm d\u2019Kenntnisser\",\"breadcrumb\":{\"@id\":\"https:\/\/www.uni.lu\/fr\/events\/ronndeschgespreich-wei-e-stellewaert-huet-dletzebuerger-geschicht-an-der-fuerschung-an-der-schoul-an-der-effentlechkeet\/#breadcrumb\"},\"inLanguage\":\"fr-FR\",\"potentialAction\":[{\"@type\":\"ReadAction\",\"target\":[\"https:\/\/www.uni.lu\/fr\/events\/ronndeschgespreich-wei-e-stellewaert-huet-dletzebuerger-geschicht-an-der-fuerschung-an-der-schoul-an-der-effentlechkeet\/\"]}]},{\"@type\":\"ImageObject\",\"inLanguage\":\"fr-FR\",\"@id\":\"https:\/\/www.uni.lu\/fr\/events\/ronndeschgespreich-wei-e-stellewaert-huet-dletzebuerger-geschicht-an-der-fuerschung-an-der-schoul-an-der-effentlechkeet\/#primaryimage\",\"url\":\"https:\/\/www.uni.lu\/wp-content\/uploads\/sites\/11\/2021\/06\/ronndeschgespreich_wei_e_stellewaeert_huet_d_letzebuerger_geschicht_an_der_fuerschung_an_der_schoul_an_der_effentlechkeet.jpg\",\"contentUrl\":\"https:\/\/www.uni.lu\/wp-content\/uploads\/sites\/11\/2021\/06\/ronndeschgespreich_wei_e_stellewaeert_huet_d_letzebuerger_geschicht_an_der_fuerschung_an_der_schoul_an_der_effentlechkeet.jpg\",\"width\":899,\"height\":899},{\"@type\":\"BreadcrumbList\",\"@id\":\"https:\/\/www.uni.lu\/fr\/events\/ronndeschgespreich-wei-e-stellewaert-huet-dletzebuerger-geschicht-an-der-fuerschung-an-der-schoul-an-der-effentlechkeet\/#breadcrumb\",\"itemListElement\":[{\"@type\":\"ListItem\",\"position\":1,\"name\":\"Home\",\"item\":\"https:\/\/www.uni.lu\/fr\/\"},{\"@type\":\"ListItem\",\"position\":2,\"name\":\"Events\",\"item\":\"https:\/\/www.uni.lu\/fr\/events\/\"},{\"@type\":\"ListItem\",\"position\":3,\"name\":\"Ronnd\u00ebschgespr\u00e9ich: W\u00e9i e Stellew\u00e4ert huet d\u2019L\u00ebtzebuerger Geschicht an der Fuerschung, an der Schoul, an der \u00cbffentlechkeet?\"}]},{\"@type\":\"WebSite\",\"@id\":\"https:\/\/www.uni.lu\/fr\/#website\",\"url\":\"https:\/\/www.uni.lu\/fr\/\",\"name\":\"Uni.lu\",\"description\":\"Universit\u00e9 du Luxembourg\",\"publisher\":{\"@id\":\"https:\/\/www.uni.lu\/fr\/#organization\"},\"alternateName\":\"Universit\u00e9 du Luxembourg\",\"potentialAction\":[{\"@type\":\"SearchAction\",\"target\":{\"@type\":\"EntryPoint\",\"urlTemplate\":\"https:\/\/www.uni.lu\/fr\/?s={search_term_string}\"},\"query-input\":\"required name=search_term_string\"}],\"inLanguage\":\"fr-FR\"},{\"@type\":\"Organization\",\"@id\":\"https:\/\/www.uni.lu\/fr\/#organization\",\"name\":\"Universit\u00e9 du Luxembourg\",\"alternateName\":\"Uni.lu\",\"url\":\"https:\/\/www.uni.lu\/fr\/\",\"logo\":{\"@type\":\"ImageObject\",\"inLanguage\":\"fr-FR\",\"@id\":\"https:\/\/www.uni.lu\/fr\/#\/schema\/logo\/image\/\",\"url\":\"https:\/\/www.uni.lu\/wp-content\/uploads\/sites\/11\/2026\/03\/03120045\/UNIV_SM-Profile_1600x1600px-scaled.jpg\",\"contentUrl\":\"https:\/\/www.uni.lu\/wp-content\/uploads\/sites\/11\/2026\/03\/03120045\/UNIV_SM-Profile_1600x1600px-scaled.jpg\",\"width\":2560,\"height\":2560,\"caption\":\"Universit\u00e9 du Luxembourg\"},\"image\":\"https:\/\/www.uni.lu\/wp-content\/uploads\/sites\/11\/2026\/04\/24120552\/20200609-Belval-Campus_Henri-Goergen-23.jpg\",\"sameAs\":[\"https:\/\/www.facebook.com\/uni.lu\",\"https:\/\/www.linkedin.com\/school\/university-of-luxembourg\/\",\"https:\/\/www.instagram.com\/uni.lu\",\"https:\/\/www.youtube.com\/@uni_lu\",\"https:\/\/en.wikipedia.org\/wiki\/University_of_Luxembourg\"],\"email\":\"communication@uni.lu\",\"telephone\":\"+352 46 66 44 1\",\"address\":{\"@type\":\"PostalAddress\",\"streetAddress\":\"2, place de l\u2019Universit\u00e9\",\"addressLocality\":\"Esch-sur-Alzette\",\"postalCode\":\"4365\",\"addressCountry\":\"LU\"},\"description\":\"Universit\u00e9 du Luxembourg\"}]}<\/script>\n<!-- \/ Yoast SEO Premium plugin. -->","yoast_head_json":{"title":"Ronnd\u00ebschgespr\u00e9ich: W\u00e9i e Stellew\u00e4ert huet d\u2019L\u00ebtzebuerger Geschicht an der Fuerschung, an der Schoul, an der \u00cbffentlechkeet? - Universit\u00e9 du Luxembourg","description":"Obwuel d\u2019L\u00ebtzebuerger Geschicht eng wichteg Roll spillt am politeschen Alldag (Joresdeeg a Commemoratiounen), steet d\u2019Fro am Raum, w\u00e9i et \u00ebm d\u2019Kenntnisser","robots":{"index":"index","follow":"follow","max-snippet":"max-snippet:-1","max-image-preview":"max-image-preview:large","max-video-preview":"max-video-preview:-1"},"canonical":"https:\/\/www.uni.lu\/fr\/events\/ronndeschgespreich-wei-e-stellewaert-huet-dletzebuerger-geschicht-an-der-fuerschung-an-der-schoul-an-der-effentlechkeet\/","og_locale":"fr_FR","og_type":"article","og_title":"Ronnd\u00ebschgespr\u00e9ich: W\u00e9i e Stellew\u00e4ert huet d\u2019L\u00ebtzebuerger Geschicht an der Fuerschung, an der Schoul, an der \u00cbffentlechkeet?","og_description":"Obwuel d\u2019L\u00ebtzebuerger Geschicht eng wichteg Roll spillt am politeschen Alldag (Joresdeeg a Commemoratiounen), steet d\u2019Fro am Raum, w\u00e9i et \u00ebm d\u2019Kenntnisser","og_url":"https:\/\/www.uni.lu\/fr\/events\/ronndeschgespreich-wei-e-stellewaert-huet-dletzebuerger-geschicht-an-der-fuerschung-an-der-schoul-an-der-effentlechkeet\/","og_site_name":"UNI FR","article_publisher":"https:\/\/www.facebook.com\/uni.lu","og_image":[{"width":2560,"height":2560,"url":"https:\/\/www.uni.lu\/wp-content\/uploads\/sites\/11\/2026\/03\/03120045\/UNIV_SM-Profile_1600x1600px-scaled.jpg","type":"image\/jpeg"}],"twitter_card":"summary_large_image","twitter_misc":{"Dur\u00e9e de lecture estim\u00e9e":"1 minute"},"schema":{"@context":"https:\/\/schema.org","@graph":[{"@type":"WebPage","@id":"https:\/\/www.uni.lu\/fr\/events\/ronndeschgespreich-wei-e-stellewaert-huet-dletzebuerger-geschicht-an-der-fuerschung-an-der-schoul-an-der-effentlechkeet\/","url":"https:\/\/www.uni.lu\/fr\/events\/ronndeschgespreich-wei-e-stellewaert-huet-dletzebuerger-geschicht-an-der-fuerschung-an-der-schoul-an-der-effentlechkeet\/","name":"Ronnd\u00ebschgespr\u00e9ich: W\u00e9i e Stellew\u00e4ert huet d\u2019L\u00ebtzebuerger Geschicht an der Fuerschung, an der Schoul, an der \u00cbffentlechkeet? - Universit\u00e9 du Luxembourg","isPartOf":{"@id":"https:\/\/www.uni.lu\/fr\/#website"},"primaryImageOfPage":{"@id":"https:\/\/www.uni.lu\/fr\/events\/ronndeschgespreich-wei-e-stellewaert-huet-dletzebuerger-geschicht-an-der-fuerschung-an-der-schoul-an-der-effentlechkeet\/#primaryimage"},"image":{"@id":"https:\/\/www.uni.lu\/fr\/events\/ronndeschgespreich-wei-e-stellewaert-huet-dletzebuerger-geschicht-an-der-fuerschung-an-der-schoul-an-der-effentlechkeet\/#primaryimage"},"thumbnailUrl":"https:\/\/www.uni.lu\/wp-content\/uploads\/sites\/11\/2021\/06\/ronndeschgespreich_wei_e_stellewaeert_huet_d_letzebuerger_geschicht_an_der_fuerschung_an_der_schoul_an_der_effentlechkeet.jpg","datePublished":"2021-06-11T07:44:58+00:00","dateModified":"2021-06-11T07:44:58+00:00","description":"Obwuel d\u2019L\u00ebtzebuerger Geschicht eng wichteg Roll spillt am politeschen Alldag (Joresdeeg a Commemoratiounen), steet d\u2019Fro am Raum, w\u00e9i et \u00ebm d\u2019Kenntnisser","breadcrumb":{"@id":"https:\/\/www.uni.lu\/fr\/events\/ronndeschgespreich-wei-e-stellewaert-huet-dletzebuerger-geschicht-an-der-fuerschung-an-der-schoul-an-der-effentlechkeet\/#breadcrumb"},"inLanguage":"fr-FR","potentialAction":[{"@type":"ReadAction","target":["https:\/\/www.uni.lu\/fr\/events\/ronndeschgespreich-wei-e-stellewaert-huet-dletzebuerger-geschicht-an-der-fuerschung-an-der-schoul-an-der-effentlechkeet\/"]}]},{"@type":"ImageObject","inLanguage":"fr-FR","@id":"https:\/\/www.uni.lu\/fr\/events\/ronndeschgespreich-wei-e-stellewaert-huet-dletzebuerger-geschicht-an-der-fuerschung-an-der-schoul-an-der-effentlechkeet\/#primaryimage","url":"https:\/\/www.uni.lu\/wp-content\/uploads\/sites\/11\/2021\/06\/ronndeschgespreich_wei_e_stellewaeert_huet_d_letzebuerger_geschicht_an_der_fuerschung_an_der_schoul_an_der_effentlechkeet.jpg","contentUrl":"https:\/\/www.uni.lu\/wp-content\/uploads\/sites\/11\/2021\/06\/ronndeschgespreich_wei_e_stellewaeert_huet_d_letzebuerger_geschicht_an_der_fuerschung_an_der_schoul_an_der_effentlechkeet.jpg","width":899,"height":899},{"@type":"BreadcrumbList","@id":"https:\/\/www.uni.lu\/fr\/events\/ronndeschgespreich-wei-e-stellewaert-huet-dletzebuerger-geschicht-an-der-fuerschung-an-der-schoul-an-der-effentlechkeet\/#breadcrumb","itemListElement":[{"@type":"ListItem","position":1,"name":"Home","item":"https:\/\/www.uni.lu\/fr\/"},{"@type":"ListItem","position":2,"name":"Events","item":"https:\/\/www.uni.lu\/fr\/events\/"},{"@type":"ListItem","position":3,"name":"Ronnd\u00ebschgespr\u00e9ich: W\u00e9i e Stellew\u00e4ert huet d\u2019L\u00ebtzebuerger Geschicht an der Fuerschung, an der Schoul, an der \u00cbffentlechkeet?"}]},{"@type":"WebSite","@id":"https:\/\/www.uni.lu\/fr\/#website","url":"https:\/\/www.uni.lu\/fr\/","name":"Uni.lu","description":"Universit\u00e9 du Luxembourg","publisher":{"@id":"https:\/\/www.uni.lu\/fr\/#organization"},"alternateName":"Universit\u00e9 du Luxembourg","potentialAction":[{"@type":"SearchAction","target":{"@type":"EntryPoint","urlTemplate":"https:\/\/www.uni.lu\/fr\/?s={search_term_string}"},"query-input":"required name=search_term_string"}],"inLanguage":"fr-FR"},{"@type":"Organization","@id":"https:\/\/www.uni.lu\/fr\/#organization","name":"Universit\u00e9 du Luxembourg","alternateName":"Uni.lu","url":"https:\/\/www.uni.lu\/fr\/","logo":{"@type":"ImageObject","inLanguage":"fr-FR","@id":"https:\/\/www.uni.lu\/fr\/#\/schema\/logo\/image\/","url":"https:\/\/www.uni.lu\/wp-content\/uploads\/sites\/11\/2026\/03\/03120045\/UNIV_SM-Profile_1600x1600px-scaled.jpg","contentUrl":"https:\/\/www.uni.lu\/wp-content\/uploads\/sites\/11\/2026\/03\/03120045\/UNIV_SM-Profile_1600x1600px-scaled.jpg","width":2560,"height":2560,"caption":"Universit\u00e9 du Luxembourg"},"image":"https:\/\/www.uni.lu\/wp-content\/uploads\/sites\/11\/2026\/04\/24120552\/20200609-Belval-Campus_Henri-Goergen-23.jpg","sameAs":["https:\/\/www.facebook.com\/uni.lu","https:\/\/www.linkedin.com\/school\/university-of-luxembourg\/","https:\/\/www.instagram.com\/uni.lu","https:\/\/www.youtube.com\/@uni_lu","https:\/\/en.wikipedia.org\/wiki\/University_of_Luxembourg"],"email":"communication@uni.lu","telephone":"+352 46 66 44 1","address":{"@type":"PostalAddress","streetAddress":"2, place de l\u2019Universit\u00e9","addressLocality":"Esch-sur-Alzette","postalCode":"4365","addressCountry":"LU"},"description":"Universit\u00e9 du Luxembourg"}]}},"_links":{"self":[{"href":"https:\/\/www.uni.lu\/fr\/wp-json\/wp\/v2\/events\/8634"}],"collection":[{"href":"https:\/\/www.uni.lu\/fr\/wp-json\/wp\/v2\/events"}],"about":[{"href":"https:\/\/www.uni.lu\/fr\/wp-json\/wp\/v2\/types\/events"}],"replies":[{"embeddable":true,"href":"https:\/\/www.uni.lu\/fr\/wp-json\/wp\/v2\/comments?post=8634"}],"version-history":[{"count":0,"href":"https:\/\/www.uni.lu\/fr\/wp-json\/wp\/v2\/events\/8634\/revisions"}],"wp:featuredmedia":[{"embeddable":true,"href":"https:\/\/www.uni.lu\/fr\/wp-json\/wp\/v2\/media\/8635"}],"wp:attachment":[{"href":"https:\/\/www.uni.lu\/fr\/wp-json\/wp\/v2\/media?parent=8634"}],"wp:term":[{"taxonomy":"events-topic","embeddable":true,"href":"https:\/\/www.uni.lu\/fr\/wp-json\/wp\/v2\/events-topic?post=8634"},{"taxonomy":"events-type","embeddable":true,"href":"https:\/\/www.uni.lu\/fr\/wp-json\/wp\/v2\/events-type?post=8634"},{"taxonomy":"organisation","embeddable":true,"href":"https:\/\/www.uni.lu\/fr\/wp-json\/wp\/v2\/organisation?post=8634"}],"curies":[{"name":"wp","href":"https:\/\/api.w.org\/{rel}","templated":true}]}}