{"id":8594,"date":"2021-05-17T09:46:41","date_gmt":"2021-05-17T07:46:41","guid":{"rendered":"https:\/\/www.uni.lu\/fr\/events\/le-gouvernement-luxembourgeois-en-exil-et-la-decouverte-du-concept-de-democratie\/"},"modified":"2021-05-17T09:46:41","modified_gmt":"2021-05-17T07:46:41","slug":"le-gouvernement-luxembourgeois-en-exil-et-la-decouverte-du-concept-de-democratie","status":"publish","type":"events","link":"https:\/\/www.uni.lu\/fr\/events\/le-gouvernement-luxembourgeois-en-exil-et-la-decouverte-du-concept-de-democratie\/","title":{"rendered":"Le gouvernement luxembourgeois en exil et la d\u00e9couverte du concept de d\u00e9mocratie"},"content":{"rendered":"<section class=\"wp-block-unilux-blocks-free-section section\"><div class=\"container xl:max-w-screen-xl\"><p>Dans son livre \u00ab Luxemburgs Exilregierung und die Entdeckung des Demokratiebegriffs \u00bb (\u00ab Le gouvernement luxembourgeois en exil et la d\u00e9couverte du concept de d\u00e9mocratie \u00bb), qui sera publi\u00e9 en juin 2021 dans le cadre d\u2019une coop\u00e9ration entre capybarabooks et Editions forum, <a href=\"https:\/\/www.ipw.lu\/andre-linden\/\" target=\"_self\" title=\"\" rel=\"noopener\">Andr\u00e9 Linden<\/a> montre l\u2019\u00e9mergence progressive du concept de \u00ab\u00a0d\u00e9mocratie\u00a0\u00bb comme valeur directrice dans les d\u00e9clarations du gouvernement luxembourgeois en exil pendant la Seconde Guerre mondiale.<\/p><p>Au d\u00e9but, apr\u00e8s l\u2019invasion des troupes nazies au Luxembourg, ce sont d\u2019autres valeurs directrices auxquelles le gouvernement en exil se r\u00e9f\u00e9rait dans ses prises de position : Il s\u2019agissait de libert\u00e9, d\u2019ind\u00e9pendance, de souverainet\u00e9 nationale \u2013 il ne s\u2019agissait pas de d\u00e9mocratie. Toutefois, au cours de l\u2019ann\u00e9e 1941, les liens avec les Alli\u00e9s ont permis au terme \u00ab\u00a0d\u00e9mocratie\u00a0\u00bb de s\u2019imposer progressivement. Dans l\u2019esprit de la Charte de l\u2019Atlantique, qui pr\u00e9tendait s\u2019appliquer \u00ab \u00e0 tous les peuples du monde \u00bb, les r\u00e9alisations sociopolitiques de la p\u00e9riode de l\u2019entre-deux-guerres au Luxembourg ont \u00e9t\u00e9 utilis\u00e9es comme preuve d\u2019une tradition d\u00e9mocratique. En ce qui concerne l\u2019ordre d\u2019apr\u00e8s-guerre, le droit du Luxembourg \u00e0 exister et l\u2019\u00e9galit\u00e9 d\u00e9mocratique des petits \u00c9tats ont \u00e9t\u00e9 soulign\u00e9s. La comparaison de la Grande-Duchesse Charlotte en tant que dirigeante d\u00e9mocratique avec la princesse Ermesinde du Moyen-\u00c2ge avait \u00e9galement pour but de donner une profondeur historique au r\u00e9cit de la d\u00e9mocratie luxembourgeoise.<\/p><p>Dans son livre riche de sources, l\u2019auteur montre comment le gouvernement en exil a d\u00e9couvert le concept de d\u00e9mocratie en tant que cat\u00e9gorie efficace pour l\u2019affirmation de soi de la propagande luxembourgeoise. L\u2019exil est ainsi devenu un lieu d\u2019apprentissage de la d\u00e9mocratie. Andr\u00e9 Linden pr\u00e9sentera son livre en conversant avec l\u2019historienne <a href=\"https:\/\/www.ipw.lu\/sonja-kmec\/\" target=\"_self\" title=\"\" rel=\"noopener\">Sonja Kmec<\/a>.<\/p><p><strong>Organis\u00e9 par l\u2019Institut Pierre Werner en coop\u00e9ration avec capybarabooks et Editions forum<\/strong><\/p><p>Avec le soutien de la Fondation CANDIDA (sous l\u2019\u00e9gide de la Fondation de Luxembourg<\/p><p>Pri\u00e8re de r\u00e9server par mail : <a href=\"mailto:billetterie@neimenster.lu\" target=\"_self\" title=\"\" rel=\"noopener\">billetterie@neimenster.lu<\/a> ou par t\u00e9l\u00e9phone : +352\u00a0 26 20 52 444<\/p><p>Le port du masque est obligatoire pendant toute la dur\u00e9e de l\u2019\u00e9v\u00e9nement.<\/p><\/div><\/section>","protected":false},"excerpt":{"rendered":"<p>Dans son livre \u00ab Luxemburgs Exilregierung und die Entdeckung des Demokratiebegriffs \u00bb (\u00ab Le gouvernement luxembourgeois en exil et la d\u00e9couverte du concept de d\u00e9mocratie \u00bb), qui sera publi\u00e9 en juin 2021 dans le cadre d\u2019une coop\u00e9ration entre capybarabooks et Editions forum, Andr\u00e9 Linden montre l\u2019\u00e9mergence progressive du concept de \u00ab\u00a0d\u00e9mocratie\u00a0\u00bb comme valeur directrice dans les d\u00e9clarations du gouvernement luxembourgeois en exil pendant la Seconde Guerre mondiale.Au d\u00e9but, apr\u00e8s l\u2019invasion des troupes nazies au Luxembourg, ce sont d\u2019autres valeurs directrices auxquelles le gouvernement en exil se r\u00e9f\u00e9rait dans ses prises de position : Il s\u2019agissait de libert\u00e9, d\u2019ind\u00e9pendance, de souverainet\u00e9 nationale \u2013 il ne s\u2019agissait pas de d\u00e9mocratie. Toutefois, au cours de l\u2019ann\u00e9e 1941, les liens avec les Alli\u00e9s ont permis au terme \u00ab\u00a0d\u00e9mocratie\u00a0\u00bb de s\u2019imposer progressivement. Dans l\u2019esprit de la Charte de l\u2019Atlantique, qui pr\u00e9tendait s\u2019appliquer \u00ab \u00e0 tous les peuples du monde \u00bb, les r\u00e9alisations sociopolitiques de la p\u00e9riode de l\u2019entre-deux-guerres au Luxembourg ont \u00e9t\u00e9 utilis\u00e9es comme preuve d\u2019une tradition d\u00e9mocratique. En ce qui concerne l\u2019ordre d\u2019apr\u00e8s-guerre, le droit du Luxembourg \u00e0 exister et l\u2019\u00e9galit\u00e9 d\u00e9mocratique des petits \u00c9tats ont \u00e9t\u00e9 soulign\u00e9s. La comparaison de la Grande-Duchesse Charlotte en tant que dirigeante d\u00e9mocratique avec la princesse Ermesinde du Moyen-\u00c2ge avait \u00e9galement pour but de donner une profondeur historique au r\u00e9cit de la d\u00e9mocratie luxembourgeoise.Dans son livre riche de sources, l\u2019auteur montre comment le gouvernement en exil a d\u00e9couvert le concept de d\u00e9mocratie en tant que cat\u00e9gorie efficace pour l\u2019affirmation de soi de la propagande luxembourgeoise. L\u2019exil est ainsi devenu un lieu d\u2019apprentissage de la d\u00e9mocratie. Andr\u00e9 Linden pr\u00e9sentera son livre en conversant avec l\u2019historienne Sonja Kmec.Organis\u00e9 par l\u2019Institut Pierre Werner en coop\u00e9ration avec capybarabooks et Editions forumAvec le soutien de la Fondation CANDIDA (sous l\u2019\u00e9gide de la Fondation de LuxembourgPri\u00e8re de r\u00e9server par mail : billetterie@neimenster.lu ou par t\u00e9l\u00e9phone : +352\u00a0 26 20 52 444Le port du masque est obligatoire pendant toute la dur\u00e9e de l\u2019\u00e9v\u00e9nement.<\/p>\n","protected":false},"author":0,"featured_media":8595,"parent":0,"menu_order":0,"comment_status":"open","ping_status":"closed","template":"","format":"standard","meta":{"featured_image_focal_point":[],"show_featured_caption":false,"ulux_newsletter_groups":"","uluxPostTitle":"","uluxPrePostTitle":"","_trash_the_other_posts":false,"_price":"","_stock":"","_tribe_ticket_header":"","_tribe_default_ticket_provider":"","_tribe_ticket_capacity":"0","_ticket_start_date":"","_ticket_end_date":"","_tribe_ticket_show_description":"","_tribe_ticket_show_not_going":false,"_tribe_ticket_use_global_stock":"","_tribe_ticket_global_stock_level":"","_global_stock_mode":"","_global_stock_cap":"","_tribe_rsvp_for_event":"","_tribe_ticket_going_count":"","_tribe_ticket_not_going_count":"","_tribe_tickets_list":"[]","_tribe_ticket_has_attendee_info_fields":false,"event_start_date":"2021-06-01 19:00:00","event_end_date":"2021-06-01 21:00:00","event_speaker_name":"Entretien avec Andr\u00e9 Linden et Sonja Kmec","event_speaker_link":"","event_is_online":false,"event_location":"Abbaye Neum\u00fcnster","event_street":"","event_location_link":"","event_zip_code":"","event_city":"Luxembourg","event_country":"LU"},"events-topic":[312],"events-type":[],"organisation":[171,147,174,226],"authorship":[],"acf":[],"yoast_head":"<!-- This site is optimized with the Yoast SEO Premium plugin v22.3 (Yoast SEO v22.3) - https:\/\/yoast.com\/wordpress\/plugins\/seo\/ -->\n<title>Le gouvernement luxembourgeois en exil et la d\u00e9couverte du concept de d\u00e9mocratie - Universit\u00e9 du Luxembourg<\/title>\n<meta name=\"description\" content=\"Dans son livre \u00ab Luxemburgs Exilregierung und die Entdeckung des Demokratiebegriffs \u00bb (\u00ab Le gouvernement luxembourgeois en exil et la d\u00e9couverte du concept de d\u00e9mocratie \u00bb), qui sera publi\u00e9 en juin 2021 dans le cadre d\u2019une coop\u00e9ration entre capybarabooks et Editions forum, Andr\u00e9 Linden montre l\u2019\u00e9mergence progressive du concept de \u00ab\u00a0d\u00e9mocratie\u00a0\u00bb comme valeur directrice dans les d\u00e9clarations du gouvernement luxembourgeois en exil pendant la Seconde Guerre mondiale.Au d\u00e9but, apr\u00e8s l\u2019invasion des troupes nazies au Luxembourg, ce sont d\u2019autres valeurs directrices auxquelles le gouvernement en exil se r\u00e9f\u00e9rait dans ses prises de position : Il s\u2019agissait de libert\u00e9, d\u2019ind\u00e9pendance, de souverainet\u00e9 nationale \u2013 il ne s\u2019agissait pas de d\u00e9mocratie. Toutefois, au cours de l\u2019ann\u00e9e 1941, les liens avec les Alli\u00e9s ont permis au terme \u00ab\u00a0d\u00e9mocratie\u00a0\u00bb de s\u2019imposer progressivement. Dans l\u2019esprit de la Charte de l\u2019Atlantique, qui pr\u00e9tendait s\u2019appliquer \u00ab \u00e0 tous les peuples du monde \u00bb, les r\u00e9alisations sociopolitiques de la p\u00e9riode de l\u2019entre-deux-guerres au Luxembourg ont \u00e9t\u00e9 utilis\u00e9es comme preuve d\u2019une tradition d\u00e9mocratique. En ce qui concerne l\u2019ordre d\u2019apr\u00e8s-guerre, le droit du Luxembourg \u00e0 exister et l\u2019\u00e9galit\u00e9 d\u00e9mocratique des petits \u00c9tats ont \u00e9t\u00e9 soulign\u00e9s. La comparaison de la Grande-Duchesse Charlotte en tant que dirigeante d\u00e9mocratique avec la princesse Ermesinde du Moyen-\u00c2ge avait \u00e9galement pour but de donner une profondeur historique au r\u00e9cit de la d\u00e9mocratie luxembourgeoise.Dans son livre riche de sources, l\u2019auteur montre comment le gouvernement en exil a d\u00e9couvert le concept de d\u00e9mocratie en tant que cat\u00e9gorie efficace pour l\u2019affirmation de soi de la propagande luxembourgeoise. L\u2019exil est ainsi devenu un lieu d\u2019apprentissage de la d\u00e9mocratie. Andr\u00e9 Linden pr\u00e9sentera son livre en conversant avec l\u2019historienne Sonja Kmec.Organis\u00e9 par l\u2019Institut Pierre Werner en coop\u00e9ration avec capybarabooks et Editions forumAvec le soutien de la Fondation CANDIDA (sous l\u2019\u00e9gide de la Fondation de LuxembourgPri\u00e8re de r\u00e9server par mail : billetterie@neimenster.lu ou par t\u00e9l\u00e9phone : +352\u00a0 26 20 52 444Le port du masque est obligatoire pendant toute la dur\u00e9e de l\u2019\u00e9v\u00e9nement.\" \/>\n<meta name=\"robots\" content=\"index, follow, max-snippet:-1, max-image-preview:large, max-video-preview:-1\" \/>\n<link rel=\"canonical\" href=\"https:\/\/www.uni.lu\/fr\/events\/le-gouvernement-luxembourgeois-en-exil-et-la-decouverte-du-concept-de-democratie\/\" \/>\n<meta property=\"og:locale\" content=\"fr_FR\" \/>\n<meta property=\"og:type\" content=\"article\" \/>\n<meta property=\"og:title\" content=\"Le gouvernement luxembourgeois en exil et la d\u00e9couverte du concept de d\u00e9mocratie\" \/>\n<meta property=\"og:description\" content=\"Dans son livre \u00ab Luxemburgs Exilregierung und die Entdeckung des Demokratiebegriffs \u00bb (\u00ab Le gouvernement luxembourgeois en exil et la d\u00e9couverte du concept de d\u00e9mocratie \u00bb), qui sera publi\u00e9 en juin 2021 dans le cadre d\u2019une coop\u00e9ration entre capybarabooks et Editions forum, Andr\u00e9 Linden montre l\u2019\u00e9mergence progressive du concept de \u00ab\u00a0d\u00e9mocratie\u00a0\u00bb comme valeur directrice dans les d\u00e9clarations du gouvernement luxembourgeois en exil pendant la Seconde Guerre mondiale.Au d\u00e9but, apr\u00e8s l\u2019invasion des troupes nazies au Luxembourg, ce sont d\u2019autres valeurs directrices auxquelles le gouvernement en exil se r\u00e9f\u00e9rait dans ses prises de position : Il s\u2019agissait de libert\u00e9, d\u2019ind\u00e9pendance, de souverainet\u00e9 nationale \u2013 il ne s\u2019agissait pas de d\u00e9mocratie. Toutefois, au cours de l\u2019ann\u00e9e 1941, les liens avec les Alli\u00e9s ont permis au terme \u00ab\u00a0d\u00e9mocratie\u00a0\u00bb de s\u2019imposer progressivement. Dans l\u2019esprit de la Charte de l\u2019Atlantique, qui pr\u00e9tendait s\u2019appliquer \u00ab \u00e0 tous les peuples du monde \u00bb, les r\u00e9alisations sociopolitiques de la p\u00e9riode de l\u2019entre-deux-guerres au Luxembourg ont \u00e9t\u00e9 utilis\u00e9es comme preuve d\u2019une tradition d\u00e9mocratique. En ce qui concerne l\u2019ordre d\u2019apr\u00e8s-guerre, le droit du Luxembourg \u00e0 exister et l\u2019\u00e9galit\u00e9 d\u00e9mocratique des petits \u00c9tats ont \u00e9t\u00e9 soulign\u00e9s. La comparaison de la Grande-Duchesse Charlotte en tant que dirigeante d\u00e9mocratique avec la princesse Ermesinde du Moyen-\u00c2ge avait \u00e9galement pour but de donner une profondeur historique au r\u00e9cit de la d\u00e9mocratie luxembourgeoise.Dans son livre riche de sources, l\u2019auteur montre comment le gouvernement en exil a d\u00e9couvert le concept de d\u00e9mocratie en tant que cat\u00e9gorie efficace pour l\u2019affirmation de soi de la propagande luxembourgeoise. L\u2019exil est ainsi devenu un lieu d\u2019apprentissage de la d\u00e9mocratie. Andr\u00e9 Linden pr\u00e9sentera son livre en conversant avec l\u2019historienne Sonja Kmec.Organis\u00e9 par l\u2019Institut Pierre Werner en coop\u00e9ration avec capybarabooks et Editions forumAvec le soutien de la Fondation CANDIDA (sous l\u2019\u00e9gide de la Fondation de LuxembourgPri\u00e8re de r\u00e9server par mail : billetterie@neimenster.lu ou par t\u00e9l\u00e9phone : +352\u00a0 26 20 52 444Le port du masque est obligatoire pendant toute la dur\u00e9e de l\u2019\u00e9v\u00e9nement.\" \/>\n<meta property=\"og:url\" content=\"https:\/\/www.uni.lu\/fr\/events\/le-gouvernement-luxembourgeois-en-exil-et-la-decouverte-du-concept-de-democratie\/\" \/>\n<meta property=\"og:site_name\" content=\"UNI FR\" \/>\n<meta property=\"article:publisher\" content=\"https:\/\/www.facebook.com\/uni.lu\" \/>\n<meta property=\"og:image\" content=\"https:\/\/www.uni.lu\/wp-content\/uploads\/sites\/11\/2026\/03\/03120045\/UNIV_SM-Profile_1600x1600px-scaled.jpg\" \/>\n\t<meta property=\"og:image:width\" content=\"2560\" \/>\n\t<meta property=\"og:image:height\" content=\"2560\" \/>\n\t<meta property=\"og:image:type\" content=\"image\/jpeg\" \/>\n<meta name=\"twitter:card\" content=\"summary_large_image\" \/>\n<meta name=\"twitter:label1\" content=\"Dur\u00e9e de lecture estim\u00e9e\" \/>\n\t<meta name=\"twitter:data1\" content=\"2 minutes\" \/>\n<script type=\"application\/ld+json\" class=\"yoast-schema-graph\">{\"@context\":\"https:\/\/schema.org\",\"@graph\":[{\"@type\":\"WebPage\",\"@id\":\"https:\/\/www.uni.lu\/fr\/events\/le-gouvernement-luxembourgeois-en-exil-et-la-decouverte-du-concept-de-democratie\/\",\"url\":\"https:\/\/www.uni.lu\/fr\/events\/le-gouvernement-luxembourgeois-en-exil-et-la-decouverte-du-concept-de-democratie\/\",\"name\":\"Le gouvernement luxembourgeois en exil et la d\u00e9couverte du concept de d\u00e9mocratie - Universit\u00e9 du Luxembourg\",\"isPartOf\":{\"@id\":\"https:\/\/www.uni.lu\/fr\/#website\"},\"primaryImageOfPage\":{\"@id\":\"https:\/\/www.uni.lu\/fr\/events\/le-gouvernement-luxembourgeois-en-exil-et-la-decouverte-du-concept-de-democratie\/#primaryimage\"},\"image\":{\"@id\":\"https:\/\/www.uni.lu\/fr\/events\/le-gouvernement-luxembourgeois-en-exil-et-la-decouverte-du-concept-de-democratie\/#primaryimage\"},\"thumbnailUrl\":\"https:\/\/www.uni.lu\/wp-content\/uploads\/sites\/11\/2021\/05\/le_gouvernement_luxembourgeois_en_exil_et_la_decouverte_du_concept_de_democratie.jpg\",\"datePublished\":\"2021-05-17T07:46:41+00:00\",\"dateModified\":\"2021-05-17T07:46:41+00:00\",\"description\":\"Dans son livre \u00ab Luxemburgs Exilregierung und die Entdeckung des Demokratiebegriffs \u00bb (\u00ab Le gouvernement luxembourgeois en exil et la d\u00e9couverte du concept de d\u00e9mocratie \u00bb), qui sera publi\u00e9 en juin 2021 dans le cadre d\u2019une coop\u00e9ration entre capybarabooks et Editions forum, Andr\u00e9 Linden montre l\u2019\u00e9mergence progressive du concept de \u00ab\u00a0d\u00e9mocratie\u00a0\u00bb comme valeur directrice dans les d\u00e9clarations du gouvernement luxembourgeois en exil pendant la Seconde Guerre mondiale.Au d\u00e9but, apr\u00e8s l\u2019invasion des troupes nazies au Luxembourg, ce sont d\u2019autres valeurs directrices auxquelles le gouvernement en exil se r\u00e9f\u00e9rait dans ses prises de position : Il s\u2019agissait de libert\u00e9, d\u2019ind\u00e9pendance, de souverainet\u00e9 nationale \u2013 il ne s\u2019agissait pas de d\u00e9mocratie. Toutefois, au cours de l\u2019ann\u00e9e 1941, les liens avec les Alli\u00e9s ont permis au terme \u00ab\u00a0d\u00e9mocratie\u00a0\u00bb de s\u2019imposer progressivement. Dans l\u2019esprit de la Charte de l\u2019Atlantique, qui pr\u00e9tendait s\u2019appliquer \u00ab \u00e0 tous les peuples du monde \u00bb, les r\u00e9alisations sociopolitiques de la p\u00e9riode de l\u2019entre-deux-guerres au Luxembourg ont \u00e9t\u00e9 utilis\u00e9es comme preuve d\u2019une tradition d\u00e9mocratique. En ce qui concerne l\u2019ordre d\u2019apr\u00e8s-guerre, le droit du Luxembourg \u00e0 exister et l\u2019\u00e9galit\u00e9 d\u00e9mocratique des petits \u00c9tats ont \u00e9t\u00e9 soulign\u00e9s. La comparaison de la Grande-Duchesse Charlotte en tant que dirigeante d\u00e9mocratique avec la princesse Ermesinde du Moyen-\u00c2ge avait \u00e9galement pour but de donner une profondeur historique au r\u00e9cit de la d\u00e9mocratie luxembourgeoise.Dans son livre riche de sources, l\u2019auteur montre comment le gouvernement en exil a d\u00e9couvert le concept de d\u00e9mocratie en tant que cat\u00e9gorie efficace pour l\u2019affirmation de soi de la propagande luxembourgeoise. L\u2019exil est ainsi devenu un lieu d\u2019apprentissage de la d\u00e9mocratie. Andr\u00e9 Linden pr\u00e9sentera son livre en conversant avec l\u2019historienne Sonja Kmec.Organis\u00e9 par l\u2019Institut Pierre Werner en coop\u00e9ration avec capybarabooks et Editions forumAvec le soutien de la Fondation CANDIDA (sous l\u2019\u00e9gide de la Fondation de LuxembourgPri\u00e8re de r\u00e9server par mail : billetterie@neimenster.lu ou par t\u00e9l\u00e9phone : +352\u00a0 26 20 52 444Le port du masque est obligatoire pendant toute la dur\u00e9e de l\u2019\u00e9v\u00e9nement.\",\"breadcrumb\":{\"@id\":\"https:\/\/www.uni.lu\/fr\/events\/le-gouvernement-luxembourgeois-en-exil-et-la-decouverte-du-concept-de-democratie\/#breadcrumb\"},\"inLanguage\":\"fr-FR\",\"potentialAction\":[{\"@type\":\"ReadAction\",\"target\":[\"https:\/\/www.uni.lu\/fr\/events\/le-gouvernement-luxembourgeois-en-exil-et-la-decouverte-du-concept-de-democratie\/\"]}]},{\"@type\":\"ImageObject\",\"inLanguage\":\"fr-FR\",\"@id\":\"https:\/\/www.uni.lu\/fr\/events\/le-gouvernement-luxembourgeois-en-exil-et-la-decouverte-du-concept-de-democratie\/#primaryimage\",\"url\":\"https:\/\/www.uni.lu\/wp-content\/uploads\/sites\/11\/2021\/05\/le_gouvernement_luxembourgeois_en_exil_et_la_decouverte_du_concept_de_democratie.jpg\",\"contentUrl\":\"https:\/\/www.uni.lu\/wp-content\/uploads\/sites\/11\/2021\/05\/le_gouvernement_luxembourgeois_en_exil_et_la_decouverte_du_concept_de_democratie.jpg\",\"width\":800,\"height\":600},{\"@type\":\"BreadcrumbList\",\"@id\":\"https:\/\/www.uni.lu\/fr\/events\/le-gouvernement-luxembourgeois-en-exil-et-la-decouverte-du-concept-de-democratie\/#breadcrumb\",\"itemListElement\":[{\"@type\":\"ListItem\",\"position\":1,\"name\":\"Home\",\"item\":\"https:\/\/www.uni.lu\/fr\/\"},{\"@type\":\"ListItem\",\"position\":2,\"name\":\"Events\",\"item\":\"https:\/\/www.uni.lu\/fr\/events\/\"},{\"@type\":\"ListItem\",\"position\":3,\"name\":\"Le gouvernement luxembourgeois en exil et la d\u00e9couverte du concept de d\u00e9mocratie\"}]},{\"@type\":\"WebSite\",\"@id\":\"https:\/\/www.uni.lu\/fr\/#website\",\"url\":\"https:\/\/www.uni.lu\/fr\/\",\"name\":\"Uni.lu\",\"description\":\"Universit\u00e9 du Luxembourg\",\"publisher\":{\"@id\":\"https:\/\/www.uni.lu\/fr\/#organization\"},\"alternateName\":\"Universit\u00e9 du Luxembourg\",\"potentialAction\":[{\"@type\":\"SearchAction\",\"target\":{\"@type\":\"EntryPoint\",\"urlTemplate\":\"https:\/\/www.uni.lu\/fr\/?s={search_term_string}\"},\"query-input\":\"required name=search_term_string\"}],\"inLanguage\":\"fr-FR\"},{\"@type\":\"Organization\",\"@id\":\"https:\/\/www.uni.lu\/fr\/#organization\",\"name\":\"Universit\u00e9 du Luxembourg\",\"alternateName\":\"Uni.lu\",\"url\":\"https:\/\/www.uni.lu\/fr\/\",\"logo\":{\"@type\":\"ImageObject\",\"inLanguage\":\"fr-FR\",\"@id\":\"https:\/\/www.uni.lu\/fr\/#\/schema\/logo\/image\/\",\"url\":\"https:\/\/www.uni.lu\/wp-content\/uploads\/sites\/11\/2026\/03\/03120045\/UNIV_SM-Profile_1600x1600px-scaled.jpg\",\"contentUrl\":\"https:\/\/www.uni.lu\/wp-content\/uploads\/sites\/11\/2026\/03\/03120045\/UNIV_SM-Profile_1600x1600px-scaled.jpg\",\"width\":2560,\"height\":2560,\"caption\":\"Universit\u00e9 du Luxembourg\"},\"image\":\"https:\/\/www.uni.lu\/wp-content\/uploads\/sites\/11\/2026\/04\/24120552\/20200609-Belval-Campus_Henri-Goergen-23.jpg\",\"sameAs\":[\"https:\/\/www.facebook.com\/uni.lu\",\"https:\/\/www.linkedin.com\/school\/university-of-luxembourg\/\",\"https:\/\/www.instagram.com\/uni.lu\",\"https:\/\/www.youtube.com\/@uni_lu\",\"https:\/\/en.wikipedia.org\/wiki\/University_of_Luxembourg\"],\"email\":\"communication@uni.lu\",\"telephone\":\"+352 46 66 44 1\",\"address\":{\"@type\":\"PostalAddress\",\"streetAddress\":\"2, place de l\u2019Universit\u00e9\",\"addressLocality\":\"Esch-sur-Alzette\",\"postalCode\":\"4365\",\"addressCountry\":\"LU\"},\"description\":\"Universit\u00e9 du Luxembourg\"}]}<\/script>\n<!-- \/ Yoast SEO Premium plugin. -->","yoast_head_json":{"title":"Le gouvernement luxembourgeois en exil et la d\u00e9couverte du concept de d\u00e9mocratie - Universit\u00e9 du Luxembourg","description":"Dans son livre \u00ab Luxemburgs Exilregierung und die Entdeckung des Demokratiebegriffs \u00bb (\u00ab Le gouvernement luxembourgeois en exil et la d\u00e9couverte du concept de d\u00e9mocratie \u00bb), qui sera publi\u00e9 en juin 2021 dans le cadre d\u2019une coop\u00e9ration entre capybarabooks et Editions forum, Andr\u00e9 Linden montre l\u2019\u00e9mergence progressive du concept de \u00ab\u00a0d\u00e9mocratie\u00a0\u00bb comme valeur directrice dans les d\u00e9clarations du gouvernement luxembourgeois en exil pendant la Seconde Guerre mondiale.Au d\u00e9but, apr\u00e8s l\u2019invasion des troupes nazies au Luxembourg, ce sont d\u2019autres valeurs directrices auxquelles le gouvernement en exil se r\u00e9f\u00e9rait dans ses prises de position : Il s\u2019agissait de libert\u00e9, d\u2019ind\u00e9pendance, de souverainet\u00e9 nationale \u2013 il ne s\u2019agissait pas de d\u00e9mocratie. Toutefois, au cours de l\u2019ann\u00e9e 1941, les liens avec les Alli\u00e9s ont permis au terme \u00ab\u00a0d\u00e9mocratie\u00a0\u00bb de s\u2019imposer progressivement. Dans l\u2019esprit de la Charte de l\u2019Atlantique, qui pr\u00e9tendait s\u2019appliquer \u00ab \u00e0 tous les peuples du monde \u00bb, les r\u00e9alisations sociopolitiques de la p\u00e9riode de l\u2019entre-deux-guerres au Luxembourg ont \u00e9t\u00e9 utilis\u00e9es comme preuve d\u2019une tradition d\u00e9mocratique. En ce qui concerne l\u2019ordre d\u2019apr\u00e8s-guerre, le droit du Luxembourg \u00e0 exister et l\u2019\u00e9galit\u00e9 d\u00e9mocratique des petits \u00c9tats ont \u00e9t\u00e9 soulign\u00e9s. La comparaison de la Grande-Duchesse Charlotte en tant que dirigeante d\u00e9mocratique avec la princesse Ermesinde du Moyen-\u00c2ge avait \u00e9galement pour but de donner une profondeur historique au r\u00e9cit de la d\u00e9mocratie luxembourgeoise.Dans son livre riche de sources, l\u2019auteur montre comment le gouvernement en exil a d\u00e9couvert le concept de d\u00e9mocratie en tant que cat\u00e9gorie efficace pour l\u2019affirmation de soi de la propagande luxembourgeoise. L\u2019exil est ainsi devenu un lieu d\u2019apprentissage de la d\u00e9mocratie. Andr\u00e9 Linden pr\u00e9sentera son livre en conversant avec l\u2019historienne Sonja Kmec.Organis\u00e9 par l\u2019Institut Pierre Werner en coop\u00e9ration avec capybarabooks et Editions forumAvec le soutien de la Fondation CANDIDA (sous l\u2019\u00e9gide de la Fondation de LuxembourgPri\u00e8re de r\u00e9server par mail : billetterie@neimenster.lu ou par t\u00e9l\u00e9phone : +352\u00a0 26 20 52 444Le port du masque est obligatoire pendant toute la dur\u00e9e de l\u2019\u00e9v\u00e9nement.","robots":{"index":"index","follow":"follow","max-snippet":"max-snippet:-1","max-image-preview":"max-image-preview:large","max-video-preview":"max-video-preview:-1"},"canonical":"https:\/\/www.uni.lu\/fr\/events\/le-gouvernement-luxembourgeois-en-exil-et-la-decouverte-du-concept-de-democratie\/","og_locale":"fr_FR","og_type":"article","og_title":"Le gouvernement luxembourgeois en exil et la d\u00e9couverte du concept de d\u00e9mocratie","og_description":"Dans son livre \u00ab Luxemburgs Exilregierung und die Entdeckung des Demokratiebegriffs \u00bb (\u00ab Le gouvernement luxembourgeois en exil et la d\u00e9couverte du concept de d\u00e9mocratie \u00bb), qui sera publi\u00e9 en juin 2021 dans le cadre d\u2019une coop\u00e9ration entre capybarabooks et Editions forum, Andr\u00e9 Linden montre l\u2019\u00e9mergence progressive du concept de \u00ab\u00a0d\u00e9mocratie\u00a0\u00bb comme valeur directrice dans les d\u00e9clarations du gouvernement luxembourgeois en exil pendant la Seconde Guerre mondiale.Au d\u00e9but, apr\u00e8s l\u2019invasion des troupes nazies au Luxembourg, ce sont d\u2019autres valeurs directrices auxquelles le gouvernement en exil se r\u00e9f\u00e9rait dans ses prises de position : Il s\u2019agissait de libert\u00e9, d\u2019ind\u00e9pendance, de souverainet\u00e9 nationale \u2013 il ne s\u2019agissait pas de d\u00e9mocratie. Toutefois, au cours de l\u2019ann\u00e9e 1941, les liens avec les Alli\u00e9s ont permis au terme \u00ab\u00a0d\u00e9mocratie\u00a0\u00bb de s\u2019imposer progressivement. Dans l\u2019esprit de la Charte de l\u2019Atlantique, qui pr\u00e9tendait s\u2019appliquer \u00ab \u00e0 tous les peuples du monde \u00bb, les r\u00e9alisations sociopolitiques de la p\u00e9riode de l\u2019entre-deux-guerres au Luxembourg ont \u00e9t\u00e9 utilis\u00e9es comme preuve d\u2019une tradition d\u00e9mocratique. En ce qui concerne l\u2019ordre d\u2019apr\u00e8s-guerre, le droit du Luxembourg \u00e0 exister et l\u2019\u00e9galit\u00e9 d\u00e9mocratique des petits \u00c9tats ont \u00e9t\u00e9 soulign\u00e9s. La comparaison de la Grande-Duchesse Charlotte en tant que dirigeante d\u00e9mocratique avec la princesse Ermesinde du Moyen-\u00c2ge avait \u00e9galement pour but de donner une profondeur historique au r\u00e9cit de la d\u00e9mocratie luxembourgeoise.Dans son livre riche de sources, l\u2019auteur montre comment le gouvernement en exil a d\u00e9couvert le concept de d\u00e9mocratie en tant que cat\u00e9gorie efficace pour l\u2019affirmation de soi de la propagande luxembourgeoise. L\u2019exil est ainsi devenu un lieu d\u2019apprentissage de la d\u00e9mocratie. Andr\u00e9 Linden pr\u00e9sentera son livre en conversant avec l\u2019historienne Sonja Kmec.Organis\u00e9 par l\u2019Institut Pierre Werner en coop\u00e9ration avec capybarabooks et Editions forumAvec le soutien de la Fondation CANDIDA (sous l\u2019\u00e9gide de la Fondation de LuxembourgPri\u00e8re de r\u00e9server par mail : billetterie@neimenster.lu ou par t\u00e9l\u00e9phone : +352\u00a0 26 20 52 444Le port du masque est obligatoire pendant toute la dur\u00e9e de l\u2019\u00e9v\u00e9nement.","og_url":"https:\/\/www.uni.lu\/fr\/events\/le-gouvernement-luxembourgeois-en-exil-et-la-decouverte-du-concept-de-democratie\/","og_site_name":"UNI FR","article_publisher":"https:\/\/www.facebook.com\/uni.lu","og_image":[{"width":2560,"height":2560,"url":"https:\/\/www.uni.lu\/wp-content\/uploads\/sites\/11\/2026\/03\/03120045\/UNIV_SM-Profile_1600x1600px-scaled.jpg","type":"image\/jpeg"}],"twitter_card":"summary_large_image","twitter_misc":{"Dur\u00e9e de lecture estim\u00e9e":"2 minutes"},"schema":{"@context":"https:\/\/schema.org","@graph":[{"@type":"WebPage","@id":"https:\/\/www.uni.lu\/fr\/events\/le-gouvernement-luxembourgeois-en-exil-et-la-decouverte-du-concept-de-democratie\/","url":"https:\/\/www.uni.lu\/fr\/events\/le-gouvernement-luxembourgeois-en-exil-et-la-decouverte-du-concept-de-democratie\/","name":"Le gouvernement luxembourgeois en exil et la d\u00e9couverte du concept de d\u00e9mocratie - Universit\u00e9 du Luxembourg","isPartOf":{"@id":"https:\/\/www.uni.lu\/fr\/#website"},"primaryImageOfPage":{"@id":"https:\/\/www.uni.lu\/fr\/events\/le-gouvernement-luxembourgeois-en-exil-et-la-decouverte-du-concept-de-democratie\/#primaryimage"},"image":{"@id":"https:\/\/www.uni.lu\/fr\/events\/le-gouvernement-luxembourgeois-en-exil-et-la-decouverte-du-concept-de-democratie\/#primaryimage"},"thumbnailUrl":"https:\/\/www.uni.lu\/wp-content\/uploads\/sites\/11\/2021\/05\/le_gouvernement_luxembourgeois_en_exil_et_la_decouverte_du_concept_de_democratie.jpg","datePublished":"2021-05-17T07:46:41+00:00","dateModified":"2021-05-17T07:46:41+00:00","description":"Dans son livre \u00ab Luxemburgs Exilregierung und die Entdeckung des Demokratiebegriffs \u00bb (\u00ab Le gouvernement luxembourgeois en exil et la d\u00e9couverte du concept de d\u00e9mocratie \u00bb), qui sera publi\u00e9 en juin 2021 dans le cadre d\u2019une coop\u00e9ration entre capybarabooks et Editions forum, Andr\u00e9 Linden montre l\u2019\u00e9mergence progressive du concept de \u00ab\u00a0d\u00e9mocratie\u00a0\u00bb comme valeur directrice dans les d\u00e9clarations du gouvernement luxembourgeois en exil pendant la Seconde Guerre mondiale.Au d\u00e9but, apr\u00e8s l\u2019invasion des troupes nazies au Luxembourg, ce sont d\u2019autres valeurs directrices auxquelles le gouvernement en exil se r\u00e9f\u00e9rait dans ses prises de position : Il s\u2019agissait de libert\u00e9, d\u2019ind\u00e9pendance, de souverainet\u00e9 nationale \u2013 il ne s\u2019agissait pas de d\u00e9mocratie. Toutefois, au cours de l\u2019ann\u00e9e 1941, les liens avec les Alli\u00e9s ont permis au terme \u00ab\u00a0d\u00e9mocratie\u00a0\u00bb de s\u2019imposer progressivement. Dans l\u2019esprit de la Charte de l\u2019Atlantique, qui pr\u00e9tendait s\u2019appliquer \u00ab \u00e0 tous les peuples du monde \u00bb, les r\u00e9alisations sociopolitiques de la p\u00e9riode de l\u2019entre-deux-guerres au Luxembourg ont \u00e9t\u00e9 utilis\u00e9es comme preuve d\u2019une tradition d\u00e9mocratique. En ce qui concerne l\u2019ordre d\u2019apr\u00e8s-guerre, le droit du Luxembourg \u00e0 exister et l\u2019\u00e9galit\u00e9 d\u00e9mocratique des petits \u00c9tats ont \u00e9t\u00e9 soulign\u00e9s. La comparaison de la Grande-Duchesse Charlotte en tant que dirigeante d\u00e9mocratique avec la princesse Ermesinde du Moyen-\u00c2ge avait \u00e9galement pour but de donner une profondeur historique au r\u00e9cit de la d\u00e9mocratie luxembourgeoise.Dans son livre riche de sources, l\u2019auteur montre comment le gouvernement en exil a d\u00e9couvert le concept de d\u00e9mocratie en tant que cat\u00e9gorie efficace pour l\u2019affirmation de soi de la propagande luxembourgeoise. L\u2019exil est ainsi devenu un lieu d\u2019apprentissage de la d\u00e9mocratie. Andr\u00e9 Linden pr\u00e9sentera son livre en conversant avec l\u2019historienne Sonja Kmec.Organis\u00e9 par l\u2019Institut Pierre Werner en coop\u00e9ration avec capybarabooks et Editions forumAvec le soutien de la Fondation CANDIDA (sous l\u2019\u00e9gide de la Fondation de LuxembourgPri\u00e8re de r\u00e9server par mail : billetterie@neimenster.lu ou par t\u00e9l\u00e9phone : +352\u00a0 26 20 52 444Le port du masque est obligatoire pendant toute la dur\u00e9e de l\u2019\u00e9v\u00e9nement.","breadcrumb":{"@id":"https:\/\/www.uni.lu\/fr\/events\/le-gouvernement-luxembourgeois-en-exil-et-la-decouverte-du-concept-de-democratie\/#breadcrumb"},"inLanguage":"fr-FR","potentialAction":[{"@type":"ReadAction","target":["https:\/\/www.uni.lu\/fr\/events\/le-gouvernement-luxembourgeois-en-exil-et-la-decouverte-du-concept-de-democratie\/"]}]},{"@type":"ImageObject","inLanguage":"fr-FR","@id":"https:\/\/www.uni.lu\/fr\/events\/le-gouvernement-luxembourgeois-en-exil-et-la-decouverte-du-concept-de-democratie\/#primaryimage","url":"https:\/\/www.uni.lu\/wp-content\/uploads\/sites\/11\/2021\/05\/le_gouvernement_luxembourgeois_en_exil_et_la_decouverte_du_concept_de_democratie.jpg","contentUrl":"https:\/\/www.uni.lu\/wp-content\/uploads\/sites\/11\/2021\/05\/le_gouvernement_luxembourgeois_en_exil_et_la_decouverte_du_concept_de_democratie.jpg","width":800,"height":600},{"@type":"BreadcrumbList","@id":"https:\/\/www.uni.lu\/fr\/events\/le-gouvernement-luxembourgeois-en-exil-et-la-decouverte-du-concept-de-democratie\/#breadcrumb","itemListElement":[{"@type":"ListItem","position":1,"name":"Home","item":"https:\/\/www.uni.lu\/fr\/"},{"@type":"ListItem","position":2,"name":"Events","item":"https:\/\/www.uni.lu\/fr\/events\/"},{"@type":"ListItem","position":3,"name":"Le gouvernement luxembourgeois en exil et la d\u00e9couverte du concept de d\u00e9mocratie"}]},{"@type":"WebSite","@id":"https:\/\/www.uni.lu\/fr\/#website","url":"https:\/\/www.uni.lu\/fr\/","name":"Uni.lu","description":"Universit\u00e9 du Luxembourg","publisher":{"@id":"https:\/\/www.uni.lu\/fr\/#organization"},"alternateName":"Universit\u00e9 du Luxembourg","potentialAction":[{"@type":"SearchAction","target":{"@type":"EntryPoint","urlTemplate":"https:\/\/www.uni.lu\/fr\/?s={search_term_string}"},"query-input":"required name=search_term_string"}],"inLanguage":"fr-FR"},{"@type":"Organization","@id":"https:\/\/www.uni.lu\/fr\/#organization","name":"Universit\u00e9 du Luxembourg","alternateName":"Uni.lu","url":"https:\/\/www.uni.lu\/fr\/","logo":{"@type":"ImageObject","inLanguage":"fr-FR","@id":"https:\/\/www.uni.lu\/fr\/#\/schema\/logo\/image\/","url":"https:\/\/www.uni.lu\/wp-content\/uploads\/sites\/11\/2026\/03\/03120045\/UNIV_SM-Profile_1600x1600px-scaled.jpg","contentUrl":"https:\/\/www.uni.lu\/wp-content\/uploads\/sites\/11\/2026\/03\/03120045\/UNIV_SM-Profile_1600x1600px-scaled.jpg","width":2560,"height":2560,"caption":"Universit\u00e9 du Luxembourg"},"image":"https:\/\/www.uni.lu\/wp-content\/uploads\/sites\/11\/2026\/04\/24120552\/20200609-Belval-Campus_Henri-Goergen-23.jpg","sameAs":["https:\/\/www.facebook.com\/uni.lu","https:\/\/www.linkedin.com\/school\/university-of-luxembourg\/","https:\/\/www.instagram.com\/uni.lu","https:\/\/www.youtube.com\/@uni_lu","https:\/\/en.wikipedia.org\/wiki\/University_of_Luxembourg"],"email":"communication@uni.lu","telephone":"+352 46 66 44 1","address":{"@type":"PostalAddress","streetAddress":"2, place de l\u2019Universit\u00e9","addressLocality":"Esch-sur-Alzette","postalCode":"4365","addressCountry":"LU"},"description":"Universit\u00e9 du Luxembourg"}]}},"_links":{"self":[{"href":"https:\/\/www.uni.lu\/fr\/wp-json\/wp\/v2\/events\/8594"}],"collection":[{"href":"https:\/\/www.uni.lu\/fr\/wp-json\/wp\/v2\/events"}],"about":[{"href":"https:\/\/www.uni.lu\/fr\/wp-json\/wp\/v2\/types\/events"}],"replies":[{"embeddable":true,"href":"https:\/\/www.uni.lu\/fr\/wp-json\/wp\/v2\/comments?post=8594"}],"version-history":[{"count":0,"href":"https:\/\/www.uni.lu\/fr\/wp-json\/wp\/v2\/events\/8594\/revisions"}],"wp:featuredmedia":[{"embeddable":true,"href":"https:\/\/www.uni.lu\/fr\/wp-json\/wp\/v2\/media\/8595"}],"wp:attachment":[{"href":"https:\/\/www.uni.lu\/fr\/wp-json\/wp\/v2\/media?parent=8594"}],"wp:term":[{"taxonomy":"events-topic","embeddable":true,"href":"https:\/\/www.uni.lu\/fr\/wp-json\/wp\/v2\/events-topic?post=8594"},{"taxonomy":"events-type","embeddable":true,"href":"https:\/\/www.uni.lu\/fr\/wp-json\/wp\/v2\/events-type?post=8594"},{"taxonomy":"organisation","embeddable":true,"href":"https:\/\/www.uni.lu\/fr\/wp-json\/wp\/v2\/organisation?post=8594"}],"curies":[{"name":"wp","href":"https:\/\/api.w.org\/{rel}","templated":true}]}}