{"id":8570,"date":"2021-04-22T17:32:08","date_gmt":"2021-04-22T15:32:08","guid":{"rendered":"https:\/\/www.uni.lu\/fr\/events\/mundos-da-lusofonia-celebracoes-do-dia-mundial-da-lingua-portuguesa-unesco-da-lingua-portuguesa-e-da-cultura-na-cplp-e-da-presidencia-portuguesa-rotativa-da-uniao-europeia\/"},"modified":"2021-04-22T17:32:08","modified_gmt":"2021-04-22T15:32:08","slug":"mundos-da-lusofonia-celebracoes-do-dia-mundial-da-lingua-portuguesa-unesco-da-lingua-portuguesa-e-da-cultura-na-cplp-e-da-presidencia-portuguesa-rotativa-da-uniao-europeia","status":"publish","type":"events","link":"https:\/\/www.uni.lu\/fr\/events\/mundos-da-lusofonia-celebracoes-do-dia-mundial-da-lingua-portuguesa-unesco-da-lingua-portuguesa-e-da-cultura-na-cplp-e-da-presidencia-portuguesa-rotativa-da-uniao-europeia\/","title":{"rendered":"Mundos da Lusofonia Celebra\u00e7\u00f5es do Dia Mundial da L\u00edngua Portuguesa (Unesco), da L\u00edngua Portuguesa e da Cultura na CPLP e da Presid\u00eancia Portuguesa rotativa da Uni\u00e3o Europeia"},"content":{"rendered":"<section class=\"wp-block-unilux-blocks-free-section section\"><div class=\"container xl:max-w-screen-xl\"><p>Conf\u00e9rences \u00e0 distance et exposition, organis\u00e9es par le lectorat de langue et culture portugaises de l\u2019Institut Cam\u00f5es \u00e0 l\u2019Universit\u00e9 du Luxembourg, en collaboration avec l\u2019Ambassade du Portugal, dans le cadre de la Journ\u00e9e Mondiale de la Langue Portugaise (UNESCO), de la langue portugaise et de la culture dans la CPLP et de la Pr\u00e9sidence tournante de l\u2019Union Europ\u00e9enne.<\/p><p><strong>PROGRAMME<\/strong><\/p><p>16:00 &#8211; 17:00 Communications <\/p><ul class=\"ulux-list\"><li class=\"ulux-list-item\">Teolinda Gers\u00e3o \u2013 \u00c9crivaine \/ Professeure de Litt\u00e9rature Allemande et de Litt\u00e9rature Compar\u00e9e (Universit\u00e9 Nouvelle de Lisbonne)<\/li><li class=\"ulux-list-item\">Vera Duarte \u2013 \u00c9crivaine \/ Juriste<\/li><\/ul><p>Les conf\u00e9rences auront lieu en mode hybride, salle 3.010 Maison du Savoir \u2013 Campus Belval, capacit\u00e9 max. 15 personnes et \u00e0 distance\u00a0: <a href=\"https:\/\/unilu.webex.com\/unilu\/j.php?MTID=m45bf97ae843d6ca3178bdb1f6c78fbe1\" target=\"_self\" title=\"\" rel=\"noopener\">https:\/\/unilu.webex.com\/unilu\/j.php?MTID=m45bf97ae843d6ca3178bdb1f6c78fbe1<\/a><\/p><p>17:00 &#8211; 17:30 \u00c9change entre les intervenantes et le public via Webex et Hybride. <\/p><p>18:00 &#8211; 19:30 Ouverture de l\u2019exposition \u201cMundos da Lusofonia\u201d, en pr\u00e9sence des artistes\u00a0:<\/p><ul class=\"ulux-list\"><li class=\"ulux-list-item\">Nathalie Afonso,<\/li><li class=\"ulux-list-item\">Pedro Amaral\u00a0<\/li><li class=\"ulux-list-item\">Sidney Castro Fernandes.<\/li><\/ul><p>L\u2019acc\u00e8s est limit\u00e9 \u00e0 10 personnes toutes les demi-heures.Veuillez vous inscrire pr\u00e9alablement aux horaires suivants\u00a0: 18:00\u00a0; 18:30\u00a0et 19:00. L\u2019ouverture de exposition sera diffus\u00e9e en direct\u00a0: <a href=\"https:\/\/mail.camoes.mne.pt\/owa\/14.3.487.0\/scripts\/premium\/redir.aspx?C=mdpZbh02qdz-2a7j2tv1VUuD0pXMp6BHwZ4yXj1pvj_yj3NZeQXZCA..&#038;URL=https%3a%2f%2fwww.facebook.com%2fCCPLUXEMBURGO\" target=\"_blank\" title=\"\" rel=\"noopener\">https:\/\/www.facebook.com\/CCPLUXEMBURGO<\/a><\/p><p>Contact :\u00a0<a href=\"mailto:adilia.martinsdecarvalho@ext.uni.lu\" target=\"_blank\" title=\"\" rel=\"noopener\">adilia.martinsdecarvalho@ext.uni.lu<\/a><\/p><\/div><\/section>","protected":false},"excerpt":{"rendered":"","protected":false},"author":0,"featured_media":8571,"parent":0,"menu_order":0,"comment_status":"open","ping_status":"closed","template":"","format":"standard","meta":{"featured_image_focal_point":[],"show_featured_caption":false,"ulux_newsletter_groups":"","uluxPostTitle":"","uluxPrePostTitle":"","_trash_the_other_posts":false,"_price":"","_stock":"","_tribe_ticket_header":"","_tribe_default_ticket_provider":"","_tribe_ticket_capacity":"0","_ticket_start_date":"","_ticket_end_date":"","_tribe_ticket_show_description":"","_tribe_ticket_show_not_going":false,"_tribe_ticket_use_global_stock":"","_tribe_ticket_global_stock_level":"","_global_stock_mode":"","_global_stock_cap":"","_tribe_rsvp_for_event":"","_tribe_ticket_going_count":"","_tribe_ticket_not_going_count":"","_tribe_tickets_list":"[]","_tribe_ticket_has_attendee_info_fields":false,"event_start_date":"2021-05-05 16:00:00","event_end_date":"2021-05-05 19:30:00","event_speaker_name":"Teolinda Gers\u00e3o & Vera Duarte","event_speaker_link":"","event_is_online":false,"event_location":"Campus de Belval, Maison du Savoir, salle 3.010 ou sur Webex","event_street":"","event_location_link":"","event_zip_code":"","event_city":"","event_country":"LU"},"events-topic":[],"events-type":[],"organisation":[147,226],"authorship":[],"acf":[],"yoast_head":"<!-- This site is optimized with the Yoast SEO Premium plugin v22.3 (Yoast SEO v22.3) - https:\/\/yoast.com\/wordpress\/plugins\/seo\/ -->\n<title>Mundos da Lusofonia Celebra\u00e7\u00f5es do Dia Mundial da L\u00edngua Portuguesa (Unesco), da L\u00edngua Portuguesa e da Cultura na CPLP e da Presid\u00eancia Portuguesa rotativa da Uni\u00e3o Europeia - Universit\u00e9 du Luxembourg<\/title>\n<meta name=\"description\" content=\"Conf\u00e9rences \u00e0 distance et exposition, organis\u00e9es par le lectorat de langue et culture portugaises de l\u2019Institut Cam\u00f5es \u00e0 l\u2019Universit\u00e9 du Luxembourg, en\" \/>\n<meta name=\"robots\" content=\"index, follow, max-snippet:-1, max-image-preview:large, max-video-preview:-1\" \/>\n<link rel=\"canonical\" href=\"https:\/\/www.uni.lu\/fr\/events\/mundos-da-lusofonia-celebracoes-do-dia-mundial-da-lingua-portuguesa-unesco-da-lingua-portuguesa-e-da-cultura-na-cplp-e-da-presidencia-portuguesa-rotativa-da-uniao-europeia\/\" \/>\n<meta property=\"og:locale\" content=\"fr_FR\" \/>\n<meta property=\"og:type\" content=\"article\" \/>\n<meta property=\"og:title\" content=\"Mundos da Lusofonia Celebra\u00e7\u00f5es do Dia Mundial da L\u00edngua Portuguesa (Unesco), da L\u00edngua Portuguesa e da Cultura na CPLP e da Presid\u00eancia Portuguesa rotativa da Uni\u00e3o Europeia\" \/>\n<meta property=\"og:description\" content=\"Conf\u00e9rences \u00e0 distance et exposition, organis\u00e9es par le lectorat de langue et culture portugaises de l\u2019Institut Cam\u00f5es \u00e0 l\u2019Universit\u00e9 du Luxembourg, en\" \/>\n<meta property=\"og:url\" content=\"https:\/\/www.uni.lu\/fr\/events\/mundos-da-lusofonia-celebracoes-do-dia-mundial-da-lingua-portuguesa-unesco-da-lingua-portuguesa-e-da-cultura-na-cplp-e-da-presidencia-portuguesa-rotativa-da-uniao-europeia\/\" \/>\n<meta property=\"og:site_name\" content=\"UNI FR\" \/>\n<meta property=\"article:publisher\" content=\"https:\/\/www.facebook.com\/uni.lu\" \/>\n<meta property=\"og:image\" content=\"https:\/\/www.uni.lu\/wp-content\/uploads\/sites\/11\/2026\/03\/03120045\/UNIV_SM-Profile_1600x1600px-scaled.jpg\" \/>\n\t<meta property=\"og:image:width\" content=\"2560\" \/>\n\t<meta property=\"og:image:height\" content=\"2560\" \/>\n\t<meta property=\"og:image:type\" content=\"image\/jpeg\" \/>\n<meta name=\"twitter:card\" content=\"summary_large_image\" \/>\n<meta name=\"twitter:label1\" content=\"Dur\u00e9e de lecture estim\u00e9e\" \/>\n\t<meta name=\"twitter:data1\" content=\"1 minute\" \/>\n<script type=\"application\/ld+json\" class=\"yoast-schema-graph\">{\"@context\":\"https:\/\/schema.org\",\"@graph\":[{\"@type\":\"WebPage\",\"@id\":\"https:\/\/www.uni.lu\/fr\/events\/mundos-da-lusofonia-celebracoes-do-dia-mundial-da-lingua-portuguesa-unesco-da-lingua-portuguesa-e-da-cultura-na-cplp-e-da-presidencia-portuguesa-rotativa-da-uniao-europeia\/\",\"url\":\"https:\/\/www.uni.lu\/fr\/events\/mundos-da-lusofonia-celebracoes-do-dia-mundial-da-lingua-portuguesa-unesco-da-lingua-portuguesa-e-da-cultura-na-cplp-e-da-presidencia-portuguesa-rotativa-da-uniao-europeia\/\",\"name\":\"Mundos da Lusofonia Celebra\u00e7\u00f5es do Dia Mundial da L\u00edngua Portuguesa (Unesco), da L\u00edngua Portuguesa e da Cultura na CPLP e da Presid\u00eancia Portuguesa rotativa da Uni\u00e3o Europeia - Universit\u00e9 du Luxembourg\",\"isPartOf\":{\"@id\":\"https:\/\/www.uni.lu\/fr\/#website\"},\"primaryImageOfPage\":{\"@id\":\"https:\/\/www.uni.lu\/fr\/events\/mundos-da-lusofonia-celebracoes-do-dia-mundial-da-lingua-portuguesa-unesco-da-lingua-portuguesa-e-da-cultura-na-cplp-e-da-presidencia-portuguesa-rotativa-da-uniao-europeia\/#primaryimage\"},\"image\":{\"@id\":\"https:\/\/www.uni.lu\/fr\/events\/mundos-da-lusofonia-celebracoes-do-dia-mundial-da-lingua-portuguesa-unesco-da-lingua-portuguesa-e-da-cultura-na-cplp-e-da-presidencia-portuguesa-rotativa-da-uniao-europeia\/#primaryimage\"},\"thumbnailUrl\":\"https:\/\/www.uni.lu\/wp-content\/uploads\/sites\/11\/2021\/04\/mundos_da_lusofonia_celebracoes_do_dia_mundial_da_lingua_portuguesa_unesco_da_lingua_portuguesa_e_da_cultura_na_cplp_e_da_presidencia_portuguesa.jpg\",\"datePublished\":\"2021-04-22T15:32:08+00:00\",\"dateModified\":\"2021-04-22T15:32:08+00:00\",\"description\":\"Conf\u00e9rences \u00e0 distance et exposition, organis\u00e9es par le lectorat de langue et culture portugaises de l\u2019Institut Cam\u00f5es \u00e0 l\u2019Universit\u00e9 du Luxembourg, en\",\"breadcrumb\":{\"@id\":\"https:\/\/www.uni.lu\/fr\/events\/mundos-da-lusofonia-celebracoes-do-dia-mundial-da-lingua-portuguesa-unesco-da-lingua-portuguesa-e-da-cultura-na-cplp-e-da-presidencia-portuguesa-rotativa-da-uniao-europeia\/#breadcrumb\"},\"inLanguage\":\"fr-FR\",\"potentialAction\":[{\"@type\":\"ReadAction\",\"target\":[\"https:\/\/www.uni.lu\/fr\/events\/mundos-da-lusofonia-celebracoes-do-dia-mundial-da-lingua-portuguesa-unesco-da-lingua-portuguesa-e-da-cultura-na-cplp-e-da-presidencia-portuguesa-rotativa-da-uniao-europeia\/\"]}]},{\"@type\":\"ImageObject\",\"inLanguage\":\"fr-FR\",\"@id\":\"https:\/\/www.uni.lu\/fr\/events\/mundos-da-lusofonia-celebracoes-do-dia-mundial-da-lingua-portuguesa-unesco-da-lingua-portuguesa-e-da-cultura-na-cplp-e-da-presidencia-portuguesa-rotativa-da-uniao-europeia\/#primaryimage\",\"url\":\"https:\/\/www.uni.lu\/wp-content\/uploads\/sites\/11\/2021\/04\/mundos_da_lusofonia_celebracoes_do_dia_mundial_da_lingua_portuguesa_unesco_da_lingua_portuguesa_e_da_cultura_na_cplp_e_da_presidencia_portuguesa.jpg\",\"contentUrl\":\"https:\/\/www.uni.lu\/wp-content\/uploads\/sites\/11\/2021\/04\/mundos_da_lusofonia_celebracoes_do_dia_mundial_da_lingua_portuguesa_unesco_da_lingua_portuguesa_e_da_cultura_na_cplp_e_da_presidencia_portuguesa.jpg\",\"width\":664,\"height\":637},{\"@type\":\"BreadcrumbList\",\"@id\":\"https:\/\/www.uni.lu\/fr\/events\/mundos-da-lusofonia-celebracoes-do-dia-mundial-da-lingua-portuguesa-unesco-da-lingua-portuguesa-e-da-cultura-na-cplp-e-da-presidencia-portuguesa-rotativa-da-uniao-europeia\/#breadcrumb\",\"itemListElement\":[{\"@type\":\"ListItem\",\"position\":1,\"name\":\"Home\",\"item\":\"https:\/\/www.uni.lu\/fr\/\"},{\"@type\":\"ListItem\",\"position\":2,\"name\":\"Events\",\"item\":\"https:\/\/www.uni.lu\/fr\/events\/\"},{\"@type\":\"ListItem\",\"position\":3,\"name\":\"Mundos da Lusofonia Celebra\u00e7\u00f5es do Dia Mundial da L\u00edngua Portuguesa (Unesco), da L\u00edngua Portuguesa e da Cultura na CPLP e da Presid\u00eancia Portuguesa rotativa da Uni\u00e3o Europeia\"}]},{\"@type\":\"WebSite\",\"@id\":\"https:\/\/www.uni.lu\/fr\/#website\",\"url\":\"https:\/\/www.uni.lu\/fr\/\",\"name\":\"Uni.lu\",\"description\":\"Universit\u00e9 du Luxembourg\",\"publisher\":{\"@id\":\"https:\/\/www.uni.lu\/fr\/#organization\"},\"alternateName\":\"Universit\u00e9 du Luxembourg\",\"potentialAction\":[{\"@type\":\"SearchAction\",\"target\":{\"@type\":\"EntryPoint\",\"urlTemplate\":\"https:\/\/www.uni.lu\/fr\/?s={search_term_string}\"},\"query-input\":\"required name=search_term_string\"}],\"inLanguage\":\"fr-FR\"},{\"@type\":\"Organization\",\"@id\":\"https:\/\/www.uni.lu\/fr\/#organization\",\"name\":\"Universit\u00e9 du Luxembourg\",\"alternateName\":\"Uni.lu\",\"url\":\"https:\/\/www.uni.lu\/fr\/\",\"logo\":{\"@type\":\"ImageObject\",\"inLanguage\":\"fr-FR\",\"@id\":\"https:\/\/www.uni.lu\/fr\/#\/schema\/logo\/image\/\",\"url\":\"https:\/\/www.uni.lu\/wp-content\/uploads\/sites\/11\/2026\/03\/03120045\/UNIV_SM-Profile_1600x1600px-scaled.jpg\",\"contentUrl\":\"https:\/\/www.uni.lu\/wp-content\/uploads\/sites\/11\/2026\/03\/03120045\/UNIV_SM-Profile_1600x1600px-scaled.jpg\",\"width\":2560,\"height\":2560,\"caption\":\"Universit\u00e9 du Luxembourg\"},\"image\":\"https:\/\/www.uni.lu\/wp-content\/uploads\/sites\/11\/2026\/04\/24120552\/20200609-Belval-Campus_Henri-Goergen-23.jpg\",\"sameAs\":[\"https:\/\/www.facebook.com\/uni.lu\",\"https:\/\/www.linkedin.com\/school\/university-of-luxembourg\/\",\"https:\/\/www.instagram.com\/uni.lu\",\"https:\/\/www.youtube.com\/@uni_lu\",\"https:\/\/en.wikipedia.org\/wiki\/University_of_Luxembourg\"],\"email\":\"communication@uni.lu\",\"telephone\":\"+352 46 66 44 1\",\"address\":{\"@type\":\"PostalAddress\",\"streetAddress\":\"2, place de l\u2019Universit\u00e9\",\"addressLocality\":\"Esch-sur-Alzette\",\"postalCode\":\"4365\",\"addressCountry\":\"LU\"},\"description\":\"Universit\u00e9 du Luxembourg\"}]}<\/script>\n<!-- \/ Yoast SEO Premium plugin. -->","yoast_head_json":{"title":"Mundos da Lusofonia Celebra\u00e7\u00f5es do Dia Mundial da L\u00edngua Portuguesa (Unesco), da L\u00edngua Portuguesa e da Cultura na CPLP e da Presid\u00eancia Portuguesa rotativa da Uni\u00e3o Europeia - Universit\u00e9 du Luxembourg","description":"Conf\u00e9rences \u00e0 distance et exposition, organis\u00e9es par le lectorat de langue et culture portugaises de l\u2019Institut Cam\u00f5es \u00e0 l\u2019Universit\u00e9 du Luxembourg, en","robots":{"index":"index","follow":"follow","max-snippet":"max-snippet:-1","max-image-preview":"max-image-preview:large","max-video-preview":"max-video-preview:-1"},"canonical":"https:\/\/www.uni.lu\/fr\/events\/mundos-da-lusofonia-celebracoes-do-dia-mundial-da-lingua-portuguesa-unesco-da-lingua-portuguesa-e-da-cultura-na-cplp-e-da-presidencia-portuguesa-rotativa-da-uniao-europeia\/","og_locale":"fr_FR","og_type":"article","og_title":"Mundos da Lusofonia Celebra\u00e7\u00f5es do Dia Mundial da L\u00edngua Portuguesa (Unesco), da L\u00edngua Portuguesa e da Cultura na CPLP e da Presid\u00eancia Portuguesa rotativa da Uni\u00e3o Europeia","og_description":"Conf\u00e9rences \u00e0 distance et exposition, organis\u00e9es par le lectorat de langue et culture portugaises de l\u2019Institut Cam\u00f5es \u00e0 l\u2019Universit\u00e9 du Luxembourg, en","og_url":"https:\/\/www.uni.lu\/fr\/events\/mundos-da-lusofonia-celebracoes-do-dia-mundial-da-lingua-portuguesa-unesco-da-lingua-portuguesa-e-da-cultura-na-cplp-e-da-presidencia-portuguesa-rotativa-da-uniao-europeia\/","og_site_name":"UNI FR","article_publisher":"https:\/\/www.facebook.com\/uni.lu","og_image":[{"width":2560,"height":2560,"url":"https:\/\/www.uni.lu\/wp-content\/uploads\/sites\/11\/2026\/03\/03120045\/UNIV_SM-Profile_1600x1600px-scaled.jpg","type":"image\/jpeg"}],"twitter_card":"summary_large_image","twitter_misc":{"Dur\u00e9e de lecture estim\u00e9e":"1 minute"},"schema":{"@context":"https:\/\/schema.org","@graph":[{"@type":"WebPage","@id":"https:\/\/www.uni.lu\/fr\/events\/mundos-da-lusofonia-celebracoes-do-dia-mundial-da-lingua-portuguesa-unesco-da-lingua-portuguesa-e-da-cultura-na-cplp-e-da-presidencia-portuguesa-rotativa-da-uniao-europeia\/","url":"https:\/\/www.uni.lu\/fr\/events\/mundos-da-lusofonia-celebracoes-do-dia-mundial-da-lingua-portuguesa-unesco-da-lingua-portuguesa-e-da-cultura-na-cplp-e-da-presidencia-portuguesa-rotativa-da-uniao-europeia\/","name":"Mundos da Lusofonia Celebra\u00e7\u00f5es do Dia Mundial da L\u00edngua Portuguesa (Unesco), da L\u00edngua Portuguesa e da Cultura na CPLP e da Presid\u00eancia Portuguesa rotativa da Uni\u00e3o Europeia - Universit\u00e9 du Luxembourg","isPartOf":{"@id":"https:\/\/www.uni.lu\/fr\/#website"},"primaryImageOfPage":{"@id":"https:\/\/www.uni.lu\/fr\/events\/mundos-da-lusofonia-celebracoes-do-dia-mundial-da-lingua-portuguesa-unesco-da-lingua-portuguesa-e-da-cultura-na-cplp-e-da-presidencia-portuguesa-rotativa-da-uniao-europeia\/#primaryimage"},"image":{"@id":"https:\/\/www.uni.lu\/fr\/events\/mundos-da-lusofonia-celebracoes-do-dia-mundial-da-lingua-portuguesa-unesco-da-lingua-portuguesa-e-da-cultura-na-cplp-e-da-presidencia-portuguesa-rotativa-da-uniao-europeia\/#primaryimage"},"thumbnailUrl":"https:\/\/www.uni.lu\/wp-content\/uploads\/sites\/11\/2021\/04\/mundos_da_lusofonia_celebracoes_do_dia_mundial_da_lingua_portuguesa_unesco_da_lingua_portuguesa_e_da_cultura_na_cplp_e_da_presidencia_portuguesa.jpg","datePublished":"2021-04-22T15:32:08+00:00","dateModified":"2021-04-22T15:32:08+00:00","description":"Conf\u00e9rences \u00e0 distance et exposition, organis\u00e9es par le lectorat de langue et culture portugaises de l\u2019Institut Cam\u00f5es \u00e0 l\u2019Universit\u00e9 du Luxembourg, en","breadcrumb":{"@id":"https:\/\/www.uni.lu\/fr\/events\/mundos-da-lusofonia-celebracoes-do-dia-mundial-da-lingua-portuguesa-unesco-da-lingua-portuguesa-e-da-cultura-na-cplp-e-da-presidencia-portuguesa-rotativa-da-uniao-europeia\/#breadcrumb"},"inLanguage":"fr-FR","potentialAction":[{"@type":"ReadAction","target":["https:\/\/www.uni.lu\/fr\/events\/mundos-da-lusofonia-celebracoes-do-dia-mundial-da-lingua-portuguesa-unesco-da-lingua-portuguesa-e-da-cultura-na-cplp-e-da-presidencia-portuguesa-rotativa-da-uniao-europeia\/"]}]},{"@type":"ImageObject","inLanguage":"fr-FR","@id":"https:\/\/www.uni.lu\/fr\/events\/mundos-da-lusofonia-celebracoes-do-dia-mundial-da-lingua-portuguesa-unesco-da-lingua-portuguesa-e-da-cultura-na-cplp-e-da-presidencia-portuguesa-rotativa-da-uniao-europeia\/#primaryimage","url":"https:\/\/www.uni.lu\/wp-content\/uploads\/sites\/11\/2021\/04\/mundos_da_lusofonia_celebracoes_do_dia_mundial_da_lingua_portuguesa_unesco_da_lingua_portuguesa_e_da_cultura_na_cplp_e_da_presidencia_portuguesa.jpg","contentUrl":"https:\/\/www.uni.lu\/wp-content\/uploads\/sites\/11\/2021\/04\/mundos_da_lusofonia_celebracoes_do_dia_mundial_da_lingua_portuguesa_unesco_da_lingua_portuguesa_e_da_cultura_na_cplp_e_da_presidencia_portuguesa.jpg","width":664,"height":637},{"@type":"BreadcrumbList","@id":"https:\/\/www.uni.lu\/fr\/events\/mundos-da-lusofonia-celebracoes-do-dia-mundial-da-lingua-portuguesa-unesco-da-lingua-portuguesa-e-da-cultura-na-cplp-e-da-presidencia-portuguesa-rotativa-da-uniao-europeia\/#breadcrumb","itemListElement":[{"@type":"ListItem","position":1,"name":"Home","item":"https:\/\/www.uni.lu\/fr\/"},{"@type":"ListItem","position":2,"name":"Events","item":"https:\/\/www.uni.lu\/fr\/events\/"},{"@type":"ListItem","position":3,"name":"Mundos da Lusofonia Celebra\u00e7\u00f5es do Dia Mundial da L\u00edngua Portuguesa (Unesco), da L\u00edngua Portuguesa e da Cultura na CPLP e da Presid\u00eancia Portuguesa rotativa da Uni\u00e3o Europeia"}]},{"@type":"WebSite","@id":"https:\/\/www.uni.lu\/fr\/#website","url":"https:\/\/www.uni.lu\/fr\/","name":"Uni.lu","description":"Universit\u00e9 du Luxembourg","publisher":{"@id":"https:\/\/www.uni.lu\/fr\/#organization"},"alternateName":"Universit\u00e9 du Luxembourg","potentialAction":[{"@type":"SearchAction","target":{"@type":"EntryPoint","urlTemplate":"https:\/\/www.uni.lu\/fr\/?s={search_term_string}"},"query-input":"required name=search_term_string"}],"inLanguage":"fr-FR"},{"@type":"Organization","@id":"https:\/\/www.uni.lu\/fr\/#organization","name":"Universit\u00e9 du Luxembourg","alternateName":"Uni.lu","url":"https:\/\/www.uni.lu\/fr\/","logo":{"@type":"ImageObject","inLanguage":"fr-FR","@id":"https:\/\/www.uni.lu\/fr\/#\/schema\/logo\/image\/","url":"https:\/\/www.uni.lu\/wp-content\/uploads\/sites\/11\/2026\/03\/03120045\/UNIV_SM-Profile_1600x1600px-scaled.jpg","contentUrl":"https:\/\/www.uni.lu\/wp-content\/uploads\/sites\/11\/2026\/03\/03120045\/UNIV_SM-Profile_1600x1600px-scaled.jpg","width":2560,"height":2560,"caption":"Universit\u00e9 du Luxembourg"},"image":"https:\/\/www.uni.lu\/wp-content\/uploads\/sites\/11\/2026\/04\/24120552\/20200609-Belval-Campus_Henri-Goergen-23.jpg","sameAs":["https:\/\/www.facebook.com\/uni.lu","https:\/\/www.linkedin.com\/school\/university-of-luxembourg\/","https:\/\/www.instagram.com\/uni.lu","https:\/\/www.youtube.com\/@uni_lu","https:\/\/en.wikipedia.org\/wiki\/University_of_Luxembourg"],"email":"communication@uni.lu","telephone":"+352 46 66 44 1","address":{"@type":"PostalAddress","streetAddress":"2, place de l\u2019Universit\u00e9","addressLocality":"Esch-sur-Alzette","postalCode":"4365","addressCountry":"LU"},"description":"Universit\u00e9 du Luxembourg"}]}},"_links":{"self":[{"href":"https:\/\/www.uni.lu\/fr\/wp-json\/wp\/v2\/events\/8570"}],"collection":[{"href":"https:\/\/www.uni.lu\/fr\/wp-json\/wp\/v2\/events"}],"about":[{"href":"https:\/\/www.uni.lu\/fr\/wp-json\/wp\/v2\/types\/events"}],"replies":[{"embeddable":true,"href":"https:\/\/www.uni.lu\/fr\/wp-json\/wp\/v2\/comments?post=8570"}],"version-history":[{"count":0,"href":"https:\/\/www.uni.lu\/fr\/wp-json\/wp\/v2\/events\/8570\/revisions"}],"wp:featuredmedia":[{"embeddable":true,"href":"https:\/\/www.uni.lu\/fr\/wp-json\/wp\/v2\/media\/8571"}],"wp:attachment":[{"href":"https:\/\/www.uni.lu\/fr\/wp-json\/wp\/v2\/media?parent=8570"}],"wp:term":[{"taxonomy":"events-topic","embeddable":true,"href":"https:\/\/www.uni.lu\/fr\/wp-json\/wp\/v2\/events-topic?post=8570"},{"taxonomy":"events-type","embeddable":true,"href":"https:\/\/www.uni.lu\/fr\/wp-json\/wp\/v2\/events-type?post=8570"},{"taxonomy":"organisation","embeddable":true,"href":"https:\/\/www.uni.lu\/fr\/wp-json\/wp\/v2\/organisation?post=8570"}],"curies":[{"name":"wp","href":"https:\/\/api.w.org\/{rel}","templated":true}]}}