{"id":8431,"date":"2020-11-27T09:56:22","date_gmt":"2020-11-27T08:56:22","guid":{"rendered":"https:\/\/www.uni.lu\/fr\/events\/astigmath-le-ciel-dans-tous-ses-etats\/"},"modified":"2020-11-27T09:56:22","modified_gmt":"2020-11-27T08:56:22","slug":"astigmath-le-ciel-dans-tous-ses-etats","status":"publish","type":"events","link":"https:\/\/www.uni.lu\/fr\/events\/astigmath-le-ciel-dans-tous-ses-etats\/","title":{"rendered":"Astigmath &#8211; Le ciel dans tous ses \u00e9tats"},"content":{"rendered":"<section class=\"wp-block-unilux-blocks-free-section section\"><div class=\"container xl:max-w-screen-xl\"><p>Les math\u00e9matiques pour \u00e9tudier l&rsquo;espace? Les liens entre les math\u00e9matiques et l&rsquo;astronomie ou la cosmologie sont tr\u00e8s anciens. Mais qui sait \u00e0 quel point ils nourissent le d\u00e9veloppement des math\u00e9matiques contemporaines?\u00a0<\/p><p><figure class=\"wp-block-dev4-reusable-blocks-image  object-fit--contain\">\n    \n<img decoding=\"async\" class=\"wp-block-image unilux-custom-image-block\"\n                alt=\"\"\n            src=\"https:\/\/www.uni.lu\/wp-content\/uploads\/sites\/11\/2024\/01\/bandeau_ciel.jpg\"\n                srcset=\"https:\/\/www.uni.lu\/wp-content\/uploads\/sites\/11\/2024\/01\/bandeau_ciel-300x113.jpg 300w, https:\/\/www.uni.lu\/wp-content\/uploads\/sites\/11\/2024\/01\/bandeau_ciel.jpg 500w\"\n                style=\"object-position: 50.00% 50.00%; font-family: &quot;object-fit: contain; object-position: 50.00% 50.00%;&quot;; aspect-ratio: 21\/9; object-fit: contain; width: 100%;\"\n        loading=\"lazy\"\n\/>    <\/figure><\/p><p>Le\u00a0<a href=\"https:\/\/www.pug.fr\/produit\/1692\/9782706142741\/calendrier-mathematique-2021\" target=\"_blank\" title=\"\" rel=\"noopener\">calendrier math\u00e9matique 2021 \u00ab\u00a0Le ciel dans tous ses \u00e9tats\u00a0\u00bb<\/a>\u00a0met en lumi\u00e8re ces formidables interactions au travers de textes introductifs et de tr\u00e8s beaux visuels. Qui plus est, chaque jour est agr\u00e9ment\u00e9 d&rsquo;une \u00e9nigme math\u00e9matique.<\/p><p>Pour c\u00e9l\u00e9brer la parution du calendrier, Astigmath lui consacre un quiz interactif, avec des calendriers \u00e0 gagner. Nous aurons comme invit\u00e9e d&rsquo;honneur, une des autrices de ses textes, la math\u00e9maticienne\u00a0<a href=\"https:\/\/romaskevich.carrd.co\/\" target=\"_blank\" title=\"\" rel=\"noopener\">Olga Paris-Romaskevich<\/a>.<\/p><\/div><\/section>","protected":false},"excerpt":{"rendered":"<p>Les math\u00e9matiques pour \u00e9tudier l&rsquo;espace? Les liens entre les math\u00e9matiques et l&rsquo;astronomie ou la cosmologie sont tr\u00e8s anciens. Mais qui sait \u00e0 quel point ils nourissent le d\u00e9veloppement des math\u00e9matiques contemporaines?\u00a0<\/p>\n","protected":false},"author":0,"featured_media":8432,"parent":0,"menu_order":0,"comment_status":"open","ping_status":"closed","template":"","format":"standard","meta":{"featured_image_focal_point":[],"show_featured_caption":false,"ulux_newsletter_groups":"","uluxPostTitle":"","uluxPrePostTitle":"","_trash_the_other_posts":false,"_price":"","_stock":"","_tribe_ticket_header":"","_tribe_default_ticket_provider":"","_tribe_ticket_capacity":"0","_ticket_start_date":"","_ticket_end_date":"","_tribe_ticket_show_description":"","_tribe_ticket_show_not_going":false,"_tribe_ticket_use_global_stock":"","_tribe_ticket_global_stock_level":"","_global_stock_mode":"","_global_stock_cap":"","_tribe_rsvp_for_event":"","_tribe_ticket_going_count":"","_tribe_ticket_not_going_count":"","_tribe_tickets_list":"[]","_tribe_ticket_has_attendee_info_fields":false,"event_start_date":"2020-12-03 19:00:00","event_end_date":"2020-12-03 20:00:00","event_speaker_name":"","event_speaker_link":"","event_is_online":false,"event_location":"Online","event_street":"","event_location_link":"","event_zip_code":"","event_city":"","event_country":"LU"},"events-topic":[315],"events-type":[327],"organisation":[61,25,226],"authorship":[],"acf":[],"yoast_head":"<!-- This site is optimized with the Yoast SEO Premium plugin v22.3 (Yoast SEO v22.3) - https:\/\/yoast.com\/wordpress\/plugins\/seo\/ -->\n<title>Astigmath - Le ciel dans tous ses \u00e9tats - Universit\u00e9 du Luxembourg<\/title>\n<meta name=\"description\" content=\"Les math\u00e9matiques pour \u00e9tudier l&#039;espace? Les liens entre les math\u00e9matiques et l&#039;astronomie ou la cosmologie sont tr\u00e8s anciens. Mais qui sait \u00e0 quel point ils nourissent le d\u00e9veloppement des math\u00e9matiques contemporaines?\u00a0\" \/>\n<meta name=\"robots\" content=\"index, follow, max-snippet:-1, max-image-preview:large, max-video-preview:-1\" \/>\n<link rel=\"canonical\" href=\"https:\/\/www.uni.lu\/fr\/events\/astigmath-le-ciel-dans-tous-ses-etats\/\" \/>\n<meta property=\"og:locale\" content=\"fr_FR\" \/>\n<meta property=\"og:type\" content=\"article\" \/>\n<meta property=\"og:title\" content=\"Astigmath - Le ciel dans tous ses \u00e9tats\" \/>\n<meta property=\"og:description\" content=\"Les math\u00e9matiques pour \u00e9tudier l&#039;espace? Les liens entre les math\u00e9matiques et l&#039;astronomie ou la cosmologie sont tr\u00e8s anciens. Mais qui sait \u00e0 quel point ils nourissent le d\u00e9veloppement des math\u00e9matiques contemporaines?\u00a0\" \/>\n<meta property=\"og:url\" content=\"https:\/\/www.uni.lu\/fr\/events\/astigmath-le-ciel-dans-tous-ses-etats\/\" \/>\n<meta property=\"og:site_name\" content=\"UNI FR\" \/>\n<meta property=\"article:publisher\" content=\"https:\/\/www.facebook.com\/uni.lu\" \/>\n<meta property=\"og:image\" content=\"https:\/\/www.uni.lu\/wp-content\/uploads\/sites\/11\/2026\/03\/03120045\/UNIV_SM-Profile_1600x1600px-scaled.jpg\" \/>\n\t<meta property=\"og:image:width\" content=\"2560\" \/>\n\t<meta property=\"og:image:height\" content=\"2560\" \/>\n\t<meta property=\"og:image:type\" content=\"image\/jpeg\" \/>\n<meta name=\"twitter:card\" content=\"summary_large_image\" \/>\n<meta name=\"twitter:label1\" content=\"Dur\u00e9e de lecture estim\u00e9e\" \/>\n\t<meta name=\"twitter:data1\" content=\"1 minute\" \/>\n<script type=\"application\/ld+json\" class=\"yoast-schema-graph\">{\"@context\":\"https:\/\/schema.org\",\"@graph\":[{\"@type\":\"WebPage\",\"@id\":\"https:\/\/www.uni.lu\/fr\/events\/astigmath-le-ciel-dans-tous-ses-etats\/\",\"url\":\"https:\/\/www.uni.lu\/fr\/events\/astigmath-le-ciel-dans-tous-ses-etats\/\",\"name\":\"Astigmath - Le ciel dans tous ses \u00e9tats - Universit\u00e9 du Luxembourg\",\"isPartOf\":{\"@id\":\"https:\/\/www.uni.lu\/fr\/#website\"},\"primaryImageOfPage\":{\"@id\":\"https:\/\/www.uni.lu\/fr\/events\/astigmath-le-ciel-dans-tous-ses-etats\/#primaryimage\"},\"image\":{\"@id\":\"https:\/\/www.uni.lu\/fr\/events\/astigmath-le-ciel-dans-tous-ses-etats\/#primaryimage\"},\"thumbnailUrl\":\"https:\/\/www.uni.lu\/wp-content\/uploads\/sites\/11\/2020\/11\/astigmath_le_ciel_dans_tous_ses_etats.jpg\",\"datePublished\":\"2020-11-27T08:56:22+00:00\",\"dateModified\":\"2020-11-27T08:56:22+00:00\",\"description\":\"Les math\u00e9matiques pour \u00e9tudier l'espace? Les liens entre les math\u00e9matiques et l'astronomie ou la cosmologie sont tr\u00e8s anciens. Mais qui sait \u00e0 quel point ils nourissent le d\u00e9veloppement des math\u00e9matiques contemporaines?\u00a0\",\"breadcrumb\":{\"@id\":\"https:\/\/www.uni.lu\/fr\/events\/astigmath-le-ciel-dans-tous-ses-etats\/#breadcrumb\"},\"inLanguage\":\"fr-FR\",\"potentialAction\":[{\"@type\":\"ReadAction\",\"target\":[\"https:\/\/www.uni.lu\/fr\/events\/astigmath-le-ciel-dans-tous-ses-etats\/\"]}]},{\"@type\":\"ImageObject\",\"inLanguage\":\"fr-FR\",\"@id\":\"https:\/\/www.uni.lu\/fr\/events\/astigmath-le-ciel-dans-tous-ses-etats\/#primaryimage\",\"url\":\"https:\/\/www.uni.lu\/wp-content\/uploads\/sites\/11\/2020\/11\/astigmath_le_ciel_dans_tous_ses_etats.jpg\",\"contentUrl\":\"https:\/\/www.uni.lu\/wp-content\/uploads\/sites\/11\/2020\/11\/astigmath_le_ciel_dans_tous_ses_etats.jpg\",\"width\":800,\"height\":600},{\"@type\":\"BreadcrumbList\",\"@id\":\"https:\/\/www.uni.lu\/fr\/events\/astigmath-le-ciel-dans-tous-ses-etats\/#breadcrumb\",\"itemListElement\":[{\"@type\":\"ListItem\",\"position\":1,\"name\":\"Home\",\"item\":\"https:\/\/www.uni.lu\/fr\/\"},{\"@type\":\"ListItem\",\"position\":2,\"name\":\"Events\",\"item\":\"https:\/\/www.uni.lu\/fr\/events\/\"},{\"@type\":\"ListItem\",\"position\":3,\"name\":\"Astigmath - Le ciel dans tous ses \u00e9tats\"}]},{\"@type\":\"WebSite\",\"@id\":\"https:\/\/www.uni.lu\/fr\/#website\",\"url\":\"https:\/\/www.uni.lu\/fr\/\",\"name\":\"Uni.lu\",\"description\":\"Universit\u00e9 du Luxembourg\",\"publisher\":{\"@id\":\"https:\/\/www.uni.lu\/fr\/#organization\"},\"alternateName\":\"Universit\u00e9 du Luxembourg\",\"potentialAction\":[{\"@type\":\"SearchAction\",\"target\":{\"@type\":\"EntryPoint\",\"urlTemplate\":\"https:\/\/www.uni.lu\/fr\/?s={search_term_string}\"},\"query-input\":\"required name=search_term_string\"}],\"inLanguage\":\"fr-FR\"},{\"@type\":\"Organization\",\"@id\":\"https:\/\/www.uni.lu\/fr\/#organization\",\"name\":\"Universit\u00e9 du Luxembourg\",\"alternateName\":\"Uni.lu\",\"url\":\"https:\/\/www.uni.lu\/fr\/\",\"logo\":{\"@type\":\"ImageObject\",\"inLanguage\":\"fr-FR\",\"@id\":\"https:\/\/www.uni.lu\/fr\/#\/schema\/logo\/image\/\",\"url\":\"https:\/\/www.uni.lu\/wp-content\/uploads\/sites\/11\/2026\/03\/03120045\/UNIV_SM-Profile_1600x1600px-scaled.jpg\",\"contentUrl\":\"https:\/\/www.uni.lu\/wp-content\/uploads\/sites\/11\/2026\/03\/03120045\/UNIV_SM-Profile_1600x1600px-scaled.jpg\",\"width\":2560,\"height\":2560,\"caption\":\"Universit\u00e9 du Luxembourg\"},\"image\":\"https:\/\/www.uni.lu\/wp-content\/uploads\/sites\/11\/2026\/04\/24120552\/20200609-Belval-Campus_Henri-Goergen-23.jpg\",\"sameAs\":[\"https:\/\/www.facebook.com\/uni.lu\",\"https:\/\/www.linkedin.com\/school\/university-of-luxembourg\/\",\"https:\/\/www.instagram.com\/uni.lu\",\"https:\/\/www.youtube.com\/@uni_lu\",\"https:\/\/en.wikipedia.org\/wiki\/University_of_Luxembourg\"],\"email\":\"communication@uni.lu\",\"telephone\":\"+352 46 66 44 1\",\"address\":{\"@type\":\"PostalAddress\",\"streetAddress\":\"2, place de l\u2019Universit\u00e9\",\"addressLocality\":\"Esch-sur-Alzette\",\"postalCode\":\"4365\",\"addressCountry\":\"LU\"},\"description\":\"Universit\u00e9 du Luxembourg\"}]}<\/script>\n<!-- \/ Yoast SEO Premium plugin. -->","yoast_head_json":{"title":"Astigmath - Le ciel dans tous ses \u00e9tats - Universit\u00e9 du Luxembourg","description":"Les math\u00e9matiques pour \u00e9tudier l'espace? Les liens entre les math\u00e9matiques et l'astronomie ou la cosmologie sont tr\u00e8s anciens. Mais qui sait \u00e0 quel point ils nourissent le d\u00e9veloppement des math\u00e9matiques contemporaines?\u00a0","robots":{"index":"index","follow":"follow","max-snippet":"max-snippet:-1","max-image-preview":"max-image-preview:large","max-video-preview":"max-video-preview:-1"},"canonical":"https:\/\/www.uni.lu\/fr\/events\/astigmath-le-ciel-dans-tous-ses-etats\/","og_locale":"fr_FR","og_type":"article","og_title":"Astigmath - Le ciel dans tous ses \u00e9tats","og_description":"Les math\u00e9matiques pour \u00e9tudier l'espace? Les liens entre les math\u00e9matiques et l'astronomie ou la cosmologie sont tr\u00e8s anciens. Mais qui sait \u00e0 quel point ils nourissent le d\u00e9veloppement des math\u00e9matiques contemporaines?\u00a0","og_url":"https:\/\/www.uni.lu\/fr\/events\/astigmath-le-ciel-dans-tous-ses-etats\/","og_site_name":"UNI FR","article_publisher":"https:\/\/www.facebook.com\/uni.lu","og_image":[{"width":2560,"height":2560,"url":"https:\/\/www.uni.lu\/wp-content\/uploads\/sites\/11\/2026\/03\/03120045\/UNIV_SM-Profile_1600x1600px-scaled.jpg","type":"image\/jpeg"}],"twitter_card":"summary_large_image","twitter_misc":{"Dur\u00e9e de lecture estim\u00e9e":"1 minute"},"schema":{"@context":"https:\/\/schema.org","@graph":[{"@type":"WebPage","@id":"https:\/\/www.uni.lu\/fr\/events\/astigmath-le-ciel-dans-tous-ses-etats\/","url":"https:\/\/www.uni.lu\/fr\/events\/astigmath-le-ciel-dans-tous-ses-etats\/","name":"Astigmath - Le ciel dans tous ses \u00e9tats - Universit\u00e9 du Luxembourg","isPartOf":{"@id":"https:\/\/www.uni.lu\/fr\/#website"},"primaryImageOfPage":{"@id":"https:\/\/www.uni.lu\/fr\/events\/astigmath-le-ciel-dans-tous-ses-etats\/#primaryimage"},"image":{"@id":"https:\/\/www.uni.lu\/fr\/events\/astigmath-le-ciel-dans-tous-ses-etats\/#primaryimage"},"thumbnailUrl":"https:\/\/www.uni.lu\/wp-content\/uploads\/sites\/11\/2020\/11\/astigmath_le_ciel_dans_tous_ses_etats.jpg","datePublished":"2020-11-27T08:56:22+00:00","dateModified":"2020-11-27T08:56:22+00:00","description":"Les math\u00e9matiques pour \u00e9tudier l'espace? Les liens entre les math\u00e9matiques et l'astronomie ou la cosmologie sont tr\u00e8s anciens. Mais qui sait \u00e0 quel point ils nourissent le d\u00e9veloppement des math\u00e9matiques contemporaines?\u00a0","breadcrumb":{"@id":"https:\/\/www.uni.lu\/fr\/events\/astigmath-le-ciel-dans-tous-ses-etats\/#breadcrumb"},"inLanguage":"fr-FR","potentialAction":[{"@type":"ReadAction","target":["https:\/\/www.uni.lu\/fr\/events\/astigmath-le-ciel-dans-tous-ses-etats\/"]}]},{"@type":"ImageObject","inLanguage":"fr-FR","@id":"https:\/\/www.uni.lu\/fr\/events\/astigmath-le-ciel-dans-tous-ses-etats\/#primaryimage","url":"https:\/\/www.uni.lu\/wp-content\/uploads\/sites\/11\/2020\/11\/astigmath_le_ciel_dans_tous_ses_etats.jpg","contentUrl":"https:\/\/www.uni.lu\/wp-content\/uploads\/sites\/11\/2020\/11\/astigmath_le_ciel_dans_tous_ses_etats.jpg","width":800,"height":600},{"@type":"BreadcrumbList","@id":"https:\/\/www.uni.lu\/fr\/events\/astigmath-le-ciel-dans-tous-ses-etats\/#breadcrumb","itemListElement":[{"@type":"ListItem","position":1,"name":"Home","item":"https:\/\/www.uni.lu\/fr\/"},{"@type":"ListItem","position":2,"name":"Events","item":"https:\/\/www.uni.lu\/fr\/events\/"},{"@type":"ListItem","position":3,"name":"Astigmath - Le ciel dans tous ses \u00e9tats"}]},{"@type":"WebSite","@id":"https:\/\/www.uni.lu\/fr\/#website","url":"https:\/\/www.uni.lu\/fr\/","name":"Uni.lu","description":"Universit\u00e9 du Luxembourg","publisher":{"@id":"https:\/\/www.uni.lu\/fr\/#organization"},"alternateName":"Universit\u00e9 du Luxembourg","potentialAction":[{"@type":"SearchAction","target":{"@type":"EntryPoint","urlTemplate":"https:\/\/www.uni.lu\/fr\/?s={search_term_string}"},"query-input":"required name=search_term_string"}],"inLanguage":"fr-FR"},{"@type":"Organization","@id":"https:\/\/www.uni.lu\/fr\/#organization","name":"Universit\u00e9 du Luxembourg","alternateName":"Uni.lu","url":"https:\/\/www.uni.lu\/fr\/","logo":{"@type":"ImageObject","inLanguage":"fr-FR","@id":"https:\/\/www.uni.lu\/fr\/#\/schema\/logo\/image\/","url":"https:\/\/www.uni.lu\/wp-content\/uploads\/sites\/11\/2026\/03\/03120045\/UNIV_SM-Profile_1600x1600px-scaled.jpg","contentUrl":"https:\/\/www.uni.lu\/wp-content\/uploads\/sites\/11\/2026\/03\/03120045\/UNIV_SM-Profile_1600x1600px-scaled.jpg","width":2560,"height":2560,"caption":"Universit\u00e9 du Luxembourg"},"image":"https:\/\/www.uni.lu\/wp-content\/uploads\/sites\/11\/2026\/04\/24120552\/20200609-Belval-Campus_Henri-Goergen-23.jpg","sameAs":["https:\/\/www.facebook.com\/uni.lu","https:\/\/www.linkedin.com\/school\/university-of-luxembourg\/","https:\/\/www.instagram.com\/uni.lu","https:\/\/www.youtube.com\/@uni_lu","https:\/\/en.wikipedia.org\/wiki\/University_of_Luxembourg"],"email":"communication@uni.lu","telephone":"+352 46 66 44 1","address":{"@type":"PostalAddress","streetAddress":"2, place de l\u2019Universit\u00e9","addressLocality":"Esch-sur-Alzette","postalCode":"4365","addressCountry":"LU"},"description":"Universit\u00e9 du Luxembourg"}]}},"_links":{"self":[{"href":"https:\/\/www.uni.lu\/fr\/wp-json\/wp\/v2\/events\/8431"}],"collection":[{"href":"https:\/\/www.uni.lu\/fr\/wp-json\/wp\/v2\/events"}],"about":[{"href":"https:\/\/www.uni.lu\/fr\/wp-json\/wp\/v2\/types\/events"}],"replies":[{"embeddable":true,"href":"https:\/\/www.uni.lu\/fr\/wp-json\/wp\/v2\/comments?post=8431"}],"version-history":[{"count":0,"href":"https:\/\/www.uni.lu\/fr\/wp-json\/wp\/v2\/events\/8431\/revisions"}],"wp:featuredmedia":[{"embeddable":true,"href":"https:\/\/www.uni.lu\/fr\/wp-json\/wp\/v2\/media\/8432"}],"wp:attachment":[{"href":"https:\/\/www.uni.lu\/fr\/wp-json\/wp\/v2\/media?parent=8431"}],"wp:term":[{"taxonomy":"events-topic","embeddable":true,"href":"https:\/\/www.uni.lu\/fr\/wp-json\/wp\/v2\/events-topic?post=8431"},{"taxonomy":"events-type","embeddable":true,"href":"https:\/\/www.uni.lu\/fr\/wp-json\/wp\/v2\/events-type?post=8431"},{"taxonomy":"organisation","embeddable":true,"href":"https:\/\/www.uni.lu\/fr\/wp-json\/wp\/v2\/organisation?post=8431"}],"curies":[{"name":"wp","href":"https:\/\/api.w.org\/{rel}","templated":true}]}}