{"id":8254,"date":"2020-05-11T16:38:11","date_gmt":"2020-05-11T14:38:11","guid":{"rendered":"https:\/\/www.uni.lu\/fr\/events\/international-day-for-women-in-mathematics\/"},"modified":"2020-05-11T16:38:11","modified_gmt":"2020-05-11T14:38:11","slug":"international-day-for-women-in-mathematics","status":"publish","type":"events","link":"https:\/\/www.uni.lu\/fr\/events\/international-day-for-women-in-mathematics\/","title":{"rendered":"International Day for Women in Mathematics"},"content":{"rendered":"<section class=\"wp-block-unilux-blocks-free-section section\"><div class=\"container xl:max-w-screen-xl\"><p>The University of Luxembourg will celebrate the International Day for Women in Mathematics by\u00a0organising general audience trivia quizzes on mathematics and mathematicians. The first one (Astigmath) is in French at 15:30 with have Olga Paris-Romaskevich as a special guest. The second one is in English (Convergence) at 17:00 with Amie Wilkinson as special guest.<\/p>\n<h4 class=\"has-text-align-left wp-block-unilux-blocks-heading\"        id=\"astigmath-quiz-girls-exploring-math-de-15h30-a-16h15-francais\"\n    >\nAstigmath : Quiz\u00a0\u00ab\u00a0Girls Exploring Math\u00a0\u00bb de 15h30 \u00e0 16h15 (Fran\u00e7ais)<\/h4>\n<p>Astigmath organise un quiz sp\u00e9cial GEM \u00ab\u00a0Girls Exploring Math\u00a0\u00bb \u00e0 destination des lyc\u00e9en\u00b7nes. Venez c\u00e9l\u00e9brer les math\u00e9maticiennes du monde entier avec nous ! Nous aurons le plaisir d&rsquo;accueillir\u00a0<a href=\"https:\/\/romaskevich.carrd.co\/\" target=\"_blank\" title=\"\" rel=\"noopener\">Olga Paris-Romaskevich<\/a>\u00a0comme invit\u00e9e pour cet \u00e9v\u00e8nement!<\/p>\n<h4 class=\"has-text-align-left wp-block-unilux-blocks-heading\"        id=\"convergence-where-math-meets-trivia-at-1700-english\"\n    >\nConvergence: where Math meets Trivia at 17:00 (English)<\/h4>\n<p>Let&rsquo;s celebrate with a general audience Mathematics trivia game with\u00a0<a href=\"https:\/\/math.uchicago.edu\/~wilkinso\/\" target=\"_self\" title=\"\" rel=\"noopener\">Amie Wilkinson<\/a>\u00a0from the University of Chicago as a special guest for this international event.<\/p><\/div><\/section>","protected":false},"excerpt":{"rendered":"<p>The University of Luxembourg will celebrate the International Day for Women in Mathematics by\u00a0organising general audience trivia quizzes on mathematics and mathematicians. The first one (Astigmath) is in French at 15:30 with have Olga Paris-Romaskevich as a special guest. The second one is in English (Convergence) at 17:00 with Amie Wilkinson as special guest.<\/p>\n","protected":false},"author":0,"featured_media":8255,"parent":0,"menu_order":0,"comment_status":"open","ping_status":"closed","template":"","format":"standard","meta":{"featured_image_focal_point":[],"show_featured_caption":false,"ulux_newsletter_groups":"","uluxPostTitle":"","uluxPrePostTitle":"","_trash_the_other_posts":false,"_price":"","_stock":"","_tribe_ticket_header":"","_tribe_default_ticket_provider":"","_tribe_ticket_capacity":"0","_ticket_start_date":"","_ticket_end_date":"","_tribe_ticket_show_description":"","_tribe_ticket_show_not_going":false,"_tribe_ticket_use_global_stock":"","_tribe_ticket_global_stock_level":"","_global_stock_mode":"","_global_stock_cap":"","_tribe_rsvp_for_event":"","_tribe_ticket_going_count":"","_tribe_ticket_not_going_count":"","_tribe_tickets_list":"[]","_tribe_ticket_has_attendee_info_fields":false,"event_start_date":"2020-05-12 15:30:00","event_end_date":"2020-05-12 17:45:00","event_speaker_name":"","event_speaker_link":"","event_is_online":false,"event_location":"","event_street":"","event_location_link":"","event_zip_code":"","event_city":"","event_country":"LU"},"events-topic":[315],"events-type":[327],"organisation":[61,25,226],"authorship":[],"acf":[],"yoast_head":"<!-- This site is optimized with the Yoast SEO Premium plugin v22.3 (Yoast SEO v22.3) - https:\/\/yoast.com\/wordpress\/plugins\/seo\/ -->\n<title>International Day for Women in Mathematics - Universit\u00e9 du Luxembourg<\/title>\n<meta name=\"description\" content=\"The University of Luxembourg will celebrate the International Day for Women in Mathematics by\u00a0organising general audience trivia quizzes on mathematics and mathematicians. The first one (Astigmath) is in French at 15:30 with have Olga Paris-Romaskevich as a special guest. The second one is in English (Convergence) at 17:00 with Amie Wilkinson as special guest.\" \/>\n<meta name=\"robots\" content=\"index, follow, max-snippet:-1, max-image-preview:large, max-video-preview:-1\" \/>\n<link rel=\"canonical\" href=\"https:\/\/www.uni.lu\/fr\/events\/international-day-for-women-in-mathematics\/\" \/>\n<meta property=\"og:locale\" content=\"fr_FR\" \/>\n<meta property=\"og:type\" content=\"article\" \/>\n<meta property=\"og:title\" content=\"International Day for Women in Mathematics\" \/>\n<meta property=\"og:description\" content=\"The University of Luxembourg will celebrate the International Day for Women in Mathematics by\u00a0organising general audience trivia quizzes on mathematics and mathematicians. The first one (Astigmath) is in French at 15:30 with have Olga Paris-Romaskevich as a special guest. The second one is in English (Convergence) at 17:00 with Amie Wilkinson as special guest.\" \/>\n<meta property=\"og:url\" content=\"https:\/\/www.uni.lu\/fr\/events\/international-day-for-women-in-mathematics\/\" \/>\n<meta property=\"og:site_name\" content=\"UNI FR\" \/>\n<meta property=\"article:publisher\" content=\"https:\/\/www.facebook.com\/uni.lu\" \/>\n<meta property=\"og:image\" content=\"https:\/\/www.uni.lu\/wp-content\/uploads\/sites\/11\/2026\/03\/03120045\/UNIV_SM-Profile_1600x1600px-scaled.jpg\" \/>\n\t<meta property=\"og:image:width\" content=\"2560\" \/>\n\t<meta property=\"og:image:height\" content=\"2560\" \/>\n\t<meta property=\"og:image:type\" content=\"image\/jpeg\" \/>\n<meta name=\"twitter:card\" content=\"summary_large_image\" \/>\n<meta name=\"twitter:label1\" content=\"Dur\u00e9e de lecture estim\u00e9e\" \/>\n\t<meta name=\"twitter:data1\" content=\"1 minute\" \/>\n<script type=\"application\/ld+json\" class=\"yoast-schema-graph\">{\"@context\":\"https:\/\/schema.org\",\"@graph\":[{\"@type\":\"WebPage\",\"@id\":\"https:\/\/www.uni.lu\/fr\/events\/international-day-for-women-in-mathematics\/\",\"url\":\"https:\/\/www.uni.lu\/fr\/events\/international-day-for-women-in-mathematics\/\",\"name\":\"International Day for Women in Mathematics - Universit\u00e9 du Luxembourg\",\"isPartOf\":{\"@id\":\"https:\/\/www.uni.lu\/fr\/#website\"},\"primaryImageOfPage\":{\"@id\":\"https:\/\/www.uni.lu\/fr\/events\/international-day-for-women-in-mathematics\/#primaryimage\"},\"image\":{\"@id\":\"https:\/\/www.uni.lu\/fr\/events\/international-day-for-women-in-mathematics\/#primaryimage\"},\"thumbnailUrl\":\"https:\/\/www.uni.lu\/wp-content\/uploads\/sites\/11\/2020\/05\/international_day_for_women_in_mathematics.jpg\",\"datePublished\":\"2020-05-11T14:38:11+00:00\",\"dateModified\":\"2020-05-11T14:38:11+00:00\",\"description\":\"The University of Luxembourg will celebrate the International Day for Women in Mathematics by\u00a0organising general audience trivia quizzes on mathematics and mathematicians. The first one (Astigmath) is in French at 15:30 with have Olga Paris-Romaskevich as a special guest. The second one is in English (Convergence) at 17:00 with Amie Wilkinson as special guest.\",\"breadcrumb\":{\"@id\":\"https:\/\/www.uni.lu\/fr\/events\/international-day-for-women-in-mathematics\/#breadcrumb\"},\"inLanguage\":\"fr-FR\",\"potentialAction\":[{\"@type\":\"ReadAction\",\"target\":[\"https:\/\/www.uni.lu\/fr\/events\/international-day-for-women-in-mathematics\/\"]}]},{\"@type\":\"ImageObject\",\"inLanguage\":\"fr-FR\",\"@id\":\"https:\/\/www.uni.lu\/fr\/events\/international-day-for-women-in-mathematics\/#primaryimage\",\"url\":\"https:\/\/www.uni.lu\/wp-content\/uploads\/sites\/11\/2020\/05\/international_day_for_women_in_mathematics.jpg\",\"contentUrl\":\"https:\/\/www.uni.lu\/wp-content\/uploads\/sites\/11\/2020\/05\/international_day_for_women_in_mathematics.jpg\",\"width\":800,\"height\":600},{\"@type\":\"BreadcrumbList\",\"@id\":\"https:\/\/www.uni.lu\/fr\/events\/international-day-for-women-in-mathematics\/#breadcrumb\",\"itemListElement\":[{\"@type\":\"ListItem\",\"position\":1,\"name\":\"Home\",\"item\":\"https:\/\/www.uni.lu\/fr\/\"},{\"@type\":\"ListItem\",\"position\":2,\"name\":\"Events\",\"item\":\"https:\/\/www.uni.lu\/fr\/events\/\"},{\"@type\":\"ListItem\",\"position\":3,\"name\":\"International Day for Women in Mathematics\"}]},{\"@type\":\"WebSite\",\"@id\":\"https:\/\/www.uni.lu\/fr\/#website\",\"url\":\"https:\/\/www.uni.lu\/fr\/\",\"name\":\"Uni.lu\",\"description\":\"Universit\u00e9 du Luxembourg\",\"publisher\":{\"@id\":\"https:\/\/www.uni.lu\/fr\/#organization\"},\"alternateName\":\"Universit\u00e9 du Luxembourg\",\"potentialAction\":[{\"@type\":\"SearchAction\",\"target\":{\"@type\":\"EntryPoint\",\"urlTemplate\":\"https:\/\/www.uni.lu\/fr\/?s={search_term_string}\"},\"query-input\":\"required name=search_term_string\"}],\"inLanguage\":\"fr-FR\"},{\"@type\":\"Organization\",\"@id\":\"https:\/\/www.uni.lu\/fr\/#organization\",\"name\":\"Universit\u00e9 du Luxembourg\",\"alternateName\":\"Uni.lu\",\"url\":\"https:\/\/www.uni.lu\/fr\/\",\"logo\":{\"@type\":\"ImageObject\",\"inLanguage\":\"fr-FR\",\"@id\":\"https:\/\/www.uni.lu\/fr\/#\/schema\/logo\/image\/\",\"url\":\"https:\/\/www.uni.lu\/wp-content\/uploads\/sites\/11\/2026\/03\/03120045\/UNIV_SM-Profile_1600x1600px-scaled.jpg\",\"contentUrl\":\"https:\/\/www.uni.lu\/wp-content\/uploads\/sites\/11\/2026\/03\/03120045\/UNIV_SM-Profile_1600x1600px-scaled.jpg\",\"width\":2560,\"height\":2560,\"caption\":\"Universit\u00e9 du Luxembourg\"},\"image\":\"https:\/\/www.uni.lu\/wp-content\/uploads\/sites\/11\/2026\/04\/24120552\/20200609-Belval-Campus_Henri-Goergen-23.jpg\",\"sameAs\":[\"https:\/\/www.facebook.com\/uni.lu\",\"https:\/\/www.linkedin.com\/school\/university-of-luxembourg\/\",\"https:\/\/www.instagram.com\/uni.lu\",\"https:\/\/www.youtube.com\/@uni_lu\",\"https:\/\/en.wikipedia.org\/wiki\/University_of_Luxembourg\"],\"email\":\"communication@uni.lu\",\"telephone\":\"+352 46 66 44 1\",\"address\":{\"@type\":\"PostalAddress\",\"streetAddress\":\"2, place de l\u2019Universit\u00e9\",\"addressLocality\":\"Esch-sur-Alzette\",\"postalCode\":\"4365\",\"addressCountry\":\"LU\"},\"description\":\"Universit\u00e9 du Luxembourg\"}]}<\/script>\n<!-- \/ Yoast SEO Premium plugin. -->","yoast_head_json":{"title":"International Day for Women in Mathematics - Universit\u00e9 du Luxembourg","description":"The University of Luxembourg will celebrate the International Day for Women in Mathematics by\u00a0organising general audience trivia quizzes on mathematics and mathematicians. The first one (Astigmath) is in French at 15:30 with have Olga Paris-Romaskevich as a special guest. The second one is in English (Convergence) at 17:00 with Amie Wilkinson as special guest.","robots":{"index":"index","follow":"follow","max-snippet":"max-snippet:-1","max-image-preview":"max-image-preview:large","max-video-preview":"max-video-preview:-1"},"canonical":"https:\/\/www.uni.lu\/fr\/events\/international-day-for-women-in-mathematics\/","og_locale":"fr_FR","og_type":"article","og_title":"International Day for Women in Mathematics","og_description":"The University of Luxembourg will celebrate the International Day for Women in Mathematics by\u00a0organising general audience trivia quizzes on mathematics and mathematicians. The first one (Astigmath) is in French at 15:30 with have Olga Paris-Romaskevich as a special guest. The second one is in English (Convergence) at 17:00 with Amie Wilkinson as special guest.","og_url":"https:\/\/www.uni.lu\/fr\/events\/international-day-for-women-in-mathematics\/","og_site_name":"UNI FR","article_publisher":"https:\/\/www.facebook.com\/uni.lu","og_image":[{"width":2560,"height":2560,"url":"https:\/\/www.uni.lu\/wp-content\/uploads\/sites\/11\/2026\/03\/03120045\/UNIV_SM-Profile_1600x1600px-scaled.jpg","type":"image\/jpeg"}],"twitter_card":"summary_large_image","twitter_misc":{"Dur\u00e9e de lecture estim\u00e9e":"1 minute"},"schema":{"@context":"https:\/\/schema.org","@graph":[{"@type":"WebPage","@id":"https:\/\/www.uni.lu\/fr\/events\/international-day-for-women-in-mathematics\/","url":"https:\/\/www.uni.lu\/fr\/events\/international-day-for-women-in-mathematics\/","name":"International Day for Women in Mathematics - Universit\u00e9 du Luxembourg","isPartOf":{"@id":"https:\/\/www.uni.lu\/fr\/#website"},"primaryImageOfPage":{"@id":"https:\/\/www.uni.lu\/fr\/events\/international-day-for-women-in-mathematics\/#primaryimage"},"image":{"@id":"https:\/\/www.uni.lu\/fr\/events\/international-day-for-women-in-mathematics\/#primaryimage"},"thumbnailUrl":"https:\/\/www.uni.lu\/wp-content\/uploads\/sites\/11\/2020\/05\/international_day_for_women_in_mathematics.jpg","datePublished":"2020-05-11T14:38:11+00:00","dateModified":"2020-05-11T14:38:11+00:00","description":"The University of Luxembourg will celebrate the International Day for Women in Mathematics by\u00a0organising general audience trivia quizzes on mathematics and mathematicians. The first one (Astigmath) is in French at 15:30 with have Olga Paris-Romaskevich as a special guest. The second one is in English (Convergence) at 17:00 with Amie Wilkinson as special guest.","breadcrumb":{"@id":"https:\/\/www.uni.lu\/fr\/events\/international-day-for-women-in-mathematics\/#breadcrumb"},"inLanguage":"fr-FR","potentialAction":[{"@type":"ReadAction","target":["https:\/\/www.uni.lu\/fr\/events\/international-day-for-women-in-mathematics\/"]}]},{"@type":"ImageObject","inLanguage":"fr-FR","@id":"https:\/\/www.uni.lu\/fr\/events\/international-day-for-women-in-mathematics\/#primaryimage","url":"https:\/\/www.uni.lu\/wp-content\/uploads\/sites\/11\/2020\/05\/international_day_for_women_in_mathematics.jpg","contentUrl":"https:\/\/www.uni.lu\/wp-content\/uploads\/sites\/11\/2020\/05\/international_day_for_women_in_mathematics.jpg","width":800,"height":600},{"@type":"BreadcrumbList","@id":"https:\/\/www.uni.lu\/fr\/events\/international-day-for-women-in-mathematics\/#breadcrumb","itemListElement":[{"@type":"ListItem","position":1,"name":"Home","item":"https:\/\/www.uni.lu\/fr\/"},{"@type":"ListItem","position":2,"name":"Events","item":"https:\/\/www.uni.lu\/fr\/events\/"},{"@type":"ListItem","position":3,"name":"International Day for Women in Mathematics"}]},{"@type":"WebSite","@id":"https:\/\/www.uni.lu\/fr\/#website","url":"https:\/\/www.uni.lu\/fr\/","name":"Uni.lu","description":"Universit\u00e9 du Luxembourg","publisher":{"@id":"https:\/\/www.uni.lu\/fr\/#organization"},"alternateName":"Universit\u00e9 du Luxembourg","potentialAction":[{"@type":"SearchAction","target":{"@type":"EntryPoint","urlTemplate":"https:\/\/www.uni.lu\/fr\/?s={search_term_string}"},"query-input":"required name=search_term_string"}],"inLanguage":"fr-FR"},{"@type":"Organization","@id":"https:\/\/www.uni.lu\/fr\/#organization","name":"Universit\u00e9 du Luxembourg","alternateName":"Uni.lu","url":"https:\/\/www.uni.lu\/fr\/","logo":{"@type":"ImageObject","inLanguage":"fr-FR","@id":"https:\/\/www.uni.lu\/fr\/#\/schema\/logo\/image\/","url":"https:\/\/www.uni.lu\/wp-content\/uploads\/sites\/11\/2026\/03\/03120045\/UNIV_SM-Profile_1600x1600px-scaled.jpg","contentUrl":"https:\/\/www.uni.lu\/wp-content\/uploads\/sites\/11\/2026\/03\/03120045\/UNIV_SM-Profile_1600x1600px-scaled.jpg","width":2560,"height":2560,"caption":"Universit\u00e9 du Luxembourg"},"image":"https:\/\/www.uni.lu\/wp-content\/uploads\/sites\/11\/2026\/04\/24120552\/20200609-Belval-Campus_Henri-Goergen-23.jpg","sameAs":["https:\/\/www.facebook.com\/uni.lu","https:\/\/www.linkedin.com\/school\/university-of-luxembourg\/","https:\/\/www.instagram.com\/uni.lu","https:\/\/www.youtube.com\/@uni_lu","https:\/\/en.wikipedia.org\/wiki\/University_of_Luxembourg"],"email":"communication@uni.lu","telephone":"+352 46 66 44 1","address":{"@type":"PostalAddress","streetAddress":"2, place de l\u2019Universit\u00e9","addressLocality":"Esch-sur-Alzette","postalCode":"4365","addressCountry":"LU"},"description":"Universit\u00e9 du Luxembourg"}]}},"_links":{"self":[{"href":"https:\/\/www.uni.lu\/fr\/wp-json\/wp\/v2\/events\/8254"}],"collection":[{"href":"https:\/\/www.uni.lu\/fr\/wp-json\/wp\/v2\/events"}],"about":[{"href":"https:\/\/www.uni.lu\/fr\/wp-json\/wp\/v2\/types\/events"}],"replies":[{"embeddable":true,"href":"https:\/\/www.uni.lu\/fr\/wp-json\/wp\/v2\/comments?post=8254"}],"version-history":[{"count":0,"href":"https:\/\/www.uni.lu\/fr\/wp-json\/wp\/v2\/events\/8254\/revisions"}],"wp:featuredmedia":[{"embeddable":true,"href":"https:\/\/www.uni.lu\/fr\/wp-json\/wp\/v2\/media\/8255"}],"wp:attachment":[{"href":"https:\/\/www.uni.lu\/fr\/wp-json\/wp\/v2\/media?parent=8254"}],"wp:term":[{"taxonomy":"events-topic","embeddable":true,"href":"https:\/\/www.uni.lu\/fr\/wp-json\/wp\/v2\/events-topic?post=8254"},{"taxonomy":"events-type","embeddable":true,"href":"https:\/\/www.uni.lu\/fr\/wp-json\/wp\/v2\/events-type?post=8254"},{"taxonomy":"organisation","embeddable":true,"href":"https:\/\/www.uni.lu\/fr\/wp-json\/wp\/v2\/organisation?post=8254"}],"curies":[{"name":"wp","href":"https:\/\/api.w.org\/{rel}","templated":true}]}}