{"id":8137,"date":"2020-01-10T15:15:18","date_gmt":"2020-01-10T14:15:18","guid":{"rendered":"https:\/\/www.uni.lu\/fr\/events\/forum-z-holocaust-history-and-memory\/"},"modified":"2020-01-10T15:15:18","modified_gmt":"2020-01-10T14:15:18","slug":"forum-z-holocaust-history-and-memory","status":"publish","type":"events","link":"https:\/\/www.uni.lu\/fr\/events\/forum-z-holocaust-history-and-memory\/","title":{"rendered":"Forum Z: Holocaust History and Memory"},"content":{"rendered":"<section class=\"wp-block-unilux-blocks-free-section section\"><div class=\"container xl:max-w-screen-xl\"><p>This Forum Z centres around three themes related to Holocaust history and memory, each theme being treated in a different format: Holocaust history in the digital age, the Holocaust and Jewish life in Luxembourg, combating anti-Semitism in contemporary Europe.<\/p><p>The event will involve three different parts: presentations, demonstrations and a round table discussion.<\/p><p><\/p><p><strong>1. The Holocaust and Jewish life in Luxembourg: filling the gaps<\/strong><\/p><p>The gaps in the history of the Holocaust in Luxembourg and the current legacies of the Holocaust (spoliation, postwar Jewish community) will be the focus of <strong>short presentations<\/strong> and discussions.<\/p><ul class=\"ulux-list\"><li class=\"ulux-list-item\">Vincent Artuso (Historian): L&rsquo;\u00c9tat luxembourgeois et la \u00ab\u00a0Question juive\u00a0\u00bb. 1930-1950<\/li><li class=\"ulux-list-item\">Denis Scuto (C\u00b2DH): L\u2019\u00c9tat luxembourgeois et le retour des Juifs au Luxembourg en 1945<\/li><li class=\"ulux-list-item\">Elisabeth Hoffmann and J\u00e9r\u00f4me Courtoy (Mus\u00e9e national de la R\u00e9sistance): Luxemburger und der Holocaust. Neue Forschungsergebnisse zum Reserve-Polizeibataillon 101<\/li><li class=\"ulux-list-item\">Ren\u00e9e Wagener (Historian): Quantit\u00e9 n\u00e9gligeable: Das Luxemburger Entsch\u00e4digungsgesetz von 1950 und die j\u00fcdischen Opfer<\/li><li class=\"ulux-list-item\">Laurent Moyse (Journalist and Author): Lost families and lost assets: the need to clarify<\/li><\/ul><p><\/p><p><strong>2. Holocaust research in the digital age<\/strong><\/p><p>The second part of the event offers the opportunity to learn more about new possibilities and methodologies for Holocaust research. Visitors can walk around a series of work stations featuring the following <strong>project demonstrations<\/strong>:<\/p><ul class=\"ulux-list\"><li class=\"ulux-list-item\">Arolsen Archives, presented by Christiane Weber<\/li><li class=\"ulux-list-item\">European Holocaust Research Infrastructure (EHRI), presented by Adina Babe\u015f-Fruchter<\/li><li class=\"ulux-list-item\">Database of 3.100 foreign Jews in Luxembourg in 1940: statistical exploitation, graphs, maps, visualisations, presented by Marc Gloden and Robert Be\u021ba (C\u00b2DH)<\/li><li class=\"ulux-list-item\">Iwalk (Jewish community in Esch and Luxembourg), presented by Jakub Bronec (C\u00b2DH)<\/li><li class=\"ulux-list-item\">Digitised private archives of the Harf Family (1940-1947) as part of a website project about the Jewish community in Luxembourg, presented by Georges B\u00fcchler (C\u00b2DH)<\/li><\/ul><p><\/p><p><strong>3. Combating anti-Semitism in contemporary Europe<\/strong><\/p><p>What is the state of anti-Semitism in Europe, and Luxembourg, today? How can it be situated within the broader context of rising hate speech and crime, online and offline? What methods are being proposed to combat it? How does it relate to politics and the broader memory battles that are being fought in Europe today? These will be the themes addressed during a <strong>round table discussion<\/strong> with the following participants:<\/p><ul class=\"ulux-list\"><li class=\"ulux-list-item\">Dr. Gerben Zaagsma (moderator, C\u00b2DH)<\/li><li class=\"ulux-list-item\">Georges Santer (Ambassador, Chair of the International Holocaust Remembrance Alliance\/IHRA)<\/li><li class=\"ulux-list-item\">Prof. David Feldman (Director, Pears Institute for the Study of Antisemitism, Birkbeck, University of London)<\/li><li class=\"ulux-list-item\">Fran\u00e7ois Moyse (Chair, European Association for the Preservation and Promotion of Jewish Culture and Heritage)<\/li><\/ul><p><\/p><p>Languages spoken: French, German, Luxembourgish, English<\/p><p>Refreshments will be served.<\/p><p><\/p><p>Free entrance, registration is appreciated for organisational reasons.<\/p><\/div><\/section>","protected":false},"excerpt":{"rendered":"","protected":false},"author":0,"featured_media":8138,"parent":0,"menu_order":0,"comment_status":"open","ping_status":"closed","template":"","format":"standard","meta":{"featured_image_focal_point":[],"show_featured_caption":false,"ulux_newsletter_groups":"","uluxPostTitle":"","uluxPrePostTitle":"","_trash_the_other_posts":false,"_price":"","_stock":"","_tribe_ticket_header":"","_tribe_default_ticket_provider":"","_tribe_ticket_capacity":"0","_ticket_start_date":"","_ticket_end_date":"","_tribe_ticket_show_description":"","_tribe_ticket_show_not_going":false,"_tribe_ticket_use_global_stock":"","_tribe_ticket_global_stock_level":"","_global_stock_mode":"","_global_stock_cap":"","_tribe_rsvp_for_event":"","_tribe_ticket_going_count":"","_tribe_ticket_not_going_count":"","_tribe_tickets_list":"[]","_tribe_ticket_has_attendee_info_fields":false,"event_start_date":"2020-02-05 17:00:00","event_end_date":"2020-02-05 20:00:00","event_speaker_name":"","event_speaker_link":"","event_is_online":false,"event_location":"Orangerie - Domaine thermal","event_street":"36, Avenue des Bains","event_location_link":"","event_zip_code":"L-5610","event_city":"Mondorf-les-Bains","event_country":"LU"},"events-topic":[312],"events-type":[],"organisation":[221,226],"authorship":[],"acf":[],"yoast_head":"<!-- This site is optimized with the Yoast SEO Premium plugin v22.3 (Yoast SEO v22.3) - https:\/\/yoast.com\/wordpress\/plugins\/seo\/ -->\n<title>Forum Z: Holocaust History and Memory - Universit\u00e9 du Luxembourg<\/title>\n<meta name=\"description\" content=\"This Forum Z centres around three themes related to Holocaust history and memory, each theme being treated in a different format: Holocaust history in the\" \/>\n<meta name=\"robots\" content=\"index, follow, max-snippet:-1, max-image-preview:large, max-video-preview:-1\" \/>\n<link rel=\"canonical\" href=\"https:\/\/www.uni.lu\/fr\/events\/forum-z-holocaust-history-and-memory\/\" \/>\n<meta property=\"og:locale\" content=\"fr_FR\" \/>\n<meta property=\"og:type\" content=\"article\" \/>\n<meta property=\"og:title\" content=\"Forum Z: Holocaust History and Memory\" \/>\n<meta property=\"og:description\" content=\"This Forum Z centres around three themes related to Holocaust history and memory, each theme being treated in a different format: Holocaust history in the\" \/>\n<meta property=\"og:url\" content=\"https:\/\/www.uni.lu\/fr\/events\/forum-z-holocaust-history-and-memory\/\" \/>\n<meta property=\"og:site_name\" content=\"UNI FR\" \/>\n<meta property=\"article:publisher\" content=\"https:\/\/www.facebook.com\/uni.lu\" \/>\n<meta property=\"og:image\" content=\"https:\/\/www.uni.lu\/wp-content\/uploads\/sites\/11\/2026\/03\/03120045\/UNIV_SM-Profile_1600x1600px-scaled.jpg\" \/>\n\t<meta property=\"og:image:width\" content=\"2560\" \/>\n\t<meta property=\"og:image:height\" content=\"2560\" \/>\n\t<meta property=\"og:image:type\" content=\"image\/jpeg\" \/>\n<meta name=\"twitter:card\" content=\"summary_large_image\" \/>\n<meta name=\"twitter:label1\" content=\"Dur\u00e9e de lecture estim\u00e9e\" \/>\n\t<meta name=\"twitter:data1\" content=\"2 minutes\" \/>\n<script type=\"application\/ld+json\" class=\"yoast-schema-graph\">{\"@context\":\"https:\/\/schema.org\",\"@graph\":[{\"@type\":\"WebPage\",\"@id\":\"https:\/\/www.uni.lu\/fr\/events\/forum-z-holocaust-history-and-memory\/\",\"url\":\"https:\/\/www.uni.lu\/fr\/events\/forum-z-holocaust-history-and-memory\/\",\"name\":\"Forum Z: Holocaust History and Memory - Universit\u00e9 du Luxembourg\",\"isPartOf\":{\"@id\":\"https:\/\/www.uni.lu\/fr\/#website\"},\"primaryImageOfPage\":{\"@id\":\"https:\/\/www.uni.lu\/fr\/events\/forum-z-holocaust-history-and-memory\/#primaryimage\"},\"image\":{\"@id\":\"https:\/\/www.uni.lu\/fr\/events\/forum-z-holocaust-history-and-memory\/#primaryimage\"},\"thumbnailUrl\":\"https:\/\/www.uni.lu\/wp-content\/uploads\/sites\/11\/2020\/01\/forum_z_holocaust_history_and_memory.jpg\",\"datePublished\":\"2020-01-10T14:15:18+00:00\",\"dateModified\":\"2020-01-10T14:15:18+00:00\",\"description\":\"This Forum Z centres around three themes related to Holocaust history and memory, each theme being treated in a different format: Holocaust history in the\",\"breadcrumb\":{\"@id\":\"https:\/\/www.uni.lu\/fr\/events\/forum-z-holocaust-history-and-memory\/#breadcrumb\"},\"inLanguage\":\"fr-FR\",\"potentialAction\":[{\"@type\":\"ReadAction\",\"target\":[\"https:\/\/www.uni.lu\/fr\/events\/forum-z-holocaust-history-and-memory\/\"]}]},{\"@type\":\"ImageObject\",\"inLanguage\":\"fr-FR\",\"@id\":\"https:\/\/www.uni.lu\/fr\/events\/forum-z-holocaust-history-and-memory\/#primaryimage\",\"url\":\"https:\/\/www.uni.lu\/wp-content\/uploads\/sites\/11\/2020\/01\/forum_z_holocaust_history_and_memory.jpg\",\"contentUrl\":\"https:\/\/www.uni.lu\/wp-content\/uploads\/sites\/11\/2020\/01\/forum_z_holocaust_history_and_memory.jpg\",\"width\":800,\"height\":600},{\"@type\":\"BreadcrumbList\",\"@id\":\"https:\/\/www.uni.lu\/fr\/events\/forum-z-holocaust-history-and-memory\/#breadcrumb\",\"itemListElement\":[{\"@type\":\"ListItem\",\"position\":1,\"name\":\"Home\",\"item\":\"https:\/\/www.uni.lu\/fr\/\"},{\"@type\":\"ListItem\",\"position\":2,\"name\":\"Events\",\"item\":\"https:\/\/www.uni.lu\/fr\/events\/\"},{\"@type\":\"ListItem\",\"position\":3,\"name\":\"Forum Z: Holocaust History and Memory\"}]},{\"@type\":\"WebSite\",\"@id\":\"https:\/\/www.uni.lu\/fr\/#website\",\"url\":\"https:\/\/www.uni.lu\/fr\/\",\"name\":\"Uni.lu\",\"description\":\"Universit\u00e9 du Luxembourg\",\"publisher\":{\"@id\":\"https:\/\/www.uni.lu\/fr\/#organization\"},\"alternateName\":\"Universit\u00e9 du Luxembourg\",\"potentialAction\":[{\"@type\":\"SearchAction\",\"target\":{\"@type\":\"EntryPoint\",\"urlTemplate\":\"https:\/\/www.uni.lu\/fr\/?s={search_term_string}\"},\"query-input\":\"required name=search_term_string\"}],\"inLanguage\":\"fr-FR\"},{\"@type\":\"Organization\",\"@id\":\"https:\/\/www.uni.lu\/fr\/#organization\",\"name\":\"Universit\u00e9 du Luxembourg\",\"alternateName\":\"Uni.lu\",\"url\":\"https:\/\/www.uni.lu\/fr\/\",\"logo\":{\"@type\":\"ImageObject\",\"inLanguage\":\"fr-FR\",\"@id\":\"https:\/\/www.uni.lu\/fr\/#\/schema\/logo\/image\/\",\"url\":\"https:\/\/www.uni.lu\/wp-content\/uploads\/sites\/11\/2026\/03\/03120045\/UNIV_SM-Profile_1600x1600px-scaled.jpg\",\"contentUrl\":\"https:\/\/www.uni.lu\/wp-content\/uploads\/sites\/11\/2026\/03\/03120045\/UNIV_SM-Profile_1600x1600px-scaled.jpg\",\"width\":2560,\"height\":2560,\"caption\":\"Universit\u00e9 du Luxembourg\"},\"image\":\"https:\/\/www.uni.lu\/wp-content\/uploads\/sites\/11\/2026\/04\/24120552\/20200609-Belval-Campus_Henri-Goergen-23.jpg\",\"sameAs\":[\"https:\/\/www.facebook.com\/uni.lu\",\"https:\/\/www.linkedin.com\/school\/university-of-luxembourg\/\",\"https:\/\/www.instagram.com\/uni.lu\",\"https:\/\/www.youtube.com\/@uni_lu\",\"https:\/\/en.wikipedia.org\/wiki\/University_of_Luxembourg\"],\"email\":\"communication@uni.lu\",\"telephone\":\"+352 46 66 44 1\",\"address\":{\"@type\":\"PostalAddress\",\"streetAddress\":\"2, place de l\u2019Universit\u00e9\",\"addressLocality\":\"Esch-sur-Alzette\",\"postalCode\":\"4365\",\"addressCountry\":\"LU\"},\"description\":\"Universit\u00e9 du Luxembourg\"}]}<\/script>\n<!-- \/ Yoast SEO Premium plugin. -->","yoast_head_json":{"title":"Forum Z: Holocaust History and Memory - Universit\u00e9 du Luxembourg","description":"This Forum Z centres around three themes related to Holocaust history and memory, each theme being treated in a different format: Holocaust history in the","robots":{"index":"index","follow":"follow","max-snippet":"max-snippet:-1","max-image-preview":"max-image-preview:large","max-video-preview":"max-video-preview:-1"},"canonical":"https:\/\/www.uni.lu\/fr\/events\/forum-z-holocaust-history-and-memory\/","og_locale":"fr_FR","og_type":"article","og_title":"Forum Z: Holocaust History and Memory","og_description":"This Forum Z centres around three themes related to Holocaust history and memory, each theme being treated in a different format: Holocaust history in the","og_url":"https:\/\/www.uni.lu\/fr\/events\/forum-z-holocaust-history-and-memory\/","og_site_name":"UNI FR","article_publisher":"https:\/\/www.facebook.com\/uni.lu","og_image":[{"width":2560,"height":2560,"url":"https:\/\/www.uni.lu\/wp-content\/uploads\/sites\/11\/2026\/03\/03120045\/UNIV_SM-Profile_1600x1600px-scaled.jpg","type":"image\/jpeg"}],"twitter_card":"summary_large_image","twitter_misc":{"Dur\u00e9e de lecture estim\u00e9e":"2 minutes"},"schema":{"@context":"https:\/\/schema.org","@graph":[{"@type":"WebPage","@id":"https:\/\/www.uni.lu\/fr\/events\/forum-z-holocaust-history-and-memory\/","url":"https:\/\/www.uni.lu\/fr\/events\/forum-z-holocaust-history-and-memory\/","name":"Forum Z: Holocaust History and Memory - Universit\u00e9 du Luxembourg","isPartOf":{"@id":"https:\/\/www.uni.lu\/fr\/#website"},"primaryImageOfPage":{"@id":"https:\/\/www.uni.lu\/fr\/events\/forum-z-holocaust-history-and-memory\/#primaryimage"},"image":{"@id":"https:\/\/www.uni.lu\/fr\/events\/forum-z-holocaust-history-and-memory\/#primaryimage"},"thumbnailUrl":"https:\/\/www.uni.lu\/wp-content\/uploads\/sites\/11\/2020\/01\/forum_z_holocaust_history_and_memory.jpg","datePublished":"2020-01-10T14:15:18+00:00","dateModified":"2020-01-10T14:15:18+00:00","description":"This Forum Z centres around three themes related to Holocaust history and memory, each theme being treated in a different format: Holocaust history in the","breadcrumb":{"@id":"https:\/\/www.uni.lu\/fr\/events\/forum-z-holocaust-history-and-memory\/#breadcrumb"},"inLanguage":"fr-FR","potentialAction":[{"@type":"ReadAction","target":["https:\/\/www.uni.lu\/fr\/events\/forum-z-holocaust-history-and-memory\/"]}]},{"@type":"ImageObject","inLanguage":"fr-FR","@id":"https:\/\/www.uni.lu\/fr\/events\/forum-z-holocaust-history-and-memory\/#primaryimage","url":"https:\/\/www.uni.lu\/wp-content\/uploads\/sites\/11\/2020\/01\/forum_z_holocaust_history_and_memory.jpg","contentUrl":"https:\/\/www.uni.lu\/wp-content\/uploads\/sites\/11\/2020\/01\/forum_z_holocaust_history_and_memory.jpg","width":800,"height":600},{"@type":"BreadcrumbList","@id":"https:\/\/www.uni.lu\/fr\/events\/forum-z-holocaust-history-and-memory\/#breadcrumb","itemListElement":[{"@type":"ListItem","position":1,"name":"Home","item":"https:\/\/www.uni.lu\/fr\/"},{"@type":"ListItem","position":2,"name":"Events","item":"https:\/\/www.uni.lu\/fr\/events\/"},{"@type":"ListItem","position":3,"name":"Forum Z: Holocaust History and Memory"}]},{"@type":"WebSite","@id":"https:\/\/www.uni.lu\/fr\/#website","url":"https:\/\/www.uni.lu\/fr\/","name":"Uni.lu","description":"Universit\u00e9 du Luxembourg","publisher":{"@id":"https:\/\/www.uni.lu\/fr\/#organization"},"alternateName":"Universit\u00e9 du Luxembourg","potentialAction":[{"@type":"SearchAction","target":{"@type":"EntryPoint","urlTemplate":"https:\/\/www.uni.lu\/fr\/?s={search_term_string}"},"query-input":"required name=search_term_string"}],"inLanguage":"fr-FR"},{"@type":"Organization","@id":"https:\/\/www.uni.lu\/fr\/#organization","name":"Universit\u00e9 du Luxembourg","alternateName":"Uni.lu","url":"https:\/\/www.uni.lu\/fr\/","logo":{"@type":"ImageObject","inLanguage":"fr-FR","@id":"https:\/\/www.uni.lu\/fr\/#\/schema\/logo\/image\/","url":"https:\/\/www.uni.lu\/wp-content\/uploads\/sites\/11\/2026\/03\/03120045\/UNIV_SM-Profile_1600x1600px-scaled.jpg","contentUrl":"https:\/\/www.uni.lu\/wp-content\/uploads\/sites\/11\/2026\/03\/03120045\/UNIV_SM-Profile_1600x1600px-scaled.jpg","width":2560,"height":2560,"caption":"Universit\u00e9 du Luxembourg"},"image":"https:\/\/www.uni.lu\/wp-content\/uploads\/sites\/11\/2026\/04\/24120552\/20200609-Belval-Campus_Henri-Goergen-23.jpg","sameAs":["https:\/\/www.facebook.com\/uni.lu","https:\/\/www.linkedin.com\/school\/university-of-luxembourg\/","https:\/\/www.instagram.com\/uni.lu","https:\/\/www.youtube.com\/@uni_lu","https:\/\/en.wikipedia.org\/wiki\/University_of_Luxembourg"],"email":"communication@uni.lu","telephone":"+352 46 66 44 1","address":{"@type":"PostalAddress","streetAddress":"2, place de l\u2019Universit\u00e9","addressLocality":"Esch-sur-Alzette","postalCode":"4365","addressCountry":"LU"},"description":"Universit\u00e9 du Luxembourg"}]}},"_links":{"self":[{"href":"https:\/\/www.uni.lu\/fr\/wp-json\/wp\/v2\/events\/8137"}],"collection":[{"href":"https:\/\/www.uni.lu\/fr\/wp-json\/wp\/v2\/events"}],"about":[{"href":"https:\/\/www.uni.lu\/fr\/wp-json\/wp\/v2\/types\/events"}],"replies":[{"embeddable":true,"href":"https:\/\/www.uni.lu\/fr\/wp-json\/wp\/v2\/comments?post=8137"}],"version-history":[{"count":0,"href":"https:\/\/www.uni.lu\/fr\/wp-json\/wp\/v2\/events\/8137\/revisions"}],"wp:featuredmedia":[{"embeddable":true,"href":"https:\/\/www.uni.lu\/fr\/wp-json\/wp\/v2\/media\/8138"}],"wp:attachment":[{"href":"https:\/\/www.uni.lu\/fr\/wp-json\/wp\/v2\/media?parent=8137"}],"wp:term":[{"taxonomy":"events-topic","embeddable":true,"href":"https:\/\/www.uni.lu\/fr\/wp-json\/wp\/v2\/events-topic?post=8137"},{"taxonomy":"events-type","embeddable":true,"href":"https:\/\/www.uni.lu\/fr\/wp-json\/wp\/v2\/events-type?post=8137"},{"taxonomy":"organisation","embeddable":true,"href":"https:\/\/www.uni.lu\/fr\/wp-json\/wp\/v2\/organisation?post=8137"}],"curies":[{"name":"wp","href":"https:\/\/api.w.org\/{rel}","templated":true}]}}