{"id":8078,"date":"2019-11-07T15:39:18","date_gmt":"2019-11-07T14:39:18","guid":{"rendered":"https:\/\/www.uni.lu\/fr\/events\/30-ans-apres-la-fin-de-la-guerre-froide-la-russie-et-loccident-bilan-lecons-nouveaux-defis\/"},"modified":"2019-11-07T15:39:18","modified_gmt":"2019-11-07T14:39:18","slug":"30-ans-apres-la-fin-de-la-guerre-froide-la-russie-et-loccident-bilan-lecons-nouveaux-defis","status":"publish","type":"events","link":"https:\/\/www.uni.lu\/fr\/events\/30-ans-apres-la-fin-de-la-guerre-froide-la-russie-et-loccident-bilan-lecons-nouveaux-defis\/","title":{"rendered":"30 ans apr\u00e8s la fin de la Guerre froide: La Russie et l&rsquo;Occident &#8211; Bilan, le\u00e7ons, nouveaux d\u00e9fis"},"content":{"rendered":"<section class=\"wp-block-unilux-blocks-free-section section\"><div class=\"container xl:max-w-screen-xl\"><p>La perestro\u00efka, initi\u00e9e par Mikha\u00efl Gorbatchev dans l\u2019ex-URSS, afin de la d\u00e9mocratiser en accord avec l\u2019\u00e9poque moderne et d\u2019\u00e9viter ainsi la crise terminale du syst\u00e8me sovi\u00e9tique, exigeait la fin de la confrontation st\u00e9rile et dangereuse avec l&rsquo;Occident. En mettant un terme \u00e0 la guerre froide, le leader sovi\u00e9tique esp\u00e9rait aussi obtenir l&rsquo;int\u00e9gration de son pays dans les structures de s\u00e9curit\u00e9 et de coop\u00e9ration collectives dans le cadre de la \u00ab Maison commune europ\u00e9enne \u00bb. Or, trente ans apr\u00e8s la chute du mur de Berlin, les relations entre la Russie de Vladimir Poutine et l&rsquo;Occident sont toujours marqu\u00e9es par un climat de tension et de m\u00e9fiance. Pourquoi?<\/p><p><\/p><p><strong>Dr Andrey Grachev<\/strong>, historien, politologue et journaliste russe, a \u00e9t\u00e9 consultant et directeur-adjoint du d\u00e9partement international du comit\u00e9 central du Parti communiste de l&rsquo;URSS (1974-1987), ainsi que conseiller et porte-parole du pr\u00e9sident Mikha\u00efl Gorbatchev jusqu&rsquo;\u00e0 la d\u00e9mission de ce dernier en d\u00e9cembre 1991. Par la suite, Dr Grachev a exerc\u00e9 comme chercheur senior \u00e0 l&rsquo;Institut d&rsquo;\u00e9conomie mondiale et des relations internationales de l&rsquo;Acad\u00e9mie des sciences de Russie, \u00e0 la <i>Stiftung Wissenschaft und Politik<\/i> (SWP) (Allemagne) et au St Antony&rsquo;s College (Universit\u00e9 d\u2019Oxford), ainsi qu&rsquo;en tant que professeur invit\u00e9 \u00e0 la Ritsumeikan University, Kyoto, \u00e0 l\u2019Universit\u00e9 Paris VIII Saint-Denis et \u00e0 Paris I Panth\u00e9on-Sorbonne. Actuellement, il est \u00e9ditorialiste \u00e0 la <i>Nova\u00efa Gazeta<\/i> (Russie) et pr\u00e9sident du comit\u00e9 scientifique du <i>New Policy Forum<\/i>. Dr Grachev est l&rsquo;auteur de nombreuses publications parues \u00e0 travers le monde, dont notamment<i>\u00a0Political extremism<\/i>, Moscou (1982); <i>L\u2019histoire vraie de la fin de l\u2019URSS<\/i>, \u00c9ditions du Rocher : Paris (1992); <i>La chute du Kremlin. L\u2019empire de non-sens<\/i>, Hachette: Paris (1994); <i>Final Days. The Inside Story of the Collapse of the Soviet Union<\/i>, Westview Press-Routledge (1995); <i>L\u2019Exception russe: Staline, est-il mort?<\/i>, \u00c9ditions du Rocher : Paris (1998); <i>Le myst\u00e8re Gorbatchev. La Terre et le Destin<\/i>, \u00c9ditions du Rocher : Paris (2004); <i>Gorbachev\u2019s Gamble. Soviet Foreign Policy and the End of Cold War<\/i>, Polity: Cambridge (2008); <i>Gorbatchev, le pari perdu? De la perestro\u00efka \u00e0 l\u2019implosion de l\u2019URSS<\/i>. Pr\u00e9face d\u2019Hubert V\u00e9drine. Armand Colin : Paris (2011); <i>Le pass\u00e9 de la Russie est impr\u00e9visible. Journal de bord d\u2019un enfant du d\u00e9gel<\/i>, Alma \u00c9diteur : Paris (2014); <i>Un nouvel avant-guerre ? Des hyperpuissances \u00e0 l&rsquo;hyperpoker<\/i>, Alma \u00c9diteur: Paris (2017).<\/p><p>En langue fran\u00e7aise.<\/p><p>Entr\u00e9e libre.<\/p><p><\/p><figure class=\"wp-block-dev4-reusable-blocks-image  object-fit--contain\">\n    \n<img decoding=\"async\" class=\"wp-block-image unilux-custom-image-block\"\n                alt=\"\"\n            src=\"https:\/\/www.uni.lu\/wp-content\/uploads\/sites\/11\/2024\/01\/partners_edic_russia_conference.jpg\"\n                srcset=\"https:\/\/www.uni.lu\/wp-content\/uploads\/sites\/11\/2024\/01\/partners_edic_russia_conference-300x225.jpg 300w, https:\/\/www.uni.lu\/wp-content\/uploads\/sites\/11\/2024\/01\/partners_edic_russia_conference-768x576.jpg 768w, https:\/\/www.uni.lu\/wp-content\/uploads\/sites\/11\/2024\/01\/partners_edic_russia_conference.jpg 800w\"\n                style=\"object-position: 50.00% 50.00%; font-family: &quot;object-fit: contain; object-position: 50.00% 50.00%;&quot;; aspect-ratio: 4\/3; object-fit: contain; width: 100%;\"\n        loading=\"lazy\"\n\/>    <\/figure><p><\/p><p><\/p><\/div><\/section>","protected":false},"excerpt":{"rendered":"","protected":false},"author":0,"featured_media":8079,"parent":0,"menu_order":0,"comment_status":"open","ping_status":"closed","template":"","format":"standard","meta":{"featured_image_focal_point":[],"show_featured_caption":false,"ulux_newsletter_groups":"","uluxPostTitle":"","uluxPrePostTitle":"","_trash_the_other_posts":false,"_price":"","_stock":"","_tribe_ticket_header":"","_tribe_default_ticket_provider":"","_tribe_ticket_capacity":"0","_ticket_start_date":"","_ticket_end_date":"","_tribe_ticket_show_description":"","_tribe_ticket_show_not_going":false,"_tribe_ticket_use_global_stock":"","_tribe_ticket_global_stock_level":"","_global_stock_mode":"","_global_stock_cap":"","_tribe_rsvp_for_event":"","_tribe_ticket_going_count":"","_tribe_ticket_not_going_count":"","_tribe_tickets_list":"[]","_tribe_ticket_has_attendee_info_fields":false,"event_start_date":"2019-11-20 18:30:00","event_end_date":"2019-11-20 20:00:00","event_speaker_name":"Dr Andrey Grachev ","event_speaker_link":"","event_is_online":false,"event_location":"Amphith\u00e9\u00e2tre Tavernas de l'Universit\u00e9 du Luxembourg\r\nCampus Limpertsberg ","event_street":"102A, avenue Pasteur","event_location_link":"","event_zip_code":"L-2311","event_city":"Luxembourg","event_country":"LU"},"events-topic":[322,312],"events-type":[],"organisation":[221,226],"authorship":[],"acf":[],"yoast_head":"<!-- This site is optimized with the Yoast SEO Premium plugin v22.3 (Yoast SEO v22.3) - https:\/\/yoast.com\/wordpress\/plugins\/seo\/ -->\n<title>30 ans apr\u00e8s la fin de la Guerre froide: La Russie et l&#039;Occident - Bilan, le\u00e7ons, nouveaux d\u00e9fis - Universit\u00e9 du Luxembourg<\/title>\n<meta name=\"description\" content=\"La perestro\u00efka, initi\u00e9e par Mikha\u00efl Gorbatchev dans l\u2019ex-URSS, afin de la d\u00e9mocratiser en accord avec l\u2019\u00e9poque moderne et d\u2019\u00e9viter ainsi la crise\" \/>\n<meta name=\"robots\" content=\"index, follow, max-snippet:-1, max-image-preview:large, max-video-preview:-1\" \/>\n<link rel=\"canonical\" href=\"https:\/\/www.uni.lu\/fr\/events\/30-ans-apres-la-fin-de-la-guerre-froide-la-russie-et-loccident-bilan-lecons-nouveaux-defis\/\" \/>\n<meta property=\"og:locale\" content=\"fr_FR\" \/>\n<meta property=\"og:type\" content=\"article\" \/>\n<meta property=\"og:title\" content=\"30 ans apr\u00e8s la fin de la Guerre froide: La Russie et l&#039;Occident - Bilan, le\u00e7ons, nouveaux d\u00e9fis\" \/>\n<meta property=\"og:description\" content=\"La perestro\u00efka, initi\u00e9e par Mikha\u00efl Gorbatchev dans l\u2019ex-URSS, afin de la d\u00e9mocratiser en accord avec l\u2019\u00e9poque moderne et d\u2019\u00e9viter ainsi la crise\" \/>\n<meta property=\"og:url\" content=\"https:\/\/www.uni.lu\/fr\/events\/30-ans-apres-la-fin-de-la-guerre-froide-la-russie-et-loccident-bilan-lecons-nouveaux-defis\/\" \/>\n<meta property=\"og:site_name\" content=\"UNI FR\" \/>\n<meta property=\"article:publisher\" content=\"https:\/\/www.facebook.com\/uni.lu\" \/>\n<meta property=\"og:image\" content=\"https:\/\/www.uni.lu\/wp-content\/uploads\/sites\/11\/2026\/03\/03120045\/UNIV_SM-Profile_1600x1600px-scaled.jpg\" \/>\n\t<meta property=\"og:image:width\" content=\"2560\" \/>\n\t<meta property=\"og:image:height\" content=\"2560\" \/>\n\t<meta property=\"og:image:type\" content=\"image\/jpeg\" \/>\n<meta name=\"twitter:card\" content=\"summary_large_image\" \/>\n<meta name=\"twitter:label1\" content=\"Dur\u00e9e de lecture estim\u00e9e\" \/>\n\t<meta name=\"twitter:data1\" content=\"2 minutes\" \/>\n<script type=\"application\/ld+json\" class=\"yoast-schema-graph\">{\"@context\":\"https:\/\/schema.org\",\"@graph\":[{\"@type\":\"WebPage\",\"@id\":\"https:\/\/www.uni.lu\/fr\/events\/30-ans-apres-la-fin-de-la-guerre-froide-la-russie-et-loccident-bilan-lecons-nouveaux-defis\/\",\"url\":\"https:\/\/www.uni.lu\/fr\/events\/30-ans-apres-la-fin-de-la-guerre-froide-la-russie-et-loccident-bilan-lecons-nouveaux-defis\/\",\"name\":\"30 ans apr\u00e8s la fin de la Guerre froide: La Russie et l'Occident - Bilan, le\u00e7ons, nouveaux d\u00e9fis - Universit\u00e9 du Luxembourg\",\"isPartOf\":{\"@id\":\"https:\/\/www.uni.lu\/fr\/#website\"},\"primaryImageOfPage\":{\"@id\":\"https:\/\/www.uni.lu\/fr\/events\/30-ans-apres-la-fin-de-la-guerre-froide-la-russie-et-loccident-bilan-lecons-nouveaux-defis\/#primaryimage\"},\"image\":{\"@id\":\"https:\/\/www.uni.lu\/fr\/events\/30-ans-apres-la-fin-de-la-guerre-froide-la-russie-et-loccident-bilan-lecons-nouveaux-defis\/#primaryimage\"},\"thumbnailUrl\":\"https:\/\/www.uni.lu\/wp-content\/uploads\/sites\/11\/2019\/11\/30_ans_apres_la_fin_de_la_guerre_froide_la_russie_et_l_occident_bilan_lecons_nouveaux_defis.jpg\",\"datePublished\":\"2019-11-07T14:39:18+00:00\",\"dateModified\":\"2019-11-07T14:39:18+00:00\",\"description\":\"La perestro\u00efka, initi\u00e9e par Mikha\u00efl Gorbatchev dans l\u2019ex-URSS, afin de la d\u00e9mocratiser en accord avec l\u2019\u00e9poque moderne et d\u2019\u00e9viter ainsi la crise\",\"breadcrumb\":{\"@id\":\"https:\/\/www.uni.lu\/fr\/events\/30-ans-apres-la-fin-de-la-guerre-froide-la-russie-et-loccident-bilan-lecons-nouveaux-defis\/#breadcrumb\"},\"inLanguage\":\"fr-FR\",\"potentialAction\":[{\"@type\":\"ReadAction\",\"target\":[\"https:\/\/www.uni.lu\/fr\/events\/30-ans-apres-la-fin-de-la-guerre-froide-la-russie-et-loccident-bilan-lecons-nouveaux-defis\/\"]}]},{\"@type\":\"ImageObject\",\"inLanguage\":\"fr-FR\",\"@id\":\"https:\/\/www.uni.lu\/fr\/events\/30-ans-apres-la-fin-de-la-guerre-froide-la-russie-et-loccident-bilan-lecons-nouveaux-defis\/#primaryimage\",\"url\":\"https:\/\/www.uni.lu\/wp-content\/uploads\/sites\/11\/2019\/11\/30_ans_apres_la_fin_de_la_guerre_froide_la_russie_et_l_occident_bilan_lecons_nouveaux_defis.jpg\",\"contentUrl\":\"https:\/\/www.uni.lu\/wp-content\/uploads\/sites\/11\/2019\/11\/30_ans_apres_la_fin_de_la_guerre_froide_la_russie_et_l_occident_bilan_lecons_nouveaux_defis.jpg\",\"width\":800,\"height\":600},{\"@type\":\"BreadcrumbList\",\"@id\":\"https:\/\/www.uni.lu\/fr\/events\/30-ans-apres-la-fin-de-la-guerre-froide-la-russie-et-loccident-bilan-lecons-nouveaux-defis\/#breadcrumb\",\"itemListElement\":[{\"@type\":\"ListItem\",\"position\":1,\"name\":\"Home\",\"item\":\"https:\/\/www.uni.lu\/fr\/\"},{\"@type\":\"ListItem\",\"position\":2,\"name\":\"Events\",\"item\":\"https:\/\/www.uni.lu\/fr\/events\/\"},{\"@type\":\"ListItem\",\"position\":3,\"name\":\"30 ans apr\u00e8s la fin de la Guerre froide: La Russie et l'Occident - Bilan, le\u00e7ons, nouveaux d\u00e9fis\"}]},{\"@type\":\"WebSite\",\"@id\":\"https:\/\/www.uni.lu\/fr\/#website\",\"url\":\"https:\/\/www.uni.lu\/fr\/\",\"name\":\"Uni.lu\",\"description\":\"Universit\u00e9 du Luxembourg\",\"publisher\":{\"@id\":\"https:\/\/www.uni.lu\/fr\/#organization\"},\"alternateName\":\"Universit\u00e9 du Luxembourg\",\"potentialAction\":[{\"@type\":\"SearchAction\",\"target\":{\"@type\":\"EntryPoint\",\"urlTemplate\":\"https:\/\/www.uni.lu\/fr\/?s={search_term_string}\"},\"query-input\":\"required name=search_term_string\"}],\"inLanguage\":\"fr-FR\"},{\"@type\":\"Organization\",\"@id\":\"https:\/\/www.uni.lu\/fr\/#organization\",\"name\":\"Universit\u00e9 du Luxembourg\",\"alternateName\":\"Uni.lu\",\"url\":\"https:\/\/www.uni.lu\/fr\/\",\"logo\":{\"@type\":\"ImageObject\",\"inLanguage\":\"fr-FR\",\"@id\":\"https:\/\/www.uni.lu\/fr\/#\/schema\/logo\/image\/\",\"url\":\"https:\/\/www.uni.lu\/wp-content\/uploads\/sites\/11\/2026\/03\/03120045\/UNIV_SM-Profile_1600x1600px-scaled.jpg\",\"contentUrl\":\"https:\/\/www.uni.lu\/wp-content\/uploads\/sites\/11\/2026\/03\/03120045\/UNIV_SM-Profile_1600x1600px-scaled.jpg\",\"width\":2560,\"height\":2560,\"caption\":\"Universit\u00e9 du Luxembourg\"},\"image\":\"https:\/\/www.uni.lu\/wp-content\/uploads\/sites\/11\/2026\/04\/24120552\/20200609-Belval-Campus_Henri-Goergen-23.jpg\",\"sameAs\":[\"https:\/\/www.facebook.com\/uni.lu\",\"https:\/\/www.linkedin.com\/school\/university-of-luxembourg\/\",\"https:\/\/www.instagram.com\/uni.lu\",\"https:\/\/www.youtube.com\/@uni_lu\",\"https:\/\/en.wikipedia.org\/wiki\/University_of_Luxembourg\"],\"email\":\"communication@uni.lu\",\"telephone\":\"+352 46 66 44 1\",\"address\":{\"@type\":\"PostalAddress\",\"streetAddress\":\"2, place de l\u2019Universit\u00e9\",\"addressLocality\":\"Esch-sur-Alzette\",\"postalCode\":\"4365\",\"addressCountry\":\"LU\"},\"description\":\"Universit\u00e9 du Luxembourg\"}]}<\/script>\n<!-- \/ Yoast SEO Premium plugin. -->","yoast_head_json":{"title":"30 ans apr\u00e8s la fin de la Guerre froide: La Russie et l'Occident - Bilan, le\u00e7ons, nouveaux d\u00e9fis - Universit\u00e9 du Luxembourg","description":"La perestro\u00efka, initi\u00e9e par Mikha\u00efl Gorbatchev dans l\u2019ex-URSS, afin de la d\u00e9mocratiser en accord avec l\u2019\u00e9poque moderne et d\u2019\u00e9viter ainsi la crise","robots":{"index":"index","follow":"follow","max-snippet":"max-snippet:-1","max-image-preview":"max-image-preview:large","max-video-preview":"max-video-preview:-1"},"canonical":"https:\/\/www.uni.lu\/fr\/events\/30-ans-apres-la-fin-de-la-guerre-froide-la-russie-et-loccident-bilan-lecons-nouveaux-defis\/","og_locale":"fr_FR","og_type":"article","og_title":"30 ans apr\u00e8s la fin de la Guerre froide: La Russie et l'Occident - Bilan, le\u00e7ons, nouveaux d\u00e9fis","og_description":"La perestro\u00efka, initi\u00e9e par Mikha\u00efl Gorbatchev dans l\u2019ex-URSS, afin de la d\u00e9mocratiser en accord avec l\u2019\u00e9poque moderne et d\u2019\u00e9viter ainsi la crise","og_url":"https:\/\/www.uni.lu\/fr\/events\/30-ans-apres-la-fin-de-la-guerre-froide-la-russie-et-loccident-bilan-lecons-nouveaux-defis\/","og_site_name":"UNI FR","article_publisher":"https:\/\/www.facebook.com\/uni.lu","og_image":[{"width":2560,"height":2560,"url":"https:\/\/www.uni.lu\/wp-content\/uploads\/sites\/11\/2026\/03\/03120045\/UNIV_SM-Profile_1600x1600px-scaled.jpg","type":"image\/jpeg"}],"twitter_card":"summary_large_image","twitter_misc":{"Dur\u00e9e de lecture estim\u00e9e":"2 minutes"},"schema":{"@context":"https:\/\/schema.org","@graph":[{"@type":"WebPage","@id":"https:\/\/www.uni.lu\/fr\/events\/30-ans-apres-la-fin-de-la-guerre-froide-la-russie-et-loccident-bilan-lecons-nouveaux-defis\/","url":"https:\/\/www.uni.lu\/fr\/events\/30-ans-apres-la-fin-de-la-guerre-froide-la-russie-et-loccident-bilan-lecons-nouveaux-defis\/","name":"30 ans apr\u00e8s la fin de la Guerre froide: La Russie et l'Occident - Bilan, le\u00e7ons, nouveaux d\u00e9fis - Universit\u00e9 du Luxembourg","isPartOf":{"@id":"https:\/\/www.uni.lu\/fr\/#website"},"primaryImageOfPage":{"@id":"https:\/\/www.uni.lu\/fr\/events\/30-ans-apres-la-fin-de-la-guerre-froide-la-russie-et-loccident-bilan-lecons-nouveaux-defis\/#primaryimage"},"image":{"@id":"https:\/\/www.uni.lu\/fr\/events\/30-ans-apres-la-fin-de-la-guerre-froide-la-russie-et-loccident-bilan-lecons-nouveaux-defis\/#primaryimage"},"thumbnailUrl":"https:\/\/www.uni.lu\/wp-content\/uploads\/sites\/11\/2019\/11\/30_ans_apres_la_fin_de_la_guerre_froide_la_russie_et_l_occident_bilan_lecons_nouveaux_defis.jpg","datePublished":"2019-11-07T14:39:18+00:00","dateModified":"2019-11-07T14:39:18+00:00","description":"La perestro\u00efka, initi\u00e9e par Mikha\u00efl Gorbatchev dans l\u2019ex-URSS, afin de la d\u00e9mocratiser en accord avec l\u2019\u00e9poque moderne et d\u2019\u00e9viter ainsi la crise","breadcrumb":{"@id":"https:\/\/www.uni.lu\/fr\/events\/30-ans-apres-la-fin-de-la-guerre-froide-la-russie-et-loccident-bilan-lecons-nouveaux-defis\/#breadcrumb"},"inLanguage":"fr-FR","potentialAction":[{"@type":"ReadAction","target":["https:\/\/www.uni.lu\/fr\/events\/30-ans-apres-la-fin-de-la-guerre-froide-la-russie-et-loccident-bilan-lecons-nouveaux-defis\/"]}]},{"@type":"ImageObject","inLanguage":"fr-FR","@id":"https:\/\/www.uni.lu\/fr\/events\/30-ans-apres-la-fin-de-la-guerre-froide-la-russie-et-loccident-bilan-lecons-nouveaux-defis\/#primaryimage","url":"https:\/\/www.uni.lu\/wp-content\/uploads\/sites\/11\/2019\/11\/30_ans_apres_la_fin_de_la_guerre_froide_la_russie_et_l_occident_bilan_lecons_nouveaux_defis.jpg","contentUrl":"https:\/\/www.uni.lu\/wp-content\/uploads\/sites\/11\/2019\/11\/30_ans_apres_la_fin_de_la_guerre_froide_la_russie_et_l_occident_bilan_lecons_nouveaux_defis.jpg","width":800,"height":600},{"@type":"BreadcrumbList","@id":"https:\/\/www.uni.lu\/fr\/events\/30-ans-apres-la-fin-de-la-guerre-froide-la-russie-et-loccident-bilan-lecons-nouveaux-defis\/#breadcrumb","itemListElement":[{"@type":"ListItem","position":1,"name":"Home","item":"https:\/\/www.uni.lu\/fr\/"},{"@type":"ListItem","position":2,"name":"Events","item":"https:\/\/www.uni.lu\/fr\/events\/"},{"@type":"ListItem","position":3,"name":"30 ans apr\u00e8s la fin de la Guerre froide: La Russie et l'Occident - Bilan, le\u00e7ons, nouveaux d\u00e9fis"}]},{"@type":"WebSite","@id":"https:\/\/www.uni.lu\/fr\/#website","url":"https:\/\/www.uni.lu\/fr\/","name":"Uni.lu","description":"Universit\u00e9 du Luxembourg","publisher":{"@id":"https:\/\/www.uni.lu\/fr\/#organization"},"alternateName":"Universit\u00e9 du Luxembourg","potentialAction":[{"@type":"SearchAction","target":{"@type":"EntryPoint","urlTemplate":"https:\/\/www.uni.lu\/fr\/?s={search_term_string}"},"query-input":"required name=search_term_string"}],"inLanguage":"fr-FR"},{"@type":"Organization","@id":"https:\/\/www.uni.lu\/fr\/#organization","name":"Universit\u00e9 du Luxembourg","alternateName":"Uni.lu","url":"https:\/\/www.uni.lu\/fr\/","logo":{"@type":"ImageObject","inLanguage":"fr-FR","@id":"https:\/\/www.uni.lu\/fr\/#\/schema\/logo\/image\/","url":"https:\/\/www.uni.lu\/wp-content\/uploads\/sites\/11\/2026\/03\/03120045\/UNIV_SM-Profile_1600x1600px-scaled.jpg","contentUrl":"https:\/\/www.uni.lu\/wp-content\/uploads\/sites\/11\/2026\/03\/03120045\/UNIV_SM-Profile_1600x1600px-scaled.jpg","width":2560,"height":2560,"caption":"Universit\u00e9 du Luxembourg"},"image":"https:\/\/www.uni.lu\/wp-content\/uploads\/sites\/11\/2026\/04\/24120552\/20200609-Belval-Campus_Henri-Goergen-23.jpg","sameAs":["https:\/\/www.facebook.com\/uni.lu","https:\/\/www.linkedin.com\/school\/university-of-luxembourg\/","https:\/\/www.instagram.com\/uni.lu","https:\/\/www.youtube.com\/@uni_lu","https:\/\/en.wikipedia.org\/wiki\/University_of_Luxembourg"],"email":"communication@uni.lu","telephone":"+352 46 66 44 1","address":{"@type":"PostalAddress","streetAddress":"2, place de l\u2019Universit\u00e9","addressLocality":"Esch-sur-Alzette","postalCode":"4365","addressCountry":"LU"},"description":"Universit\u00e9 du Luxembourg"}]}},"_links":{"self":[{"href":"https:\/\/www.uni.lu\/fr\/wp-json\/wp\/v2\/events\/8078"}],"collection":[{"href":"https:\/\/www.uni.lu\/fr\/wp-json\/wp\/v2\/events"}],"about":[{"href":"https:\/\/www.uni.lu\/fr\/wp-json\/wp\/v2\/types\/events"}],"replies":[{"embeddable":true,"href":"https:\/\/www.uni.lu\/fr\/wp-json\/wp\/v2\/comments?post=8078"}],"version-history":[{"count":0,"href":"https:\/\/www.uni.lu\/fr\/wp-json\/wp\/v2\/events\/8078\/revisions"}],"wp:featuredmedia":[{"embeddable":true,"href":"https:\/\/www.uni.lu\/fr\/wp-json\/wp\/v2\/media\/8079"}],"wp:attachment":[{"href":"https:\/\/www.uni.lu\/fr\/wp-json\/wp\/v2\/media?parent=8078"}],"wp:term":[{"taxonomy":"events-topic","embeddable":true,"href":"https:\/\/www.uni.lu\/fr\/wp-json\/wp\/v2\/events-topic?post=8078"},{"taxonomy":"events-type","embeddable":true,"href":"https:\/\/www.uni.lu\/fr\/wp-json\/wp\/v2\/events-type?post=8078"},{"taxonomy":"organisation","embeddable":true,"href":"https:\/\/www.uni.lu\/fr\/wp-json\/wp\/v2\/organisation?post=8078"}],"curies":[{"name":"wp","href":"https:\/\/api.w.org\/{rel}","templated":true}]}}