{"id":8049,"date":"2019-10-25T15:26:24","date_gmt":"2019-10-25T13:26:24","guid":{"rendered":"https:\/\/www.uni.lu\/fr\/events\/forum-z-dun-mur-a-lautrehistoires-connectees\/"},"modified":"2019-10-25T15:26:24","modified_gmt":"2019-10-25T13:26:24","slug":"forum-z-dun-mur-a-lautrehistoires-connectees","status":"publish","type":"events","link":"https:\/\/www.uni.lu\/fr\/events\/forum-z-dun-mur-a-lautrehistoires-connectees\/","title":{"rendered":"Forum Z \u2013 \u00ab D\u2019un mur \u00e0 l\u2019autre\u2026Histoire(s) connect\u00e9e(s) \u00bb"},"content":{"rendered":"<section class=\"wp-block-unilux-blocks-free-section section\"><div class=\"container xl:max-w-screen-xl\"><p>Table ronde \u00e0 l\u2019occasion du 30<sup>e<\/sup> anniversaire de la chute du Mur de Berlin<\/p><p>Le 9 novembre 2019 marque le 30<sup>e<\/sup> anniversaire de la chute du Mur de Berlin. L\u2019effondrement de ce symbole d\u2019un monde divis\u00e9 en deux blocs rivaux fut suivi de multiples bouleversements g\u00e9opolitiques dont notamment : la r\u00e9unification allemande (20 septembre 1990) ; la fin du communisme et les transitions d\u00e9mocratiques dans les pays de l\u2019Europe centrale et orientale, l\u2019\u00e9largissement de l\u2019Union europ\u00e9enne vers l\u2019Est ; l\u2019\u00e9clatement de l\u2019URSS et l\u2019\u00e9mergence de la Communaut\u00e9 des \u00c9tats ind\u00e9pendants (8 d\u00e9cembre 1991) ; la fin de la guerre froide et la nouvelle approche s\u00e9curitaire euro-atlantique ; les guerres de Yougoslavie (1991-2001) qui ont redessin\u00e9 la carte de l\u2019Europe ; un nouvel ordre mondial reposant sur le multilat\u00e9ralisme.<\/p><p>Pour \u00e9voquer ces \u00e9v\u00e9nements qui ont chang\u00e9 le cours de l\u2019histoire du XX<sup>e<\/sup> si\u00e8cle et d\u00e9battre de leur r\u00e9sonance avec l\u2019actualit\u00e9, l\u2019Europe Direct Information Center de l\u2019Universit\u00e9 de Luxembourg (EDIC), le Luxembourg Centre for Contemporary and Digital History (C\u00b2DH), l\u2019Institut Pierre Werner et leurs partenaires \u2013 les Archives historiques de l\u2019Union europ\u00e9enne (Florence), Stiftung Berliner Mauer (Berlin), l\u2019ambassade d\u2019Allemagne, la Repr\u00e9sentation de la Commission europ\u00e9enne au Luxembourg et la Radio 100,7 \u2013 vous invitent au <strong>Forum Z \u2013 \u00ab D\u2019un mur \u00e0 l\u2019autre\u2026Histoire(s) connect\u00e9e(s) \u00bb<\/strong>.<\/p><p>R\u00e9unis autour d\u2019une <strong>table ronde<\/strong>, des experts venant d\u2019horizons diff\u00e9rents analyseront le concept de \u00ab murs \u00bb dans l\u2019histoire et d\u00e9battront des d\u00e9fis de leurs disciplines respectives dans l\u2019exploration du pass\u00e9 et du pr\u00e9sent, dans la pr\u00e9servation de la m\u00e9moire et la transmission du savoir, ainsi que du r\u00f4le des nouvelles m\u00e9thodologies \u00e0 l\u2019heure du num\u00e9rique.<\/p><p>L\u2019allocution d\u2019ouverture sera prononc\u00e9e par <strong>Prof.Dr Jens Kreisel<\/strong>, Vice-recteur \u00e0 la Recherche de l\u2019Universit\u00e9 du Luxembourg. Les intervenants seront<\/p><ul class=\"ulux-list\"><li class=\"ulux-list-item\">l\u2019architecte <strong>Tatiana Fabeck<\/strong> (Luxembourg)<\/li><li class=\"ulux-list-item\"><strong>Dr Andrey Grachev<\/strong>, politologue et ancien conseiller du pr\u00e9sident Mikha\u00efl Gorbatchev (Russie)<\/li><li class=\"ulux-list-item\"><strong>Dr Gerhard S\u00e4lter<\/strong>, chef du d\u00e9partement \u00abRecherche et Documentation\u00bb de la Stiftung Berliner Mauer (Allemagne)<\/li><li class=\"ulux-list-item\"><strong>Dr Dieter Schlenker<\/strong>, directeur des Archives historiques de l\u2019Union europ\u00e9enne (Florence, Italie).<\/li><\/ul><p>Mod\u00e9rateur: <strong>Prof. Beno\u00eet Majerus<\/strong>, Luxembourg Centre for Contemporary and Digital History (C\u00b2DH).<\/p><p>En allemand et fran\u00e7ais avec traduction simultan\u00e9e<\/p><p>Entr\u00e9e libre (pour des raisons organisationnelles, une <a href=\"https:\/\/www.eventbrite.fr\/e\/billets-forum-z-dun-mur-a-lautrehistoires-connectees-78607000655\" target=\"_blank\" title=\"\" rel=\"noopener\">inscription pr\u00e9alable<\/a> est appr\u00e9ci\u00e9e).<\/p><p><\/p><figure class=\"wp-block-dev4-reusable-blocks-image  object-fit--contain\">\n    \n<img decoding=\"async\" class=\"wp-block-image unilux-custom-image-block\"\n                alt=\"\"\n            src=\"https:\/\/www.uni.lu\/wp-content\/uploads\/sites\/11\/2024\/01\/partners_forum_z_berlin_wall.png\"\n                srcset=\"https:\/\/www.uni.lu\/wp-content\/uploads\/sites\/11\/2024\/01\/partners_forum_z_berlin_wall-300x60.png 300w, https:\/\/www.uni.lu\/wp-content\/uploads\/sites\/11\/2024\/01\/partners_forum_z_berlin_wall-768x153.png 768w, https:\/\/www.uni.lu\/wp-content\/uploads\/sites\/11\/2024\/01\/partners_forum_z_berlin_wall.png 1002w\"\n                style=\"object-position: 50.00% 50.00%; font-family: &quot;object-fit: contain; object-position: 50.00% 50.00%;&quot;; aspect-ratio: 16\/9; object-fit: contain; width: 100%;\"\n        loading=\"lazy\"\n\/>    <\/figure><p><\/p>\n<h5 class=\"has-text-align-left wp-block-unilux-blocks-heading\"        id=\"photo-klaus-stuttmann\"\n    >\nPhoto: \u00a9 Klaus Stuttmann<\/h5>\n<\/div><\/section>","protected":false},"excerpt":{"rendered":"<p>Table ronde \u00e0 l\u2019occasion du 30e anniversaire de la chute du Mur de Berlin<\/p>\n","protected":false},"author":0,"featured_media":8050,"parent":0,"menu_order":0,"comment_status":"open","ping_status":"closed","template":"","format":"standard","meta":{"featured_image_focal_point":[],"show_featured_caption":false,"ulux_newsletter_groups":"","uluxPostTitle":"","uluxPrePostTitle":"","_trash_the_other_posts":false,"_price":"","_stock":"","_tribe_ticket_header":"","_tribe_default_ticket_provider":"","_tribe_ticket_capacity":"0","_ticket_start_date":"","_ticket_end_date":"","_tribe_ticket_show_description":"","_tribe_ticket_show_not_going":false,"_tribe_ticket_use_global_stock":"","_tribe_ticket_global_stock_level":"","_global_stock_mode":"","_global_stock_cap":"","_tribe_rsvp_for_event":"","_tribe_ticket_going_count":"","_tribe_ticket_not_going_count":"","_tribe_tickets_list":"[]","_tribe_ticket_has_attendee_info_fields":false,"event_start_date":"2019-11-19 18:30:00","event_end_date":"2019-11-19 20:30:00","event_speaker_name":"","event_speaker_link":"","event_is_online":false,"event_location":"Neim\u00ebnster - Salle Robert Krieps","event_street":"28, rue M\u00fcnster","event_location_link":"","event_zip_code":"L-2160","event_city":"Luxembourg","event_country":"LU"},"events-topic":[322,312],"events-type":[],"organisation":[221,226],"authorship":[],"acf":[],"yoast_head":"<!-- This site is optimized with the Yoast SEO Premium plugin v22.3 (Yoast SEO v22.3) - https:\/\/yoast.com\/wordpress\/plugins\/seo\/ -->\n<title>Forum Z \u2013 \u00ab D\u2019un mur \u00e0 l\u2019autre\u2026Histoire(s) connect\u00e9e(s) \u00bb - Universit\u00e9 du Luxembourg<\/title>\n<meta name=\"description\" content=\"Table ronde \u00e0 l\u2019occasion du 30e anniversaire de la chute du Mur de Berlin\" \/>\n<meta name=\"robots\" content=\"index, follow, max-snippet:-1, max-image-preview:large, max-video-preview:-1\" \/>\n<link rel=\"canonical\" href=\"https:\/\/www.uni.lu\/fr\/events\/forum-z-dun-mur-a-lautrehistoires-connectees\/\" \/>\n<meta property=\"og:locale\" content=\"fr_FR\" \/>\n<meta property=\"og:type\" content=\"article\" \/>\n<meta property=\"og:title\" content=\"Forum Z \u2013 \u00ab D\u2019un mur \u00e0 l\u2019autre\u2026Histoire(s) connect\u00e9e(s) \u00bb\" \/>\n<meta property=\"og:description\" content=\"Table ronde \u00e0 l\u2019occasion du 30e anniversaire de la chute du Mur de Berlin\" \/>\n<meta property=\"og:url\" content=\"https:\/\/www.uni.lu\/fr\/events\/forum-z-dun-mur-a-lautrehistoires-connectees\/\" \/>\n<meta property=\"og:site_name\" content=\"UNI FR\" \/>\n<meta property=\"article:publisher\" content=\"https:\/\/www.facebook.com\/uni.lu\" \/>\n<meta property=\"og:image\" content=\"https:\/\/www.uni.lu\/wp-content\/uploads\/sites\/11\/2026\/03\/03120045\/UNIV_SM-Profile_1600x1600px-scaled.jpg\" \/>\n\t<meta property=\"og:image:width\" content=\"2560\" \/>\n\t<meta property=\"og:image:height\" content=\"2560\" \/>\n\t<meta property=\"og:image:type\" content=\"image\/jpeg\" \/>\n<meta name=\"twitter:card\" content=\"summary_large_image\" \/>\n<meta name=\"twitter:label1\" content=\"Dur\u00e9e de lecture estim\u00e9e\" \/>\n\t<meta name=\"twitter:data1\" content=\"2 minutes\" \/>\n<script type=\"application\/ld+json\" class=\"yoast-schema-graph\">{\"@context\":\"https:\/\/schema.org\",\"@graph\":[{\"@type\":\"WebPage\",\"@id\":\"https:\/\/www.uni.lu\/fr\/events\/forum-z-dun-mur-a-lautrehistoires-connectees\/\",\"url\":\"https:\/\/www.uni.lu\/fr\/events\/forum-z-dun-mur-a-lautrehistoires-connectees\/\",\"name\":\"Forum Z \u2013 \u00ab D\u2019un mur \u00e0 l\u2019autre\u2026Histoire(s) connect\u00e9e(s) \u00bb - Universit\u00e9 du Luxembourg\",\"isPartOf\":{\"@id\":\"https:\/\/www.uni.lu\/fr\/#website\"},\"primaryImageOfPage\":{\"@id\":\"https:\/\/www.uni.lu\/fr\/events\/forum-z-dun-mur-a-lautrehistoires-connectees\/#primaryimage\"},\"image\":{\"@id\":\"https:\/\/www.uni.lu\/fr\/events\/forum-z-dun-mur-a-lautrehistoires-connectees\/#primaryimage\"},\"thumbnailUrl\":\"https:\/\/www.uni.lu\/wp-content\/uploads\/sites\/11\/2019\/10\/forum_z_d_un_mur_a_l_autre_histoire_s_connectee_s.jpg\",\"datePublished\":\"2019-10-25T13:26:24+00:00\",\"dateModified\":\"2019-10-25T13:26:24+00:00\",\"description\":\"Table ronde \u00e0 l\u2019occasion du 30e anniversaire de la chute du Mur de Berlin\",\"breadcrumb\":{\"@id\":\"https:\/\/www.uni.lu\/fr\/events\/forum-z-dun-mur-a-lautrehistoires-connectees\/#breadcrumb\"},\"inLanguage\":\"fr-FR\",\"potentialAction\":[{\"@type\":\"ReadAction\",\"target\":[\"https:\/\/www.uni.lu\/fr\/events\/forum-z-dun-mur-a-lautrehistoires-connectees\/\"]}]},{\"@type\":\"ImageObject\",\"inLanguage\":\"fr-FR\",\"@id\":\"https:\/\/www.uni.lu\/fr\/events\/forum-z-dun-mur-a-lautrehistoires-connectees\/#primaryimage\",\"url\":\"https:\/\/www.uni.lu\/wp-content\/uploads\/sites\/11\/2019\/10\/forum_z_d_un_mur_a_l_autre_histoire_s_connectee_s.jpg\",\"contentUrl\":\"https:\/\/www.uni.lu\/wp-content\/uploads\/sites\/11\/2019\/10\/forum_z_d_un_mur_a_l_autre_histoire_s_connectee_s.jpg\",\"width\":800,\"height\":600},{\"@type\":\"BreadcrumbList\",\"@id\":\"https:\/\/www.uni.lu\/fr\/events\/forum-z-dun-mur-a-lautrehistoires-connectees\/#breadcrumb\",\"itemListElement\":[{\"@type\":\"ListItem\",\"position\":1,\"name\":\"Home\",\"item\":\"https:\/\/www.uni.lu\/fr\/\"},{\"@type\":\"ListItem\",\"position\":2,\"name\":\"Events\",\"item\":\"https:\/\/www.uni.lu\/fr\/events\/\"},{\"@type\":\"ListItem\",\"position\":3,\"name\":\"Forum Z \u2013 \u00ab D\u2019un mur \u00e0 l\u2019autre\u2026Histoire(s) connect\u00e9e(s) \u00bb\"}]},{\"@type\":\"WebSite\",\"@id\":\"https:\/\/www.uni.lu\/fr\/#website\",\"url\":\"https:\/\/www.uni.lu\/fr\/\",\"name\":\"Uni.lu\",\"description\":\"Universit\u00e9 du Luxembourg\",\"publisher\":{\"@id\":\"https:\/\/www.uni.lu\/fr\/#organization\"},\"alternateName\":\"Universit\u00e9 du Luxembourg\",\"potentialAction\":[{\"@type\":\"SearchAction\",\"target\":{\"@type\":\"EntryPoint\",\"urlTemplate\":\"https:\/\/www.uni.lu\/fr\/?s={search_term_string}\"},\"query-input\":\"required name=search_term_string\"}],\"inLanguage\":\"fr-FR\"},{\"@type\":\"Organization\",\"@id\":\"https:\/\/www.uni.lu\/fr\/#organization\",\"name\":\"Universit\u00e9 du Luxembourg\",\"alternateName\":\"Uni.lu\",\"url\":\"https:\/\/www.uni.lu\/fr\/\",\"logo\":{\"@type\":\"ImageObject\",\"inLanguage\":\"fr-FR\",\"@id\":\"https:\/\/www.uni.lu\/fr\/#\/schema\/logo\/image\/\",\"url\":\"https:\/\/www.uni.lu\/wp-content\/uploads\/sites\/11\/2026\/03\/03120045\/UNIV_SM-Profile_1600x1600px-scaled.jpg\",\"contentUrl\":\"https:\/\/www.uni.lu\/wp-content\/uploads\/sites\/11\/2026\/03\/03120045\/UNIV_SM-Profile_1600x1600px-scaled.jpg\",\"width\":2560,\"height\":2560,\"caption\":\"Universit\u00e9 du Luxembourg\"},\"image\":\"https:\/\/www.uni.lu\/wp-content\/uploads\/sites\/11\/2026\/04\/24120552\/20200609-Belval-Campus_Henri-Goergen-23.jpg\",\"sameAs\":[\"https:\/\/www.facebook.com\/uni.lu\",\"https:\/\/www.linkedin.com\/school\/university-of-luxembourg\/\",\"https:\/\/www.instagram.com\/uni.lu\",\"https:\/\/www.youtube.com\/@uni_lu\",\"https:\/\/en.wikipedia.org\/wiki\/University_of_Luxembourg\"],\"email\":\"communication@uni.lu\",\"telephone\":\"+352 46 66 44 1\",\"address\":{\"@type\":\"PostalAddress\",\"streetAddress\":\"2, place de l\u2019Universit\u00e9\",\"addressLocality\":\"Esch-sur-Alzette\",\"postalCode\":\"4365\",\"addressCountry\":\"LU\"},\"description\":\"Universit\u00e9 du Luxembourg\"}]}<\/script>\n<!-- \/ Yoast SEO Premium plugin. -->","yoast_head_json":{"title":"Forum Z \u2013 \u00ab D\u2019un mur \u00e0 l\u2019autre\u2026Histoire(s) connect\u00e9e(s) \u00bb - Universit\u00e9 du Luxembourg","description":"Table ronde \u00e0 l\u2019occasion du 30e anniversaire de la chute du Mur de Berlin","robots":{"index":"index","follow":"follow","max-snippet":"max-snippet:-1","max-image-preview":"max-image-preview:large","max-video-preview":"max-video-preview:-1"},"canonical":"https:\/\/www.uni.lu\/fr\/events\/forum-z-dun-mur-a-lautrehistoires-connectees\/","og_locale":"fr_FR","og_type":"article","og_title":"Forum Z \u2013 \u00ab D\u2019un mur \u00e0 l\u2019autre\u2026Histoire(s) connect\u00e9e(s) \u00bb","og_description":"Table ronde \u00e0 l\u2019occasion du 30e anniversaire de la chute du Mur de Berlin","og_url":"https:\/\/www.uni.lu\/fr\/events\/forum-z-dun-mur-a-lautrehistoires-connectees\/","og_site_name":"UNI FR","article_publisher":"https:\/\/www.facebook.com\/uni.lu","og_image":[{"width":2560,"height":2560,"url":"https:\/\/www.uni.lu\/wp-content\/uploads\/sites\/11\/2026\/03\/03120045\/UNIV_SM-Profile_1600x1600px-scaled.jpg","type":"image\/jpeg"}],"twitter_card":"summary_large_image","twitter_misc":{"Dur\u00e9e de lecture estim\u00e9e":"2 minutes"},"schema":{"@context":"https:\/\/schema.org","@graph":[{"@type":"WebPage","@id":"https:\/\/www.uni.lu\/fr\/events\/forum-z-dun-mur-a-lautrehistoires-connectees\/","url":"https:\/\/www.uni.lu\/fr\/events\/forum-z-dun-mur-a-lautrehistoires-connectees\/","name":"Forum Z \u2013 \u00ab D\u2019un mur \u00e0 l\u2019autre\u2026Histoire(s) connect\u00e9e(s) \u00bb - Universit\u00e9 du Luxembourg","isPartOf":{"@id":"https:\/\/www.uni.lu\/fr\/#website"},"primaryImageOfPage":{"@id":"https:\/\/www.uni.lu\/fr\/events\/forum-z-dun-mur-a-lautrehistoires-connectees\/#primaryimage"},"image":{"@id":"https:\/\/www.uni.lu\/fr\/events\/forum-z-dun-mur-a-lautrehistoires-connectees\/#primaryimage"},"thumbnailUrl":"https:\/\/www.uni.lu\/wp-content\/uploads\/sites\/11\/2019\/10\/forum_z_d_un_mur_a_l_autre_histoire_s_connectee_s.jpg","datePublished":"2019-10-25T13:26:24+00:00","dateModified":"2019-10-25T13:26:24+00:00","description":"Table ronde \u00e0 l\u2019occasion du 30e anniversaire de la chute du Mur de Berlin","breadcrumb":{"@id":"https:\/\/www.uni.lu\/fr\/events\/forum-z-dun-mur-a-lautrehistoires-connectees\/#breadcrumb"},"inLanguage":"fr-FR","potentialAction":[{"@type":"ReadAction","target":["https:\/\/www.uni.lu\/fr\/events\/forum-z-dun-mur-a-lautrehistoires-connectees\/"]}]},{"@type":"ImageObject","inLanguage":"fr-FR","@id":"https:\/\/www.uni.lu\/fr\/events\/forum-z-dun-mur-a-lautrehistoires-connectees\/#primaryimage","url":"https:\/\/www.uni.lu\/wp-content\/uploads\/sites\/11\/2019\/10\/forum_z_d_un_mur_a_l_autre_histoire_s_connectee_s.jpg","contentUrl":"https:\/\/www.uni.lu\/wp-content\/uploads\/sites\/11\/2019\/10\/forum_z_d_un_mur_a_l_autre_histoire_s_connectee_s.jpg","width":800,"height":600},{"@type":"BreadcrumbList","@id":"https:\/\/www.uni.lu\/fr\/events\/forum-z-dun-mur-a-lautrehistoires-connectees\/#breadcrumb","itemListElement":[{"@type":"ListItem","position":1,"name":"Home","item":"https:\/\/www.uni.lu\/fr\/"},{"@type":"ListItem","position":2,"name":"Events","item":"https:\/\/www.uni.lu\/fr\/events\/"},{"@type":"ListItem","position":3,"name":"Forum Z \u2013 \u00ab D\u2019un mur \u00e0 l\u2019autre\u2026Histoire(s) connect\u00e9e(s) \u00bb"}]},{"@type":"WebSite","@id":"https:\/\/www.uni.lu\/fr\/#website","url":"https:\/\/www.uni.lu\/fr\/","name":"Uni.lu","description":"Universit\u00e9 du Luxembourg","publisher":{"@id":"https:\/\/www.uni.lu\/fr\/#organization"},"alternateName":"Universit\u00e9 du Luxembourg","potentialAction":[{"@type":"SearchAction","target":{"@type":"EntryPoint","urlTemplate":"https:\/\/www.uni.lu\/fr\/?s={search_term_string}"},"query-input":"required name=search_term_string"}],"inLanguage":"fr-FR"},{"@type":"Organization","@id":"https:\/\/www.uni.lu\/fr\/#organization","name":"Universit\u00e9 du Luxembourg","alternateName":"Uni.lu","url":"https:\/\/www.uni.lu\/fr\/","logo":{"@type":"ImageObject","inLanguage":"fr-FR","@id":"https:\/\/www.uni.lu\/fr\/#\/schema\/logo\/image\/","url":"https:\/\/www.uni.lu\/wp-content\/uploads\/sites\/11\/2026\/03\/03120045\/UNIV_SM-Profile_1600x1600px-scaled.jpg","contentUrl":"https:\/\/www.uni.lu\/wp-content\/uploads\/sites\/11\/2026\/03\/03120045\/UNIV_SM-Profile_1600x1600px-scaled.jpg","width":2560,"height":2560,"caption":"Universit\u00e9 du Luxembourg"},"image":"https:\/\/www.uni.lu\/wp-content\/uploads\/sites\/11\/2026\/04\/24120552\/20200609-Belval-Campus_Henri-Goergen-23.jpg","sameAs":["https:\/\/www.facebook.com\/uni.lu","https:\/\/www.linkedin.com\/school\/university-of-luxembourg\/","https:\/\/www.instagram.com\/uni.lu","https:\/\/www.youtube.com\/@uni_lu","https:\/\/en.wikipedia.org\/wiki\/University_of_Luxembourg"],"email":"communication@uni.lu","telephone":"+352 46 66 44 1","address":{"@type":"PostalAddress","streetAddress":"2, place de l\u2019Universit\u00e9","addressLocality":"Esch-sur-Alzette","postalCode":"4365","addressCountry":"LU"},"description":"Universit\u00e9 du Luxembourg"}]}},"_links":{"self":[{"href":"https:\/\/www.uni.lu\/fr\/wp-json\/wp\/v2\/events\/8049"}],"collection":[{"href":"https:\/\/www.uni.lu\/fr\/wp-json\/wp\/v2\/events"}],"about":[{"href":"https:\/\/www.uni.lu\/fr\/wp-json\/wp\/v2\/types\/events"}],"replies":[{"embeddable":true,"href":"https:\/\/www.uni.lu\/fr\/wp-json\/wp\/v2\/comments?post=8049"}],"version-history":[{"count":0,"href":"https:\/\/www.uni.lu\/fr\/wp-json\/wp\/v2\/events\/8049\/revisions"}],"wp:featuredmedia":[{"embeddable":true,"href":"https:\/\/www.uni.lu\/fr\/wp-json\/wp\/v2\/media\/8050"}],"wp:attachment":[{"href":"https:\/\/www.uni.lu\/fr\/wp-json\/wp\/v2\/media?parent=8049"}],"wp:term":[{"taxonomy":"events-topic","embeddable":true,"href":"https:\/\/www.uni.lu\/fr\/wp-json\/wp\/v2\/events-topic?post=8049"},{"taxonomy":"events-type","embeddable":true,"href":"https:\/\/www.uni.lu\/fr\/wp-json\/wp\/v2\/events-type?post=8049"},{"taxonomy":"organisation","embeddable":true,"href":"https:\/\/www.uni.lu\/fr\/wp-json\/wp\/v2\/organisation?post=8049"}],"curies":[{"name":"wp","href":"https:\/\/api.w.org\/{rel}","templated":true}]}}