{"id":8046,"date":"2019-10-25T08:25:06","date_gmt":"2019-10-25T06:25:06","guid":{"rendered":"https:\/\/www.uni.lu\/fr\/events\/soiree-cinematographique-un-mur-a-berlin-de-patrick-rotman\/"},"modified":"2019-10-25T08:25:06","modified_gmt":"2019-10-25T06:25:06","slug":"soiree-cinematographique-un-mur-a-berlin-de-patrick-rotman","status":"publish","type":"events","link":"https:\/\/www.uni.lu\/fr\/events\/soiree-cinematographique-un-mur-a-berlin-de-patrick-rotman\/","title":{"rendered":"Soir\u00e9e cin\u00e9matographique: \u00abUn mur \u00e0 Berlin\u00bb de Patrick Rotman"},"content":{"rendered":"<section class=\"wp-block-unilux-blocks-free-section section\"><div class=\"container xl:max-w-screen-xl\"><p>Projection du film documentaire et d\u00e9bat avec Georges Marion (Le Monde) et Prof. Dr. Andreas Fickers (C\u00b2DH) \u00e0 l&rsquo;occasion du 30<sup>e<\/sup> anniversaire de la chute du mur de Berlin.<\/p><p>Il y a 30 ans, le 9 novembre 1989, le mur de Berlin tombe. Pour \u00e9voquer cet \u00e9v\u00e9nement qui a chang\u00e9 le cours de l\u2019histoire du XX<sup>e<\/sup> si\u00e8cle et d\u00e9battre de sa r\u00e9sonance avec l\u2019actualit\u00e9, l\u2019Europe Direct Information Center de l\u2019Universit\u00e9 de Luxembourg (EDIC), le Luxembourg Centre for Contemporary and Digital History (C\u00b2DH), l\u2019Institut Pierre Werner et leurs partenaires \u2013 les Archives historiques de l\u2019Union europ\u00e9enne (Florence), Stiftung Berliner Mauer (Berlin) et la Repr\u00e9sentation de la Commission europ\u00e9enne au Luxembourg \u2013 invitent le public \u00e0 la projection de ce documentaire artistique qui a fait date ainsi qu&rsquo;\u00e0 un d\u00e9bat.<\/p><p>Journaliste d\u2019investigation et sp\u00e9cialiste des grands dossiers des relations internationales, <strong>Georges Marion<\/strong> a \u00e9t\u00e9 t\u00e9moin de la chute du Mur de Berlin et de la r\u00e9volution roumaine (1989), qu\u2019il a couvertes en direct pour le journal <i>Le Monde<\/i>, dont il devient grand reporter. Par la suite, il a \u00e9t\u00e9 correspondant notamment en Alg\u00e9rie (1990-1992),\u00a0en Afrique du Sud (1992-1995) et en Isra\u00ebl (\u00e0 partir de 1998), avant de rejoindre Berlin (2001 \u00e0 2006). Fin connaisseur de l\u2019Allemagne, il a collabor\u00e9 avec Patrick Rotman dans la r\u00e9alisation du docufiction \u00ab\u00a0Un mur \u00e0 Berlin\u00a0\u00bb. Depuis 2013, il tient le blog intitul\u00e9 <i>Ma boite \u00e0 souvenirs<\/i> sur le site <i>Arr\u00eat sur images<\/i>.<\/p><p><strong>Prof. Dr. Andreas Fickers<\/strong>, directeur depuis octobre 2016 du Luxembourg Centre for Contemporary and Digital History (C\u00b2DH)- , a fait des \u00e9tudes en histoire, philosophie et sociologie. Il a obtenu son doctorat en 2002 \u00e0 l\u2019Universit\u00e9 de RTWH Aachen et a travaill\u00e9 comme professeur adjoint pour l\u2019histoire de la t\u00e9l\u00e9vision \u00e0 l\u2019Universit\u00e9 d\u2019Utrecht (2003-2007) et comme professeur agr\u00e9g\u00e9 pour l\u2019histoire des m\u00e9dias comparatifs \u00e0 l\u2019Universit\u00e9 de Maastricht (2007-2013). Actuellement il est professeur d\u2019histoire contemporaine et num\u00e9rique \u00e0 l\u2019Universit\u00e9 du Luxembourg.<\/p><p>Ecrivain, sc\u00e9nariste et documentariste, titulaire d\u2019un doctorat en histoire,<strong>\u00a0Patrick Rotman <\/strong>a \u00e9galement publi\u00e9 une vingtaine d\u2019ouvrages sur des sujets politiques et de soci\u00e9t\u00e9 (<i>G\u00e9n\u00e9ration, Tu vois je n\u2019ai rien oubli\u00e9, L\u2019\u00e2me au poing<\/i>). Il est auteur-r\u00e9alisateur de plusieurs documentaires dont\u00a0notamment \u00ab\u00a0Un Mur \u00e0 Berlin\u00a0\u00bb, \u00ab\u00a0Mitterrand, le roman du pouvoir\u00a0\u00bb, \u00ab\u00a0\u00c9t\u00e9 44\u00a0\u00bb, \u00ab\u00a0CHIRAC\u00a0\u00bb, \u00ab\u00a068, les survivants\u00a0\u00bb, \u00ab\u00a0Yvo Livi dit Yves Montand\u00a0\u00bb. Il est \u00e9galement sc\u00e9nariste (<i>Nuit Noire, L\u2019ennemi intime, La conqu\u00eate<\/i>).<\/p><p><\/p><p>En langue fran\u00e7aise.<\/p><p>Entr\u00e9e libre.<\/p><p><\/p>\n<h5 class=\"has-text-align-left wp-block-unilux-blocks-heading\"        id=\"photo-extrait-du-film-un-mur-a-berlin-de-patrick-rotman-tous-droits-reserves\"\n    >\nPhoto: Extrait du film \u00ab Un mur \u00e0 Berlin \u00bb de Patrick Rotman \u00a9 Tous droits r\u00e9serv\u00e9s<\/h5>\n<p><\/p><p><\/p><\/div><\/section>","protected":false},"excerpt":{"rendered":"<p>Projection du film documentaire et d\u00e9bat avec Georges Marion (Le Monde) et Prof. Dr. Andreas Fickers (C\u00b2DH) \u00e0 l&rsquo;occasion du 30e anniversaire de la chute du mur de Berlin.<\/p>\n","protected":false},"author":0,"featured_media":8047,"parent":0,"menu_order":0,"comment_status":"open","ping_status":"closed","template":"","format":"standard","meta":{"featured_image_focal_point":[],"show_featured_caption":false,"ulux_newsletter_groups":"","uluxPostTitle":"","uluxPrePostTitle":"","_trash_the_other_posts":false,"_price":"","_stock":"","_tribe_ticket_header":"","_tribe_default_ticket_provider":"","_tribe_ticket_capacity":"0","_ticket_start_date":"","_ticket_end_date":"","_tribe_ticket_show_description":"","_tribe_ticket_show_not_going":false,"_tribe_ticket_use_global_stock":"","_tribe_ticket_global_stock_level":"","_global_stock_mode":"","_global_stock_cap":"","_tribe_rsvp_for_event":"","_tribe_ticket_going_count":"","_tribe_ticket_not_going_count":"","_tribe_tickets_list":"[]","_tribe_ticket_has_attendee_info_fields":false,"event_start_date":"2019-11-18 18:30:00","event_end_date":"2019-11-18 20:30:00","event_speaker_name":"Georges Marion (Le Monde) et Prof. Dr. Andreas Fickers (C\u00b2DH) ","event_speaker_link":"","event_is_online":false,"event_location":"Neim\u00ebnster, Salle Robert Krieps","event_street":"28, rue M\u00fcnster","event_location_link":"","event_zip_code":"L-2160","event_city":"Luxembourg","event_country":"LU"},"events-topic":[322,312],"events-type":[],"organisation":[221,226],"authorship":[],"acf":[],"yoast_head":"<!-- This site is optimized with the Yoast SEO Premium plugin v22.3 (Yoast SEO v22.3) - https:\/\/yoast.com\/wordpress\/plugins\/seo\/ -->\n<title>Soir\u00e9e cin\u00e9matographique: \u00abUn mur \u00e0 Berlin\u00bb de Patrick Rotman - Universit\u00e9 du Luxembourg<\/title>\n<meta name=\"description\" content=\"Projection du film documentaire et d\u00e9bat avec Georges Marion (Le Monde) et Prof. Dr. Andreas Fickers (C\u00b2DH) \u00e0 l&#039;occasion du 30e anniversaire de la chute du mur de Berlin.\" \/>\n<meta name=\"robots\" content=\"index, follow, max-snippet:-1, max-image-preview:large, max-video-preview:-1\" \/>\n<link rel=\"canonical\" href=\"https:\/\/www.uni.lu\/fr\/events\/soiree-cinematographique-un-mur-a-berlin-de-patrick-rotman\/\" \/>\n<meta property=\"og:locale\" content=\"fr_FR\" \/>\n<meta property=\"og:type\" content=\"article\" \/>\n<meta property=\"og:title\" content=\"Soir\u00e9e cin\u00e9matographique: \u00abUn mur \u00e0 Berlin\u00bb de Patrick Rotman\" \/>\n<meta property=\"og:description\" content=\"Projection du film documentaire et d\u00e9bat avec Georges Marion (Le Monde) et Prof. Dr. Andreas Fickers (C\u00b2DH) \u00e0 l&#039;occasion du 30e anniversaire de la chute du mur de Berlin.\" \/>\n<meta property=\"og:url\" content=\"https:\/\/www.uni.lu\/fr\/events\/soiree-cinematographique-un-mur-a-berlin-de-patrick-rotman\/\" \/>\n<meta property=\"og:site_name\" content=\"UNI FR\" \/>\n<meta property=\"article:publisher\" content=\"https:\/\/www.facebook.com\/uni.lu\" \/>\n<meta property=\"og:image\" content=\"https:\/\/www.uni.lu\/wp-content\/uploads\/sites\/11\/2026\/03\/03120045\/UNIV_SM-Profile_1600x1600px-scaled.jpg\" \/>\n\t<meta property=\"og:image:width\" content=\"2560\" \/>\n\t<meta property=\"og:image:height\" content=\"2560\" \/>\n\t<meta property=\"og:image:type\" content=\"image\/jpeg\" \/>\n<meta name=\"twitter:card\" content=\"summary_large_image\" \/>\n<meta name=\"twitter:label1\" content=\"Dur\u00e9e de lecture estim\u00e9e\" \/>\n\t<meta name=\"twitter:data1\" content=\"2 minutes\" \/>\n<script type=\"application\/ld+json\" class=\"yoast-schema-graph\">{\"@context\":\"https:\/\/schema.org\",\"@graph\":[{\"@type\":\"WebPage\",\"@id\":\"https:\/\/www.uni.lu\/fr\/events\/soiree-cinematographique-un-mur-a-berlin-de-patrick-rotman\/\",\"url\":\"https:\/\/www.uni.lu\/fr\/events\/soiree-cinematographique-un-mur-a-berlin-de-patrick-rotman\/\",\"name\":\"Soir\u00e9e cin\u00e9matographique: \u00abUn mur \u00e0 Berlin\u00bb de Patrick Rotman - Universit\u00e9 du Luxembourg\",\"isPartOf\":{\"@id\":\"https:\/\/www.uni.lu\/fr\/#website\"},\"primaryImageOfPage\":{\"@id\":\"https:\/\/www.uni.lu\/fr\/events\/soiree-cinematographique-un-mur-a-berlin-de-patrick-rotman\/#primaryimage\"},\"image\":{\"@id\":\"https:\/\/www.uni.lu\/fr\/events\/soiree-cinematographique-un-mur-a-berlin-de-patrick-rotman\/#primaryimage\"},\"thumbnailUrl\":\"https:\/\/www.uni.lu\/wp-content\/uploads\/sites\/11\/2019\/10\/soiree_cinematographique_un_mur_a_berlin_de_patrick_rotman.jpg\",\"datePublished\":\"2019-10-25T06:25:06+00:00\",\"dateModified\":\"2019-10-25T06:25:06+00:00\",\"description\":\"Projection du film documentaire et d\u00e9bat avec Georges Marion (Le Monde) et Prof. Dr. Andreas Fickers (C\u00b2DH) \u00e0 l'occasion du 30e anniversaire de la chute du mur de Berlin.\",\"breadcrumb\":{\"@id\":\"https:\/\/www.uni.lu\/fr\/events\/soiree-cinematographique-un-mur-a-berlin-de-patrick-rotman\/#breadcrumb\"},\"inLanguage\":\"fr-FR\",\"potentialAction\":[{\"@type\":\"ReadAction\",\"target\":[\"https:\/\/www.uni.lu\/fr\/events\/soiree-cinematographique-un-mur-a-berlin-de-patrick-rotman\/\"]}]},{\"@type\":\"ImageObject\",\"inLanguage\":\"fr-FR\",\"@id\":\"https:\/\/www.uni.lu\/fr\/events\/soiree-cinematographique-un-mur-a-berlin-de-patrick-rotman\/#primaryimage\",\"url\":\"https:\/\/www.uni.lu\/wp-content\/uploads\/sites\/11\/2019\/10\/soiree_cinematographique_un_mur_a_berlin_de_patrick_rotman.jpg\",\"contentUrl\":\"https:\/\/www.uni.lu\/wp-content\/uploads\/sites\/11\/2019\/10\/soiree_cinematographique_un_mur_a_berlin_de_patrick_rotman.jpg\",\"width\":800,\"height\":600},{\"@type\":\"BreadcrumbList\",\"@id\":\"https:\/\/www.uni.lu\/fr\/events\/soiree-cinematographique-un-mur-a-berlin-de-patrick-rotman\/#breadcrumb\",\"itemListElement\":[{\"@type\":\"ListItem\",\"position\":1,\"name\":\"Home\",\"item\":\"https:\/\/www.uni.lu\/fr\/\"},{\"@type\":\"ListItem\",\"position\":2,\"name\":\"Events\",\"item\":\"https:\/\/www.uni.lu\/fr\/events\/\"},{\"@type\":\"ListItem\",\"position\":3,\"name\":\"Soir\u00e9e cin\u00e9matographique: \u00abUn mur \u00e0 Berlin\u00bb de Patrick Rotman\"}]},{\"@type\":\"WebSite\",\"@id\":\"https:\/\/www.uni.lu\/fr\/#website\",\"url\":\"https:\/\/www.uni.lu\/fr\/\",\"name\":\"Uni.lu\",\"description\":\"Universit\u00e9 du Luxembourg\",\"publisher\":{\"@id\":\"https:\/\/www.uni.lu\/fr\/#organization\"},\"alternateName\":\"Universit\u00e9 du Luxembourg\",\"potentialAction\":[{\"@type\":\"SearchAction\",\"target\":{\"@type\":\"EntryPoint\",\"urlTemplate\":\"https:\/\/www.uni.lu\/fr\/?s={search_term_string}\"},\"query-input\":\"required name=search_term_string\"}],\"inLanguage\":\"fr-FR\"},{\"@type\":\"Organization\",\"@id\":\"https:\/\/www.uni.lu\/fr\/#organization\",\"name\":\"Universit\u00e9 du Luxembourg\",\"alternateName\":\"Uni.lu\",\"url\":\"https:\/\/www.uni.lu\/fr\/\",\"logo\":{\"@type\":\"ImageObject\",\"inLanguage\":\"fr-FR\",\"@id\":\"https:\/\/www.uni.lu\/fr\/#\/schema\/logo\/image\/\",\"url\":\"https:\/\/www.uni.lu\/wp-content\/uploads\/sites\/11\/2026\/03\/03120045\/UNIV_SM-Profile_1600x1600px-scaled.jpg\",\"contentUrl\":\"https:\/\/www.uni.lu\/wp-content\/uploads\/sites\/11\/2026\/03\/03120045\/UNIV_SM-Profile_1600x1600px-scaled.jpg\",\"width\":2560,\"height\":2560,\"caption\":\"Universit\u00e9 du Luxembourg\"},\"image\":\"https:\/\/www.uni.lu\/wp-content\/uploads\/sites\/11\/2026\/04\/24120552\/20200609-Belval-Campus_Henri-Goergen-23.jpg\",\"sameAs\":[\"https:\/\/www.facebook.com\/uni.lu\",\"https:\/\/www.linkedin.com\/school\/university-of-luxembourg\/\",\"https:\/\/www.instagram.com\/uni.lu\",\"https:\/\/www.youtube.com\/@uni_lu\",\"https:\/\/en.wikipedia.org\/wiki\/University_of_Luxembourg\"],\"email\":\"communication@uni.lu\",\"telephone\":\"+352 46 66 44 1\",\"address\":{\"@type\":\"PostalAddress\",\"streetAddress\":\"2, place de l\u2019Universit\u00e9\",\"addressLocality\":\"Esch-sur-Alzette\",\"postalCode\":\"4365\",\"addressCountry\":\"LU\"},\"description\":\"Universit\u00e9 du Luxembourg\"}]}<\/script>\n<!-- \/ Yoast SEO Premium plugin. -->","yoast_head_json":{"title":"Soir\u00e9e cin\u00e9matographique: \u00abUn mur \u00e0 Berlin\u00bb de Patrick Rotman - Universit\u00e9 du Luxembourg","description":"Projection du film documentaire et d\u00e9bat avec Georges Marion (Le Monde) et Prof. Dr. Andreas Fickers (C\u00b2DH) \u00e0 l'occasion du 30e anniversaire de la chute du mur de Berlin.","robots":{"index":"index","follow":"follow","max-snippet":"max-snippet:-1","max-image-preview":"max-image-preview:large","max-video-preview":"max-video-preview:-1"},"canonical":"https:\/\/www.uni.lu\/fr\/events\/soiree-cinematographique-un-mur-a-berlin-de-patrick-rotman\/","og_locale":"fr_FR","og_type":"article","og_title":"Soir\u00e9e cin\u00e9matographique: \u00abUn mur \u00e0 Berlin\u00bb de Patrick Rotman","og_description":"Projection du film documentaire et d\u00e9bat avec Georges Marion (Le Monde) et Prof. Dr. Andreas Fickers (C\u00b2DH) \u00e0 l'occasion du 30e anniversaire de la chute du mur de Berlin.","og_url":"https:\/\/www.uni.lu\/fr\/events\/soiree-cinematographique-un-mur-a-berlin-de-patrick-rotman\/","og_site_name":"UNI FR","article_publisher":"https:\/\/www.facebook.com\/uni.lu","og_image":[{"width":2560,"height":2560,"url":"https:\/\/www.uni.lu\/wp-content\/uploads\/sites\/11\/2026\/03\/03120045\/UNIV_SM-Profile_1600x1600px-scaled.jpg","type":"image\/jpeg"}],"twitter_card":"summary_large_image","twitter_misc":{"Dur\u00e9e de lecture estim\u00e9e":"2 minutes"},"schema":{"@context":"https:\/\/schema.org","@graph":[{"@type":"WebPage","@id":"https:\/\/www.uni.lu\/fr\/events\/soiree-cinematographique-un-mur-a-berlin-de-patrick-rotman\/","url":"https:\/\/www.uni.lu\/fr\/events\/soiree-cinematographique-un-mur-a-berlin-de-patrick-rotman\/","name":"Soir\u00e9e cin\u00e9matographique: \u00abUn mur \u00e0 Berlin\u00bb de Patrick Rotman - Universit\u00e9 du Luxembourg","isPartOf":{"@id":"https:\/\/www.uni.lu\/fr\/#website"},"primaryImageOfPage":{"@id":"https:\/\/www.uni.lu\/fr\/events\/soiree-cinematographique-un-mur-a-berlin-de-patrick-rotman\/#primaryimage"},"image":{"@id":"https:\/\/www.uni.lu\/fr\/events\/soiree-cinematographique-un-mur-a-berlin-de-patrick-rotman\/#primaryimage"},"thumbnailUrl":"https:\/\/www.uni.lu\/wp-content\/uploads\/sites\/11\/2019\/10\/soiree_cinematographique_un_mur_a_berlin_de_patrick_rotman.jpg","datePublished":"2019-10-25T06:25:06+00:00","dateModified":"2019-10-25T06:25:06+00:00","description":"Projection du film documentaire et d\u00e9bat avec Georges Marion (Le Monde) et Prof. Dr. Andreas Fickers (C\u00b2DH) \u00e0 l'occasion du 30e anniversaire de la chute du mur de Berlin.","breadcrumb":{"@id":"https:\/\/www.uni.lu\/fr\/events\/soiree-cinematographique-un-mur-a-berlin-de-patrick-rotman\/#breadcrumb"},"inLanguage":"fr-FR","potentialAction":[{"@type":"ReadAction","target":["https:\/\/www.uni.lu\/fr\/events\/soiree-cinematographique-un-mur-a-berlin-de-patrick-rotman\/"]}]},{"@type":"ImageObject","inLanguage":"fr-FR","@id":"https:\/\/www.uni.lu\/fr\/events\/soiree-cinematographique-un-mur-a-berlin-de-patrick-rotman\/#primaryimage","url":"https:\/\/www.uni.lu\/wp-content\/uploads\/sites\/11\/2019\/10\/soiree_cinematographique_un_mur_a_berlin_de_patrick_rotman.jpg","contentUrl":"https:\/\/www.uni.lu\/wp-content\/uploads\/sites\/11\/2019\/10\/soiree_cinematographique_un_mur_a_berlin_de_patrick_rotman.jpg","width":800,"height":600},{"@type":"BreadcrumbList","@id":"https:\/\/www.uni.lu\/fr\/events\/soiree-cinematographique-un-mur-a-berlin-de-patrick-rotman\/#breadcrumb","itemListElement":[{"@type":"ListItem","position":1,"name":"Home","item":"https:\/\/www.uni.lu\/fr\/"},{"@type":"ListItem","position":2,"name":"Events","item":"https:\/\/www.uni.lu\/fr\/events\/"},{"@type":"ListItem","position":3,"name":"Soir\u00e9e cin\u00e9matographique: \u00abUn mur \u00e0 Berlin\u00bb de Patrick Rotman"}]},{"@type":"WebSite","@id":"https:\/\/www.uni.lu\/fr\/#website","url":"https:\/\/www.uni.lu\/fr\/","name":"Uni.lu","description":"Universit\u00e9 du Luxembourg","publisher":{"@id":"https:\/\/www.uni.lu\/fr\/#organization"},"alternateName":"Universit\u00e9 du Luxembourg","potentialAction":[{"@type":"SearchAction","target":{"@type":"EntryPoint","urlTemplate":"https:\/\/www.uni.lu\/fr\/?s={search_term_string}"},"query-input":"required name=search_term_string"}],"inLanguage":"fr-FR"},{"@type":"Organization","@id":"https:\/\/www.uni.lu\/fr\/#organization","name":"Universit\u00e9 du Luxembourg","alternateName":"Uni.lu","url":"https:\/\/www.uni.lu\/fr\/","logo":{"@type":"ImageObject","inLanguage":"fr-FR","@id":"https:\/\/www.uni.lu\/fr\/#\/schema\/logo\/image\/","url":"https:\/\/www.uni.lu\/wp-content\/uploads\/sites\/11\/2026\/03\/03120045\/UNIV_SM-Profile_1600x1600px-scaled.jpg","contentUrl":"https:\/\/www.uni.lu\/wp-content\/uploads\/sites\/11\/2026\/03\/03120045\/UNIV_SM-Profile_1600x1600px-scaled.jpg","width":2560,"height":2560,"caption":"Universit\u00e9 du Luxembourg"},"image":"https:\/\/www.uni.lu\/wp-content\/uploads\/sites\/11\/2026\/04\/24120552\/20200609-Belval-Campus_Henri-Goergen-23.jpg","sameAs":["https:\/\/www.facebook.com\/uni.lu","https:\/\/www.linkedin.com\/school\/university-of-luxembourg\/","https:\/\/www.instagram.com\/uni.lu","https:\/\/www.youtube.com\/@uni_lu","https:\/\/en.wikipedia.org\/wiki\/University_of_Luxembourg"],"email":"communication@uni.lu","telephone":"+352 46 66 44 1","address":{"@type":"PostalAddress","streetAddress":"2, place de l\u2019Universit\u00e9","addressLocality":"Esch-sur-Alzette","postalCode":"4365","addressCountry":"LU"},"description":"Universit\u00e9 du Luxembourg"}]}},"_links":{"self":[{"href":"https:\/\/www.uni.lu\/fr\/wp-json\/wp\/v2\/events\/8046"}],"collection":[{"href":"https:\/\/www.uni.lu\/fr\/wp-json\/wp\/v2\/events"}],"about":[{"href":"https:\/\/www.uni.lu\/fr\/wp-json\/wp\/v2\/types\/events"}],"replies":[{"embeddable":true,"href":"https:\/\/www.uni.lu\/fr\/wp-json\/wp\/v2\/comments?post=8046"}],"version-history":[{"count":0,"href":"https:\/\/www.uni.lu\/fr\/wp-json\/wp\/v2\/events\/8046\/revisions"}],"wp:featuredmedia":[{"embeddable":true,"href":"https:\/\/www.uni.lu\/fr\/wp-json\/wp\/v2\/media\/8047"}],"wp:attachment":[{"href":"https:\/\/www.uni.lu\/fr\/wp-json\/wp\/v2\/media?parent=8046"}],"wp:term":[{"taxonomy":"events-topic","embeddable":true,"href":"https:\/\/www.uni.lu\/fr\/wp-json\/wp\/v2\/events-topic?post=8046"},{"taxonomy":"events-type","embeddable":true,"href":"https:\/\/www.uni.lu\/fr\/wp-json\/wp\/v2\/events-type?post=8046"},{"taxonomy":"organisation","embeddable":true,"href":"https:\/\/www.uni.lu\/fr\/wp-json\/wp\/v2\/organisation?post=8046"}],"curies":[{"name":"wp","href":"https:\/\/api.w.org\/{rel}","templated":true}]}}