{"id":7995,"date":"2019-10-10T14:28:32","date_gmt":"2019-10-10T12:28:32","guid":{"rendered":"https:\/\/www.uni.lu\/fr\/events\/zukunftshandeln-in-globalen-krisen-bundesdeutsche-praktiken-in-den-1970-80er-jahren\/"},"modified":"2019-10-10T14:28:32","modified_gmt":"2019-10-10T12:28:32","slug":"zukunftshandeln-in-globalen-krisen-bundesdeutsche-praktiken-in-den-1970-80er-jahren","status":"publish","type":"events","link":"https:\/\/www.uni.lu\/fr\/events\/zukunftshandeln-in-globalen-krisen-bundesdeutsche-praktiken-in-den-1970-80er-jahren\/","title":{"rendered":"Zukunftshandeln in globalen Krisen: Bundesdeutsche Praktiken in den 1970\/80er Jahren"},"content":{"rendered":"<section class=\"wp-block-unilux-blocks-free-section section\"><div class=\"container xl:max-w-screen-xl\">\n<h2 class=\"has-text-align-left wp-block-unilux-blocks-heading\"        id=\"vortrag-von-prof-dr-frank-bosch-universitat-potsdam\"\n    >\nVortrag von Prof. Dr. Frank B\u00f6sch (Universit\u00e4t Potsdam)<\/h2>\n<p>Die 1970er Jahre gelten als ein Krisenjahrzehnt. Insbesondere am Ende des Jahrzehnts h\u00e4uften sich weltweit Krisen, Revolutionen und Systemwechsel, die gegenw\u00e4rtige Herausforderungen einleiteten. So brachte die iranische Revolution den politischen Islam auf die globale Agenda, ebenso wie der sowjetische Einmarsch in Afghanistan. Mit dem Polen-Besuch des Papstes wuchsen die Proteste gegen den Sozialismus. China \u00f6ffnete sich f\u00fcr den globalen Kapitalismus und die frisch gew\u00e4hlte Margaret Thatcher sorgte f\u00fcr eine neoliberale Wende. Zeitgleich l\u00f6ste die Revolution in Nicaragua eine engagierte Solidarit\u00e4t mit der \u201eDritten Welt\u201c aus, ebenso wie die Boat People, mit denen die Aufnahme au\u00dfereurop\u00e4ischer Fl\u00fcchtlinge einsetzte. Der Vortrag zeigt an derartigen Beispielen, wie aus fundamentalen Krisen ein Zukunftshandeln entstand, das mit die Herausforderungen unserer Gegenwart erkl\u00e4rt.<\/p><p><\/p>\n<h4 class=\"has-text-align-left wp-block-unilux-blocks-heading\"        id=\"kurzbiographie\"\n    >\nKurzbiographie<\/h4>\n<p>Prof. Dr. Frank B\u00f6sch ist Direktor des Leibniz-Zentrums f\u00fcr Zeithistorische Forschung Potsdam (ZZF) und Professor f\u00fcr deutsche und europ\u00e4ische Geschichte des 20. Jahrhunderts an der Universit\u00e4t Potsdam. Zuvor lehrte er an der Universit\u00e4t G\u00f6ttingen, der Universit\u00e4t Bochum und der Universit\u00e4t Gie\u00dfen. B\u00f6sch hat vielf\u00e4ltig zur Geschichte seit dem sp\u00e4ten 19. Jahrhundert publiziert. Sein j\u00fcngstes Buch \u201eZeitenwende 1979. Als die Welt von heute begann\u201c (C.H. Beck 2019) war mehrere Monate in der deutschen Bestsellerliste. Weitere Schwerpunkte liegen in der Mediengeschichte (B\u00fccher: \u201cMedia and Historical Change. Germany in International Perspective\u201d, Berghahn\/NY 2015\u201d; deutsch: Mediengeschichte. Vom asiatischen Buchdruck bis zum Computer, Frankfurt 2019) und in der politischen Sozialgeschichte, wo er etwa Monographien \u00fcber den Wandel der Vereinskultur (\u00ab\u00a0Das Konservative Milieu\u00a0\u00bb, 2002) und der Parteien vorlegte (\u00ab\u00a0Die Adenauer-CDU\u00a0\u00bb, 2001; \u00ab\u00a0Macht und Machtverlust\u00a0\u00bb, 2002). Zudem arbeitete er kulturhistorisch \u00fcber den Wandel von Normen und Politik in Deutschland und Gro\u00dfbritannien im ausgehenden 19. Jahrhundert (Buch \u00ab\u00a0\u00d6ffentliche Geheimnisse. Medien, Politik und Skandale in Deutschland und Gro\u00dfbritannien, 1880-1914\u00a0\u00bb, 2009).<\/p><p><\/p><figure class=\"wp-block-dev4-reusable-blocks-image  object-fit--contain\">\n    \n<img decoding=\"async\" class=\"wp-block-image unilux-custom-image-block\"\n                alt=\"\"\n            src=\"https:\/\/www.uni.lu\/wp-content\/uploads\/sites\/11\/2024\/01\/docteuropa_logo.jpg\"\n                srcset=\"https:\/\/www.uni.lu\/wp-content\/uploads\/sites\/11\/2024\/01\/docteuropa_logo-300x110.jpg 300w, https:\/\/www.uni.lu\/wp-content\/uploads\/sites\/11\/2024\/01\/docteuropa_logo-1024x376.jpg 1024w, https:\/\/www.uni.lu\/wp-content\/uploads\/sites\/11\/2024\/01\/docteuropa_logo-768x282.jpg 768w, https:\/\/www.uni.lu\/wp-content\/uploads\/sites\/11\/2024\/01\/docteuropa_logo-1536x564.jpg 1536w, https:\/\/www.uni.lu\/wp-content\/uploads\/sites\/11\/2024\/01\/docteuropa_logo.jpg 1754w\"\n                style=\"object-position: 50.00% 50.00%; font-family: &quot;object-fit: contain; object-position: 50.00% 50.00%;&quot;; aspect-ratio: 21\/9; object-fit: contain; width: 100%;\"\n        loading=\"lazy\"\n\/>    <\/figure><p><\/p><p><\/p>\n<h5 class=\"has-text-align-left wp-block-unilux-blocks-heading\"        id=\"collection-cira-lausanne\"\n    >\n\u00a9 Collection CIRA Lausanne<\/h5>\n<p><\/p><p><\/p><\/div><\/section>","protected":false},"excerpt":{"rendered":"<p>Vortrag von Prof. Dr. Frank B\u00f6sch (Universit\u00e4t Potsdam)<\/p>\n","protected":false},"author":0,"featured_media":7996,"parent":0,"menu_order":0,"comment_status":"open","ping_status":"closed","template":"","format":"standard","meta":{"featured_image_focal_point":[],"show_featured_caption":false,"ulux_newsletter_groups":"","uluxPostTitle":"","uluxPrePostTitle":"","_trash_the_other_posts":false,"_price":"","_stock":"","_tribe_ticket_header":"","_tribe_default_ticket_provider":"","_tribe_ticket_capacity":"0","_ticket_start_date":"","_ticket_end_date":"","_tribe_ticket_show_description":"","_tribe_ticket_show_not_going":false,"_tribe_ticket_use_global_stock":"","_tribe_ticket_global_stock_level":"","_global_stock_mode":"","_global_stock_cap":"","_tribe_rsvp_for_event":"","_tribe_ticket_going_count":"","_tribe_ticket_not_going_count":"","_tribe_tickets_list":"[]","_tribe_ticket_has_attendee_info_fields":false,"event_start_date":"2019-11-21 17:30:00","event_end_date":"2019-11-21 19:00:00","event_speaker_name":" Prof. Dr. Frank B\u00f6sch","event_speaker_link":"","event_is_online":false,"event_location":"Maison des Sciences humaines - Black Box","event_street":"11, Porte des Sciences","event_location_link":"","event_zip_code":"L-4366","event_city":"Esch-sur-Alzette","event_country":"LU"},"events-topic":[312],"events-type":[],"organisation":[221,226],"authorship":[],"acf":[],"yoast_head":"<!-- This site is optimized with the Yoast SEO Premium plugin v22.3 (Yoast SEO v22.3) - https:\/\/yoast.com\/wordpress\/plugins\/seo\/ -->\n<title>Zukunftshandeln in globalen Krisen: Bundesdeutsche Praktiken in den 1970\/80er Jahren - Universit\u00e9 du Luxembourg<\/title>\n<meta name=\"description\" content=\"Vortrag von Prof. Dr. Frank B\u00f6sch (Universit\u00e4t Potsdam)\" \/>\n<meta name=\"robots\" content=\"index, follow, max-snippet:-1, max-image-preview:large, max-video-preview:-1\" \/>\n<link rel=\"canonical\" href=\"https:\/\/www.uni.lu\/fr\/events\/zukunftshandeln-in-globalen-krisen-bundesdeutsche-praktiken-in-den-1970-80er-jahren\/\" \/>\n<meta property=\"og:locale\" content=\"fr_FR\" \/>\n<meta property=\"og:type\" content=\"article\" \/>\n<meta property=\"og:title\" content=\"Zukunftshandeln in globalen Krisen: Bundesdeutsche Praktiken in den 1970\/80er Jahren\" \/>\n<meta property=\"og:description\" content=\"Vortrag von Prof. Dr. Frank B\u00f6sch (Universit\u00e4t Potsdam)\" \/>\n<meta property=\"og:url\" content=\"https:\/\/www.uni.lu\/fr\/events\/zukunftshandeln-in-globalen-krisen-bundesdeutsche-praktiken-in-den-1970-80er-jahren\/\" \/>\n<meta property=\"og:site_name\" content=\"UNI FR\" \/>\n<meta property=\"article:publisher\" content=\"https:\/\/www.facebook.com\/uni.lu\" \/>\n<meta property=\"og:image\" content=\"https:\/\/www.uni.lu\/wp-content\/uploads\/sites\/11\/2026\/03\/03120045\/UNIV_SM-Profile_1600x1600px-scaled.jpg\" \/>\n\t<meta property=\"og:image:width\" content=\"2560\" \/>\n\t<meta property=\"og:image:height\" content=\"2560\" \/>\n\t<meta property=\"og:image:type\" content=\"image\/jpeg\" \/>\n<meta name=\"twitter:card\" content=\"summary_large_image\" \/>\n<meta name=\"twitter:label1\" content=\"Dur\u00e9e de lecture estim\u00e9e\" \/>\n\t<meta name=\"twitter:data1\" content=\"1 minute\" \/>\n<script type=\"application\/ld+json\" class=\"yoast-schema-graph\">{\"@context\":\"https:\/\/schema.org\",\"@graph\":[{\"@type\":\"WebPage\",\"@id\":\"https:\/\/www.uni.lu\/fr\/events\/zukunftshandeln-in-globalen-krisen-bundesdeutsche-praktiken-in-den-1970-80er-jahren\/\",\"url\":\"https:\/\/www.uni.lu\/fr\/events\/zukunftshandeln-in-globalen-krisen-bundesdeutsche-praktiken-in-den-1970-80er-jahren\/\",\"name\":\"Zukunftshandeln in globalen Krisen: Bundesdeutsche Praktiken in den 1970\/80er Jahren - Universit\u00e9 du Luxembourg\",\"isPartOf\":{\"@id\":\"https:\/\/www.uni.lu\/fr\/#website\"},\"primaryImageOfPage\":{\"@id\":\"https:\/\/www.uni.lu\/fr\/events\/zukunftshandeln-in-globalen-krisen-bundesdeutsche-praktiken-in-den-1970-80er-jahren\/#primaryimage\"},\"image\":{\"@id\":\"https:\/\/www.uni.lu\/fr\/events\/zukunftshandeln-in-globalen-krisen-bundesdeutsche-praktiken-in-den-1970-80er-jahren\/#primaryimage\"},\"thumbnailUrl\":\"https:\/\/www.uni.lu\/wp-content\/uploads\/sites\/11\/2019\/10\/zukunftshandeln_in_globalen_krisen_bundesdeutsche_praktiken_in_den_1970_80er_jahren.jpg\",\"datePublished\":\"2019-10-10T12:28:32+00:00\",\"dateModified\":\"2019-10-10T12:28:32+00:00\",\"description\":\"Vortrag von Prof. Dr. Frank B\u00f6sch (Universit\u00e4t Potsdam)\",\"breadcrumb\":{\"@id\":\"https:\/\/www.uni.lu\/fr\/events\/zukunftshandeln-in-globalen-krisen-bundesdeutsche-praktiken-in-den-1970-80er-jahren\/#breadcrumb\"},\"inLanguage\":\"fr-FR\",\"potentialAction\":[{\"@type\":\"ReadAction\",\"target\":[\"https:\/\/www.uni.lu\/fr\/events\/zukunftshandeln-in-globalen-krisen-bundesdeutsche-praktiken-in-den-1970-80er-jahren\/\"]}]},{\"@type\":\"ImageObject\",\"inLanguage\":\"fr-FR\",\"@id\":\"https:\/\/www.uni.lu\/fr\/events\/zukunftshandeln-in-globalen-krisen-bundesdeutsche-praktiken-in-den-1970-80er-jahren\/#primaryimage\",\"url\":\"https:\/\/www.uni.lu\/wp-content\/uploads\/sites\/11\/2019\/10\/zukunftshandeln_in_globalen_krisen_bundesdeutsche_praktiken_in_den_1970_80er_jahren.jpg\",\"contentUrl\":\"https:\/\/www.uni.lu\/wp-content\/uploads\/sites\/11\/2019\/10\/zukunftshandeln_in_globalen_krisen_bundesdeutsche_praktiken_in_den_1970_80er_jahren.jpg\",\"width\":800,\"height\":600},{\"@type\":\"BreadcrumbList\",\"@id\":\"https:\/\/www.uni.lu\/fr\/events\/zukunftshandeln-in-globalen-krisen-bundesdeutsche-praktiken-in-den-1970-80er-jahren\/#breadcrumb\",\"itemListElement\":[{\"@type\":\"ListItem\",\"position\":1,\"name\":\"Home\",\"item\":\"https:\/\/www.uni.lu\/fr\/\"},{\"@type\":\"ListItem\",\"position\":2,\"name\":\"Events\",\"item\":\"https:\/\/www.uni.lu\/fr\/events\/\"},{\"@type\":\"ListItem\",\"position\":3,\"name\":\"Zukunftshandeln in globalen Krisen: Bundesdeutsche Praktiken in den 1970\/80er Jahren\"}]},{\"@type\":\"WebSite\",\"@id\":\"https:\/\/www.uni.lu\/fr\/#website\",\"url\":\"https:\/\/www.uni.lu\/fr\/\",\"name\":\"Uni.lu\",\"description\":\"Universit\u00e9 du Luxembourg\",\"publisher\":{\"@id\":\"https:\/\/www.uni.lu\/fr\/#organization\"},\"alternateName\":\"Universit\u00e9 du Luxembourg\",\"potentialAction\":[{\"@type\":\"SearchAction\",\"target\":{\"@type\":\"EntryPoint\",\"urlTemplate\":\"https:\/\/www.uni.lu\/fr\/?s={search_term_string}\"},\"query-input\":\"required name=search_term_string\"}],\"inLanguage\":\"fr-FR\"},{\"@type\":\"Organization\",\"@id\":\"https:\/\/www.uni.lu\/fr\/#organization\",\"name\":\"Universit\u00e9 du Luxembourg\",\"alternateName\":\"Uni.lu\",\"url\":\"https:\/\/www.uni.lu\/fr\/\",\"logo\":{\"@type\":\"ImageObject\",\"inLanguage\":\"fr-FR\",\"@id\":\"https:\/\/www.uni.lu\/fr\/#\/schema\/logo\/image\/\",\"url\":\"https:\/\/www.uni.lu\/wp-content\/uploads\/sites\/11\/2026\/03\/03120045\/UNIV_SM-Profile_1600x1600px-scaled.jpg\",\"contentUrl\":\"https:\/\/www.uni.lu\/wp-content\/uploads\/sites\/11\/2026\/03\/03120045\/UNIV_SM-Profile_1600x1600px-scaled.jpg\",\"width\":2560,\"height\":2560,\"caption\":\"Universit\u00e9 du Luxembourg\"},\"image\":\"https:\/\/www.uni.lu\/wp-content\/uploads\/sites\/11\/2026\/04\/24120552\/20200609-Belval-Campus_Henri-Goergen-23.jpg\",\"sameAs\":[\"https:\/\/www.facebook.com\/uni.lu\",\"https:\/\/www.linkedin.com\/school\/university-of-luxembourg\/\",\"https:\/\/www.instagram.com\/uni.lu\",\"https:\/\/www.youtube.com\/@uni_lu\",\"https:\/\/en.wikipedia.org\/wiki\/University_of_Luxembourg\"],\"email\":\"communication@uni.lu\",\"telephone\":\"+352 46 66 44 1\",\"address\":{\"@type\":\"PostalAddress\",\"streetAddress\":\"2, place de l\u2019Universit\u00e9\",\"addressLocality\":\"Esch-sur-Alzette\",\"postalCode\":\"4365\",\"addressCountry\":\"LU\"},\"description\":\"Universit\u00e9 du Luxembourg\"}]}<\/script>\n<!-- \/ Yoast SEO Premium plugin. -->","yoast_head_json":{"title":"Zukunftshandeln in globalen Krisen: Bundesdeutsche Praktiken in den 1970\/80er Jahren - Universit\u00e9 du Luxembourg","description":"Vortrag von Prof. Dr. Frank B\u00f6sch (Universit\u00e4t Potsdam)","robots":{"index":"index","follow":"follow","max-snippet":"max-snippet:-1","max-image-preview":"max-image-preview:large","max-video-preview":"max-video-preview:-1"},"canonical":"https:\/\/www.uni.lu\/fr\/events\/zukunftshandeln-in-globalen-krisen-bundesdeutsche-praktiken-in-den-1970-80er-jahren\/","og_locale":"fr_FR","og_type":"article","og_title":"Zukunftshandeln in globalen Krisen: Bundesdeutsche Praktiken in den 1970\/80er Jahren","og_description":"Vortrag von Prof. Dr. Frank B\u00f6sch (Universit\u00e4t Potsdam)","og_url":"https:\/\/www.uni.lu\/fr\/events\/zukunftshandeln-in-globalen-krisen-bundesdeutsche-praktiken-in-den-1970-80er-jahren\/","og_site_name":"UNI FR","article_publisher":"https:\/\/www.facebook.com\/uni.lu","og_image":[{"width":2560,"height":2560,"url":"https:\/\/www.uni.lu\/wp-content\/uploads\/sites\/11\/2026\/03\/03120045\/UNIV_SM-Profile_1600x1600px-scaled.jpg","type":"image\/jpeg"}],"twitter_card":"summary_large_image","twitter_misc":{"Dur\u00e9e de lecture estim\u00e9e":"1 minute"},"schema":{"@context":"https:\/\/schema.org","@graph":[{"@type":"WebPage","@id":"https:\/\/www.uni.lu\/fr\/events\/zukunftshandeln-in-globalen-krisen-bundesdeutsche-praktiken-in-den-1970-80er-jahren\/","url":"https:\/\/www.uni.lu\/fr\/events\/zukunftshandeln-in-globalen-krisen-bundesdeutsche-praktiken-in-den-1970-80er-jahren\/","name":"Zukunftshandeln in globalen Krisen: Bundesdeutsche Praktiken in den 1970\/80er Jahren - Universit\u00e9 du Luxembourg","isPartOf":{"@id":"https:\/\/www.uni.lu\/fr\/#website"},"primaryImageOfPage":{"@id":"https:\/\/www.uni.lu\/fr\/events\/zukunftshandeln-in-globalen-krisen-bundesdeutsche-praktiken-in-den-1970-80er-jahren\/#primaryimage"},"image":{"@id":"https:\/\/www.uni.lu\/fr\/events\/zukunftshandeln-in-globalen-krisen-bundesdeutsche-praktiken-in-den-1970-80er-jahren\/#primaryimage"},"thumbnailUrl":"https:\/\/www.uni.lu\/wp-content\/uploads\/sites\/11\/2019\/10\/zukunftshandeln_in_globalen_krisen_bundesdeutsche_praktiken_in_den_1970_80er_jahren.jpg","datePublished":"2019-10-10T12:28:32+00:00","dateModified":"2019-10-10T12:28:32+00:00","description":"Vortrag von Prof. Dr. Frank B\u00f6sch (Universit\u00e4t Potsdam)","breadcrumb":{"@id":"https:\/\/www.uni.lu\/fr\/events\/zukunftshandeln-in-globalen-krisen-bundesdeutsche-praktiken-in-den-1970-80er-jahren\/#breadcrumb"},"inLanguage":"fr-FR","potentialAction":[{"@type":"ReadAction","target":["https:\/\/www.uni.lu\/fr\/events\/zukunftshandeln-in-globalen-krisen-bundesdeutsche-praktiken-in-den-1970-80er-jahren\/"]}]},{"@type":"ImageObject","inLanguage":"fr-FR","@id":"https:\/\/www.uni.lu\/fr\/events\/zukunftshandeln-in-globalen-krisen-bundesdeutsche-praktiken-in-den-1970-80er-jahren\/#primaryimage","url":"https:\/\/www.uni.lu\/wp-content\/uploads\/sites\/11\/2019\/10\/zukunftshandeln_in_globalen_krisen_bundesdeutsche_praktiken_in_den_1970_80er_jahren.jpg","contentUrl":"https:\/\/www.uni.lu\/wp-content\/uploads\/sites\/11\/2019\/10\/zukunftshandeln_in_globalen_krisen_bundesdeutsche_praktiken_in_den_1970_80er_jahren.jpg","width":800,"height":600},{"@type":"BreadcrumbList","@id":"https:\/\/www.uni.lu\/fr\/events\/zukunftshandeln-in-globalen-krisen-bundesdeutsche-praktiken-in-den-1970-80er-jahren\/#breadcrumb","itemListElement":[{"@type":"ListItem","position":1,"name":"Home","item":"https:\/\/www.uni.lu\/fr\/"},{"@type":"ListItem","position":2,"name":"Events","item":"https:\/\/www.uni.lu\/fr\/events\/"},{"@type":"ListItem","position":3,"name":"Zukunftshandeln in globalen Krisen: Bundesdeutsche Praktiken in den 1970\/80er Jahren"}]},{"@type":"WebSite","@id":"https:\/\/www.uni.lu\/fr\/#website","url":"https:\/\/www.uni.lu\/fr\/","name":"Uni.lu","description":"Universit\u00e9 du Luxembourg","publisher":{"@id":"https:\/\/www.uni.lu\/fr\/#organization"},"alternateName":"Universit\u00e9 du Luxembourg","potentialAction":[{"@type":"SearchAction","target":{"@type":"EntryPoint","urlTemplate":"https:\/\/www.uni.lu\/fr\/?s={search_term_string}"},"query-input":"required name=search_term_string"}],"inLanguage":"fr-FR"},{"@type":"Organization","@id":"https:\/\/www.uni.lu\/fr\/#organization","name":"Universit\u00e9 du Luxembourg","alternateName":"Uni.lu","url":"https:\/\/www.uni.lu\/fr\/","logo":{"@type":"ImageObject","inLanguage":"fr-FR","@id":"https:\/\/www.uni.lu\/fr\/#\/schema\/logo\/image\/","url":"https:\/\/www.uni.lu\/wp-content\/uploads\/sites\/11\/2026\/03\/03120045\/UNIV_SM-Profile_1600x1600px-scaled.jpg","contentUrl":"https:\/\/www.uni.lu\/wp-content\/uploads\/sites\/11\/2026\/03\/03120045\/UNIV_SM-Profile_1600x1600px-scaled.jpg","width":2560,"height":2560,"caption":"Universit\u00e9 du Luxembourg"},"image":"https:\/\/www.uni.lu\/wp-content\/uploads\/sites\/11\/2026\/04\/24120552\/20200609-Belval-Campus_Henri-Goergen-23.jpg","sameAs":["https:\/\/www.facebook.com\/uni.lu","https:\/\/www.linkedin.com\/school\/university-of-luxembourg\/","https:\/\/www.instagram.com\/uni.lu","https:\/\/www.youtube.com\/@uni_lu","https:\/\/en.wikipedia.org\/wiki\/University_of_Luxembourg"],"email":"communication@uni.lu","telephone":"+352 46 66 44 1","address":{"@type":"PostalAddress","streetAddress":"2, place de l\u2019Universit\u00e9","addressLocality":"Esch-sur-Alzette","postalCode":"4365","addressCountry":"LU"},"description":"Universit\u00e9 du Luxembourg"}]}},"_links":{"self":[{"href":"https:\/\/www.uni.lu\/fr\/wp-json\/wp\/v2\/events\/7995"}],"collection":[{"href":"https:\/\/www.uni.lu\/fr\/wp-json\/wp\/v2\/events"}],"about":[{"href":"https:\/\/www.uni.lu\/fr\/wp-json\/wp\/v2\/types\/events"}],"replies":[{"embeddable":true,"href":"https:\/\/www.uni.lu\/fr\/wp-json\/wp\/v2\/comments?post=7995"}],"version-history":[{"count":0,"href":"https:\/\/www.uni.lu\/fr\/wp-json\/wp\/v2\/events\/7995\/revisions"}],"wp:featuredmedia":[{"embeddable":true,"href":"https:\/\/www.uni.lu\/fr\/wp-json\/wp\/v2\/media\/7996"}],"wp:attachment":[{"href":"https:\/\/www.uni.lu\/fr\/wp-json\/wp\/v2\/media?parent=7995"}],"wp:term":[{"taxonomy":"events-topic","embeddable":true,"href":"https:\/\/www.uni.lu\/fr\/wp-json\/wp\/v2\/events-topic?post=7995"},{"taxonomy":"events-type","embeddable":true,"href":"https:\/\/www.uni.lu\/fr\/wp-json\/wp\/v2\/events-type?post=7995"},{"taxonomy":"organisation","embeddable":true,"href":"https:\/\/www.uni.lu\/fr\/wp-json\/wp\/v2\/organisation?post=7995"}],"curies":[{"name":"wp","href":"https:\/\/api.w.org\/{rel}","templated":true}]}}