{"id":7917,"date":"2019-09-16T10:17:36","date_gmt":"2019-09-16T08:17:36","guid":{"rendered":"https:\/\/www.uni.lu\/fr\/events\/le-luxembourg-et-la-grande-region-au-sortir-de-la-premiere-guerre-mondiale\/"},"modified":"2019-09-16T10:17:36","modified_gmt":"2019-09-16T08:17:36","slug":"le-luxembourg-et-la-grande-region-au-sortir-de-la-premiere-guerre-mondiale","status":"publish","type":"events","link":"https:\/\/www.uni.lu\/fr\/events\/le-luxembourg-et-la-grande-region-au-sortir-de-la-premiere-guerre-mondiale\/","title":{"rendered":"Le Luxembourg et la \u00ab Grande R\u00e9gion \u00bb au sortir de la Premi\u00e8re Guerre mondiale"},"content":{"rendered":"<section class=\"wp-block-unilux-blocks-free-section section\"><div class=\"container xl:max-w-screen-xl\"><p>La fin de la Premi\u00e8re Guerre mondiale marque une transition dans les relations politiques, \u00e9conomiques, sociales et culturelles entre le Luxembourg et ses voisins dans ce que nous appelons aujourd\u2019hui la Grande R\u00e9gion. Le centre de gravit\u00e9 politique et \u00e9conomique se d\u00e9place de l\u2019Allemagne (de l\u2019ouest) vers la France, tandis que la Belgique tente p\u00e9niblement de trouver sa place dans ces r\u00e9organisations territoriales.<\/p><p>Le colloque veut s\u2019int\u00e9resser \u00e0 ce processus de transition, en l\u2019\u00e9largissant \u00e0 une s\u00e9rie de th\u00e9matiques connexes, qui mettent en \u00e9vidence le caract\u00e8re international et transfrontalier de ces \u00e9volutions.<\/p><p><\/p><p>Contact: Christoph Br\u00fcll (<a href=\"mailto:christoph.brull@uni.lu\" target=\"_self\" title=\"\" rel=\"noopener\">christoph.brull@uni.lu<\/a>)<\/p><p>Entr\u00e9e libre: <strong>inscription avant le 14.10.2019<\/strong><\/p><p>Langues parl\u00e9es: fran\u00e7ais \/ allemand<\/p><p><\/p>\n<h2 class=\"has-text-align-left wp-block-unilux-blocks-heading\"        id=\"programme\"\n    >\nProgramme<\/h2>\n\n<h3 class=\"has-text-align-left wp-block-unilux-blocks-heading\"        id=\"jeudi-17-octobre-2019\"\n    >\nJeudi, 17 octobre 2019<\/h3>\n<p>10h00\u00a0\u00a0\u00a0<\/p><p>Accueil des Participant.e.s<\/p><p>10h30<\/p><p>Mot d\u2019accueil: Andreas Fickers, Denis Scuto und Christoph Br\u00fcll (Luxembourg)<\/p><p>11h00<\/p><p><strong>Occupations<\/strong> (mod\u00e9rateur: Stefan Krebs)<\/p><p><\/p><p>Beno\u00eet Niederkorn (Diekirch): Die Doughboys in Luxemburg 1918\u20131919 &#8211; Befreiung oder Okkupation?<\/p><p><\/p><p>Hendry Brousse (Nancy): Le r\u00f4le de la garnison fran\u00e7aise \u00e0 Luxembourg (1918 \u2013 1923).<\/p><p>12h30<\/p><p>Pause<\/p><p>14h00<\/p><p><strong>Regards sur le Luxembourg<\/strong> (mod\u00e9rateur: Georges B\u00fcchler)<\/p><p><\/p><p>Christoph Br\u00fcll (Luxembourg): Regards allemands sur le Luxembourg 1918-1923.<\/p><p><\/p><p>G\u00e9rald Sawicki (Nancy): Le Luxembourg vu par le renseignement fran\u00e7ais au sortir de la Premi\u00e8re Guerre mondiale.<\/p><p>15h30<\/p><p>Pause<\/p><p>16h00<\/p><p><strong>Reconfigurations politiques et \u00e9conomiques<\/strong><strong>I<\/strong> (mod\u00e9rateur: Georges B\u00fcchler)<\/p><p><\/p><p>Pascal Brenneur (Metz\/Luxembourg): La liquidation des int\u00e9r\u00eats allemands sur le bassin sid\u00e9rurgique et minier lorrain au lendemain de la Premi\u00e8re Guerre mondiale.<\/p><p><\/p><p>Denis Scuto (Luxembourg): Le Luxembourg dans ses ann\u00e9es sans pareilles (1918-1921).<\/p><p>17h30<\/p><p>Fin<\/p><p><\/p>\n<h3 class=\"has-text-align-left wp-block-unilux-blocks-heading\"        id=\"vendredi-18-octobre-2019\"\n    >\nVendredi, 18 octobre 2019<\/h3>\n<p>09h30\u00a0\u00a0\u00a0<\/p><p><strong>Reconfigurations politiques et \u00e9conomiques II<\/strong> (mod\u00e9rateur: Christoph Br\u00fcll)<\/p><p><\/p><p>Joseph Schmauch (Archives d\u00e9partementales Seine-et-Marne): Conflits sociaux, crise linguistique et exp\u00e9rimentations administratives dans les provinces reconquises d\u2019Alsace-Lorraine, 1918-1919.<\/p><p><\/p><p>Dominik Schmoll (Saarbr\u00fccken): Vom Kaiserreich zum V\u00f6lkerbund: Die Entstehung des Saargebiets in den Krisenjahren 1918-1920.<\/p><p>11h00<\/p><p>Pause<\/p><p>11h30<\/p><p><strong>Migration<\/strong> (mod\u00e9rateur: Denis Scuto)<\/p><p><\/p><p>Arnaud Sauer (Luxembourg): Entre main-d\u2019oeuvre n\u00e9cessaire et population ind\u00e9sirable : le sort des travailleurs allemands de part et d\u2019autre de la fronti\u00e8re franco-luxembourgeois au sortir de la Premi\u00e8re Guerre mondiale.<\/p><p><\/p><p>Inna Ganschow (Luxembourg): Russische Immigration in Luxemburg 1918-1935: Einwanderer aus dem nicht-existierenden Land.<\/p><p>13h00<\/p><p>Pause<\/p><p>14h00<\/p><p><strong>Propagande et mobilisation culturelle<\/strong> (mod\u00e9rateur: Fabio Spirinelli)<\/p><p><\/p><p>David Dischler (Nancy): La propagande allemande en Lorraine \u00e0 la fin de la Premi\u00e8re Guerre mondiale.<\/p><p><\/p><p>Rapha\u00ebl Georges (Strasbourg): La comm\u00e9moration des soldats morts dans l&rsquo;arm\u00e9e allemande en Lorraine au sortir de la guerre.<\/p><p><\/p><p>Brigitte Braun (Koblenz): Werben f\u00fcr Frankreich \u2013 Aufkl\u00e4ren, Ankn\u00fcpfen, Durchdringen.<\/p><p><\/p><p>Gabriele Clemens (Saarbr\u00fccken): Kulturpolitik als Machtinstrument im Saargebiet 1920-1935.<\/p><p>16h30<\/p><p>Pause<\/p><p>17h00<\/p><p><strong>D\u00e9bat g\u00e9n\u00e9ral<\/strong> (mod\u00e9rateur: Christoph Br\u00fcll)<\/p><p>17h30<\/p><p>Fin du colloque<\/p><p><\/p><p>Sous le patronage de<\/p><figure class=\"wp-block-dev4-reusable-blocks-image  object-fit--contain\">\n    \n<img decoding=\"async\" class=\"wp-block-image unilux-custom-image-block\"\n                alt=\"\"\n            src=\"https:\/\/www.uni.lu\/wp-content\/uploads\/sites\/11\/2024\/01\/deutsche_botschaft_in_luxemburg_logo.jpg\"\n                srcset=\"https:\/\/www.uni.lu\/wp-content\/uploads\/sites\/11\/2024\/01\/deutsche_botschaft_in_luxemburg_logo-300x134.jpg 300w, https:\/\/www.uni.lu\/wp-content\/uploads\/sites\/11\/2024\/01\/deutsche_botschaft_in_luxemburg_logo-1024x457.jpg 1024w, https:\/\/www.uni.lu\/wp-content\/uploads\/sites\/11\/2024\/01\/deutsche_botschaft_in_luxemburg_logo-768x343.jpg 768w, https:\/\/www.uni.lu\/wp-content\/uploads\/sites\/11\/2024\/01\/deutsche_botschaft_in_luxemburg_logo-1536x686.jpg 1536w, https:\/\/www.uni.lu\/wp-content\/uploads\/sites\/11\/2024\/01\/deutsche_botschaft_in_luxemburg_logo.jpg 1792w\"\n                style=\"object-position: 50.00% 50.00%; font-family: &quot;object-fit: contain; object-position: 50.00% 50.00%;&quot;; aspect-ratio: 21\/9; object-fit: contain; width: 100%;\"\n        loading=\"lazy\"\n\/>    <\/figure><\/div><\/section>","protected":false},"excerpt":{"rendered":"","protected":false},"author":0,"featured_media":7918,"parent":0,"menu_order":0,"comment_status":"open","ping_status":"closed","template":"","format":"standard","meta":{"featured_image_focal_point":[],"show_featured_caption":false,"ulux_newsletter_groups":"","uluxPostTitle":"","uluxPrePostTitle":"","_trash_the_other_posts":false,"_price":"","_stock":"","_tribe_ticket_header":"","_tribe_default_ticket_provider":"","_tribe_ticket_capacity":"0","_ticket_start_date":"","_ticket_end_date":"","_tribe_ticket_show_description":"","_tribe_ticket_show_not_going":false,"_tribe_ticket_use_global_stock":"","_tribe_ticket_global_stock_level":"","_global_stock_mode":"","_global_stock_cap":"","_tribe_rsvp_for_event":"","_tribe_ticket_going_count":"","_tribe_ticket_not_going_count":"","_tribe_tickets_list":"[]","_tribe_ticket_has_attendee_info_fields":false,"event_start_date":"2019-10-17 10:00:00","event_end_date":"2019-10-18 17:30:00","event_speaker_name":"","event_speaker_link":"","event_is_online":false,"event_location":"Maison des Sciences humaines - Blackbox","event_street":"11, Porte des Sciences","event_location_link":"","event_zip_code":"L-4366","event_city":"Esch-sur-Alzette","event_country":"LU"},"events-topic":[312],"events-type":[],"organisation":[221,226],"authorship":[],"acf":[],"yoast_head":"<!-- This site is optimized with the Yoast SEO Premium plugin v22.3 (Yoast SEO v22.3) - https:\/\/yoast.com\/wordpress\/plugins\/seo\/ -->\n<title>Le Luxembourg et la \u00ab Grande R\u00e9gion \u00bb au sortir de la Premi\u00e8re Guerre mondiale - Universit\u00e9 du Luxembourg<\/title>\n<meta name=\"description\" content=\"La fin de la Premi\u00e8re Guerre mondiale marque une transition dans les relations politiques, \u00e9conomiques, sociales et culturelles entre le Luxembourg et ses\" \/>\n<meta name=\"robots\" content=\"index, follow, max-snippet:-1, max-image-preview:large, max-video-preview:-1\" \/>\n<link rel=\"canonical\" href=\"https:\/\/www.uni.lu\/fr\/events\/le-luxembourg-et-la-grande-region-au-sortir-de-la-premiere-guerre-mondiale\/\" \/>\n<meta property=\"og:locale\" content=\"fr_FR\" \/>\n<meta property=\"og:type\" content=\"article\" \/>\n<meta property=\"og:title\" content=\"Le Luxembourg et la \u00ab Grande R\u00e9gion \u00bb au sortir de la Premi\u00e8re Guerre mondiale\" \/>\n<meta property=\"og:description\" content=\"La fin de la Premi\u00e8re Guerre mondiale marque une transition dans les relations politiques, \u00e9conomiques, sociales et culturelles entre le Luxembourg et ses\" \/>\n<meta property=\"og:url\" content=\"https:\/\/www.uni.lu\/fr\/events\/le-luxembourg-et-la-grande-region-au-sortir-de-la-premiere-guerre-mondiale\/\" \/>\n<meta property=\"og:site_name\" content=\"UNI FR\" \/>\n<meta property=\"article:publisher\" content=\"https:\/\/www.facebook.com\/uni.lu\" \/>\n<meta property=\"og:image\" content=\"https:\/\/www.uni.lu\/wp-content\/uploads\/sites\/11\/2026\/03\/03120045\/UNIV_SM-Profile_1600x1600px-scaled.jpg\" \/>\n\t<meta property=\"og:image:width\" content=\"2560\" \/>\n\t<meta property=\"og:image:height\" content=\"2560\" \/>\n\t<meta property=\"og:image:type\" content=\"image\/jpeg\" \/>\n<meta name=\"twitter:card\" content=\"summary_large_image\" \/>\n<meta name=\"twitter:label1\" content=\"Dur\u00e9e de lecture estim\u00e9e\" \/>\n\t<meta name=\"twitter:data1\" content=\"2 minutes\" \/>\n<script type=\"application\/ld+json\" class=\"yoast-schema-graph\">{\"@context\":\"https:\/\/schema.org\",\"@graph\":[{\"@type\":\"WebPage\",\"@id\":\"https:\/\/www.uni.lu\/fr\/events\/le-luxembourg-et-la-grande-region-au-sortir-de-la-premiere-guerre-mondiale\/\",\"url\":\"https:\/\/www.uni.lu\/fr\/events\/le-luxembourg-et-la-grande-region-au-sortir-de-la-premiere-guerre-mondiale\/\",\"name\":\"Le Luxembourg et la \u00ab Grande R\u00e9gion \u00bb au sortir de la Premi\u00e8re Guerre mondiale - Universit\u00e9 du Luxembourg\",\"isPartOf\":{\"@id\":\"https:\/\/www.uni.lu\/fr\/#website\"},\"primaryImageOfPage\":{\"@id\":\"https:\/\/www.uni.lu\/fr\/events\/le-luxembourg-et-la-grande-region-au-sortir-de-la-premiere-guerre-mondiale\/#primaryimage\"},\"image\":{\"@id\":\"https:\/\/www.uni.lu\/fr\/events\/le-luxembourg-et-la-grande-region-au-sortir-de-la-premiere-guerre-mondiale\/#primaryimage\"},\"thumbnailUrl\":\"https:\/\/www.uni.lu\/wp-content\/uploads\/sites\/11\/2019\/09\/le_luxembourg_et_la_grande_region_au_sortir_de_la_premiere_guerre_mondiale.jpg\",\"datePublished\":\"2019-09-16T08:17:36+00:00\",\"dateModified\":\"2019-09-16T08:17:36+00:00\",\"description\":\"La fin de la Premi\u00e8re Guerre mondiale marque une transition dans les relations politiques, \u00e9conomiques, sociales et culturelles entre le Luxembourg et ses\",\"breadcrumb\":{\"@id\":\"https:\/\/www.uni.lu\/fr\/events\/le-luxembourg-et-la-grande-region-au-sortir-de-la-premiere-guerre-mondiale\/#breadcrumb\"},\"inLanguage\":\"fr-FR\",\"potentialAction\":[{\"@type\":\"ReadAction\",\"target\":[\"https:\/\/www.uni.lu\/fr\/events\/le-luxembourg-et-la-grande-region-au-sortir-de-la-premiere-guerre-mondiale\/\"]}]},{\"@type\":\"ImageObject\",\"inLanguage\":\"fr-FR\",\"@id\":\"https:\/\/www.uni.lu\/fr\/events\/le-luxembourg-et-la-grande-region-au-sortir-de-la-premiere-guerre-mondiale\/#primaryimage\",\"url\":\"https:\/\/www.uni.lu\/wp-content\/uploads\/sites\/11\/2019\/09\/le_luxembourg_et_la_grande_region_au_sortir_de_la_premiere_guerre_mondiale.jpg\",\"contentUrl\":\"https:\/\/www.uni.lu\/wp-content\/uploads\/sites\/11\/2019\/09\/le_luxembourg_et_la_grande_region_au_sortir_de_la_premiere_guerre_mondiale.jpg\",\"width\":800,\"height\":600},{\"@type\":\"BreadcrumbList\",\"@id\":\"https:\/\/www.uni.lu\/fr\/events\/le-luxembourg-et-la-grande-region-au-sortir-de-la-premiere-guerre-mondiale\/#breadcrumb\",\"itemListElement\":[{\"@type\":\"ListItem\",\"position\":1,\"name\":\"Home\",\"item\":\"https:\/\/www.uni.lu\/fr\/\"},{\"@type\":\"ListItem\",\"position\":2,\"name\":\"Events\",\"item\":\"https:\/\/www.uni.lu\/fr\/events\/\"},{\"@type\":\"ListItem\",\"position\":3,\"name\":\"Le Luxembourg et la \u00ab Grande R\u00e9gion \u00bb au sortir de la Premi\u00e8re Guerre mondiale\"}]},{\"@type\":\"WebSite\",\"@id\":\"https:\/\/www.uni.lu\/fr\/#website\",\"url\":\"https:\/\/www.uni.lu\/fr\/\",\"name\":\"Uni.lu\",\"description\":\"Universit\u00e9 du Luxembourg\",\"publisher\":{\"@id\":\"https:\/\/www.uni.lu\/fr\/#organization\"},\"alternateName\":\"Universit\u00e9 du Luxembourg\",\"potentialAction\":[{\"@type\":\"SearchAction\",\"target\":{\"@type\":\"EntryPoint\",\"urlTemplate\":\"https:\/\/www.uni.lu\/fr\/?s={search_term_string}\"},\"query-input\":\"required name=search_term_string\"}],\"inLanguage\":\"fr-FR\"},{\"@type\":\"Organization\",\"@id\":\"https:\/\/www.uni.lu\/fr\/#organization\",\"name\":\"Universit\u00e9 du Luxembourg\",\"alternateName\":\"Uni.lu\",\"url\":\"https:\/\/www.uni.lu\/fr\/\",\"logo\":{\"@type\":\"ImageObject\",\"inLanguage\":\"fr-FR\",\"@id\":\"https:\/\/www.uni.lu\/fr\/#\/schema\/logo\/image\/\",\"url\":\"https:\/\/www.uni.lu\/wp-content\/uploads\/sites\/11\/2026\/03\/03120045\/UNIV_SM-Profile_1600x1600px-scaled.jpg\",\"contentUrl\":\"https:\/\/www.uni.lu\/wp-content\/uploads\/sites\/11\/2026\/03\/03120045\/UNIV_SM-Profile_1600x1600px-scaled.jpg\",\"width\":2560,\"height\":2560,\"caption\":\"Universit\u00e9 du Luxembourg\"},\"image\":\"https:\/\/www.uni.lu\/wp-content\/uploads\/sites\/11\/2026\/04\/24120552\/20200609-Belval-Campus_Henri-Goergen-23.jpg\",\"sameAs\":[\"https:\/\/www.facebook.com\/uni.lu\",\"https:\/\/www.linkedin.com\/school\/university-of-luxembourg\/\",\"https:\/\/www.instagram.com\/uni.lu\",\"https:\/\/www.youtube.com\/@uni_lu\",\"https:\/\/en.wikipedia.org\/wiki\/University_of_Luxembourg\"],\"email\":\"communication@uni.lu\",\"telephone\":\"+352 46 66 44 1\",\"address\":{\"@type\":\"PostalAddress\",\"streetAddress\":\"2, place de l\u2019Universit\u00e9\",\"addressLocality\":\"Esch-sur-Alzette\",\"postalCode\":\"4365\",\"addressCountry\":\"LU\"},\"description\":\"Universit\u00e9 du Luxembourg\"}]}<\/script>\n<!-- \/ Yoast SEO Premium plugin. -->","yoast_head_json":{"title":"Le Luxembourg et la \u00ab Grande R\u00e9gion \u00bb au sortir de la Premi\u00e8re Guerre mondiale - Universit\u00e9 du Luxembourg","description":"La fin de la Premi\u00e8re Guerre mondiale marque une transition dans les relations politiques, \u00e9conomiques, sociales et culturelles entre le Luxembourg et ses","robots":{"index":"index","follow":"follow","max-snippet":"max-snippet:-1","max-image-preview":"max-image-preview:large","max-video-preview":"max-video-preview:-1"},"canonical":"https:\/\/www.uni.lu\/fr\/events\/le-luxembourg-et-la-grande-region-au-sortir-de-la-premiere-guerre-mondiale\/","og_locale":"fr_FR","og_type":"article","og_title":"Le Luxembourg et la \u00ab Grande R\u00e9gion \u00bb au sortir de la Premi\u00e8re Guerre mondiale","og_description":"La fin de la Premi\u00e8re Guerre mondiale marque une transition dans les relations politiques, \u00e9conomiques, sociales et culturelles entre le Luxembourg et ses","og_url":"https:\/\/www.uni.lu\/fr\/events\/le-luxembourg-et-la-grande-region-au-sortir-de-la-premiere-guerre-mondiale\/","og_site_name":"UNI FR","article_publisher":"https:\/\/www.facebook.com\/uni.lu","og_image":[{"width":2560,"height":2560,"url":"https:\/\/www.uni.lu\/wp-content\/uploads\/sites\/11\/2026\/03\/03120045\/UNIV_SM-Profile_1600x1600px-scaled.jpg","type":"image\/jpeg"}],"twitter_card":"summary_large_image","twitter_misc":{"Dur\u00e9e de lecture estim\u00e9e":"2 minutes"},"schema":{"@context":"https:\/\/schema.org","@graph":[{"@type":"WebPage","@id":"https:\/\/www.uni.lu\/fr\/events\/le-luxembourg-et-la-grande-region-au-sortir-de-la-premiere-guerre-mondiale\/","url":"https:\/\/www.uni.lu\/fr\/events\/le-luxembourg-et-la-grande-region-au-sortir-de-la-premiere-guerre-mondiale\/","name":"Le Luxembourg et la \u00ab Grande R\u00e9gion \u00bb au sortir de la Premi\u00e8re Guerre mondiale - Universit\u00e9 du Luxembourg","isPartOf":{"@id":"https:\/\/www.uni.lu\/fr\/#website"},"primaryImageOfPage":{"@id":"https:\/\/www.uni.lu\/fr\/events\/le-luxembourg-et-la-grande-region-au-sortir-de-la-premiere-guerre-mondiale\/#primaryimage"},"image":{"@id":"https:\/\/www.uni.lu\/fr\/events\/le-luxembourg-et-la-grande-region-au-sortir-de-la-premiere-guerre-mondiale\/#primaryimage"},"thumbnailUrl":"https:\/\/www.uni.lu\/wp-content\/uploads\/sites\/11\/2019\/09\/le_luxembourg_et_la_grande_region_au_sortir_de_la_premiere_guerre_mondiale.jpg","datePublished":"2019-09-16T08:17:36+00:00","dateModified":"2019-09-16T08:17:36+00:00","description":"La fin de la Premi\u00e8re Guerre mondiale marque une transition dans les relations politiques, \u00e9conomiques, sociales et culturelles entre le Luxembourg et ses","breadcrumb":{"@id":"https:\/\/www.uni.lu\/fr\/events\/le-luxembourg-et-la-grande-region-au-sortir-de-la-premiere-guerre-mondiale\/#breadcrumb"},"inLanguage":"fr-FR","potentialAction":[{"@type":"ReadAction","target":["https:\/\/www.uni.lu\/fr\/events\/le-luxembourg-et-la-grande-region-au-sortir-de-la-premiere-guerre-mondiale\/"]}]},{"@type":"ImageObject","inLanguage":"fr-FR","@id":"https:\/\/www.uni.lu\/fr\/events\/le-luxembourg-et-la-grande-region-au-sortir-de-la-premiere-guerre-mondiale\/#primaryimage","url":"https:\/\/www.uni.lu\/wp-content\/uploads\/sites\/11\/2019\/09\/le_luxembourg_et_la_grande_region_au_sortir_de_la_premiere_guerre_mondiale.jpg","contentUrl":"https:\/\/www.uni.lu\/wp-content\/uploads\/sites\/11\/2019\/09\/le_luxembourg_et_la_grande_region_au_sortir_de_la_premiere_guerre_mondiale.jpg","width":800,"height":600},{"@type":"BreadcrumbList","@id":"https:\/\/www.uni.lu\/fr\/events\/le-luxembourg-et-la-grande-region-au-sortir-de-la-premiere-guerre-mondiale\/#breadcrumb","itemListElement":[{"@type":"ListItem","position":1,"name":"Home","item":"https:\/\/www.uni.lu\/fr\/"},{"@type":"ListItem","position":2,"name":"Events","item":"https:\/\/www.uni.lu\/fr\/events\/"},{"@type":"ListItem","position":3,"name":"Le Luxembourg et la \u00ab Grande R\u00e9gion \u00bb au sortir de la Premi\u00e8re Guerre mondiale"}]},{"@type":"WebSite","@id":"https:\/\/www.uni.lu\/fr\/#website","url":"https:\/\/www.uni.lu\/fr\/","name":"Uni.lu","description":"Universit\u00e9 du Luxembourg","publisher":{"@id":"https:\/\/www.uni.lu\/fr\/#organization"},"alternateName":"Universit\u00e9 du Luxembourg","potentialAction":[{"@type":"SearchAction","target":{"@type":"EntryPoint","urlTemplate":"https:\/\/www.uni.lu\/fr\/?s={search_term_string}"},"query-input":"required name=search_term_string"}],"inLanguage":"fr-FR"},{"@type":"Organization","@id":"https:\/\/www.uni.lu\/fr\/#organization","name":"Universit\u00e9 du Luxembourg","alternateName":"Uni.lu","url":"https:\/\/www.uni.lu\/fr\/","logo":{"@type":"ImageObject","inLanguage":"fr-FR","@id":"https:\/\/www.uni.lu\/fr\/#\/schema\/logo\/image\/","url":"https:\/\/www.uni.lu\/wp-content\/uploads\/sites\/11\/2026\/03\/03120045\/UNIV_SM-Profile_1600x1600px-scaled.jpg","contentUrl":"https:\/\/www.uni.lu\/wp-content\/uploads\/sites\/11\/2026\/03\/03120045\/UNIV_SM-Profile_1600x1600px-scaled.jpg","width":2560,"height":2560,"caption":"Universit\u00e9 du Luxembourg"},"image":"https:\/\/www.uni.lu\/wp-content\/uploads\/sites\/11\/2026\/04\/24120552\/20200609-Belval-Campus_Henri-Goergen-23.jpg","sameAs":["https:\/\/www.facebook.com\/uni.lu","https:\/\/www.linkedin.com\/school\/university-of-luxembourg\/","https:\/\/www.instagram.com\/uni.lu","https:\/\/www.youtube.com\/@uni_lu","https:\/\/en.wikipedia.org\/wiki\/University_of_Luxembourg"],"email":"communication@uni.lu","telephone":"+352 46 66 44 1","address":{"@type":"PostalAddress","streetAddress":"2, place de l\u2019Universit\u00e9","addressLocality":"Esch-sur-Alzette","postalCode":"4365","addressCountry":"LU"},"description":"Universit\u00e9 du Luxembourg"}]}},"_links":{"self":[{"href":"https:\/\/www.uni.lu\/fr\/wp-json\/wp\/v2\/events\/7917"}],"collection":[{"href":"https:\/\/www.uni.lu\/fr\/wp-json\/wp\/v2\/events"}],"about":[{"href":"https:\/\/www.uni.lu\/fr\/wp-json\/wp\/v2\/types\/events"}],"replies":[{"embeddable":true,"href":"https:\/\/www.uni.lu\/fr\/wp-json\/wp\/v2\/comments?post=7917"}],"version-history":[{"count":0,"href":"https:\/\/www.uni.lu\/fr\/wp-json\/wp\/v2\/events\/7917\/revisions"}],"wp:featuredmedia":[{"embeddable":true,"href":"https:\/\/www.uni.lu\/fr\/wp-json\/wp\/v2\/media\/7918"}],"wp:attachment":[{"href":"https:\/\/www.uni.lu\/fr\/wp-json\/wp\/v2\/media?parent=7917"}],"wp:term":[{"taxonomy":"events-topic","embeddable":true,"href":"https:\/\/www.uni.lu\/fr\/wp-json\/wp\/v2\/events-topic?post=7917"},{"taxonomy":"events-type","embeddable":true,"href":"https:\/\/www.uni.lu\/fr\/wp-json\/wp\/v2\/events-type?post=7917"},{"taxonomy":"organisation","embeddable":true,"href":"https:\/\/www.uni.lu\/fr\/wp-json\/wp\/v2\/organisation?post=7917"}],"curies":[{"name":"wp","href":"https:\/\/api.w.org\/{rel}","templated":true}]}}