{"id":7910,"date":"2019-09-12T11:06:39","date_gmt":"2019-09-12T09:06:39","guid":{"rendered":"https:\/\/www.uni.lu\/fr\/events\/les-competences-linguistiques-et-interculturelles-les-facteurs-clefs-dune-mobilite-universitaire-reussie\/"},"modified":"2019-09-12T11:06:39","modified_gmt":"2019-09-12T09:06:39","slug":"les-competences-linguistiques-et-interculturelles-les-facteurs-clefs-dune-mobilite-universitaire-reussie","status":"publish","type":"events","link":"https:\/\/www.uni.lu\/fr\/events\/les-competences-linguistiques-et-interculturelles-les-facteurs-clefs-dune-mobilite-universitaire-reussie\/","title":{"rendered":"Les comp\u00e9tences linguistiques et interculturelles : les facteurs clefs d&rsquo;une mobilit\u00e9 universitaire r\u00e9ussie"},"content":{"rendered":"<section class=\"wp-block-unilux-blocks-free-section section\"><div class=\"container xl:max-w-screen-xl\"><p>Le projet Language Centres Greater Region Erasmus+ (projet LCGR) est un cours hybride (en ligne et en pr\u00e9sentiel) propos\u00e9 conjointement par les Centres de Langues des six Universit\u00e9s de la Grande R\u00e9gion (Tr\u00e8ves, Sarrebruck, Kaiserslautern, Luxembourg, Lorraine, Li\u00e8ge). Ce cours a pour but de pr\u00e9parer des \u00e9tudiants linguistiquement et culturellement \u00e0 un futur \u00e9change universitaire dans une des universit\u00e9s nomm\u00e9es. Le cours, propos\u00e9 en fran\u00e7ais et en allemand, a suscit\u00e9 un vif int\u00e9r\u00eat de la part des \u00e9tudiants depuis qu&rsquo;il a \u00e9t\u00e9 lanc\u00e9 en 2018.<\/p><p>La conf\u00e9rence \u00ab\u00a0Les comp\u00e9tences linguistiques et interculturelles : les facteurs clefs d&rsquo;une mobilit\u00e9 universitaire r\u00e9ussie\u00a0\u00bb vise \u00e0 pr\u00e9senter les r\u00e9sultats de cette coop\u00e9ration inter-universitaire et les suites possible \u00e0 ce projet.<\/p><p><strong>Programme<\/strong><\/p><ul class=\"ulux-list\"><li class=\"ulux-list-item\">08h30 Caf\u00e9 d&rsquo;accueil<\/li><\/ul><ul class=\"ulux-list\"><li class=\"ulux-list-item\">09h00 Discours d&rsquo;ouverture<\/li><\/ul><ul class=\"ulux-list\"><li class=\"ulux-list-item\"><p>9h30 Vivre et didactiser le plurilinguisme \u00e0 l&rsquo;universit\u00e9 : quelques pistes\u00a0<\/p><p>Laurent Gajo (Universit\u00e9 de G\u00e9n\u00e8ve)<\/p><\/li><\/ul><ul class=\"ulux-list\"><li class=\"ulux-list-item\"><p>11h30 Table ronde : Les d\u00e9fis du multilinguisme pour l&rsquo;universit\u00e9 europ\u00e9enne <\/p><p>Mod\u00e9ratrice : Fr\u00e9d\u00e9rique Seidel (Secr\u00e9taire G\u00e9n\u00e9rale, Universit\u00e9 de la Grande R\u00e9gion)<\/p><\/li><\/ul><ul class=\"ulux-list\"><li class=\"ulux-list-item\"><p>13h30 Ateliers pratiques : Comment d\u00e9velopper les comp\u00e9tences multilingues en ligne ? <\/p><p>Deux ateliers en allemand et fran\u00e7ais<\/p><\/li><\/ul><p><strong>Contact<\/strong> :\u00a0<a href=\"mailto:eve.lejot@uni.lu\" target=\"_self\" title=\"\" rel=\"noopener\">eve.lejot@uni.lu<\/a>\u00a0et <a href=\"mailto:leslie.molostoff@uni.lu\" target=\"_self\" title=\"\" rel=\"noopener\">leslie.molostoff@uni.lu<\/a><\/p><p><figure class=\"wp-block-dev4-reusable-blocks-image  object-fit--contain\">\n    \n<img decoding=\"async\" class=\"wp-block-image unilux-custom-image-block\"\n                alt=\"\"\n            src=\"https:\/\/www.uni.lu\/wp-content\/uploads\/sites\/11\/2024\/01\/unigr_wegweiser_copyright_bellhaeuserx450.jpg\"\n                srcset=\"https:\/\/www.uni.lu\/wp-content\/uploads\/sites\/11\/2024\/01\/unigr_wegweiser_copyright_bellhaeuserx450-300x240.jpg 300w, https:\/\/www.uni.lu\/wp-content\/uploads\/sites\/11\/2024\/01\/unigr_wegweiser_copyright_bellhaeuserx450.jpg 450w\"\n                style=\"object-position: 50.00% 50.00%; font-family: &quot;object-fit: contain; object-position: 50.00% 50.00%;&quot;; aspect-ratio: 4\/3; object-fit: contain; width: 100%;\"\n        loading=\"lazy\"\n\/>    <\/figure><\/p><p>\u24b8\u00a0Bellh\u00e4user \/ UniGR\u00a0<\/p><\/div><\/section>","protected":false},"excerpt":{"rendered":"<p>Conf\u00e9rence du projet\u00a0Erasmus+ \u00ab\u00a0Language Centres Greater Region\u00a0\u00bbLe projet Language Centres Greater Region Erasmus+ (projet LCGR) est un cours hybride (en ligne et en pr\u00e9sentiel) propos\u00e9 conjointement par les Centres de Langues des six Universit\u00e9s de la Grande R\u00e9gion (Tr\u00e8ves, Sarrebruck, Kaiserslautern, Luxembourg, Lorraine, Li\u00e8ge). Ce cours a pour but de pr\u00e9parer des \u00e9tudiants linguistiquement et culturellement \u00e0 un futur \u00e9change universitaire dans une des universit\u00e9s nomm\u00e9es. Le cours, propos\u00e9 en fran\u00e7ais et en allemand, a suscit\u00e9 un vif int\u00e9r\u00eat de la part des \u00e9tudiants depuis qu&rsquo;il a \u00e9t\u00e9 lanc\u00e9 en 2018.La conf\u00e9rence \u00ab\u00a0Les comp\u00e9tences linguistiques et interculturelles : les facteurs clefs d&rsquo;une mobilit\u00e9 universitaire r\u00e9ussie\u00a0\u00bb vise \u00e0 pr\u00e9senter les r\u00e9sultats de cette coop\u00e9ration inter-universitaire et les suites possible \u00e0 ce projet.<\/p>\n","protected":false},"author":0,"featured_media":7911,"parent":0,"menu_order":0,"comment_status":"open","ping_status":"closed","template":"","format":"standard","meta":{"featured_image_focal_point":[],"show_featured_caption":false,"ulux_newsletter_groups":"","uluxPostTitle":"","uluxPrePostTitle":"","_trash_the_other_posts":false,"_price":"","_stock":"","_tribe_ticket_header":"","_tribe_default_ticket_provider":"","_tribe_ticket_capacity":"0","_ticket_start_date":"","_ticket_end_date":"","_tribe_ticket_show_description":"","_tribe_ticket_show_not_going":false,"_tribe_ticket_use_global_stock":"","_tribe_ticket_global_stock_level":"","_global_stock_mode":"","_global_stock_cap":"","_tribe_rsvp_for_event":"","_tribe_ticket_going_count":"","_tribe_ticket_not_going_count":"","_tribe_tickets_list":"[]","_tribe_ticket_has_attendee_info_fields":false,"event_start_date":"2019-09-26 09:00:00","event_end_date":"2019-09-26 18:00:00","event_speaker_name":"","event_speaker_link":"","event_is_online":false,"event_location":"Maison des Sciences Humaines - Black Box room","event_street":"11, porte des Sciences","event_location_link":"","event_zip_code":"L-4366","event_city":"Esch-sur-Alzette","event_country":"LU"},"events-topic":[],"events-type":[],"organisation":[226],"authorship":[],"acf":[],"yoast_head":"<!-- This site is optimized with the Yoast SEO Premium plugin v22.3 (Yoast SEO v22.3) - https:\/\/yoast.com\/wordpress\/plugins\/seo\/ -->\n<title>Les comp\u00e9tences linguistiques et interculturelles : les facteurs clefs d&#039;une mobilit\u00e9 universitaire r\u00e9ussie - Universit\u00e9 du Luxembourg<\/title>\n<meta name=\"description\" content=\"Conf\u00e9rence du projet\u00a0Erasmus+ &quot;Language Centres Greater Region&quot;Le projet Language Centres Greater Region Erasmus+ (projet LCGR) est un cours hybride (en ligne et en pr\u00e9sentiel) propos\u00e9 conjointement par les Centres de Langues des six Universit\u00e9s de la Grande R\u00e9gion (Tr\u00e8ves, Sarrebruck, Kaiserslautern, Luxembourg, Lorraine, Li\u00e8ge). Ce cours a pour but de pr\u00e9parer des \u00e9tudiants linguistiquement et culturellement \u00e0 un futur \u00e9change universitaire dans une des universit\u00e9s nomm\u00e9es. Le cours, propos\u00e9 en fran\u00e7ais et en allemand, a suscit\u00e9 un vif int\u00e9r\u00eat de la part des \u00e9tudiants depuis qu&#039;il a \u00e9t\u00e9 lanc\u00e9 en 2018.La conf\u00e9rence &quot;Les comp\u00e9tences linguistiques et interculturelles : les facteurs clefs d&#039;une mobilit\u00e9 universitaire r\u00e9ussie&quot; vise \u00e0 pr\u00e9senter les r\u00e9sultats de cette coop\u00e9ration inter-universitaire et les suites possible \u00e0 ce projet.\" \/>\n<meta name=\"robots\" content=\"index, follow, max-snippet:-1, max-image-preview:large, max-video-preview:-1\" \/>\n<link rel=\"canonical\" href=\"https:\/\/www.uni.lu\/fr\/events\/les-competences-linguistiques-et-interculturelles-les-facteurs-clefs-dune-mobilite-universitaire-reussie\/\" \/>\n<meta property=\"og:locale\" content=\"fr_FR\" \/>\n<meta property=\"og:type\" content=\"article\" \/>\n<meta property=\"og:title\" content=\"Les comp\u00e9tences linguistiques et interculturelles : les facteurs clefs d&#039;une mobilit\u00e9 universitaire r\u00e9ussie\" \/>\n<meta property=\"og:description\" content=\"Conf\u00e9rence du projet\u00a0Erasmus+ &quot;Language Centres Greater Region&quot;Le projet Language Centres Greater Region Erasmus+ (projet LCGR) est un cours hybride (en ligne et en pr\u00e9sentiel) propos\u00e9 conjointement par les Centres de Langues des six Universit\u00e9s de la Grande R\u00e9gion (Tr\u00e8ves, Sarrebruck, Kaiserslautern, Luxembourg, Lorraine, Li\u00e8ge). Ce cours a pour but de pr\u00e9parer des \u00e9tudiants linguistiquement et culturellement \u00e0 un futur \u00e9change universitaire dans une des universit\u00e9s nomm\u00e9es. Le cours, propos\u00e9 en fran\u00e7ais et en allemand, a suscit\u00e9 un vif int\u00e9r\u00eat de la part des \u00e9tudiants depuis qu&#039;il a \u00e9t\u00e9 lanc\u00e9 en 2018.La conf\u00e9rence &quot;Les comp\u00e9tences linguistiques et interculturelles : les facteurs clefs d&#039;une mobilit\u00e9 universitaire r\u00e9ussie&quot; vise \u00e0 pr\u00e9senter les r\u00e9sultats de cette coop\u00e9ration inter-universitaire et les suites possible \u00e0 ce projet.\" \/>\n<meta property=\"og:url\" content=\"https:\/\/www.uni.lu\/fr\/events\/les-competences-linguistiques-et-interculturelles-les-facteurs-clefs-dune-mobilite-universitaire-reussie\/\" \/>\n<meta property=\"og:site_name\" content=\"UNI FR\" \/>\n<meta property=\"article:publisher\" content=\"https:\/\/www.facebook.com\/uni.lu\" \/>\n<meta property=\"og:image\" content=\"https:\/\/www.uni.lu\/wp-content\/uploads\/sites\/11\/2026\/03\/03120045\/UNIV_SM-Profile_1600x1600px-scaled.jpg\" \/>\n\t<meta property=\"og:image:width\" content=\"2560\" \/>\n\t<meta property=\"og:image:height\" content=\"2560\" \/>\n\t<meta property=\"og:image:type\" content=\"image\/jpeg\" \/>\n<meta name=\"twitter:card\" content=\"summary_large_image\" \/>\n<meta name=\"twitter:label1\" content=\"Dur\u00e9e de lecture estim\u00e9e\" \/>\n\t<meta name=\"twitter:data1\" content=\"1 minute\" \/>\n<script type=\"application\/ld+json\" class=\"yoast-schema-graph\">{\"@context\":\"https:\/\/schema.org\",\"@graph\":[{\"@type\":\"WebPage\",\"@id\":\"https:\/\/www.uni.lu\/fr\/events\/les-competences-linguistiques-et-interculturelles-les-facteurs-clefs-dune-mobilite-universitaire-reussie\/\",\"url\":\"https:\/\/www.uni.lu\/fr\/events\/les-competences-linguistiques-et-interculturelles-les-facteurs-clefs-dune-mobilite-universitaire-reussie\/\",\"name\":\"Les comp\u00e9tences linguistiques et interculturelles : les facteurs clefs d'une mobilit\u00e9 universitaire r\u00e9ussie - Universit\u00e9 du Luxembourg\",\"isPartOf\":{\"@id\":\"https:\/\/www.uni.lu\/fr\/#website\"},\"primaryImageOfPage\":{\"@id\":\"https:\/\/www.uni.lu\/fr\/events\/les-competences-linguistiques-et-interculturelles-les-facteurs-clefs-dune-mobilite-universitaire-reussie\/#primaryimage\"},\"image\":{\"@id\":\"https:\/\/www.uni.lu\/fr\/events\/les-competences-linguistiques-et-interculturelles-les-facteurs-clefs-dune-mobilite-universitaire-reussie\/#primaryimage\"},\"thumbnailUrl\":\"https:\/\/www.uni.lu\/wp-content\/uploads\/sites\/11\/2019\/09\/conference_du_projet_erasmus_lcgr.jpg\",\"datePublished\":\"2019-09-12T09:06:39+00:00\",\"dateModified\":\"2019-09-12T09:06:39+00:00\",\"description\":\"Conf\u00e9rence du projet\u00a0Erasmus+ \\\"Language Centres Greater Region\\\"Le projet Language Centres Greater Region Erasmus+ (projet LCGR) est un cours hybride (en ligne et en pr\u00e9sentiel) propos\u00e9 conjointement par les Centres de Langues des six Universit\u00e9s de la Grande R\u00e9gion (Tr\u00e8ves, Sarrebruck, Kaiserslautern, Luxembourg, Lorraine, Li\u00e8ge). Ce cours a pour but de pr\u00e9parer des \u00e9tudiants linguistiquement et culturellement \u00e0 un futur \u00e9change universitaire dans une des universit\u00e9s nomm\u00e9es. Le cours, propos\u00e9 en fran\u00e7ais et en allemand, a suscit\u00e9 un vif int\u00e9r\u00eat de la part des \u00e9tudiants depuis qu'il a \u00e9t\u00e9 lanc\u00e9 en 2018.La conf\u00e9rence \\\"Les comp\u00e9tences linguistiques et interculturelles : les facteurs clefs d'une mobilit\u00e9 universitaire r\u00e9ussie\\\" vise \u00e0 pr\u00e9senter les r\u00e9sultats de cette coop\u00e9ration inter-universitaire et les suites possible \u00e0 ce projet.\",\"breadcrumb\":{\"@id\":\"https:\/\/www.uni.lu\/fr\/events\/les-competences-linguistiques-et-interculturelles-les-facteurs-clefs-dune-mobilite-universitaire-reussie\/#breadcrumb\"},\"inLanguage\":\"fr-FR\",\"potentialAction\":[{\"@type\":\"ReadAction\",\"target\":[\"https:\/\/www.uni.lu\/fr\/events\/les-competences-linguistiques-et-interculturelles-les-facteurs-clefs-dune-mobilite-universitaire-reussie\/\"]}]},{\"@type\":\"ImageObject\",\"inLanguage\":\"fr-FR\",\"@id\":\"https:\/\/www.uni.lu\/fr\/events\/les-competences-linguistiques-et-interculturelles-les-facteurs-clefs-dune-mobilite-universitaire-reussie\/#primaryimage\",\"url\":\"https:\/\/www.uni.lu\/wp-content\/uploads\/sites\/11\/2019\/09\/conference_du_projet_erasmus_lcgr.jpg\",\"contentUrl\":\"https:\/\/www.uni.lu\/wp-content\/uploads\/sites\/11\/2019\/09\/conference_du_projet_erasmus_lcgr.jpg\",\"width\":800,\"height\":600},{\"@type\":\"BreadcrumbList\",\"@id\":\"https:\/\/www.uni.lu\/fr\/events\/les-competences-linguistiques-et-interculturelles-les-facteurs-clefs-dune-mobilite-universitaire-reussie\/#breadcrumb\",\"itemListElement\":[{\"@type\":\"ListItem\",\"position\":1,\"name\":\"Home\",\"item\":\"https:\/\/www.uni.lu\/fr\/\"},{\"@type\":\"ListItem\",\"position\":2,\"name\":\"Events\",\"item\":\"https:\/\/www.uni.lu\/fr\/events\/\"},{\"@type\":\"ListItem\",\"position\":3,\"name\":\"Les comp\u00e9tences linguistiques et interculturelles : les facteurs clefs d'une mobilit\u00e9 universitaire r\u00e9ussie\"}]},{\"@type\":\"WebSite\",\"@id\":\"https:\/\/www.uni.lu\/fr\/#website\",\"url\":\"https:\/\/www.uni.lu\/fr\/\",\"name\":\"Uni.lu\",\"description\":\"Universit\u00e9 du Luxembourg\",\"publisher\":{\"@id\":\"https:\/\/www.uni.lu\/fr\/#organization\"},\"alternateName\":\"Universit\u00e9 du Luxembourg\",\"potentialAction\":[{\"@type\":\"SearchAction\",\"target\":{\"@type\":\"EntryPoint\",\"urlTemplate\":\"https:\/\/www.uni.lu\/fr\/?s={search_term_string}\"},\"query-input\":\"required name=search_term_string\"}],\"inLanguage\":\"fr-FR\"},{\"@type\":\"Organization\",\"@id\":\"https:\/\/www.uni.lu\/fr\/#organization\",\"name\":\"Universit\u00e9 du Luxembourg\",\"alternateName\":\"Uni.lu\",\"url\":\"https:\/\/www.uni.lu\/fr\/\",\"logo\":{\"@type\":\"ImageObject\",\"inLanguage\":\"fr-FR\",\"@id\":\"https:\/\/www.uni.lu\/fr\/#\/schema\/logo\/image\/\",\"url\":\"https:\/\/www.uni.lu\/wp-content\/uploads\/sites\/11\/2026\/03\/03120045\/UNIV_SM-Profile_1600x1600px-scaled.jpg\",\"contentUrl\":\"https:\/\/www.uni.lu\/wp-content\/uploads\/sites\/11\/2026\/03\/03120045\/UNIV_SM-Profile_1600x1600px-scaled.jpg\",\"width\":2560,\"height\":2560,\"caption\":\"Universit\u00e9 du Luxembourg\"},\"image\":\"https:\/\/www.uni.lu\/wp-content\/uploads\/sites\/11\/2026\/04\/24120552\/20200609-Belval-Campus_Henri-Goergen-23.jpg\",\"sameAs\":[\"https:\/\/www.facebook.com\/uni.lu\",\"https:\/\/www.linkedin.com\/school\/university-of-luxembourg\/\",\"https:\/\/www.instagram.com\/uni.lu\",\"https:\/\/www.youtube.com\/@uni_lu\",\"https:\/\/en.wikipedia.org\/wiki\/University_of_Luxembourg\"],\"email\":\"communication@uni.lu\",\"telephone\":\"+352 46 66 44 1\",\"address\":{\"@type\":\"PostalAddress\",\"streetAddress\":\"2, place de l\u2019Universit\u00e9\",\"addressLocality\":\"Esch-sur-Alzette\",\"postalCode\":\"4365\",\"addressCountry\":\"LU\"},\"description\":\"Universit\u00e9 du Luxembourg\"}]}<\/script>\n<!-- \/ Yoast SEO Premium plugin. -->","yoast_head_json":{"title":"Les comp\u00e9tences linguistiques et interculturelles : les facteurs clefs d'une mobilit\u00e9 universitaire r\u00e9ussie - Universit\u00e9 du Luxembourg","description":"Conf\u00e9rence du projet\u00a0Erasmus+ \"Language Centres Greater Region\"Le projet Language Centres Greater Region Erasmus+ (projet LCGR) est un cours hybride (en ligne et en pr\u00e9sentiel) propos\u00e9 conjointement par les Centres de Langues des six Universit\u00e9s de la Grande R\u00e9gion (Tr\u00e8ves, Sarrebruck, Kaiserslautern, Luxembourg, Lorraine, Li\u00e8ge). Ce cours a pour but de pr\u00e9parer des \u00e9tudiants linguistiquement et culturellement \u00e0 un futur \u00e9change universitaire dans une des universit\u00e9s nomm\u00e9es. Le cours, propos\u00e9 en fran\u00e7ais et en allemand, a suscit\u00e9 un vif int\u00e9r\u00eat de la part des \u00e9tudiants depuis qu'il a \u00e9t\u00e9 lanc\u00e9 en 2018.La conf\u00e9rence \"Les comp\u00e9tences linguistiques et interculturelles : les facteurs clefs d'une mobilit\u00e9 universitaire r\u00e9ussie\" vise \u00e0 pr\u00e9senter les r\u00e9sultats de cette coop\u00e9ration inter-universitaire et les suites possible \u00e0 ce projet.","robots":{"index":"index","follow":"follow","max-snippet":"max-snippet:-1","max-image-preview":"max-image-preview:large","max-video-preview":"max-video-preview:-1"},"canonical":"https:\/\/www.uni.lu\/fr\/events\/les-competences-linguistiques-et-interculturelles-les-facteurs-clefs-dune-mobilite-universitaire-reussie\/","og_locale":"fr_FR","og_type":"article","og_title":"Les comp\u00e9tences linguistiques et interculturelles : les facteurs clefs d'une mobilit\u00e9 universitaire r\u00e9ussie","og_description":"Conf\u00e9rence du projet\u00a0Erasmus+ \"Language Centres Greater Region\"Le projet Language Centres Greater Region Erasmus+ (projet LCGR) est un cours hybride (en ligne et en pr\u00e9sentiel) propos\u00e9 conjointement par les Centres de Langues des six Universit\u00e9s de la Grande R\u00e9gion (Tr\u00e8ves, Sarrebruck, Kaiserslautern, Luxembourg, Lorraine, Li\u00e8ge). Ce cours a pour but de pr\u00e9parer des \u00e9tudiants linguistiquement et culturellement \u00e0 un futur \u00e9change universitaire dans une des universit\u00e9s nomm\u00e9es. Le cours, propos\u00e9 en fran\u00e7ais et en allemand, a suscit\u00e9 un vif int\u00e9r\u00eat de la part des \u00e9tudiants depuis qu'il a \u00e9t\u00e9 lanc\u00e9 en 2018.La conf\u00e9rence \"Les comp\u00e9tences linguistiques et interculturelles : les facteurs clefs d'une mobilit\u00e9 universitaire r\u00e9ussie\" vise \u00e0 pr\u00e9senter les r\u00e9sultats de cette coop\u00e9ration inter-universitaire et les suites possible \u00e0 ce projet.","og_url":"https:\/\/www.uni.lu\/fr\/events\/les-competences-linguistiques-et-interculturelles-les-facteurs-clefs-dune-mobilite-universitaire-reussie\/","og_site_name":"UNI FR","article_publisher":"https:\/\/www.facebook.com\/uni.lu","og_image":[{"width":2560,"height":2560,"url":"https:\/\/www.uni.lu\/wp-content\/uploads\/sites\/11\/2026\/03\/03120045\/UNIV_SM-Profile_1600x1600px-scaled.jpg","type":"image\/jpeg"}],"twitter_card":"summary_large_image","twitter_misc":{"Dur\u00e9e de lecture estim\u00e9e":"1 minute"},"schema":{"@context":"https:\/\/schema.org","@graph":[{"@type":"WebPage","@id":"https:\/\/www.uni.lu\/fr\/events\/les-competences-linguistiques-et-interculturelles-les-facteurs-clefs-dune-mobilite-universitaire-reussie\/","url":"https:\/\/www.uni.lu\/fr\/events\/les-competences-linguistiques-et-interculturelles-les-facteurs-clefs-dune-mobilite-universitaire-reussie\/","name":"Les comp\u00e9tences linguistiques et interculturelles : les facteurs clefs d'une mobilit\u00e9 universitaire r\u00e9ussie - Universit\u00e9 du Luxembourg","isPartOf":{"@id":"https:\/\/www.uni.lu\/fr\/#website"},"primaryImageOfPage":{"@id":"https:\/\/www.uni.lu\/fr\/events\/les-competences-linguistiques-et-interculturelles-les-facteurs-clefs-dune-mobilite-universitaire-reussie\/#primaryimage"},"image":{"@id":"https:\/\/www.uni.lu\/fr\/events\/les-competences-linguistiques-et-interculturelles-les-facteurs-clefs-dune-mobilite-universitaire-reussie\/#primaryimage"},"thumbnailUrl":"https:\/\/www.uni.lu\/wp-content\/uploads\/sites\/11\/2019\/09\/conference_du_projet_erasmus_lcgr.jpg","datePublished":"2019-09-12T09:06:39+00:00","dateModified":"2019-09-12T09:06:39+00:00","description":"Conf\u00e9rence du projet\u00a0Erasmus+ \"Language Centres Greater Region\"Le projet Language Centres Greater Region Erasmus+ (projet LCGR) est un cours hybride (en ligne et en pr\u00e9sentiel) propos\u00e9 conjointement par les Centres de Langues des six Universit\u00e9s de la Grande R\u00e9gion (Tr\u00e8ves, Sarrebruck, Kaiserslautern, Luxembourg, Lorraine, Li\u00e8ge). Ce cours a pour but de pr\u00e9parer des \u00e9tudiants linguistiquement et culturellement \u00e0 un futur \u00e9change universitaire dans une des universit\u00e9s nomm\u00e9es. Le cours, propos\u00e9 en fran\u00e7ais et en allemand, a suscit\u00e9 un vif int\u00e9r\u00eat de la part des \u00e9tudiants depuis qu'il a \u00e9t\u00e9 lanc\u00e9 en 2018.La conf\u00e9rence \"Les comp\u00e9tences linguistiques et interculturelles : les facteurs clefs d'une mobilit\u00e9 universitaire r\u00e9ussie\" vise \u00e0 pr\u00e9senter les r\u00e9sultats de cette coop\u00e9ration inter-universitaire et les suites possible \u00e0 ce projet.","breadcrumb":{"@id":"https:\/\/www.uni.lu\/fr\/events\/les-competences-linguistiques-et-interculturelles-les-facteurs-clefs-dune-mobilite-universitaire-reussie\/#breadcrumb"},"inLanguage":"fr-FR","potentialAction":[{"@type":"ReadAction","target":["https:\/\/www.uni.lu\/fr\/events\/les-competences-linguistiques-et-interculturelles-les-facteurs-clefs-dune-mobilite-universitaire-reussie\/"]}]},{"@type":"ImageObject","inLanguage":"fr-FR","@id":"https:\/\/www.uni.lu\/fr\/events\/les-competences-linguistiques-et-interculturelles-les-facteurs-clefs-dune-mobilite-universitaire-reussie\/#primaryimage","url":"https:\/\/www.uni.lu\/wp-content\/uploads\/sites\/11\/2019\/09\/conference_du_projet_erasmus_lcgr.jpg","contentUrl":"https:\/\/www.uni.lu\/wp-content\/uploads\/sites\/11\/2019\/09\/conference_du_projet_erasmus_lcgr.jpg","width":800,"height":600},{"@type":"BreadcrumbList","@id":"https:\/\/www.uni.lu\/fr\/events\/les-competences-linguistiques-et-interculturelles-les-facteurs-clefs-dune-mobilite-universitaire-reussie\/#breadcrumb","itemListElement":[{"@type":"ListItem","position":1,"name":"Home","item":"https:\/\/www.uni.lu\/fr\/"},{"@type":"ListItem","position":2,"name":"Events","item":"https:\/\/www.uni.lu\/fr\/events\/"},{"@type":"ListItem","position":3,"name":"Les comp\u00e9tences linguistiques et interculturelles : les facteurs clefs d'une mobilit\u00e9 universitaire r\u00e9ussie"}]},{"@type":"WebSite","@id":"https:\/\/www.uni.lu\/fr\/#website","url":"https:\/\/www.uni.lu\/fr\/","name":"Uni.lu","description":"Universit\u00e9 du Luxembourg","publisher":{"@id":"https:\/\/www.uni.lu\/fr\/#organization"},"alternateName":"Universit\u00e9 du Luxembourg","potentialAction":[{"@type":"SearchAction","target":{"@type":"EntryPoint","urlTemplate":"https:\/\/www.uni.lu\/fr\/?s={search_term_string}"},"query-input":"required name=search_term_string"}],"inLanguage":"fr-FR"},{"@type":"Organization","@id":"https:\/\/www.uni.lu\/fr\/#organization","name":"Universit\u00e9 du Luxembourg","alternateName":"Uni.lu","url":"https:\/\/www.uni.lu\/fr\/","logo":{"@type":"ImageObject","inLanguage":"fr-FR","@id":"https:\/\/www.uni.lu\/fr\/#\/schema\/logo\/image\/","url":"https:\/\/www.uni.lu\/wp-content\/uploads\/sites\/11\/2026\/03\/03120045\/UNIV_SM-Profile_1600x1600px-scaled.jpg","contentUrl":"https:\/\/www.uni.lu\/wp-content\/uploads\/sites\/11\/2026\/03\/03120045\/UNIV_SM-Profile_1600x1600px-scaled.jpg","width":2560,"height":2560,"caption":"Universit\u00e9 du Luxembourg"},"image":"https:\/\/www.uni.lu\/wp-content\/uploads\/sites\/11\/2026\/04\/24120552\/20200609-Belval-Campus_Henri-Goergen-23.jpg","sameAs":["https:\/\/www.facebook.com\/uni.lu","https:\/\/www.linkedin.com\/school\/university-of-luxembourg\/","https:\/\/www.instagram.com\/uni.lu","https:\/\/www.youtube.com\/@uni_lu","https:\/\/en.wikipedia.org\/wiki\/University_of_Luxembourg"],"email":"communication@uni.lu","telephone":"+352 46 66 44 1","address":{"@type":"PostalAddress","streetAddress":"2, place de l\u2019Universit\u00e9","addressLocality":"Esch-sur-Alzette","postalCode":"4365","addressCountry":"LU"},"description":"Universit\u00e9 du Luxembourg"}]}},"_links":{"self":[{"href":"https:\/\/www.uni.lu\/fr\/wp-json\/wp\/v2\/events\/7910"}],"collection":[{"href":"https:\/\/www.uni.lu\/fr\/wp-json\/wp\/v2\/events"}],"about":[{"href":"https:\/\/www.uni.lu\/fr\/wp-json\/wp\/v2\/types\/events"}],"replies":[{"embeddable":true,"href":"https:\/\/www.uni.lu\/fr\/wp-json\/wp\/v2\/comments?post=7910"}],"version-history":[{"count":0,"href":"https:\/\/www.uni.lu\/fr\/wp-json\/wp\/v2\/events\/7910\/revisions"}],"wp:featuredmedia":[{"embeddable":true,"href":"https:\/\/www.uni.lu\/fr\/wp-json\/wp\/v2\/media\/7911"}],"wp:attachment":[{"href":"https:\/\/www.uni.lu\/fr\/wp-json\/wp\/v2\/media?parent=7910"}],"wp:term":[{"taxonomy":"events-topic","embeddable":true,"href":"https:\/\/www.uni.lu\/fr\/wp-json\/wp\/v2\/events-topic?post=7910"},{"taxonomy":"events-type","embeddable":true,"href":"https:\/\/www.uni.lu\/fr\/wp-json\/wp\/v2\/events-type?post=7910"},{"taxonomy":"organisation","embeddable":true,"href":"https:\/\/www.uni.lu\/fr\/wp-json\/wp\/v2\/organisation?post=7910"}],"curies":[{"name":"wp","href":"https:\/\/api.w.org\/{rel}","templated":true}]}}