{"id":7856,"date":"2019-08-02T11:16:28","date_gmt":"2019-08-02T09:16:28","guid":{"rendered":"https:\/\/www.uni.lu\/fr\/events\/unicareers-lu-2019\/"},"modified":"2019-08-02T11:16:28","modified_gmt":"2019-08-02T09:16:28","slug":"unicareers-lu-2019","status":"publish","type":"events","link":"https:\/\/www.uni.lu\/fr\/events\/unicareers-lu-2019\/","title":{"rendered":"Unicareers.lu 2019"},"content":{"rendered":"<section class=\"wp-block-unilux-blocks-free-section section\"><div class=\"container xl:max-w-screen-xl\"><p>Le salon Unicareers.lu est un <strong>salon de recrutement de l\u2019Universit\u00e9 du Luxembourg<\/strong>.<\/p><p>Pour y participer, <strong>inscrivez-vous, c&rsquo;est d\u00e9sormais obligatoire !<\/strong><\/p>\n<h3 class=\"has-text-align-left wp-block-unilux-blocks-heading\"        id=\"rencontrer-une-grande-variete-dentreprises-luxembourgeoises\"\n    >\nRencontrer une grande vari\u00e9t\u00e9 d&rsquo;entreprises luxembourgeoises<\/h3>\n<p>Le salon de recrutement Unicareers.lu, \u00e9v\u00e8nement officiel de l&rsquo;Universit\u00e9 du Luxembourg, vous permettra de rencontrer en une seule journ\u00e9e et en face-\u00e0-face les principaux employeurs du Luxembourg !<\/p><p>Cet \u00e9v\u00e8nement est d\u00e9di\u00e9 aux \u00e9tudiants \u00e0 la recherche d&rsquo;un stage ou d&rsquo;un premier emploi ainsi qu&rsquo;aux profils exp\u00e9riment\u00e9s ayant moins de 5 ann\u00e9es d\u2019exp\u00e9rience, de Bac+2 \u00e0 Bac+8.<\/p><p>Unicareers.lu est \u00e9videmment ouvert aux personnes de diff\u00e9rents pays issues d\u2019autres universit\u00e9s.<\/p><ul class=\"ulux-list\"><li class=\"ulux-list-item\"><strong>160 soci\u00e9t\u00e9s pr\u00e9sentes<\/strong><\/li><li class=\"ulux-list-item\">Des offres d\u2019emploi et de stage<\/li><li class=\"ulux-list-item\"><p>Des secteurs vari\u00e9s\u00a0:<\/p><ul class=\"ulux-list\"><li class=\"ulux-list-item\">Audit \/ Comptabilit\u00e9<\/li><li class=\"ulux-list-item\">Banque \/ Finance \/ Assurance<\/li><li class=\"ulux-list-item\">Commerce \/ Marketing<\/li><li class=\"ulux-list-item\">Droit \/ Juridique<\/li><li class=\"ulux-list-item\">Formation<\/li><li class=\"ulux-list-item\">Informatique \/ Consulting<\/li><li class=\"ulux-list-item\">Ing\u00e9nierie<\/li><li class=\"ulux-list-item\">Recherche et d\u00e9veloppement<\/li><li class=\"ulux-list-item\">Transport<\/li><\/ul><\/li><li class=\"ulux-list-item\">Un environnement multilingue et international<\/li><li class=\"ulux-list-item\">Des <strong>conf\u00e9rences th\u00e9matiques<\/strong><\/li><\/ul><p><strong>Conf\u00e9rence de l&rsquo;Universit\u00e9 du Luxembourg de 11h00 \u00e0 12h00<\/strong><\/p>\n<h3 class=\"has-text-align-left wp-block-unilux-blocks-heading\"        id=\"which-skills-will-give-me-a-job\"\n    >\nWhich skills will give me a job?<\/h3>\n<p><ul class=\"ulux-list\"><li class=\"ulux-list-item\">Moderator: Thomas Klein, Journalist, Wort Luxembourg<\/li><li class=\"ulux-list-item\">Isabelle Schlesser, Director Adem<\/li><li class=\"ulux-list-item\">Prof. Romain Martin, Premier Conseiller de Gouvernement, Minist\u00e8re De L\u2019enseignement Sup\u00e9rieur et de la Recherche<\/li><li class=\"ulux-list-item\">Oleksii Domin, Student Delegation University of Luxembourg<\/li><li class=\"ulux-list-item\">Mohammed Al Khasraje, Graduate Master Student \u2013 Entrepreneurship and Innovation Programme<\/li><li class=\"ulux-list-item\">Erika Lhomme, Head of HR Paypal in Luxembourg<\/li><li class=\"ulux-list-item\">Marie-Adelaide Leclerq-Olhagaray, Chairwoman, Women in Digital Empowerment (WIDE) &#038; Communications Manager, Arendt<\/li><li class=\"ulux-list-item\">Philippe Van Boxel, Senior Human Resources Executive, Talent Acquisition, EIB<\/li><li class=\"ulux-list-item\">Prof. Catherine L\u00e9glu, Vice-rector for Academic Affairs, University of Luxembourg<\/li><\/ul><\/p>\n<h3 class=\"has-text-align-left wp-block-unilux-blocks-heading\"        id=\"inscrivez-vous\"\n    >\nInscrivez-vous<\/h3>\n<p>L&rsquo;<a href=\"https:\/\/www.unicareers.lu\/#register\" target=\"_blank\" title=\"\" rel=\"noopener\">inscription obligatoire sur le site du salon Unicareers.lu<\/a> permet de faire une pr\u00e9s\u00e9lection et valide votre participation.<\/p><p><strong>Cl\u00f4ture des inscriptions : jeudi 26 septembre 2019 \u00e0 16 h.<\/strong><\/p><p><strong>N\u2019oubliez pas votre confirmation d\u2019inscription, car il y aura un contr\u00f4le \u00e0 l\u2019entr\u00e9e.<\/strong><\/p><\/div><\/section>","protected":false},"excerpt":{"rendered":"<p>Le salon Unicareers.lu est un salon de recrutement de l\u2019Universit\u00e9 du Luxembourg.Pour y participer, inscrivez-vous, c&rsquo;est d\u00e9sormais obligatoire !<\/p>\n","protected":false},"author":0,"featured_media":7857,"parent":0,"menu_order":0,"comment_status":"open","ping_status":"closed","template":"","format":"standard","meta":{"featured_image_focal_point":[],"show_featured_caption":false,"ulux_newsletter_groups":"","uluxPostTitle":"","uluxPrePostTitle":"","_trash_the_other_posts":false,"_price":"","_stock":"","_tribe_ticket_header":"","_tribe_default_ticket_provider":"","_tribe_ticket_capacity":"0","_ticket_start_date":"","_ticket_end_date":"","_tribe_ticket_show_description":"","_tribe_ticket_show_not_going":false,"_tribe_ticket_use_global_stock":"","_tribe_ticket_global_stock_level":"","_global_stock_mode":"","_global_stock_cap":"","_tribe_rsvp_for_event":"","_tribe_ticket_going_count":"","_tribe_ticket_not_going_count":"","_tribe_tickets_list":"[]","_tribe_ticket_has_attendee_info_fields":false,"event_start_date":"2019-09-27 10:00:00","event_end_date":"2019-09-27 17:00:00","event_speaker_name":"","event_speaker_link":"","event_is_online":false,"event_location":"LUXEXPO THE BOX\r\nEntry North\r\n10, Circuit de la Foire Internationale\r\nL-1347 Luxemburg-Kirchberg","event_street":"","event_location_link":"","event_zip_code":"","event_city":"","event_country":"LU"},"events-topic":[],"events-type":[],"organisation":[226],"authorship":[],"acf":[],"yoast_head":"<!-- This site is optimized with the Yoast SEO Premium plugin v22.3 (Yoast SEO v22.3) - https:\/\/yoast.com\/wordpress\/plugins\/seo\/ -->\n<title>Unicareers.lu 2019 - Universit\u00e9 du Luxembourg<\/title>\n<meta name=\"description\" content=\"Le salon Unicareers.lu est un salon de recrutement de l\u2019Universit\u00e9 du Luxembourg.Pour y participer, inscrivez-vous, c&#039;est d\u00e9sormais obligatoire !\" \/>\n<meta name=\"robots\" content=\"index, follow, max-snippet:-1, max-image-preview:large, max-video-preview:-1\" \/>\n<link rel=\"canonical\" href=\"https:\/\/www.uni.lu\/fr\/events\/unicareers-lu-2019\/\" \/>\n<meta property=\"og:locale\" content=\"fr_FR\" \/>\n<meta property=\"og:type\" content=\"article\" \/>\n<meta property=\"og:title\" content=\"Unicareers.lu 2019\" \/>\n<meta property=\"og:description\" content=\"Le salon Unicareers.lu est un salon de recrutement de l\u2019Universit\u00e9 du Luxembourg.Pour y participer, inscrivez-vous, c&#039;est d\u00e9sormais obligatoire !\" \/>\n<meta property=\"og:url\" content=\"https:\/\/www.uni.lu\/fr\/events\/unicareers-lu-2019\/\" \/>\n<meta property=\"og:site_name\" content=\"UNI FR\" \/>\n<meta property=\"article:publisher\" content=\"https:\/\/www.facebook.com\/uni.lu\" \/>\n<meta property=\"og:image\" content=\"https:\/\/www.uni.lu\/wp-content\/uploads\/sites\/11\/2026\/03\/03120045\/UNIV_SM-Profile_1600x1600px-scaled.jpg\" \/>\n\t<meta property=\"og:image:width\" content=\"2560\" \/>\n\t<meta property=\"og:image:height\" content=\"2560\" \/>\n\t<meta property=\"og:image:type\" content=\"image\/jpeg\" \/>\n<meta name=\"twitter:card\" content=\"summary_large_image\" \/>\n<meta name=\"twitter:label1\" content=\"Dur\u00e9e de lecture estim\u00e9e\" \/>\n\t<meta name=\"twitter:data1\" content=\"1 minute\" \/>\n<script type=\"application\/ld+json\" class=\"yoast-schema-graph\">{\"@context\":\"https:\/\/schema.org\",\"@graph\":[{\"@type\":\"WebPage\",\"@id\":\"https:\/\/www.uni.lu\/fr\/events\/unicareers-lu-2019\/\",\"url\":\"https:\/\/www.uni.lu\/fr\/events\/unicareers-lu-2019\/\",\"name\":\"Unicareers.lu 2019 - Universit\u00e9 du Luxembourg\",\"isPartOf\":{\"@id\":\"https:\/\/www.uni.lu\/fr\/#website\"},\"primaryImageOfPage\":{\"@id\":\"https:\/\/www.uni.lu\/fr\/events\/unicareers-lu-2019\/#primaryimage\"},\"image\":{\"@id\":\"https:\/\/www.uni.lu\/fr\/events\/unicareers-lu-2019\/#primaryimage\"},\"thumbnailUrl\":\"https:\/\/www.uni.lu\/wp-content\/uploads\/sites\/11\/2019\/08\/unicareers_lu_2019.jpg\",\"datePublished\":\"2019-08-02T09:16:28+00:00\",\"dateModified\":\"2019-08-02T09:16:28+00:00\",\"description\":\"Le salon Unicareers.lu est un salon de recrutement de l\u2019Universit\u00e9 du Luxembourg.Pour y participer, inscrivez-vous, c'est d\u00e9sormais obligatoire !\",\"breadcrumb\":{\"@id\":\"https:\/\/www.uni.lu\/fr\/events\/unicareers-lu-2019\/#breadcrumb\"},\"inLanguage\":\"fr-FR\",\"potentialAction\":[{\"@type\":\"ReadAction\",\"target\":[\"https:\/\/www.uni.lu\/fr\/events\/unicareers-lu-2019\/\"]}]},{\"@type\":\"ImageObject\",\"inLanguage\":\"fr-FR\",\"@id\":\"https:\/\/www.uni.lu\/fr\/events\/unicareers-lu-2019\/#primaryimage\",\"url\":\"https:\/\/www.uni.lu\/wp-content\/uploads\/sites\/11\/2019\/08\/unicareers_lu_2019.jpg\",\"contentUrl\":\"https:\/\/www.uni.lu\/wp-content\/uploads\/sites\/11\/2019\/08\/unicareers_lu_2019.jpg\",\"width\":800,\"height\":600},{\"@type\":\"BreadcrumbList\",\"@id\":\"https:\/\/www.uni.lu\/fr\/events\/unicareers-lu-2019\/#breadcrumb\",\"itemListElement\":[{\"@type\":\"ListItem\",\"position\":1,\"name\":\"Home\",\"item\":\"https:\/\/www.uni.lu\/fr\/\"},{\"@type\":\"ListItem\",\"position\":2,\"name\":\"Events\",\"item\":\"https:\/\/www.uni.lu\/fr\/events\/\"},{\"@type\":\"ListItem\",\"position\":3,\"name\":\"Unicareers.lu 2019\"}]},{\"@type\":\"WebSite\",\"@id\":\"https:\/\/www.uni.lu\/fr\/#website\",\"url\":\"https:\/\/www.uni.lu\/fr\/\",\"name\":\"Uni.lu\",\"description\":\"Universit\u00e9 du Luxembourg\",\"publisher\":{\"@id\":\"https:\/\/www.uni.lu\/fr\/#organization\"},\"alternateName\":\"Universit\u00e9 du Luxembourg\",\"potentialAction\":[{\"@type\":\"SearchAction\",\"target\":{\"@type\":\"EntryPoint\",\"urlTemplate\":\"https:\/\/www.uni.lu\/fr\/?s={search_term_string}\"},\"query-input\":\"required name=search_term_string\"}],\"inLanguage\":\"fr-FR\"},{\"@type\":\"Organization\",\"@id\":\"https:\/\/www.uni.lu\/fr\/#organization\",\"name\":\"Universit\u00e9 du Luxembourg\",\"alternateName\":\"Uni.lu\",\"url\":\"https:\/\/www.uni.lu\/fr\/\",\"logo\":{\"@type\":\"ImageObject\",\"inLanguage\":\"fr-FR\",\"@id\":\"https:\/\/www.uni.lu\/fr\/#\/schema\/logo\/image\/\",\"url\":\"https:\/\/www.uni.lu\/wp-content\/uploads\/sites\/11\/2026\/03\/03120045\/UNIV_SM-Profile_1600x1600px-scaled.jpg\",\"contentUrl\":\"https:\/\/www.uni.lu\/wp-content\/uploads\/sites\/11\/2026\/03\/03120045\/UNIV_SM-Profile_1600x1600px-scaled.jpg\",\"width\":2560,\"height\":2560,\"caption\":\"Universit\u00e9 du Luxembourg\"},\"image\":\"https:\/\/www.uni.lu\/wp-content\/uploads\/sites\/11\/2026\/04\/24120552\/20200609-Belval-Campus_Henri-Goergen-23.jpg\",\"sameAs\":[\"https:\/\/www.facebook.com\/uni.lu\",\"https:\/\/www.linkedin.com\/school\/university-of-luxembourg\/\",\"https:\/\/www.instagram.com\/uni.lu\",\"https:\/\/www.youtube.com\/@uni_lu\",\"https:\/\/en.wikipedia.org\/wiki\/University_of_Luxembourg\"],\"email\":\"communication@uni.lu\",\"telephone\":\"+352 46 66 44 1\",\"address\":{\"@type\":\"PostalAddress\",\"streetAddress\":\"2, place de l\u2019Universit\u00e9\",\"addressLocality\":\"Esch-sur-Alzette\",\"postalCode\":\"4365\",\"addressCountry\":\"LU\"},\"description\":\"Universit\u00e9 du Luxembourg\"}]}<\/script>\n<!-- \/ Yoast SEO Premium plugin. -->","yoast_head_json":{"title":"Unicareers.lu 2019 - Universit\u00e9 du Luxembourg","description":"Le salon Unicareers.lu est un salon de recrutement de l\u2019Universit\u00e9 du Luxembourg.Pour y participer, inscrivez-vous, c'est d\u00e9sormais obligatoire !","robots":{"index":"index","follow":"follow","max-snippet":"max-snippet:-1","max-image-preview":"max-image-preview:large","max-video-preview":"max-video-preview:-1"},"canonical":"https:\/\/www.uni.lu\/fr\/events\/unicareers-lu-2019\/","og_locale":"fr_FR","og_type":"article","og_title":"Unicareers.lu 2019","og_description":"Le salon Unicareers.lu est un salon de recrutement de l\u2019Universit\u00e9 du Luxembourg.Pour y participer, inscrivez-vous, c'est d\u00e9sormais obligatoire !","og_url":"https:\/\/www.uni.lu\/fr\/events\/unicareers-lu-2019\/","og_site_name":"UNI FR","article_publisher":"https:\/\/www.facebook.com\/uni.lu","og_image":[{"width":2560,"height":2560,"url":"https:\/\/www.uni.lu\/wp-content\/uploads\/sites\/11\/2026\/03\/03120045\/UNIV_SM-Profile_1600x1600px-scaled.jpg","type":"image\/jpeg"}],"twitter_card":"summary_large_image","twitter_misc":{"Dur\u00e9e de lecture estim\u00e9e":"1 minute"},"schema":{"@context":"https:\/\/schema.org","@graph":[{"@type":"WebPage","@id":"https:\/\/www.uni.lu\/fr\/events\/unicareers-lu-2019\/","url":"https:\/\/www.uni.lu\/fr\/events\/unicareers-lu-2019\/","name":"Unicareers.lu 2019 - Universit\u00e9 du Luxembourg","isPartOf":{"@id":"https:\/\/www.uni.lu\/fr\/#website"},"primaryImageOfPage":{"@id":"https:\/\/www.uni.lu\/fr\/events\/unicareers-lu-2019\/#primaryimage"},"image":{"@id":"https:\/\/www.uni.lu\/fr\/events\/unicareers-lu-2019\/#primaryimage"},"thumbnailUrl":"https:\/\/www.uni.lu\/wp-content\/uploads\/sites\/11\/2019\/08\/unicareers_lu_2019.jpg","datePublished":"2019-08-02T09:16:28+00:00","dateModified":"2019-08-02T09:16:28+00:00","description":"Le salon Unicareers.lu est un salon de recrutement de l\u2019Universit\u00e9 du Luxembourg.Pour y participer, inscrivez-vous, c'est d\u00e9sormais obligatoire !","breadcrumb":{"@id":"https:\/\/www.uni.lu\/fr\/events\/unicareers-lu-2019\/#breadcrumb"},"inLanguage":"fr-FR","potentialAction":[{"@type":"ReadAction","target":["https:\/\/www.uni.lu\/fr\/events\/unicareers-lu-2019\/"]}]},{"@type":"ImageObject","inLanguage":"fr-FR","@id":"https:\/\/www.uni.lu\/fr\/events\/unicareers-lu-2019\/#primaryimage","url":"https:\/\/www.uni.lu\/wp-content\/uploads\/sites\/11\/2019\/08\/unicareers_lu_2019.jpg","contentUrl":"https:\/\/www.uni.lu\/wp-content\/uploads\/sites\/11\/2019\/08\/unicareers_lu_2019.jpg","width":800,"height":600},{"@type":"BreadcrumbList","@id":"https:\/\/www.uni.lu\/fr\/events\/unicareers-lu-2019\/#breadcrumb","itemListElement":[{"@type":"ListItem","position":1,"name":"Home","item":"https:\/\/www.uni.lu\/fr\/"},{"@type":"ListItem","position":2,"name":"Events","item":"https:\/\/www.uni.lu\/fr\/events\/"},{"@type":"ListItem","position":3,"name":"Unicareers.lu 2019"}]},{"@type":"WebSite","@id":"https:\/\/www.uni.lu\/fr\/#website","url":"https:\/\/www.uni.lu\/fr\/","name":"Uni.lu","description":"Universit\u00e9 du Luxembourg","publisher":{"@id":"https:\/\/www.uni.lu\/fr\/#organization"},"alternateName":"Universit\u00e9 du Luxembourg","potentialAction":[{"@type":"SearchAction","target":{"@type":"EntryPoint","urlTemplate":"https:\/\/www.uni.lu\/fr\/?s={search_term_string}"},"query-input":"required name=search_term_string"}],"inLanguage":"fr-FR"},{"@type":"Organization","@id":"https:\/\/www.uni.lu\/fr\/#organization","name":"Universit\u00e9 du Luxembourg","alternateName":"Uni.lu","url":"https:\/\/www.uni.lu\/fr\/","logo":{"@type":"ImageObject","inLanguage":"fr-FR","@id":"https:\/\/www.uni.lu\/fr\/#\/schema\/logo\/image\/","url":"https:\/\/www.uni.lu\/wp-content\/uploads\/sites\/11\/2026\/03\/03120045\/UNIV_SM-Profile_1600x1600px-scaled.jpg","contentUrl":"https:\/\/www.uni.lu\/wp-content\/uploads\/sites\/11\/2026\/03\/03120045\/UNIV_SM-Profile_1600x1600px-scaled.jpg","width":2560,"height":2560,"caption":"Universit\u00e9 du Luxembourg"},"image":"https:\/\/www.uni.lu\/wp-content\/uploads\/sites\/11\/2026\/04\/24120552\/20200609-Belval-Campus_Henri-Goergen-23.jpg","sameAs":["https:\/\/www.facebook.com\/uni.lu","https:\/\/www.linkedin.com\/school\/university-of-luxembourg\/","https:\/\/www.instagram.com\/uni.lu","https:\/\/www.youtube.com\/@uni_lu","https:\/\/en.wikipedia.org\/wiki\/University_of_Luxembourg"],"email":"communication@uni.lu","telephone":"+352 46 66 44 1","address":{"@type":"PostalAddress","streetAddress":"2, place de l\u2019Universit\u00e9","addressLocality":"Esch-sur-Alzette","postalCode":"4365","addressCountry":"LU"},"description":"Universit\u00e9 du Luxembourg"}]}},"_links":{"self":[{"href":"https:\/\/www.uni.lu\/fr\/wp-json\/wp\/v2\/events\/7856"}],"collection":[{"href":"https:\/\/www.uni.lu\/fr\/wp-json\/wp\/v2\/events"}],"about":[{"href":"https:\/\/www.uni.lu\/fr\/wp-json\/wp\/v2\/types\/events"}],"replies":[{"embeddable":true,"href":"https:\/\/www.uni.lu\/fr\/wp-json\/wp\/v2\/comments?post=7856"}],"version-history":[{"count":0,"href":"https:\/\/www.uni.lu\/fr\/wp-json\/wp\/v2\/events\/7856\/revisions"}],"wp:featuredmedia":[{"embeddable":true,"href":"https:\/\/www.uni.lu\/fr\/wp-json\/wp\/v2\/media\/7857"}],"wp:attachment":[{"href":"https:\/\/www.uni.lu\/fr\/wp-json\/wp\/v2\/media?parent=7856"}],"wp:term":[{"taxonomy":"events-topic","embeddable":true,"href":"https:\/\/www.uni.lu\/fr\/wp-json\/wp\/v2\/events-topic?post=7856"},{"taxonomy":"events-type","embeddable":true,"href":"https:\/\/www.uni.lu\/fr\/wp-json\/wp\/v2\/events-type?post=7856"},{"taxonomy":"organisation","embeddable":true,"href":"https:\/\/www.uni.lu\/fr\/wp-json\/wp\/v2\/organisation?post=7856"}],"curies":[{"name":"wp","href":"https:\/\/api.w.org\/{rel}","templated":true}]}}