{"id":7825,"date":"2019-06-25T10:21:03","date_gmt":"2019-06-25T08:21:03","guid":{"rendered":"https:\/\/www.uni.lu\/fr\/events\/prix-rolf-tarrach-2019\/"},"modified":"2019-06-25T10:21:03","modified_gmt":"2019-06-25T08:21:03","slug":"prix-rolf-tarrach-2019","status":"publish","type":"events","link":"https:\/\/www.uni.lu\/fr\/events\/prix-rolf-tarrach-2019\/","title":{"rendered":"Prix Rolf Tarrach 2019"},"content":{"rendered":"<section class=\"wp-block-unilux-blocks-free-section section\"><div class=\"container xl:max-w-screen-xl\"><p>Les Amis de l\u2019Universit\u00e9 du Luxembourg ont le plaisir de vous inviter \u00e0 la remise solennelle du\u00a0Prix Rolf Tarrach 2019<\/p><p>\u00e0 la Chambre de Commerce du Luxembourg.<\/p><p>Ce prix r\u00e9compense le titulaire d\u2019une th\u00e8se de doctorat qui contribue au rayonnement de l\u2019Universit\u00e9\u00a0par son apport d\u2019excellence scientifique et par le caract\u00e8re novateur de son travail.\u00a0Le laur\u00e9at est\u00a0choisi parmi les meilleures th\u00e8ses des trois facult\u00e9s de l\u2019Universit\u00e9.<\/p><p>Le laur\u00e9at 2019, le Dr V\u00e9ronique Cornu de la Facult\u00e9 des Lettres, des Arts et des Sciences de\u00a0l\u2019Enseignement, a su se distinguer par sa th\u00e8se :\u00a0\u00ab The spatial road to mathematics \u2013 From the relation between spatial skills\u00a0and early mathematics towards interventions \u00bb<\/p><p>Le prix, dot\u00e9 d\u2019un montant de 10.000 \u20ac, est financ\u00e9 par la soci\u00e9t\u00e9 <a href=\"http:\/\/www.quilvest.com\/\" target=\"_self\" title=\"\" rel=\"noopener\">CBP QUILVEST<\/a> et la Fondation\u00a0Luis Portabella y Conte Lacoste.<\/p><p>La salle de conf\u00e9rence et le foyer sont mise \u00e0 disposition\u00a0gratuitement par la <a href=\"https:\/\/www.cc.lu\/accueil\/\" target=\"_blank\" title=\"\" rel=\"noopener\">Chambre de Commerce du Luxembourg<\/a>.<\/p><p>Les Amis vous prient de bien vouloir avoir l\u2019amabilit\u00e9 de confirmer votre venue dans les meilleurs\u00a0d\u00e9lais en s\u2019inscrivant via notre site internet <a href=\"http:\/\/amis-uni.lu\/\" target=\"_blank\" title=\"\" rel=\"noopener\">www.amis-uni.lu<\/a> ou en envoyant un courriel \u00e0:\u00a0<a href=\"mailto:amis.uni.lu@gmail.com\" target=\"_self\" title=\"\" rel=\"noopener\">amis.uni.lu@gmail.com<\/a>.\u00a0<\/p><p>Programme de la c\u00e9r\u00e9monie<\/p><\/div><\/section>","protected":false},"excerpt":{"rendered":"","protected":false},"author":0,"featured_media":7826,"parent":0,"menu_order":0,"comment_status":"open","ping_status":"closed","template":"","format":"standard","meta":{"featured_image_focal_point":[],"show_featured_caption":false,"ulux_newsletter_groups":"","uluxPostTitle":"","uluxPrePostTitle":"","_trash_the_other_posts":false,"_price":"","_stock":"","_tribe_ticket_header":"","_tribe_default_ticket_provider":"","_tribe_ticket_capacity":"0","_ticket_start_date":"","_ticket_end_date":"","_tribe_ticket_show_description":"","_tribe_ticket_show_not_going":false,"_tribe_ticket_use_global_stock":"","_tribe_ticket_global_stock_level":"","_global_stock_mode":"","_global_stock_cap":"","_tribe_rsvp_for_event":"","_tribe_ticket_going_count":"","_tribe_ticket_not_going_count":"","_tribe_tickets_list":"[]","_tribe_ticket_has_attendee_info_fields":false,"event_start_date":"2019-07-11 18:30:00","event_end_date":"2019-07-11 20:30:00","event_speaker_name":"","event_speaker_link":"","event_is_online":false,"event_location":"Chambre de Commerce du Luxembourg\r\nSalle de conf\u00e9rence et foyer \r\n","event_street":"7, Rue Alcide de Gasperi","event_location_link":"","event_zip_code":"L-2981","event_city":"Luxembourg Kirchberg","event_country":"LU"},"events-topic":[],"events-type":[],"organisation":[226],"authorship":[],"acf":[],"yoast_head":"<!-- This site is optimized with the Yoast SEO Premium plugin v22.3 (Yoast SEO v22.3) - https:\/\/yoast.com\/wordpress\/plugins\/seo\/ -->\n<title>Prix Rolf Tarrach 2019 - Universit\u00e9 du Luxembourg<\/title>\n<meta name=\"description\" content=\"Les Amis de l\u2019Universit\u00e9 du Luxembourg ont le plaisir de vous inviter \u00e0 la remise solennelle du\u00a0Prix Rolf Tarrach 2019\u00e0 la Chambre de Commerce du\" \/>\n<meta name=\"robots\" content=\"index, follow, max-snippet:-1, max-image-preview:large, max-video-preview:-1\" \/>\n<link rel=\"canonical\" href=\"https:\/\/www.uni.lu\/fr\/events\/prix-rolf-tarrach-2019\/\" \/>\n<meta property=\"og:locale\" content=\"fr_FR\" \/>\n<meta property=\"og:type\" content=\"article\" \/>\n<meta property=\"og:title\" content=\"Prix Rolf Tarrach 2019\" \/>\n<meta property=\"og:description\" content=\"Les Amis de l\u2019Universit\u00e9 du Luxembourg ont le plaisir de vous inviter \u00e0 la remise solennelle du\u00a0Prix Rolf Tarrach 2019\u00e0 la Chambre de Commerce du\" \/>\n<meta property=\"og:url\" content=\"https:\/\/www.uni.lu\/fr\/events\/prix-rolf-tarrach-2019\/\" \/>\n<meta property=\"og:site_name\" content=\"UNI FR\" \/>\n<meta property=\"article:publisher\" content=\"https:\/\/www.facebook.com\/uni.lu\" \/>\n<meta property=\"og:image\" content=\"https:\/\/www.uni.lu\/wp-content\/uploads\/sites\/11\/2026\/03\/03120045\/UNIV_SM-Profile_1600x1600px-scaled.jpg\" \/>\n\t<meta property=\"og:image:width\" content=\"2560\" \/>\n\t<meta property=\"og:image:height\" content=\"2560\" \/>\n\t<meta property=\"og:image:type\" content=\"image\/jpeg\" \/>\n<meta name=\"twitter:card\" content=\"summary_large_image\" \/>\n<meta name=\"twitter:label1\" content=\"Dur\u00e9e de lecture estim\u00e9e\" \/>\n\t<meta name=\"twitter:data1\" content=\"1 minute\" \/>\n<script type=\"application\/ld+json\" class=\"yoast-schema-graph\">{\"@context\":\"https:\/\/schema.org\",\"@graph\":[{\"@type\":\"WebPage\",\"@id\":\"https:\/\/www.uni.lu\/fr\/events\/prix-rolf-tarrach-2019\/\",\"url\":\"https:\/\/www.uni.lu\/fr\/events\/prix-rolf-tarrach-2019\/\",\"name\":\"Prix Rolf Tarrach 2019 - Universit\u00e9 du Luxembourg\",\"isPartOf\":{\"@id\":\"https:\/\/www.uni.lu\/fr\/#website\"},\"primaryImageOfPage\":{\"@id\":\"https:\/\/www.uni.lu\/fr\/events\/prix-rolf-tarrach-2019\/#primaryimage\"},\"image\":{\"@id\":\"https:\/\/www.uni.lu\/fr\/events\/prix-rolf-tarrach-2019\/#primaryimage\"},\"thumbnailUrl\":\"https:\/\/www.uni.lu\/wp-content\/uploads\/sites\/11\/2019\/06\/prix_rolf_tarrach_2019.jpg\",\"datePublished\":\"2019-06-25T08:21:03+00:00\",\"dateModified\":\"2019-06-25T08:21:03+00:00\",\"description\":\"Les Amis de l\u2019Universit\u00e9 du Luxembourg ont le plaisir de vous inviter \u00e0 la remise solennelle du\u00a0Prix Rolf Tarrach 2019\u00e0 la Chambre de Commerce du\",\"breadcrumb\":{\"@id\":\"https:\/\/www.uni.lu\/fr\/events\/prix-rolf-tarrach-2019\/#breadcrumb\"},\"inLanguage\":\"fr-FR\",\"potentialAction\":[{\"@type\":\"ReadAction\",\"target\":[\"https:\/\/www.uni.lu\/fr\/events\/prix-rolf-tarrach-2019\/\"]}]},{\"@type\":\"ImageObject\",\"inLanguage\":\"fr-FR\",\"@id\":\"https:\/\/www.uni.lu\/fr\/events\/prix-rolf-tarrach-2019\/#primaryimage\",\"url\":\"https:\/\/www.uni.lu\/wp-content\/uploads\/sites\/11\/2019\/06\/prix_rolf_tarrach_2019.jpg\",\"contentUrl\":\"https:\/\/www.uni.lu\/wp-content\/uploads\/sites\/11\/2019\/06\/prix_rolf_tarrach_2019.jpg\",\"width\":800,\"height\":600},{\"@type\":\"BreadcrumbList\",\"@id\":\"https:\/\/www.uni.lu\/fr\/events\/prix-rolf-tarrach-2019\/#breadcrumb\",\"itemListElement\":[{\"@type\":\"ListItem\",\"position\":1,\"name\":\"Home\",\"item\":\"https:\/\/www.uni.lu\/fr\/\"},{\"@type\":\"ListItem\",\"position\":2,\"name\":\"Events\",\"item\":\"https:\/\/www.uni.lu\/fr\/events\/\"},{\"@type\":\"ListItem\",\"position\":3,\"name\":\"Prix Rolf Tarrach 2019\"}]},{\"@type\":\"WebSite\",\"@id\":\"https:\/\/www.uni.lu\/fr\/#website\",\"url\":\"https:\/\/www.uni.lu\/fr\/\",\"name\":\"Uni.lu\",\"description\":\"Universit\u00e9 du Luxembourg\",\"publisher\":{\"@id\":\"https:\/\/www.uni.lu\/fr\/#organization\"},\"alternateName\":\"Universit\u00e9 du Luxembourg\",\"potentialAction\":[{\"@type\":\"SearchAction\",\"target\":{\"@type\":\"EntryPoint\",\"urlTemplate\":\"https:\/\/www.uni.lu\/fr\/?s={search_term_string}\"},\"query-input\":\"required name=search_term_string\"}],\"inLanguage\":\"fr-FR\"},{\"@type\":\"Organization\",\"@id\":\"https:\/\/www.uni.lu\/fr\/#organization\",\"name\":\"Universit\u00e9 du Luxembourg\",\"alternateName\":\"Uni.lu\",\"url\":\"https:\/\/www.uni.lu\/fr\/\",\"logo\":{\"@type\":\"ImageObject\",\"inLanguage\":\"fr-FR\",\"@id\":\"https:\/\/www.uni.lu\/fr\/#\/schema\/logo\/image\/\",\"url\":\"https:\/\/www.uni.lu\/wp-content\/uploads\/sites\/11\/2026\/03\/03120045\/UNIV_SM-Profile_1600x1600px-scaled.jpg\",\"contentUrl\":\"https:\/\/www.uni.lu\/wp-content\/uploads\/sites\/11\/2026\/03\/03120045\/UNIV_SM-Profile_1600x1600px-scaled.jpg\",\"width\":2560,\"height\":2560,\"caption\":\"Universit\u00e9 du Luxembourg\"},\"image\":\"https:\/\/www.uni.lu\/wp-content\/uploads\/sites\/11\/2026\/04\/24120552\/20200609-Belval-Campus_Henri-Goergen-23.jpg\",\"sameAs\":[\"https:\/\/www.facebook.com\/uni.lu\",\"https:\/\/www.linkedin.com\/school\/university-of-luxembourg\/\",\"https:\/\/www.instagram.com\/uni.lu\",\"https:\/\/www.youtube.com\/@uni_lu\",\"https:\/\/en.wikipedia.org\/wiki\/University_of_Luxembourg\"],\"email\":\"communication@uni.lu\",\"telephone\":\"+352 46 66 44 1\",\"address\":{\"@type\":\"PostalAddress\",\"streetAddress\":\"2, place de l\u2019Universit\u00e9\",\"addressLocality\":\"Esch-sur-Alzette\",\"postalCode\":\"4365\",\"addressCountry\":\"LU\"},\"description\":\"Universit\u00e9 du Luxembourg\"}]}<\/script>\n<!-- \/ Yoast SEO Premium plugin. -->","yoast_head_json":{"title":"Prix Rolf Tarrach 2019 - Universit\u00e9 du Luxembourg","description":"Les Amis de l\u2019Universit\u00e9 du Luxembourg ont le plaisir de vous inviter \u00e0 la remise solennelle du\u00a0Prix Rolf Tarrach 2019\u00e0 la Chambre de Commerce du","robots":{"index":"index","follow":"follow","max-snippet":"max-snippet:-1","max-image-preview":"max-image-preview:large","max-video-preview":"max-video-preview:-1"},"canonical":"https:\/\/www.uni.lu\/fr\/events\/prix-rolf-tarrach-2019\/","og_locale":"fr_FR","og_type":"article","og_title":"Prix Rolf Tarrach 2019","og_description":"Les Amis de l\u2019Universit\u00e9 du Luxembourg ont le plaisir de vous inviter \u00e0 la remise solennelle du\u00a0Prix Rolf Tarrach 2019\u00e0 la Chambre de Commerce du","og_url":"https:\/\/www.uni.lu\/fr\/events\/prix-rolf-tarrach-2019\/","og_site_name":"UNI FR","article_publisher":"https:\/\/www.facebook.com\/uni.lu","og_image":[{"width":2560,"height":2560,"url":"https:\/\/www.uni.lu\/wp-content\/uploads\/sites\/11\/2026\/03\/03120045\/UNIV_SM-Profile_1600x1600px-scaled.jpg","type":"image\/jpeg"}],"twitter_card":"summary_large_image","twitter_misc":{"Dur\u00e9e de lecture estim\u00e9e":"1 minute"},"schema":{"@context":"https:\/\/schema.org","@graph":[{"@type":"WebPage","@id":"https:\/\/www.uni.lu\/fr\/events\/prix-rolf-tarrach-2019\/","url":"https:\/\/www.uni.lu\/fr\/events\/prix-rolf-tarrach-2019\/","name":"Prix Rolf Tarrach 2019 - Universit\u00e9 du Luxembourg","isPartOf":{"@id":"https:\/\/www.uni.lu\/fr\/#website"},"primaryImageOfPage":{"@id":"https:\/\/www.uni.lu\/fr\/events\/prix-rolf-tarrach-2019\/#primaryimage"},"image":{"@id":"https:\/\/www.uni.lu\/fr\/events\/prix-rolf-tarrach-2019\/#primaryimage"},"thumbnailUrl":"https:\/\/www.uni.lu\/wp-content\/uploads\/sites\/11\/2019\/06\/prix_rolf_tarrach_2019.jpg","datePublished":"2019-06-25T08:21:03+00:00","dateModified":"2019-06-25T08:21:03+00:00","description":"Les Amis de l\u2019Universit\u00e9 du Luxembourg ont le plaisir de vous inviter \u00e0 la remise solennelle du\u00a0Prix Rolf Tarrach 2019\u00e0 la Chambre de Commerce du","breadcrumb":{"@id":"https:\/\/www.uni.lu\/fr\/events\/prix-rolf-tarrach-2019\/#breadcrumb"},"inLanguage":"fr-FR","potentialAction":[{"@type":"ReadAction","target":["https:\/\/www.uni.lu\/fr\/events\/prix-rolf-tarrach-2019\/"]}]},{"@type":"ImageObject","inLanguage":"fr-FR","@id":"https:\/\/www.uni.lu\/fr\/events\/prix-rolf-tarrach-2019\/#primaryimage","url":"https:\/\/www.uni.lu\/wp-content\/uploads\/sites\/11\/2019\/06\/prix_rolf_tarrach_2019.jpg","contentUrl":"https:\/\/www.uni.lu\/wp-content\/uploads\/sites\/11\/2019\/06\/prix_rolf_tarrach_2019.jpg","width":800,"height":600},{"@type":"BreadcrumbList","@id":"https:\/\/www.uni.lu\/fr\/events\/prix-rolf-tarrach-2019\/#breadcrumb","itemListElement":[{"@type":"ListItem","position":1,"name":"Home","item":"https:\/\/www.uni.lu\/fr\/"},{"@type":"ListItem","position":2,"name":"Events","item":"https:\/\/www.uni.lu\/fr\/events\/"},{"@type":"ListItem","position":3,"name":"Prix Rolf Tarrach 2019"}]},{"@type":"WebSite","@id":"https:\/\/www.uni.lu\/fr\/#website","url":"https:\/\/www.uni.lu\/fr\/","name":"Uni.lu","description":"Universit\u00e9 du Luxembourg","publisher":{"@id":"https:\/\/www.uni.lu\/fr\/#organization"},"alternateName":"Universit\u00e9 du Luxembourg","potentialAction":[{"@type":"SearchAction","target":{"@type":"EntryPoint","urlTemplate":"https:\/\/www.uni.lu\/fr\/?s={search_term_string}"},"query-input":"required name=search_term_string"}],"inLanguage":"fr-FR"},{"@type":"Organization","@id":"https:\/\/www.uni.lu\/fr\/#organization","name":"Universit\u00e9 du Luxembourg","alternateName":"Uni.lu","url":"https:\/\/www.uni.lu\/fr\/","logo":{"@type":"ImageObject","inLanguage":"fr-FR","@id":"https:\/\/www.uni.lu\/fr\/#\/schema\/logo\/image\/","url":"https:\/\/www.uni.lu\/wp-content\/uploads\/sites\/11\/2026\/03\/03120045\/UNIV_SM-Profile_1600x1600px-scaled.jpg","contentUrl":"https:\/\/www.uni.lu\/wp-content\/uploads\/sites\/11\/2026\/03\/03120045\/UNIV_SM-Profile_1600x1600px-scaled.jpg","width":2560,"height":2560,"caption":"Universit\u00e9 du Luxembourg"},"image":"https:\/\/www.uni.lu\/wp-content\/uploads\/sites\/11\/2026\/04\/24120552\/20200609-Belval-Campus_Henri-Goergen-23.jpg","sameAs":["https:\/\/www.facebook.com\/uni.lu","https:\/\/www.linkedin.com\/school\/university-of-luxembourg\/","https:\/\/www.instagram.com\/uni.lu","https:\/\/www.youtube.com\/@uni_lu","https:\/\/en.wikipedia.org\/wiki\/University_of_Luxembourg"],"email":"communication@uni.lu","telephone":"+352 46 66 44 1","address":{"@type":"PostalAddress","streetAddress":"2, place de l\u2019Universit\u00e9","addressLocality":"Esch-sur-Alzette","postalCode":"4365","addressCountry":"LU"},"description":"Universit\u00e9 du Luxembourg"}]}},"_links":{"self":[{"href":"https:\/\/www.uni.lu\/fr\/wp-json\/wp\/v2\/events\/7825"}],"collection":[{"href":"https:\/\/www.uni.lu\/fr\/wp-json\/wp\/v2\/events"}],"about":[{"href":"https:\/\/www.uni.lu\/fr\/wp-json\/wp\/v2\/types\/events"}],"replies":[{"embeddable":true,"href":"https:\/\/www.uni.lu\/fr\/wp-json\/wp\/v2\/comments?post=7825"}],"version-history":[{"count":0,"href":"https:\/\/www.uni.lu\/fr\/wp-json\/wp\/v2\/events\/7825\/revisions"}],"wp:featuredmedia":[{"embeddable":true,"href":"https:\/\/www.uni.lu\/fr\/wp-json\/wp\/v2\/media\/7826"}],"wp:attachment":[{"href":"https:\/\/www.uni.lu\/fr\/wp-json\/wp\/v2\/media?parent=7825"}],"wp:term":[{"taxonomy":"events-topic","embeddable":true,"href":"https:\/\/www.uni.lu\/fr\/wp-json\/wp\/v2\/events-topic?post=7825"},{"taxonomy":"events-type","embeddable":true,"href":"https:\/\/www.uni.lu\/fr\/wp-json\/wp\/v2\/events-type?post=7825"},{"taxonomy":"organisation","embeddable":true,"href":"https:\/\/www.uni.lu\/fr\/wp-json\/wp\/v2\/organisation?post=7825"}],"curies":[{"name":"wp","href":"https:\/\/api.w.org\/{rel}","templated":true}]}}