{"id":7714,"date":"2019-04-18T08:51:14","date_gmt":"2019-04-18T06:51:14","guid":{"rendered":"https:\/\/www.uni.lu\/fr\/events\/sociological-aspects-of-oral-history-in-the-digital-age\/"},"modified":"2019-04-18T08:51:14","modified_gmt":"2019-04-18T06:51:14","slug":"sociological-aspects-of-oral-history-in-the-digital-age","status":"publish","type":"events","link":"https:\/\/www.uni.lu\/fr\/events\/sociological-aspects-of-oral-history-in-the-digital-age\/","title":{"rendered":"Sociological Aspects of Oral History in the Digital Age"},"content":{"rendered":"<section class=\"wp-block-unilux-blocks-free-section section\"><div class=\"container xl:max-w-screen-xl\">\n<h3 class=\"has-text-align-left wp-block-unilux-blocks-heading\"        id=\"lecture-by-jakub-mlynar-malach-center-for-visual-history-charles-university-followed-by-a-workshop-on-sociological-aspects-of-oral-history\"\n    >\nLecture by Jakub Mlyn\u00e1\u0159 (Malach Center for Visual History, Charles University) followed by a workshop on sociological aspects of oral history.<\/h3>\n<p>The lecture Sociological Aspects of Oral History in the Digital Age is going to provide theoretical foundations for the follow-up workshop focused on one of the largest digital archives of oral history: the <a href=\"https:\/\/sfi.usc.edu\/\" target=\"_blank\" title=\"\" rel=\"noopener\">USC Shoah Foundation\u2019s Visual History Archive<\/a>. This digital database consists of more than 54,500 audio-visual recordings of oral history interviews. The majority of the interviews were collected between 1994 and 2000, mainly in the USA and Europe. Most of the interviews (nearly 50%) are in English, but more than 35 other languages are also represented in the Visual History Archive. Over 150 interviews from the Archive are related to Luxembourg.<\/p><p>During the workshop, combining theory and praxis, we will focus on secondary analysis of archival interviews, discussion of their role in contemporary society, as well as interpretive issues in secondary use of archived oral history. In the introductory lecture, we will consider oral history more generally as a social phenomenon, and archived oral history interviews as social semiotic objects.<\/p><p><\/p>\n<h3 class=\"has-text-align-left wp-block-unilux-blocks-heading\"        id=\"programme\"\n    >\nProgramme:<\/h3>\n<p>10.00\u00a0\u00a0\u00a0\u00a0<\/p><p><strong>Lecture by Jakub Mlyn\u00e1\u0159, Malach on &lsquo;The largest digital archives of oral history: the USC Shoah Foundation\u2019s Visual History Archive&rsquo;.<\/strong><\/p><p>This lecture is the kick-off for the new DTU lecture series organised by the <a href=\"https:\/\/www.c2dh.uni.lu\/projects\/doctoral-training-unit-digital-history-hermeneutics\" target=\"_blank\" title=\"\" rel=\"noopener\">&lsquo;Digital History &#038; Hermeneutics Doctoral Training Unit<\/a><\/p><p><a href=\"https:\/\/www.c2dh.uni.lu\/projects\/doctoral-training-unit-digital-history-hermeneutics\" target=\"_blank\" title=\"\" rel=\"noopener\">\u00a0<\/a><\/p><p>11.00<\/p><p><strong>Workshop<\/strong> \u2013 work with the USC Shoah foundation\u2019s database; Analysis and comparison<\/p><p>13.00<\/p><p>Lunch break<\/p><p>14.00<\/p><p>Oral history interview as a social situation and the semiotic object<\/p><p>15.30<\/p><p>Coffee break<\/p><p>16.00<\/p><p>Oral history interview and genocides (discussion)<\/p><p>16.45<\/p><p>Closing<\/p><\/div><\/section>","protected":false},"excerpt":{"rendered":"<p>Lecture by Jakub Mlyn\u00e1\u0159 (Malach Center for Visual History, Charles University) followed by a workshop on sociological aspects of oral history.<\/p>\n","protected":false},"author":0,"featured_media":7715,"parent":0,"menu_order":0,"comment_status":"open","ping_status":"closed","template":"","format":"standard","meta":{"featured_image_focal_point":[],"show_featured_caption":false,"ulux_newsletter_groups":"","uluxPostTitle":"","uluxPrePostTitle":"","_trash_the_other_posts":false,"_price":"","_stock":"","_tribe_ticket_header":"","_tribe_default_ticket_provider":"","_tribe_ticket_capacity":"0","_ticket_start_date":"","_ticket_end_date":"","_tribe_ticket_show_description":"","_tribe_ticket_show_not_going":false,"_tribe_ticket_use_global_stock":"","_tribe_ticket_global_stock_level":"","_global_stock_mode":"","_global_stock_cap":"","_tribe_rsvp_for_event":"","_tribe_ticket_going_count":"","_tribe_ticket_not_going_count":"","_tribe_tickets_list":"[]","_tribe_ticket_has_attendee_info_fields":false,"event_start_date":"2019-05-28 10:00:00","event_end_date":"2019-05-28 16:45:00","event_speaker_name":"Jakub Mlyn\u00e1\u0159, Malach Center for Visual History, Charles University","event_speaker_link":"","event_is_online":false,"event_location":"Luxembourg Centre for Contemporary and Digital History (C\u00b2DH)\r\nMaison des Sciences humaines, 4th floor","event_street":"11, Porte des Sciences","event_location_link":"","event_zip_code":"L-4366","event_city":"Esch-sur-Alzette","event_country":"LU"},"events-topic":[312],"events-type":[],"organisation":[221,226],"authorship":[],"acf":[],"yoast_head":"<!-- This site is optimized with the Yoast SEO Premium plugin v22.3 (Yoast SEO v22.3) - https:\/\/yoast.com\/wordpress\/plugins\/seo\/ -->\n<title>Sociological Aspects of Oral History in the Digital Age - Universit\u00e9 du Luxembourg<\/title>\n<meta name=\"description\" content=\"Lecture by Jakub Mlyn\u00e1\u0159 (Malach Center for Visual History, Charles University) followed by a workshop on sociological aspects of oral history.\" \/>\n<meta name=\"robots\" content=\"index, follow, max-snippet:-1, max-image-preview:large, max-video-preview:-1\" \/>\n<link rel=\"canonical\" href=\"https:\/\/www.uni.lu\/fr\/events\/sociological-aspects-of-oral-history-in-the-digital-age\/\" \/>\n<meta property=\"og:locale\" content=\"fr_FR\" \/>\n<meta property=\"og:type\" content=\"article\" \/>\n<meta property=\"og:title\" content=\"Sociological Aspects of Oral History in the Digital Age\" \/>\n<meta property=\"og:description\" content=\"Lecture by Jakub Mlyn\u00e1\u0159 (Malach Center for Visual History, Charles University) followed by a workshop on sociological aspects of oral history.\" \/>\n<meta property=\"og:url\" content=\"https:\/\/www.uni.lu\/fr\/events\/sociological-aspects-of-oral-history-in-the-digital-age\/\" \/>\n<meta property=\"og:site_name\" content=\"UNI FR\" \/>\n<meta property=\"article:publisher\" content=\"https:\/\/www.facebook.com\/uni.lu\" \/>\n<meta property=\"og:image\" content=\"https:\/\/www.uni.lu\/wp-content\/uploads\/sites\/11\/2026\/03\/03120045\/UNIV_SM-Profile_1600x1600px-scaled.jpg\" \/>\n\t<meta property=\"og:image:width\" content=\"2560\" \/>\n\t<meta property=\"og:image:height\" content=\"2560\" \/>\n\t<meta property=\"og:image:type\" content=\"image\/jpeg\" \/>\n<meta name=\"twitter:card\" content=\"summary_large_image\" \/>\n<meta name=\"twitter:label1\" content=\"Dur\u00e9e de lecture estim\u00e9e\" \/>\n\t<meta name=\"twitter:data1\" content=\"1 minute\" \/>\n<script type=\"application\/ld+json\" class=\"yoast-schema-graph\">{\"@context\":\"https:\/\/schema.org\",\"@graph\":[{\"@type\":\"WebPage\",\"@id\":\"https:\/\/www.uni.lu\/fr\/events\/sociological-aspects-of-oral-history-in-the-digital-age\/\",\"url\":\"https:\/\/www.uni.lu\/fr\/events\/sociological-aspects-of-oral-history-in-the-digital-age\/\",\"name\":\"Sociological Aspects of Oral History in the Digital Age - Universit\u00e9 du Luxembourg\",\"isPartOf\":{\"@id\":\"https:\/\/www.uni.lu\/fr\/#website\"},\"primaryImageOfPage\":{\"@id\":\"https:\/\/www.uni.lu\/fr\/events\/sociological-aspects-of-oral-history-in-the-digital-age\/#primaryimage\"},\"image\":{\"@id\":\"https:\/\/www.uni.lu\/fr\/events\/sociological-aspects-of-oral-history-in-the-digital-age\/#primaryimage\"},\"thumbnailUrl\":\"https:\/\/www.uni.lu\/wp-content\/uploads\/sites\/11\/2019\/04\/sociological_aspects_of_oral_history_in_the_digital_age.jpg\",\"datePublished\":\"2019-04-18T06:51:14+00:00\",\"dateModified\":\"2019-04-18T06:51:14+00:00\",\"description\":\"Lecture by Jakub Mlyn\u00e1\u0159 (Malach Center for Visual History, Charles University) followed by a workshop on sociological aspects of oral history.\",\"breadcrumb\":{\"@id\":\"https:\/\/www.uni.lu\/fr\/events\/sociological-aspects-of-oral-history-in-the-digital-age\/#breadcrumb\"},\"inLanguage\":\"fr-FR\",\"potentialAction\":[{\"@type\":\"ReadAction\",\"target\":[\"https:\/\/www.uni.lu\/fr\/events\/sociological-aspects-of-oral-history-in-the-digital-age\/\"]}]},{\"@type\":\"ImageObject\",\"inLanguage\":\"fr-FR\",\"@id\":\"https:\/\/www.uni.lu\/fr\/events\/sociological-aspects-of-oral-history-in-the-digital-age\/#primaryimage\",\"url\":\"https:\/\/www.uni.lu\/wp-content\/uploads\/sites\/11\/2019\/04\/sociological_aspects_of_oral_history_in_the_digital_age.jpg\",\"contentUrl\":\"https:\/\/www.uni.lu\/wp-content\/uploads\/sites\/11\/2019\/04\/sociological_aspects_of_oral_history_in_the_digital_age.jpg\",\"width\":800,\"height\":600},{\"@type\":\"BreadcrumbList\",\"@id\":\"https:\/\/www.uni.lu\/fr\/events\/sociological-aspects-of-oral-history-in-the-digital-age\/#breadcrumb\",\"itemListElement\":[{\"@type\":\"ListItem\",\"position\":1,\"name\":\"Home\",\"item\":\"https:\/\/www.uni.lu\/fr\/\"},{\"@type\":\"ListItem\",\"position\":2,\"name\":\"Events\",\"item\":\"https:\/\/www.uni.lu\/fr\/events\/\"},{\"@type\":\"ListItem\",\"position\":3,\"name\":\"Sociological Aspects of Oral History in the Digital Age\"}]},{\"@type\":\"WebSite\",\"@id\":\"https:\/\/www.uni.lu\/fr\/#website\",\"url\":\"https:\/\/www.uni.lu\/fr\/\",\"name\":\"Uni.lu\",\"description\":\"Universit\u00e9 du Luxembourg\",\"publisher\":{\"@id\":\"https:\/\/www.uni.lu\/fr\/#organization\"},\"alternateName\":\"Universit\u00e9 du Luxembourg\",\"potentialAction\":[{\"@type\":\"SearchAction\",\"target\":{\"@type\":\"EntryPoint\",\"urlTemplate\":\"https:\/\/www.uni.lu\/fr\/?s={search_term_string}\"},\"query-input\":\"required name=search_term_string\"}],\"inLanguage\":\"fr-FR\"},{\"@type\":\"Organization\",\"@id\":\"https:\/\/www.uni.lu\/fr\/#organization\",\"name\":\"Universit\u00e9 du Luxembourg\",\"alternateName\":\"Uni.lu\",\"url\":\"https:\/\/www.uni.lu\/fr\/\",\"logo\":{\"@type\":\"ImageObject\",\"inLanguage\":\"fr-FR\",\"@id\":\"https:\/\/www.uni.lu\/fr\/#\/schema\/logo\/image\/\",\"url\":\"https:\/\/www.uni.lu\/wp-content\/uploads\/sites\/11\/2026\/03\/03120045\/UNIV_SM-Profile_1600x1600px-scaled.jpg\",\"contentUrl\":\"https:\/\/www.uni.lu\/wp-content\/uploads\/sites\/11\/2026\/03\/03120045\/UNIV_SM-Profile_1600x1600px-scaled.jpg\",\"width\":2560,\"height\":2560,\"caption\":\"Universit\u00e9 du Luxembourg\"},\"image\":\"https:\/\/www.uni.lu\/wp-content\/uploads\/sites\/11\/2026\/04\/24120552\/20200609-Belval-Campus_Henri-Goergen-23.jpg\",\"sameAs\":[\"https:\/\/www.facebook.com\/uni.lu\",\"https:\/\/www.linkedin.com\/school\/university-of-luxembourg\/\",\"https:\/\/www.instagram.com\/uni.lu\",\"https:\/\/www.youtube.com\/@uni_lu\",\"https:\/\/en.wikipedia.org\/wiki\/University_of_Luxembourg\"],\"email\":\"communication@uni.lu\",\"telephone\":\"+352 46 66 44 1\",\"address\":{\"@type\":\"PostalAddress\",\"streetAddress\":\"2, place de l\u2019Universit\u00e9\",\"addressLocality\":\"Esch-sur-Alzette\",\"postalCode\":\"4365\",\"addressCountry\":\"LU\"},\"description\":\"Universit\u00e9 du Luxembourg\"}]}<\/script>\n<!-- \/ Yoast SEO Premium plugin. -->","yoast_head_json":{"title":"Sociological Aspects of Oral History in the Digital Age - Universit\u00e9 du Luxembourg","description":"Lecture by Jakub Mlyn\u00e1\u0159 (Malach Center for Visual History, Charles University) followed by a workshop on sociological aspects of oral history.","robots":{"index":"index","follow":"follow","max-snippet":"max-snippet:-1","max-image-preview":"max-image-preview:large","max-video-preview":"max-video-preview:-1"},"canonical":"https:\/\/www.uni.lu\/fr\/events\/sociological-aspects-of-oral-history-in-the-digital-age\/","og_locale":"fr_FR","og_type":"article","og_title":"Sociological Aspects of Oral History in the Digital Age","og_description":"Lecture by Jakub Mlyn\u00e1\u0159 (Malach Center for Visual History, Charles University) followed by a workshop on sociological aspects of oral history.","og_url":"https:\/\/www.uni.lu\/fr\/events\/sociological-aspects-of-oral-history-in-the-digital-age\/","og_site_name":"UNI FR","article_publisher":"https:\/\/www.facebook.com\/uni.lu","og_image":[{"width":2560,"height":2560,"url":"https:\/\/www.uni.lu\/wp-content\/uploads\/sites\/11\/2026\/03\/03120045\/UNIV_SM-Profile_1600x1600px-scaled.jpg","type":"image\/jpeg"}],"twitter_card":"summary_large_image","twitter_misc":{"Dur\u00e9e de lecture estim\u00e9e":"1 minute"},"schema":{"@context":"https:\/\/schema.org","@graph":[{"@type":"WebPage","@id":"https:\/\/www.uni.lu\/fr\/events\/sociological-aspects-of-oral-history-in-the-digital-age\/","url":"https:\/\/www.uni.lu\/fr\/events\/sociological-aspects-of-oral-history-in-the-digital-age\/","name":"Sociological Aspects of Oral History in the Digital Age - Universit\u00e9 du Luxembourg","isPartOf":{"@id":"https:\/\/www.uni.lu\/fr\/#website"},"primaryImageOfPage":{"@id":"https:\/\/www.uni.lu\/fr\/events\/sociological-aspects-of-oral-history-in-the-digital-age\/#primaryimage"},"image":{"@id":"https:\/\/www.uni.lu\/fr\/events\/sociological-aspects-of-oral-history-in-the-digital-age\/#primaryimage"},"thumbnailUrl":"https:\/\/www.uni.lu\/wp-content\/uploads\/sites\/11\/2019\/04\/sociological_aspects_of_oral_history_in_the_digital_age.jpg","datePublished":"2019-04-18T06:51:14+00:00","dateModified":"2019-04-18T06:51:14+00:00","description":"Lecture by Jakub Mlyn\u00e1\u0159 (Malach Center for Visual History, Charles University) followed by a workshop on sociological aspects of oral history.","breadcrumb":{"@id":"https:\/\/www.uni.lu\/fr\/events\/sociological-aspects-of-oral-history-in-the-digital-age\/#breadcrumb"},"inLanguage":"fr-FR","potentialAction":[{"@type":"ReadAction","target":["https:\/\/www.uni.lu\/fr\/events\/sociological-aspects-of-oral-history-in-the-digital-age\/"]}]},{"@type":"ImageObject","inLanguage":"fr-FR","@id":"https:\/\/www.uni.lu\/fr\/events\/sociological-aspects-of-oral-history-in-the-digital-age\/#primaryimage","url":"https:\/\/www.uni.lu\/wp-content\/uploads\/sites\/11\/2019\/04\/sociological_aspects_of_oral_history_in_the_digital_age.jpg","contentUrl":"https:\/\/www.uni.lu\/wp-content\/uploads\/sites\/11\/2019\/04\/sociological_aspects_of_oral_history_in_the_digital_age.jpg","width":800,"height":600},{"@type":"BreadcrumbList","@id":"https:\/\/www.uni.lu\/fr\/events\/sociological-aspects-of-oral-history-in-the-digital-age\/#breadcrumb","itemListElement":[{"@type":"ListItem","position":1,"name":"Home","item":"https:\/\/www.uni.lu\/fr\/"},{"@type":"ListItem","position":2,"name":"Events","item":"https:\/\/www.uni.lu\/fr\/events\/"},{"@type":"ListItem","position":3,"name":"Sociological Aspects of Oral History in the Digital Age"}]},{"@type":"WebSite","@id":"https:\/\/www.uni.lu\/fr\/#website","url":"https:\/\/www.uni.lu\/fr\/","name":"Uni.lu","description":"Universit\u00e9 du Luxembourg","publisher":{"@id":"https:\/\/www.uni.lu\/fr\/#organization"},"alternateName":"Universit\u00e9 du Luxembourg","potentialAction":[{"@type":"SearchAction","target":{"@type":"EntryPoint","urlTemplate":"https:\/\/www.uni.lu\/fr\/?s={search_term_string}"},"query-input":"required name=search_term_string"}],"inLanguage":"fr-FR"},{"@type":"Organization","@id":"https:\/\/www.uni.lu\/fr\/#organization","name":"Universit\u00e9 du Luxembourg","alternateName":"Uni.lu","url":"https:\/\/www.uni.lu\/fr\/","logo":{"@type":"ImageObject","inLanguage":"fr-FR","@id":"https:\/\/www.uni.lu\/fr\/#\/schema\/logo\/image\/","url":"https:\/\/www.uni.lu\/wp-content\/uploads\/sites\/11\/2026\/03\/03120045\/UNIV_SM-Profile_1600x1600px-scaled.jpg","contentUrl":"https:\/\/www.uni.lu\/wp-content\/uploads\/sites\/11\/2026\/03\/03120045\/UNIV_SM-Profile_1600x1600px-scaled.jpg","width":2560,"height":2560,"caption":"Universit\u00e9 du Luxembourg"},"image":"https:\/\/www.uni.lu\/wp-content\/uploads\/sites\/11\/2026\/04\/24120552\/20200609-Belval-Campus_Henri-Goergen-23.jpg","sameAs":["https:\/\/www.facebook.com\/uni.lu","https:\/\/www.linkedin.com\/school\/university-of-luxembourg\/","https:\/\/www.instagram.com\/uni.lu","https:\/\/www.youtube.com\/@uni_lu","https:\/\/en.wikipedia.org\/wiki\/University_of_Luxembourg"],"email":"communication@uni.lu","telephone":"+352 46 66 44 1","address":{"@type":"PostalAddress","streetAddress":"2, place de l\u2019Universit\u00e9","addressLocality":"Esch-sur-Alzette","postalCode":"4365","addressCountry":"LU"},"description":"Universit\u00e9 du Luxembourg"}]}},"_links":{"self":[{"href":"https:\/\/www.uni.lu\/fr\/wp-json\/wp\/v2\/events\/7714"}],"collection":[{"href":"https:\/\/www.uni.lu\/fr\/wp-json\/wp\/v2\/events"}],"about":[{"href":"https:\/\/www.uni.lu\/fr\/wp-json\/wp\/v2\/types\/events"}],"replies":[{"embeddable":true,"href":"https:\/\/www.uni.lu\/fr\/wp-json\/wp\/v2\/comments?post=7714"}],"version-history":[{"count":0,"href":"https:\/\/www.uni.lu\/fr\/wp-json\/wp\/v2\/events\/7714\/revisions"}],"wp:featuredmedia":[{"embeddable":true,"href":"https:\/\/www.uni.lu\/fr\/wp-json\/wp\/v2\/media\/7715"}],"wp:attachment":[{"href":"https:\/\/www.uni.lu\/fr\/wp-json\/wp\/v2\/media?parent=7714"}],"wp:term":[{"taxonomy":"events-topic","embeddable":true,"href":"https:\/\/www.uni.lu\/fr\/wp-json\/wp\/v2\/events-topic?post=7714"},{"taxonomy":"events-type","embeddable":true,"href":"https:\/\/www.uni.lu\/fr\/wp-json\/wp\/v2\/events-type?post=7714"},{"taxonomy":"organisation","embeddable":true,"href":"https:\/\/www.uni.lu\/fr\/wp-json\/wp\/v2\/organisation?post=7714"}],"curies":[{"name":"wp","href":"https:\/\/api.w.org\/{rel}","templated":true}]}}