{"id":7666,"date":"2019-03-28T08:54:57","date_gmt":"2019-03-28T07:54:57","guid":{"rendered":"https:\/\/www.uni.lu\/fr\/events\/expanding-historical-narratives-from-the-archive-to-the-multimedia-installation\/"},"modified":"2019-03-28T08:54:57","modified_gmt":"2019-03-28T07:54:57","slug":"expanding-historical-narratives-from-the-archive-to-the-multimedia-installation","status":"publish","type":"events","link":"https:\/\/www.uni.lu\/fr\/events\/expanding-historical-narratives-from-the-archive-to-the-multimedia-installation\/","title":{"rendered":"Expanding Historical Narratives: From the Archive to the Multimedia Installation"},"content":{"rendered":"<section class=\"wp-block-unilux-blocks-free-section section\"><div class=\"container xl:max-w-screen-xl\"><p><strong>This event is part of the &lsquo;\u00c9ISCHTE WELTKRICH Workshops and Lecture Series&rsquo;<\/strong><\/p><p>Suggestion, evocation and involvement have been distinctive traits of audiovisual storytelling since its inception. Images and sounds can help historical narration escape the fixed character of the written word, giving it an auditory and visual dimension that was its own, recalling its original fluidity. Blending audiovisual storytelling with the spatial and material dimensions, multimedia installations are particularly capable to engage the audience, convey contents, and open a dialogue on themes.<\/p><p>From March to December 2018, the exhibition \u00ab\u00a0<i>\u00catre d\u2019ailleurs en temps de guerre (14-18), \u00c9trangers \u00e0 Dudelange &#8211; Dudelangeois \u00e0 l&rsquo;\u00e9tranger<\/i>\u00ab\u00a0, resulting from a collaboration between the C\u00b2DH and the CDMH, explored the link between war and human migrations. The case of the migrant town of Dudelange during WW1 allowed to follow the different trajectories drawn by those who willingly left, were forced to flee or sought refuge within its borders.<\/p><p>An immersive, multisensory video installation by artists Chiara Ligi and Mauro Macella of the agency Tokonoma, with a soundscape by composer Tommaso Leddi, linked the thematic sections of the exhibition and the objects on display.<\/p><p>Multimedia artist Chiara Ligi will give an insight into the painstaking archival work and complex creative process behind the realisation of the installation, reflecting on the translation of historical sources into emotional audiovisual storytelling.<\/p>\n<h4 class=\"has-text-align-left wp-block-unilux-blocks-heading\"        id=\"about-chiara-ligi\"\n    >\nAbout Chiara Ligi<\/h4>\n<p>Videomaker, creative producer and multimedia designer, Chiara Ligi studied Cinema at the University of Bologna and Lisbon focusing on documentary and photography and experimenting in diverse fields, from video and theater to cultural festivals.<\/p><p>She was mentored in scriptwriting by Tonino Guerra (writer of Fellini, Antonioni, Tarkovski), and in 2007 she joined pioneering agency Studio Azzurro with whom she established a long and prolific collaboration, maturing a considerable experience in designing interactive works, video installations and multimedia exhibitions.<\/p><p>In 2012 she resumed her personal journey while continuing to be interested in social issues and intangible cultural heritage. Her recent experiences range from video to multimedia art, alternating personal projects and collaborations with other studios (Studio Azzurro, camerAnebbia, MammaFotogramma, Uovoquadrato, Film-Live Association).<\/p><p>In 2018, together with Mauro Macella she founded the agency Tokonoma.<\/p><p>Chiara Ligi is also lecturer in Visualization &#038; Prototyping at the prestigious Politecnico di Milano, where she additionally leads the Video Workshop of the Architectural Design Studio.<\/p><\/div><\/section>","protected":false},"excerpt":{"rendered":"<p>This event is part of the &lsquo;\u00c9ISCHTE WELTKRICH Workshops and Lecture Series&rsquo;<\/p>\n","protected":false},"author":0,"featured_media":7667,"parent":0,"menu_order":0,"comment_status":"open","ping_status":"closed","template":"","format":"standard","meta":{"featured_image_focal_point":[],"show_featured_caption":false,"ulux_newsletter_groups":"","uluxPostTitle":"","uluxPrePostTitle":"","_trash_the_other_posts":false,"_price":"","_stock":"","_tribe_ticket_header":"","_tribe_default_ticket_provider":"","_tribe_ticket_capacity":"0","_ticket_start_date":"","_ticket_end_date":"","_tribe_ticket_show_description":"","_tribe_ticket_show_not_going":false,"_tribe_ticket_use_global_stock":"","_tribe_ticket_global_stock_level":"","_global_stock_mode":"","_global_stock_cap":"","_tribe_rsvp_for_event":"","_tribe_ticket_going_count":"","_tribe_ticket_not_going_count":"","_tribe_tickets_list":"[]","_tribe_ticket_has_attendee_info_fields":false,"event_start_date":"2019-04-10 12:00:00","event_end_date":"2019-04-10 13:00:00","event_speaker_name":"Chiara Ligi","event_speaker_link":"","event_is_online":false,"event_location":"Maison du Savoir\r\nAuditorium 3.540","event_street":"2, Avenue de l'Universit\u00e9","event_location_link":"","event_zip_code":"L-4365","event_city":"Esch-sur-Alzette","event_country":"LU"},"events-topic":[312],"events-type":[],"organisation":[221,226],"authorship":[],"acf":[],"yoast_head":"<!-- This site is optimized with the Yoast SEO Premium plugin v22.3 (Yoast SEO v22.3) - https:\/\/yoast.com\/wordpress\/plugins\/seo\/ -->\n<title>Expanding Historical Narratives: From the Archive to the Multimedia Installation - Universit\u00e9 du Luxembourg<\/title>\n<meta name=\"description\" content=\"This event is part of the &#039;\u00c9ISCHTE WELTKRICH Workshops and Lecture Series&#039;\" \/>\n<meta name=\"robots\" content=\"index, follow, max-snippet:-1, max-image-preview:large, max-video-preview:-1\" \/>\n<link rel=\"canonical\" href=\"https:\/\/www.uni.lu\/fr\/events\/expanding-historical-narratives-from-the-archive-to-the-multimedia-installation\/\" \/>\n<meta property=\"og:locale\" content=\"fr_FR\" \/>\n<meta property=\"og:type\" content=\"article\" \/>\n<meta property=\"og:title\" content=\"Expanding Historical Narratives: From the Archive to the Multimedia Installation\" \/>\n<meta property=\"og:description\" content=\"This event is part of the &#039;\u00c9ISCHTE WELTKRICH Workshops and Lecture Series&#039;\" \/>\n<meta property=\"og:url\" content=\"https:\/\/www.uni.lu\/fr\/events\/expanding-historical-narratives-from-the-archive-to-the-multimedia-installation\/\" \/>\n<meta property=\"og:site_name\" content=\"UNI FR\" \/>\n<meta property=\"article:publisher\" content=\"https:\/\/www.facebook.com\/uni.lu\" \/>\n<meta property=\"og:image\" content=\"https:\/\/www.uni.lu\/wp-content\/uploads\/sites\/11\/2026\/03\/03120045\/UNIV_SM-Profile_1600x1600px-scaled.jpg\" \/>\n\t<meta property=\"og:image:width\" content=\"2560\" \/>\n\t<meta property=\"og:image:height\" content=\"2560\" \/>\n\t<meta property=\"og:image:type\" content=\"image\/jpeg\" \/>\n<meta name=\"twitter:card\" content=\"summary_large_image\" \/>\n<meta name=\"twitter:label1\" content=\"Dur\u00e9e de lecture estim\u00e9e\" \/>\n\t<meta name=\"twitter:data1\" content=\"2 minutes\" \/>\n<script type=\"application\/ld+json\" class=\"yoast-schema-graph\">{\"@context\":\"https:\/\/schema.org\",\"@graph\":[{\"@type\":\"WebPage\",\"@id\":\"https:\/\/www.uni.lu\/fr\/events\/expanding-historical-narratives-from-the-archive-to-the-multimedia-installation\/\",\"url\":\"https:\/\/www.uni.lu\/fr\/events\/expanding-historical-narratives-from-the-archive-to-the-multimedia-installation\/\",\"name\":\"Expanding Historical Narratives: From the Archive to the Multimedia Installation - Universit\u00e9 du Luxembourg\",\"isPartOf\":{\"@id\":\"https:\/\/www.uni.lu\/fr\/#website\"},\"primaryImageOfPage\":{\"@id\":\"https:\/\/www.uni.lu\/fr\/events\/expanding-historical-narratives-from-the-archive-to-the-multimedia-installation\/#primaryimage\"},\"image\":{\"@id\":\"https:\/\/www.uni.lu\/fr\/events\/expanding-historical-narratives-from-the-archive-to-the-multimedia-installation\/#primaryimage\"},\"thumbnailUrl\":\"https:\/\/www.uni.lu\/wp-content\/uploads\/sites\/11\/2019\/03\/expanding_historical_narratives_from_the_archive_to_the_multimedia_installation.jpg\",\"datePublished\":\"2019-03-28T07:54:57+00:00\",\"dateModified\":\"2019-03-28T07:54:57+00:00\",\"description\":\"This event is part of the '\u00c9ISCHTE WELTKRICH Workshops and Lecture Series'\",\"breadcrumb\":{\"@id\":\"https:\/\/www.uni.lu\/fr\/events\/expanding-historical-narratives-from-the-archive-to-the-multimedia-installation\/#breadcrumb\"},\"inLanguage\":\"fr-FR\",\"potentialAction\":[{\"@type\":\"ReadAction\",\"target\":[\"https:\/\/www.uni.lu\/fr\/events\/expanding-historical-narratives-from-the-archive-to-the-multimedia-installation\/\"]}]},{\"@type\":\"ImageObject\",\"inLanguage\":\"fr-FR\",\"@id\":\"https:\/\/www.uni.lu\/fr\/events\/expanding-historical-narratives-from-the-archive-to-the-multimedia-installation\/#primaryimage\",\"url\":\"https:\/\/www.uni.lu\/wp-content\/uploads\/sites\/11\/2019\/03\/expanding_historical_narratives_from_the_archive_to_the_multimedia_installation.jpg\",\"contentUrl\":\"https:\/\/www.uni.lu\/wp-content\/uploads\/sites\/11\/2019\/03\/expanding_historical_narratives_from_the_archive_to_the_multimedia_installation.jpg\",\"width\":800,\"height\":600},{\"@type\":\"BreadcrumbList\",\"@id\":\"https:\/\/www.uni.lu\/fr\/events\/expanding-historical-narratives-from-the-archive-to-the-multimedia-installation\/#breadcrumb\",\"itemListElement\":[{\"@type\":\"ListItem\",\"position\":1,\"name\":\"Home\",\"item\":\"https:\/\/www.uni.lu\/fr\/\"},{\"@type\":\"ListItem\",\"position\":2,\"name\":\"Events\",\"item\":\"https:\/\/www.uni.lu\/fr\/events\/\"},{\"@type\":\"ListItem\",\"position\":3,\"name\":\"Expanding Historical Narratives: From the Archive to the Multimedia Installation\"}]},{\"@type\":\"WebSite\",\"@id\":\"https:\/\/www.uni.lu\/fr\/#website\",\"url\":\"https:\/\/www.uni.lu\/fr\/\",\"name\":\"Uni.lu\",\"description\":\"Universit\u00e9 du Luxembourg\",\"publisher\":{\"@id\":\"https:\/\/www.uni.lu\/fr\/#organization\"},\"alternateName\":\"Universit\u00e9 du Luxembourg\",\"potentialAction\":[{\"@type\":\"SearchAction\",\"target\":{\"@type\":\"EntryPoint\",\"urlTemplate\":\"https:\/\/www.uni.lu\/fr\/?s={search_term_string}\"},\"query-input\":\"required name=search_term_string\"}],\"inLanguage\":\"fr-FR\"},{\"@type\":\"Organization\",\"@id\":\"https:\/\/www.uni.lu\/fr\/#organization\",\"name\":\"Universit\u00e9 du Luxembourg\",\"alternateName\":\"Uni.lu\",\"url\":\"https:\/\/www.uni.lu\/fr\/\",\"logo\":{\"@type\":\"ImageObject\",\"inLanguage\":\"fr-FR\",\"@id\":\"https:\/\/www.uni.lu\/fr\/#\/schema\/logo\/image\/\",\"url\":\"https:\/\/www.uni.lu\/wp-content\/uploads\/sites\/11\/2026\/03\/03120045\/UNIV_SM-Profile_1600x1600px-scaled.jpg\",\"contentUrl\":\"https:\/\/www.uni.lu\/wp-content\/uploads\/sites\/11\/2026\/03\/03120045\/UNIV_SM-Profile_1600x1600px-scaled.jpg\",\"width\":2560,\"height\":2560,\"caption\":\"Universit\u00e9 du Luxembourg\"},\"image\":\"https:\/\/www.uni.lu\/wp-content\/uploads\/sites\/11\/2026\/04\/24120552\/20200609-Belval-Campus_Henri-Goergen-23.jpg\",\"sameAs\":[\"https:\/\/www.facebook.com\/uni.lu\",\"https:\/\/www.linkedin.com\/school\/university-of-luxembourg\/\",\"https:\/\/www.instagram.com\/uni.lu\",\"https:\/\/www.youtube.com\/@uni_lu\",\"https:\/\/en.wikipedia.org\/wiki\/University_of_Luxembourg\"],\"email\":\"communication@uni.lu\",\"telephone\":\"+352 46 66 44 1\",\"address\":{\"@type\":\"PostalAddress\",\"streetAddress\":\"2, place de l\u2019Universit\u00e9\",\"addressLocality\":\"Esch-sur-Alzette\",\"postalCode\":\"4365\",\"addressCountry\":\"LU\"},\"description\":\"Universit\u00e9 du Luxembourg\"}]}<\/script>\n<!-- \/ Yoast SEO Premium plugin. -->","yoast_head_json":{"title":"Expanding Historical Narratives: From the Archive to the Multimedia Installation - Universit\u00e9 du Luxembourg","description":"This event is part of the '\u00c9ISCHTE WELTKRICH Workshops and Lecture Series'","robots":{"index":"index","follow":"follow","max-snippet":"max-snippet:-1","max-image-preview":"max-image-preview:large","max-video-preview":"max-video-preview:-1"},"canonical":"https:\/\/www.uni.lu\/fr\/events\/expanding-historical-narratives-from-the-archive-to-the-multimedia-installation\/","og_locale":"fr_FR","og_type":"article","og_title":"Expanding Historical Narratives: From the Archive to the Multimedia Installation","og_description":"This event is part of the '\u00c9ISCHTE WELTKRICH Workshops and Lecture Series'","og_url":"https:\/\/www.uni.lu\/fr\/events\/expanding-historical-narratives-from-the-archive-to-the-multimedia-installation\/","og_site_name":"UNI FR","article_publisher":"https:\/\/www.facebook.com\/uni.lu","og_image":[{"width":2560,"height":2560,"url":"https:\/\/www.uni.lu\/wp-content\/uploads\/sites\/11\/2026\/03\/03120045\/UNIV_SM-Profile_1600x1600px-scaled.jpg","type":"image\/jpeg"}],"twitter_card":"summary_large_image","twitter_misc":{"Dur\u00e9e de lecture estim\u00e9e":"2 minutes"},"schema":{"@context":"https:\/\/schema.org","@graph":[{"@type":"WebPage","@id":"https:\/\/www.uni.lu\/fr\/events\/expanding-historical-narratives-from-the-archive-to-the-multimedia-installation\/","url":"https:\/\/www.uni.lu\/fr\/events\/expanding-historical-narratives-from-the-archive-to-the-multimedia-installation\/","name":"Expanding Historical Narratives: From the Archive to the Multimedia Installation - Universit\u00e9 du Luxembourg","isPartOf":{"@id":"https:\/\/www.uni.lu\/fr\/#website"},"primaryImageOfPage":{"@id":"https:\/\/www.uni.lu\/fr\/events\/expanding-historical-narratives-from-the-archive-to-the-multimedia-installation\/#primaryimage"},"image":{"@id":"https:\/\/www.uni.lu\/fr\/events\/expanding-historical-narratives-from-the-archive-to-the-multimedia-installation\/#primaryimage"},"thumbnailUrl":"https:\/\/www.uni.lu\/wp-content\/uploads\/sites\/11\/2019\/03\/expanding_historical_narratives_from_the_archive_to_the_multimedia_installation.jpg","datePublished":"2019-03-28T07:54:57+00:00","dateModified":"2019-03-28T07:54:57+00:00","description":"This event is part of the '\u00c9ISCHTE WELTKRICH Workshops and Lecture Series'","breadcrumb":{"@id":"https:\/\/www.uni.lu\/fr\/events\/expanding-historical-narratives-from-the-archive-to-the-multimedia-installation\/#breadcrumb"},"inLanguage":"fr-FR","potentialAction":[{"@type":"ReadAction","target":["https:\/\/www.uni.lu\/fr\/events\/expanding-historical-narratives-from-the-archive-to-the-multimedia-installation\/"]}]},{"@type":"ImageObject","inLanguage":"fr-FR","@id":"https:\/\/www.uni.lu\/fr\/events\/expanding-historical-narratives-from-the-archive-to-the-multimedia-installation\/#primaryimage","url":"https:\/\/www.uni.lu\/wp-content\/uploads\/sites\/11\/2019\/03\/expanding_historical_narratives_from_the_archive_to_the_multimedia_installation.jpg","contentUrl":"https:\/\/www.uni.lu\/wp-content\/uploads\/sites\/11\/2019\/03\/expanding_historical_narratives_from_the_archive_to_the_multimedia_installation.jpg","width":800,"height":600},{"@type":"BreadcrumbList","@id":"https:\/\/www.uni.lu\/fr\/events\/expanding-historical-narratives-from-the-archive-to-the-multimedia-installation\/#breadcrumb","itemListElement":[{"@type":"ListItem","position":1,"name":"Home","item":"https:\/\/www.uni.lu\/fr\/"},{"@type":"ListItem","position":2,"name":"Events","item":"https:\/\/www.uni.lu\/fr\/events\/"},{"@type":"ListItem","position":3,"name":"Expanding Historical Narratives: From the Archive to the Multimedia Installation"}]},{"@type":"WebSite","@id":"https:\/\/www.uni.lu\/fr\/#website","url":"https:\/\/www.uni.lu\/fr\/","name":"Uni.lu","description":"Universit\u00e9 du Luxembourg","publisher":{"@id":"https:\/\/www.uni.lu\/fr\/#organization"},"alternateName":"Universit\u00e9 du Luxembourg","potentialAction":[{"@type":"SearchAction","target":{"@type":"EntryPoint","urlTemplate":"https:\/\/www.uni.lu\/fr\/?s={search_term_string}"},"query-input":"required name=search_term_string"}],"inLanguage":"fr-FR"},{"@type":"Organization","@id":"https:\/\/www.uni.lu\/fr\/#organization","name":"Universit\u00e9 du Luxembourg","alternateName":"Uni.lu","url":"https:\/\/www.uni.lu\/fr\/","logo":{"@type":"ImageObject","inLanguage":"fr-FR","@id":"https:\/\/www.uni.lu\/fr\/#\/schema\/logo\/image\/","url":"https:\/\/www.uni.lu\/wp-content\/uploads\/sites\/11\/2026\/03\/03120045\/UNIV_SM-Profile_1600x1600px-scaled.jpg","contentUrl":"https:\/\/www.uni.lu\/wp-content\/uploads\/sites\/11\/2026\/03\/03120045\/UNIV_SM-Profile_1600x1600px-scaled.jpg","width":2560,"height":2560,"caption":"Universit\u00e9 du Luxembourg"},"image":"https:\/\/www.uni.lu\/wp-content\/uploads\/sites\/11\/2026\/04\/24120552\/20200609-Belval-Campus_Henri-Goergen-23.jpg","sameAs":["https:\/\/www.facebook.com\/uni.lu","https:\/\/www.linkedin.com\/school\/university-of-luxembourg\/","https:\/\/www.instagram.com\/uni.lu","https:\/\/www.youtube.com\/@uni_lu","https:\/\/en.wikipedia.org\/wiki\/University_of_Luxembourg"],"email":"communication@uni.lu","telephone":"+352 46 66 44 1","address":{"@type":"PostalAddress","streetAddress":"2, place de l\u2019Universit\u00e9","addressLocality":"Esch-sur-Alzette","postalCode":"4365","addressCountry":"LU"},"description":"Universit\u00e9 du Luxembourg"}]}},"_links":{"self":[{"href":"https:\/\/www.uni.lu\/fr\/wp-json\/wp\/v2\/events\/7666"}],"collection":[{"href":"https:\/\/www.uni.lu\/fr\/wp-json\/wp\/v2\/events"}],"about":[{"href":"https:\/\/www.uni.lu\/fr\/wp-json\/wp\/v2\/types\/events"}],"replies":[{"embeddable":true,"href":"https:\/\/www.uni.lu\/fr\/wp-json\/wp\/v2\/comments?post=7666"}],"version-history":[{"count":0,"href":"https:\/\/www.uni.lu\/fr\/wp-json\/wp\/v2\/events\/7666\/revisions"}],"wp:featuredmedia":[{"embeddable":true,"href":"https:\/\/www.uni.lu\/fr\/wp-json\/wp\/v2\/media\/7667"}],"wp:attachment":[{"href":"https:\/\/www.uni.lu\/fr\/wp-json\/wp\/v2\/media?parent=7666"}],"wp:term":[{"taxonomy":"events-topic","embeddable":true,"href":"https:\/\/www.uni.lu\/fr\/wp-json\/wp\/v2\/events-topic?post=7666"},{"taxonomy":"events-type","embeddable":true,"href":"https:\/\/www.uni.lu\/fr\/wp-json\/wp\/v2\/events-type?post=7666"},{"taxonomy":"organisation","embeddable":true,"href":"https:\/\/www.uni.lu\/fr\/wp-json\/wp\/v2\/organisation?post=7666"}],"curies":[{"name":"wp","href":"https:\/\/api.w.org\/{rel}","templated":true}]}}