{"id":7628,"date":"2019-03-14T15:50:49","date_gmt":"2019-03-14T14:50:49","guid":{"rendered":"https:\/\/www.uni.lu\/fr\/events\/la-communication-interprofessionnelle-a-lhopital-letude-dechanges-non-planifies\/"},"modified":"2019-03-14T15:50:49","modified_gmt":"2019-03-14T14:50:49","slug":"la-communication-interprofessionnelle-a-lhopital-letude-dechanges-non-planifies","status":"publish","type":"events","link":"https:\/\/www.uni.lu\/fr\/events\/la-communication-interprofessionnelle-a-lhopital-letude-dechanges-non-planifies\/","title":{"rendered":"La communication interprofessionnelle \u00e0 l\u2019h\u00f4pital : L\u2019\u00e9tude d\u2019\u00e9changes non planifi\u00e9s"},"content":{"rendered":"<section class=\"wp-block-unilux-blocks-free-section section\"><div class=\"container xl:max-w-screen-xl\"><p>L&rsquo;analyse conversationnelle d&rsquo;interactions en milieu m\u00e9dical s&rsquo;est concentr\u00e9e sur des \u00e9changes planifi\u00e9s et statiques, d&rsquo;une certaine longueur, entre des professionnels et leurs clients; typiquement, la consultation m\u00e9decinpatient. Le travail hospitalier requiert pourtant nombre d&rsquo;\u00e9changes contingents, rapides, en situation de mobilit\u00e9, entre un grand nombre de professionnels de la sant\u00e9. Cette conf\u00e9rence pr\u00e9sente les principaux r\u00e9sultats de deux \u00e9tudes sur la communication interprofessionnelle \u00e0 l&rsquo;h\u00f4pital. La premi\u00e8re porte sur des conversations face-\u00e0-face dans les couloirs d&rsquo;un service d&rsquo;urgences. La deuxi\u00e8me examine des conversations t\u00e9l\u00e9phoniques entre des infirmi\u00e8res en chirurgie et d&rsquo;autres membres du personnel. Ces \u00e9tudes mettent en \u00e9vidence les caract\u00e9ristiques interactionnelles de ces \u00e9changes distribu\u00e9s dans l&rsquo;espace et leur importance pour le fonctionnement d&rsquo;\u00e9quipes travaillant en flux tendu, sous la pression du temps.\u00a0<\/p><p><strong>Esther Gonz\u00e1lez-Mart\u00ednez<\/strong> est professeure en sociologie \u00e0 l\u2019Universit\u00e9 de Fribourg. Elle est sp\u00e9cialis\u00e9e dans l&rsquo;analyse d&rsquo;interactions et pratiques sociales en milieux institutionnels. Au niveau m\u00e9thodologique, ses recherches s&rsquo;appuient sur des d\u00e9marches ethnographiques et des enregistrements audio\/vid\u00e9o de situations naturelles d&rsquo;action. Elle favorise des approches interactionnistes, ethnom\u00e9thodologiques ainsi que l&rsquo;analyse multimodale et de conversation. Ces derni\u00e8res ann\u00e9es, elle a \u00e9tudi\u00e9 des pratiques de travail en milieu hospitalier dont la communication t\u00e9l\u00e9phonique et les \u00e9changes en situation de mobilit\u00e9 des membres du personnel.<\/p><\/div><\/section>","protected":false},"excerpt":{"rendered":"<p>L&rsquo;analyse conversationnelle d&rsquo;interactions en milieu m\u00e9dical s&rsquo;est concentr\u00e9e sur des \u00e9changes planifi\u00e9s et statiques, d&rsquo;une certaine longueur, entre des professionnels et leurs clients; typiquement, la consultation m\u00e9decinpatient. Le travail hospitalier requiert pourtant nombre d&rsquo;\u00e9changes contingents, rapides, en situation de mobilit\u00e9, entre un grand nombre de professionnels de la sant\u00e9. Cette conf\u00e9rence pr\u00e9sente les principaux r\u00e9sultats de deux \u00e9tudes sur la communication interprofessionnelle \u00e0 l&rsquo;h\u00f4pital. La premi\u00e8re porte sur des conversations face-\u00e0-face dans les couloirs d&rsquo;un service d&rsquo;urgences. La deuxi\u00e8me examine des conversations t\u00e9l\u00e9phoniques entre des infirmi\u00e8res en chirurgie et d&rsquo;autres membres du personnel. Ces \u00e9tudes mettent en \u00e9vidence les caract\u00e9ristiques interactionnelles de ces \u00e9changes distribu\u00e9s dans l&rsquo;espace et leur importance pour le fonctionnement d&rsquo;\u00e9quipes travaillant en flux tendu, sous la pression du temps.\u00a0<\/p>\n","protected":false},"author":0,"featured_media":7629,"parent":0,"menu_order":0,"comment_status":"open","ping_status":"closed","template":"","format":"standard","meta":{"featured_image_focal_point":[],"show_featured_caption":false,"ulux_newsletter_groups":"","uluxPostTitle":"","uluxPrePostTitle":"","_trash_the_other_posts":false,"_price":"","_stock":"","_tribe_ticket_header":"","_tribe_default_ticket_provider":"","_tribe_ticket_capacity":"0","_ticket_start_date":"","_ticket_end_date":"","_tribe_ticket_show_description":"","_tribe_ticket_show_not_going":false,"_tribe_ticket_use_global_stock":"","_tribe_ticket_global_stock_level":"","_global_stock_mode":"","_global_stock_cap":"","_tribe_rsvp_for_event":"","_tribe_ticket_going_count":"","_tribe_ticket_not_going_count":"","_tribe_tickets_list":"[]","_tribe_ticket_has_attendee_info_fields":false,"event_start_date":"2019-03-20 16:00:00","event_end_date":"2019-03-20 17:30:00","event_speaker_name":"Prof. Dr. Esther Gonz\u00e1lez-Mart\u00ednez \u2013 Universit\u00e9 de Fribourg (Suisse)","event_speaker_link":"","event_is_online":false,"event_location":"Campus de Belval, Maison des Sciences Humaines, Black Box","event_street":"11, Porte des Sciences ","event_location_link":"","event_zip_code":"L-4366 ","event_city":"Esch-sur-Alzette ","event_country":"LU"},"events-topic":[],"events-type":[],"organisation":[147,226],"authorship":[],"acf":[],"yoast_head":"<!-- This site is optimized with the Yoast SEO Premium plugin v22.3 (Yoast SEO v22.3) - https:\/\/yoast.com\/wordpress\/plugins\/seo\/ -->\n<title>La communication interprofessionnelle \u00e0 l\u2019h\u00f4pital : L\u2019\u00e9tude d\u2019\u00e9changes non planifi\u00e9s - Universit\u00e9 du Luxembourg<\/title>\n<meta name=\"description\" content=\"L&#039;analyse conversationnelle d&#039;interactions en milieu m\u00e9dical s&#039;est concentr\u00e9e sur des \u00e9changes planifi\u00e9s et statiques, d&#039;une certaine longueur, entre des professionnels et leurs clients; typiquement, la consultation m\u00e9decinpatient. Le travail hospitalier requiert pourtant nombre d&#039;\u00e9changes contingents, rapides, en situation de mobilit\u00e9, entre un grand nombre de professionnels de la sant\u00e9. Cette conf\u00e9rence pr\u00e9sente les principaux r\u00e9sultats de deux \u00e9tudes sur la communication interprofessionnelle \u00e0 l&#039;h\u00f4pital. La premi\u00e8re porte sur des conversations face-\u00e0-face dans les couloirs d&#039;un service d&#039;urgences. La deuxi\u00e8me examine des conversations t\u00e9l\u00e9phoniques entre des infirmi\u00e8res en chirurgie et d&#039;autres membres du personnel. Ces \u00e9tudes mettent en \u00e9vidence les caract\u00e9ristiques interactionnelles de ces \u00e9changes distribu\u00e9s dans l&#039;espace et leur importance pour le fonctionnement d&#039;\u00e9quipes travaillant en flux tendu, sous la pression du temps.\u00a0\" \/>\n<meta name=\"robots\" content=\"index, follow, max-snippet:-1, max-image-preview:large, max-video-preview:-1\" \/>\n<link rel=\"canonical\" href=\"https:\/\/www.uni.lu\/fr\/events\/la-communication-interprofessionnelle-a-lhopital-letude-dechanges-non-planifies\/\" \/>\n<meta property=\"og:locale\" content=\"fr_FR\" \/>\n<meta property=\"og:type\" content=\"article\" \/>\n<meta property=\"og:title\" content=\"La communication interprofessionnelle \u00e0 l\u2019h\u00f4pital : L\u2019\u00e9tude d\u2019\u00e9changes non planifi\u00e9s\" \/>\n<meta property=\"og:description\" content=\"L&#039;analyse conversationnelle d&#039;interactions en milieu m\u00e9dical s&#039;est concentr\u00e9e sur des \u00e9changes planifi\u00e9s et statiques, d&#039;une certaine longueur, entre des professionnels et leurs clients; typiquement, la consultation m\u00e9decinpatient. Le travail hospitalier requiert pourtant nombre d&#039;\u00e9changes contingents, rapides, en situation de mobilit\u00e9, entre un grand nombre de professionnels de la sant\u00e9. Cette conf\u00e9rence pr\u00e9sente les principaux r\u00e9sultats de deux \u00e9tudes sur la communication interprofessionnelle \u00e0 l&#039;h\u00f4pital. La premi\u00e8re porte sur des conversations face-\u00e0-face dans les couloirs d&#039;un service d&#039;urgences. La deuxi\u00e8me examine des conversations t\u00e9l\u00e9phoniques entre des infirmi\u00e8res en chirurgie et d&#039;autres membres du personnel. Ces \u00e9tudes mettent en \u00e9vidence les caract\u00e9ristiques interactionnelles de ces \u00e9changes distribu\u00e9s dans l&#039;espace et leur importance pour le fonctionnement d&#039;\u00e9quipes travaillant en flux tendu, sous la pression du temps.\u00a0\" \/>\n<meta property=\"og:url\" content=\"https:\/\/www.uni.lu\/fr\/events\/la-communication-interprofessionnelle-a-lhopital-letude-dechanges-non-planifies\/\" \/>\n<meta property=\"og:site_name\" content=\"UNI FR\" \/>\n<meta property=\"article:publisher\" content=\"https:\/\/www.facebook.com\/uni.lu\" \/>\n<meta property=\"og:image\" content=\"https:\/\/www.uni.lu\/wp-content\/uploads\/sites\/11\/2026\/03\/03120045\/UNIV_SM-Profile_1600x1600px-scaled.jpg\" \/>\n\t<meta property=\"og:image:width\" content=\"2560\" \/>\n\t<meta property=\"og:image:height\" content=\"2560\" \/>\n\t<meta property=\"og:image:type\" content=\"image\/jpeg\" \/>\n<meta name=\"twitter:card\" content=\"summary_large_image\" \/>\n<meta name=\"twitter:label1\" content=\"Dur\u00e9e de lecture estim\u00e9e\" \/>\n\t<meta name=\"twitter:data1\" content=\"1 minute\" \/>\n<script type=\"application\/ld+json\" class=\"yoast-schema-graph\">{\"@context\":\"https:\/\/schema.org\",\"@graph\":[{\"@type\":\"WebPage\",\"@id\":\"https:\/\/www.uni.lu\/fr\/events\/la-communication-interprofessionnelle-a-lhopital-letude-dechanges-non-planifies\/\",\"url\":\"https:\/\/www.uni.lu\/fr\/events\/la-communication-interprofessionnelle-a-lhopital-letude-dechanges-non-planifies\/\",\"name\":\"La communication interprofessionnelle \u00e0 l\u2019h\u00f4pital : L\u2019\u00e9tude d\u2019\u00e9changes non planifi\u00e9s - Universit\u00e9 du Luxembourg\",\"isPartOf\":{\"@id\":\"https:\/\/www.uni.lu\/fr\/#website\"},\"primaryImageOfPage\":{\"@id\":\"https:\/\/www.uni.lu\/fr\/events\/la-communication-interprofessionnelle-a-lhopital-letude-dechanges-non-planifies\/#primaryimage\"},\"image\":{\"@id\":\"https:\/\/www.uni.lu\/fr\/events\/la-communication-interprofessionnelle-a-lhopital-letude-dechanges-non-planifies\/#primaryimage\"},\"thumbnailUrl\":\"https:\/\/www.uni.lu\/wp-content\/uploads\/sites\/11\/2019\/03\/default-5.jpg\",\"datePublished\":\"2019-03-14T14:50:49+00:00\",\"dateModified\":\"2019-03-14T14:50:49+00:00\",\"description\":\"L'analyse conversationnelle d'interactions en milieu m\u00e9dical s'est concentr\u00e9e sur des \u00e9changes planifi\u00e9s et statiques, d'une certaine longueur, entre des professionnels et leurs clients; typiquement, la consultation m\u00e9decinpatient. Le travail hospitalier requiert pourtant nombre d'\u00e9changes contingents, rapides, en situation de mobilit\u00e9, entre un grand nombre de professionnels de la sant\u00e9. Cette conf\u00e9rence pr\u00e9sente les principaux r\u00e9sultats de deux \u00e9tudes sur la communication interprofessionnelle \u00e0 l'h\u00f4pital. La premi\u00e8re porte sur des conversations face-\u00e0-face dans les couloirs d'un service d'urgences. La deuxi\u00e8me examine des conversations t\u00e9l\u00e9phoniques entre des infirmi\u00e8res en chirurgie et d'autres membres du personnel. Ces \u00e9tudes mettent en \u00e9vidence les caract\u00e9ristiques interactionnelles de ces \u00e9changes distribu\u00e9s dans l'espace et leur importance pour le fonctionnement d'\u00e9quipes travaillant en flux tendu, sous la pression du temps.\u00a0\",\"breadcrumb\":{\"@id\":\"https:\/\/www.uni.lu\/fr\/events\/la-communication-interprofessionnelle-a-lhopital-letude-dechanges-non-planifies\/#breadcrumb\"},\"inLanguage\":\"fr-FR\",\"potentialAction\":[{\"@type\":\"ReadAction\",\"target\":[\"https:\/\/www.uni.lu\/fr\/events\/la-communication-interprofessionnelle-a-lhopital-letude-dechanges-non-planifies\/\"]}]},{\"@type\":\"ImageObject\",\"inLanguage\":\"fr-FR\",\"@id\":\"https:\/\/www.uni.lu\/fr\/events\/la-communication-interprofessionnelle-a-lhopital-letude-dechanges-non-planifies\/#primaryimage\",\"url\":\"https:\/\/www.uni.lu\/wp-content\/uploads\/sites\/11\/2019\/03\/default-5.jpg\",\"contentUrl\":\"https:\/\/www.uni.lu\/wp-content\/uploads\/sites\/11\/2019\/03\/default-5.jpg\",\"width\":1500,\"height\":1125},{\"@type\":\"BreadcrumbList\",\"@id\":\"https:\/\/www.uni.lu\/fr\/events\/la-communication-interprofessionnelle-a-lhopital-letude-dechanges-non-planifies\/#breadcrumb\",\"itemListElement\":[{\"@type\":\"ListItem\",\"position\":1,\"name\":\"Home\",\"item\":\"https:\/\/www.uni.lu\/fr\/\"},{\"@type\":\"ListItem\",\"position\":2,\"name\":\"Events\",\"item\":\"https:\/\/www.uni.lu\/fr\/events\/\"},{\"@type\":\"ListItem\",\"position\":3,\"name\":\"La communication interprofessionnelle \u00e0 l\u2019h\u00f4pital : L\u2019\u00e9tude d\u2019\u00e9changes non planifi\u00e9s\"}]},{\"@type\":\"WebSite\",\"@id\":\"https:\/\/www.uni.lu\/fr\/#website\",\"url\":\"https:\/\/www.uni.lu\/fr\/\",\"name\":\"Uni.lu\",\"description\":\"Universit\u00e9 du Luxembourg\",\"publisher\":{\"@id\":\"https:\/\/www.uni.lu\/fr\/#organization\"},\"alternateName\":\"Universit\u00e9 du Luxembourg\",\"potentialAction\":[{\"@type\":\"SearchAction\",\"target\":{\"@type\":\"EntryPoint\",\"urlTemplate\":\"https:\/\/www.uni.lu\/fr\/?s={search_term_string}\"},\"query-input\":\"required name=search_term_string\"}],\"inLanguage\":\"fr-FR\"},{\"@type\":\"Organization\",\"@id\":\"https:\/\/www.uni.lu\/fr\/#organization\",\"name\":\"Universit\u00e9 du Luxembourg\",\"alternateName\":\"Uni.lu\",\"url\":\"https:\/\/www.uni.lu\/fr\/\",\"logo\":{\"@type\":\"ImageObject\",\"inLanguage\":\"fr-FR\",\"@id\":\"https:\/\/www.uni.lu\/fr\/#\/schema\/logo\/image\/\",\"url\":\"https:\/\/www.uni.lu\/wp-content\/uploads\/sites\/11\/2026\/03\/03120045\/UNIV_SM-Profile_1600x1600px-scaled.jpg\",\"contentUrl\":\"https:\/\/www.uni.lu\/wp-content\/uploads\/sites\/11\/2026\/03\/03120045\/UNIV_SM-Profile_1600x1600px-scaled.jpg\",\"width\":2560,\"height\":2560,\"caption\":\"Universit\u00e9 du Luxembourg\"},\"image\":\"https:\/\/www.uni.lu\/wp-content\/uploads\/sites\/11\/2026\/04\/24120552\/20200609-Belval-Campus_Henri-Goergen-23.jpg\",\"sameAs\":[\"https:\/\/www.facebook.com\/uni.lu\",\"https:\/\/www.linkedin.com\/school\/university-of-luxembourg\/\",\"https:\/\/www.instagram.com\/uni.lu\",\"https:\/\/www.youtube.com\/@uni_lu\",\"https:\/\/en.wikipedia.org\/wiki\/University_of_Luxembourg\"],\"email\":\"communication@uni.lu\",\"telephone\":\"+352 46 66 44 1\",\"address\":{\"@type\":\"PostalAddress\",\"streetAddress\":\"2, place de l\u2019Universit\u00e9\",\"addressLocality\":\"Esch-sur-Alzette\",\"postalCode\":\"4365\",\"addressCountry\":\"LU\"},\"description\":\"Universit\u00e9 du Luxembourg\"}]}<\/script>\n<!-- \/ Yoast SEO Premium plugin. -->","yoast_head_json":{"title":"La communication interprofessionnelle \u00e0 l\u2019h\u00f4pital : L\u2019\u00e9tude d\u2019\u00e9changes non planifi\u00e9s - Universit\u00e9 du Luxembourg","description":"L'analyse conversationnelle d'interactions en milieu m\u00e9dical s'est concentr\u00e9e sur des \u00e9changes planifi\u00e9s et statiques, d'une certaine longueur, entre des professionnels et leurs clients; typiquement, la consultation m\u00e9decinpatient. Le travail hospitalier requiert pourtant nombre d'\u00e9changes contingents, rapides, en situation de mobilit\u00e9, entre un grand nombre de professionnels de la sant\u00e9. Cette conf\u00e9rence pr\u00e9sente les principaux r\u00e9sultats de deux \u00e9tudes sur la communication interprofessionnelle \u00e0 l'h\u00f4pital. La premi\u00e8re porte sur des conversations face-\u00e0-face dans les couloirs d'un service d'urgences. La deuxi\u00e8me examine des conversations t\u00e9l\u00e9phoniques entre des infirmi\u00e8res en chirurgie et d'autres membres du personnel. Ces \u00e9tudes mettent en \u00e9vidence les caract\u00e9ristiques interactionnelles de ces \u00e9changes distribu\u00e9s dans l'espace et leur importance pour le fonctionnement d'\u00e9quipes travaillant en flux tendu, sous la pression du temps.\u00a0","robots":{"index":"index","follow":"follow","max-snippet":"max-snippet:-1","max-image-preview":"max-image-preview:large","max-video-preview":"max-video-preview:-1"},"canonical":"https:\/\/www.uni.lu\/fr\/events\/la-communication-interprofessionnelle-a-lhopital-letude-dechanges-non-planifies\/","og_locale":"fr_FR","og_type":"article","og_title":"La communication interprofessionnelle \u00e0 l\u2019h\u00f4pital : L\u2019\u00e9tude d\u2019\u00e9changes non planifi\u00e9s","og_description":"L'analyse conversationnelle d'interactions en milieu m\u00e9dical s'est concentr\u00e9e sur des \u00e9changes planifi\u00e9s et statiques, d'une certaine longueur, entre des professionnels et leurs clients; typiquement, la consultation m\u00e9decinpatient. Le travail hospitalier requiert pourtant nombre d'\u00e9changes contingents, rapides, en situation de mobilit\u00e9, entre un grand nombre de professionnels de la sant\u00e9. Cette conf\u00e9rence pr\u00e9sente les principaux r\u00e9sultats de deux \u00e9tudes sur la communication interprofessionnelle \u00e0 l'h\u00f4pital. La premi\u00e8re porte sur des conversations face-\u00e0-face dans les couloirs d'un service d'urgences. La deuxi\u00e8me examine des conversations t\u00e9l\u00e9phoniques entre des infirmi\u00e8res en chirurgie et d'autres membres du personnel. Ces \u00e9tudes mettent en \u00e9vidence les caract\u00e9ristiques interactionnelles de ces \u00e9changes distribu\u00e9s dans l'espace et leur importance pour le fonctionnement d'\u00e9quipes travaillant en flux tendu, sous la pression du temps.\u00a0","og_url":"https:\/\/www.uni.lu\/fr\/events\/la-communication-interprofessionnelle-a-lhopital-letude-dechanges-non-planifies\/","og_site_name":"UNI FR","article_publisher":"https:\/\/www.facebook.com\/uni.lu","og_image":[{"width":2560,"height":2560,"url":"https:\/\/www.uni.lu\/wp-content\/uploads\/sites\/11\/2026\/03\/03120045\/UNIV_SM-Profile_1600x1600px-scaled.jpg","type":"image\/jpeg"}],"twitter_card":"summary_large_image","twitter_misc":{"Dur\u00e9e de lecture estim\u00e9e":"1 minute"},"schema":{"@context":"https:\/\/schema.org","@graph":[{"@type":"WebPage","@id":"https:\/\/www.uni.lu\/fr\/events\/la-communication-interprofessionnelle-a-lhopital-letude-dechanges-non-planifies\/","url":"https:\/\/www.uni.lu\/fr\/events\/la-communication-interprofessionnelle-a-lhopital-letude-dechanges-non-planifies\/","name":"La communication interprofessionnelle \u00e0 l\u2019h\u00f4pital : L\u2019\u00e9tude d\u2019\u00e9changes non planifi\u00e9s - Universit\u00e9 du Luxembourg","isPartOf":{"@id":"https:\/\/www.uni.lu\/fr\/#website"},"primaryImageOfPage":{"@id":"https:\/\/www.uni.lu\/fr\/events\/la-communication-interprofessionnelle-a-lhopital-letude-dechanges-non-planifies\/#primaryimage"},"image":{"@id":"https:\/\/www.uni.lu\/fr\/events\/la-communication-interprofessionnelle-a-lhopital-letude-dechanges-non-planifies\/#primaryimage"},"thumbnailUrl":"https:\/\/www.uni.lu\/wp-content\/uploads\/sites\/11\/2019\/03\/default-5.jpg","datePublished":"2019-03-14T14:50:49+00:00","dateModified":"2019-03-14T14:50:49+00:00","description":"L'analyse conversationnelle d'interactions en milieu m\u00e9dical s'est concentr\u00e9e sur des \u00e9changes planifi\u00e9s et statiques, d'une certaine longueur, entre des professionnels et leurs clients; typiquement, la consultation m\u00e9decinpatient. Le travail hospitalier requiert pourtant nombre d'\u00e9changes contingents, rapides, en situation de mobilit\u00e9, entre un grand nombre de professionnels de la sant\u00e9. Cette conf\u00e9rence pr\u00e9sente les principaux r\u00e9sultats de deux \u00e9tudes sur la communication interprofessionnelle \u00e0 l'h\u00f4pital. La premi\u00e8re porte sur des conversations face-\u00e0-face dans les couloirs d'un service d'urgences. La deuxi\u00e8me examine des conversations t\u00e9l\u00e9phoniques entre des infirmi\u00e8res en chirurgie et d'autres membres du personnel. Ces \u00e9tudes mettent en \u00e9vidence les caract\u00e9ristiques interactionnelles de ces \u00e9changes distribu\u00e9s dans l'espace et leur importance pour le fonctionnement d'\u00e9quipes travaillant en flux tendu, sous la pression du temps.\u00a0","breadcrumb":{"@id":"https:\/\/www.uni.lu\/fr\/events\/la-communication-interprofessionnelle-a-lhopital-letude-dechanges-non-planifies\/#breadcrumb"},"inLanguage":"fr-FR","potentialAction":[{"@type":"ReadAction","target":["https:\/\/www.uni.lu\/fr\/events\/la-communication-interprofessionnelle-a-lhopital-letude-dechanges-non-planifies\/"]}]},{"@type":"ImageObject","inLanguage":"fr-FR","@id":"https:\/\/www.uni.lu\/fr\/events\/la-communication-interprofessionnelle-a-lhopital-letude-dechanges-non-planifies\/#primaryimage","url":"https:\/\/www.uni.lu\/wp-content\/uploads\/sites\/11\/2019\/03\/default-5.jpg","contentUrl":"https:\/\/www.uni.lu\/wp-content\/uploads\/sites\/11\/2019\/03\/default-5.jpg","width":1500,"height":1125},{"@type":"BreadcrumbList","@id":"https:\/\/www.uni.lu\/fr\/events\/la-communication-interprofessionnelle-a-lhopital-letude-dechanges-non-planifies\/#breadcrumb","itemListElement":[{"@type":"ListItem","position":1,"name":"Home","item":"https:\/\/www.uni.lu\/fr\/"},{"@type":"ListItem","position":2,"name":"Events","item":"https:\/\/www.uni.lu\/fr\/events\/"},{"@type":"ListItem","position":3,"name":"La communication interprofessionnelle \u00e0 l\u2019h\u00f4pital : L\u2019\u00e9tude d\u2019\u00e9changes non planifi\u00e9s"}]},{"@type":"WebSite","@id":"https:\/\/www.uni.lu\/fr\/#website","url":"https:\/\/www.uni.lu\/fr\/","name":"Uni.lu","description":"Universit\u00e9 du Luxembourg","publisher":{"@id":"https:\/\/www.uni.lu\/fr\/#organization"},"alternateName":"Universit\u00e9 du Luxembourg","potentialAction":[{"@type":"SearchAction","target":{"@type":"EntryPoint","urlTemplate":"https:\/\/www.uni.lu\/fr\/?s={search_term_string}"},"query-input":"required name=search_term_string"}],"inLanguage":"fr-FR"},{"@type":"Organization","@id":"https:\/\/www.uni.lu\/fr\/#organization","name":"Universit\u00e9 du Luxembourg","alternateName":"Uni.lu","url":"https:\/\/www.uni.lu\/fr\/","logo":{"@type":"ImageObject","inLanguage":"fr-FR","@id":"https:\/\/www.uni.lu\/fr\/#\/schema\/logo\/image\/","url":"https:\/\/www.uni.lu\/wp-content\/uploads\/sites\/11\/2026\/03\/03120045\/UNIV_SM-Profile_1600x1600px-scaled.jpg","contentUrl":"https:\/\/www.uni.lu\/wp-content\/uploads\/sites\/11\/2026\/03\/03120045\/UNIV_SM-Profile_1600x1600px-scaled.jpg","width":2560,"height":2560,"caption":"Universit\u00e9 du Luxembourg"},"image":"https:\/\/www.uni.lu\/wp-content\/uploads\/sites\/11\/2026\/04\/24120552\/20200609-Belval-Campus_Henri-Goergen-23.jpg","sameAs":["https:\/\/www.facebook.com\/uni.lu","https:\/\/www.linkedin.com\/school\/university-of-luxembourg\/","https:\/\/www.instagram.com\/uni.lu","https:\/\/www.youtube.com\/@uni_lu","https:\/\/en.wikipedia.org\/wiki\/University_of_Luxembourg"],"email":"communication@uni.lu","telephone":"+352 46 66 44 1","address":{"@type":"PostalAddress","streetAddress":"2, place de l\u2019Universit\u00e9","addressLocality":"Esch-sur-Alzette","postalCode":"4365","addressCountry":"LU"},"description":"Universit\u00e9 du Luxembourg"}]}},"_links":{"self":[{"href":"https:\/\/www.uni.lu\/fr\/wp-json\/wp\/v2\/events\/7628"}],"collection":[{"href":"https:\/\/www.uni.lu\/fr\/wp-json\/wp\/v2\/events"}],"about":[{"href":"https:\/\/www.uni.lu\/fr\/wp-json\/wp\/v2\/types\/events"}],"replies":[{"embeddable":true,"href":"https:\/\/www.uni.lu\/fr\/wp-json\/wp\/v2\/comments?post=7628"}],"version-history":[{"count":0,"href":"https:\/\/www.uni.lu\/fr\/wp-json\/wp\/v2\/events\/7628\/revisions"}],"wp:featuredmedia":[{"embeddable":true,"href":"https:\/\/www.uni.lu\/fr\/wp-json\/wp\/v2\/media\/7629"}],"wp:attachment":[{"href":"https:\/\/www.uni.lu\/fr\/wp-json\/wp\/v2\/media?parent=7628"}],"wp:term":[{"taxonomy":"events-topic","embeddable":true,"href":"https:\/\/www.uni.lu\/fr\/wp-json\/wp\/v2\/events-topic?post=7628"},{"taxonomy":"events-type","embeddable":true,"href":"https:\/\/www.uni.lu\/fr\/wp-json\/wp\/v2\/events-type?post=7628"},{"taxonomy":"organisation","embeddable":true,"href":"https:\/\/www.uni.lu\/fr\/wp-json\/wp\/v2\/organisation?post=7628"}],"curies":[{"name":"wp","href":"https:\/\/api.w.org\/{rel}","templated":true}]}}