{"id":7615,"date":"2019-03-12T14:31:46","date_gmt":"2019-03-12T13:31:46","guid":{"rendered":"https:\/\/www.uni.lu\/fr\/events\/presentation-du-livre-depasser-la-mort-lagir-de-la-litterature\/"},"modified":"2019-03-12T14:31:46","modified_gmt":"2019-03-12T13:31:46","slug":"presentation-du-livre-depasser-la-mort-lagir-de-la-litterature","status":"publish","type":"events","link":"https:\/\/www.uni.lu\/fr\/events\/presentation-du-livre-depasser-la-mort-lagir-de-la-litterature\/","title":{"rendered":"Pr\u00e9sentation du livre : D\u00e9passer la mort &#8211; L&rsquo;agir de la litt\u00e9rature"},"content":{"rendered":"<section class=\"wp-block-unilux-blocks-free-section section\"><div class=\"container xl:max-w-screen-xl\"><p>Comment en vient-on \u00e0 r\u00e9diger un livre sur la mort ? Qu\u2019attend-on d\u2019une telle entreprise ? Quelles sont les exp\u00e9riences que l\u2019on a en abordant les textes ou bien les lecteurs ? Quelles sont les difficult\u00e9s, les r\u00e9sistances que l\u2019on rencontre dans le travail d\u2019\u00e9criture ? Dans quel sens faut-il \u00eatre \u00ab croyant \u00bb pour que la lecture exerce son pouvoir ? Qu\u2019apporte la litt\u00e9rature d\u2019autre, de compl\u00e9mentaire \u00e0 la religion, au sport ? Voil\u00e0 quelques questions que l\u2019on abordera lors de l\u2019entretien. Cette rencontre avec Myriam Watthee-Delmotte permettra aux lectrices et lecteurs non seulement de d\u00e9couvrir un processus de cr\u00e9ation mais il y aura la possibilit\u00e9 d\u2019engager un \u00e9change vivant avec l\u2019auteure. Elle sera aussi disponible pour d\u00e9dicacer son ouvrage.<\/p><p><i><strong>Myriam Watthee-Delmotte<\/strong>, de l\u2019Acad\u00e9mie royale de Belgique, est Directrice de recherches du Fonds National de la Recherche Scientifique et professeur de litt\u00e9rature \u00e0 l\u2019Universit\u00e9 catholique de Louvain, sp\u00e9cialis\u00e9e dans le <\/i>Litt\u00e9rature et ritualit\u00e9<i>domaine fran\u00e7ais de la fin du XIXe si\u00e8cle \u00e0 nos jours. Ses recherches portent sur la litt\u00e9rature comme rite (cf. <\/i>D\u00e9passer la mort. L\u2019agir de la litt\u00e9rature<i>, Prix Emile Vossaert 2010). Son essai <\/i><i>\u00a0vient de para\u00eetre <\/i><i>en janvier 2019 chez Actes Sud.<\/i><\/p><\/div><\/section>","protected":false},"excerpt":{"rendered":"","protected":false},"author":0,"featured_media":7616,"parent":0,"menu_order":0,"comment_status":"open","ping_status":"closed","template":"","format":"standard","meta":{"featured_image_focal_point":[],"show_featured_caption":false,"ulux_newsletter_groups":"","uluxPostTitle":"","uluxPrePostTitle":"","_trash_the_other_posts":false,"_price":"","_stock":"","_tribe_ticket_header":"","_tribe_default_ticket_provider":"","_tribe_ticket_capacity":"0","_ticket_start_date":"","_ticket_end_date":"","_tribe_ticket_show_description":"","_tribe_ticket_show_not_going":false,"_tribe_ticket_use_global_stock":"","_tribe_ticket_global_stock_level":"","_global_stock_mode":"","_global_stock_cap":"","_tribe_rsvp_for_event":"","_tribe_ticket_going_count":"","_tribe_ticket_not_going_count":"","_tribe_tickets_list":"[]","_tribe_ticket_has_attendee_info_fields":false,"event_start_date":"2019-04-13 11:00:00","event_end_date":"2019-04-13 13:00:00","event_speaker_name":"Myriam Watthee-Delmotte & Jean Ehret","event_speaker_link":"","event_is_online":false,"event_location":"Librairie Alin\u00e9a","event_street":"5, rue Beaumont","event_location_link":"","event_zip_code":"1219","event_city":"Luxembourg","event_country":"LU"},"events-topic":[312],"events-type":[],"organisation":[171,147,178,226],"authorship":[],"acf":[],"yoast_head":"<!-- This site is optimized with the Yoast SEO Premium plugin v22.3 (Yoast SEO v22.3) - https:\/\/yoast.com\/wordpress\/plugins\/seo\/ -->\n<title>Pr\u00e9sentation du livre : D\u00e9passer la mort - L&#039;agir de la litt\u00e9rature - Universit\u00e9 du Luxembourg<\/title>\n<meta name=\"description\" content=\"Comment en vient-on \u00e0 r\u00e9diger un livre sur la mort ? Qu\u2019attend-on d\u2019une telle entreprise ? Quelles sont les exp\u00e9riences que l\u2019on a en abordant les textes\" \/>\n<meta name=\"robots\" content=\"index, follow, max-snippet:-1, max-image-preview:large, max-video-preview:-1\" \/>\n<link rel=\"canonical\" href=\"https:\/\/www.uni.lu\/fr\/events\/presentation-du-livre-depasser-la-mort-lagir-de-la-litterature\/\" \/>\n<meta property=\"og:locale\" content=\"fr_FR\" \/>\n<meta property=\"og:type\" content=\"article\" \/>\n<meta property=\"og:title\" content=\"Pr\u00e9sentation du livre : D\u00e9passer la mort - L&#039;agir de la litt\u00e9rature\" \/>\n<meta property=\"og:description\" content=\"Comment en vient-on \u00e0 r\u00e9diger un livre sur la mort ? Qu\u2019attend-on d\u2019une telle entreprise ? Quelles sont les exp\u00e9riences que l\u2019on a en abordant les textes\" \/>\n<meta property=\"og:url\" content=\"https:\/\/www.uni.lu\/fr\/events\/presentation-du-livre-depasser-la-mort-lagir-de-la-litterature\/\" \/>\n<meta property=\"og:site_name\" content=\"UNI FR\" \/>\n<meta property=\"article:publisher\" content=\"https:\/\/www.facebook.com\/uni.lu\" \/>\n<meta property=\"og:image\" content=\"https:\/\/www.uni.lu\/wp-content\/uploads\/sites\/11\/2026\/03\/03120045\/UNIV_SM-Profile_1600x1600px-scaled.jpg\" \/>\n\t<meta property=\"og:image:width\" content=\"2560\" \/>\n\t<meta property=\"og:image:height\" content=\"2560\" \/>\n\t<meta property=\"og:image:type\" content=\"image\/jpeg\" \/>\n<meta name=\"twitter:card\" content=\"summary_large_image\" \/>\n<meta name=\"twitter:label1\" content=\"Dur\u00e9e de lecture estim\u00e9e\" \/>\n\t<meta name=\"twitter:data1\" content=\"1 minute\" \/>\n<script type=\"application\/ld+json\" class=\"yoast-schema-graph\">{\"@context\":\"https:\/\/schema.org\",\"@graph\":[{\"@type\":\"WebPage\",\"@id\":\"https:\/\/www.uni.lu\/fr\/events\/presentation-du-livre-depasser-la-mort-lagir-de-la-litterature\/\",\"url\":\"https:\/\/www.uni.lu\/fr\/events\/presentation-du-livre-depasser-la-mort-lagir-de-la-litterature\/\",\"name\":\"Pr\u00e9sentation du livre : D\u00e9passer la mort - L'agir de la litt\u00e9rature - Universit\u00e9 du Luxembourg\",\"isPartOf\":{\"@id\":\"https:\/\/www.uni.lu\/fr\/#website\"},\"primaryImageOfPage\":{\"@id\":\"https:\/\/www.uni.lu\/fr\/events\/presentation-du-livre-depasser-la-mort-lagir-de-la-litterature\/#primaryimage\"},\"image\":{\"@id\":\"https:\/\/www.uni.lu\/fr\/events\/presentation-du-livre-depasser-la-mort-lagir-de-la-litterature\/#primaryimage\"},\"thumbnailUrl\":\"https:\/\/www.uni.lu\/wp-content\/uploads\/sites\/11\/2019\/03\/presentation_du_livre_depasser_la_mort_l_agir_de_la_litterature.jpg\",\"datePublished\":\"2019-03-12T13:31:46+00:00\",\"dateModified\":\"2019-03-12T13:31:46+00:00\",\"description\":\"Comment en vient-on \u00e0 r\u00e9diger un livre sur la mort ? Qu\u2019attend-on d\u2019une telle entreprise ? Quelles sont les exp\u00e9riences que l\u2019on a en abordant les textes\",\"breadcrumb\":{\"@id\":\"https:\/\/www.uni.lu\/fr\/events\/presentation-du-livre-depasser-la-mort-lagir-de-la-litterature\/#breadcrumb\"},\"inLanguage\":\"fr-FR\",\"potentialAction\":[{\"@type\":\"ReadAction\",\"target\":[\"https:\/\/www.uni.lu\/fr\/events\/presentation-du-livre-depasser-la-mort-lagir-de-la-litterature\/\"]}]},{\"@type\":\"ImageObject\",\"inLanguage\":\"fr-FR\",\"@id\":\"https:\/\/www.uni.lu\/fr\/events\/presentation-du-livre-depasser-la-mort-lagir-de-la-litterature\/#primaryimage\",\"url\":\"https:\/\/www.uni.lu\/wp-content\/uploads\/sites\/11\/2019\/03\/presentation_du_livre_depasser_la_mort_l_agir_de_la_litterature.jpg\",\"contentUrl\":\"https:\/\/www.uni.lu\/wp-content\/uploads\/sites\/11\/2019\/03\/presentation_du_livre_depasser_la_mort_l_agir_de_la_litterature.jpg\",\"width\":403,\"height\":780},{\"@type\":\"BreadcrumbList\",\"@id\":\"https:\/\/www.uni.lu\/fr\/events\/presentation-du-livre-depasser-la-mort-lagir-de-la-litterature\/#breadcrumb\",\"itemListElement\":[{\"@type\":\"ListItem\",\"position\":1,\"name\":\"Home\",\"item\":\"https:\/\/www.uni.lu\/fr\/\"},{\"@type\":\"ListItem\",\"position\":2,\"name\":\"Events\",\"item\":\"https:\/\/www.uni.lu\/fr\/events\/\"},{\"@type\":\"ListItem\",\"position\":3,\"name\":\"Pr\u00e9sentation du livre : D\u00e9passer la mort - L'agir de la litt\u00e9rature\"}]},{\"@type\":\"WebSite\",\"@id\":\"https:\/\/www.uni.lu\/fr\/#website\",\"url\":\"https:\/\/www.uni.lu\/fr\/\",\"name\":\"Uni.lu\",\"description\":\"Universit\u00e9 du Luxembourg\",\"publisher\":{\"@id\":\"https:\/\/www.uni.lu\/fr\/#organization\"},\"alternateName\":\"Universit\u00e9 du Luxembourg\",\"potentialAction\":[{\"@type\":\"SearchAction\",\"target\":{\"@type\":\"EntryPoint\",\"urlTemplate\":\"https:\/\/www.uni.lu\/fr\/?s={search_term_string}\"},\"query-input\":\"required name=search_term_string\"}],\"inLanguage\":\"fr-FR\"},{\"@type\":\"Organization\",\"@id\":\"https:\/\/www.uni.lu\/fr\/#organization\",\"name\":\"Universit\u00e9 du Luxembourg\",\"alternateName\":\"Uni.lu\",\"url\":\"https:\/\/www.uni.lu\/fr\/\",\"logo\":{\"@type\":\"ImageObject\",\"inLanguage\":\"fr-FR\",\"@id\":\"https:\/\/www.uni.lu\/fr\/#\/schema\/logo\/image\/\",\"url\":\"https:\/\/www.uni.lu\/wp-content\/uploads\/sites\/11\/2026\/03\/03120045\/UNIV_SM-Profile_1600x1600px-scaled.jpg\",\"contentUrl\":\"https:\/\/www.uni.lu\/wp-content\/uploads\/sites\/11\/2026\/03\/03120045\/UNIV_SM-Profile_1600x1600px-scaled.jpg\",\"width\":2560,\"height\":2560,\"caption\":\"Universit\u00e9 du Luxembourg\"},\"image\":\"https:\/\/www.uni.lu\/wp-content\/uploads\/sites\/11\/2026\/04\/24120552\/20200609-Belval-Campus_Henri-Goergen-23.jpg\",\"sameAs\":[\"https:\/\/www.facebook.com\/uni.lu\",\"https:\/\/www.linkedin.com\/school\/university-of-luxembourg\/\",\"https:\/\/www.instagram.com\/uni.lu\",\"https:\/\/www.youtube.com\/@uni_lu\",\"https:\/\/en.wikipedia.org\/wiki\/University_of_Luxembourg\"],\"email\":\"communication@uni.lu\",\"telephone\":\"+352 46 66 44 1\",\"address\":{\"@type\":\"PostalAddress\",\"streetAddress\":\"2, place de l\u2019Universit\u00e9\",\"addressLocality\":\"Esch-sur-Alzette\",\"postalCode\":\"4365\",\"addressCountry\":\"LU\"},\"description\":\"Universit\u00e9 du Luxembourg\"}]}<\/script>\n<!-- \/ Yoast SEO Premium plugin. -->","yoast_head_json":{"title":"Pr\u00e9sentation du livre : D\u00e9passer la mort - L'agir de la litt\u00e9rature - Universit\u00e9 du Luxembourg","description":"Comment en vient-on \u00e0 r\u00e9diger un livre sur la mort ? Qu\u2019attend-on d\u2019une telle entreprise ? Quelles sont les exp\u00e9riences que l\u2019on a en abordant les textes","robots":{"index":"index","follow":"follow","max-snippet":"max-snippet:-1","max-image-preview":"max-image-preview:large","max-video-preview":"max-video-preview:-1"},"canonical":"https:\/\/www.uni.lu\/fr\/events\/presentation-du-livre-depasser-la-mort-lagir-de-la-litterature\/","og_locale":"fr_FR","og_type":"article","og_title":"Pr\u00e9sentation du livre : D\u00e9passer la mort - L'agir de la litt\u00e9rature","og_description":"Comment en vient-on \u00e0 r\u00e9diger un livre sur la mort ? Qu\u2019attend-on d\u2019une telle entreprise ? Quelles sont les exp\u00e9riences que l\u2019on a en abordant les textes","og_url":"https:\/\/www.uni.lu\/fr\/events\/presentation-du-livre-depasser-la-mort-lagir-de-la-litterature\/","og_site_name":"UNI FR","article_publisher":"https:\/\/www.facebook.com\/uni.lu","og_image":[{"width":2560,"height":2560,"url":"https:\/\/www.uni.lu\/wp-content\/uploads\/sites\/11\/2026\/03\/03120045\/UNIV_SM-Profile_1600x1600px-scaled.jpg","type":"image\/jpeg"}],"twitter_card":"summary_large_image","twitter_misc":{"Dur\u00e9e de lecture estim\u00e9e":"1 minute"},"schema":{"@context":"https:\/\/schema.org","@graph":[{"@type":"WebPage","@id":"https:\/\/www.uni.lu\/fr\/events\/presentation-du-livre-depasser-la-mort-lagir-de-la-litterature\/","url":"https:\/\/www.uni.lu\/fr\/events\/presentation-du-livre-depasser-la-mort-lagir-de-la-litterature\/","name":"Pr\u00e9sentation du livre : D\u00e9passer la mort - L'agir de la litt\u00e9rature - Universit\u00e9 du Luxembourg","isPartOf":{"@id":"https:\/\/www.uni.lu\/fr\/#website"},"primaryImageOfPage":{"@id":"https:\/\/www.uni.lu\/fr\/events\/presentation-du-livre-depasser-la-mort-lagir-de-la-litterature\/#primaryimage"},"image":{"@id":"https:\/\/www.uni.lu\/fr\/events\/presentation-du-livre-depasser-la-mort-lagir-de-la-litterature\/#primaryimage"},"thumbnailUrl":"https:\/\/www.uni.lu\/wp-content\/uploads\/sites\/11\/2019\/03\/presentation_du_livre_depasser_la_mort_l_agir_de_la_litterature.jpg","datePublished":"2019-03-12T13:31:46+00:00","dateModified":"2019-03-12T13:31:46+00:00","description":"Comment en vient-on \u00e0 r\u00e9diger un livre sur la mort ? Qu\u2019attend-on d\u2019une telle entreprise ? Quelles sont les exp\u00e9riences que l\u2019on a en abordant les textes","breadcrumb":{"@id":"https:\/\/www.uni.lu\/fr\/events\/presentation-du-livre-depasser-la-mort-lagir-de-la-litterature\/#breadcrumb"},"inLanguage":"fr-FR","potentialAction":[{"@type":"ReadAction","target":["https:\/\/www.uni.lu\/fr\/events\/presentation-du-livre-depasser-la-mort-lagir-de-la-litterature\/"]}]},{"@type":"ImageObject","inLanguage":"fr-FR","@id":"https:\/\/www.uni.lu\/fr\/events\/presentation-du-livre-depasser-la-mort-lagir-de-la-litterature\/#primaryimage","url":"https:\/\/www.uni.lu\/wp-content\/uploads\/sites\/11\/2019\/03\/presentation_du_livre_depasser_la_mort_l_agir_de_la_litterature.jpg","contentUrl":"https:\/\/www.uni.lu\/wp-content\/uploads\/sites\/11\/2019\/03\/presentation_du_livre_depasser_la_mort_l_agir_de_la_litterature.jpg","width":403,"height":780},{"@type":"BreadcrumbList","@id":"https:\/\/www.uni.lu\/fr\/events\/presentation-du-livre-depasser-la-mort-lagir-de-la-litterature\/#breadcrumb","itemListElement":[{"@type":"ListItem","position":1,"name":"Home","item":"https:\/\/www.uni.lu\/fr\/"},{"@type":"ListItem","position":2,"name":"Events","item":"https:\/\/www.uni.lu\/fr\/events\/"},{"@type":"ListItem","position":3,"name":"Pr\u00e9sentation du livre : D\u00e9passer la mort - L'agir de la litt\u00e9rature"}]},{"@type":"WebSite","@id":"https:\/\/www.uni.lu\/fr\/#website","url":"https:\/\/www.uni.lu\/fr\/","name":"Uni.lu","description":"Universit\u00e9 du Luxembourg","publisher":{"@id":"https:\/\/www.uni.lu\/fr\/#organization"},"alternateName":"Universit\u00e9 du Luxembourg","potentialAction":[{"@type":"SearchAction","target":{"@type":"EntryPoint","urlTemplate":"https:\/\/www.uni.lu\/fr\/?s={search_term_string}"},"query-input":"required name=search_term_string"}],"inLanguage":"fr-FR"},{"@type":"Organization","@id":"https:\/\/www.uni.lu\/fr\/#organization","name":"Universit\u00e9 du Luxembourg","alternateName":"Uni.lu","url":"https:\/\/www.uni.lu\/fr\/","logo":{"@type":"ImageObject","inLanguage":"fr-FR","@id":"https:\/\/www.uni.lu\/fr\/#\/schema\/logo\/image\/","url":"https:\/\/www.uni.lu\/wp-content\/uploads\/sites\/11\/2026\/03\/03120045\/UNIV_SM-Profile_1600x1600px-scaled.jpg","contentUrl":"https:\/\/www.uni.lu\/wp-content\/uploads\/sites\/11\/2026\/03\/03120045\/UNIV_SM-Profile_1600x1600px-scaled.jpg","width":2560,"height":2560,"caption":"Universit\u00e9 du Luxembourg"},"image":"https:\/\/www.uni.lu\/wp-content\/uploads\/sites\/11\/2026\/04\/24120552\/20200609-Belval-Campus_Henri-Goergen-23.jpg","sameAs":["https:\/\/www.facebook.com\/uni.lu","https:\/\/www.linkedin.com\/school\/university-of-luxembourg\/","https:\/\/www.instagram.com\/uni.lu","https:\/\/www.youtube.com\/@uni_lu","https:\/\/en.wikipedia.org\/wiki\/University_of_Luxembourg"],"email":"communication@uni.lu","telephone":"+352 46 66 44 1","address":{"@type":"PostalAddress","streetAddress":"2, place de l\u2019Universit\u00e9","addressLocality":"Esch-sur-Alzette","postalCode":"4365","addressCountry":"LU"},"description":"Universit\u00e9 du Luxembourg"}]}},"_links":{"self":[{"href":"https:\/\/www.uni.lu\/fr\/wp-json\/wp\/v2\/events\/7615"}],"collection":[{"href":"https:\/\/www.uni.lu\/fr\/wp-json\/wp\/v2\/events"}],"about":[{"href":"https:\/\/www.uni.lu\/fr\/wp-json\/wp\/v2\/types\/events"}],"replies":[{"embeddable":true,"href":"https:\/\/www.uni.lu\/fr\/wp-json\/wp\/v2\/comments?post=7615"}],"version-history":[{"count":0,"href":"https:\/\/www.uni.lu\/fr\/wp-json\/wp\/v2\/events\/7615\/revisions"}],"wp:featuredmedia":[{"embeddable":true,"href":"https:\/\/www.uni.lu\/fr\/wp-json\/wp\/v2\/media\/7616"}],"wp:attachment":[{"href":"https:\/\/www.uni.lu\/fr\/wp-json\/wp\/v2\/media?parent=7615"}],"wp:term":[{"taxonomy":"events-topic","embeddable":true,"href":"https:\/\/www.uni.lu\/fr\/wp-json\/wp\/v2\/events-topic?post=7615"},{"taxonomy":"events-type","embeddable":true,"href":"https:\/\/www.uni.lu\/fr\/wp-json\/wp\/v2\/events-type?post=7615"},{"taxonomy":"organisation","embeddable":true,"href":"https:\/\/www.uni.lu\/fr\/wp-json\/wp\/v2\/organisation?post=7615"}],"curies":[{"name":"wp","href":"https:\/\/api.w.org\/{rel}","templated":true}]}}