{"id":7613,"date":"2019-03-12T12:49:48","date_gmt":"2019-03-12T11:49:48","guid":{"rendered":"https:\/\/www.uni.lu\/fr\/events\/conference-pour-que-la-mort-nait-pas-le-dernier-mot-la-litterature\/"},"modified":"2019-03-12T12:49:48","modified_gmt":"2019-03-12T11:49:48","slug":"conference-pour-que-la-mort-nait-pas-le-dernier-mot-la-litterature","status":"publish","type":"events","link":"https:\/\/www.uni.lu\/fr\/events\/conference-pour-que-la-mort-nait-pas-le-dernier-mot-la-litterature\/","title":{"rendered":"Conf\u00e9rence : Pour que la mort n&rsquo;ait pas le dernier mot : la litt\u00e9rature"},"content":{"rendered":"<section class=\"wp-block-unilux-blocks-free-section section\"><div class=\"container xl:max-w-screen-xl\"><p>C\u2019est gr\u00e2ce aux mots que l\u2019on cesse d\u2019\u00eatre seul face \u00e0 la mort. Mais d\u2019abord, ils manquent : quand la mort s\u2019abat, elle abasourdit, elle frappe de mutit\u00e9. C\u2019est alors que les \u00e9crivains peuvent venir en aide et r\u00e9pondre au besoin de faire sens pour que quelque chose soit sauv\u00e9 du gouffre. Face \u00e0 la tombe, la litt\u00e9rature donne aux endeuill\u00e9s une voix et le sentiment d\u2019une communaut\u00e9. Elle est ainsi au coeur de ce qui constitue le propre de l\u2019homme, seul \u00eatre vivant \u00e0 honorer ses morts. En des temps o\u00f9 la mort de masse et lointaine est omnipr\u00e9sente et banalis\u00e9e au quotidien, tandis que la mortalit\u00e9 des proches et de soi est tenue \u00e0 distance, la litt\u00e9rature prend en charge des fonctions rituelles fondamentales dans la gestion du deuil. On verra comment elle agit sur le lecteur et assume des fonctions soci\u00e9tales que ne peuvent pas couvrir les institutions politiques et les m\u00e9dias.<\/p><p><i>Conf\u00e9rence par Myriam Watthee-Delmotte, r\u00e9ponse par Sylvie Freyermuth.<\/i><\/p><p><\/p><p><i><strong>Myriam Watthee-Delmotte<\/strong>, de l\u2019Acad\u00e9mie royale de Belgique, est Directrice de recherches du Fonds National de la Recherche Scientifique et professeur de litt\u00e9rature \u00e0 l\u2019Universit\u00e9 catholique de Louvain, sp\u00e9cialis\u00e9e dans le <\/i>Litt\u00e9rature et ritualit\u00e9<i>domaine fran\u00e7ais de la fin du XIXe si\u00e8cle \u00e0 nos jours. Ses recherches portent sur la litt\u00e9rature comme rite (cf. <\/i>D\u00e9passer la mort. L\u2019agir de la litt\u00e9rature<i>, Prix Emile Vossaert 2010). Son essai <\/i><i>\u00a0vient de para\u00eetre <\/i><i>en janvier 2019 chez Actes Sud.<\/i><\/p><p><i><strong>Sylvie Freyermuth<\/strong> est professeure de langue et litt\u00e9rature fran\u00e7aises \u00e0 l\u2019Universit\u00e9 du Luxembourg. Sp\u00e9cialiste des XXe et XXIe si\u00e8cles, elle s\u2019int\u00e9resse notamment aux questions de coh\u00e9rence textuelle et \u00e0 l\u2019inscription, dans la litt\u00e9rature, des questions sociales, politiques et \u00e9conomiques. Actuellement, elle s\u2019attache \u00e9galement \u00e0 l\u2019\u00e9tude de la place de la spiritualit\u00e9 dans <\/i><i>l\u2019oeuvre de Jean Rouaud.<\/i><\/p><p><\/p><p><\/p><p>Sous le haut patronage de l&rsquo;Ambassadeur de Belgique<\/p><\/div><\/section>","protected":false},"excerpt":{"rendered":"","protected":false},"author":0,"featured_media":7614,"parent":0,"menu_order":0,"comment_status":"open","ping_status":"closed","template":"","format":"standard","meta":{"featured_image_focal_point":[],"show_featured_caption":false,"ulux_newsletter_groups":"","uluxPostTitle":"","uluxPrePostTitle":"","_trash_the_other_posts":false,"_price":"","_stock":"","_tribe_ticket_header":"","_tribe_default_ticket_provider":"","_tribe_ticket_capacity":"0","_ticket_start_date":"","_ticket_end_date":"","_tribe_ticket_show_description":"","_tribe_ticket_show_not_going":false,"_tribe_ticket_use_global_stock":"","_tribe_ticket_global_stock_level":"","_global_stock_mode":"","_global_stock_cap":"","_tribe_rsvp_for_event":"","_tribe_ticket_going_count":"","_tribe_ticket_not_going_count":"","_tribe_tickets_list":"[]","_tribe_ticket_has_attendee_info_fields":false,"event_start_date":"2019-04-12 18:30:00","event_end_date":"2019-04-12 19:30:00","event_speaker_name":"Myriam Watthee-Delmotte, Universit\u00e9 catholique de Louvain & Sylvie Freyermuth, Universit\u00e9 du Luxembourg","event_speaker_link":"","event_is_online":false,"event_location":"Galerie Simoncini","event_street":"6, rue Notre-Dame","event_location_link":"","event_zip_code":"2240","event_city":"Luxembourg","event_country":"LU"},"events-topic":[312],"events-type":[],"organisation":[171,147,178,226],"authorship":[],"acf":[],"yoast_head":"<!-- This site is optimized with the Yoast SEO Premium plugin v22.3 (Yoast SEO v22.3) - https:\/\/yoast.com\/wordpress\/plugins\/seo\/ -->\n<title>Conf\u00e9rence : Pour que la mort n&#039;ait pas le dernier mot : la litt\u00e9rature - Universit\u00e9 du Luxembourg<\/title>\n<meta name=\"description\" content=\"C\u2019est gr\u00e2ce aux mots que l\u2019on cesse d\u2019\u00eatre seul face \u00e0 la mort. Mais d\u2019abord, ils manquent : quand la mort s\u2019abat, elle abasourdit, elle frappe de mutit\u00e9.\" \/>\n<meta name=\"robots\" content=\"index, follow, max-snippet:-1, max-image-preview:large, max-video-preview:-1\" \/>\n<link rel=\"canonical\" href=\"https:\/\/www.uni.lu\/fr\/events\/conference-pour-que-la-mort-nait-pas-le-dernier-mot-la-litterature\/\" \/>\n<meta property=\"og:locale\" content=\"fr_FR\" \/>\n<meta property=\"og:type\" content=\"article\" \/>\n<meta property=\"og:title\" content=\"Conf\u00e9rence : Pour que la mort n&#039;ait pas le dernier mot : la litt\u00e9rature\" \/>\n<meta property=\"og:description\" content=\"C\u2019est gr\u00e2ce aux mots que l\u2019on cesse d\u2019\u00eatre seul face \u00e0 la mort. Mais d\u2019abord, ils manquent : quand la mort s\u2019abat, elle abasourdit, elle frappe de mutit\u00e9.\" \/>\n<meta property=\"og:url\" content=\"https:\/\/www.uni.lu\/fr\/events\/conference-pour-que-la-mort-nait-pas-le-dernier-mot-la-litterature\/\" \/>\n<meta property=\"og:site_name\" content=\"UNI FR\" \/>\n<meta property=\"article:publisher\" content=\"https:\/\/www.facebook.com\/uni.lu\" \/>\n<meta property=\"og:image\" content=\"https:\/\/www.uni.lu\/wp-content\/uploads\/sites\/11\/2026\/03\/03120045\/UNIV_SM-Profile_1600x1600px-scaled.jpg\" \/>\n\t<meta property=\"og:image:width\" content=\"2560\" \/>\n\t<meta property=\"og:image:height\" content=\"2560\" \/>\n\t<meta property=\"og:image:type\" content=\"image\/jpeg\" \/>\n<meta name=\"twitter:card\" content=\"summary_large_image\" \/>\n<meta name=\"twitter:label1\" content=\"Dur\u00e9e de lecture estim\u00e9e\" \/>\n\t<meta name=\"twitter:data1\" content=\"2 minutes\" \/>\n<script type=\"application\/ld+json\" class=\"yoast-schema-graph\">{\"@context\":\"https:\/\/schema.org\",\"@graph\":[{\"@type\":\"WebPage\",\"@id\":\"https:\/\/www.uni.lu\/fr\/events\/conference-pour-que-la-mort-nait-pas-le-dernier-mot-la-litterature\/\",\"url\":\"https:\/\/www.uni.lu\/fr\/events\/conference-pour-que-la-mort-nait-pas-le-dernier-mot-la-litterature\/\",\"name\":\"Conf\u00e9rence : Pour que la mort n'ait pas le dernier mot : la litt\u00e9rature - Universit\u00e9 du Luxembourg\",\"isPartOf\":{\"@id\":\"https:\/\/www.uni.lu\/fr\/#website\"},\"primaryImageOfPage\":{\"@id\":\"https:\/\/www.uni.lu\/fr\/events\/conference-pour-que-la-mort-nait-pas-le-dernier-mot-la-litterature\/#primaryimage\"},\"image\":{\"@id\":\"https:\/\/www.uni.lu\/fr\/events\/conference-pour-que-la-mort-nait-pas-le-dernier-mot-la-litterature\/#primaryimage\"},\"thumbnailUrl\":\"https:\/\/www.uni.lu\/wp-content\/uploads\/sites\/11\/2019\/03\/conference_pour_que_la_mort_n_ait_pas_le_dernier_mot_la_litterature.jpg\",\"datePublished\":\"2019-03-12T11:49:48+00:00\",\"dateModified\":\"2019-03-12T11:49:48+00:00\",\"description\":\"C\u2019est gr\u00e2ce aux mots que l\u2019on cesse d\u2019\u00eatre seul face \u00e0 la mort. Mais d\u2019abord, ils manquent : quand la mort s\u2019abat, elle abasourdit, elle frappe de mutit\u00e9.\",\"breadcrumb\":{\"@id\":\"https:\/\/www.uni.lu\/fr\/events\/conference-pour-que-la-mort-nait-pas-le-dernier-mot-la-litterature\/#breadcrumb\"},\"inLanguage\":\"fr-FR\",\"potentialAction\":[{\"@type\":\"ReadAction\",\"target\":[\"https:\/\/www.uni.lu\/fr\/events\/conference-pour-que-la-mort-nait-pas-le-dernier-mot-la-litterature\/\"]}]},{\"@type\":\"ImageObject\",\"inLanguage\":\"fr-FR\",\"@id\":\"https:\/\/www.uni.lu\/fr\/events\/conference-pour-que-la-mort-nait-pas-le-dernier-mot-la-litterature\/#primaryimage\",\"url\":\"https:\/\/www.uni.lu\/wp-content\/uploads\/sites\/11\/2019\/03\/conference_pour_que_la_mort_n_ait_pas_le_dernier_mot_la_litterature.jpg\",\"contentUrl\":\"https:\/\/www.uni.lu\/wp-content\/uploads\/sites\/11\/2019\/03\/conference_pour_que_la_mort_n_ait_pas_le_dernier_mot_la_litterature.jpg\",\"width\":800,\"height\":600},{\"@type\":\"BreadcrumbList\",\"@id\":\"https:\/\/www.uni.lu\/fr\/events\/conference-pour-que-la-mort-nait-pas-le-dernier-mot-la-litterature\/#breadcrumb\",\"itemListElement\":[{\"@type\":\"ListItem\",\"position\":1,\"name\":\"Home\",\"item\":\"https:\/\/www.uni.lu\/fr\/\"},{\"@type\":\"ListItem\",\"position\":2,\"name\":\"Events\",\"item\":\"https:\/\/www.uni.lu\/fr\/events\/\"},{\"@type\":\"ListItem\",\"position\":3,\"name\":\"Conf\u00e9rence : Pour que la mort n'ait pas le dernier mot : la litt\u00e9rature\"}]},{\"@type\":\"WebSite\",\"@id\":\"https:\/\/www.uni.lu\/fr\/#website\",\"url\":\"https:\/\/www.uni.lu\/fr\/\",\"name\":\"Uni.lu\",\"description\":\"Universit\u00e9 du Luxembourg\",\"publisher\":{\"@id\":\"https:\/\/www.uni.lu\/fr\/#organization\"},\"alternateName\":\"Universit\u00e9 du Luxembourg\",\"potentialAction\":[{\"@type\":\"SearchAction\",\"target\":{\"@type\":\"EntryPoint\",\"urlTemplate\":\"https:\/\/www.uni.lu\/fr\/?s={search_term_string}\"},\"query-input\":\"required name=search_term_string\"}],\"inLanguage\":\"fr-FR\"},{\"@type\":\"Organization\",\"@id\":\"https:\/\/www.uni.lu\/fr\/#organization\",\"name\":\"Universit\u00e9 du Luxembourg\",\"alternateName\":\"Uni.lu\",\"url\":\"https:\/\/www.uni.lu\/fr\/\",\"logo\":{\"@type\":\"ImageObject\",\"inLanguage\":\"fr-FR\",\"@id\":\"https:\/\/www.uni.lu\/fr\/#\/schema\/logo\/image\/\",\"url\":\"https:\/\/www.uni.lu\/wp-content\/uploads\/sites\/11\/2026\/03\/03120045\/UNIV_SM-Profile_1600x1600px-scaled.jpg\",\"contentUrl\":\"https:\/\/www.uni.lu\/wp-content\/uploads\/sites\/11\/2026\/03\/03120045\/UNIV_SM-Profile_1600x1600px-scaled.jpg\",\"width\":2560,\"height\":2560,\"caption\":\"Universit\u00e9 du Luxembourg\"},\"image\":\"https:\/\/www.uni.lu\/wp-content\/uploads\/sites\/11\/2026\/04\/24120552\/20200609-Belval-Campus_Henri-Goergen-23.jpg\",\"sameAs\":[\"https:\/\/www.facebook.com\/uni.lu\",\"https:\/\/www.linkedin.com\/school\/university-of-luxembourg\/\",\"https:\/\/www.instagram.com\/uni.lu\",\"https:\/\/www.youtube.com\/@uni_lu\",\"https:\/\/en.wikipedia.org\/wiki\/University_of_Luxembourg\"],\"email\":\"communication@uni.lu\",\"telephone\":\"+352 46 66 44 1\",\"address\":{\"@type\":\"PostalAddress\",\"streetAddress\":\"2, place de l\u2019Universit\u00e9\",\"addressLocality\":\"Esch-sur-Alzette\",\"postalCode\":\"4365\",\"addressCountry\":\"LU\"},\"description\":\"Universit\u00e9 du Luxembourg\"}]}<\/script>\n<!-- \/ Yoast SEO Premium plugin. -->","yoast_head_json":{"title":"Conf\u00e9rence : Pour que la mort n'ait pas le dernier mot : la litt\u00e9rature - Universit\u00e9 du Luxembourg","description":"C\u2019est gr\u00e2ce aux mots que l\u2019on cesse d\u2019\u00eatre seul face \u00e0 la mort. Mais d\u2019abord, ils manquent : quand la mort s\u2019abat, elle abasourdit, elle frappe de mutit\u00e9.","robots":{"index":"index","follow":"follow","max-snippet":"max-snippet:-1","max-image-preview":"max-image-preview:large","max-video-preview":"max-video-preview:-1"},"canonical":"https:\/\/www.uni.lu\/fr\/events\/conference-pour-que-la-mort-nait-pas-le-dernier-mot-la-litterature\/","og_locale":"fr_FR","og_type":"article","og_title":"Conf\u00e9rence : Pour que la mort n'ait pas le dernier mot : la litt\u00e9rature","og_description":"C\u2019est gr\u00e2ce aux mots que l\u2019on cesse d\u2019\u00eatre seul face \u00e0 la mort. Mais d\u2019abord, ils manquent : quand la mort s\u2019abat, elle abasourdit, elle frappe de mutit\u00e9.","og_url":"https:\/\/www.uni.lu\/fr\/events\/conference-pour-que-la-mort-nait-pas-le-dernier-mot-la-litterature\/","og_site_name":"UNI FR","article_publisher":"https:\/\/www.facebook.com\/uni.lu","og_image":[{"width":2560,"height":2560,"url":"https:\/\/www.uni.lu\/wp-content\/uploads\/sites\/11\/2026\/03\/03120045\/UNIV_SM-Profile_1600x1600px-scaled.jpg","type":"image\/jpeg"}],"twitter_card":"summary_large_image","twitter_misc":{"Dur\u00e9e de lecture estim\u00e9e":"2 minutes"},"schema":{"@context":"https:\/\/schema.org","@graph":[{"@type":"WebPage","@id":"https:\/\/www.uni.lu\/fr\/events\/conference-pour-que-la-mort-nait-pas-le-dernier-mot-la-litterature\/","url":"https:\/\/www.uni.lu\/fr\/events\/conference-pour-que-la-mort-nait-pas-le-dernier-mot-la-litterature\/","name":"Conf\u00e9rence : Pour que la mort n'ait pas le dernier mot : la litt\u00e9rature - Universit\u00e9 du Luxembourg","isPartOf":{"@id":"https:\/\/www.uni.lu\/fr\/#website"},"primaryImageOfPage":{"@id":"https:\/\/www.uni.lu\/fr\/events\/conference-pour-que-la-mort-nait-pas-le-dernier-mot-la-litterature\/#primaryimage"},"image":{"@id":"https:\/\/www.uni.lu\/fr\/events\/conference-pour-que-la-mort-nait-pas-le-dernier-mot-la-litterature\/#primaryimage"},"thumbnailUrl":"https:\/\/www.uni.lu\/wp-content\/uploads\/sites\/11\/2019\/03\/conference_pour_que_la_mort_n_ait_pas_le_dernier_mot_la_litterature.jpg","datePublished":"2019-03-12T11:49:48+00:00","dateModified":"2019-03-12T11:49:48+00:00","description":"C\u2019est gr\u00e2ce aux mots que l\u2019on cesse d\u2019\u00eatre seul face \u00e0 la mort. Mais d\u2019abord, ils manquent : quand la mort s\u2019abat, elle abasourdit, elle frappe de mutit\u00e9.","breadcrumb":{"@id":"https:\/\/www.uni.lu\/fr\/events\/conference-pour-que-la-mort-nait-pas-le-dernier-mot-la-litterature\/#breadcrumb"},"inLanguage":"fr-FR","potentialAction":[{"@type":"ReadAction","target":["https:\/\/www.uni.lu\/fr\/events\/conference-pour-que-la-mort-nait-pas-le-dernier-mot-la-litterature\/"]}]},{"@type":"ImageObject","inLanguage":"fr-FR","@id":"https:\/\/www.uni.lu\/fr\/events\/conference-pour-que-la-mort-nait-pas-le-dernier-mot-la-litterature\/#primaryimage","url":"https:\/\/www.uni.lu\/wp-content\/uploads\/sites\/11\/2019\/03\/conference_pour_que_la_mort_n_ait_pas_le_dernier_mot_la_litterature.jpg","contentUrl":"https:\/\/www.uni.lu\/wp-content\/uploads\/sites\/11\/2019\/03\/conference_pour_que_la_mort_n_ait_pas_le_dernier_mot_la_litterature.jpg","width":800,"height":600},{"@type":"BreadcrumbList","@id":"https:\/\/www.uni.lu\/fr\/events\/conference-pour-que-la-mort-nait-pas-le-dernier-mot-la-litterature\/#breadcrumb","itemListElement":[{"@type":"ListItem","position":1,"name":"Home","item":"https:\/\/www.uni.lu\/fr\/"},{"@type":"ListItem","position":2,"name":"Events","item":"https:\/\/www.uni.lu\/fr\/events\/"},{"@type":"ListItem","position":3,"name":"Conf\u00e9rence : Pour que la mort n'ait pas le dernier mot : la litt\u00e9rature"}]},{"@type":"WebSite","@id":"https:\/\/www.uni.lu\/fr\/#website","url":"https:\/\/www.uni.lu\/fr\/","name":"Uni.lu","description":"Universit\u00e9 du Luxembourg","publisher":{"@id":"https:\/\/www.uni.lu\/fr\/#organization"},"alternateName":"Universit\u00e9 du Luxembourg","potentialAction":[{"@type":"SearchAction","target":{"@type":"EntryPoint","urlTemplate":"https:\/\/www.uni.lu\/fr\/?s={search_term_string}"},"query-input":"required name=search_term_string"}],"inLanguage":"fr-FR"},{"@type":"Organization","@id":"https:\/\/www.uni.lu\/fr\/#organization","name":"Universit\u00e9 du Luxembourg","alternateName":"Uni.lu","url":"https:\/\/www.uni.lu\/fr\/","logo":{"@type":"ImageObject","inLanguage":"fr-FR","@id":"https:\/\/www.uni.lu\/fr\/#\/schema\/logo\/image\/","url":"https:\/\/www.uni.lu\/wp-content\/uploads\/sites\/11\/2026\/03\/03120045\/UNIV_SM-Profile_1600x1600px-scaled.jpg","contentUrl":"https:\/\/www.uni.lu\/wp-content\/uploads\/sites\/11\/2026\/03\/03120045\/UNIV_SM-Profile_1600x1600px-scaled.jpg","width":2560,"height":2560,"caption":"Universit\u00e9 du Luxembourg"},"image":"https:\/\/www.uni.lu\/wp-content\/uploads\/sites\/11\/2026\/04\/24120552\/20200609-Belval-Campus_Henri-Goergen-23.jpg","sameAs":["https:\/\/www.facebook.com\/uni.lu","https:\/\/www.linkedin.com\/school\/university-of-luxembourg\/","https:\/\/www.instagram.com\/uni.lu","https:\/\/www.youtube.com\/@uni_lu","https:\/\/en.wikipedia.org\/wiki\/University_of_Luxembourg"],"email":"communication@uni.lu","telephone":"+352 46 66 44 1","address":{"@type":"PostalAddress","streetAddress":"2, place de l\u2019Universit\u00e9","addressLocality":"Esch-sur-Alzette","postalCode":"4365","addressCountry":"LU"},"description":"Universit\u00e9 du Luxembourg"}]}},"_links":{"self":[{"href":"https:\/\/www.uni.lu\/fr\/wp-json\/wp\/v2\/events\/7613"}],"collection":[{"href":"https:\/\/www.uni.lu\/fr\/wp-json\/wp\/v2\/events"}],"about":[{"href":"https:\/\/www.uni.lu\/fr\/wp-json\/wp\/v2\/types\/events"}],"replies":[{"embeddable":true,"href":"https:\/\/www.uni.lu\/fr\/wp-json\/wp\/v2\/comments?post=7613"}],"version-history":[{"count":0,"href":"https:\/\/www.uni.lu\/fr\/wp-json\/wp\/v2\/events\/7613\/revisions"}],"wp:featuredmedia":[{"embeddable":true,"href":"https:\/\/www.uni.lu\/fr\/wp-json\/wp\/v2\/media\/7614"}],"wp:attachment":[{"href":"https:\/\/www.uni.lu\/fr\/wp-json\/wp\/v2\/media?parent=7613"}],"wp:term":[{"taxonomy":"events-topic","embeddable":true,"href":"https:\/\/www.uni.lu\/fr\/wp-json\/wp\/v2\/events-topic?post=7613"},{"taxonomy":"events-type","embeddable":true,"href":"https:\/\/www.uni.lu\/fr\/wp-json\/wp\/v2\/events-type?post=7613"},{"taxonomy":"organisation","embeddable":true,"href":"https:\/\/www.uni.lu\/fr\/wp-json\/wp\/v2\/organisation?post=7613"}],"curies":[{"name":"wp","href":"https:\/\/api.w.org\/{rel}","templated":true}]}}