{"id":7601,"date":"2019-03-07T18:42:21","date_gmt":"2019-03-07T17:42:21","guid":{"rendered":"https:\/\/www.uni.lu\/fr\/events\/lamenagement-en-transfrontalier-dialogue-entre-recherche-et-pratique\/"},"modified":"2019-03-07T18:42:21","modified_gmt":"2019-03-07T17:42:21","slug":"lamenagement-en-transfrontalier-dialogue-entre-recherche-et-pratique","status":"publish","type":"events","link":"https:\/\/www.uni.lu\/fr\/events\/lamenagement-en-transfrontalier-dialogue-entre-recherche-et-pratique\/","title":{"rendered":"L\u2019am\u00e9nagement en transfrontalier : Dialogue entre recherche et pratique"},"content":{"rendered":"<section class=\"wp-block-unilux-blocks-free-section section\"><div class=\"container xl:max-w-screen-xl\"><p>D\u00e8s que la fronti\u00e8re entre en jeu, les projets d\u2019am\u00e9nagement se complexifient. Au-del\u00e0 des diff\u00e9rences normatives, il y a les diff\u00e9rences de cultures, de langues, de traditions et de pratiques de l\u2019am\u00e9nagement. En utilisant des exemples tir\u00e9s de la pratique et de l\u2019enseignement, cet atelier explore les enjeux culturels de l\u2019am\u00e9nagement dans le contexte transfrontalier pour en exposer les possibilit\u00e9s et les limites. Une approche interactive permettra aux participants d\u2019apporter leur pierre \u00e0 ce dialogue recherche-pratique.<\/p><p>Ce s\u00e9minaire s\u2019adresse aux professionnels de l\u2019am\u00e9nagement, aux chercheurs, \u00e9tudiants et \u00e0 toute personne int\u00e9ress\u00e9e par l\u2019am\u00e9nagement du territoire.\u00a0<\/p><p>Animation du s\u00e9minaire : Beate Caesar (Technische Universit\u00e4t Kaiserslautern) et Estelle Evrard (Universit\u00e9 du Luxembourg). Les deux chercheuses sont membres du Groupe de Travail Am\u00e9nagement du territoire de l\u2019UniGR-Center for Border Studies (UniGR-CBS).<\/p><p>L\u2019at\u00e9lier aura lieu le 9 avril 2019 \u00e0 16h00 \u00e0 la Maison de la Grande R\u00e9gion, Esch-sur-Alzette (Luxembourg). Un verre de l\u2019amiti\u00e9 sera servi \u00e0 l\u2019issue des travaux. Les inscriptions sont ouvertes jusqu\u2019au 26\/03\/2019. Merci d\u2019envoyer le formulaire d\u2019inscription (t\u00e9l\u00e9chargeable ci-dessous) rempli \u00e0 <a href=\"mailto:kathrin.franzen@uni.lu\" target=\"_self\" title=\"\" rel=\"noopener\">kathrin.franzen@uni.lu<\/a>.<\/p><p>Contacts :<\/p><ul class=\"ulux-list\"><li class=\"ulux-list-item\">Beate Caesar, Technische Universit\u00e4t Kaiserslautern, <a href=\"mailto:beate.caesar@ru.uni-kl.de\" target=\"_self\" title=\"\" rel=\"noopener\">beate.caesar@ru.uni-kl.de<\/a><\/li><li class=\"ulux-list-item\">Estelle Evrard, Universit\u00e4t Luxemburg, <a href=\"mailto:estelle.evrard@uni.lu\" target=\"_self\" title=\"\" rel=\"noopener\">estelle.evrard@uni.lu<\/a><\/li><\/ul><p>\u00a0<\/p><p><strong>Chaire UniGR en Border Studies<\/strong><\/p><p><strong>\u00a0<\/strong>dans le cadre du projet Interreg V A Grande R\u00e9gion \u00ab UniGR-Center for Border Studies \u00bb<\/p><p>En 2019, six chercheurs ont l\u2019opportunit\u00e9 de passer un s\u00e9jour de recherche de deux mois dans une autre universit\u00e9 du r\u00e9seau UniGR afin de d\u00e9velopper des recherches sp\u00e9cifiques en \u00e9troite collaboration avec les partenaires de leur respective universit\u00e9 d\u2019accueil et de renforcer la recherche sur les \u00e9tudes frontali\u00e8res. Les frais d\u2019h\u00e9bergement et de d\u00e9placement sont couverts par le programme europ\u00e9en Interreg V A Grande R\u00e9gion.<\/p><p>Il est pr\u00e9vu que les titulaires de subventions animeront un workshop dans leur universit\u00e9 h\u00f4te, en r\u00e9pondant aux principaux d\u00e9fis li\u00e9s aux probl\u00e8mes transfrontaliers.<\/p><p>www.borderstudies.org | twitter @unigr_cbs<\/p><\/div><\/section>","protected":false},"excerpt":{"rendered":"<p>D\u00e8s que la fronti\u00e8re entre en jeu, les projets d\u2019am\u00e9nagement se complexifient. Au-del\u00e0 des diff\u00e9rences normatives, il y a les diff\u00e9rences de cultures, de langues, de traditions et de pratiques de l\u2019am\u00e9nagement. En utilisant des exemples tir\u00e9s de la pratique et de l\u2019enseignement, cet atelier explore les enjeux culturels de l\u2019am\u00e9nagement dans le contexte transfrontalier pour en exposer les possibilit\u00e9s et les limites. Une approche interactive permettra aux participants d\u2019apporter leur pierre \u00e0 ce dialogue recherche-pratique.<\/p>\n","protected":false},"author":0,"featured_media":7602,"parent":0,"menu_order":0,"comment_status":"open","ping_status":"closed","template":"","format":"standard","meta":{"featured_image_focal_point":[],"show_featured_caption":false,"ulux_newsletter_groups":"","uluxPostTitle":"","uluxPrePostTitle":"","_trash_the_other_posts":false,"_price":"","_stock":"","_tribe_ticket_header":"","_tribe_default_ticket_provider":"","_tribe_ticket_capacity":"0","_ticket_start_date":"","_ticket_end_date":"","_tribe_ticket_show_description":"","_tribe_ticket_show_not_going":false,"_tribe_ticket_use_global_stock":"","_tribe_ticket_global_stock_level":"","_global_stock_mode":"","_global_stock_cap":"","_tribe_rsvp_for_event":"","_tribe_ticket_going_count":"","_tribe_ticket_not_going_count":"","_tribe_tickets_list":"[]","_tribe_ticket_has_attendee_info_fields":false,"event_start_date":"2019-04-09 16:00:00","event_end_date":"2019-04-09 18:00:00","event_speaker_name":"","event_speaker_link":"","event_is_online":false,"event_location":"Maison de la Grande R\u00e9gion","event_street":" 11 Boulevard John F. Kennedy","event_location_link":"","event_zip_code":"4170 ","event_city":"Esch-sur-Alzette","event_country":"LU"},"events-topic":[],"events-type":[],"organisation":[147,226],"authorship":[],"acf":[],"yoast_head":"<!-- This site is optimized with the Yoast SEO Premium plugin v22.3 (Yoast SEO v22.3) - https:\/\/yoast.com\/wordpress\/plugins\/seo\/ -->\n<title>L\u2019am\u00e9nagement en transfrontalier : Dialogue entre recherche et pratique - Universit\u00e9 du Luxembourg<\/title>\n<meta name=\"description\" content=\"D\u00e8s que la fronti\u00e8re entre en jeu, les projets d\u2019am\u00e9nagement se complexifient. Au-del\u00e0 des diff\u00e9rences normatives, il y a les diff\u00e9rences de cultures, de langues, de traditions et de pratiques de l\u2019am\u00e9nagement. En utilisant des exemples tir\u00e9s de la pratique et de l\u2019enseignement, cet atelier explore les enjeux culturels de l\u2019am\u00e9nagement dans le contexte transfrontalier pour en exposer les possibilit\u00e9s et les limites. Une approche interactive permettra aux participants d\u2019apporter leur pierre \u00e0 ce dialogue recherche-pratique.\" \/>\n<meta name=\"robots\" content=\"index, follow, max-snippet:-1, max-image-preview:large, max-video-preview:-1\" \/>\n<link rel=\"canonical\" href=\"https:\/\/www.uni.lu\/fr\/events\/lamenagement-en-transfrontalier-dialogue-entre-recherche-et-pratique\/\" \/>\n<meta property=\"og:locale\" content=\"fr_FR\" \/>\n<meta property=\"og:type\" content=\"article\" \/>\n<meta property=\"og:title\" content=\"L\u2019am\u00e9nagement en transfrontalier : Dialogue entre recherche et pratique\" \/>\n<meta property=\"og:description\" content=\"D\u00e8s que la fronti\u00e8re entre en jeu, les projets d\u2019am\u00e9nagement se complexifient. Au-del\u00e0 des diff\u00e9rences normatives, il y a les diff\u00e9rences de cultures, de langues, de traditions et de pratiques de l\u2019am\u00e9nagement. En utilisant des exemples tir\u00e9s de la pratique et de l\u2019enseignement, cet atelier explore les enjeux culturels de l\u2019am\u00e9nagement dans le contexte transfrontalier pour en exposer les possibilit\u00e9s et les limites. Une approche interactive permettra aux participants d\u2019apporter leur pierre \u00e0 ce dialogue recherche-pratique.\" \/>\n<meta property=\"og:url\" content=\"https:\/\/www.uni.lu\/fr\/events\/lamenagement-en-transfrontalier-dialogue-entre-recherche-et-pratique\/\" \/>\n<meta property=\"og:site_name\" content=\"UNI FR\" \/>\n<meta property=\"article:publisher\" content=\"https:\/\/www.facebook.com\/uni.lu\" \/>\n<meta property=\"og:image\" content=\"https:\/\/www.uni.lu\/wp-content\/uploads\/sites\/11\/2026\/03\/03120045\/UNIV_SM-Profile_1600x1600px-scaled.jpg\" \/>\n\t<meta property=\"og:image:width\" content=\"2560\" \/>\n\t<meta property=\"og:image:height\" content=\"2560\" \/>\n\t<meta property=\"og:image:type\" content=\"image\/jpeg\" \/>\n<meta name=\"twitter:card\" content=\"summary_large_image\" \/>\n<meta name=\"twitter:label1\" content=\"Dur\u00e9e de lecture estim\u00e9e\" \/>\n\t<meta name=\"twitter:data1\" content=\"2 minutes\" \/>\n<script type=\"application\/ld+json\" class=\"yoast-schema-graph\">{\"@context\":\"https:\/\/schema.org\",\"@graph\":[{\"@type\":\"WebPage\",\"@id\":\"https:\/\/www.uni.lu\/fr\/events\/lamenagement-en-transfrontalier-dialogue-entre-recherche-et-pratique\/\",\"url\":\"https:\/\/www.uni.lu\/fr\/events\/lamenagement-en-transfrontalier-dialogue-entre-recherche-et-pratique\/\",\"name\":\"L\u2019am\u00e9nagement en transfrontalier : Dialogue entre recherche et pratique - Universit\u00e9 du Luxembourg\",\"isPartOf\":{\"@id\":\"https:\/\/www.uni.lu\/fr\/#website\"},\"primaryImageOfPage\":{\"@id\":\"https:\/\/www.uni.lu\/fr\/events\/lamenagement-en-transfrontalier-dialogue-entre-recherche-et-pratique\/#primaryimage\"},\"image\":{\"@id\":\"https:\/\/www.uni.lu\/fr\/events\/lamenagement-en-transfrontalier-dialogue-entre-recherche-et-pratique\/#primaryimage\"},\"thumbnailUrl\":\"https:\/\/www.uni.lu\/wp-content\/uploads\/sites\/11\/2019\/03\/l_amenagement_en_transfrontalier_dialogue_entre_recherche_et_pratique.jpg\",\"datePublished\":\"2019-03-07T17:42:21+00:00\",\"dateModified\":\"2019-03-07T17:42:21+00:00\",\"description\":\"D\u00e8s que la fronti\u00e8re entre en jeu, les projets d\u2019am\u00e9nagement se complexifient. Au-del\u00e0 des diff\u00e9rences normatives, il y a les diff\u00e9rences de cultures, de langues, de traditions et de pratiques de l\u2019am\u00e9nagement. En utilisant des exemples tir\u00e9s de la pratique et de l\u2019enseignement, cet atelier explore les enjeux culturels de l\u2019am\u00e9nagement dans le contexte transfrontalier pour en exposer les possibilit\u00e9s et les limites. Une approche interactive permettra aux participants d\u2019apporter leur pierre \u00e0 ce dialogue recherche-pratique.\",\"breadcrumb\":{\"@id\":\"https:\/\/www.uni.lu\/fr\/events\/lamenagement-en-transfrontalier-dialogue-entre-recherche-et-pratique\/#breadcrumb\"},\"inLanguage\":\"fr-FR\",\"potentialAction\":[{\"@type\":\"ReadAction\",\"target\":[\"https:\/\/www.uni.lu\/fr\/events\/lamenagement-en-transfrontalier-dialogue-entre-recherche-et-pratique\/\"]}]},{\"@type\":\"ImageObject\",\"inLanguage\":\"fr-FR\",\"@id\":\"https:\/\/www.uni.lu\/fr\/events\/lamenagement-en-transfrontalier-dialogue-entre-recherche-et-pratique\/#primaryimage\",\"url\":\"https:\/\/www.uni.lu\/wp-content\/uploads\/sites\/11\/2019\/03\/l_amenagement_en_transfrontalier_dialogue_entre_recherche_et_pratique.jpg\",\"contentUrl\":\"https:\/\/www.uni.lu\/wp-content\/uploads\/sites\/11\/2019\/03\/l_amenagement_en_transfrontalier_dialogue_entre_recherche_et_pratique.jpg\",\"width\":800,\"height\":600},{\"@type\":\"BreadcrumbList\",\"@id\":\"https:\/\/www.uni.lu\/fr\/events\/lamenagement-en-transfrontalier-dialogue-entre-recherche-et-pratique\/#breadcrumb\",\"itemListElement\":[{\"@type\":\"ListItem\",\"position\":1,\"name\":\"Home\",\"item\":\"https:\/\/www.uni.lu\/fr\/\"},{\"@type\":\"ListItem\",\"position\":2,\"name\":\"Events\",\"item\":\"https:\/\/www.uni.lu\/fr\/events\/\"},{\"@type\":\"ListItem\",\"position\":3,\"name\":\"L\u2019am\u00e9nagement en transfrontalier : Dialogue entre recherche et pratique\"}]},{\"@type\":\"WebSite\",\"@id\":\"https:\/\/www.uni.lu\/fr\/#website\",\"url\":\"https:\/\/www.uni.lu\/fr\/\",\"name\":\"Uni.lu\",\"description\":\"Universit\u00e9 du Luxembourg\",\"publisher\":{\"@id\":\"https:\/\/www.uni.lu\/fr\/#organization\"},\"alternateName\":\"Universit\u00e9 du Luxembourg\",\"potentialAction\":[{\"@type\":\"SearchAction\",\"target\":{\"@type\":\"EntryPoint\",\"urlTemplate\":\"https:\/\/www.uni.lu\/fr\/?s={search_term_string}\"},\"query-input\":\"required name=search_term_string\"}],\"inLanguage\":\"fr-FR\"},{\"@type\":\"Organization\",\"@id\":\"https:\/\/www.uni.lu\/fr\/#organization\",\"name\":\"Universit\u00e9 du Luxembourg\",\"alternateName\":\"Uni.lu\",\"url\":\"https:\/\/www.uni.lu\/fr\/\",\"logo\":{\"@type\":\"ImageObject\",\"inLanguage\":\"fr-FR\",\"@id\":\"https:\/\/www.uni.lu\/fr\/#\/schema\/logo\/image\/\",\"url\":\"https:\/\/www.uni.lu\/wp-content\/uploads\/sites\/11\/2026\/03\/03120045\/UNIV_SM-Profile_1600x1600px-scaled.jpg\",\"contentUrl\":\"https:\/\/www.uni.lu\/wp-content\/uploads\/sites\/11\/2026\/03\/03120045\/UNIV_SM-Profile_1600x1600px-scaled.jpg\",\"width\":2560,\"height\":2560,\"caption\":\"Universit\u00e9 du Luxembourg\"},\"image\":\"https:\/\/www.uni.lu\/wp-content\/uploads\/sites\/11\/2026\/04\/24120552\/20200609-Belval-Campus_Henri-Goergen-23.jpg\",\"sameAs\":[\"https:\/\/www.facebook.com\/uni.lu\",\"https:\/\/www.linkedin.com\/school\/university-of-luxembourg\/\",\"https:\/\/www.instagram.com\/uni.lu\",\"https:\/\/www.youtube.com\/@uni_lu\",\"https:\/\/en.wikipedia.org\/wiki\/University_of_Luxembourg\"],\"email\":\"communication@uni.lu\",\"telephone\":\"+352 46 66 44 1\",\"address\":{\"@type\":\"PostalAddress\",\"streetAddress\":\"2, place de l\u2019Universit\u00e9\",\"addressLocality\":\"Esch-sur-Alzette\",\"postalCode\":\"4365\",\"addressCountry\":\"LU\"},\"description\":\"Universit\u00e9 du Luxembourg\"}]}<\/script>\n<!-- \/ Yoast SEO Premium plugin. -->","yoast_head_json":{"title":"L\u2019am\u00e9nagement en transfrontalier : Dialogue entre recherche et pratique - Universit\u00e9 du Luxembourg","description":"D\u00e8s que la fronti\u00e8re entre en jeu, les projets d\u2019am\u00e9nagement se complexifient. Au-del\u00e0 des diff\u00e9rences normatives, il y a les diff\u00e9rences de cultures, de langues, de traditions et de pratiques de l\u2019am\u00e9nagement. En utilisant des exemples tir\u00e9s de la pratique et de l\u2019enseignement, cet atelier explore les enjeux culturels de l\u2019am\u00e9nagement dans le contexte transfrontalier pour en exposer les possibilit\u00e9s et les limites. Une approche interactive permettra aux participants d\u2019apporter leur pierre \u00e0 ce dialogue recherche-pratique.","robots":{"index":"index","follow":"follow","max-snippet":"max-snippet:-1","max-image-preview":"max-image-preview:large","max-video-preview":"max-video-preview:-1"},"canonical":"https:\/\/www.uni.lu\/fr\/events\/lamenagement-en-transfrontalier-dialogue-entre-recherche-et-pratique\/","og_locale":"fr_FR","og_type":"article","og_title":"L\u2019am\u00e9nagement en transfrontalier : Dialogue entre recherche et pratique","og_description":"D\u00e8s que la fronti\u00e8re entre en jeu, les projets d\u2019am\u00e9nagement se complexifient. Au-del\u00e0 des diff\u00e9rences normatives, il y a les diff\u00e9rences de cultures, de langues, de traditions et de pratiques de l\u2019am\u00e9nagement. En utilisant des exemples tir\u00e9s de la pratique et de l\u2019enseignement, cet atelier explore les enjeux culturels de l\u2019am\u00e9nagement dans le contexte transfrontalier pour en exposer les possibilit\u00e9s et les limites. Une approche interactive permettra aux participants d\u2019apporter leur pierre \u00e0 ce dialogue recherche-pratique.","og_url":"https:\/\/www.uni.lu\/fr\/events\/lamenagement-en-transfrontalier-dialogue-entre-recherche-et-pratique\/","og_site_name":"UNI FR","article_publisher":"https:\/\/www.facebook.com\/uni.lu","og_image":[{"width":2560,"height":2560,"url":"https:\/\/www.uni.lu\/wp-content\/uploads\/sites\/11\/2026\/03\/03120045\/UNIV_SM-Profile_1600x1600px-scaled.jpg","type":"image\/jpeg"}],"twitter_card":"summary_large_image","twitter_misc":{"Dur\u00e9e de lecture estim\u00e9e":"2 minutes"},"schema":{"@context":"https:\/\/schema.org","@graph":[{"@type":"WebPage","@id":"https:\/\/www.uni.lu\/fr\/events\/lamenagement-en-transfrontalier-dialogue-entre-recherche-et-pratique\/","url":"https:\/\/www.uni.lu\/fr\/events\/lamenagement-en-transfrontalier-dialogue-entre-recherche-et-pratique\/","name":"L\u2019am\u00e9nagement en transfrontalier : Dialogue entre recherche et pratique - Universit\u00e9 du Luxembourg","isPartOf":{"@id":"https:\/\/www.uni.lu\/fr\/#website"},"primaryImageOfPage":{"@id":"https:\/\/www.uni.lu\/fr\/events\/lamenagement-en-transfrontalier-dialogue-entre-recherche-et-pratique\/#primaryimage"},"image":{"@id":"https:\/\/www.uni.lu\/fr\/events\/lamenagement-en-transfrontalier-dialogue-entre-recherche-et-pratique\/#primaryimage"},"thumbnailUrl":"https:\/\/www.uni.lu\/wp-content\/uploads\/sites\/11\/2019\/03\/l_amenagement_en_transfrontalier_dialogue_entre_recherche_et_pratique.jpg","datePublished":"2019-03-07T17:42:21+00:00","dateModified":"2019-03-07T17:42:21+00:00","description":"D\u00e8s que la fronti\u00e8re entre en jeu, les projets d\u2019am\u00e9nagement se complexifient. Au-del\u00e0 des diff\u00e9rences normatives, il y a les diff\u00e9rences de cultures, de langues, de traditions et de pratiques de l\u2019am\u00e9nagement. En utilisant des exemples tir\u00e9s de la pratique et de l\u2019enseignement, cet atelier explore les enjeux culturels de l\u2019am\u00e9nagement dans le contexte transfrontalier pour en exposer les possibilit\u00e9s et les limites. Une approche interactive permettra aux participants d\u2019apporter leur pierre \u00e0 ce dialogue recherche-pratique.","breadcrumb":{"@id":"https:\/\/www.uni.lu\/fr\/events\/lamenagement-en-transfrontalier-dialogue-entre-recherche-et-pratique\/#breadcrumb"},"inLanguage":"fr-FR","potentialAction":[{"@type":"ReadAction","target":["https:\/\/www.uni.lu\/fr\/events\/lamenagement-en-transfrontalier-dialogue-entre-recherche-et-pratique\/"]}]},{"@type":"ImageObject","inLanguage":"fr-FR","@id":"https:\/\/www.uni.lu\/fr\/events\/lamenagement-en-transfrontalier-dialogue-entre-recherche-et-pratique\/#primaryimage","url":"https:\/\/www.uni.lu\/wp-content\/uploads\/sites\/11\/2019\/03\/l_amenagement_en_transfrontalier_dialogue_entre_recherche_et_pratique.jpg","contentUrl":"https:\/\/www.uni.lu\/wp-content\/uploads\/sites\/11\/2019\/03\/l_amenagement_en_transfrontalier_dialogue_entre_recherche_et_pratique.jpg","width":800,"height":600},{"@type":"BreadcrumbList","@id":"https:\/\/www.uni.lu\/fr\/events\/lamenagement-en-transfrontalier-dialogue-entre-recherche-et-pratique\/#breadcrumb","itemListElement":[{"@type":"ListItem","position":1,"name":"Home","item":"https:\/\/www.uni.lu\/fr\/"},{"@type":"ListItem","position":2,"name":"Events","item":"https:\/\/www.uni.lu\/fr\/events\/"},{"@type":"ListItem","position":3,"name":"L\u2019am\u00e9nagement en transfrontalier : Dialogue entre recherche et pratique"}]},{"@type":"WebSite","@id":"https:\/\/www.uni.lu\/fr\/#website","url":"https:\/\/www.uni.lu\/fr\/","name":"Uni.lu","description":"Universit\u00e9 du Luxembourg","publisher":{"@id":"https:\/\/www.uni.lu\/fr\/#organization"},"alternateName":"Universit\u00e9 du Luxembourg","potentialAction":[{"@type":"SearchAction","target":{"@type":"EntryPoint","urlTemplate":"https:\/\/www.uni.lu\/fr\/?s={search_term_string}"},"query-input":"required name=search_term_string"}],"inLanguage":"fr-FR"},{"@type":"Organization","@id":"https:\/\/www.uni.lu\/fr\/#organization","name":"Universit\u00e9 du Luxembourg","alternateName":"Uni.lu","url":"https:\/\/www.uni.lu\/fr\/","logo":{"@type":"ImageObject","inLanguage":"fr-FR","@id":"https:\/\/www.uni.lu\/fr\/#\/schema\/logo\/image\/","url":"https:\/\/www.uni.lu\/wp-content\/uploads\/sites\/11\/2026\/03\/03120045\/UNIV_SM-Profile_1600x1600px-scaled.jpg","contentUrl":"https:\/\/www.uni.lu\/wp-content\/uploads\/sites\/11\/2026\/03\/03120045\/UNIV_SM-Profile_1600x1600px-scaled.jpg","width":2560,"height":2560,"caption":"Universit\u00e9 du Luxembourg"},"image":"https:\/\/www.uni.lu\/wp-content\/uploads\/sites\/11\/2026\/04\/24120552\/20200609-Belval-Campus_Henri-Goergen-23.jpg","sameAs":["https:\/\/www.facebook.com\/uni.lu","https:\/\/www.linkedin.com\/school\/university-of-luxembourg\/","https:\/\/www.instagram.com\/uni.lu","https:\/\/www.youtube.com\/@uni_lu","https:\/\/en.wikipedia.org\/wiki\/University_of_Luxembourg"],"email":"communication@uni.lu","telephone":"+352 46 66 44 1","address":{"@type":"PostalAddress","streetAddress":"2, place de l\u2019Universit\u00e9","addressLocality":"Esch-sur-Alzette","postalCode":"4365","addressCountry":"LU"},"description":"Universit\u00e9 du Luxembourg"}]}},"_links":{"self":[{"href":"https:\/\/www.uni.lu\/fr\/wp-json\/wp\/v2\/events\/7601"}],"collection":[{"href":"https:\/\/www.uni.lu\/fr\/wp-json\/wp\/v2\/events"}],"about":[{"href":"https:\/\/www.uni.lu\/fr\/wp-json\/wp\/v2\/types\/events"}],"replies":[{"embeddable":true,"href":"https:\/\/www.uni.lu\/fr\/wp-json\/wp\/v2\/comments?post=7601"}],"version-history":[{"count":0,"href":"https:\/\/www.uni.lu\/fr\/wp-json\/wp\/v2\/events\/7601\/revisions"}],"wp:featuredmedia":[{"embeddable":true,"href":"https:\/\/www.uni.lu\/fr\/wp-json\/wp\/v2\/media\/7602"}],"wp:attachment":[{"href":"https:\/\/www.uni.lu\/fr\/wp-json\/wp\/v2\/media?parent=7601"}],"wp:term":[{"taxonomy":"events-topic","embeddable":true,"href":"https:\/\/www.uni.lu\/fr\/wp-json\/wp\/v2\/events-topic?post=7601"},{"taxonomy":"events-type","embeddable":true,"href":"https:\/\/www.uni.lu\/fr\/wp-json\/wp\/v2\/events-type?post=7601"},{"taxonomy":"organisation","embeddable":true,"href":"https:\/\/www.uni.lu\/fr\/wp-json\/wp\/v2\/organisation?post=7601"}],"curies":[{"name":"wp","href":"https:\/\/api.w.org\/{rel}","templated":true}]}}