{"id":7574,"date":"2019-02-21T11:30:31","date_gmt":"2019-02-21T10:30:31","guid":{"rendered":"https:\/\/www.uni.lu\/fr\/events\/forum-grande-region-migrations-et-frontieres-entre-regulations-et-integration\/"},"modified":"2019-02-21T11:30:31","modified_gmt":"2019-02-21T10:30:31","slug":"forum-grande-region-migrations-et-frontieres-entre-regulations-et-integration","status":"publish","type":"events","link":"https:\/\/www.uni.lu\/fr\/events\/forum-grande-region-migrations-et-frontieres-entre-regulations-et-integration\/","title":{"rendered":"Forum Grande R\u00e9gion: Migrations et Fronti\u00e8res: Entre R\u00e9gulations et Int\u00e9gration"},"content":{"rendered":"<section class=\"wp-block-unilux-blocks-free-section section\"><div class=\"container xl:max-w-screen-xl\"><p>Depuis le XIXe si\u00e8cle, dans la Grande R\u00e9gion marqu\u00e9e par les transformations frontali\u00e8res, les migrations ont toujours jou\u00e9 un r\u00f4le essentiel. Les accords de Schengen ont facilit\u00e9 les circulations intra-europ\u00e9ennes mais ont d\u00e9plac\u00e9 la question de la mobilit\u00e9 aux bordures de l\u2019UE. Les tensions internationales li\u00e9es au terrorisme, aux conflits et \u00e0 l\u2019arriv\u00e9e massive de migrants, en reconfigurant les politiques d\u2019acc\u00e8s \u00e0 l\u2019Europe, posent aujourd\u2019hui un certain nombre de questions. Dans quelle mesure le renforcement des contr\u00f4les de fronti\u00e8res affecte-t-il la migration dans la Grande R\u00e9gion ? Comment s\u2019effectue la r\u00e9gula-tion de la migration et quelles en sont les cons\u00e9quences sociale, \u00e9conomique et politique ?<\/p><p>Pour en discuter seront invit\u00e9s entre autre des repr\u00e9sentants des institutions suivantes :<\/p><ul class=\"ulux-list\"><li class=\"ulux-list-item\">Klaus Kunz (Directeur du d\u00e9partement pour l\u2019int\u00e9gration en Sarre)<\/li><li class=\"ulux-list-item\">Fatima Mezzouj (Directrice de l\u2019Office Fran\u00e7ais de l&rsquo;Immigration et de l&rsquo;Int\u00e9gration)<\/li><li class=\"ulux-list-item\">Yves Schmidt (Directeur CARITAS Luxem-bourg)<\/li><li class=\"ulux-list-item\">Yvan Gastaut (Universit\u00e9 Nice &#8211; Laboratoire URMIS)<\/li><li class=\"ulux-list-item\">Massimiliano Livi (Universit\u00e9 de Tr\u00e8ves)<\/li><li class=\"ulux-list-item\">Animation : Birte Nienaber (Universit\u00e9 du Luxembourg<\/li><\/ul><p>Interpr\u00e9tation simultan\u00e9e (allemand\/fran\u00e7ais).<\/p><p>L\u2019inscription est obligatoire et possible jusqu\u2019au 10\/03\/2019 : <a href=\"http:\/\/forum.borderstudies.org\" target=\"_self\" title=\"\" rel=\"noopener\">http:\/\/forum.borderstudies.org<\/a><\/p><p><strong>La s\u00e9rie de tables rondes Forum Grande R\u00e9gion<\/strong><\/p><p>Le Forum Grande R\u00e9gion est une s\u00e9rie de tables rondes organis\u00e9es par les chercheurs des Universit\u00e9s de la Grande R\u00e9gion dans le cadre du projet Interreg VA Grande R\u00e9gion \u00ab UniGR-Center for Border Studies \u00bb. Traitant des d\u00e9fis que doit relever la Grande R\u00e9gion, il constitue un lieu de discussion et d\u2019\u00e9changes entre la recherche, le milieu politique et les citoyens. Le Forum se tiendra dans la Maison de la Grande R\u00e9gion. Six tables-rondes auront lieu entre 2018 et 2020.<\/p><p>Le prochain Forum se tiendra le 21 novembre 2019 sur le th\u00e8me \u00ab Redynamisation des centres-villes : une analyse du comportement des consommateurs en zone transfrontali\u00e8re au sein de la Grande R\u00e9gion \u00bb.<\/p><\/div><\/section>","protected":false},"excerpt":{"rendered":"<p>Depuis le XIXe si\u00e8cle, dans la Grande R\u00e9gion marqu\u00e9e par les transformations frontali\u00e8res, les migrations ont toujours jou\u00e9 un r\u00f4le essentiel. Les accords de Schengen ont facilit\u00e9 les circulations intra-europ\u00e9ennes mais ont d\u00e9plac\u00e9 la question de la mobilit\u00e9 aux bordures de l\u2019UE. Les tensions internationales li\u00e9es au terrorisme, aux conflits et \u00e0 l\u2019arriv\u00e9e massive de migrants, en reconfigurant les politiques d\u2019acc\u00e8s \u00e0 l\u2019Europe, posent aujourd\u2019hui un certain nombre de questions. Dans quelle mesure le renforcement des contr\u00f4les de fronti\u00e8res affecte-t-il la migration dans la Grande R\u00e9gion ? Comment s\u2019effectue la r\u00e9gula-tion de la migration et quelles en sont les cons\u00e9quences sociale, \u00e9conomique et politique ?<\/p>\n","protected":false},"author":0,"featured_media":7575,"parent":0,"menu_order":0,"comment_status":"open","ping_status":"closed","template":"","format":"standard","meta":{"featured_image_focal_point":[],"show_featured_caption":false,"ulux_newsletter_groups":"","uluxPostTitle":"","uluxPrePostTitle":"","_trash_the_other_posts":false,"_price":"","_stock":"","_tribe_ticket_header":"","_tribe_default_ticket_provider":"","_tribe_ticket_capacity":"0","_ticket_start_date":"","_ticket_end_date":"","_tribe_ticket_show_description":"","_tribe_ticket_show_not_going":false,"_tribe_ticket_use_global_stock":"","_tribe_ticket_global_stock_level":"","_global_stock_mode":"","_global_stock_cap":"","_tribe_rsvp_for_event":"","_tribe_ticket_going_count":"","_tribe_ticket_not_going_count":"","_tribe_tickets_list":"[]","_tribe_ticket_has_attendee_info_fields":false,"event_start_date":"2019-03-14 16:00:00","event_end_date":"2019-03-14 18:00:00","event_speaker_name":"","event_speaker_link":"","event_is_online":false,"event_location":"Maison de la Grande R\u00e9gion\r\n","event_street":"11, boulevard J.-F. Kennedy","event_location_link":"","event_zip_code":" L-4170 ","event_city":"Esch-sur-Alzette","event_country":"LU"},"events-topic":[],"events-type":[],"organisation":[147,226],"authorship":[],"acf":[],"yoast_head":"<!-- This site is optimized with the Yoast SEO Premium plugin v22.3 (Yoast SEO v22.3) - https:\/\/yoast.com\/wordpress\/plugins\/seo\/ -->\n<title>Forum Grande R\u00e9gion: Migrations et Fronti\u00e8res: Entre R\u00e9gulations et Int\u00e9gration - Universit\u00e9 du Luxembourg<\/title>\n<meta name=\"description\" content=\"Depuis le XIXe si\u00e8cle, dans la Grande R\u00e9gion marqu\u00e9e par les transformations frontali\u00e8res, les migrations ont toujours jou\u00e9 un r\u00f4le essentiel. Les accords de Schengen ont facilit\u00e9 les circulations intra-europ\u00e9ennes mais ont d\u00e9plac\u00e9 la question de la mobilit\u00e9 aux bordures de l\u2019UE. Les tensions internationales li\u00e9es au terrorisme, aux conflits et \u00e0 l\u2019arriv\u00e9e massive de migrants, en reconfigurant les politiques d\u2019acc\u00e8s \u00e0 l\u2019Europe, posent aujourd\u2019hui un certain nombre de questions. Dans quelle mesure le renforcement des contr\u00f4les de fronti\u00e8res affecte-t-il la migration dans la Grande R\u00e9gion ? Comment s\u2019effectue la r\u00e9gula-tion de la migration et quelles en sont les cons\u00e9quences sociale, \u00e9conomique et politique ?\" \/>\n<meta name=\"robots\" content=\"index, follow, max-snippet:-1, max-image-preview:large, max-video-preview:-1\" \/>\n<link rel=\"canonical\" href=\"https:\/\/www.uni.lu\/fr\/events\/forum-grande-region-migrations-et-frontieres-entre-regulations-et-integration\/\" \/>\n<meta property=\"og:locale\" content=\"fr_FR\" \/>\n<meta property=\"og:type\" content=\"article\" \/>\n<meta property=\"og:title\" content=\"Forum Grande R\u00e9gion: Migrations et Fronti\u00e8res: Entre R\u00e9gulations et Int\u00e9gration\" \/>\n<meta property=\"og:description\" content=\"Depuis le XIXe si\u00e8cle, dans la Grande R\u00e9gion marqu\u00e9e par les transformations frontali\u00e8res, les migrations ont toujours jou\u00e9 un r\u00f4le essentiel. Les accords de Schengen ont facilit\u00e9 les circulations intra-europ\u00e9ennes mais ont d\u00e9plac\u00e9 la question de la mobilit\u00e9 aux bordures de l\u2019UE. Les tensions internationales li\u00e9es au terrorisme, aux conflits et \u00e0 l\u2019arriv\u00e9e massive de migrants, en reconfigurant les politiques d\u2019acc\u00e8s \u00e0 l\u2019Europe, posent aujourd\u2019hui un certain nombre de questions. Dans quelle mesure le renforcement des contr\u00f4les de fronti\u00e8res affecte-t-il la migration dans la Grande R\u00e9gion ? Comment s\u2019effectue la r\u00e9gula-tion de la migration et quelles en sont les cons\u00e9quences sociale, \u00e9conomique et politique ?\" \/>\n<meta property=\"og:url\" content=\"https:\/\/www.uni.lu\/fr\/events\/forum-grande-region-migrations-et-frontieres-entre-regulations-et-integration\/\" \/>\n<meta property=\"og:site_name\" content=\"UNI FR\" \/>\n<meta property=\"article:publisher\" content=\"https:\/\/www.facebook.com\/uni.lu\" \/>\n<meta property=\"og:image\" content=\"https:\/\/www.uni.lu\/wp-content\/uploads\/sites\/11\/2026\/03\/03120045\/UNIV_SM-Profile_1600x1600px-scaled.jpg\" \/>\n\t<meta property=\"og:image:width\" content=\"2560\" \/>\n\t<meta property=\"og:image:height\" content=\"2560\" \/>\n\t<meta property=\"og:image:type\" content=\"image\/jpeg\" \/>\n<meta name=\"twitter:card\" content=\"summary_large_image\" \/>\n<meta name=\"twitter:label1\" content=\"Dur\u00e9e de lecture estim\u00e9e\" \/>\n\t<meta name=\"twitter:data1\" content=\"2 minutes\" \/>\n<script type=\"application\/ld+json\" class=\"yoast-schema-graph\">{\"@context\":\"https:\/\/schema.org\",\"@graph\":[{\"@type\":\"WebPage\",\"@id\":\"https:\/\/www.uni.lu\/fr\/events\/forum-grande-region-migrations-et-frontieres-entre-regulations-et-integration\/\",\"url\":\"https:\/\/www.uni.lu\/fr\/events\/forum-grande-region-migrations-et-frontieres-entre-regulations-et-integration\/\",\"name\":\"Forum Grande R\u00e9gion: Migrations et Fronti\u00e8res: Entre R\u00e9gulations et Int\u00e9gration - Universit\u00e9 du Luxembourg\",\"isPartOf\":{\"@id\":\"https:\/\/www.uni.lu\/fr\/#website\"},\"primaryImageOfPage\":{\"@id\":\"https:\/\/www.uni.lu\/fr\/events\/forum-grande-region-migrations-et-frontieres-entre-regulations-et-integration\/#primaryimage\"},\"image\":{\"@id\":\"https:\/\/www.uni.lu\/fr\/events\/forum-grande-region-migrations-et-frontieres-entre-regulations-et-integration\/#primaryimage\"},\"thumbnailUrl\":\"https:\/\/www.uni.lu\/wp-content\/uploads\/sites\/11\/2019\/02\/default-5.jpg\",\"datePublished\":\"2019-02-21T10:30:31+00:00\",\"dateModified\":\"2019-02-21T10:30:31+00:00\",\"description\":\"Depuis le XIXe si\u00e8cle, dans la Grande R\u00e9gion marqu\u00e9e par les transformations frontali\u00e8res, les migrations ont toujours jou\u00e9 un r\u00f4le essentiel. Les accords de Schengen ont facilit\u00e9 les circulations intra-europ\u00e9ennes mais ont d\u00e9plac\u00e9 la question de la mobilit\u00e9 aux bordures de l\u2019UE. Les tensions internationales li\u00e9es au terrorisme, aux conflits et \u00e0 l\u2019arriv\u00e9e massive de migrants, en reconfigurant les politiques d\u2019acc\u00e8s \u00e0 l\u2019Europe, posent aujourd\u2019hui un certain nombre de questions. Dans quelle mesure le renforcement des contr\u00f4les de fronti\u00e8res affecte-t-il la migration dans la Grande R\u00e9gion ? Comment s\u2019effectue la r\u00e9gula-tion de la migration et quelles en sont les cons\u00e9quences sociale, \u00e9conomique et politique ?\",\"breadcrumb\":{\"@id\":\"https:\/\/www.uni.lu\/fr\/events\/forum-grande-region-migrations-et-frontieres-entre-regulations-et-integration\/#breadcrumb\"},\"inLanguage\":\"fr-FR\",\"potentialAction\":[{\"@type\":\"ReadAction\",\"target\":[\"https:\/\/www.uni.lu\/fr\/events\/forum-grande-region-migrations-et-frontieres-entre-regulations-et-integration\/\"]}]},{\"@type\":\"ImageObject\",\"inLanguage\":\"fr-FR\",\"@id\":\"https:\/\/www.uni.lu\/fr\/events\/forum-grande-region-migrations-et-frontieres-entre-regulations-et-integration\/#primaryimage\",\"url\":\"https:\/\/www.uni.lu\/wp-content\/uploads\/sites\/11\/2019\/02\/default-5.jpg\",\"contentUrl\":\"https:\/\/www.uni.lu\/wp-content\/uploads\/sites\/11\/2019\/02\/default-5.jpg\",\"width\":1500,\"height\":1125},{\"@type\":\"BreadcrumbList\",\"@id\":\"https:\/\/www.uni.lu\/fr\/events\/forum-grande-region-migrations-et-frontieres-entre-regulations-et-integration\/#breadcrumb\",\"itemListElement\":[{\"@type\":\"ListItem\",\"position\":1,\"name\":\"Home\",\"item\":\"https:\/\/www.uni.lu\/fr\/\"},{\"@type\":\"ListItem\",\"position\":2,\"name\":\"Events\",\"item\":\"https:\/\/www.uni.lu\/fr\/events\/\"},{\"@type\":\"ListItem\",\"position\":3,\"name\":\"Forum Grande R\u00e9gion: Migrations et Fronti\u00e8res: Entre R\u00e9gulations et Int\u00e9gration\"}]},{\"@type\":\"WebSite\",\"@id\":\"https:\/\/www.uni.lu\/fr\/#website\",\"url\":\"https:\/\/www.uni.lu\/fr\/\",\"name\":\"Uni.lu\",\"description\":\"Universit\u00e9 du Luxembourg\",\"publisher\":{\"@id\":\"https:\/\/www.uni.lu\/fr\/#organization\"},\"alternateName\":\"Universit\u00e9 du Luxembourg\",\"potentialAction\":[{\"@type\":\"SearchAction\",\"target\":{\"@type\":\"EntryPoint\",\"urlTemplate\":\"https:\/\/www.uni.lu\/fr\/?s={search_term_string}\"},\"query-input\":\"required name=search_term_string\"}],\"inLanguage\":\"fr-FR\"},{\"@type\":\"Organization\",\"@id\":\"https:\/\/www.uni.lu\/fr\/#organization\",\"name\":\"Universit\u00e9 du Luxembourg\",\"alternateName\":\"Uni.lu\",\"url\":\"https:\/\/www.uni.lu\/fr\/\",\"logo\":{\"@type\":\"ImageObject\",\"inLanguage\":\"fr-FR\",\"@id\":\"https:\/\/www.uni.lu\/fr\/#\/schema\/logo\/image\/\",\"url\":\"https:\/\/www.uni.lu\/wp-content\/uploads\/sites\/11\/2026\/03\/03120045\/UNIV_SM-Profile_1600x1600px-scaled.jpg\",\"contentUrl\":\"https:\/\/www.uni.lu\/wp-content\/uploads\/sites\/11\/2026\/03\/03120045\/UNIV_SM-Profile_1600x1600px-scaled.jpg\",\"width\":2560,\"height\":2560,\"caption\":\"Universit\u00e9 du Luxembourg\"},\"image\":\"https:\/\/www.uni.lu\/wp-content\/uploads\/sites\/11\/2026\/04\/24120552\/20200609-Belval-Campus_Henri-Goergen-23.jpg\",\"sameAs\":[\"https:\/\/www.facebook.com\/uni.lu\",\"https:\/\/www.linkedin.com\/school\/university-of-luxembourg\/\",\"https:\/\/www.instagram.com\/uni.lu\",\"https:\/\/www.youtube.com\/@uni_lu\",\"https:\/\/en.wikipedia.org\/wiki\/University_of_Luxembourg\"],\"email\":\"communication@uni.lu\",\"telephone\":\"+352 46 66 44 1\",\"address\":{\"@type\":\"PostalAddress\",\"streetAddress\":\"2, place de l\u2019Universit\u00e9\",\"addressLocality\":\"Esch-sur-Alzette\",\"postalCode\":\"4365\",\"addressCountry\":\"LU\"},\"description\":\"Universit\u00e9 du Luxembourg\"}]}<\/script>\n<!-- \/ Yoast SEO Premium plugin. -->","yoast_head_json":{"title":"Forum Grande R\u00e9gion: Migrations et Fronti\u00e8res: Entre R\u00e9gulations et Int\u00e9gration - Universit\u00e9 du Luxembourg","description":"Depuis le XIXe si\u00e8cle, dans la Grande R\u00e9gion marqu\u00e9e par les transformations frontali\u00e8res, les migrations ont toujours jou\u00e9 un r\u00f4le essentiel. Les accords de Schengen ont facilit\u00e9 les circulations intra-europ\u00e9ennes mais ont d\u00e9plac\u00e9 la question de la mobilit\u00e9 aux bordures de l\u2019UE. Les tensions internationales li\u00e9es au terrorisme, aux conflits et \u00e0 l\u2019arriv\u00e9e massive de migrants, en reconfigurant les politiques d\u2019acc\u00e8s \u00e0 l\u2019Europe, posent aujourd\u2019hui un certain nombre de questions. Dans quelle mesure le renforcement des contr\u00f4les de fronti\u00e8res affecte-t-il la migration dans la Grande R\u00e9gion ? Comment s\u2019effectue la r\u00e9gula-tion de la migration et quelles en sont les cons\u00e9quences sociale, \u00e9conomique et politique ?","robots":{"index":"index","follow":"follow","max-snippet":"max-snippet:-1","max-image-preview":"max-image-preview:large","max-video-preview":"max-video-preview:-1"},"canonical":"https:\/\/www.uni.lu\/fr\/events\/forum-grande-region-migrations-et-frontieres-entre-regulations-et-integration\/","og_locale":"fr_FR","og_type":"article","og_title":"Forum Grande R\u00e9gion: Migrations et Fronti\u00e8res: Entre R\u00e9gulations et Int\u00e9gration","og_description":"Depuis le XIXe si\u00e8cle, dans la Grande R\u00e9gion marqu\u00e9e par les transformations frontali\u00e8res, les migrations ont toujours jou\u00e9 un r\u00f4le essentiel. Les accords de Schengen ont facilit\u00e9 les circulations intra-europ\u00e9ennes mais ont d\u00e9plac\u00e9 la question de la mobilit\u00e9 aux bordures de l\u2019UE. Les tensions internationales li\u00e9es au terrorisme, aux conflits et \u00e0 l\u2019arriv\u00e9e massive de migrants, en reconfigurant les politiques d\u2019acc\u00e8s \u00e0 l\u2019Europe, posent aujourd\u2019hui un certain nombre de questions. Dans quelle mesure le renforcement des contr\u00f4les de fronti\u00e8res affecte-t-il la migration dans la Grande R\u00e9gion ? Comment s\u2019effectue la r\u00e9gula-tion de la migration et quelles en sont les cons\u00e9quences sociale, \u00e9conomique et politique ?","og_url":"https:\/\/www.uni.lu\/fr\/events\/forum-grande-region-migrations-et-frontieres-entre-regulations-et-integration\/","og_site_name":"UNI FR","article_publisher":"https:\/\/www.facebook.com\/uni.lu","og_image":[{"width":2560,"height":2560,"url":"https:\/\/www.uni.lu\/wp-content\/uploads\/sites\/11\/2026\/03\/03120045\/UNIV_SM-Profile_1600x1600px-scaled.jpg","type":"image\/jpeg"}],"twitter_card":"summary_large_image","twitter_misc":{"Dur\u00e9e de lecture estim\u00e9e":"2 minutes"},"schema":{"@context":"https:\/\/schema.org","@graph":[{"@type":"WebPage","@id":"https:\/\/www.uni.lu\/fr\/events\/forum-grande-region-migrations-et-frontieres-entre-regulations-et-integration\/","url":"https:\/\/www.uni.lu\/fr\/events\/forum-grande-region-migrations-et-frontieres-entre-regulations-et-integration\/","name":"Forum Grande R\u00e9gion: Migrations et Fronti\u00e8res: Entre R\u00e9gulations et Int\u00e9gration - Universit\u00e9 du Luxembourg","isPartOf":{"@id":"https:\/\/www.uni.lu\/fr\/#website"},"primaryImageOfPage":{"@id":"https:\/\/www.uni.lu\/fr\/events\/forum-grande-region-migrations-et-frontieres-entre-regulations-et-integration\/#primaryimage"},"image":{"@id":"https:\/\/www.uni.lu\/fr\/events\/forum-grande-region-migrations-et-frontieres-entre-regulations-et-integration\/#primaryimage"},"thumbnailUrl":"https:\/\/www.uni.lu\/wp-content\/uploads\/sites\/11\/2019\/02\/default-5.jpg","datePublished":"2019-02-21T10:30:31+00:00","dateModified":"2019-02-21T10:30:31+00:00","description":"Depuis le XIXe si\u00e8cle, dans la Grande R\u00e9gion marqu\u00e9e par les transformations frontali\u00e8res, les migrations ont toujours jou\u00e9 un r\u00f4le essentiel. Les accords de Schengen ont facilit\u00e9 les circulations intra-europ\u00e9ennes mais ont d\u00e9plac\u00e9 la question de la mobilit\u00e9 aux bordures de l\u2019UE. Les tensions internationales li\u00e9es au terrorisme, aux conflits et \u00e0 l\u2019arriv\u00e9e massive de migrants, en reconfigurant les politiques d\u2019acc\u00e8s \u00e0 l\u2019Europe, posent aujourd\u2019hui un certain nombre de questions. Dans quelle mesure le renforcement des contr\u00f4les de fronti\u00e8res affecte-t-il la migration dans la Grande R\u00e9gion ? Comment s\u2019effectue la r\u00e9gula-tion de la migration et quelles en sont les cons\u00e9quences sociale, \u00e9conomique et politique ?","breadcrumb":{"@id":"https:\/\/www.uni.lu\/fr\/events\/forum-grande-region-migrations-et-frontieres-entre-regulations-et-integration\/#breadcrumb"},"inLanguage":"fr-FR","potentialAction":[{"@type":"ReadAction","target":["https:\/\/www.uni.lu\/fr\/events\/forum-grande-region-migrations-et-frontieres-entre-regulations-et-integration\/"]}]},{"@type":"ImageObject","inLanguage":"fr-FR","@id":"https:\/\/www.uni.lu\/fr\/events\/forum-grande-region-migrations-et-frontieres-entre-regulations-et-integration\/#primaryimage","url":"https:\/\/www.uni.lu\/wp-content\/uploads\/sites\/11\/2019\/02\/default-5.jpg","contentUrl":"https:\/\/www.uni.lu\/wp-content\/uploads\/sites\/11\/2019\/02\/default-5.jpg","width":1500,"height":1125},{"@type":"BreadcrumbList","@id":"https:\/\/www.uni.lu\/fr\/events\/forum-grande-region-migrations-et-frontieres-entre-regulations-et-integration\/#breadcrumb","itemListElement":[{"@type":"ListItem","position":1,"name":"Home","item":"https:\/\/www.uni.lu\/fr\/"},{"@type":"ListItem","position":2,"name":"Events","item":"https:\/\/www.uni.lu\/fr\/events\/"},{"@type":"ListItem","position":3,"name":"Forum Grande R\u00e9gion: Migrations et Fronti\u00e8res: Entre R\u00e9gulations et Int\u00e9gration"}]},{"@type":"WebSite","@id":"https:\/\/www.uni.lu\/fr\/#website","url":"https:\/\/www.uni.lu\/fr\/","name":"Uni.lu","description":"Universit\u00e9 du Luxembourg","publisher":{"@id":"https:\/\/www.uni.lu\/fr\/#organization"},"alternateName":"Universit\u00e9 du Luxembourg","potentialAction":[{"@type":"SearchAction","target":{"@type":"EntryPoint","urlTemplate":"https:\/\/www.uni.lu\/fr\/?s={search_term_string}"},"query-input":"required name=search_term_string"}],"inLanguage":"fr-FR"},{"@type":"Organization","@id":"https:\/\/www.uni.lu\/fr\/#organization","name":"Universit\u00e9 du Luxembourg","alternateName":"Uni.lu","url":"https:\/\/www.uni.lu\/fr\/","logo":{"@type":"ImageObject","inLanguage":"fr-FR","@id":"https:\/\/www.uni.lu\/fr\/#\/schema\/logo\/image\/","url":"https:\/\/www.uni.lu\/wp-content\/uploads\/sites\/11\/2026\/03\/03120045\/UNIV_SM-Profile_1600x1600px-scaled.jpg","contentUrl":"https:\/\/www.uni.lu\/wp-content\/uploads\/sites\/11\/2026\/03\/03120045\/UNIV_SM-Profile_1600x1600px-scaled.jpg","width":2560,"height":2560,"caption":"Universit\u00e9 du Luxembourg"},"image":"https:\/\/www.uni.lu\/wp-content\/uploads\/sites\/11\/2026\/04\/24120552\/20200609-Belval-Campus_Henri-Goergen-23.jpg","sameAs":["https:\/\/www.facebook.com\/uni.lu","https:\/\/www.linkedin.com\/school\/university-of-luxembourg\/","https:\/\/www.instagram.com\/uni.lu","https:\/\/www.youtube.com\/@uni_lu","https:\/\/en.wikipedia.org\/wiki\/University_of_Luxembourg"],"email":"communication@uni.lu","telephone":"+352 46 66 44 1","address":{"@type":"PostalAddress","streetAddress":"2, place de l\u2019Universit\u00e9","addressLocality":"Esch-sur-Alzette","postalCode":"4365","addressCountry":"LU"},"description":"Universit\u00e9 du Luxembourg"}]}},"_links":{"self":[{"href":"https:\/\/www.uni.lu\/fr\/wp-json\/wp\/v2\/events\/7574"}],"collection":[{"href":"https:\/\/www.uni.lu\/fr\/wp-json\/wp\/v2\/events"}],"about":[{"href":"https:\/\/www.uni.lu\/fr\/wp-json\/wp\/v2\/types\/events"}],"replies":[{"embeddable":true,"href":"https:\/\/www.uni.lu\/fr\/wp-json\/wp\/v2\/comments?post=7574"}],"version-history":[{"count":0,"href":"https:\/\/www.uni.lu\/fr\/wp-json\/wp\/v2\/events\/7574\/revisions"}],"wp:featuredmedia":[{"embeddable":true,"href":"https:\/\/www.uni.lu\/fr\/wp-json\/wp\/v2\/media\/7575"}],"wp:attachment":[{"href":"https:\/\/www.uni.lu\/fr\/wp-json\/wp\/v2\/media?parent=7574"}],"wp:term":[{"taxonomy":"events-topic","embeddable":true,"href":"https:\/\/www.uni.lu\/fr\/wp-json\/wp\/v2\/events-topic?post=7574"},{"taxonomy":"events-type","embeddable":true,"href":"https:\/\/www.uni.lu\/fr\/wp-json\/wp\/v2\/events-type?post=7574"},{"taxonomy":"organisation","embeddable":true,"href":"https:\/\/www.uni.lu\/fr\/wp-json\/wp\/v2\/organisation?post=7574"}],"curies":[{"name":"wp","href":"https:\/\/api.w.org\/{rel}","templated":true}]}}