{"id":7175,"date":"2018-09-26T16:17:41","date_gmt":"2018-09-26T14:17:41","guid":{"rendered":"https:\/\/www.uni.lu\/fr\/events\/conference-de-lancement-border-studies-vers-un-reseau-de-recherche-dexcellence\/"},"modified":"2018-09-26T16:17:41","modified_gmt":"2018-09-26T14:17:41","slug":"conference-de-lancement-border-studies-vers-un-reseau-de-recherche-dexcellence","status":"publish","type":"events","link":"https:\/\/www.uni.lu\/fr\/events\/conference-de-lancement-border-studies-vers-un-reseau-de-recherche-dexcellence\/","title":{"rendered":"Conf\u00e9rence de lancement \u2013 Border Studies : vers un r\u00e9seau de recherche d\u2019excellence"},"content":{"rendered":"<section class=\"wp-block-unilux-blocks-free-section section\"><div class=\"container xl:max-w-screen-xl\"><p>Le projet Interreg VA Grande R\u00e9gion \u00ab UniGR-Center for Border Studies \u00bb (UniGR-CBS) se pr\u00e9sentera pour la premi\u00e8re fois au public le 24 octobre 2018 lors d\u2019une conf\u00e9rence intitul\u00e9e <i>BORDER STUDIES : VERS UN R\u00c9SEAU DE RECHERCHE D\u2019EXCELLENCE.<\/i><\/p><p>Au cours de cet \u00e9v\u00e8nement, les chercheurs pr\u00e9senteront dans un premier temps les premiers r\u00e9sultats du projet dans les domaines \u00ab\u00a0recherche\u00a0\u00bb, \u00ab\u00a0mobilit\u00e9\u00a0\u00bb, \u00ab\u00a0enseignement\u00a0\u00bb, \u00ab\u00a0soci\u00e9t\u00e9\u00a0\u00bb et \u00ab\u00a0territoire\u00a0\u00bb. Ils \u00e9changeront \u00e9galement avec un panel d\u2019invit\u00e9s autour de th\u00e9matiques comme les fronti\u00e8res en tant que d\u00e9fis pour le d\u00e9veloppement r\u00e9gional europ\u00e9en, la fronti\u00e8re comme exp\u00e9rience individuelle, ou encore l\u2019apport des \u00e9tudes sur les fronti\u00e8res pour une politique pragmatique \u00e9tay\u00e9e par des analyses.<\/p><p>Les invit\u00e9s sont\u00a0:<\/p><ul class=\"ulux-list\"><li class=\"ulux-list-item\">Karl-Heinz Lambertz (Pr\u00e9sident du Comit\u00e9 europ\u00e9en des r\u00e9gions)<\/li><li class=\"ulux-list-item\">Olivier Baudelet (Commission europ\u00e9enne, Direction G\u00e9n\u00e9rale \u00ab\u00a0Politique r\u00e9gionale et urbaine\u00a0\u00bb)<\/li><li class=\"ulux-list-item\">Clio van Aerde (Artiste et sc\u00e9nographe, Luxembourg \/ Vienne)<\/li><\/ul><p>A l\u2019issue de la conf\u00e9rence, les participants pourront d\u00e9ambuler dans \u00ab\u00a0l\u2019Expo Border Studies\u00a0\u00bb, qui illustrera la diversit\u00e9 d\u2019\u00e9tude sur les fronti\u00e8res et pr\u00e9sentera les activit\u00e9s de recherche du r\u00e9seau UniGR-CBS.<\/p><p>La conf\u00e9rence de lancement aura lieu le 24 octobre de 13h00 \u00e0 17h00 \u00e0 l&rsquo;Universit\u00e9 du Luxembourg (Campus Belval). <strong>Les inscriptions sont ouvertes jusqu&rsquo;au 19 octobre 2018.<\/strong><\/p><p><strong>Vous trouvez plus d\u2019informations sur le site de la conf\u00e9rence\u00a0:<\/strong><a href=\"http:\/\/kickoff.borderstudies.org\" target=\"_self\" title=\"\" rel=\"noopener\">http:\/\/kickoff.borderstudies.org<\/a><\/p><p>Contacts : <\/p><p>Kathrin Franzen, Universit\u00e9 du Luxembourg, <a href=\"mailto:kathrin.franzen@uni.lu\" target=\"_self\" title=\"\" rel=\"noopener\">kathrin.franzen@uni.lu<\/a><\/p><p>Christian Wille, Universit\u00e9 du Luxembourg<\/p><p><i>L\u2019UniGR-Center for Border Studies (UniGR-CBS) est un r\u00e9seau transfrontalier et th\u00e9matique qui r\u00e9unit environ 80 chercheuses et chercheurs des universit\u00e9s membres de l\u2019Universit\u00e9 de la Grande R\u00e9gion (UniGR) sp\u00e9cialistes des \u00e9tudes sur les fronti\u00e8res, leurs significations et enjeux. Entre 2018 et 2020, l\u2019UniGR-CBS b\u00e9n\u00e9ficie d\u2019un financement d\u2019environ 2 M \u20ac FEDER dans le cadre du programme INTERREG VA Grande R\u00e9gion pour mettre en place un \u00ab\u00a0Centre europ\u00e9en de ressources et de comp\u00e9tences en \u00e9tudes sur les fronti\u00e8res\u00a0\u00bb. Via ce projet transfrontalier, le r\u00e9seau scientifique UniGR-CBS cr\u00e9era des outils de recherche harmonis\u00e9s. Il \u0153uvre en outre \u00e0 l\u2019ancrage des Border Studies dans l\u2019enseignement, d\u00e9veloppe le dialogue entre le monde scientifique et les acteurs institutionnels autour d\u2019enjeux transfrontaliers et apporte son expertise \u00e0 la strat\u00e9gie de d\u00e9veloppement territorial de la Grande R\u00e9gion.<\/i><\/p><p><i><a href=\"http:\/\/www.uni-gr.eu\/en\/research-and-teaching\/border-studies\/unigr-cbs\" target=\"_self\" title=\"\" rel=\"noopener\">www.borderstudies.org<\/a><a href=\"https:\/\/twitter.com\/unigr_cbs\" target=\"_self\" title=\"\" rel=\"noopener\">twitter @UniGR_CBS<\/a> | <\/i><\/p><\/div><\/section>","protected":false},"excerpt":{"rendered":"<p>Le projet Interreg VA Grande R\u00e9gion \u00ab UniGR-Center for Border Studies \u00bb (UniGR-CBS) se pr\u00e9sentera pour la premi\u00e8re fois au public le 24 octobre 2018 lors d\u2019une conf\u00e9rence intitul\u00e9e BORDER STUDIES : VERS UN R\u00c9SEAU DE RECHERCHE D\u2019EXCELLENCE.<\/p>\n","protected":false},"author":0,"featured_media":7176,"parent":0,"menu_order":0,"comment_status":"open","ping_status":"closed","template":"","format":"standard","meta":{"featured_image_focal_point":[],"show_featured_caption":false,"ulux_newsletter_groups":"","uluxPostTitle":"","uluxPrePostTitle":"","_trash_the_other_posts":false,"_price":"","_stock":"","_tribe_ticket_header":"","_tribe_default_ticket_provider":"","_tribe_ticket_capacity":"0","_ticket_start_date":"","_ticket_end_date":"","_tribe_ticket_show_description":"","_tribe_ticket_show_not_going":false,"_tribe_ticket_use_global_stock":"","_tribe_ticket_global_stock_level":"","_global_stock_mode":"","_global_stock_cap":"","_tribe_rsvp_for_event":"","_tribe_ticket_going_count":"","_tribe_ticket_not_going_count":"","_tribe_tickets_list":"[]","_tribe_ticket_has_attendee_info_fields":false,"event_start_date":"2018-10-24 13:00:00","event_end_date":"2018-10-24 17:00:00","event_speaker_name":"","event_speaker_link":"","event_is_online":false,"event_location":"Campus de Belval ","event_street":"2, avenue de l'Universit\u00e9 ","event_location_link":"","event_zip_code":"L-4365 ","event_city":"Esch-sur-Alzette","event_country":"LU"},"events-topic":[],"events-type":[],"organisation":[147,226],"authorship":[],"acf":[],"yoast_head":"<!-- This site is optimized with the Yoast SEO Premium plugin v22.3 (Yoast SEO v22.3) - https:\/\/yoast.com\/wordpress\/plugins\/seo\/ -->\n<title>Conf\u00e9rence de lancement \u2013 Border Studies : vers un r\u00e9seau de recherche d\u2019excellence - Universit\u00e9 du Luxembourg<\/title>\n<meta name=\"description\" content=\"Le projet Interreg VA Grande R\u00e9gion \u00ab UniGR-Center for Border Studies \u00bb (UniGR-CBS) se pr\u00e9sentera pour la premi\u00e8re fois au public le 24 octobre 2018 lors d\u2019une conf\u00e9rence intitul\u00e9e BORDER STUDIES : VERS UN R\u00c9SEAU DE RECHERCHE D\u2019EXCELLENCE.\" \/>\n<meta name=\"robots\" content=\"index, follow, max-snippet:-1, max-image-preview:large, max-video-preview:-1\" \/>\n<link rel=\"canonical\" href=\"https:\/\/www.uni.lu\/fr\/events\/conference-de-lancement-border-studies-vers-un-reseau-de-recherche-dexcellence\/\" \/>\n<meta property=\"og:locale\" content=\"fr_FR\" \/>\n<meta property=\"og:type\" content=\"article\" \/>\n<meta property=\"og:title\" content=\"Conf\u00e9rence de lancement \u2013 Border Studies : vers un r\u00e9seau de recherche d\u2019excellence\" \/>\n<meta property=\"og:description\" content=\"Le projet Interreg VA Grande R\u00e9gion \u00ab UniGR-Center for Border Studies \u00bb (UniGR-CBS) se pr\u00e9sentera pour la premi\u00e8re fois au public le 24 octobre 2018 lors d\u2019une conf\u00e9rence intitul\u00e9e BORDER STUDIES : VERS UN R\u00c9SEAU DE RECHERCHE D\u2019EXCELLENCE.\" \/>\n<meta property=\"og:url\" content=\"https:\/\/www.uni.lu\/fr\/events\/conference-de-lancement-border-studies-vers-un-reseau-de-recherche-dexcellence\/\" \/>\n<meta property=\"og:site_name\" content=\"UNI FR\" \/>\n<meta property=\"article:publisher\" content=\"https:\/\/www.facebook.com\/uni.lu\" \/>\n<meta property=\"og:image\" content=\"https:\/\/www.uni.lu\/wp-content\/uploads\/sites\/11\/2026\/03\/03120045\/UNIV_SM-Profile_1600x1600px-scaled.jpg\" \/>\n\t<meta property=\"og:image:width\" content=\"2560\" \/>\n\t<meta property=\"og:image:height\" content=\"2560\" \/>\n\t<meta property=\"og:image:type\" content=\"image\/jpeg\" \/>\n<meta name=\"twitter:card\" content=\"summary_large_image\" \/>\n<meta name=\"twitter:label1\" content=\"Dur\u00e9e de lecture estim\u00e9e\" \/>\n\t<meta name=\"twitter:data1\" content=\"2 minutes\" \/>\n<script type=\"application\/ld+json\" class=\"yoast-schema-graph\">{\"@context\":\"https:\/\/schema.org\",\"@graph\":[{\"@type\":\"WebPage\",\"@id\":\"https:\/\/www.uni.lu\/fr\/events\/conference-de-lancement-border-studies-vers-un-reseau-de-recherche-dexcellence\/\",\"url\":\"https:\/\/www.uni.lu\/fr\/events\/conference-de-lancement-border-studies-vers-un-reseau-de-recherche-dexcellence\/\",\"name\":\"Conf\u00e9rence de lancement \u2013 Border Studies : vers un r\u00e9seau de recherche d\u2019excellence - Universit\u00e9 du Luxembourg\",\"isPartOf\":{\"@id\":\"https:\/\/www.uni.lu\/fr\/#website\"},\"primaryImageOfPage\":{\"@id\":\"https:\/\/www.uni.lu\/fr\/events\/conference-de-lancement-border-studies-vers-un-reseau-de-recherche-dexcellence\/#primaryimage\"},\"image\":{\"@id\":\"https:\/\/www.uni.lu\/fr\/events\/conference-de-lancement-border-studies-vers-un-reseau-de-recherche-dexcellence\/#primaryimage\"},\"thumbnailUrl\":\"https:\/\/www.uni.lu\/wp-content\/uploads\/sites\/11\/2018\/09\/conference_de_lancement_border_studies_vers_un_reseau_de_recherche_d_excellence.jpg\",\"datePublished\":\"2018-09-26T14:17:41+00:00\",\"dateModified\":\"2018-09-26T14:17:41+00:00\",\"description\":\"Le projet Interreg VA Grande R\u00e9gion \u00ab UniGR-Center for Border Studies \u00bb (UniGR-CBS) se pr\u00e9sentera pour la premi\u00e8re fois au public le 24 octobre 2018 lors d\u2019une conf\u00e9rence intitul\u00e9e BORDER STUDIES : VERS UN R\u00c9SEAU DE RECHERCHE D\u2019EXCELLENCE.\",\"breadcrumb\":{\"@id\":\"https:\/\/www.uni.lu\/fr\/events\/conference-de-lancement-border-studies-vers-un-reseau-de-recherche-dexcellence\/#breadcrumb\"},\"inLanguage\":\"fr-FR\",\"potentialAction\":[{\"@type\":\"ReadAction\",\"target\":[\"https:\/\/www.uni.lu\/fr\/events\/conference-de-lancement-border-studies-vers-un-reseau-de-recherche-dexcellence\/\"]}]},{\"@type\":\"ImageObject\",\"inLanguage\":\"fr-FR\",\"@id\":\"https:\/\/www.uni.lu\/fr\/events\/conference-de-lancement-border-studies-vers-un-reseau-de-recherche-dexcellence\/#primaryimage\",\"url\":\"https:\/\/www.uni.lu\/wp-content\/uploads\/sites\/11\/2018\/09\/conference_de_lancement_border_studies_vers_un_reseau_de_recherche_d_excellence.jpg\",\"contentUrl\":\"https:\/\/www.uni.lu\/wp-content\/uploads\/sites\/11\/2018\/09\/conference_de_lancement_border_studies_vers_un_reseau_de_recherche_d_excellence.jpg\",\"width\":800,\"height\":600},{\"@type\":\"BreadcrumbList\",\"@id\":\"https:\/\/www.uni.lu\/fr\/events\/conference-de-lancement-border-studies-vers-un-reseau-de-recherche-dexcellence\/#breadcrumb\",\"itemListElement\":[{\"@type\":\"ListItem\",\"position\":1,\"name\":\"Home\",\"item\":\"https:\/\/www.uni.lu\/fr\/\"},{\"@type\":\"ListItem\",\"position\":2,\"name\":\"Events\",\"item\":\"https:\/\/www.uni.lu\/fr\/events\/\"},{\"@type\":\"ListItem\",\"position\":3,\"name\":\"Conf\u00e9rence de lancement \u2013 Border Studies : vers un r\u00e9seau de recherche d\u2019excellence\"}]},{\"@type\":\"WebSite\",\"@id\":\"https:\/\/www.uni.lu\/fr\/#website\",\"url\":\"https:\/\/www.uni.lu\/fr\/\",\"name\":\"Uni.lu\",\"description\":\"Universit\u00e9 du Luxembourg\",\"publisher\":{\"@id\":\"https:\/\/www.uni.lu\/fr\/#organization\"},\"alternateName\":\"Universit\u00e9 du Luxembourg\",\"potentialAction\":[{\"@type\":\"SearchAction\",\"target\":{\"@type\":\"EntryPoint\",\"urlTemplate\":\"https:\/\/www.uni.lu\/fr\/?s={search_term_string}\"},\"query-input\":\"required name=search_term_string\"}],\"inLanguage\":\"fr-FR\"},{\"@type\":\"Organization\",\"@id\":\"https:\/\/www.uni.lu\/fr\/#organization\",\"name\":\"Universit\u00e9 du Luxembourg\",\"alternateName\":\"Uni.lu\",\"url\":\"https:\/\/www.uni.lu\/fr\/\",\"logo\":{\"@type\":\"ImageObject\",\"inLanguage\":\"fr-FR\",\"@id\":\"https:\/\/www.uni.lu\/fr\/#\/schema\/logo\/image\/\",\"url\":\"https:\/\/www.uni.lu\/wp-content\/uploads\/sites\/11\/2026\/03\/03120045\/UNIV_SM-Profile_1600x1600px-scaled.jpg\",\"contentUrl\":\"https:\/\/www.uni.lu\/wp-content\/uploads\/sites\/11\/2026\/03\/03120045\/UNIV_SM-Profile_1600x1600px-scaled.jpg\",\"width\":2560,\"height\":2560,\"caption\":\"Universit\u00e9 du Luxembourg\"},\"image\":\"https:\/\/www.uni.lu\/wp-content\/uploads\/sites\/11\/2026\/04\/24120552\/20200609-Belval-Campus_Henri-Goergen-23.jpg\",\"sameAs\":[\"https:\/\/www.facebook.com\/uni.lu\",\"https:\/\/www.linkedin.com\/school\/university-of-luxembourg\/\",\"https:\/\/www.instagram.com\/uni.lu\",\"https:\/\/www.youtube.com\/@uni_lu\",\"https:\/\/en.wikipedia.org\/wiki\/University_of_Luxembourg\"],\"email\":\"communication@uni.lu\",\"telephone\":\"+352 46 66 44 1\",\"address\":{\"@type\":\"PostalAddress\",\"streetAddress\":\"2, place de l\u2019Universit\u00e9\",\"addressLocality\":\"Esch-sur-Alzette\",\"postalCode\":\"4365\",\"addressCountry\":\"LU\"},\"description\":\"Universit\u00e9 du Luxembourg\"}]}<\/script>\n<!-- \/ Yoast SEO Premium plugin. -->","yoast_head_json":{"title":"Conf\u00e9rence de lancement \u2013 Border Studies : vers un r\u00e9seau de recherche d\u2019excellence - Universit\u00e9 du Luxembourg","description":"Le projet Interreg VA Grande R\u00e9gion \u00ab UniGR-Center for Border Studies \u00bb (UniGR-CBS) se pr\u00e9sentera pour la premi\u00e8re fois au public le 24 octobre 2018 lors d\u2019une conf\u00e9rence intitul\u00e9e BORDER STUDIES : VERS UN R\u00c9SEAU DE RECHERCHE D\u2019EXCELLENCE.","robots":{"index":"index","follow":"follow","max-snippet":"max-snippet:-1","max-image-preview":"max-image-preview:large","max-video-preview":"max-video-preview:-1"},"canonical":"https:\/\/www.uni.lu\/fr\/events\/conference-de-lancement-border-studies-vers-un-reseau-de-recherche-dexcellence\/","og_locale":"fr_FR","og_type":"article","og_title":"Conf\u00e9rence de lancement \u2013 Border Studies : vers un r\u00e9seau de recherche d\u2019excellence","og_description":"Le projet Interreg VA Grande R\u00e9gion \u00ab UniGR-Center for Border Studies \u00bb (UniGR-CBS) se pr\u00e9sentera pour la premi\u00e8re fois au public le 24 octobre 2018 lors d\u2019une conf\u00e9rence intitul\u00e9e BORDER STUDIES : VERS UN R\u00c9SEAU DE RECHERCHE D\u2019EXCELLENCE.","og_url":"https:\/\/www.uni.lu\/fr\/events\/conference-de-lancement-border-studies-vers-un-reseau-de-recherche-dexcellence\/","og_site_name":"UNI FR","article_publisher":"https:\/\/www.facebook.com\/uni.lu","og_image":[{"width":2560,"height":2560,"url":"https:\/\/www.uni.lu\/wp-content\/uploads\/sites\/11\/2026\/03\/03120045\/UNIV_SM-Profile_1600x1600px-scaled.jpg","type":"image\/jpeg"}],"twitter_card":"summary_large_image","twitter_misc":{"Dur\u00e9e de lecture estim\u00e9e":"2 minutes"},"schema":{"@context":"https:\/\/schema.org","@graph":[{"@type":"WebPage","@id":"https:\/\/www.uni.lu\/fr\/events\/conference-de-lancement-border-studies-vers-un-reseau-de-recherche-dexcellence\/","url":"https:\/\/www.uni.lu\/fr\/events\/conference-de-lancement-border-studies-vers-un-reseau-de-recherche-dexcellence\/","name":"Conf\u00e9rence de lancement \u2013 Border Studies : vers un r\u00e9seau de recherche d\u2019excellence - Universit\u00e9 du Luxembourg","isPartOf":{"@id":"https:\/\/www.uni.lu\/fr\/#website"},"primaryImageOfPage":{"@id":"https:\/\/www.uni.lu\/fr\/events\/conference-de-lancement-border-studies-vers-un-reseau-de-recherche-dexcellence\/#primaryimage"},"image":{"@id":"https:\/\/www.uni.lu\/fr\/events\/conference-de-lancement-border-studies-vers-un-reseau-de-recherche-dexcellence\/#primaryimage"},"thumbnailUrl":"https:\/\/www.uni.lu\/wp-content\/uploads\/sites\/11\/2018\/09\/conference_de_lancement_border_studies_vers_un_reseau_de_recherche_d_excellence.jpg","datePublished":"2018-09-26T14:17:41+00:00","dateModified":"2018-09-26T14:17:41+00:00","description":"Le projet Interreg VA Grande R\u00e9gion \u00ab UniGR-Center for Border Studies \u00bb (UniGR-CBS) se pr\u00e9sentera pour la premi\u00e8re fois au public le 24 octobre 2018 lors d\u2019une conf\u00e9rence intitul\u00e9e BORDER STUDIES : VERS UN R\u00c9SEAU DE RECHERCHE D\u2019EXCELLENCE.","breadcrumb":{"@id":"https:\/\/www.uni.lu\/fr\/events\/conference-de-lancement-border-studies-vers-un-reseau-de-recherche-dexcellence\/#breadcrumb"},"inLanguage":"fr-FR","potentialAction":[{"@type":"ReadAction","target":["https:\/\/www.uni.lu\/fr\/events\/conference-de-lancement-border-studies-vers-un-reseau-de-recherche-dexcellence\/"]}]},{"@type":"ImageObject","inLanguage":"fr-FR","@id":"https:\/\/www.uni.lu\/fr\/events\/conference-de-lancement-border-studies-vers-un-reseau-de-recherche-dexcellence\/#primaryimage","url":"https:\/\/www.uni.lu\/wp-content\/uploads\/sites\/11\/2018\/09\/conference_de_lancement_border_studies_vers_un_reseau_de_recherche_d_excellence.jpg","contentUrl":"https:\/\/www.uni.lu\/wp-content\/uploads\/sites\/11\/2018\/09\/conference_de_lancement_border_studies_vers_un_reseau_de_recherche_d_excellence.jpg","width":800,"height":600},{"@type":"BreadcrumbList","@id":"https:\/\/www.uni.lu\/fr\/events\/conference-de-lancement-border-studies-vers-un-reseau-de-recherche-dexcellence\/#breadcrumb","itemListElement":[{"@type":"ListItem","position":1,"name":"Home","item":"https:\/\/www.uni.lu\/fr\/"},{"@type":"ListItem","position":2,"name":"Events","item":"https:\/\/www.uni.lu\/fr\/events\/"},{"@type":"ListItem","position":3,"name":"Conf\u00e9rence de lancement \u2013 Border Studies : vers un r\u00e9seau de recherche d\u2019excellence"}]},{"@type":"WebSite","@id":"https:\/\/www.uni.lu\/fr\/#website","url":"https:\/\/www.uni.lu\/fr\/","name":"Uni.lu","description":"Universit\u00e9 du Luxembourg","publisher":{"@id":"https:\/\/www.uni.lu\/fr\/#organization"},"alternateName":"Universit\u00e9 du Luxembourg","potentialAction":[{"@type":"SearchAction","target":{"@type":"EntryPoint","urlTemplate":"https:\/\/www.uni.lu\/fr\/?s={search_term_string}"},"query-input":"required name=search_term_string"}],"inLanguage":"fr-FR"},{"@type":"Organization","@id":"https:\/\/www.uni.lu\/fr\/#organization","name":"Universit\u00e9 du Luxembourg","alternateName":"Uni.lu","url":"https:\/\/www.uni.lu\/fr\/","logo":{"@type":"ImageObject","inLanguage":"fr-FR","@id":"https:\/\/www.uni.lu\/fr\/#\/schema\/logo\/image\/","url":"https:\/\/www.uni.lu\/wp-content\/uploads\/sites\/11\/2026\/03\/03120045\/UNIV_SM-Profile_1600x1600px-scaled.jpg","contentUrl":"https:\/\/www.uni.lu\/wp-content\/uploads\/sites\/11\/2026\/03\/03120045\/UNIV_SM-Profile_1600x1600px-scaled.jpg","width":2560,"height":2560,"caption":"Universit\u00e9 du Luxembourg"},"image":"https:\/\/www.uni.lu\/wp-content\/uploads\/sites\/11\/2026\/04\/24120552\/20200609-Belval-Campus_Henri-Goergen-23.jpg","sameAs":["https:\/\/www.facebook.com\/uni.lu","https:\/\/www.linkedin.com\/school\/university-of-luxembourg\/","https:\/\/www.instagram.com\/uni.lu","https:\/\/www.youtube.com\/@uni_lu","https:\/\/en.wikipedia.org\/wiki\/University_of_Luxembourg"],"email":"communication@uni.lu","telephone":"+352 46 66 44 1","address":{"@type":"PostalAddress","streetAddress":"2, place de l\u2019Universit\u00e9","addressLocality":"Esch-sur-Alzette","postalCode":"4365","addressCountry":"LU"},"description":"Universit\u00e9 du Luxembourg"}]}},"_links":{"self":[{"href":"https:\/\/www.uni.lu\/fr\/wp-json\/wp\/v2\/events\/7175"}],"collection":[{"href":"https:\/\/www.uni.lu\/fr\/wp-json\/wp\/v2\/events"}],"about":[{"href":"https:\/\/www.uni.lu\/fr\/wp-json\/wp\/v2\/types\/events"}],"replies":[{"embeddable":true,"href":"https:\/\/www.uni.lu\/fr\/wp-json\/wp\/v2\/comments?post=7175"}],"version-history":[{"count":0,"href":"https:\/\/www.uni.lu\/fr\/wp-json\/wp\/v2\/events\/7175\/revisions"}],"wp:featuredmedia":[{"embeddable":true,"href":"https:\/\/www.uni.lu\/fr\/wp-json\/wp\/v2\/media\/7176"}],"wp:attachment":[{"href":"https:\/\/www.uni.lu\/fr\/wp-json\/wp\/v2\/media?parent=7175"}],"wp:term":[{"taxonomy":"events-topic","embeddable":true,"href":"https:\/\/www.uni.lu\/fr\/wp-json\/wp\/v2\/events-topic?post=7175"},{"taxonomy":"events-type","embeddable":true,"href":"https:\/\/www.uni.lu\/fr\/wp-json\/wp\/v2\/events-type?post=7175"},{"taxonomy":"organisation","embeddable":true,"href":"https:\/\/www.uni.lu\/fr\/wp-json\/wp\/v2\/organisation?post=7175"}],"curies":[{"name":"wp","href":"https:\/\/api.w.org\/{rel}","templated":true}]}}