{"id":7173,"date":"2018-09-26T14:55:59","date_gmt":"2018-09-26T12:55:59","guid":{"rendered":"https:\/\/www.uni.lu\/fr\/events\/6-praxis-und-kontakttag-des-bachelor-en-sciences-sociales-et-educatives\/"},"modified":"2018-09-26T14:55:59","modified_gmt":"2018-09-26T12:55:59","slug":"6-praxis-und-kontakttag-des-bachelor-en-sciences-sociales-et-educatives","status":"publish","type":"events","link":"https:\/\/www.uni.lu\/fr\/events\/6-praxis-und-kontakttag-des-bachelor-en-sciences-sociales-et-educatives\/","title":{"rendered":"6. Praxis- und Kontakttag des Bachelor en Sciences Sociales et Educatives"},"content":{"rendered":"<section class=\"wp-block-unilux-blocks-free-section section\"><div class=\"container xl:max-w-screen-xl\"><p><strong>Thema des Tages: Was sind die Bed\u00fcrfnisse der Akteure der Sozialen Arbeit?<\/strong><\/p><p>Der j\u00e4hrlich stattfindende Praxis- und Kontakttag ist eine Informations- und Jobmesse f\u00fcr die Studierende der Sozial- und Erziehungswissenschaften, die dieses Jahr schon zum 6. Mal an der Universit\u00e4t Luxemburg stattfindet. Soziale Institutionen und Einrichtungen aus Luxemburg und der Gro\u00dfregion stellen sich vor.<\/p><p>Am Vormittag stehen u.a. ein Impulsreferat \u00fcber \u201edie Landschaft\u201c der Sozialen Arbeit und ein moderierter partizipativer Austausch zum Thema \u201e<strong>Was sind die Bed\u00fcrfnisse der Akteure des Sozialen Sektors?<\/strong>\u201c auf dem Programm.<\/p><p>Am Nachmittag findet die <strong>Praxismesse<\/strong> mit 95 Informationsst\u00e4nden aus Luxemburg und der Gro\u00dfregion statt.\u00a0 Wie jedes Jahr bekommen die Praxiseinrichtungen die M\u00f6glichkeit, sich und Ihre Arbeit vorzustellen, Kontakte mit potentiellen Praktikanten, Honorarkr\u00e4ften und eventuell zuk\u00fcnftigen Berufseinsteigern herzustellen und sich untereinander zu vernetzen.<\/p><p>Studierende haben die M\u00f6glichkeit, sich \u00fcber die Vielfalt des Sozialen Sektors zu informieren, Kontakte zu kn\u00fcpfen und sich f\u00fcr ein Praktikum oder zuk\u00fcnftige Jobs zu bewerben. Auch alle anderen Interessierten k\u00f6nnen \u201eWissenschaft und Praxis\u201c hautnah erleben.<\/p><p>Der Praxis- und Kontakttag wird vom PraxisB\u00fcro der Universit\u00e4t Luxemburg und der Oeuvre Nationale de Secours Grande-Duchesse Charlotte organisiert.<\/p><p><\/p><\/div><\/section>","protected":false},"excerpt":{"rendered":"<p>Thema des Tages: Was sind die Bed\u00fcrfnisse der Akteure der Sozialen Arbeit?<\/p>\n","protected":false},"author":0,"featured_media":7174,"parent":0,"menu_order":0,"comment_status":"open","ping_status":"closed","template":"","format":"standard","meta":{"featured_image_focal_point":[],"show_featured_caption":false,"ulux_newsletter_groups":"","uluxPostTitle":"","uluxPrePostTitle":"","_trash_the_other_posts":false,"_price":"","_stock":"","_tribe_ticket_header":"","_tribe_default_ticket_provider":"","_tribe_ticket_capacity":"0","_ticket_start_date":"","_ticket_end_date":"","_tribe_ticket_show_description":"","_tribe_ticket_show_not_going":false,"_tribe_ticket_use_global_stock":"","_tribe_ticket_global_stock_level":"","_global_stock_mode":"","_global_stock_cap":"","_tribe_rsvp_for_event":"","_tribe_ticket_going_count":"","_tribe_ticket_not_going_count":"","_tribe_tickets_list":"[]","_tribe_ticket_has_attendee_info_fields":false,"event_start_date":"2018-10-18 09:00:00","event_end_date":"2018-10-18 16:00:00","event_speaker_name":"","event_speaker_link":"","event_is_online":false,"event_location":"Campus Belval, Maison du Savoir ","event_street":"2, avenue de l'Universit\u00e9","event_location_link":"","event_zip_code":"L-4365 ","event_city":"Esch-sur-Alzette","event_country":"LU"},"events-topic":[],"events-type":[],"organisation":[147,226],"authorship":[],"acf":[],"yoast_head":"<!-- This site is optimized with the Yoast SEO Premium plugin v22.3 (Yoast SEO v22.3) - https:\/\/yoast.com\/wordpress\/plugins\/seo\/ -->\n<title>6. Praxis- und Kontakttag des Bachelor en Sciences Sociales et Educatives - Universit\u00e9 du Luxembourg<\/title>\n<meta name=\"description\" content=\"Thema des Tages: Was sind die Bed\u00fcrfnisse der Akteure der Sozialen Arbeit?\" \/>\n<meta name=\"robots\" content=\"index, follow, max-snippet:-1, max-image-preview:large, max-video-preview:-1\" \/>\n<link rel=\"canonical\" href=\"https:\/\/www.uni.lu\/fr\/events\/6-praxis-und-kontakttag-des-bachelor-en-sciences-sociales-et-educatives\/\" \/>\n<meta property=\"og:locale\" content=\"fr_FR\" \/>\n<meta property=\"og:type\" content=\"article\" \/>\n<meta property=\"og:title\" content=\"6. Praxis- und Kontakttag des Bachelor en Sciences Sociales et Educatives\" \/>\n<meta property=\"og:description\" content=\"Thema des Tages: Was sind die Bed\u00fcrfnisse der Akteure der Sozialen Arbeit?\" \/>\n<meta property=\"og:url\" content=\"https:\/\/www.uni.lu\/fr\/events\/6-praxis-und-kontakttag-des-bachelor-en-sciences-sociales-et-educatives\/\" \/>\n<meta property=\"og:site_name\" content=\"UNI FR\" \/>\n<meta property=\"article:publisher\" content=\"https:\/\/www.facebook.com\/uni.lu\" \/>\n<meta property=\"og:image\" content=\"https:\/\/www.uni.lu\/wp-content\/uploads\/sites\/11\/2026\/03\/03120045\/UNIV_SM-Profile_1600x1600px-scaled.jpg\" \/>\n\t<meta property=\"og:image:width\" content=\"2560\" \/>\n\t<meta property=\"og:image:height\" content=\"2560\" \/>\n\t<meta property=\"og:image:type\" content=\"image\/jpeg\" \/>\n<meta name=\"twitter:card\" content=\"summary_large_image\" \/>\n<meta name=\"twitter:label1\" content=\"Dur\u00e9e de lecture estim\u00e9e\" \/>\n\t<meta name=\"twitter:data1\" content=\"1 minute\" \/>\n<script type=\"application\/ld+json\" class=\"yoast-schema-graph\">{\"@context\":\"https:\/\/schema.org\",\"@graph\":[{\"@type\":\"WebPage\",\"@id\":\"https:\/\/www.uni.lu\/fr\/events\/6-praxis-und-kontakttag-des-bachelor-en-sciences-sociales-et-educatives\/\",\"url\":\"https:\/\/www.uni.lu\/fr\/events\/6-praxis-und-kontakttag-des-bachelor-en-sciences-sociales-et-educatives\/\",\"name\":\"6. Praxis- und Kontakttag des Bachelor en Sciences Sociales et Educatives - Universit\u00e9 du Luxembourg\",\"isPartOf\":{\"@id\":\"https:\/\/www.uni.lu\/fr\/#website\"},\"primaryImageOfPage\":{\"@id\":\"https:\/\/www.uni.lu\/fr\/events\/6-praxis-und-kontakttag-des-bachelor-en-sciences-sociales-et-educatives\/#primaryimage\"},\"image\":{\"@id\":\"https:\/\/www.uni.lu\/fr\/events\/6-praxis-und-kontakttag-des-bachelor-en-sciences-sociales-et-educatives\/#primaryimage\"},\"thumbnailUrl\":\"https:\/\/www.uni.lu\/wp-content\/uploads\/sites\/11\/2018\/09\/6_praxis_und_kontakttag_des_bachelor_en_sciences_sociales_et_educatives.png\",\"datePublished\":\"2018-09-26T12:55:59+00:00\",\"dateModified\":\"2018-09-26T12:55:59+00:00\",\"description\":\"Thema des Tages: Was sind die Bed\u00fcrfnisse der Akteure der Sozialen Arbeit?\",\"breadcrumb\":{\"@id\":\"https:\/\/www.uni.lu\/fr\/events\/6-praxis-und-kontakttag-des-bachelor-en-sciences-sociales-et-educatives\/#breadcrumb\"},\"inLanguage\":\"fr-FR\",\"potentialAction\":[{\"@type\":\"ReadAction\",\"target\":[\"https:\/\/www.uni.lu\/fr\/events\/6-praxis-und-kontakttag-des-bachelor-en-sciences-sociales-et-educatives\/\"]}]},{\"@type\":\"ImageObject\",\"inLanguage\":\"fr-FR\",\"@id\":\"https:\/\/www.uni.lu\/fr\/events\/6-praxis-und-kontakttag-des-bachelor-en-sciences-sociales-et-educatives\/#primaryimage\",\"url\":\"https:\/\/www.uni.lu\/wp-content\/uploads\/sites\/11\/2018\/09\/6_praxis_und_kontakttag_des_bachelor_en_sciences_sociales_et_educatives.png\",\"contentUrl\":\"https:\/\/www.uni.lu\/wp-content\/uploads\/sites\/11\/2018\/09\/6_praxis_und_kontakttag_des_bachelor_en_sciences_sociales_et_educatives.png\",\"width\":927,\"height\":940},{\"@type\":\"BreadcrumbList\",\"@id\":\"https:\/\/www.uni.lu\/fr\/events\/6-praxis-und-kontakttag-des-bachelor-en-sciences-sociales-et-educatives\/#breadcrumb\",\"itemListElement\":[{\"@type\":\"ListItem\",\"position\":1,\"name\":\"Home\",\"item\":\"https:\/\/www.uni.lu\/fr\/\"},{\"@type\":\"ListItem\",\"position\":2,\"name\":\"Events\",\"item\":\"https:\/\/www.uni.lu\/fr\/events\/\"},{\"@type\":\"ListItem\",\"position\":3,\"name\":\"6. Praxis- und Kontakttag des Bachelor en Sciences Sociales et Educatives\"}]},{\"@type\":\"WebSite\",\"@id\":\"https:\/\/www.uni.lu\/fr\/#website\",\"url\":\"https:\/\/www.uni.lu\/fr\/\",\"name\":\"Uni.lu\",\"description\":\"Universit\u00e9 du Luxembourg\",\"publisher\":{\"@id\":\"https:\/\/www.uni.lu\/fr\/#organization\"},\"alternateName\":\"Universit\u00e9 du Luxembourg\",\"potentialAction\":[{\"@type\":\"SearchAction\",\"target\":{\"@type\":\"EntryPoint\",\"urlTemplate\":\"https:\/\/www.uni.lu\/fr\/?s={search_term_string}\"},\"query-input\":\"required name=search_term_string\"}],\"inLanguage\":\"fr-FR\"},{\"@type\":\"Organization\",\"@id\":\"https:\/\/www.uni.lu\/fr\/#organization\",\"name\":\"Universit\u00e9 du Luxembourg\",\"alternateName\":\"Uni.lu\",\"url\":\"https:\/\/www.uni.lu\/fr\/\",\"logo\":{\"@type\":\"ImageObject\",\"inLanguage\":\"fr-FR\",\"@id\":\"https:\/\/www.uni.lu\/fr\/#\/schema\/logo\/image\/\",\"url\":\"https:\/\/www.uni.lu\/wp-content\/uploads\/sites\/11\/2026\/03\/03120045\/UNIV_SM-Profile_1600x1600px-scaled.jpg\",\"contentUrl\":\"https:\/\/www.uni.lu\/wp-content\/uploads\/sites\/11\/2026\/03\/03120045\/UNIV_SM-Profile_1600x1600px-scaled.jpg\",\"width\":2560,\"height\":2560,\"caption\":\"Universit\u00e9 du Luxembourg\"},\"image\":\"https:\/\/www.uni.lu\/wp-content\/uploads\/sites\/11\/2026\/04\/24120552\/20200609-Belval-Campus_Henri-Goergen-23.jpg\",\"sameAs\":[\"https:\/\/www.facebook.com\/uni.lu\",\"https:\/\/www.linkedin.com\/school\/university-of-luxembourg\/\",\"https:\/\/www.instagram.com\/uni.lu\",\"https:\/\/www.youtube.com\/@uni_lu\",\"https:\/\/en.wikipedia.org\/wiki\/University_of_Luxembourg\"],\"email\":\"communication@uni.lu\",\"telephone\":\"+352 46 66 44 1\",\"address\":{\"@type\":\"PostalAddress\",\"streetAddress\":\"2, place de l\u2019Universit\u00e9\",\"addressLocality\":\"Esch-sur-Alzette\",\"postalCode\":\"4365\",\"addressCountry\":\"LU\"},\"description\":\"Universit\u00e9 du Luxembourg\"}]}<\/script>\n<!-- \/ Yoast SEO Premium plugin. -->","yoast_head_json":{"title":"6. Praxis- und Kontakttag des Bachelor en Sciences Sociales et Educatives - Universit\u00e9 du Luxembourg","description":"Thema des Tages: Was sind die Bed\u00fcrfnisse der Akteure der Sozialen Arbeit?","robots":{"index":"index","follow":"follow","max-snippet":"max-snippet:-1","max-image-preview":"max-image-preview:large","max-video-preview":"max-video-preview:-1"},"canonical":"https:\/\/www.uni.lu\/fr\/events\/6-praxis-und-kontakttag-des-bachelor-en-sciences-sociales-et-educatives\/","og_locale":"fr_FR","og_type":"article","og_title":"6. Praxis- und Kontakttag des Bachelor en Sciences Sociales et Educatives","og_description":"Thema des Tages: Was sind die Bed\u00fcrfnisse der Akteure der Sozialen Arbeit?","og_url":"https:\/\/www.uni.lu\/fr\/events\/6-praxis-und-kontakttag-des-bachelor-en-sciences-sociales-et-educatives\/","og_site_name":"UNI FR","article_publisher":"https:\/\/www.facebook.com\/uni.lu","og_image":[{"width":2560,"height":2560,"url":"https:\/\/www.uni.lu\/wp-content\/uploads\/sites\/11\/2026\/03\/03120045\/UNIV_SM-Profile_1600x1600px-scaled.jpg","type":"image\/jpeg"}],"twitter_card":"summary_large_image","twitter_misc":{"Dur\u00e9e de lecture estim\u00e9e":"1 minute"},"schema":{"@context":"https:\/\/schema.org","@graph":[{"@type":"WebPage","@id":"https:\/\/www.uni.lu\/fr\/events\/6-praxis-und-kontakttag-des-bachelor-en-sciences-sociales-et-educatives\/","url":"https:\/\/www.uni.lu\/fr\/events\/6-praxis-und-kontakttag-des-bachelor-en-sciences-sociales-et-educatives\/","name":"6. Praxis- und Kontakttag des Bachelor en Sciences Sociales et Educatives - Universit\u00e9 du Luxembourg","isPartOf":{"@id":"https:\/\/www.uni.lu\/fr\/#website"},"primaryImageOfPage":{"@id":"https:\/\/www.uni.lu\/fr\/events\/6-praxis-und-kontakttag-des-bachelor-en-sciences-sociales-et-educatives\/#primaryimage"},"image":{"@id":"https:\/\/www.uni.lu\/fr\/events\/6-praxis-und-kontakttag-des-bachelor-en-sciences-sociales-et-educatives\/#primaryimage"},"thumbnailUrl":"https:\/\/www.uni.lu\/wp-content\/uploads\/sites\/11\/2018\/09\/6_praxis_und_kontakttag_des_bachelor_en_sciences_sociales_et_educatives.png","datePublished":"2018-09-26T12:55:59+00:00","dateModified":"2018-09-26T12:55:59+00:00","description":"Thema des Tages: Was sind die Bed\u00fcrfnisse der Akteure der Sozialen Arbeit?","breadcrumb":{"@id":"https:\/\/www.uni.lu\/fr\/events\/6-praxis-und-kontakttag-des-bachelor-en-sciences-sociales-et-educatives\/#breadcrumb"},"inLanguage":"fr-FR","potentialAction":[{"@type":"ReadAction","target":["https:\/\/www.uni.lu\/fr\/events\/6-praxis-und-kontakttag-des-bachelor-en-sciences-sociales-et-educatives\/"]}]},{"@type":"ImageObject","inLanguage":"fr-FR","@id":"https:\/\/www.uni.lu\/fr\/events\/6-praxis-und-kontakttag-des-bachelor-en-sciences-sociales-et-educatives\/#primaryimage","url":"https:\/\/www.uni.lu\/wp-content\/uploads\/sites\/11\/2018\/09\/6_praxis_und_kontakttag_des_bachelor_en_sciences_sociales_et_educatives.png","contentUrl":"https:\/\/www.uni.lu\/wp-content\/uploads\/sites\/11\/2018\/09\/6_praxis_und_kontakttag_des_bachelor_en_sciences_sociales_et_educatives.png","width":927,"height":940},{"@type":"BreadcrumbList","@id":"https:\/\/www.uni.lu\/fr\/events\/6-praxis-und-kontakttag-des-bachelor-en-sciences-sociales-et-educatives\/#breadcrumb","itemListElement":[{"@type":"ListItem","position":1,"name":"Home","item":"https:\/\/www.uni.lu\/fr\/"},{"@type":"ListItem","position":2,"name":"Events","item":"https:\/\/www.uni.lu\/fr\/events\/"},{"@type":"ListItem","position":3,"name":"6. Praxis- und Kontakttag des Bachelor en Sciences Sociales et Educatives"}]},{"@type":"WebSite","@id":"https:\/\/www.uni.lu\/fr\/#website","url":"https:\/\/www.uni.lu\/fr\/","name":"Uni.lu","description":"Universit\u00e9 du Luxembourg","publisher":{"@id":"https:\/\/www.uni.lu\/fr\/#organization"},"alternateName":"Universit\u00e9 du Luxembourg","potentialAction":[{"@type":"SearchAction","target":{"@type":"EntryPoint","urlTemplate":"https:\/\/www.uni.lu\/fr\/?s={search_term_string}"},"query-input":"required name=search_term_string"}],"inLanguage":"fr-FR"},{"@type":"Organization","@id":"https:\/\/www.uni.lu\/fr\/#organization","name":"Universit\u00e9 du Luxembourg","alternateName":"Uni.lu","url":"https:\/\/www.uni.lu\/fr\/","logo":{"@type":"ImageObject","inLanguage":"fr-FR","@id":"https:\/\/www.uni.lu\/fr\/#\/schema\/logo\/image\/","url":"https:\/\/www.uni.lu\/wp-content\/uploads\/sites\/11\/2026\/03\/03120045\/UNIV_SM-Profile_1600x1600px-scaled.jpg","contentUrl":"https:\/\/www.uni.lu\/wp-content\/uploads\/sites\/11\/2026\/03\/03120045\/UNIV_SM-Profile_1600x1600px-scaled.jpg","width":2560,"height":2560,"caption":"Universit\u00e9 du Luxembourg"},"image":"https:\/\/www.uni.lu\/wp-content\/uploads\/sites\/11\/2026\/04\/24120552\/20200609-Belval-Campus_Henri-Goergen-23.jpg","sameAs":["https:\/\/www.facebook.com\/uni.lu","https:\/\/www.linkedin.com\/school\/university-of-luxembourg\/","https:\/\/www.instagram.com\/uni.lu","https:\/\/www.youtube.com\/@uni_lu","https:\/\/en.wikipedia.org\/wiki\/University_of_Luxembourg"],"email":"communication@uni.lu","telephone":"+352 46 66 44 1","address":{"@type":"PostalAddress","streetAddress":"2, place de l\u2019Universit\u00e9","addressLocality":"Esch-sur-Alzette","postalCode":"4365","addressCountry":"LU"},"description":"Universit\u00e9 du Luxembourg"}]}},"_links":{"self":[{"href":"https:\/\/www.uni.lu\/fr\/wp-json\/wp\/v2\/events\/7173"}],"collection":[{"href":"https:\/\/www.uni.lu\/fr\/wp-json\/wp\/v2\/events"}],"about":[{"href":"https:\/\/www.uni.lu\/fr\/wp-json\/wp\/v2\/types\/events"}],"replies":[{"embeddable":true,"href":"https:\/\/www.uni.lu\/fr\/wp-json\/wp\/v2\/comments?post=7173"}],"version-history":[{"count":0,"href":"https:\/\/www.uni.lu\/fr\/wp-json\/wp\/v2\/events\/7173\/revisions"}],"wp:featuredmedia":[{"embeddable":true,"href":"https:\/\/www.uni.lu\/fr\/wp-json\/wp\/v2\/media\/7174"}],"wp:attachment":[{"href":"https:\/\/www.uni.lu\/fr\/wp-json\/wp\/v2\/media?parent=7173"}],"wp:term":[{"taxonomy":"events-topic","embeddable":true,"href":"https:\/\/www.uni.lu\/fr\/wp-json\/wp\/v2\/events-topic?post=7173"},{"taxonomy":"events-type","embeddable":true,"href":"https:\/\/www.uni.lu\/fr\/wp-json\/wp\/v2\/events-type?post=7173"},{"taxonomy":"organisation","embeddable":true,"href":"https:\/\/www.uni.lu\/fr\/wp-json\/wp\/v2\/organisation?post=7173"}],"curies":[{"name":"wp","href":"https:\/\/api.w.org\/{rel}","templated":true}]}}