{"id":7157,"date":"2018-09-21T17:03:09","date_gmt":"2018-09-21T15:03:09","guid":{"rendered":"https:\/\/www.uni.lu\/fr\/events\/raumplanung-im-wandel\/"},"modified":"2018-09-21T17:03:09","modified_gmt":"2018-09-21T15:03:09","slug":"raumplanung-im-wandel","status":"publish","type":"events","link":"https:\/\/www.uni.lu\/fr\/events\/raumplanung-im-wandel\/","title":{"rendered":"Raumplanung im Wandel"},"content":{"rendered":"<section class=\"wp-block-unilux-blocks-free-section section\"><div class=\"container xl:max-w-screen-xl\"><p>\u00a0Die\u00a0ESPON\u00a0Kontaktstelle Luxemburg, l\u00e4dt Sie in Zusammenarbeit mit\u00a0dem Ministerium f\u00fcr nachhaltige Entwicklung und Infrastruktur,\u00a0 zu zwei Seminaren unter dem Motto \u201eRaumplanung im Wandel\u201c ein.<\/p><p>In Luxemburg hat die Neufassung des Nationales Raumentwicklungsprogrammes (Programme directeur d\u2019am\u00e9nagement du territoire, PDAT) von 2003, territoriale Entwicklungen, auch in Zusammenhang mit der Wachstumsfrage, weiter in den Fokus der \u00d6ffentlichkeit gebracht.<\/p><p>Das Seminar bietet eine M\u00f6glichkeit aktuelle Trends und Entwicklungen innerhalb Europas n\u00e4her zu betrachten. Daher wird zun\u00e4chst die\u00a0\u00a0ESPON Studie COMPASS (Comparative Analysis of Territorial Governance and Spatial Planning Systems in Europe) vorgestellt, um daraufhin aktuelle Tendenzen in drei L\u00e4ndern (Niederlande, Belgien, Schweiz) genauer zu betrachten und diese mit der Situation in Luxemburg zu vergleichen.<\/p><p>Nachmittags steht das Thema Partizipation in der Raumplanung im Vordergrund. Der Workshop bietet die Gelegenheit, \u00f6ffentliche Beteiligungsprozesse zu diskutieren und die Ergebnisse dieser Prozesse in Raumplanungsstrategien zu integrieren. Die aktuelle durchgef\u00fchrte B\u00fcrgerkampagne zum PDAT steht dabei im Fokus. Zus\u00e4tzlich werden andere Beispiele aus weiteren ESPON L\u00e4ndern vorgestellt und mitdiskutiert.<\/p><p>Die Konferenz wird interaktiv zwischen Fachleuten aus der Praxis und Forschung organisiert und f\u00f6rdert den Erfahrungsaustausch \u00fcber Methoden und Gesetze in der Raumplanung sowie die Beteiligung der B\u00fcrger innerhalb der Planung.<\/p><p>Das Seminar richtet sich gezielt an Anwender\/innen aus Planungsb\u00fcros, Verb\u00e4nden und der \u00f6ffentlichen Verwaltung sowie an Wissenschaftler\/innen, die innerhalb der Raumplanung t\u00e4tig sind.<\/p><p>Arbeitssprachen: Franz\u00f6sisch, Deutsch, Englisch (Simultan\u00fcbersetzung).<\/p><\/div><\/section>","protected":false},"excerpt":{"rendered":"","protected":false},"author":0,"featured_media":7158,"parent":0,"menu_order":0,"comment_status":"open","ping_status":"closed","template":"","format":"standard","meta":{"featured_image_focal_point":[],"show_featured_caption":false,"ulux_newsletter_groups":"","uluxPostTitle":"","uluxPrePostTitle":"","_trash_the_other_posts":false,"_price":"","_stock":"","_tribe_ticket_header":"","_tribe_default_ticket_provider":"","_tribe_ticket_capacity":"0","_ticket_start_date":"","_ticket_end_date":"","_tribe_ticket_show_description":"","_tribe_ticket_show_not_going":false,"_tribe_ticket_use_global_stock":"","_tribe_ticket_global_stock_level":"","_global_stock_mode":"","_global_stock_cap":"","_tribe_rsvp_for_event":"","_tribe_ticket_going_count":"","_tribe_ticket_not_going_count":"","_tribe_tickets_list":"[]","_tribe_ticket_has_attendee_info_fields":false,"event_start_date":"2018-09-24 09:00:00","event_end_date":"2018-09-24 17:00:00","event_speaker_name":"","event_speaker_link":"","event_is_online":false,"event_location":"Campus Belval, Maison des Sciences Humaines, Black Box","event_street":"11, porte des Sciences","event_location_link":"","event_zip_code":"L-4366","event_city":"Esch-sur-Alzette","event_country":"LU"},"events-topic":[],"events-type":[],"organisation":[147,226],"authorship":[],"acf":[],"yoast_head":"<!-- This site is optimized with the Yoast SEO Premium plugin v22.3 (Yoast SEO v22.3) - https:\/\/yoast.com\/wordpress\/plugins\/seo\/ -->\n<title>Raumplanung im Wandel - Universit\u00e9 du Luxembourg<\/title>\n<meta name=\"description\" content=\"\u00a0Die\u00a0ESPON\u00a0Kontaktstelle Luxemburg, l\u00e4dt Sie in Zusammenarbeit mit\u00a0dem Ministerium f\u00fcr nachhaltige Entwicklung und Infrastruktur,\u00a0 zu zwei Seminaren unter\" \/>\n<meta name=\"robots\" content=\"index, follow, max-snippet:-1, max-image-preview:large, max-video-preview:-1\" \/>\n<link rel=\"canonical\" href=\"https:\/\/www.uni.lu\/fr\/events\/raumplanung-im-wandel\/\" \/>\n<meta property=\"og:locale\" content=\"fr_FR\" \/>\n<meta property=\"og:type\" content=\"article\" \/>\n<meta property=\"og:title\" content=\"Raumplanung im Wandel\" \/>\n<meta property=\"og:description\" content=\"\u00a0Die\u00a0ESPON\u00a0Kontaktstelle Luxemburg, l\u00e4dt Sie in Zusammenarbeit mit\u00a0dem Ministerium f\u00fcr nachhaltige Entwicklung und Infrastruktur,\u00a0 zu zwei Seminaren unter\" \/>\n<meta property=\"og:url\" content=\"https:\/\/www.uni.lu\/fr\/events\/raumplanung-im-wandel\/\" \/>\n<meta property=\"og:site_name\" content=\"UNI FR\" \/>\n<meta property=\"article:publisher\" content=\"https:\/\/www.facebook.com\/uni.lu\" \/>\n<meta property=\"og:image\" content=\"https:\/\/www.uni.lu\/wp-content\/uploads\/sites\/11\/2026\/03\/03120045\/UNIV_SM-Profile_1600x1600px-scaled.jpg\" \/>\n\t<meta property=\"og:image:width\" content=\"2560\" \/>\n\t<meta property=\"og:image:height\" content=\"2560\" \/>\n\t<meta property=\"og:image:type\" content=\"image\/jpeg\" \/>\n<meta name=\"twitter:card\" content=\"summary_large_image\" \/>\n<meta name=\"twitter:label1\" content=\"Dur\u00e9e de lecture estim\u00e9e\" \/>\n\t<meta name=\"twitter:data1\" content=\"1 minute\" \/>\n<script type=\"application\/ld+json\" class=\"yoast-schema-graph\">{\"@context\":\"https:\/\/schema.org\",\"@graph\":[{\"@type\":\"WebPage\",\"@id\":\"https:\/\/www.uni.lu\/fr\/events\/raumplanung-im-wandel\/\",\"url\":\"https:\/\/www.uni.lu\/fr\/events\/raumplanung-im-wandel\/\",\"name\":\"Raumplanung im Wandel - Universit\u00e9 du Luxembourg\",\"isPartOf\":{\"@id\":\"https:\/\/www.uni.lu\/fr\/#website\"},\"primaryImageOfPage\":{\"@id\":\"https:\/\/www.uni.lu\/fr\/events\/raumplanung-im-wandel\/#primaryimage\"},\"image\":{\"@id\":\"https:\/\/www.uni.lu\/fr\/events\/raumplanung-im-wandel\/#primaryimage\"},\"thumbnailUrl\":\"https:\/\/www.uni.lu\/wp-content\/uploads\/sites\/11\/2018\/09\/default-18.jpg\",\"datePublished\":\"2018-09-21T15:03:09+00:00\",\"dateModified\":\"2018-09-21T15:03:09+00:00\",\"description\":\"\u00a0Die\u00a0ESPON\u00a0Kontaktstelle Luxemburg, l\u00e4dt Sie in Zusammenarbeit mit\u00a0dem Ministerium f\u00fcr nachhaltige Entwicklung und Infrastruktur,\u00a0 zu zwei Seminaren unter\",\"breadcrumb\":{\"@id\":\"https:\/\/www.uni.lu\/fr\/events\/raumplanung-im-wandel\/#breadcrumb\"},\"inLanguage\":\"fr-FR\",\"potentialAction\":[{\"@type\":\"ReadAction\",\"target\":[\"https:\/\/www.uni.lu\/fr\/events\/raumplanung-im-wandel\/\"]}]},{\"@type\":\"ImageObject\",\"inLanguage\":\"fr-FR\",\"@id\":\"https:\/\/www.uni.lu\/fr\/events\/raumplanung-im-wandel\/#primaryimage\",\"url\":\"https:\/\/www.uni.lu\/wp-content\/uploads\/sites\/11\/2018\/09\/default-18.jpg\",\"contentUrl\":\"https:\/\/www.uni.lu\/wp-content\/uploads\/sites\/11\/2018\/09\/default-18.jpg\",\"width\":1500,\"height\":1125},{\"@type\":\"BreadcrumbList\",\"@id\":\"https:\/\/www.uni.lu\/fr\/events\/raumplanung-im-wandel\/#breadcrumb\",\"itemListElement\":[{\"@type\":\"ListItem\",\"position\":1,\"name\":\"Home\",\"item\":\"https:\/\/www.uni.lu\/fr\/\"},{\"@type\":\"ListItem\",\"position\":2,\"name\":\"Events\",\"item\":\"https:\/\/www.uni.lu\/fr\/events\/\"},{\"@type\":\"ListItem\",\"position\":3,\"name\":\"Raumplanung im Wandel\"}]},{\"@type\":\"WebSite\",\"@id\":\"https:\/\/www.uni.lu\/fr\/#website\",\"url\":\"https:\/\/www.uni.lu\/fr\/\",\"name\":\"Uni.lu\",\"description\":\"Universit\u00e9 du Luxembourg\",\"publisher\":{\"@id\":\"https:\/\/www.uni.lu\/fr\/#organization\"},\"alternateName\":\"Universit\u00e9 du Luxembourg\",\"potentialAction\":[{\"@type\":\"SearchAction\",\"target\":{\"@type\":\"EntryPoint\",\"urlTemplate\":\"https:\/\/www.uni.lu\/fr\/?s={search_term_string}\"},\"query-input\":\"required name=search_term_string\"}],\"inLanguage\":\"fr-FR\"},{\"@type\":\"Organization\",\"@id\":\"https:\/\/www.uni.lu\/fr\/#organization\",\"name\":\"Universit\u00e9 du Luxembourg\",\"alternateName\":\"Uni.lu\",\"url\":\"https:\/\/www.uni.lu\/fr\/\",\"logo\":{\"@type\":\"ImageObject\",\"inLanguage\":\"fr-FR\",\"@id\":\"https:\/\/www.uni.lu\/fr\/#\/schema\/logo\/image\/\",\"url\":\"https:\/\/www.uni.lu\/wp-content\/uploads\/sites\/11\/2026\/03\/03120045\/UNIV_SM-Profile_1600x1600px-scaled.jpg\",\"contentUrl\":\"https:\/\/www.uni.lu\/wp-content\/uploads\/sites\/11\/2026\/03\/03120045\/UNIV_SM-Profile_1600x1600px-scaled.jpg\",\"width\":2560,\"height\":2560,\"caption\":\"Universit\u00e9 du Luxembourg\"},\"image\":\"https:\/\/www.uni.lu\/wp-content\/uploads\/sites\/11\/2026\/04\/24120552\/20200609-Belval-Campus_Henri-Goergen-23.jpg\",\"sameAs\":[\"https:\/\/www.facebook.com\/uni.lu\",\"https:\/\/www.linkedin.com\/school\/university-of-luxembourg\/\",\"https:\/\/www.instagram.com\/uni.lu\",\"https:\/\/www.youtube.com\/@uni_lu\",\"https:\/\/en.wikipedia.org\/wiki\/University_of_Luxembourg\"],\"email\":\"communication@uni.lu\",\"telephone\":\"+352 46 66 44 1\",\"address\":{\"@type\":\"PostalAddress\",\"streetAddress\":\"2, place de l\u2019Universit\u00e9\",\"addressLocality\":\"Esch-sur-Alzette\",\"postalCode\":\"4365\",\"addressCountry\":\"LU\"},\"description\":\"Universit\u00e9 du Luxembourg\"}]}<\/script>\n<!-- \/ Yoast SEO Premium plugin. -->","yoast_head_json":{"title":"Raumplanung im Wandel - Universit\u00e9 du Luxembourg","description":"\u00a0Die\u00a0ESPON\u00a0Kontaktstelle Luxemburg, l\u00e4dt Sie in Zusammenarbeit mit\u00a0dem Ministerium f\u00fcr nachhaltige Entwicklung und Infrastruktur,\u00a0 zu zwei Seminaren unter","robots":{"index":"index","follow":"follow","max-snippet":"max-snippet:-1","max-image-preview":"max-image-preview:large","max-video-preview":"max-video-preview:-1"},"canonical":"https:\/\/www.uni.lu\/fr\/events\/raumplanung-im-wandel\/","og_locale":"fr_FR","og_type":"article","og_title":"Raumplanung im Wandel","og_description":"\u00a0Die\u00a0ESPON\u00a0Kontaktstelle Luxemburg, l\u00e4dt Sie in Zusammenarbeit mit\u00a0dem Ministerium f\u00fcr nachhaltige Entwicklung und Infrastruktur,\u00a0 zu zwei Seminaren unter","og_url":"https:\/\/www.uni.lu\/fr\/events\/raumplanung-im-wandel\/","og_site_name":"UNI FR","article_publisher":"https:\/\/www.facebook.com\/uni.lu","og_image":[{"width":2560,"height":2560,"url":"https:\/\/www.uni.lu\/wp-content\/uploads\/sites\/11\/2026\/03\/03120045\/UNIV_SM-Profile_1600x1600px-scaled.jpg","type":"image\/jpeg"}],"twitter_card":"summary_large_image","twitter_misc":{"Dur\u00e9e de lecture estim\u00e9e":"1 minute"},"schema":{"@context":"https:\/\/schema.org","@graph":[{"@type":"WebPage","@id":"https:\/\/www.uni.lu\/fr\/events\/raumplanung-im-wandel\/","url":"https:\/\/www.uni.lu\/fr\/events\/raumplanung-im-wandel\/","name":"Raumplanung im Wandel - Universit\u00e9 du Luxembourg","isPartOf":{"@id":"https:\/\/www.uni.lu\/fr\/#website"},"primaryImageOfPage":{"@id":"https:\/\/www.uni.lu\/fr\/events\/raumplanung-im-wandel\/#primaryimage"},"image":{"@id":"https:\/\/www.uni.lu\/fr\/events\/raumplanung-im-wandel\/#primaryimage"},"thumbnailUrl":"https:\/\/www.uni.lu\/wp-content\/uploads\/sites\/11\/2018\/09\/default-18.jpg","datePublished":"2018-09-21T15:03:09+00:00","dateModified":"2018-09-21T15:03:09+00:00","description":"\u00a0Die\u00a0ESPON\u00a0Kontaktstelle Luxemburg, l\u00e4dt Sie in Zusammenarbeit mit\u00a0dem Ministerium f\u00fcr nachhaltige Entwicklung und Infrastruktur,\u00a0 zu zwei Seminaren unter","breadcrumb":{"@id":"https:\/\/www.uni.lu\/fr\/events\/raumplanung-im-wandel\/#breadcrumb"},"inLanguage":"fr-FR","potentialAction":[{"@type":"ReadAction","target":["https:\/\/www.uni.lu\/fr\/events\/raumplanung-im-wandel\/"]}]},{"@type":"ImageObject","inLanguage":"fr-FR","@id":"https:\/\/www.uni.lu\/fr\/events\/raumplanung-im-wandel\/#primaryimage","url":"https:\/\/www.uni.lu\/wp-content\/uploads\/sites\/11\/2018\/09\/default-18.jpg","contentUrl":"https:\/\/www.uni.lu\/wp-content\/uploads\/sites\/11\/2018\/09\/default-18.jpg","width":1500,"height":1125},{"@type":"BreadcrumbList","@id":"https:\/\/www.uni.lu\/fr\/events\/raumplanung-im-wandel\/#breadcrumb","itemListElement":[{"@type":"ListItem","position":1,"name":"Home","item":"https:\/\/www.uni.lu\/fr\/"},{"@type":"ListItem","position":2,"name":"Events","item":"https:\/\/www.uni.lu\/fr\/events\/"},{"@type":"ListItem","position":3,"name":"Raumplanung im Wandel"}]},{"@type":"WebSite","@id":"https:\/\/www.uni.lu\/fr\/#website","url":"https:\/\/www.uni.lu\/fr\/","name":"Uni.lu","description":"Universit\u00e9 du Luxembourg","publisher":{"@id":"https:\/\/www.uni.lu\/fr\/#organization"},"alternateName":"Universit\u00e9 du Luxembourg","potentialAction":[{"@type":"SearchAction","target":{"@type":"EntryPoint","urlTemplate":"https:\/\/www.uni.lu\/fr\/?s={search_term_string}"},"query-input":"required name=search_term_string"}],"inLanguage":"fr-FR"},{"@type":"Organization","@id":"https:\/\/www.uni.lu\/fr\/#organization","name":"Universit\u00e9 du Luxembourg","alternateName":"Uni.lu","url":"https:\/\/www.uni.lu\/fr\/","logo":{"@type":"ImageObject","inLanguage":"fr-FR","@id":"https:\/\/www.uni.lu\/fr\/#\/schema\/logo\/image\/","url":"https:\/\/www.uni.lu\/wp-content\/uploads\/sites\/11\/2026\/03\/03120045\/UNIV_SM-Profile_1600x1600px-scaled.jpg","contentUrl":"https:\/\/www.uni.lu\/wp-content\/uploads\/sites\/11\/2026\/03\/03120045\/UNIV_SM-Profile_1600x1600px-scaled.jpg","width":2560,"height":2560,"caption":"Universit\u00e9 du Luxembourg"},"image":"https:\/\/www.uni.lu\/wp-content\/uploads\/sites\/11\/2026\/04\/24120552\/20200609-Belval-Campus_Henri-Goergen-23.jpg","sameAs":["https:\/\/www.facebook.com\/uni.lu","https:\/\/www.linkedin.com\/school\/university-of-luxembourg\/","https:\/\/www.instagram.com\/uni.lu","https:\/\/www.youtube.com\/@uni_lu","https:\/\/en.wikipedia.org\/wiki\/University_of_Luxembourg"],"email":"communication@uni.lu","telephone":"+352 46 66 44 1","address":{"@type":"PostalAddress","streetAddress":"2, place de l\u2019Universit\u00e9","addressLocality":"Esch-sur-Alzette","postalCode":"4365","addressCountry":"LU"},"description":"Universit\u00e9 du Luxembourg"}]}},"_links":{"self":[{"href":"https:\/\/www.uni.lu\/fr\/wp-json\/wp\/v2\/events\/7157"}],"collection":[{"href":"https:\/\/www.uni.lu\/fr\/wp-json\/wp\/v2\/events"}],"about":[{"href":"https:\/\/www.uni.lu\/fr\/wp-json\/wp\/v2\/types\/events"}],"replies":[{"embeddable":true,"href":"https:\/\/www.uni.lu\/fr\/wp-json\/wp\/v2\/comments?post=7157"}],"version-history":[{"count":0,"href":"https:\/\/www.uni.lu\/fr\/wp-json\/wp\/v2\/events\/7157\/revisions"}],"wp:featuredmedia":[{"embeddable":true,"href":"https:\/\/www.uni.lu\/fr\/wp-json\/wp\/v2\/media\/7158"}],"wp:attachment":[{"href":"https:\/\/www.uni.lu\/fr\/wp-json\/wp\/v2\/media?parent=7157"}],"wp:term":[{"taxonomy":"events-topic","embeddable":true,"href":"https:\/\/www.uni.lu\/fr\/wp-json\/wp\/v2\/events-topic?post=7157"},{"taxonomy":"events-type","embeddable":true,"href":"https:\/\/www.uni.lu\/fr\/wp-json\/wp\/v2\/events-type?post=7157"},{"taxonomy":"organisation","embeddable":true,"href":"https:\/\/www.uni.lu\/fr\/wp-json\/wp\/v2\/organisation?post=7157"}],"curies":[{"name":"wp","href":"https:\/\/api.w.org\/{rel}","templated":true}]}}