{"id":7143,"date":"2018-09-19T17:42:21","date_gmt":"2018-09-19T15:42:21","guid":{"rendered":"https:\/\/www.uni.lu\/fr\/events\/cycle-de-conferences-interpreter-la-litterature-numerique\/"},"modified":"2018-09-19T17:42:21","modified_gmt":"2018-09-19T15:42:21","slug":"cycle-de-conferences-interpreter-la-litterature-numerique","status":"publish","type":"events","link":"https:\/\/www.uni.lu\/fr\/events\/cycle-de-conferences-interpreter-la-litterature-numerique\/","title":{"rendered":"Cycle de conf\u00e9rences: Interpr\u00e9ter la litt\u00e9rature num\u00e9rique"},"content":{"rendered":"<section class=\"wp-block-unilux-blocks-free-section section\"><div class=\"container xl:max-w-screen-xl\"><p>Organisation: Institut d\u2019\u00c9tudes Romanes, M\u00e9dias et Arts (IRMA) de l\u2019Universit\u00e9 du Luxembourg en partenariat avec le Cercle Cit\u00e9<\/p><p>Qu\u2019est-ce qu\u2019interpr\u00e9ter? Quel est le sens de l\u2019interpr\u00e9tation ? Ces enjeux, essentiels en sciences humaines, continuent aujourd\u2019hui \u00e0 \u00eatre au coeur des d\u00e9fis soci\u00e9taux.<\/p><p>Comment lire un texte litt\u00e9raire ? Comment regarder un tableau, une photographie, un film ? Que dire d\u2019une performance ?<\/p><p>Des sens au sens : percevoir, est\u2011ce comprendre ?<\/p><p>Ce cycle de conf\u00e9rences se propose d\u2019interroger les m\u00e9canismes mis en oeuvre et leurs dimensions socio-culturelle et politique.\u00a0<\/p><p>Entr\u00e9e libre. La participation aux conf\u00e9rences peut \u00eatre attest\u00e9e en vue de la formation continue des enseignants (IFEN).<\/p><p>Contacts: <a href=\"mailto:marion.colas@uni.lu\" target=\"_self\" title=\"\" rel=\"noopener\">Marion Colas-Blaise<\/a> et <a href=\"mailto:tonia.raus@ext.uni.lu\" target=\"_self\" title=\"\" rel=\"noopener\">Tonia Raus<\/a>\u00a0<\/p><\/div><\/section>","protected":false},"excerpt":{"rendered":"<p>Organisation: Institut d\u2019\u00c9tudes Romanes, M\u00e9dias et Arts (IRMA) de l\u2019Universit\u00e9 du Luxembourg en partenariat avec le Cercle Cit\u00e9<\/p>\n","protected":false},"author":0,"featured_media":7144,"parent":0,"menu_order":0,"comment_status":"open","ping_status":"closed","template":"","format":"standard","meta":{"featured_image_focal_point":[],"show_featured_caption":false,"ulux_newsletter_groups":"","uluxPostTitle":"","uluxPrePostTitle":"","_trash_the_other_posts":false,"_price":"","_stock":"","_tribe_ticket_header":"","_tribe_default_ticket_provider":"","_tribe_ticket_capacity":"0","_ticket_start_date":"","_ticket_end_date":"","_tribe_ticket_show_description":"","_tribe_ticket_show_not_going":false,"_tribe_ticket_use_global_stock":"","_tribe_ticket_global_stock_level":"","_global_stock_mode":"","_global_stock_cap":"","_tribe_rsvp_for_event":"","_tribe_ticket_going_count":"","_tribe_ticket_not_going_count":"","_tribe_tickets_list":"[]","_tribe_ticket_has_attendee_info_fields":false,"event_start_date":"2019-03-08 17:30:00","event_end_date":"2019-03-08 19:00:00","event_speaker_name":"Serge Bouchardon, Universit\u00e9 de technologie de Compi\u00e8gne","event_speaker_link":"","event_is_online":false,"event_location":"Cercle Cit\u00e9 Luxembourg, Cit\u00e9 Auditorium\r\n","event_street":"3, rue Genistre","event_location_link":"","event_zip_code":"","event_city":"Luxembourg","event_country":"LU"},"events-topic":[],"events-type":[],"organisation":[147,226],"authorship":[],"acf":[],"yoast_head":"<!-- This site is optimized with the Yoast SEO Premium plugin v22.3 (Yoast SEO v22.3) - https:\/\/yoast.com\/wordpress\/plugins\/seo\/ -->\n<title>Cycle de conf\u00e9rences: Interpr\u00e9ter la litt\u00e9rature num\u00e9rique - Universit\u00e9 du Luxembourg<\/title>\n<meta name=\"description\" content=\"Organisation: Institut d\u2019\u00c9tudes Romanes, M\u00e9dias et Arts (IRMA) de l\u2019Universit\u00e9 du Luxembourg en partenariat avec le Cercle Cit\u00e9\" \/>\n<meta name=\"robots\" content=\"index, follow, max-snippet:-1, max-image-preview:large, max-video-preview:-1\" \/>\n<link rel=\"canonical\" href=\"https:\/\/www.uni.lu\/fr\/events\/cycle-de-conferences-interpreter-la-litterature-numerique\/\" \/>\n<meta property=\"og:locale\" content=\"fr_FR\" \/>\n<meta property=\"og:type\" content=\"article\" \/>\n<meta property=\"og:title\" content=\"Cycle de conf\u00e9rences: Interpr\u00e9ter la litt\u00e9rature num\u00e9rique\" \/>\n<meta property=\"og:description\" content=\"Organisation: Institut d\u2019\u00c9tudes Romanes, M\u00e9dias et Arts (IRMA) de l\u2019Universit\u00e9 du Luxembourg en partenariat avec le Cercle Cit\u00e9\" \/>\n<meta property=\"og:url\" content=\"https:\/\/www.uni.lu\/fr\/events\/cycle-de-conferences-interpreter-la-litterature-numerique\/\" \/>\n<meta property=\"og:site_name\" content=\"UNI FR\" \/>\n<meta property=\"article:publisher\" content=\"https:\/\/www.facebook.com\/uni.lu\" \/>\n<meta property=\"og:image\" content=\"https:\/\/www.uni.lu\/wp-content\/uploads\/sites\/11\/2026\/03\/03120045\/UNIV_SM-Profile_1600x1600px-scaled.jpg\" \/>\n\t<meta property=\"og:image:width\" content=\"2560\" \/>\n\t<meta property=\"og:image:height\" content=\"2560\" \/>\n\t<meta property=\"og:image:type\" content=\"image\/jpeg\" \/>\n<meta name=\"twitter:card\" content=\"summary_large_image\" \/>\n<meta name=\"twitter:label1\" content=\"Dur\u00e9e de lecture estim\u00e9e\" \/>\n\t<meta name=\"twitter:data1\" content=\"1 minute\" \/>\n<script type=\"application\/ld+json\" class=\"yoast-schema-graph\">{\"@context\":\"https:\/\/schema.org\",\"@graph\":[{\"@type\":\"WebPage\",\"@id\":\"https:\/\/www.uni.lu\/fr\/events\/cycle-de-conferences-interpreter-la-litterature-numerique\/\",\"url\":\"https:\/\/www.uni.lu\/fr\/events\/cycle-de-conferences-interpreter-la-litterature-numerique\/\",\"name\":\"Cycle de conf\u00e9rences: Interpr\u00e9ter la litt\u00e9rature num\u00e9rique - Universit\u00e9 du Luxembourg\",\"isPartOf\":{\"@id\":\"https:\/\/www.uni.lu\/fr\/#website\"},\"primaryImageOfPage\":{\"@id\":\"https:\/\/www.uni.lu\/fr\/events\/cycle-de-conferences-interpreter-la-litterature-numerique\/#primaryimage\"},\"image\":{\"@id\":\"https:\/\/www.uni.lu\/fr\/events\/cycle-de-conferences-interpreter-la-litterature-numerique\/#primaryimage\"},\"thumbnailUrl\":\"https:\/\/www.uni.lu\/wp-content\/uploads\/sites\/11\/2018\/09\/cycle_de_conferences_interpreter_la_litterature_numerique.jpg\",\"datePublished\":\"2018-09-19T15:42:21+00:00\",\"dateModified\":\"2018-09-19T15:42:21+00:00\",\"description\":\"Organisation: Institut d\u2019\u00c9tudes Romanes, M\u00e9dias et Arts (IRMA) de l\u2019Universit\u00e9 du Luxembourg en partenariat avec le Cercle Cit\u00e9\",\"breadcrumb\":{\"@id\":\"https:\/\/www.uni.lu\/fr\/events\/cycle-de-conferences-interpreter-la-litterature-numerique\/#breadcrumb\"},\"inLanguage\":\"fr-FR\",\"potentialAction\":[{\"@type\":\"ReadAction\",\"target\":[\"https:\/\/www.uni.lu\/fr\/events\/cycle-de-conferences-interpreter-la-litterature-numerique\/\"]}]},{\"@type\":\"ImageObject\",\"inLanguage\":\"fr-FR\",\"@id\":\"https:\/\/www.uni.lu\/fr\/events\/cycle-de-conferences-interpreter-la-litterature-numerique\/#primaryimage\",\"url\":\"https:\/\/www.uni.lu\/wp-content\/uploads\/sites\/11\/2018\/09\/cycle_de_conferences_interpreter_la_litterature_numerique.jpg\",\"contentUrl\":\"https:\/\/www.uni.lu\/wp-content\/uploads\/sites\/11\/2018\/09\/cycle_de_conferences_interpreter_la_litterature_numerique.jpg\",\"width\":691,\"height\":732},{\"@type\":\"BreadcrumbList\",\"@id\":\"https:\/\/www.uni.lu\/fr\/events\/cycle-de-conferences-interpreter-la-litterature-numerique\/#breadcrumb\",\"itemListElement\":[{\"@type\":\"ListItem\",\"position\":1,\"name\":\"Home\",\"item\":\"https:\/\/www.uni.lu\/fr\/\"},{\"@type\":\"ListItem\",\"position\":2,\"name\":\"Events\",\"item\":\"https:\/\/www.uni.lu\/fr\/events\/\"},{\"@type\":\"ListItem\",\"position\":3,\"name\":\"Cycle de conf\u00e9rences: Interpr\u00e9ter la litt\u00e9rature num\u00e9rique\"}]},{\"@type\":\"WebSite\",\"@id\":\"https:\/\/www.uni.lu\/fr\/#website\",\"url\":\"https:\/\/www.uni.lu\/fr\/\",\"name\":\"Uni.lu\",\"description\":\"Universit\u00e9 du Luxembourg\",\"publisher\":{\"@id\":\"https:\/\/www.uni.lu\/fr\/#organization\"},\"alternateName\":\"Universit\u00e9 du Luxembourg\",\"potentialAction\":[{\"@type\":\"SearchAction\",\"target\":{\"@type\":\"EntryPoint\",\"urlTemplate\":\"https:\/\/www.uni.lu\/fr\/?s={search_term_string}\"},\"query-input\":\"required name=search_term_string\"}],\"inLanguage\":\"fr-FR\"},{\"@type\":\"Organization\",\"@id\":\"https:\/\/www.uni.lu\/fr\/#organization\",\"name\":\"Universit\u00e9 du Luxembourg\",\"alternateName\":\"Uni.lu\",\"url\":\"https:\/\/www.uni.lu\/fr\/\",\"logo\":{\"@type\":\"ImageObject\",\"inLanguage\":\"fr-FR\",\"@id\":\"https:\/\/www.uni.lu\/fr\/#\/schema\/logo\/image\/\",\"url\":\"https:\/\/www.uni.lu\/wp-content\/uploads\/sites\/11\/2026\/03\/03120045\/UNIV_SM-Profile_1600x1600px-scaled.jpg\",\"contentUrl\":\"https:\/\/www.uni.lu\/wp-content\/uploads\/sites\/11\/2026\/03\/03120045\/UNIV_SM-Profile_1600x1600px-scaled.jpg\",\"width\":2560,\"height\":2560,\"caption\":\"Universit\u00e9 du Luxembourg\"},\"image\":\"https:\/\/www.uni.lu\/wp-content\/uploads\/sites\/11\/2026\/04\/24120552\/20200609-Belval-Campus_Henri-Goergen-23.jpg\",\"sameAs\":[\"https:\/\/www.facebook.com\/uni.lu\",\"https:\/\/www.linkedin.com\/school\/university-of-luxembourg\/\",\"https:\/\/www.instagram.com\/uni.lu\",\"https:\/\/www.youtube.com\/@uni_lu\",\"https:\/\/en.wikipedia.org\/wiki\/University_of_Luxembourg\"],\"email\":\"communication@uni.lu\",\"telephone\":\"+352 46 66 44 1\",\"address\":{\"@type\":\"PostalAddress\",\"streetAddress\":\"2, place de l\u2019Universit\u00e9\",\"addressLocality\":\"Esch-sur-Alzette\",\"postalCode\":\"4365\",\"addressCountry\":\"LU\"},\"description\":\"Universit\u00e9 du Luxembourg\"}]}<\/script>\n<!-- \/ Yoast SEO Premium plugin. -->","yoast_head_json":{"title":"Cycle de conf\u00e9rences: Interpr\u00e9ter la litt\u00e9rature num\u00e9rique - Universit\u00e9 du Luxembourg","description":"Organisation: Institut d\u2019\u00c9tudes Romanes, M\u00e9dias et Arts (IRMA) de l\u2019Universit\u00e9 du Luxembourg en partenariat avec le Cercle Cit\u00e9","robots":{"index":"index","follow":"follow","max-snippet":"max-snippet:-1","max-image-preview":"max-image-preview:large","max-video-preview":"max-video-preview:-1"},"canonical":"https:\/\/www.uni.lu\/fr\/events\/cycle-de-conferences-interpreter-la-litterature-numerique\/","og_locale":"fr_FR","og_type":"article","og_title":"Cycle de conf\u00e9rences: Interpr\u00e9ter la litt\u00e9rature num\u00e9rique","og_description":"Organisation: Institut d\u2019\u00c9tudes Romanes, M\u00e9dias et Arts (IRMA) de l\u2019Universit\u00e9 du Luxembourg en partenariat avec le Cercle Cit\u00e9","og_url":"https:\/\/www.uni.lu\/fr\/events\/cycle-de-conferences-interpreter-la-litterature-numerique\/","og_site_name":"UNI FR","article_publisher":"https:\/\/www.facebook.com\/uni.lu","og_image":[{"width":2560,"height":2560,"url":"https:\/\/www.uni.lu\/wp-content\/uploads\/sites\/11\/2026\/03\/03120045\/UNIV_SM-Profile_1600x1600px-scaled.jpg","type":"image\/jpeg"}],"twitter_card":"summary_large_image","twitter_misc":{"Dur\u00e9e de lecture estim\u00e9e":"1 minute"},"schema":{"@context":"https:\/\/schema.org","@graph":[{"@type":"WebPage","@id":"https:\/\/www.uni.lu\/fr\/events\/cycle-de-conferences-interpreter-la-litterature-numerique\/","url":"https:\/\/www.uni.lu\/fr\/events\/cycle-de-conferences-interpreter-la-litterature-numerique\/","name":"Cycle de conf\u00e9rences: Interpr\u00e9ter la litt\u00e9rature num\u00e9rique - Universit\u00e9 du Luxembourg","isPartOf":{"@id":"https:\/\/www.uni.lu\/fr\/#website"},"primaryImageOfPage":{"@id":"https:\/\/www.uni.lu\/fr\/events\/cycle-de-conferences-interpreter-la-litterature-numerique\/#primaryimage"},"image":{"@id":"https:\/\/www.uni.lu\/fr\/events\/cycle-de-conferences-interpreter-la-litterature-numerique\/#primaryimage"},"thumbnailUrl":"https:\/\/www.uni.lu\/wp-content\/uploads\/sites\/11\/2018\/09\/cycle_de_conferences_interpreter_la_litterature_numerique.jpg","datePublished":"2018-09-19T15:42:21+00:00","dateModified":"2018-09-19T15:42:21+00:00","description":"Organisation: Institut d\u2019\u00c9tudes Romanes, M\u00e9dias et Arts (IRMA) de l\u2019Universit\u00e9 du Luxembourg en partenariat avec le Cercle Cit\u00e9","breadcrumb":{"@id":"https:\/\/www.uni.lu\/fr\/events\/cycle-de-conferences-interpreter-la-litterature-numerique\/#breadcrumb"},"inLanguage":"fr-FR","potentialAction":[{"@type":"ReadAction","target":["https:\/\/www.uni.lu\/fr\/events\/cycle-de-conferences-interpreter-la-litterature-numerique\/"]}]},{"@type":"ImageObject","inLanguage":"fr-FR","@id":"https:\/\/www.uni.lu\/fr\/events\/cycle-de-conferences-interpreter-la-litterature-numerique\/#primaryimage","url":"https:\/\/www.uni.lu\/wp-content\/uploads\/sites\/11\/2018\/09\/cycle_de_conferences_interpreter_la_litterature_numerique.jpg","contentUrl":"https:\/\/www.uni.lu\/wp-content\/uploads\/sites\/11\/2018\/09\/cycle_de_conferences_interpreter_la_litterature_numerique.jpg","width":691,"height":732},{"@type":"BreadcrumbList","@id":"https:\/\/www.uni.lu\/fr\/events\/cycle-de-conferences-interpreter-la-litterature-numerique\/#breadcrumb","itemListElement":[{"@type":"ListItem","position":1,"name":"Home","item":"https:\/\/www.uni.lu\/fr\/"},{"@type":"ListItem","position":2,"name":"Events","item":"https:\/\/www.uni.lu\/fr\/events\/"},{"@type":"ListItem","position":3,"name":"Cycle de conf\u00e9rences: Interpr\u00e9ter la litt\u00e9rature num\u00e9rique"}]},{"@type":"WebSite","@id":"https:\/\/www.uni.lu\/fr\/#website","url":"https:\/\/www.uni.lu\/fr\/","name":"Uni.lu","description":"Universit\u00e9 du Luxembourg","publisher":{"@id":"https:\/\/www.uni.lu\/fr\/#organization"},"alternateName":"Universit\u00e9 du Luxembourg","potentialAction":[{"@type":"SearchAction","target":{"@type":"EntryPoint","urlTemplate":"https:\/\/www.uni.lu\/fr\/?s={search_term_string}"},"query-input":"required name=search_term_string"}],"inLanguage":"fr-FR"},{"@type":"Organization","@id":"https:\/\/www.uni.lu\/fr\/#organization","name":"Universit\u00e9 du Luxembourg","alternateName":"Uni.lu","url":"https:\/\/www.uni.lu\/fr\/","logo":{"@type":"ImageObject","inLanguage":"fr-FR","@id":"https:\/\/www.uni.lu\/fr\/#\/schema\/logo\/image\/","url":"https:\/\/www.uni.lu\/wp-content\/uploads\/sites\/11\/2026\/03\/03120045\/UNIV_SM-Profile_1600x1600px-scaled.jpg","contentUrl":"https:\/\/www.uni.lu\/wp-content\/uploads\/sites\/11\/2026\/03\/03120045\/UNIV_SM-Profile_1600x1600px-scaled.jpg","width":2560,"height":2560,"caption":"Universit\u00e9 du Luxembourg"},"image":"https:\/\/www.uni.lu\/wp-content\/uploads\/sites\/11\/2026\/04\/24120552\/20200609-Belval-Campus_Henri-Goergen-23.jpg","sameAs":["https:\/\/www.facebook.com\/uni.lu","https:\/\/www.linkedin.com\/school\/university-of-luxembourg\/","https:\/\/www.instagram.com\/uni.lu","https:\/\/www.youtube.com\/@uni_lu","https:\/\/en.wikipedia.org\/wiki\/University_of_Luxembourg"],"email":"communication@uni.lu","telephone":"+352 46 66 44 1","address":{"@type":"PostalAddress","streetAddress":"2, place de l\u2019Universit\u00e9","addressLocality":"Esch-sur-Alzette","postalCode":"4365","addressCountry":"LU"},"description":"Universit\u00e9 du Luxembourg"}]}},"_links":{"self":[{"href":"https:\/\/www.uni.lu\/fr\/wp-json\/wp\/v2\/events\/7143"}],"collection":[{"href":"https:\/\/www.uni.lu\/fr\/wp-json\/wp\/v2\/events"}],"about":[{"href":"https:\/\/www.uni.lu\/fr\/wp-json\/wp\/v2\/types\/events"}],"replies":[{"embeddable":true,"href":"https:\/\/www.uni.lu\/fr\/wp-json\/wp\/v2\/comments?post=7143"}],"version-history":[{"count":0,"href":"https:\/\/www.uni.lu\/fr\/wp-json\/wp\/v2\/events\/7143\/revisions"}],"wp:featuredmedia":[{"embeddable":true,"href":"https:\/\/www.uni.lu\/fr\/wp-json\/wp\/v2\/media\/7144"}],"wp:attachment":[{"href":"https:\/\/www.uni.lu\/fr\/wp-json\/wp\/v2\/media?parent=7143"}],"wp:term":[{"taxonomy":"events-topic","embeddable":true,"href":"https:\/\/www.uni.lu\/fr\/wp-json\/wp\/v2\/events-topic?post=7143"},{"taxonomy":"events-type","embeddable":true,"href":"https:\/\/www.uni.lu\/fr\/wp-json\/wp\/v2\/events-type?post=7143"},{"taxonomy":"organisation","embeddable":true,"href":"https:\/\/www.uni.lu\/fr\/wp-json\/wp\/v2\/organisation?post=7143"}],"curies":[{"name":"wp","href":"https:\/\/api.w.org\/{rel}","templated":true}]}}