{"id":7099,"date":"2018-09-06T11:25:27","date_gmt":"2018-09-06T09:25:27","guid":{"rendered":"https:\/\/www.uni.lu\/fr\/events\/les-etudes-parlementaires-au-service-de-la-democratie\/"},"modified":"2018-09-06T11:25:27","modified_gmt":"2018-09-06T09:25:27","slug":"les-etudes-parlementaires-au-service-de-la-democratie","status":"publish","type":"events","link":"https:\/\/www.uni.lu\/fr\/events\/les-etudes-parlementaires-au-service-de-la-democratie\/","title":{"rendered":"Les \u00e9tudes parlementaires au service de la d\u00e9mocratie"},"content":{"rendered":"<section class=\"wp-block-unilux-blocks-free-section section\"><div class=\"container xl:max-w-screen-xl\"><p><strong>Th\u00e8mes de la conf\u00e9rence<\/strong><\/p><p>A l\u2019occasion du renouvellement du m\u00e9c\u00e9nat qu\u2019apporte la Chambre des D\u00e9put\u00e9s du Luxembourg \u00e0 la Chaire de recherche en \u00e9tudes parlementaires de l\u2019Universit\u00e9 du Luxembourg, ses chercheurs (<strong>Pr. Philippe Poirier,<\/strong> <strong>Dr. Rapha\u00ebl Kies, \u00a0Dr. Nadim Farhat, Pr. Patrick Dumont, Pr. J\u00f6rg Gerkrath, Pr. Luc Heuschling, Pr. Lukas Sosoe &#038; Pr. Johan van der Walt<\/strong>) pr\u00e9senteront l\u2019\u00e9tat des lieux des \u00e9tudes parlementaires dans une perspective pluridisciplinaire (droit, science politique et philosophie), leurs travaux et les projets qu\u2019ils comptent d\u00e9velopper.<\/p><p>Cette pr\u00e9sentation sera suivie d\u2019une conf\u00e9rence du Pr. Olivier Rozenberg de l\u2019Institut d\u2019\u00e9tudes politiques de Paris, co-\u00e9diteur avec Eric Thiers, du Trait\u00e9 d\u2019\u00e9tudes parlementaires, publi\u00e9 en septembre 2018 aux \u00e9ditions Bruylant (Groupe Larcier), dans la collection <i>Etudes parlementaires<\/i> dirig\u00e9e \u00e9galement par le Pr. Philippe Poirier<\/p><p><strong>Chaire de recherche en \u00e9tudes parlementaires<\/strong><\/p><p>La Chaire compte une dizaine de chercheurs et doctorants sous la direction du Pr. Philippe Poirier. Elle a pour mission de contribuer \u00e0 la connaissance, \u00e0 l\u2019\u00e9tude et au fonctionnement du parlementarisme aux niveaux national et europ\u00e9en. Dans les ann\u00e9es \u00e0 venir, les recherches mettront l\u2019accent sur les th\u00e9matiques suivantes li\u00e9es au parlementarisme\u00a0: Parlements et office d\u2019\u00e9valuation des politiques publiques\u00a0; Parlements et innovations constitutionnelles compar\u00e9es\u00a0; Gouvernance \u00e9conomique &#038; Parlements nationaux\u00a0; Parlements, \u00e9thique &#038; sciences.<\/p><p>Elle continuera \u00e9galement des collaborations scientifiques internationales (un master en \u00e9tudes l\u00e9gislatives en 2019) notamment avec la Chaire de recherche sur la d\u00e9mocratie et les institutions parlementaires &#8211; Universit\u00e9 Laval et la Chaire Eug\u00e8ne Pierre, \u00e9tudes en droit des assembl\u00e9es parlementaires et locales et droit des \u00e9lections- Universit\u00e9 d\u2019Aix-Marseille.<\/p><p><strong>Les langues de travail de la conf\u00e9rence sont l\u2019anglais et le fran\u00e7ais.<\/strong><\/p><p><strong>Les inscriptions se font exclusivement sur Eventbrite : <a href=\"https:\/\/www.eventbrite.com\/e\/rentree-academique-chaire-de-recherche-en-etudes-parlementaires-tickets-49845286594\" target=\"_self\" title=\"\" rel=\"noopener\">https:\/\/www.eventbrite.com\/e\/rentree-academique-chaire-de-recherche-en-etudes-parlementaires-tickets-49845286594<\/a><\/strong><\/p><p><\/p><p><strong>Courriel\u00a0:<\/strong><a href=\"mailto:demos@uni.lu\" target=\"_self\" title=\"\" rel=\"noopener\">demos@uni.lu<\/a><\/p><p><strong>Site\u00a0\u00a0\u00a0\u00a0\u00a0\u00a0\u00a0\u00a0 : <\/strong><a href=\"http:\/\/chaireparlementaire.com\" target=\"_self\" title=\"\" rel=\"noopener\">http:\/\/chaireparlementaire.com<\/a><\/p><\/div><\/section>","protected":false},"excerpt":{"rendered":"","protected":false},"author":0,"featured_media":7100,"parent":0,"menu_order":0,"comment_status":"open","ping_status":"closed","template":"","format":"standard","meta":{"featured_image_focal_point":[],"show_featured_caption":false,"ulux_newsletter_groups":"","uluxPostTitle":"","uluxPrePostTitle":"","_trash_the_other_posts":false,"_price":"","_stock":"","_tribe_ticket_header":"","_tribe_default_ticket_provider":"","_tribe_ticket_capacity":"0","_ticket_start_date":"","_ticket_end_date":"","_tribe_ticket_show_description":"","_tribe_ticket_show_not_going":false,"_tribe_ticket_use_global_stock":"","_tribe_ticket_global_stock_level":"","_global_stock_mode":"","_global_stock_cap":"","_tribe_rsvp_for_event":"","_tribe_ticket_going_count":"","_tribe_ticket_not_going_count":"","_tribe_tickets_list":"[]","_tribe_ticket_has_attendee_info_fields":false,"event_start_date":"2018-09-26 17:00:00","event_end_date":"2018-09-26 19:00:00","event_speaker_name":"","event_speaker_link":"","event_is_online":false,"event_location":"Campus de Belval, Maison des Sciences Humaines, salle \u00ab Black Box \u00bb","event_street":"11. porte des Sciences ","event_location_link":"","event_zip_code":"L-4366","event_city":"Esch-sur-Alzette","event_country":"LU"},"events-topic":[],"events-type":[],"organisation":[147,226],"authorship":[],"acf":[],"yoast_head":"<!-- This site is optimized with the Yoast SEO Premium plugin v22.3 (Yoast SEO v22.3) - https:\/\/yoast.com\/wordpress\/plugins\/seo\/ -->\n<title>Les \u00e9tudes parlementaires au service de la d\u00e9mocratie - Universit\u00e9 du Luxembourg<\/title>\n<meta name=\"description\" content=\"Th\u00e8mes de la conf\u00e9renceA l\u2019occasion du renouvellement du m\u00e9c\u00e9nat qu\u2019apporte la Chambre des D\u00e9put\u00e9s du Luxembourg \u00e0 la Chaire de recherche en \u00e9tudes\" \/>\n<meta name=\"robots\" content=\"index, follow, max-snippet:-1, max-image-preview:large, max-video-preview:-1\" \/>\n<link rel=\"canonical\" href=\"https:\/\/www.uni.lu\/fr\/events\/les-etudes-parlementaires-au-service-de-la-democratie\/\" \/>\n<meta property=\"og:locale\" content=\"fr_FR\" \/>\n<meta property=\"og:type\" content=\"article\" \/>\n<meta property=\"og:title\" content=\"Les \u00e9tudes parlementaires au service de la d\u00e9mocratie\" \/>\n<meta property=\"og:description\" content=\"Th\u00e8mes de la conf\u00e9renceA l\u2019occasion du renouvellement du m\u00e9c\u00e9nat qu\u2019apporte la Chambre des D\u00e9put\u00e9s du Luxembourg \u00e0 la Chaire de recherche en \u00e9tudes\" \/>\n<meta property=\"og:url\" content=\"https:\/\/www.uni.lu\/fr\/events\/les-etudes-parlementaires-au-service-de-la-democratie\/\" \/>\n<meta property=\"og:site_name\" content=\"UNI FR\" \/>\n<meta property=\"article:publisher\" content=\"https:\/\/www.facebook.com\/uni.lu\" \/>\n<meta property=\"og:image\" content=\"https:\/\/www.uni.lu\/wp-content\/uploads\/sites\/11\/2026\/03\/03120045\/UNIV_SM-Profile_1600x1600px-scaled.jpg\" \/>\n\t<meta property=\"og:image:width\" content=\"2560\" \/>\n\t<meta property=\"og:image:height\" content=\"2560\" \/>\n\t<meta property=\"og:image:type\" content=\"image\/jpeg\" \/>\n<meta name=\"twitter:card\" content=\"summary_large_image\" \/>\n<meta name=\"twitter:label1\" content=\"Dur\u00e9e de lecture estim\u00e9e\" \/>\n\t<meta name=\"twitter:data1\" content=\"2 minutes\" \/>\n<script type=\"application\/ld+json\" class=\"yoast-schema-graph\">{\"@context\":\"https:\/\/schema.org\",\"@graph\":[{\"@type\":\"WebPage\",\"@id\":\"https:\/\/www.uni.lu\/fr\/events\/les-etudes-parlementaires-au-service-de-la-democratie\/\",\"url\":\"https:\/\/www.uni.lu\/fr\/events\/les-etudes-parlementaires-au-service-de-la-democratie\/\",\"name\":\"Les \u00e9tudes parlementaires au service de la d\u00e9mocratie - Universit\u00e9 du Luxembourg\",\"isPartOf\":{\"@id\":\"https:\/\/www.uni.lu\/fr\/#website\"},\"primaryImageOfPage\":{\"@id\":\"https:\/\/www.uni.lu\/fr\/events\/les-etudes-parlementaires-au-service-de-la-democratie\/#primaryimage\"},\"image\":{\"@id\":\"https:\/\/www.uni.lu\/fr\/events\/les-etudes-parlementaires-au-service-de-la-democratie\/#primaryimage\"},\"thumbnailUrl\":\"https:\/\/www.uni.lu\/wp-content\/uploads\/sites\/11\/2018\/09\/les_etudes_parlementaires_au_service_de_la_democratie.jpg\",\"datePublished\":\"2018-09-06T09:25:27+00:00\",\"dateModified\":\"2018-09-06T09:25:27+00:00\",\"description\":\"Th\u00e8mes de la conf\u00e9renceA l\u2019occasion du renouvellement du m\u00e9c\u00e9nat qu\u2019apporte la Chambre des D\u00e9put\u00e9s du Luxembourg \u00e0 la Chaire de recherche en \u00e9tudes\",\"breadcrumb\":{\"@id\":\"https:\/\/www.uni.lu\/fr\/events\/les-etudes-parlementaires-au-service-de-la-democratie\/#breadcrumb\"},\"inLanguage\":\"fr-FR\",\"potentialAction\":[{\"@type\":\"ReadAction\",\"target\":[\"https:\/\/www.uni.lu\/fr\/events\/les-etudes-parlementaires-au-service-de-la-democratie\/\"]}]},{\"@type\":\"ImageObject\",\"inLanguage\":\"fr-FR\",\"@id\":\"https:\/\/www.uni.lu\/fr\/events\/les-etudes-parlementaires-au-service-de-la-democratie\/#primaryimage\",\"url\":\"https:\/\/www.uni.lu\/wp-content\/uploads\/sites\/11\/2018\/09\/les_etudes_parlementaires_au_service_de_la_democratie.jpg\",\"contentUrl\":\"https:\/\/www.uni.lu\/wp-content\/uploads\/sites\/11\/2018\/09\/les_etudes_parlementaires_au_service_de_la_democratie.jpg\",\"width\":800,\"height\":600},{\"@type\":\"BreadcrumbList\",\"@id\":\"https:\/\/www.uni.lu\/fr\/events\/les-etudes-parlementaires-au-service-de-la-democratie\/#breadcrumb\",\"itemListElement\":[{\"@type\":\"ListItem\",\"position\":1,\"name\":\"Home\",\"item\":\"https:\/\/www.uni.lu\/fr\/\"},{\"@type\":\"ListItem\",\"position\":2,\"name\":\"Events\",\"item\":\"https:\/\/www.uni.lu\/fr\/events\/\"},{\"@type\":\"ListItem\",\"position\":3,\"name\":\"Les \u00e9tudes parlementaires au service de la d\u00e9mocratie\"}]},{\"@type\":\"WebSite\",\"@id\":\"https:\/\/www.uni.lu\/fr\/#website\",\"url\":\"https:\/\/www.uni.lu\/fr\/\",\"name\":\"Uni.lu\",\"description\":\"Universit\u00e9 du Luxembourg\",\"publisher\":{\"@id\":\"https:\/\/www.uni.lu\/fr\/#organization\"},\"alternateName\":\"Universit\u00e9 du Luxembourg\",\"potentialAction\":[{\"@type\":\"SearchAction\",\"target\":{\"@type\":\"EntryPoint\",\"urlTemplate\":\"https:\/\/www.uni.lu\/fr\/?s={search_term_string}\"},\"query-input\":\"required name=search_term_string\"}],\"inLanguage\":\"fr-FR\"},{\"@type\":\"Organization\",\"@id\":\"https:\/\/www.uni.lu\/fr\/#organization\",\"name\":\"Universit\u00e9 du Luxembourg\",\"alternateName\":\"Uni.lu\",\"url\":\"https:\/\/www.uni.lu\/fr\/\",\"logo\":{\"@type\":\"ImageObject\",\"inLanguage\":\"fr-FR\",\"@id\":\"https:\/\/www.uni.lu\/fr\/#\/schema\/logo\/image\/\",\"url\":\"https:\/\/www.uni.lu\/wp-content\/uploads\/sites\/11\/2026\/03\/03120045\/UNIV_SM-Profile_1600x1600px-scaled.jpg\",\"contentUrl\":\"https:\/\/www.uni.lu\/wp-content\/uploads\/sites\/11\/2026\/03\/03120045\/UNIV_SM-Profile_1600x1600px-scaled.jpg\",\"width\":2560,\"height\":2560,\"caption\":\"Universit\u00e9 du Luxembourg\"},\"image\":\"https:\/\/www.uni.lu\/wp-content\/uploads\/sites\/11\/2026\/04\/24120552\/20200609-Belval-Campus_Henri-Goergen-23.jpg\",\"sameAs\":[\"https:\/\/www.facebook.com\/uni.lu\",\"https:\/\/www.linkedin.com\/school\/university-of-luxembourg\/\",\"https:\/\/www.instagram.com\/uni.lu\",\"https:\/\/www.youtube.com\/@uni_lu\",\"https:\/\/en.wikipedia.org\/wiki\/University_of_Luxembourg\"],\"email\":\"communication@uni.lu\",\"telephone\":\"+352 46 66 44 1\",\"address\":{\"@type\":\"PostalAddress\",\"streetAddress\":\"2, place de l\u2019Universit\u00e9\",\"addressLocality\":\"Esch-sur-Alzette\",\"postalCode\":\"4365\",\"addressCountry\":\"LU\"},\"description\":\"Universit\u00e9 du Luxembourg\"}]}<\/script>\n<!-- \/ Yoast SEO Premium plugin. -->","yoast_head_json":{"title":"Les \u00e9tudes parlementaires au service de la d\u00e9mocratie - Universit\u00e9 du Luxembourg","description":"Th\u00e8mes de la conf\u00e9renceA l\u2019occasion du renouvellement du m\u00e9c\u00e9nat qu\u2019apporte la Chambre des D\u00e9put\u00e9s du Luxembourg \u00e0 la Chaire de recherche en \u00e9tudes","robots":{"index":"index","follow":"follow","max-snippet":"max-snippet:-1","max-image-preview":"max-image-preview:large","max-video-preview":"max-video-preview:-1"},"canonical":"https:\/\/www.uni.lu\/fr\/events\/les-etudes-parlementaires-au-service-de-la-democratie\/","og_locale":"fr_FR","og_type":"article","og_title":"Les \u00e9tudes parlementaires au service de la d\u00e9mocratie","og_description":"Th\u00e8mes de la conf\u00e9renceA l\u2019occasion du renouvellement du m\u00e9c\u00e9nat qu\u2019apporte la Chambre des D\u00e9put\u00e9s du Luxembourg \u00e0 la Chaire de recherche en \u00e9tudes","og_url":"https:\/\/www.uni.lu\/fr\/events\/les-etudes-parlementaires-au-service-de-la-democratie\/","og_site_name":"UNI FR","article_publisher":"https:\/\/www.facebook.com\/uni.lu","og_image":[{"width":2560,"height":2560,"url":"https:\/\/www.uni.lu\/wp-content\/uploads\/sites\/11\/2026\/03\/03120045\/UNIV_SM-Profile_1600x1600px-scaled.jpg","type":"image\/jpeg"}],"twitter_card":"summary_large_image","twitter_misc":{"Dur\u00e9e de lecture estim\u00e9e":"2 minutes"},"schema":{"@context":"https:\/\/schema.org","@graph":[{"@type":"WebPage","@id":"https:\/\/www.uni.lu\/fr\/events\/les-etudes-parlementaires-au-service-de-la-democratie\/","url":"https:\/\/www.uni.lu\/fr\/events\/les-etudes-parlementaires-au-service-de-la-democratie\/","name":"Les \u00e9tudes parlementaires au service de la d\u00e9mocratie - Universit\u00e9 du Luxembourg","isPartOf":{"@id":"https:\/\/www.uni.lu\/fr\/#website"},"primaryImageOfPage":{"@id":"https:\/\/www.uni.lu\/fr\/events\/les-etudes-parlementaires-au-service-de-la-democratie\/#primaryimage"},"image":{"@id":"https:\/\/www.uni.lu\/fr\/events\/les-etudes-parlementaires-au-service-de-la-democratie\/#primaryimage"},"thumbnailUrl":"https:\/\/www.uni.lu\/wp-content\/uploads\/sites\/11\/2018\/09\/les_etudes_parlementaires_au_service_de_la_democratie.jpg","datePublished":"2018-09-06T09:25:27+00:00","dateModified":"2018-09-06T09:25:27+00:00","description":"Th\u00e8mes de la conf\u00e9renceA l\u2019occasion du renouvellement du m\u00e9c\u00e9nat qu\u2019apporte la Chambre des D\u00e9put\u00e9s du Luxembourg \u00e0 la Chaire de recherche en \u00e9tudes","breadcrumb":{"@id":"https:\/\/www.uni.lu\/fr\/events\/les-etudes-parlementaires-au-service-de-la-democratie\/#breadcrumb"},"inLanguage":"fr-FR","potentialAction":[{"@type":"ReadAction","target":["https:\/\/www.uni.lu\/fr\/events\/les-etudes-parlementaires-au-service-de-la-democratie\/"]}]},{"@type":"ImageObject","inLanguage":"fr-FR","@id":"https:\/\/www.uni.lu\/fr\/events\/les-etudes-parlementaires-au-service-de-la-democratie\/#primaryimage","url":"https:\/\/www.uni.lu\/wp-content\/uploads\/sites\/11\/2018\/09\/les_etudes_parlementaires_au_service_de_la_democratie.jpg","contentUrl":"https:\/\/www.uni.lu\/wp-content\/uploads\/sites\/11\/2018\/09\/les_etudes_parlementaires_au_service_de_la_democratie.jpg","width":800,"height":600},{"@type":"BreadcrumbList","@id":"https:\/\/www.uni.lu\/fr\/events\/les-etudes-parlementaires-au-service-de-la-democratie\/#breadcrumb","itemListElement":[{"@type":"ListItem","position":1,"name":"Home","item":"https:\/\/www.uni.lu\/fr\/"},{"@type":"ListItem","position":2,"name":"Events","item":"https:\/\/www.uni.lu\/fr\/events\/"},{"@type":"ListItem","position":3,"name":"Les \u00e9tudes parlementaires au service de la d\u00e9mocratie"}]},{"@type":"WebSite","@id":"https:\/\/www.uni.lu\/fr\/#website","url":"https:\/\/www.uni.lu\/fr\/","name":"Uni.lu","description":"Universit\u00e9 du Luxembourg","publisher":{"@id":"https:\/\/www.uni.lu\/fr\/#organization"},"alternateName":"Universit\u00e9 du Luxembourg","potentialAction":[{"@type":"SearchAction","target":{"@type":"EntryPoint","urlTemplate":"https:\/\/www.uni.lu\/fr\/?s={search_term_string}"},"query-input":"required name=search_term_string"}],"inLanguage":"fr-FR"},{"@type":"Organization","@id":"https:\/\/www.uni.lu\/fr\/#organization","name":"Universit\u00e9 du Luxembourg","alternateName":"Uni.lu","url":"https:\/\/www.uni.lu\/fr\/","logo":{"@type":"ImageObject","inLanguage":"fr-FR","@id":"https:\/\/www.uni.lu\/fr\/#\/schema\/logo\/image\/","url":"https:\/\/www.uni.lu\/wp-content\/uploads\/sites\/11\/2026\/03\/03120045\/UNIV_SM-Profile_1600x1600px-scaled.jpg","contentUrl":"https:\/\/www.uni.lu\/wp-content\/uploads\/sites\/11\/2026\/03\/03120045\/UNIV_SM-Profile_1600x1600px-scaled.jpg","width":2560,"height":2560,"caption":"Universit\u00e9 du Luxembourg"},"image":"https:\/\/www.uni.lu\/wp-content\/uploads\/sites\/11\/2026\/04\/24120552\/20200609-Belval-Campus_Henri-Goergen-23.jpg","sameAs":["https:\/\/www.facebook.com\/uni.lu","https:\/\/www.linkedin.com\/school\/university-of-luxembourg\/","https:\/\/www.instagram.com\/uni.lu","https:\/\/www.youtube.com\/@uni_lu","https:\/\/en.wikipedia.org\/wiki\/University_of_Luxembourg"],"email":"communication@uni.lu","telephone":"+352 46 66 44 1","address":{"@type":"PostalAddress","streetAddress":"2, place de l\u2019Universit\u00e9","addressLocality":"Esch-sur-Alzette","postalCode":"4365","addressCountry":"LU"},"description":"Universit\u00e9 du Luxembourg"}]}},"_links":{"self":[{"href":"https:\/\/www.uni.lu\/fr\/wp-json\/wp\/v2\/events\/7099"}],"collection":[{"href":"https:\/\/www.uni.lu\/fr\/wp-json\/wp\/v2\/events"}],"about":[{"href":"https:\/\/www.uni.lu\/fr\/wp-json\/wp\/v2\/types\/events"}],"replies":[{"embeddable":true,"href":"https:\/\/www.uni.lu\/fr\/wp-json\/wp\/v2\/comments?post=7099"}],"version-history":[{"count":0,"href":"https:\/\/www.uni.lu\/fr\/wp-json\/wp\/v2\/events\/7099\/revisions"}],"wp:featuredmedia":[{"embeddable":true,"href":"https:\/\/www.uni.lu\/fr\/wp-json\/wp\/v2\/media\/7100"}],"wp:attachment":[{"href":"https:\/\/www.uni.lu\/fr\/wp-json\/wp\/v2\/media?parent=7099"}],"wp:term":[{"taxonomy":"events-topic","embeddable":true,"href":"https:\/\/www.uni.lu\/fr\/wp-json\/wp\/v2\/events-topic?post=7099"},{"taxonomy":"events-type","embeddable":true,"href":"https:\/\/www.uni.lu\/fr\/wp-json\/wp\/v2\/events-type?post=7099"},{"taxonomy":"organisation","embeddable":true,"href":"https:\/\/www.uni.lu\/fr\/wp-json\/wp\/v2\/organisation?post=7099"}],"curies":[{"name":"wp","href":"https:\/\/api.w.org\/{rel}","templated":true}]}}