{"id":7062,"date":"2018-08-13T17:09:39","date_gmt":"2018-08-13T15:09:39","guid":{"rendered":"https:\/\/www.uni.lu\/fr\/events\/edu-gr-apprendre-a-vivre-leurope\/"},"modified":"2018-08-13T17:09:39","modified_gmt":"2018-08-13T15:09:39","slug":"edu-gr-apprendre-a-vivre-leurope","status":"publish","type":"events","link":"https:\/\/www.uni.lu\/fr\/events\/edu-gr-apprendre-a-vivre-leurope\/","title":{"rendered":"Edu.GR \u2013 Apprendre \u00e0 vivre l\u2018Europe"},"content":{"rendered":"<section class=\"wp-block-unilux-blocks-free-section section\"><div class=\"container xl:max-w-screen-xl\"><p>L\u2018UniGR-conf\u00e9rence \u201eEdu.GR \u2013Apprendre \u00e0 vivre l\u2018Europe\u201c pr\u00e9sente de la recherche actuelle, des projets et des exemples Bonne Pratique autour de l\u2018\u00e9ducation transnationale \u00e0 l\u2018\u00e9cole, \u00e0 l\u2018orientation professionnelle et \u00e0 la formation dans la Grande R\u00e9gion.<\/p><p>Des communications, des ateliers et des tables rondes en langue fran\u00e7aise et allemande pr\u00e9senteront des sujets comme:<\/p><p>\u2022\u00a0\u00a0 \u00a0les lieux d\u2018\u00e9ducation extra-scolaires<\/p><p>\u2022\u00a0\u00a0 \u00a0l\u2018orientation professionnelle trans-nationale<\/p><p>\u2022\u00a0\u00a0 \u00a0le d\u00e9veloppement transr\u00e9gional d\u2018\u00e9coles et des cours<\/p><p>\u2022\u00a0\u00a0 \u00a0le multilinguisme et l\u2018inter-culturalit\u00e9<\/p><p>\u2022\u00a0\u00a0 \u00a0les perceptions de la Grande R\u00e9gion parmi \u00e9l\u00e8ves et enseignants<\/p><p><strong>March\u00e9 des possibilit\u00e9s<\/strong><\/p><p>Le March\u00e9 des possibilit\u00e9s donne l\u2018opportunit\u00e9 pour d\u00e9couvrir des projets, des organisations et des institutions de la Grande R\u00e9gion et pour gagner des futurs partenaires de coop\u00e9ration.<\/p><p>La conf\u00e9rence vise des personnes int\u00e9ress\u00e9es des \u00e9coles, de la formation, de la recherche, de l\u2018orientation professionnelle et de l\u2018encadrement des jeunes.\u00a0<\/p><p>Programme et inscription via <a href=\"http:\/\/www.edu.gr.uni-trier.de\" target=\"_self\" title=\"\" rel=\"noopener\">www.edu.gr.uni-trier.de<\/a><\/p><p>Contact \u00e0 l&rsquo;Universit\u00e9 du Luxembourg : Nancy Morys<\/p><\/div><\/section>","protected":false},"excerpt":{"rendered":"<p>L\u2018UniGR-conf\u00e9rence \u201eEdu.GR \u2013Apprendre \u00e0 vivre l\u2018Europe\u201c pr\u00e9sente de la recherche actuelle, des projets et des exemples Bonne Pratique autour de l\u2018\u00e9ducation transnationale \u00e0 l\u2018\u00e9cole, \u00e0 l\u2018orientation professionnelle et \u00e0 la formation dans la Grande R\u00e9gion.<\/p>\n","protected":false},"author":0,"featured_media":7063,"parent":0,"menu_order":0,"comment_status":"open","ping_status":"closed","template":"","format":"standard","meta":{"featured_image_focal_point":[],"show_featured_caption":false,"ulux_newsletter_groups":"","uluxPostTitle":"","uluxPrePostTitle":"","_trash_the_other_posts":false,"_price":"","_stock":"","_tribe_ticket_header":"","_tribe_default_ticket_provider":"","_tribe_ticket_capacity":"0","_ticket_start_date":"","_ticket_end_date":"","_tribe_ticket_show_description":"","_tribe_ticket_show_not_going":false,"_tribe_ticket_use_global_stock":"","_tribe_ticket_global_stock_level":"","_global_stock_mode":"","_global_stock_cap":"","_tribe_rsvp_for_event":"","_tribe_ticket_going_count":"","_tribe_ticket_not_going_count":"","_tribe_tickets_list":"[]","_tribe_ticket_has_attendee_info_fields":false,"event_start_date":"2018-09-20 10:00:00","event_end_date":"2018-09-20 16:30:00","event_speaker_name":"","event_speaker_link":"","event_is_online":false,"event_location":"Universit\u00e9 de Tr\u00eaves","event_street":"","event_location_link":"","event_zip_code":"","event_city":"","event_country":"LU"},"events-topic":[],"events-type":[],"organisation":[147,226],"authorship":[],"acf":[],"yoast_head":"<!-- This site is optimized with the Yoast SEO Premium plugin v22.3 (Yoast SEO v22.3) - https:\/\/yoast.com\/wordpress\/plugins\/seo\/ -->\n<title>Edu.GR \u2013 Apprendre \u00e0 vivre l\u2018Europe - Universit\u00e9 du Luxembourg<\/title>\n<meta name=\"description\" content=\"L\u2018UniGR-conf\u00e9rence \u201eEdu.GR \u2013Apprendre \u00e0 vivre l\u2018Europe\u201c pr\u00e9sente de la recherche actuelle, des projets et des exemples Bonne Pratique autour de l\u2018\u00e9ducation transnationale \u00e0 l\u2018\u00e9cole, \u00e0 l\u2018orientation professionnelle et \u00e0 la formation dans la Grande R\u00e9gion.\" \/>\n<meta name=\"robots\" content=\"index, follow, max-snippet:-1, max-image-preview:large, max-video-preview:-1\" \/>\n<link rel=\"canonical\" href=\"https:\/\/www.uni.lu\/fr\/events\/edu-gr-apprendre-a-vivre-leurope\/\" \/>\n<meta property=\"og:locale\" content=\"fr_FR\" \/>\n<meta property=\"og:type\" content=\"article\" \/>\n<meta property=\"og:title\" content=\"Edu.GR \u2013 Apprendre \u00e0 vivre l\u2018Europe\" \/>\n<meta property=\"og:description\" content=\"L\u2018UniGR-conf\u00e9rence \u201eEdu.GR \u2013Apprendre \u00e0 vivre l\u2018Europe\u201c pr\u00e9sente de la recherche actuelle, des projets et des exemples Bonne Pratique autour de l\u2018\u00e9ducation transnationale \u00e0 l\u2018\u00e9cole, \u00e0 l\u2018orientation professionnelle et \u00e0 la formation dans la Grande R\u00e9gion.\" \/>\n<meta property=\"og:url\" content=\"https:\/\/www.uni.lu\/fr\/events\/edu-gr-apprendre-a-vivre-leurope\/\" \/>\n<meta property=\"og:site_name\" content=\"UNI FR\" \/>\n<meta property=\"article:publisher\" content=\"https:\/\/www.facebook.com\/uni.lu\" \/>\n<meta property=\"og:image\" content=\"https:\/\/www.uni.lu\/wp-content\/uploads\/sites\/11\/2026\/03\/03120045\/UNIV_SM-Profile_1600x1600px-scaled.jpg\" \/>\n\t<meta property=\"og:image:width\" content=\"2560\" \/>\n\t<meta property=\"og:image:height\" content=\"2560\" \/>\n\t<meta property=\"og:image:type\" content=\"image\/jpeg\" \/>\n<meta name=\"twitter:card\" content=\"summary_large_image\" \/>\n<meta name=\"twitter:label1\" content=\"Dur\u00e9e de lecture estim\u00e9e\" \/>\n\t<meta name=\"twitter:data1\" content=\"1 minute\" \/>\n<script type=\"application\/ld+json\" class=\"yoast-schema-graph\">{\"@context\":\"https:\/\/schema.org\",\"@graph\":[{\"@type\":\"WebPage\",\"@id\":\"https:\/\/www.uni.lu\/fr\/events\/edu-gr-apprendre-a-vivre-leurope\/\",\"url\":\"https:\/\/www.uni.lu\/fr\/events\/edu-gr-apprendre-a-vivre-leurope\/\",\"name\":\"Edu.GR \u2013 Apprendre \u00e0 vivre l\u2018Europe - Universit\u00e9 du Luxembourg\",\"isPartOf\":{\"@id\":\"https:\/\/www.uni.lu\/fr\/#website\"},\"primaryImageOfPage\":{\"@id\":\"https:\/\/www.uni.lu\/fr\/events\/edu-gr-apprendre-a-vivre-leurope\/#primaryimage\"},\"image\":{\"@id\":\"https:\/\/www.uni.lu\/fr\/events\/edu-gr-apprendre-a-vivre-leurope\/#primaryimage\"},\"thumbnailUrl\":\"https:\/\/www.uni.lu\/wp-content\/uploads\/sites\/11\/2018\/08\/edu_gr_apprendre_a_vivre_l_europe.jpg\",\"datePublished\":\"2018-08-13T15:09:39+00:00\",\"dateModified\":\"2018-08-13T15:09:39+00:00\",\"description\":\"L\u2018UniGR-conf\u00e9rence \u201eEdu.GR \u2013Apprendre \u00e0 vivre l\u2018Europe\u201c pr\u00e9sente de la recherche actuelle, des projets et des exemples Bonne Pratique autour de l\u2018\u00e9ducation transnationale \u00e0 l\u2018\u00e9cole, \u00e0 l\u2018orientation professionnelle et \u00e0 la formation dans la Grande R\u00e9gion.\",\"breadcrumb\":{\"@id\":\"https:\/\/www.uni.lu\/fr\/events\/edu-gr-apprendre-a-vivre-leurope\/#breadcrumb\"},\"inLanguage\":\"fr-FR\",\"potentialAction\":[{\"@type\":\"ReadAction\",\"target\":[\"https:\/\/www.uni.lu\/fr\/events\/edu-gr-apprendre-a-vivre-leurope\/\"]}]},{\"@type\":\"ImageObject\",\"inLanguage\":\"fr-FR\",\"@id\":\"https:\/\/www.uni.lu\/fr\/events\/edu-gr-apprendre-a-vivre-leurope\/#primaryimage\",\"url\":\"https:\/\/www.uni.lu\/wp-content\/uploads\/sites\/11\/2018\/08\/edu_gr_apprendre_a_vivre_l_europe.jpg\",\"contentUrl\":\"https:\/\/www.uni.lu\/wp-content\/uploads\/sites\/11\/2018\/08\/edu_gr_apprendre_a_vivre_l_europe.jpg\",\"width\":800,\"height\":600},{\"@type\":\"BreadcrumbList\",\"@id\":\"https:\/\/www.uni.lu\/fr\/events\/edu-gr-apprendre-a-vivre-leurope\/#breadcrumb\",\"itemListElement\":[{\"@type\":\"ListItem\",\"position\":1,\"name\":\"Home\",\"item\":\"https:\/\/www.uni.lu\/fr\/\"},{\"@type\":\"ListItem\",\"position\":2,\"name\":\"Events\",\"item\":\"https:\/\/www.uni.lu\/fr\/events\/\"},{\"@type\":\"ListItem\",\"position\":3,\"name\":\"Edu.GR \u2013 Apprendre \u00e0 vivre l\u2018Europe\"}]},{\"@type\":\"WebSite\",\"@id\":\"https:\/\/www.uni.lu\/fr\/#website\",\"url\":\"https:\/\/www.uni.lu\/fr\/\",\"name\":\"Uni.lu\",\"description\":\"Universit\u00e9 du Luxembourg\",\"publisher\":{\"@id\":\"https:\/\/www.uni.lu\/fr\/#organization\"},\"alternateName\":\"Universit\u00e9 du Luxembourg\",\"potentialAction\":[{\"@type\":\"SearchAction\",\"target\":{\"@type\":\"EntryPoint\",\"urlTemplate\":\"https:\/\/www.uni.lu\/fr\/?s={search_term_string}\"},\"query-input\":\"required name=search_term_string\"}],\"inLanguage\":\"fr-FR\"},{\"@type\":\"Organization\",\"@id\":\"https:\/\/www.uni.lu\/fr\/#organization\",\"name\":\"Universit\u00e9 du Luxembourg\",\"alternateName\":\"Uni.lu\",\"url\":\"https:\/\/www.uni.lu\/fr\/\",\"logo\":{\"@type\":\"ImageObject\",\"inLanguage\":\"fr-FR\",\"@id\":\"https:\/\/www.uni.lu\/fr\/#\/schema\/logo\/image\/\",\"url\":\"https:\/\/www.uni.lu\/wp-content\/uploads\/sites\/11\/2026\/03\/03120045\/UNIV_SM-Profile_1600x1600px-scaled.jpg\",\"contentUrl\":\"https:\/\/www.uni.lu\/wp-content\/uploads\/sites\/11\/2026\/03\/03120045\/UNIV_SM-Profile_1600x1600px-scaled.jpg\",\"width\":2560,\"height\":2560,\"caption\":\"Universit\u00e9 du Luxembourg\"},\"image\":\"https:\/\/www.uni.lu\/wp-content\/uploads\/sites\/11\/2026\/04\/24120552\/20200609-Belval-Campus_Henri-Goergen-23.jpg\",\"sameAs\":[\"https:\/\/www.facebook.com\/uni.lu\",\"https:\/\/www.linkedin.com\/school\/university-of-luxembourg\/\",\"https:\/\/www.instagram.com\/uni.lu\",\"https:\/\/www.youtube.com\/@uni_lu\",\"https:\/\/en.wikipedia.org\/wiki\/University_of_Luxembourg\"],\"email\":\"communication@uni.lu\",\"telephone\":\"+352 46 66 44 1\",\"address\":{\"@type\":\"PostalAddress\",\"streetAddress\":\"2, place de l\u2019Universit\u00e9\",\"addressLocality\":\"Esch-sur-Alzette\",\"postalCode\":\"4365\",\"addressCountry\":\"LU\"},\"description\":\"Universit\u00e9 du Luxembourg\"}]}<\/script>\n<!-- \/ Yoast SEO Premium plugin. -->","yoast_head_json":{"title":"Edu.GR \u2013 Apprendre \u00e0 vivre l\u2018Europe - Universit\u00e9 du Luxembourg","description":"L\u2018UniGR-conf\u00e9rence \u201eEdu.GR \u2013Apprendre \u00e0 vivre l\u2018Europe\u201c pr\u00e9sente de la recherche actuelle, des projets et des exemples Bonne Pratique autour de l\u2018\u00e9ducation transnationale \u00e0 l\u2018\u00e9cole, \u00e0 l\u2018orientation professionnelle et \u00e0 la formation dans la Grande R\u00e9gion.","robots":{"index":"index","follow":"follow","max-snippet":"max-snippet:-1","max-image-preview":"max-image-preview:large","max-video-preview":"max-video-preview:-1"},"canonical":"https:\/\/www.uni.lu\/fr\/events\/edu-gr-apprendre-a-vivre-leurope\/","og_locale":"fr_FR","og_type":"article","og_title":"Edu.GR \u2013 Apprendre \u00e0 vivre l\u2018Europe","og_description":"L\u2018UniGR-conf\u00e9rence \u201eEdu.GR \u2013Apprendre \u00e0 vivre l\u2018Europe\u201c pr\u00e9sente de la recherche actuelle, des projets et des exemples Bonne Pratique autour de l\u2018\u00e9ducation transnationale \u00e0 l\u2018\u00e9cole, \u00e0 l\u2018orientation professionnelle et \u00e0 la formation dans la Grande R\u00e9gion.","og_url":"https:\/\/www.uni.lu\/fr\/events\/edu-gr-apprendre-a-vivre-leurope\/","og_site_name":"UNI FR","article_publisher":"https:\/\/www.facebook.com\/uni.lu","og_image":[{"width":2560,"height":2560,"url":"https:\/\/www.uni.lu\/wp-content\/uploads\/sites\/11\/2026\/03\/03120045\/UNIV_SM-Profile_1600x1600px-scaled.jpg","type":"image\/jpeg"}],"twitter_card":"summary_large_image","twitter_misc":{"Dur\u00e9e de lecture estim\u00e9e":"1 minute"},"schema":{"@context":"https:\/\/schema.org","@graph":[{"@type":"WebPage","@id":"https:\/\/www.uni.lu\/fr\/events\/edu-gr-apprendre-a-vivre-leurope\/","url":"https:\/\/www.uni.lu\/fr\/events\/edu-gr-apprendre-a-vivre-leurope\/","name":"Edu.GR \u2013 Apprendre \u00e0 vivre l\u2018Europe - Universit\u00e9 du Luxembourg","isPartOf":{"@id":"https:\/\/www.uni.lu\/fr\/#website"},"primaryImageOfPage":{"@id":"https:\/\/www.uni.lu\/fr\/events\/edu-gr-apprendre-a-vivre-leurope\/#primaryimage"},"image":{"@id":"https:\/\/www.uni.lu\/fr\/events\/edu-gr-apprendre-a-vivre-leurope\/#primaryimage"},"thumbnailUrl":"https:\/\/www.uni.lu\/wp-content\/uploads\/sites\/11\/2018\/08\/edu_gr_apprendre_a_vivre_l_europe.jpg","datePublished":"2018-08-13T15:09:39+00:00","dateModified":"2018-08-13T15:09:39+00:00","description":"L\u2018UniGR-conf\u00e9rence \u201eEdu.GR \u2013Apprendre \u00e0 vivre l\u2018Europe\u201c pr\u00e9sente de la recherche actuelle, des projets et des exemples Bonne Pratique autour de l\u2018\u00e9ducation transnationale \u00e0 l\u2018\u00e9cole, \u00e0 l\u2018orientation professionnelle et \u00e0 la formation dans la Grande R\u00e9gion.","breadcrumb":{"@id":"https:\/\/www.uni.lu\/fr\/events\/edu-gr-apprendre-a-vivre-leurope\/#breadcrumb"},"inLanguage":"fr-FR","potentialAction":[{"@type":"ReadAction","target":["https:\/\/www.uni.lu\/fr\/events\/edu-gr-apprendre-a-vivre-leurope\/"]}]},{"@type":"ImageObject","inLanguage":"fr-FR","@id":"https:\/\/www.uni.lu\/fr\/events\/edu-gr-apprendre-a-vivre-leurope\/#primaryimage","url":"https:\/\/www.uni.lu\/wp-content\/uploads\/sites\/11\/2018\/08\/edu_gr_apprendre_a_vivre_l_europe.jpg","contentUrl":"https:\/\/www.uni.lu\/wp-content\/uploads\/sites\/11\/2018\/08\/edu_gr_apprendre_a_vivre_l_europe.jpg","width":800,"height":600},{"@type":"BreadcrumbList","@id":"https:\/\/www.uni.lu\/fr\/events\/edu-gr-apprendre-a-vivre-leurope\/#breadcrumb","itemListElement":[{"@type":"ListItem","position":1,"name":"Home","item":"https:\/\/www.uni.lu\/fr\/"},{"@type":"ListItem","position":2,"name":"Events","item":"https:\/\/www.uni.lu\/fr\/events\/"},{"@type":"ListItem","position":3,"name":"Edu.GR \u2013 Apprendre \u00e0 vivre l\u2018Europe"}]},{"@type":"WebSite","@id":"https:\/\/www.uni.lu\/fr\/#website","url":"https:\/\/www.uni.lu\/fr\/","name":"Uni.lu","description":"Universit\u00e9 du Luxembourg","publisher":{"@id":"https:\/\/www.uni.lu\/fr\/#organization"},"alternateName":"Universit\u00e9 du Luxembourg","potentialAction":[{"@type":"SearchAction","target":{"@type":"EntryPoint","urlTemplate":"https:\/\/www.uni.lu\/fr\/?s={search_term_string}"},"query-input":"required name=search_term_string"}],"inLanguage":"fr-FR"},{"@type":"Organization","@id":"https:\/\/www.uni.lu\/fr\/#organization","name":"Universit\u00e9 du Luxembourg","alternateName":"Uni.lu","url":"https:\/\/www.uni.lu\/fr\/","logo":{"@type":"ImageObject","inLanguage":"fr-FR","@id":"https:\/\/www.uni.lu\/fr\/#\/schema\/logo\/image\/","url":"https:\/\/www.uni.lu\/wp-content\/uploads\/sites\/11\/2026\/03\/03120045\/UNIV_SM-Profile_1600x1600px-scaled.jpg","contentUrl":"https:\/\/www.uni.lu\/wp-content\/uploads\/sites\/11\/2026\/03\/03120045\/UNIV_SM-Profile_1600x1600px-scaled.jpg","width":2560,"height":2560,"caption":"Universit\u00e9 du Luxembourg"},"image":"https:\/\/www.uni.lu\/wp-content\/uploads\/sites\/11\/2026\/04\/24120552\/20200609-Belval-Campus_Henri-Goergen-23.jpg","sameAs":["https:\/\/www.facebook.com\/uni.lu","https:\/\/www.linkedin.com\/school\/university-of-luxembourg\/","https:\/\/www.instagram.com\/uni.lu","https:\/\/www.youtube.com\/@uni_lu","https:\/\/en.wikipedia.org\/wiki\/University_of_Luxembourg"],"email":"communication@uni.lu","telephone":"+352 46 66 44 1","address":{"@type":"PostalAddress","streetAddress":"2, place de l\u2019Universit\u00e9","addressLocality":"Esch-sur-Alzette","postalCode":"4365","addressCountry":"LU"},"description":"Universit\u00e9 du Luxembourg"}]}},"_links":{"self":[{"href":"https:\/\/www.uni.lu\/fr\/wp-json\/wp\/v2\/events\/7062"}],"collection":[{"href":"https:\/\/www.uni.lu\/fr\/wp-json\/wp\/v2\/events"}],"about":[{"href":"https:\/\/www.uni.lu\/fr\/wp-json\/wp\/v2\/types\/events"}],"replies":[{"embeddable":true,"href":"https:\/\/www.uni.lu\/fr\/wp-json\/wp\/v2\/comments?post=7062"}],"version-history":[{"count":0,"href":"https:\/\/www.uni.lu\/fr\/wp-json\/wp\/v2\/events\/7062\/revisions"}],"wp:featuredmedia":[{"embeddable":true,"href":"https:\/\/www.uni.lu\/fr\/wp-json\/wp\/v2\/media\/7063"}],"wp:attachment":[{"href":"https:\/\/www.uni.lu\/fr\/wp-json\/wp\/v2\/media?parent=7062"}],"wp:term":[{"taxonomy":"events-topic","embeddable":true,"href":"https:\/\/www.uni.lu\/fr\/wp-json\/wp\/v2\/events-topic?post=7062"},{"taxonomy":"events-type","embeddable":true,"href":"https:\/\/www.uni.lu\/fr\/wp-json\/wp\/v2\/events-type?post=7062"},{"taxonomy":"organisation","embeddable":true,"href":"https:\/\/www.uni.lu\/fr\/wp-json\/wp\/v2\/organisation?post=7062"}],"curies":[{"name":"wp","href":"https:\/\/api.w.org\/{rel}","templated":true}]}}