{"id":7054,"date":"2018-07-31T16:49:07","date_gmt":"2018-07-31T14:49:07","guid":{"rendered":"https:\/\/www.uni.lu\/fr\/events\/luxera-auftaktkonferenz-luxemburg-ein-einzigartiger-bildungskontext-perspektiven-aus-der-bildungsforschung\/"},"modified":"2018-07-31T16:49:07","modified_gmt":"2018-07-31T14:49:07","slug":"luxera-auftaktkonferenz-luxemburg-ein-einzigartiger-bildungskontext-perspektiven-aus-der-bildungsforschung","status":"publish","type":"events","link":"https:\/\/www.uni.lu\/fr\/events\/luxera-auftaktkonferenz-luxemburg-ein-einzigartiger-bildungskontext-perspektiven-aus-der-bildungsforschung\/","title":{"rendered":"LuxERA Auftaktkonferenz \u201eLuxemburg: Ein einzigartiger Bildungskontext? Perspektiven aus der Bildungsforschung\u201c"},"content":{"rendered":"<section class=\"wp-block-unilux-blocks-free-section section\"><div class=\"container xl:max-w-screen-xl\"><p>Die <strong>Luxemburgische Gesellschaft f\u00fcr Bildungsforschung<\/strong> (LuxERA) wurde im Januar 2018 offiziell gegr\u00fcndet, um die Zusammenarbeit zwischen Bildungsforscherinnen und -forschern in Luxemburg zu f\u00f6rdern und um die Kommunikation zwischen interessierten und engagierten Personen, die sich mit Bildung(sforschung) besch\u00e4ftigen, zu st\u00e4rken. LuxERA unterst\u00fctzt die Verbreitung von Ergebnissen aus der Bildungsforschung und bietet eine Plattform, um zur Verbesserung der Bildungspolitik und der Praxis beizutragen. LuxERA ist eine Antragstellerin zur vollen Mitgliedschaft in der Europ\u00e4ischen Gesellschaft f\u00fcr Bildungsforschung (EERA, <a href=\"http:\/\/www.eera-ecer.de\" target=\"_blank\" title=\"EERA\" rel=\"noopener\">www.eera-ecer.de<\/a>), eine Gesellschaft mit mehr als 35 nationalen und regionalen Gesellschaften f\u00fcr Bildungsforschung aus allen Teilen Europas, die sich in thematischen Netzwerken organisiert.<\/p><p>Die <strong>Auftaktkonferenz<\/strong> der LuxERA mit dem Titel <strong>\u201eLuxemburg: Ein einzigartiger Bildungskontext? Perspektiven aus der Bildungsforschung\u201c<\/strong> l\u00e4dt alle in der Bildungsforschung aktiven und interessierten Personen zu einem Dialog und Austausch \u00fcber ihre Perspektiven der Bildungsforschung in und \u00fcber Luxemburg ein. Wir m\u00f6chten einen offenen Raum f\u00fcr eine gro\u00dfe Bandbreite an disziplin\u00e4ren, theoretischen, methodologischen und thematischen Beitr\u00e4gen zur Frage, ob Luxemburg ein einzigartiger Bildungskontext ist, schaffen. Zu den Highlights der Konferenz geh\u00f6ren sowohl Beitr\u00e4ge aus den Luxemburger Bildungsberichten als auch nationale und internationale Keynotes von f\u00fchrenden Wissenschaftlern aus der Bildungsforschung, als auch eine Diskussionsrunde mit anderen Interessenvertretern. Wir m\u00f6chten besonders junge Nachwuchswissenschaftlerinnen und -wissenschaftler dazu anregen, aus ihrer Forschung zu berichten.<\/p><p>Zu den Hauptthemen geh\u00f6ren Forschung zu Bildungssystemen; Diversit\u00e4t und Inklusion; Multilingualismus von der fr\u00fchen Kindheit bis zur terti\u00e4ren Bildung; Bildungs- und soziale Ungleichheiten; Begutachtung und Diagnostik; Professionalisierung der Lehrerausbildung; unterrichten und lernen; (lebenslange) kognitive Anpassung und Lernstrategien.<\/p><p><strong>Vorl\u00e4ufige Programm\u00fcbersicht<\/strong><\/p><p><strong>Mittwoch, 7. November 2018 (f\u00fcr LuxERA Mitglieder)<\/strong><\/p><p>17:30 Uhr LuxERA Mitgliederversammlung<\/p><p>19:00 Uhr LuxERA Empfang<\/p><p><strong>Donnerstag, 8. November 2018<\/strong><\/p><p>09:00 Uhr Registrierung<\/p><p>09.30 Uhr Begr\u00fc\u00dfung und Er\u00f6ffnung der Konferenz<\/p><p>10:00 Uhr Keynote: Theo Wubbels (Universiteit Utrecht)<\/p><p>10:45 Uhr Kaffeepause<\/p><p>11:15 Uhr Session 1<\/p><p>13:00 Uhr Mittagspause<\/p><p>14:00 Uhr Session 2<\/p><p>15:45 Uhr Kaffeepause<\/p><p>16:15 Uhr Round Table<\/p><p>17:15 Uhr Pause<\/p><p>17:30 Uhr Empfang | Poster- und Buchpr\u00e4sentation<\/p><p>19:30 Uhr Konferenzdinner<\/p><p><strong>Freitag, 9. November 2018<\/strong><\/p><p>09:00 Uhr Session 3<\/p><p>10:20 Uhr Kaffeepause<\/p><p>10:50 Uhr Session 4<\/p><p>12:10 Uhr Mittagspause<\/p><p>13:15 Uhr Session 5<\/p><p>14:15 Uhr Kaffeepause<\/p><p>14:30 Uhr Keynote: Lorenz Lassnigg (Institut f\u00fcr H\u00f6here Studien, Wien)<\/p><p>15:15 Uhr Verabschiedung<\/p><p><strong>Teilnahmegeb\u00fchren<\/strong><\/p><p><strong>Mitglieder:<\/strong> kostenlos<\/p><p><strong>Nicht-Mitglieder (Normalpreis)<\/strong>: 40.- EUR<\/p><p><strong>Nicht-Mitglieder (Doktorand\/-innen, Studierende)<\/strong>: 20.- EUR<\/p><p>Weitere Informationen zur Zahlung erhalten Sie bei Anmeldung.<\/p><p><strong>Bitte melden Sie sich auf Eventbrite f\u00fcr die Konferenz an:<\/strong><a href=\"https:\/\/www.eventbrite.com\/e\/luxera-auftaktkonferenz-luxemburg-ein-einzigartiger-bildungskontext-tickets-48592901677\" target=\"_blank\" title=\"\" rel=\"noopener\"><strong>\u201eLuxemburg: Ein einzigartiger Bildungskontext? Perspektiven aus der Bildungsforschung\u201c<\/strong><\/a><\/p><p><strong>Organisation<\/strong>: LuxERA Gr\u00fcndungsmitglieder, repr\u00e4sentiert durch Andreas Hadjar (LuxERA President); luxera@uni.lu<\/p><\/div><\/section>","protected":false},"excerpt":{"rendered":"","protected":false},"author":0,"featured_media":7055,"parent":0,"menu_order":0,"comment_status":"open","ping_status":"closed","template":"","format":"standard","meta":{"featured_image_focal_point":[],"show_featured_caption":false,"ulux_newsletter_groups":"","uluxPostTitle":"","uluxPrePostTitle":"","_trash_the_other_posts":false,"_price":"","_stock":"","_tribe_ticket_header":"","_tribe_default_ticket_provider":"","_tribe_ticket_capacity":"0","_ticket_start_date":"","_ticket_end_date":"","_tribe_ticket_show_description":"","_tribe_ticket_show_not_going":false,"_tribe_ticket_use_global_stock":"","_tribe_ticket_global_stock_level":"","_global_stock_mode":"","_global_stock_cap":"","_tribe_rsvp_for_event":"","_tribe_ticket_going_count":"","_tribe_ticket_not_going_count":"","_tribe_tickets_list":"[]","_tribe_ticket_has_attendee_info_fields":false,"event_start_date":"2018-11-08 09:00:00","event_end_date":"2018-11-09 16:00:00","event_speaker_name":"","event_speaker_link":"","event_is_online":false,"event_location":"Universit\u00e4t Luxemburg, Campus Belval","event_street":"","event_location_link":"","event_zip_code":"","event_city":"","event_country":"LU"},"events-topic":[318],"events-type":[],"organisation":[179,147,181,226],"authorship":[],"acf":[],"yoast_head":"<!-- This site is optimized with the Yoast SEO Premium plugin v22.3 (Yoast SEO v22.3) - https:\/\/yoast.com\/wordpress\/plugins\/seo\/ -->\n<title>LuxERA Auftaktkonferenz \u201eLuxemburg: Ein einzigartiger Bildungskontext? Perspektiven aus der Bildungsforschung\u201c - Universit\u00e9 du Luxembourg<\/title>\n<meta name=\"description\" content=\"Die Luxemburgische Gesellschaft f\u00fcr Bildungsforschung (LuxERA) wurde im Januar 2018 offiziell gegr\u00fcndet, um die Zusammenarbeit zwischen\" \/>\n<meta name=\"robots\" content=\"index, follow, max-snippet:-1, max-image-preview:large, max-video-preview:-1\" \/>\n<link rel=\"canonical\" href=\"https:\/\/www.uni.lu\/fr\/events\/luxera-auftaktkonferenz-luxemburg-ein-einzigartiger-bildungskontext-perspektiven-aus-der-bildungsforschung\/\" \/>\n<meta property=\"og:locale\" content=\"fr_FR\" \/>\n<meta property=\"og:type\" content=\"article\" \/>\n<meta property=\"og:title\" content=\"LuxERA Auftaktkonferenz \u201eLuxemburg: Ein einzigartiger Bildungskontext? Perspektiven aus der Bildungsforschung\u201c\" \/>\n<meta property=\"og:description\" content=\"Die Luxemburgische Gesellschaft f\u00fcr Bildungsforschung (LuxERA) wurde im Januar 2018 offiziell gegr\u00fcndet, um die Zusammenarbeit zwischen\" \/>\n<meta property=\"og:url\" content=\"https:\/\/www.uni.lu\/fr\/events\/luxera-auftaktkonferenz-luxemburg-ein-einzigartiger-bildungskontext-perspektiven-aus-der-bildungsforschung\/\" \/>\n<meta property=\"og:site_name\" content=\"UNI FR\" \/>\n<meta property=\"article:publisher\" content=\"https:\/\/www.facebook.com\/uni.lu\" \/>\n<meta property=\"og:image\" content=\"https:\/\/www.uni.lu\/wp-content\/uploads\/sites\/11\/2026\/03\/03120045\/UNIV_SM-Profile_1600x1600px-scaled.jpg\" \/>\n\t<meta property=\"og:image:width\" content=\"2560\" \/>\n\t<meta property=\"og:image:height\" content=\"2560\" \/>\n\t<meta property=\"og:image:type\" content=\"image\/jpeg\" \/>\n<meta name=\"twitter:card\" content=\"summary_large_image\" \/>\n<meta name=\"twitter:label1\" content=\"Dur\u00e9e de lecture estim\u00e9e\" \/>\n\t<meta name=\"twitter:data1\" content=\"2 minutes\" \/>\n<script type=\"application\/ld+json\" class=\"yoast-schema-graph\">{\"@context\":\"https:\/\/schema.org\",\"@graph\":[{\"@type\":\"WebPage\",\"@id\":\"https:\/\/www.uni.lu\/fr\/events\/luxera-auftaktkonferenz-luxemburg-ein-einzigartiger-bildungskontext-perspektiven-aus-der-bildungsforschung\/\",\"url\":\"https:\/\/www.uni.lu\/fr\/events\/luxera-auftaktkonferenz-luxemburg-ein-einzigartiger-bildungskontext-perspektiven-aus-der-bildungsforschung\/\",\"name\":\"LuxERA Auftaktkonferenz \u201eLuxemburg: Ein einzigartiger Bildungskontext? Perspektiven aus der Bildungsforschung\u201c - Universit\u00e9 du Luxembourg\",\"isPartOf\":{\"@id\":\"https:\/\/www.uni.lu\/fr\/#website\"},\"primaryImageOfPage\":{\"@id\":\"https:\/\/www.uni.lu\/fr\/events\/luxera-auftaktkonferenz-luxemburg-ein-einzigartiger-bildungskontext-perspektiven-aus-der-bildungsforschung\/#primaryimage\"},\"image\":{\"@id\":\"https:\/\/www.uni.lu\/fr\/events\/luxera-auftaktkonferenz-luxemburg-ein-einzigartiger-bildungskontext-perspektiven-aus-der-bildungsforschung\/#primaryimage\"},\"thumbnailUrl\":\"https:\/\/www.uni.lu\/wp-content\/uploads\/sites\/11\/2018\/07\/luxera_auftaktkonferenz_luxemburg_ein_einzigartiger_bildungskontext_perspektiven_aus_der_bildungsforschung.jpg\",\"datePublished\":\"2018-07-31T14:49:07+00:00\",\"dateModified\":\"2018-07-31T14:49:07+00:00\",\"description\":\"Die Luxemburgische Gesellschaft f\u00fcr Bildungsforschung (LuxERA) wurde im Januar 2018 offiziell gegr\u00fcndet, um die Zusammenarbeit zwischen\",\"breadcrumb\":{\"@id\":\"https:\/\/www.uni.lu\/fr\/events\/luxera-auftaktkonferenz-luxemburg-ein-einzigartiger-bildungskontext-perspektiven-aus-der-bildungsforschung\/#breadcrumb\"},\"inLanguage\":\"fr-FR\",\"potentialAction\":[{\"@type\":\"ReadAction\",\"target\":[\"https:\/\/www.uni.lu\/fr\/events\/luxera-auftaktkonferenz-luxemburg-ein-einzigartiger-bildungskontext-perspektiven-aus-der-bildungsforschung\/\"]}]},{\"@type\":\"ImageObject\",\"inLanguage\":\"fr-FR\",\"@id\":\"https:\/\/www.uni.lu\/fr\/events\/luxera-auftaktkonferenz-luxemburg-ein-einzigartiger-bildungskontext-perspektiven-aus-der-bildungsforschung\/#primaryimage\",\"url\":\"https:\/\/www.uni.lu\/wp-content\/uploads\/sites\/11\/2018\/07\/luxera_auftaktkonferenz_luxemburg_ein_einzigartiger_bildungskontext_perspektiven_aus_der_bildungsforschung.jpg\",\"contentUrl\":\"https:\/\/www.uni.lu\/wp-content\/uploads\/sites\/11\/2018\/07\/luxera_auftaktkonferenz_luxemburg_ein_einzigartiger_bildungskontext_perspektiven_aus_der_bildungsforschung.jpg\",\"width\":800,\"height\":600},{\"@type\":\"BreadcrumbList\",\"@id\":\"https:\/\/www.uni.lu\/fr\/events\/luxera-auftaktkonferenz-luxemburg-ein-einzigartiger-bildungskontext-perspektiven-aus-der-bildungsforschung\/#breadcrumb\",\"itemListElement\":[{\"@type\":\"ListItem\",\"position\":1,\"name\":\"Home\",\"item\":\"https:\/\/www.uni.lu\/fr\/\"},{\"@type\":\"ListItem\",\"position\":2,\"name\":\"Events\",\"item\":\"https:\/\/www.uni.lu\/fr\/events\/\"},{\"@type\":\"ListItem\",\"position\":3,\"name\":\"LuxERA Auftaktkonferenz \u201eLuxemburg: Ein einzigartiger Bildungskontext? Perspektiven aus der Bildungsforschung\u201c\"}]},{\"@type\":\"WebSite\",\"@id\":\"https:\/\/www.uni.lu\/fr\/#website\",\"url\":\"https:\/\/www.uni.lu\/fr\/\",\"name\":\"Uni.lu\",\"description\":\"Universit\u00e9 du Luxembourg\",\"publisher\":{\"@id\":\"https:\/\/www.uni.lu\/fr\/#organization\"},\"alternateName\":\"Universit\u00e9 du Luxembourg\",\"potentialAction\":[{\"@type\":\"SearchAction\",\"target\":{\"@type\":\"EntryPoint\",\"urlTemplate\":\"https:\/\/www.uni.lu\/fr\/?s={search_term_string}\"},\"query-input\":\"required name=search_term_string\"}],\"inLanguage\":\"fr-FR\"},{\"@type\":\"Organization\",\"@id\":\"https:\/\/www.uni.lu\/fr\/#organization\",\"name\":\"Universit\u00e9 du Luxembourg\",\"alternateName\":\"Uni.lu\",\"url\":\"https:\/\/www.uni.lu\/fr\/\",\"logo\":{\"@type\":\"ImageObject\",\"inLanguage\":\"fr-FR\",\"@id\":\"https:\/\/www.uni.lu\/fr\/#\/schema\/logo\/image\/\",\"url\":\"https:\/\/www.uni.lu\/wp-content\/uploads\/sites\/11\/2026\/03\/03120045\/UNIV_SM-Profile_1600x1600px-scaled.jpg\",\"contentUrl\":\"https:\/\/www.uni.lu\/wp-content\/uploads\/sites\/11\/2026\/03\/03120045\/UNIV_SM-Profile_1600x1600px-scaled.jpg\",\"width\":2560,\"height\":2560,\"caption\":\"Universit\u00e9 du Luxembourg\"},\"image\":\"https:\/\/www.uni.lu\/wp-content\/uploads\/sites\/11\/2026\/04\/24120552\/20200609-Belval-Campus_Henri-Goergen-23.jpg\",\"sameAs\":[\"https:\/\/www.facebook.com\/uni.lu\",\"https:\/\/www.linkedin.com\/school\/university-of-luxembourg\/\",\"https:\/\/www.instagram.com\/uni.lu\",\"https:\/\/www.youtube.com\/@uni_lu\",\"https:\/\/en.wikipedia.org\/wiki\/University_of_Luxembourg\"],\"email\":\"communication@uni.lu\",\"telephone\":\"+352 46 66 44 1\",\"address\":{\"@type\":\"PostalAddress\",\"streetAddress\":\"2, place de l\u2019Universit\u00e9\",\"addressLocality\":\"Esch-sur-Alzette\",\"postalCode\":\"4365\",\"addressCountry\":\"LU\"},\"description\":\"Universit\u00e9 du Luxembourg\"}]}<\/script>\n<!-- \/ Yoast SEO Premium plugin. -->","yoast_head_json":{"title":"LuxERA Auftaktkonferenz \u201eLuxemburg: Ein einzigartiger Bildungskontext? Perspektiven aus der Bildungsforschung\u201c - Universit\u00e9 du Luxembourg","description":"Die Luxemburgische Gesellschaft f\u00fcr Bildungsforschung (LuxERA) wurde im Januar 2018 offiziell gegr\u00fcndet, um die Zusammenarbeit zwischen","robots":{"index":"index","follow":"follow","max-snippet":"max-snippet:-1","max-image-preview":"max-image-preview:large","max-video-preview":"max-video-preview:-1"},"canonical":"https:\/\/www.uni.lu\/fr\/events\/luxera-auftaktkonferenz-luxemburg-ein-einzigartiger-bildungskontext-perspektiven-aus-der-bildungsforschung\/","og_locale":"fr_FR","og_type":"article","og_title":"LuxERA Auftaktkonferenz \u201eLuxemburg: Ein einzigartiger Bildungskontext? Perspektiven aus der Bildungsforschung\u201c","og_description":"Die Luxemburgische Gesellschaft f\u00fcr Bildungsforschung (LuxERA) wurde im Januar 2018 offiziell gegr\u00fcndet, um die Zusammenarbeit zwischen","og_url":"https:\/\/www.uni.lu\/fr\/events\/luxera-auftaktkonferenz-luxemburg-ein-einzigartiger-bildungskontext-perspektiven-aus-der-bildungsforschung\/","og_site_name":"UNI FR","article_publisher":"https:\/\/www.facebook.com\/uni.lu","og_image":[{"width":2560,"height":2560,"url":"https:\/\/www.uni.lu\/wp-content\/uploads\/sites\/11\/2026\/03\/03120045\/UNIV_SM-Profile_1600x1600px-scaled.jpg","type":"image\/jpeg"}],"twitter_card":"summary_large_image","twitter_misc":{"Dur\u00e9e de lecture estim\u00e9e":"2 minutes"},"schema":{"@context":"https:\/\/schema.org","@graph":[{"@type":"WebPage","@id":"https:\/\/www.uni.lu\/fr\/events\/luxera-auftaktkonferenz-luxemburg-ein-einzigartiger-bildungskontext-perspektiven-aus-der-bildungsforschung\/","url":"https:\/\/www.uni.lu\/fr\/events\/luxera-auftaktkonferenz-luxemburg-ein-einzigartiger-bildungskontext-perspektiven-aus-der-bildungsforschung\/","name":"LuxERA Auftaktkonferenz \u201eLuxemburg: Ein einzigartiger Bildungskontext? Perspektiven aus der Bildungsforschung\u201c - Universit\u00e9 du Luxembourg","isPartOf":{"@id":"https:\/\/www.uni.lu\/fr\/#website"},"primaryImageOfPage":{"@id":"https:\/\/www.uni.lu\/fr\/events\/luxera-auftaktkonferenz-luxemburg-ein-einzigartiger-bildungskontext-perspektiven-aus-der-bildungsforschung\/#primaryimage"},"image":{"@id":"https:\/\/www.uni.lu\/fr\/events\/luxera-auftaktkonferenz-luxemburg-ein-einzigartiger-bildungskontext-perspektiven-aus-der-bildungsforschung\/#primaryimage"},"thumbnailUrl":"https:\/\/www.uni.lu\/wp-content\/uploads\/sites\/11\/2018\/07\/luxera_auftaktkonferenz_luxemburg_ein_einzigartiger_bildungskontext_perspektiven_aus_der_bildungsforschung.jpg","datePublished":"2018-07-31T14:49:07+00:00","dateModified":"2018-07-31T14:49:07+00:00","description":"Die Luxemburgische Gesellschaft f\u00fcr Bildungsforschung (LuxERA) wurde im Januar 2018 offiziell gegr\u00fcndet, um die Zusammenarbeit zwischen","breadcrumb":{"@id":"https:\/\/www.uni.lu\/fr\/events\/luxera-auftaktkonferenz-luxemburg-ein-einzigartiger-bildungskontext-perspektiven-aus-der-bildungsforschung\/#breadcrumb"},"inLanguage":"fr-FR","potentialAction":[{"@type":"ReadAction","target":["https:\/\/www.uni.lu\/fr\/events\/luxera-auftaktkonferenz-luxemburg-ein-einzigartiger-bildungskontext-perspektiven-aus-der-bildungsforschung\/"]}]},{"@type":"ImageObject","inLanguage":"fr-FR","@id":"https:\/\/www.uni.lu\/fr\/events\/luxera-auftaktkonferenz-luxemburg-ein-einzigartiger-bildungskontext-perspektiven-aus-der-bildungsforschung\/#primaryimage","url":"https:\/\/www.uni.lu\/wp-content\/uploads\/sites\/11\/2018\/07\/luxera_auftaktkonferenz_luxemburg_ein_einzigartiger_bildungskontext_perspektiven_aus_der_bildungsforschung.jpg","contentUrl":"https:\/\/www.uni.lu\/wp-content\/uploads\/sites\/11\/2018\/07\/luxera_auftaktkonferenz_luxemburg_ein_einzigartiger_bildungskontext_perspektiven_aus_der_bildungsforschung.jpg","width":800,"height":600},{"@type":"BreadcrumbList","@id":"https:\/\/www.uni.lu\/fr\/events\/luxera-auftaktkonferenz-luxemburg-ein-einzigartiger-bildungskontext-perspektiven-aus-der-bildungsforschung\/#breadcrumb","itemListElement":[{"@type":"ListItem","position":1,"name":"Home","item":"https:\/\/www.uni.lu\/fr\/"},{"@type":"ListItem","position":2,"name":"Events","item":"https:\/\/www.uni.lu\/fr\/events\/"},{"@type":"ListItem","position":3,"name":"LuxERA Auftaktkonferenz \u201eLuxemburg: Ein einzigartiger Bildungskontext? Perspektiven aus der Bildungsforschung\u201c"}]},{"@type":"WebSite","@id":"https:\/\/www.uni.lu\/fr\/#website","url":"https:\/\/www.uni.lu\/fr\/","name":"Uni.lu","description":"Universit\u00e9 du Luxembourg","publisher":{"@id":"https:\/\/www.uni.lu\/fr\/#organization"},"alternateName":"Universit\u00e9 du Luxembourg","potentialAction":[{"@type":"SearchAction","target":{"@type":"EntryPoint","urlTemplate":"https:\/\/www.uni.lu\/fr\/?s={search_term_string}"},"query-input":"required name=search_term_string"}],"inLanguage":"fr-FR"},{"@type":"Organization","@id":"https:\/\/www.uni.lu\/fr\/#organization","name":"Universit\u00e9 du Luxembourg","alternateName":"Uni.lu","url":"https:\/\/www.uni.lu\/fr\/","logo":{"@type":"ImageObject","inLanguage":"fr-FR","@id":"https:\/\/www.uni.lu\/fr\/#\/schema\/logo\/image\/","url":"https:\/\/www.uni.lu\/wp-content\/uploads\/sites\/11\/2026\/03\/03120045\/UNIV_SM-Profile_1600x1600px-scaled.jpg","contentUrl":"https:\/\/www.uni.lu\/wp-content\/uploads\/sites\/11\/2026\/03\/03120045\/UNIV_SM-Profile_1600x1600px-scaled.jpg","width":2560,"height":2560,"caption":"Universit\u00e9 du Luxembourg"},"image":"https:\/\/www.uni.lu\/wp-content\/uploads\/sites\/11\/2026\/04\/24120552\/20200609-Belval-Campus_Henri-Goergen-23.jpg","sameAs":["https:\/\/www.facebook.com\/uni.lu","https:\/\/www.linkedin.com\/school\/university-of-luxembourg\/","https:\/\/www.instagram.com\/uni.lu","https:\/\/www.youtube.com\/@uni_lu","https:\/\/en.wikipedia.org\/wiki\/University_of_Luxembourg"],"email":"communication@uni.lu","telephone":"+352 46 66 44 1","address":{"@type":"PostalAddress","streetAddress":"2, place de l\u2019Universit\u00e9","addressLocality":"Esch-sur-Alzette","postalCode":"4365","addressCountry":"LU"},"description":"Universit\u00e9 du Luxembourg"}]}},"_links":{"self":[{"href":"https:\/\/www.uni.lu\/fr\/wp-json\/wp\/v2\/events\/7054"}],"collection":[{"href":"https:\/\/www.uni.lu\/fr\/wp-json\/wp\/v2\/events"}],"about":[{"href":"https:\/\/www.uni.lu\/fr\/wp-json\/wp\/v2\/types\/events"}],"replies":[{"embeddable":true,"href":"https:\/\/www.uni.lu\/fr\/wp-json\/wp\/v2\/comments?post=7054"}],"version-history":[{"count":0,"href":"https:\/\/www.uni.lu\/fr\/wp-json\/wp\/v2\/events\/7054\/revisions"}],"wp:featuredmedia":[{"embeddable":true,"href":"https:\/\/www.uni.lu\/fr\/wp-json\/wp\/v2\/media\/7055"}],"wp:attachment":[{"href":"https:\/\/www.uni.lu\/fr\/wp-json\/wp\/v2\/media?parent=7054"}],"wp:term":[{"taxonomy":"events-topic","embeddable":true,"href":"https:\/\/www.uni.lu\/fr\/wp-json\/wp\/v2\/events-topic?post=7054"},{"taxonomy":"events-type","embeddable":true,"href":"https:\/\/www.uni.lu\/fr\/wp-json\/wp\/v2\/events-type?post=7054"},{"taxonomy":"organisation","embeddable":true,"href":"https:\/\/www.uni.lu\/fr\/wp-json\/wp\/v2\/organisation?post=7054"}],"curies":[{"name":"wp","href":"https:\/\/api.w.org\/{rel}","templated":true}]}}