{"id":7011,"date":"2018-06-08T15:49:34","date_gmt":"2018-06-08T13:49:34","guid":{"rendered":"https:\/\/www.uni.lu\/fr\/events\/uber-bedeutung-und-notwendigkeit-der-theologie-in-kants-vernunftprojekt\/"},"modified":"2018-06-08T15:49:34","modified_gmt":"2018-06-08T13:49:34","slug":"uber-bedeutung-und-notwendigkeit-der-theologie-in-kants-vernunftprojekt","status":"publish","type":"events","link":"https:\/\/www.uni.lu\/fr\/events\/uber-bedeutung-und-notwendigkeit-der-theologie-in-kants-vernunftprojekt\/","title":{"rendered":"\u00dcber Bedeutung und Notwendigkeit der Theologie in Kants Vernunftprojekt"},"content":{"rendered":"<section class=\"wp-block-unilux-blocks-free-section section\"><div class=\"container xl:max-w-screen-xl\"><p>Heinrich Heine schreibt, Kants Kritik der reinen Vernunft sei das Schwert, womit der Deismus in Deutschland hingerichtet worden sei. Kant habe gezeigt, dass Gott nichts anderes als eine Erdichtung sei. Auch wenn Kant selber behauptet, alle Versuche der theoretischen Vernunft in Sachen \u201eTheologie\u201c seien \u201eg\u00e4nzlich fruchtlos\u201c, so darf dies nicht dar\u00fcber hinwegsehen lassen, dass nach ihm der Vernunft ein ganz eigenes Bed\u00fcrfnis nach Unbedingtem innewohnt, dass in seiner \u201eletzten Ausdifferenzierung mit Gott\u201c bezeichnet wird.<\/p><p>Auf diese Weise zeigt sich, dass \u201eTheologie\u201c wesensm\u00e4\u00dfig zum Vernunftprojekt geh\u00f6rt, ja gar als dessen Abschluss anzusehen ist. Dieser Entwurf wird im Vortrag in seinen Grundz\u00fcgen nachgezeichnet und auf seine f\u00fcr den Menschen orientierende Funktion hin thematisiert.<\/p><p><i>Eine Teilnahmebest\u00e4tigung wird auf Wunsch ausgestellt.<\/i><\/p><p>Kontakt: Jean-Marie Weber<\/p><\/div><\/section>","protected":false},"excerpt":{"rendered":"","protected":false},"author":0,"featured_media":7012,"parent":0,"menu_order":0,"comment_status":"open","ping_status":"closed","template":"","format":"standard","meta":{"featured_image_focal_point":[],"show_featured_caption":false,"ulux_newsletter_groups":"","uluxPostTitle":"","uluxPrePostTitle":"","_trash_the_other_posts":false,"_price":"","_stock":"","_tribe_ticket_header":"","_tribe_default_ticket_provider":"","_tribe_ticket_capacity":"0","_ticket_start_date":"","_ticket_end_date":"","_tribe_ticket_show_description":"","_tribe_ticket_show_not_going":false,"_tribe_ticket_use_global_stock":"","_tribe_ticket_global_stock_level":"","_global_stock_mode":"","_global_stock_cap":"","_tribe_rsvp_for_event":"","_tribe_ticket_going_count":"","_tribe_ticket_not_going_count":"","_tribe_tickets_list":"[]","_tribe_ticket_has_attendee_info_fields":false,"event_start_date":"2018-06-20 19:00:00","event_end_date":"2018-06-20 21:00:00","event_speaker_name":"Prof. em. Dr. Robert Theis (Universit\u00e9 du Luxembourg)","event_speaker_link":"","event_is_online":false,"event_location":"Campus Limpertsberg, B\u00e2timent des Sciences, Salle BSC E00 003","event_street":"","event_location_link":"","event_zip_code":"","event_city":"","event_country":"LU"},"events-topic":[318],"events-type":[],"organisation":[179,181,226],"authorship":[],"acf":[],"yoast_head":"<!-- This site is optimized with the Yoast SEO Premium plugin v22.3 (Yoast SEO v22.3) - https:\/\/yoast.com\/wordpress\/plugins\/seo\/ -->\n<title>\u00dcber Bedeutung und Notwendigkeit der Theologie in Kants Vernunftprojekt - Universit\u00e9 du Luxembourg<\/title>\n<meta name=\"description\" content=\"Heinrich Heine schreibt, Kants Kritik der reinen Vernunft sei das Schwert, womit der Deismus in Deutschland hingerichtet worden sei. Kant habe gezeigt,\" \/>\n<meta name=\"robots\" content=\"index, follow, max-snippet:-1, max-image-preview:large, max-video-preview:-1\" \/>\n<link rel=\"canonical\" href=\"https:\/\/www.uni.lu\/fr\/events\/uber-bedeutung-und-notwendigkeit-der-theologie-in-kants-vernunftprojekt\/\" \/>\n<meta property=\"og:locale\" content=\"fr_FR\" \/>\n<meta property=\"og:type\" content=\"article\" \/>\n<meta property=\"og:title\" content=\"\u00dcber Bedeutung und Notwendigkeit der Theologie in Kants Vernunftprojekt\" \/>\n<meta property=\"og:description\" content=\"Heinrich Heine schreibt, Kants Kritik der reinen Vernunft sei das Schwert, womit der Deismus in Deutschland hingerichtet worden sei. Kant habe gezeigt,\" \/>\n<meta property=\"og:url\" content=\"https:\/\/www.uni.lu\/fr\/events\/uber-bedeutung-und-notwendigkeit-der-theologie-in-kants-vernunftprojekt\/\" \/>\n<meta property=\"og:site_name\" content=\"UNI FR\" \/>\n<meta property=\"article:publisher\" content=\"https:\/\/www.facebook.com\/uni.lu\" \/>\n<meta property=\"og:image\" content=\"https:\/\/www.uni.lu\/wp-content\/uploads\/sites\/11\/2026\/03\/03120045\/UNIV_SM-Profile_1600x1600px-scaled.jpg\" \/>\n\t<meta property=\"og:image:width\" content=\"2560\" \/>\n\t<meta property=\"og:image:height\" content=\"2560\" \/>\n\t<meta property=\"og:image:type\" content=\"image\/jpeg\" \/>\n<meta name=\"twitter:card\" content=\"summary_large_image\" \/>\n<meta name=\"twitter:label1\" content=\"Dur\u00e9e de lecture estim\u00e9e\" \/>\n\t<meta name=\"twitter:data1\" content=\"1 minute\" \/>\n<script type=\"application\/ld+json\" class=\"yoast-schema-graph\">{\"@context\":\"https:\/\/schema.org\",\"@graph\":[{\"@type\":\"WebPage\",\"@id\":\"https:\/\/www.uni.lu\/fr\/events\/uber-bedeutung-und-notwendigkeit-der-theologie-in-kants-vernunftprojekt\/\",\"url\":\"https:\/\/www.uni.lu\/fr\/events\/uber-bedeutung-und-notwendigkeit-der-theologie-in-kants-vernunftprojekt\/\",\"name\":\"\u00dcber Bedeutung und Notwendigkeit der Theologie in Kants Vernunftprojekt - Universit\u00e9 du Luxembourg\",\"isPartOf\":{\"@id\":\"https:\/\/www.uni.lu\/fr\/#website\"},\"primaryImageOfPage\":{\"@id\":\"https:\/\/www.uni.lu\/fr\/events\/uber-bedeutung-und-notwendigkeit-der-theologie-in-kants-vernunftprojekt\/#primaryimage\"},\"image\":{\"@id\":\"https:\/\/www.uni.lu\/fr\/events\/uber-bedeutung-und-notwendigkeit-der-theologie-in-kants-vernunftprojekt\/#primaryimage\"},\"thumbnailUrl\":\"https:\/\/www.uni.lu\/wp-content\/uploads\/sites\/11\/2018\/06\/ueber_bedeutung_und_notwendigkeit_der_theologie_in_kants_vernunftprojekt.jpg\",\"datePublished\":\"2018-06-08T13:49:34+00:00\",\"dateModified\":\"2018-06-08T13:49:34+00:00\",\"description\":\"Heinrich Heine schreibt, Kants Kritik der reinen Vernunft sei das Schwert, womit der Deismus in Deutschland hingerichtet worden sei. Kant habe gezeigt,\",\"breadcrumb\":{\"@id\":\"https:\/\/www.uni.lu\/fr\/events\/uber-bedeutung-und-notwendigkeit-der-theologie-in-kants-vernunftprojekt\/#breadcrumb\"},\"inLanguage\":\"fr-FR\",\"potentialAction\":[{\"@type\":\"ReadAction\",\"target\":[\"https:\/\/www.uni.lu\/fr\/events\/uber-bedeutung-und-notwendigkeit-der-theologie-in-kants-vernunftprojekt\/\"]}]},{\"@type\":\"ImageObject\",\"inLanguage\":\"fr-FR\",\"@id\":\"https:\/\/www.uni.lu\/fr\/events\/uber-bedeutung-und-notwendigkeit-der-theologie-in-kants-vernunftprojekt\/#primaryimage\",\"url\":\"https:\/\/www.uni.lu\/wp-content\/uploads\/sites\/11\/2018\/06\/ueber_bedeutung_und_notwendigkeit_der_theologie_in_kants_vernunftprojekt.jpg\",\"contentUrl\":\"https:\/\/www.uni.lu\/wp-content\/uploads\/sites\/11\/2018\/06\/ueber_bedeutung_und_notwendigkeit_der_theologie_in_kants_vernunftprojekt.jpg\",\"width\":800,\"height\":600},{\"@type\":\"BreadcrumbList\",\"@id\":\"https:\/\/www.uni.lu\/fr\/events\/uber-bedeutung-und-notwendigkeit-der-theologie-in-kants-vernunftprojekt\/#breadcrumb\",\"itemListElement\":[{\"@type\":\"ListItem\",\"position\":1,\"name\":\"Home\",\"item\":\"https:\/\/www.uni.lu\/fr\/\"},{\"@type\":\"ListItem\",\"position\":2,\"name\":\"Events\",\"item\":\"https:\/\/www.uni.lu\/fr\/events\/\"},{\"@type\":\"ListItem\",\"position\":3,\"name\":\"\u00dcber Bedeutung und Notwendigkeit der Theologie in Kants Vernunftprojekt\"}]},{\"@type\":\"WebSite\",\"@id\":\"https:\/\/www.uni.lu\/fr\/#website\",\"url\":\"https:\/\/www.uni.lu\/fr\/\",\"name\":\"Uni.lu\",\"description\":\"Universit\u00e9 du Luxembourg\",\"publisher\":{\"@id\":\"https:\/\/www.uni.lu\/fr\/#organization\"},\"alternateName\":\"Universit\u00e9 du Luxembourg\",\"potentialAction\":[{\"@type\":\"SearchAction\",\"target\":{\"@type\":\"EntryPoint\",\"urlTemplate\":\"https:\/\/www.uni.lu\/fr\/?s={search_term_string}\"},\"query-input\":\"required name=search_term_string\"}],\"inLanguage\":\"fr-FR\"},{\"@type\":\"Organization\",\"@id\":\"https:\/\/www.uni.lu\/fr\/#organization\",\"name\":\"Universit\u00e9 du Luxembourg\",\"alternateName\":\"Uni.lu\",\"url\":\"https:\/\/www.uni.lu\/fr\/\",\"logo\":{\"@type\":\"ImageObject\",\"inLanguage\":\"fr-FR\",\"@id\":\"https:\/\/www.uni.lu\/fr\/#\/schema\/logo\/image\/\",\"url\":\"https:\/\/www.uni.lu\/wp-content\/uploads\/sites\/11\/2026\/03\/03120045\/UNIV_SM-Profile_1600x1600px-scaled.jpg\",\"contentUrl\":\"https:\/\/www.uni.lu\/wp-content\/uploads\/sites\/11\/2026\/03\/03120045\/UNIV_SM-Profile_1600x1600px-scaled.jpg\",\"width\":2560,\"height\":2560,\"caption\":\"Universit\u00e9 du Luxembourg\"},\"image\":\"https:\/\/www.uni.lu\/wp-content\/uploads\/sites\/11\/2026\/04\/24120552\/20200609-Belval-Campus_Henri-Goergen-23.jpg\",\"sameAs\":[\"https:\/\/www.facebook.com\/uni.lu\",\"https:\/\/www.linkedin.com\/school\/university-of-luxembourg\/\",\"https:\/\/www.instagram.com\/uni.lu\",\"https:\/\/www.youtube.com\/@uni_lu\",\"https:\/\/en.wikipedia.org\/wiki\/University_of_Luxembourg\"],\"email\":\"communication@uni.lu\",\"telephone\":\"+352 46 66 44 1\",\"address\":{\"@type\":\"PostalAddress\",\"streetAddress\":\"2, place de l\u2019Universit\u00e9\",\"addressLocality\":\"Esch-sur-Alzette\",\"postalCode\":\"4365\",\"addressCountry\":\"LU\"},\"description\":\"Universit\u00e9 du Luxembourg\"}]}<\/script>\n<!-- \/ Yoast SEO Premium plugin. -->","yoast_head_json":{"title":"\u00dcber Bedeutung und Notwendigkeit der Theologie in Kants Vernunftprojekt - Universit\u00e9 du Luxembourg","description":"Heinrich Heine schreibt, Kants Kritik der reinen Vernunft sei das Schwert, womit der Deismus in Deutschland hingerichtet worden sei. Kant habe gezeigt,","robots":{"index":"index","follow":"follow","max-snippet":"max-snippet:-1","max-image-preview":"max-image-preview:large","max-video-preview":"max-video-preview:-1"},"canonical":"https:\/\/www.uni.lu\/fr\/events\/uber-bedeutung-und-notwendigkeit-der-theologie-in-kants-vernunftprojekt\/","og_locale":"fr_FR","og_type":"article","og_title":"\u00dcber Bedeutung und Notwendigkeit der Theologie in Kants Vernunftprojekt","og_description":"Heinrich Heine schreibt, Kants Kritik der reinen Vernunft sei das Schwert, womit der Deismus in Deutschland hingerichtet worden sei. Kant habe gezeigt,","og_url":"https:\/\/www.uni.lu\/fr\/events\/uber-bedeutung-und-notwendigkeit-der-theologie-in-kants-vernunftprojekt\/","og_site_name":"UNI FR","article_publisher":"https:\/\/www.facebook.com\/uni.lu","og_image":[{"width":2560,"height":2560,"url":"https:\/\/www.uni.lu\/wp-content\/uploads\/sites\/11\/2026\/03\/03120045\/UNIV_SM-Profile_1600x1600px-scaled.jpg","type":"image\/jpeg"}],"twitter_card":"summary_large_image","twitter_misc":{"Dur\u00e9e de lecture estim\u00e9e":"1 minute"},"schema":{"@context":"https:\/\/schema.org","@graph":[{"@type":"WebPage","@id":"https:\/\/www.uni.lu\/fr\/events\/uber-bedeutung-und-notwendigkeit-der-theologie-in-kants-vernunftprojekt\/","url":"https:\/\/www.uni.lu\/fr\/events\/uber-bedeutung-und-notwendigkeit-der-theologie-in-kants-vernunftprojekt\/","name":"\u00dcber Bedeutung und Notwendigkeit der Theologie in Kants Vernunftprojekt - Universit\u00e9 du Luxembourg","isPartOf":{"@id":"https:\/\/www.uni.lu\/fr\/#website"},"primaryImageOfPage":{"@id":"https:\/\/www.uni.lu\/fr\/events\/uber-bedeutung-und-notwendigkeit-der-theologie-in-kants-vernunftprojekt\/#primaryimage"},"image":{"@id":"https:\/\/www.uni.lu\/fr\/events\/uber-bedeutung-und-notwendigkeit-der-theologie-in-kants-vernunftprojekt\/#primaryimage"},"thumbnailUrl":"https:\/\/www.uni.lu\/wp-content\/uploads\/sites\/11\/2018\/06\/ueber_bedeutung_und_notwendigkeit_der_theologie_in_kants_vernunftprojekt.jpg","datePublished":"2018-06-08T13:49:34+00:00","dateModified":"2018-06-08T13:49:34+00:00","description":"Heinrich Heine schreibt, Kants Kritik der reinen Vernunft sei das Schwert, womit der Deismus in Deutschland hingerichtet worden sei. Kant habe gezeigt,","breadcrumb":{"@id":"https:\/\/www.uni.lu\/fr\/events\/uber-bedeutung-und-notwendigkeit-der-theologie-in-kants-vernunftprojekt\/#breadcrumb"},"inLanguage":"fr-FR","potentialAction":[{"@type":"ReadAction","target":["https:\/\/www.uni.lu\/fr\/events\/uber-bedeutung-und-notwendigkeit-der-theologie-in-kants-vernunftprojekt\/"]}]},{"@type":"ImageObject","inLanguage":"fr-FR","@id":"https:\/\/www.uni.lu\/fr\/events\/uber-bedeutung-und-notwendigkeit-der-theologie-in-kants-vernunftprojekt\/#primaryimage","url":"https:\/\/www.uni.lu\/wp-content\/uploads\/sites\/11\/2018\/06\/ueber_bedeutung_und_notwendigkeit_der_theologie_in_kants_vernunftprojekt.jpg","contentUrl":"https:\/\/www.uni.lu\/wp-content\/uploads\/sites\/11\/2018\/06\/ueber_bedeutung_und_notwendigkeit_der_theologie_in_kants_vernunftprojekt.jpg","width":800,"height":600},{"@type":"BreadcrumbList","@id":"https:\/\/www.uni.lu\/fr\/events\/uber-bedeutung-und-notwendigkeit-der-theologie-in-kants-vernunftprojekt\/#breadcrumb","itemListElement":[{"@type":"ListItem","position":1,"name":"Home","item":"https:\/\/www.uni.lu\/fr\/"},{"@type":"ListItem","position":2,"name":"Events","item":"https:\/\/www.uni.lu\/fr\/events\/"},{"@type":"ListItem","position":3,"name":"\u00dcber Bedeutung und Notwendigkeit der Theologie in Kants Vernunftprojekt"}]},{"@type":"WebSite","@id":"https:\/\/www.uni.lu\/fr\/#website","url":"https:\/\/www.uni.lu\/fr\/","name":"Uni.lu","description":"Universit\u00e9 du Luxembourg","publisher":{"@id":"https:\/\/www.uni.lu\/fr\/#organization"},"alternateName":"Universit\u00e9 du Luxembourg","potentialAction":[{"@type":"SearchAction","target":{"@type":"EntryPoint","urlTemplate":"https:\/\/www.uni.lu\/fr\/?s={search_term_string}"},"query-input":"required name=search_term_string"}],"inLanguage":"fr-FR"},{"@type":"Organization","@id":"https:\/\/www.uni.lu\/fr\/#organization","name":"Universit\u00e9 du Luxembourg","alternateName":"Uni.lu","url":"https:\/\/www.uni.lu\/fr\/","logo":{"@type":"ImageObject","inLanguage":"fr-FR","@id":"https:\/\/www.uni.lu\/fr\/#\/schema\/logo\/image\/","url":"https:\/\/www.uni.lu\/wp-content\/uploads\/sites\/11\/2026\/03\/03120045\/UNIV_SM-Profile_1600x1600px-scaled.jpg","contentUrl":"https:\/\/www.uni.lu\/wp-content\/uploads\/sites\/11\/2026\/03\/03120045\/UNIV_SM-Profile_1600x1600px-scaled.jpg","width":2560,"height":2560,"caption":"Universit\u00e9 du Luxembourg"},"image":"https:\/\/www.uni.lu\/wp-content\/uploads\/sites\/11\/2026\/04\/24120552\/20200609-Belval-Campus_Henri-Goergen-23.jpg","sameAs":["https:\/\/www.facebook.com\/uni.lu","https:\/\/www.linkedin.com\/school\/university-of-luxembourg\/","https:\/\/www.instagram.com\/uni.lu","https:\/\/www.youtube.com\/@uni_lu","https:\/\/en.wikipedia.org\/wiki\/University_of_Luxembourg"],"email":"communication@uni.lu","telephone":"+352 46 66 44 1","address":{"@type":"PostalAddress","streetAddress":"2, place de l\u2019Universit\u00e9","addressLocality":"Esch-sur-Alzette","postalCode":"4365","addressCountry":"LU"},"description":"Universit\u00e9 du Luxembourg"}]}},"_links":{"self":[{"href":"https:\/\/www.uni.lu\/fr\/wp-json\/wp\/v2\/events\/7011"}],"collection":[{"href":"https:\/\/www.uni.lu\/fr\/wp-json\/wp\/v2\/events"}],"about":[{"href":"https:\/\/www.uni.lu\/fr\/wp-json\/wp\/v2\/types\/events"}],"replies":[{"embeddable":true,"href":"https:\/\/www.uni.lu\/fr\/wp-json\/wp\/v2\/comments?post=7011"}],"version-history":[{"count":0,"href":"https:\/\/www.uni.lu\/fr\/wp-json\/wp\/v2\/events\/7011\/revisions"}],"wp:featuredmedia":[{"embeddable":true,"href":"https:\/\/www.uni.lu\/fr\/wp-json\/wp\/v2\/media\/7012"}],"wp:attachment":[{"href":"https:\/\/www.uni.lu\/fr\/wp-json\/wp\/v2\/media?parent=7011"}],"wp:term":[{"taxonomy":"events-topic","embeddable":true,"href":"https:\/\/www.uni.lu\/fr\/wp-json\/wp\/v2\/events-topic?post=7011"},{"taxonomy":"events-type","embeddable":true,"href":"https:\/\/www.uni.lu\/fr\/wp-json\/wp\/v2\/events-type?post=7011"},{"taxonomy":"organisation","embeddable":true,"href":"https:\/\/www.uni.lu\/fr\/wp-json\/wp\/v2\/organisation?post=7011"}],"curies":[{"name":"wp","href":"https:\/\/api.w.org\/{rel}","templated":true}]}}