{"id":6883,"date":"2018-06-06T15:02:39","date_gmt":"2018-06-06T13:02:39","guid":{"rendered":"https:\/\/www.uni.lu\/fr\/events\/conference-emn-sur-la-nationalite-luxembourgeoise\/"},"modified":"2018-06-06T15:02:39","modified_gmt":"2018-06-06T13:02:39","slug":"conference-emn-sur-la-nationalite-luxembourgeoise","status":"publish","type":"events","link":"https:\/\/www.uni.lu\/fr\/events\/conference-emn-sur-la-nationalite-luxembourgeoise\/","title":{"rendered":"Conf\u00e9rence EMN sur la nationalit\u00e9 luxembourgeoise"},"content":{"rendered":"<section class=\"wp-block-unilux-blocks-free-section section\"><div class=\"container xl:max-w-screen-xl\"><p>La conf\u00e9rence se composera de trois pr\u00e9sentations sur les sujets suivants\u00a0:<\/p><ul class=\"ulux-list\"><li class=\"ulux-list-item\">La nationalit\u00e9 luxembourgeoise \u00e0 travers le XX et XXI si\u00e8cle \u2013 Prof. Denis Scuto, Universit\u00e9 du Luxembourg<\/li><li class=\"ulux-list-item\">La nouvelle loi sur la nationalit\u00e9 luxembourgeoise \u2013 Jo\u00eblle Gilles, Service de l\u2019Indig\u00e9nat, Minist\u00e8re de la Justice<\/li><li class=\"ulux-list-item\">La nationalit\u00e9 luxembourgeoise, facteur d\u2019int\u00e9gration? \u2013 Sylvain Besch, Directeur du Centre d\u2019\u00e9tude et de formation interculturelles et sociales (CEFIS)<\/li><\/ul><\/div><\/section>","protected":false},"excerpt":{"rendered":"<p>La conf\u00e9rence se composera de trois pr\u00e9sentations sur les sujets suivants\u00a0:La nationalit\u00e9 luxembourgeoise \u00e0 travers le XX et XXI si\u00e8cle \u2013 Prof. Denis Scuto, Universit\u00e9 du LuxembourgLa nouvelle loi sur la nationalit\u00e9 luxembourgeoise \u2013 Jo\u00eblle Gilles, Service de l\u2019Indig\u00e9nat, Minist\u00e8re de la JusticeLa nationalit\u00e9 luxembourgeoise, facteur d\u2019int\u00e9gration? \u2013 Sylvain Besch, Directeur du Centre d\u2019\u00e9tude et de formation interculturelles et sociales (CEFIS)<\/p>\n","protected":false},"author":0,"featured_media":6884,"parent":0,"menu_order":0,"comment_status":"open","ping_status":"closed","template":"","format":"standard","meta":{"featured_image_focal_point":[],"show_featured_caption":false,"ulux_newsletter_groups":"","uluxPostTitle":"","uluxPrePostTitle":"","_trash_the_other_posts":false,"_price":"","_stock":"","_tribe_ticket_header":"","_tribe_default_ticket_provider":"","_tribe_ticket_capacity":"0","_ticket_start_date":"","_ticket_end_date":"","_tribe_ticket_show_description":"","_tribe_ticket_show_not_going":false,"_tribe_ticket_use_global_stock":"","_tribe_ticket_global_stock_level":"","_global_stock_mode":"","_global_stock_cap":"","_tribe_rsvp_for_event":"","_tribe_ticket_going_count":"","_tribe_ticket_not_going_count":"","_tribe_tickets_list":"[]","_tribe_ticket_has_attendee_info_fields":false,"event_start_date":"2018-06-25 12:30:00","event_end_date":"2018-06-25 16:00:00","event_speaker_name":"","event_speaker_link":"","event_is_online":false,"event_location":" Black Box (ground floor) ","event_street":"Campus Belval, Maison des Sciences Humaines","event_location_link":"","event_zip_code":"L-4366","event_city":"Esch-sur-Alzette","event_country":"LU"},"events-topic":[],"events-type":[],"organisation":[147,226],"authorship":[],"acf":[],"yoast_head":"<!-- This site is optimized with the Yoast SEO Premium plugin v22.3 (Yoast SEO v22.3) - https:\/\/yoast.com\/wordpress\/plugins\/seo\/ -->\n<title>Conf\u00e9rence EMN sur la nationalit\u00e9 luxembourgeoise - Universit\u00e9 du Luxembourg<\/title>\n<meta name=\"description\" content=\"La conf\u00e9rence se composera de trois pr\u00e9sentations sur les sujets suivants\u00a0:La nationalit\u00e9 luxembourgeoise \u00e0 travers le XX et XXI si\u00e8cle \u2013 Prof. Denis Scuto, Universit\u00e9 du LuxembourgLa nouvelle loi sur la nationalit\u00e9 luxembourgeoise \u2013 Jo\u00eblle Gilles, Service de l\u2019Indig\u00e9nat, Minist\u00e8re de la JusticeLa nationalit\u00e9 luxembourgeoise, facteur d\u2019int\u00e9gration? \u2013 Sylvain Besch, Directeur du Centre d\u2019\u00e9tude et de formation interculturelles et sociales (CEFIS)\" \/>\n<meta name=\"robots\" content=\"index, follow, max-snippet:-1, max-image-preview:large, max-video-preview:-1\" \/>\n<link rel=\"canonical\" href=\"https:\/\/www.uni.lu\/fr\/events\/conference-emn-sur-la-nationalite-luxembourgeoise\/\" \/>\n<meta property=\"og:locale\" content=\"fr_FR\" \/>\n<meta property=\"og:type\" content=\"article\" \/>\n<meta property=\"og:title\" content=\"Conf\u00e9rence EMN sur la nationalit\u00e9 luxembourgeoise\" \/>\n<meta property=\"og:description\" content=\"La conf\u00e9rence se composera de trois pr\u00e9sentations sur les sujets suivants\u00a0:La nationalit\u00e9 luxembourgeoise \u00e0 travers le XX et XXI si\u00e8cle \u2013 Prof. Denis Scuto, Universit\u00e9 du LuxembourgLa nouvelle loi sur la nationalit\u00e9 luxembourgeoise \u2013 Jo\u00eblle Gilles, Service de l\u2019Indig\u00e9nat, Minist\u00e8re de la JusticeLa nationalit\u00e9 luxembourgeoise, facteur d\u2019int\u00e9gration? \u2013 Sylvain Besch, Directeur du Centre d\u2019\u00e9tude et de formation interculturelles et sociales (CEFIS)\" \/>\n<meta property=\"og:url\" content=\"https:\/\/www.uni.lu\/fr\/events\/conference-emn-sur-la-nationalite-luxembourgeoise\/\" \/>\n<meta property=\"og:site_name\" content=\"UNI FR\" \/>\n<meta property=\"article:publisher\" content=\"https:\/\/www.facebook.com\/uni.lu\" \/>\n<meta property=\"og:image\" content=\"https:\/\/www.uni.lu\/wp-content\/uploads\/sites\/11\/2026\/03\/03120045\/UNIV_SM-Profile_1600x1600px-scaled.jpg\" \/>\n\t<meta property=\"og:image:width\" content=\"2560\" \/>\n\t<meta property=\"og:image:height\" content=\"2560\" \/>\n\t<meta property=\"og:image:type\" content=\"image\/jpeg\" \/>\n<meta name=\"twitter:card\" content=\"summary_large_image\" \/>\n<script type=\"application\/ld+json\" class=\"yoast-schema-graph\">{\"@context\":\"https:\/\/schema.org\",\"@graph\":[{\"@type\":\"WebPage\",\"@id\":\"https:\/\/www.uni.lu\/fr\/events\/conference-emn-sur-la-nationalite-luxembourgeoise\/\",\"url\":\"https:\/\/www.uni.lu\/fr\/events\/conference-emn-sur-la-nationalite-luxembourgeoise\/\",\"name\":\"Conf\u00e9rence EMN sur la nationalit\u00e9 luxembourgeoise - Universit\u00e9 du Luxembourg\",\"isPartOf\":{\"@id\":\"https:\/\/www.uni.lu\/fr\/#website\"},\"primaryImageOfPage\":{\"@id\":\"https:\/\/www.uni.lu\/fr\/events\/conference-emn-sur-la-nationalite-luxembourgeoise\/#primaryimage\"},\"image\":{\"@id\":\"https:\/\/www.uni.lu\/fr\/events\/conference-emn-sur-la-nationalite-luxembourgeoise\/#primaryimage\"},\"thumbnailUrl\":\"https:\/\/www.uni.lu\/wp-content\/uploads\/sites\/11\/2018\/06\/default-5.jpg\",\"datePublished\":\"2018-06-06T13:02:39+00:00\",\"dateModified\":\"2018-06-06T13:02:39+00:00\",\"description\":\"La conf\u00e9rence se composera de trois pr\u00e9sentations sur les sujets suivants\u00a0:La nationalit\u00e9 luxembourgeoise \u00e0 travers le XX et XXI si\u00e8cle \u2013 Prof. Denis Scuto, Universit\u00e9 du LuxembourgLa nouvelle loi sur la nationalit\u00e9 luxembourgeoise \u2013 Jo\u00eblle Gilles, Service de l\u2019Indig\u00e9nat, Minist\u00e8re de la JusticeLa nationalit\u00e9 luxembourgeoise, facteur d\u2019int\u00e9gration? \u2013 Sylvain Besch, Directeur du Centre d\u2019\u00e9tude et de formation interculturelles et sociales (CEFIS)\",\"breadcrumb\":{\"@id\":\"https:\/\/www.uni.lu\/fr\/events\/conference-emn-sur-la-nationalite-luxembourgeoise\/#breadcrumb\"},\"inLanguage\":\"fr-FR\",\"potentialAction\":[{\"@type\":\"ReadAction\",\"target\":[\"https:\/\/www.uni.lu\/fr\/events\/conference-emn-sur-la-nationalite-luxembourgeoise\/\"]}]},{\"@type\":\"ImageObject\",\"inLanguage\":\"fr-FR\",\"@id\":\"https:\/\/www.uni.lu\/fr\/events\/conference-emn-sur-la-nationalite-luxembourgeoise\/#primaryimage\",\"url\":\"https:\/\/www.uni.lu\/wp-content\/uploads\/sites\/11\/2018\/06\/default-5.jpg\",\"contentUrl\":\"https:\/\/www.uni.lu\/wp-content\/uploads\/sites\/11\/2018\/06\/default-5.jpg\",\"width\":1500,\"height\":1125},{\"@type\":\"BreadcrumbList\",\"@id\":\"https:\/\/www.uni.lu\/fr\/events\/conference-emn-sur-la-nationalite-luxembourgeoise\/#breadcrumb\",\"itemListElement\":[{\"@type\":\"ListItem\",\"position\":1,\"name\":\"Home\",\"item\":\"https:\/\/www.uni.lu\/fr\/\"},{\"@type\":\"ListItem\",\"position\":2,\"name\":\"Events\",\"item\":\"https:\/\/www.uni.lu\/fr\/events\/\"},{\"@type\":\"ListItem\",\"position\":3,\"name\":\"Conf\u00e9rence EMN sur la nationalit\u00e9 luxembourgeoise\"}]},{\"@type\":\"WebSite\",\"@id\":\"https:\/\/www.uni.lu\/fr\/#website\",\"url\":\"https:\/\/www.uni.lu\/fr\/\",\"name\":\"Uni.lu\",\"description\":\"Universit\u00e9 du Luxembourg\",\"publisher\":{\"@id\":\"https:\/\/www.uni.lu\/fr\/#organization\"},\"alternateName\":\"Universit\u00e9 du Luxembourg\",\"potentialAction\":[{\"@type\":\"SearchAction\",\"target\":{\"@type\":\"EntryPoint\",\"urlTemplate\":\"https:\/\/www.uni.lu\/fr\/?s={search_term_string}\"},\"query-input\":\"required name=search_term_string\"}],\"inLanguage\":\"fr-FR\"},{\"@type\":\"Organization\",\"@id\":\"https:\/\/www.uni.lu\/fr\/#organization\",\"name\":\"Universit\u00e9 du Luxembourg\",\"alternateName\":\"Uni.lu\",\"url\":\"https:\/\/www.uni.lu\/fr\/\",\"logo\":{\"@type\":\"ImageObject\",\"inLanguage\":\"fr-FR\",\"@id\":\"https:\/\/www.uni.lu\/fr\/#\/schema\/logo\/image\/\",\"url\":\"https:\/\/www.uni.lu\/wp-content\/uploads\/sites\/11\/2026\/03\/03120045\/UNIV_SM-Profile_1600x1600px-scaled.jpg\",\"contentUrl\":\"https:\/\/www.uni.lu\/wp-content\/uploads\/sites\/11\/2026\/03\/03120045\/UNIV_SM-Profile_1600x1600px-scaled.jpg\",\"width\":2560,\"height\":2560,\"caption\":\"Universit\u00e9 du Luxembourg\"},\"image\":\"https:\/\/www.uni.lu\/wp-content\/uploads\/sites\/11\/2026\/04\/24120552\/20200609-Belval-Campus_Henri-Goergen-23.jpg\",\"sameAs\":[\"https:\/\/www.facebook.com\/uni.lu\",\"https:\/\/www.linkedin.com\/school\/university-of-luxembourg\/\",\"https:\/\/www.instagram.com\/uni.lu\",\"https:\/\/www.youtube.com\/@uni_lu\",\"https:\/\/en.wikipedia.org\/wiki\/University_of_Luxembourg\"],\"email\":\"communication@uni.lu\",\"telephone\":\"+352 46 66 44 1\",\"address\":{\"@type\":\"PostalAddress\",\"streetAddress\":\"2, place de l\u2019Universit\u00e9\",\"addressLocality\":\"Esch-sur-Alzette\",\"postalCode\":\"4365\",\"addressCountry\":\"LU\"},\"description\":\"Universit\u00e9 du Luxembourg\"}]}<\/script>\n<!-- \/ Yoast SEO Premium plugin. -->","yoast_head_json":{"title":"Conf\u00e9rence EMN sur la nationalit\u00e9 luxembourgeoise - Universit\u00e9 du Luxembourg","description":"La conf\u00e9rence se composera de trois pr\u00e9sentations sur les sujets suivants\u00a0:La nationalit\u00e9 luxembourgeoise \u00e0 travers le XX et XXI si\u00e8cle \u2013 Prof. Denis Scuto, Universit\u00e9 du LuxembourgLa nouvelle loi sur la nationalit\u00e9 luxembourgeoise \u2013 Jo\u00eblle Gilles, Service de l\u2019Indig\u00e9nat, Minist\u00e8re de la JusticeLa nationalit\u00e9 luxembourgeoise, facteur d\u2019int\u00e9gration? \u2013 Sylvain Besch, Directeur du Centre d\u2019\u00e9tude et de formation interculturelles et sociales (CEFIS)","robots":{"index":"index","follow":"follow","max-snippet":"max-snippet:-1","max-image-preview":"max-image-preview:large","max-video-preview":"max-video-preview:-1"},"canonical":"https:\/\/www.uni.lu\/fr\/events\/conference-emn-sur-la-nationalite-luxembourgeoise\/","og_locale":"fr_FR","og_type":"article","og_title":"Conf\u00e9rence EMN sur la nationalit\u00e9 luxembourgeoise","og_description":"La conf\u00e9rence se composera de trois pr\u00e9sentations sur les sujets suivants\u00a0:La nationalit\u00e9 luxembourgeoise \u00e0 travers le XX et XXI si\u00e8cle \u2013 Prof. Denis Scuto, Universit\u00e9 du LuxembourgLa nouvelle loi sur la nationalit\u00e9 luxembourgeoise \u2013 Jo\u00eblle Gilles, Service de l\u2019Indig\u00e9nat, Minist\u00e8re de la JusticeLa nationalit\u00e9 luxembourgeoise, facteur d\u2019int\u00e9gration? \u2013 Sylvain Besch, Directeur du Centre d\u2019\u00e9tude et de formation interculturelles et sociales (CEFIS)","og_url":"https:\/\/www.uni.lu\/fr\/events\/conference-emn-sur-la-nationalite-luxembourgeoise\/","og_site_name":"UNI FR","article_publisher":"https:\/\/www.facebook.com\/uni.lu","og_image":[{"width":2560,"height":2560,"url":"https:\/\/www.uni.lu\/wp-content\/uploads\/sites\/11\/2026\/03\/03120045\/UNIV_SM-Profile_1600x1600px-scaled.jpg","type":"image\/jpeg"}],"twitter_card":"summary_large_image","schema":{"@context":"https:\/\/schema.org","@graph":[{"@type":"WebPage","@id":"https:\/\/www.uni.lu\/fr\/events\/conference-emn-sur-la-nationalite-luxembourgeoise\/","url":"https:\/\/www.uni.lu\/fr\/events\/conference-emn-sur-la-nationalite-luxembourgeoise\/","name":"Conf\u00e9rence EMN sur la nationalit\u00e9 luxembourgeoise - Universit\u00e9 du Luxembourg","isPartOf":{"@id":"https:\/\/www.uni.lu\/fr\/#website"},"primaryImageOfPage":{"@id":"https:\/\/www.uni.lu\/fr\/events\/conference-emn-sur-la-nationalite-luxembourgeoise\/#primaryimage"},"image":{"@id":"https:\/\/www.uni.lu\/fr\/events\/conference-emn-sur-la-nationalite-luxembourgeoise\/#primaryimage"},"thumbnailUrl":"https:\/\/www.uni.lu\/wp-content\/uploads\/sites\/11\/2018\/06\/default-5.jpg","datePublished":"2018-06-06T13:02:39+00:00","dateModified":"2018-06-06T13:02:39+00:00","description":"La conf\u00e9rence se composera de trois pr\u00e9sentations sur les sujets suivants\u00a0:La nationalit\u00e9 luxembourgeoise \u00e0 travers le XX et XXI si\u00e8cle \u2013 Prof. Denis Scuto, Universit\u00e9 du LuxembourgLa nouvelle loi sur la nationalit\u00e9 luxembourgeoise \u2013 Jo\u00eblle Gilles, Service de l\u2019Indig\u00e9nat, Minist\u00e8re de la JusticeLa nationalit\u00e9 luxembourgeoise, facteur d\u2019int\u00e9gration? \u2013 Sylvain Besch, Directeur du Centre d\u2019\u00e9tude et de formation interculturelles et sociales (CEFIS)","breadcrumb":{"@id":"https:\/\/www.uni.lu\/fr\/events\/conference-emn-sur-la-nationalite-luxembourgeoise\/#breadcrumb"},"inLanguage":"fr-FR","potentialAction":[{"@type":"ReadAction","target":["https:\/\/www.uni.lu\/fr\/events\/conference-emn-sur-la-nationalite-luxembourgeoise\/"]}]},{"@type":"ImageObject","inLanguage":"fr-FR","@id":"https:\/\/www.uni.lu\/fr\/events\/conference-emn-sur-la-nationalite-luxembourgeoise\/#primaryimage","url":"https:\/\/www.uni.lu\/wp-content\/uploads\/sites\/11\/2018\/06\/default-5.jpg","contentUrl":"https:\/\/www.uni.lu\/wp-content\/uploads\/sites\/11\/2018\/06\/default-5.jpg","width":1500,"height":1125},{"@type":"BreadcrumbList","@id":"https:\/\/www.uni.lu\/fr\/events\/conference-emn-sur-la-nationalite-luxembourgeoise\/#breadcrumb","itemListElement":[{"@type":"ListItem","position":1,"name":"Home","item":"https:\/\/www.uni.lu\/fr\/"},{"@type":"ListItem","position":2,"name":"Events","item":"https:\/\/www.uni.lu\/fr\/events\/"},{"@type":"ListItem","position":3,"name":"Conf\u00e9rence EMN sur la nationalit\u00e9 luxembourgeoise"}]},{"@type":"WebSite","@id":"https:\/\/www.uni.lu\/fr\/#website","url":"https:\/\/www.uni.lu\/fr\/","name":"Uni.lu","description":"Universit\u00e9 du Luxembourg","publisher":{"@id":"https:\/\/www.uni.lu\/fr\/#organization"},"alternateName":"Universit\u00e9 du Luxembourg","potentialAction":[{"@type":"SearchAction","target":{"@type":"EntryPoint","urlTemplate":"https:\/\/www.uni.lu\/fr\/?s={search_term_string}"},"query-input":"required name=search_term_string"}],"inLanguage":"fr-FR"},{"@type":"Organization","@id":"https:\/\/www.uni.lu\/fr\/#organization","name":"Universit\u00e9 du Luxembourg","alternateName":"Uni.lu","url":"https:\/\/www.uni.lu\/fr\/","logo":{"@type":"ImageObject","inLanguage":"fr-FR","@id":"https:\/\/www.uni.lu\/fr\/#\/schema\/logo\/image\/","url":"https:\/\/www.uni.lu\/wp-content\/uploads\/sites\/11\/2026\/03\/03120045\/UNIV_SM-Profile_1600x1600px-scaled.jpg","contentUrl":"https:\/\/www.uni.lu\/wp-content\/uploads\/sites\/11\/2026\/03\/03120045\/UNIV_SM-Profile_1600x1600px-scaled.jpg","width":2560,"height":2560,"caption":"Universit\u00e9 du Luxembourg"},"image":"https:\/\/www.uni.lu\/wp-content\/uploads\/sites\/11\/2026\/04\/24120552\/20200609-Belval-Campus_Henri-Goergen-23.jpg","sameAs":["https:\/\/www.facebook.com\/uni.lu","https:\/\/www.linkedin.com\/school\/university-of-luxembourg\/","https:\/\/www.instagram.com\/uni.lu","https:\/\/www.youtube.com\/@uni_lu","https:\/\/en.wikipedia.org\/wiki\/University_of_Luxembourg"],"email":"communication@uni.lu","telephone":"+352 46 66 44 1","address":{"@type":"PostalAddress","streetAddress":"2, place de l\u2019Universit\u00e9","addressLocality":"Esch-sur-Alzette","postalCode":"4365","addressCountry":"LU"},"description":"Universit\u00e9 du Luxembourg"}]}},"_links":{"self":[{"href":"https:\/\/www.uni.lu\/fr\/wp-json\/wp\/v2\/events\/6883"}],"collection":[{"href":"https:\/\/www.uni.lu\/fr\/wp-json\/wp\/v2\/events"}],"about":[{"href":"https:\/\/www.uni.lu\/fr\/wp-json\/wp\/v2\/types\/events"}],"replies":[{"embeddable":true,"href":"https:\/\/www.uni.lu\/fr\/wp-json\/wp\/v2\/comments?post=6883"}],"version-history":[{"count":0,"href":"https:\/\/www.uni.lu\/fr\/wp-json\/wp\/v2\/events\/6883\/revisions"}],"wp:featuredmedia":[{"embeddable":true,"href":"https:\/\/www.uni.lu\/fr\/wp-json\/wp\/v2\/media\/6884"}],"wp:attachment":[{"href":"https:\/\/www.uni.lu\/fr\/wp-json\/wp\/v2\/media?parent=6883"}],"wp:term":[{"taxonomy":"events-topic","embeddable":true,"href":"https:\/\/www.uni.lu\/fr\/wp-json\/wp\/v2\/events-topic?post=6883"},{"taxonomy":"events-type","embeddable":true,"href":"https:\/\/www.uni.lu\/fr\/wp-json\/wp\/v2\/events-type?post=6883"},{"taxonomy":"organisation","embeddable":true,"href":"https:\/\/www.uni.lu\/fr\/wp-json\/wp\/v2\/organisation?post=6883"}],"curies":[{"name":"wp","href":"https:\/\/api.w.org\/{rel}","templated":true}]}}