{"id":6834,"date":"2018-05-14T11:48:53","date_gmt":"2018-05-14T09:48:53","guid":{"rendered":"https:\/\/www.uni.lu\/fr\/events\/performance-on-line\/"},"modified":"2018-05-14T11:48:53","modified_gmt":"2018-05-14T09:48:53","slug":"performance-on-line","status":"publish","type":"events","link":"https:\/\/www.uni.lu\/fr\/events\/performance-on-line\/","title":{"rendered":"Performance on line"},"content":{"rendered":"<section class=\"wp-block-unilux-blocks-free-section section\"><div class=\"container xl:max-w-screen-xl\"><p><i>on line<\/i> est une marche d\u2019environ 30 jours, durant\u00a0 laquelle l\u2019artiste Clio Van Aerde explorera le trace\u0301 humain de la frontie\u0300re luxembourgeoise. Son parcours sera retransmis en temps re\u0301el au Mudam, ainsi que sur le site web cre\u0301e\u0301 pour l\u2019occasion. De\u0301part de Schengen le 9 juin.<\/p><p>Afin de marquer le d\u00e9but de sa performance <i>on line<\/i>, la jeune artiste luxembourgeoise Clio Van Aerde invite Estelle Evrard et Cyril Blondel, tous deux chercheurs en g\u00e9ographie politique, \u00e0 une discussion. Prenant la fronti\u00e8re du Luxembourg comme point de d\u00e9part, ce dialogue entre artiste et chercheurs sera le moment de confronter leurs perceptions de cette <i>ligne<\/i>, lieu d\u2019\u00e9change, de contact et de rupture.<\/p><p><i>Entre\u0301e gratuite. En franc\u0327ais. Sans re\u0301servation.<\/i><\/p><p><\/p><figure class=\"wp-block-dev4-reusable-blocks-image  object-fit--contain\">\n    \n<img decoding=\"async\" class=\"wp-block-image unilux-custom-image-block\"\n                alt=\"\"\n            src=\"https:\/\/www.uni.lu\/wp-content\/uploads\/sites\/11\/2024\/01\/oeuvre_start_up_rvb.jpg\"\n                srcset=\"https:\/\/www.uni.lu\/wp-content\/uploads\/sites\/11\/2024\/01\/oeuvre_start_up_rvb-300x56.jpg 300w, https:\/\/www.uni.lu\/wp-content\/uploads\/sites\/11\/2024\/01\/oeuvre_start_up_rvb-768x142.jpg 768w, https:\/\/www.uni.lu\/wp-content\/uploads\/sites\/11\/2024\/01\/oeuvre_start_up_rvb.jpg 993w\"\n                style=\"object-position: 50.00% 50.00%; font-family: &quot;object-fit: contain; object-position: 50.00% 50.00%;&quot;; aspect-ratio: 16\/9; object-fit: contain; width: 100%;\"\n        loading=\"lazy\"\n\/>    <\/figure><p><\/p><figure class=\"wp-block-dev4-reusable-blocks-image  object-fit--contain\">\n    \n<img decoding=\"async\" class=\"wp-block-image unilux-custom-image-block\"\n                alt=\"\"\n            src=\"https:\/\/www.uni.lu\/wp-content\/uploads\/sites\/11\/2024\/01\/relocal_logo_big.png\"\n                srcset=\"https:\/\/www.uni.lu\/wp-content\/uploads\/sites\/11\/2024\/01\/relocal_logo_big-300x91.png 300w, https:\/\/www.uni.lu\/wp-content\/uploads\/sites\/11\/2024\/01\/relocal_logo_big-768x234.png 768w, https:\/\/www.uni.lu\/wp-content\/uploads\/sites\/11\/2024\/01\/relocal_logo_big.png 821w\"\n                style=\"object-position: 50.00% 50.00%; font-family: &quot;object-fit: contain; object-position: 50.00% 50.00%;&quot;; aspect-ratio: 32\/9; object-fit: contain; width: 100%;\"\n        loading=\"lazy\"\n\/>    <\/figure><p><\/p><p><\/p>Avec le soutien de : L\u2019\u0152uvre Nationale de Secours Grande-Duchesse CharlotteEn collaboration avec : Mudam Luxembourg \u2014 Mus\u00e9e d\u2019Art Moderne Grand-Duc Jean et de l&rsquo;Universit\u00e9 du LuxembourgEquipement technologique : Motion-SEquipement technique: SaturnMise \u00e0 disposition de donn\u00e9es cartographiques : Administration du Cadastre et de la Topographie, LuxembourgDocumentaire : Catherine DauphinConseil artistique : Camille Chanel<figure class=\"wp-block-dev4-reusable-blocks-image  object-fit--contain\">\n    \n<img decoding=\"async\" class=\"wp-block-image unilux-custom-image-block\"\n                alt=\"\"\n            src=\"https:\/\/www.uni.lu\/wp-content\/uploads\/sites\/11\/2024\/01\/h2020_logo.png\"\n                srcset=\"https:\/\/www.uni.lu\/wp-content\/uploads\/sites\/11\/2024\/01\/h2020_logo-300x81.png 300w, https:\/\/www.uni.lu\/wp-content\/uploads\/sites\/11\/2024\/01\/h2020_logo-1024x278.png 1024w, https:\/\/www.uni.lu\/wp-content\/uploads\/sites\/11\/2024\/01\/h2020_logo-768x208.png 768w, https:\/\/www.uni.lu\/wp-content\/uploads\/sites\/11\/2024\/01\/h2020_logo-1536x416.png 1536w, https:\/\/www.uni.lu\/wp-content\/uploads\/sites\/11\/2024\/01\/h2020_logo.png 1586w\"\n                style=\"object-position: 50.00% 50.00%; font-family: &quot;object-fit: contain; object-position: 50.00% 50.00%;&quot;; aspect-ratio: 16\/9; object-fit: contain; width: 100%;\"\n        loading=\"lazy\"\n\/>    <\/figure><p><\/p>La collaboration avec l\u2019Universit\u00e9 du Luxembourg s\u2019inscrit dans cadre du projet RELOCAL (Resituating the Local in Cohesion and Territorial Development) financ\u00e9 par le programme de recherche et d\u2019innovation de l\u2019Union Europ\u00e9enne Horizon 2020. Convention de subvention N\u00ba 727097Photo \u00a9 Clio Van Aerde<\/div><\/section>","protected":false},"excerpt":{"rendered":"<p>on line est une marche d\u2019environ 30 jours, durant\u00a0 laquelle l\u2019artiste Clio Van Aerde explorera le trace\u0301 humain de la frontie\u0300re luxembourgeoise. Son parcours sera retransmis en temps re\u0301el au Mudam, ainsi que sur le site web cre\u0301e\u0301 pour l\u2019occasion. De\u0301part de Schengen le 9 juin.<\/p>\n","protected":false},"author":0,"featured_media":6835,"parent":0,"menu_order":0,"comment_status":"open","ping_status":"closed","template":"","format":"standard","meta":{"featured_image_focal_point":[],"show_featured_caption":false,"ulux_newsletter_groups":"","uluxPostTitle":"","uluxPrePostTitle":"","_trash_the_other_posts":false,"_price":"","_stock":"","_tribe_ticket_header":"","_tribe_default_ticket_provider":"","_tribe_ticket_capacity":"0","_ticket_start_date":"","_ticket_end_date":"","_tribe_ticket_show_description":"","_tribe_ticket_show_not_going":false,"_tribe_ticket_use_global_stock":"","_tribe_ticket_global_stock_level":"","_global_stock_mode":"","_global_stock_cap":"","_tribe_rsvp_for_event":"","_tribe_ticket_going_count":"","_tribe_ticket_not_going_count":"","_tribe_tickets_list":"[]","_tribe_ticket_has_attendee_info_fields":false,"event_start_date":"2018-06-06 18:30:00","event_end_date":"2018-06-06 20:00:00","event_speaker_name":"Clio Van Aerde, Cyril Blondel, Estelle Evrard","event_speaker_link":"","event_is_online":false,"event_location":"Mudam Luxembourg \u2014 Mus\u00e9e d\u2019Art Moderne Grand-Duc Jean","event_street":"3 Park Drai Eechelen","event_location_link":"","event_zip_code":"L-1499 ","event_city":"Luxembourg","event_country":"LU"},"events-topic":[],"events-type":[],"organisation":[147,226],"authorship":[],"acf":[],"yoast_head":"<!-- This site is optimized with the Yoast SEO Premium plugin v22.3 (Yoast SEO v22.3) - https:\/\/yoast.com\/wordpress\/plugins\/seo\/ -->\n<title>Performance on line - Universit\u00e9 du Luxembourg<\/title>\n<meta name=\"description\" content=\"on line est une marche d\u2019environ 30 jours, durant\u00a0 laquelle l\u2019artiste Clio Van Aerde explorera le trace\u0301 humain de la frontie\u0300re luxembourgeoise. Son parcours sera retransmis en temps re\u0301el au Mudam, ainsi que sur le site web cre\u0301e\u0301 pour l\u2019occasion. De\u0301part de Schengen le 9 juin.\" \/>\n<meta name=\"robots\" content=\"index, follow, max-snippet:-1, max-image-preview:large, max-video-preview:-1\" \/>\n<link rel=\"canonical\" href=\"https:\/\/www.uni.lu\/fr\/events\/performance-on-line\/\" \/>\n<meta property=\"og:locale\" content=\"fr_FR\" \/>\n<meta property=\"og:type\" content=\"article\" \/>\n<meta property=\"og:title\" content=\"Performance on line\" \/>\n<meta property=\"og:description\" content=\"on line est une marche d\u2019environ 30 jours, durant\u00a0 laquelle l\u2019artiste Clio Van Aerde explorera le trace\u0301 humain de la frontie\u0300re luxembourgeoise. Son parcours sera retransmis en temps re\u0301el au Mudam, ainsi que sur le site web cre\u0301e\u0301 pour l\u2019occasion. De\u0301part de Schengen le 9 juin.\" \/>\n<meta property=\"og:url\" content=\"https:\/\/www.uni.lu\/fr\/events\/performance-on-line\/\" \/>\n<meta property=\"og:site_name\" content=\"UNI FR\" \/>\n<meta property=\"article:publisher\" content=\"https:\/\/www.facebook.com\/uni.lu\" \/>\n<meta property=\"og:image\" content=\"https:\/\/www.uni.lu\/wp-content\/uploads\/sites\/11\/2026\/03\/03120045\/UNIV_SM-Profile_1600x1600px-scaled.jpg\" \/>\n\t<meta property=\"og:image:width\" content=\"2560\" \/>\n\t<meta property=\"og:image:height\" content=\"2560\" \/>\n\t<meta property=\"og:image:type\" content=\"image\/jpeg\" \/>\n<meta name=\"twitter:card\" content=\"summary_large_image\" \/>\n<meta name=\"twitter:label1\" content=\"Dur\u00e9e de lecture estim\u00e9e\" \/>\n\t<meta name=\"twitter:data1\" content=\"1 minute\" \/>\n<script type=\"application\/ld+json\" class=\"yoast-schema-graph\">{\"@context\":\"https:\/\/schema.org\",\"@graph\":[{\"@type\":\"WebPage\",\"@id\":\"https:\/\/www.uni.lu\/fr\/events\/performance-on-line\/\",\"url\":\"https:\/\/www.uni.lu\/fr\/events\/performance-on-line\/\",\"name\":\"Performance on line - Universit\u00e9 du Luxembourg\",\"isPartOf\":{\"@id\":\"https:\/\/www.uni.lu\/fr\/#website\"},\"primaryImageOfPage\":{\"@id\":\"https:\/\/www.uni.lu\/fr\/events\/performance-on-line\/#primaryimage\"},\"image\":{\"@id\":\"https:\/\/www.uni.lu\/fr\/events\/performance-on-line\/#primaryimage\"},\"thumbnailUrl\":\"https:\/\/www.uni.lu\/wp-content\/uploads\/sites\/11\/2018\/05\/performance_on_line.jpg\",\"datePublished\":\"2018-05-14T09:48:53+00:00\",\"dateModified\":\"2018-05-14T09:48:53+00:00\",\"description\":\"on line est une marche d\u2019environ 30 jours, durant\u00a0 laquelle l\u2019artiste Clio Van Aerde explorera le trace\u0301 humain de la frontie\u0300re luxembourgeoise. Son parcours sera retransmis en temps re\u0301el au Mudam, ainsi que sur le site web cre\u0301e\u0301 pour l\u2019occasion. De\u0301part de Schengen le 9 juin.\",\"breadcrumb\":{\"@id\":\"https:\/\/www.uni.lu\/fr\/events\/performance-on-line\/#breadcrumb\"},\"inLanguage\":\"fr-FR\",\"potentialAction\":[{\"@type\":\"ReadAction\",\"target\":[\"https:\/\/www.uni.lu\/fr\/events\/performance-on-line\/\"]}]},{\"@type\":\"ImageObject\",\"inLanguage\":\"fr-FR\",\"@id\":\"https:\/\/www.uni.lu\/fr\/events\/performance-on-line\/#primaryimage\",\"url\":\"https:\/\/www.uni.lu\/wp-content\/uploads\/sites\/11\/2018\/05\/performance_on_line.jpg\",\"contentUrl\":\"https:\/\/www.uni.lu\/wp-content\/uploads\/sites\/11\/2018\/05\/performance_on_line.jpg\",\"width\":1098,\"height\":1088},{\"@type\":\"BreadcrumbList\",\"@id\":\"https:\/\/www.uni.lu\/fr\/events\/performance-on-line\/#breadcrumb\",\"itemListElement\":[{\"@type\":\"ListItem\",\"position\":1,\"name\":\"Home\",\"item\":\"https:\/\/www.uni.lu\/fr\/\"},{\"@type\":\"ListItem\",\"position\":2,\"name\":\"Events\",\"item\":\"https:\/\/www.uni.lu\/fr\/events\/\"},{\"@type\":\"ListItem\",\"position\":3,\"name\":\"Performance on line\"}]},{\"@type\":\"WebSite\",\"@id\":\"https:\/\/www.uni.lu\/fr\/#website\",\"url\":\"https:\/\/www.uni.lu\/fr\/\",\"name\":\"Uni.lu\",\"description\":\"Universit\u00e9 du Luxembourg\",\"publisher\":{\"@id\":\"https:\/\/www.uni.lu\/fr\/#organization\"},\"alternateName\":\"Universit\u00e9 du Luxembourg\",\"potentialAction\":[{\"@type\":\"SearchAction\",\"target\":{\"@type\":\"EntryPoint\",\"urlTemplate\":\"https:\/\/www.uni.lu\/fr\/?s={search_term_string}\"},\"query-input\":\"required name=search_term_string\"}],\"inLanguage\":\"fr-FR\"},{\"@type\":\"Organization\",\"@id\":\"https:\/\/www.uni.lu\/fr\/#organization\",\"name\":\"Universit\u00e9 du Luxembourg\",\"alternateName\":\"Uni.lu\",\"url\":\"https:\/\/www.uni.lu\/fr\/\",\"logo\":{\"@type\":\"ImageObject\",\"inLanguage\":\"fr-FR\",\"@id\":\"https:\/\/www.uni.lu\/fr\/#\/schema\/logo\/image\/\",\"url\":\"https:\/\/www.uni.lu\/wp-content\/uploads\/sites\/11\/2026\/03\/03120045\/UNIV_SM-Profile_1600x1600px-scaled.jpg\",\"contentUrl\":\"https:\/\/www.uni.lu\/wp-content\/uploads\/sites\/11\/2026\/03\/03120045\/UNIV_SM-Profile_1600x1600px-scaled.jpg\",\"width\":2560,\"height\":2560,\"caption\":\"Universit\u00e9 du Luxembourg\"},\"image\":\"https:\/\/www.uni.lu\/wp-content\/uploads\/sites\/11\/2026\/04\/24120552\/20200609-Belval-Campus_Henri-Goergen-23.jpg\",\"sameAs\":[\"https:\/\/www.facebook.com\/uni.lu\",\"https:\/\/www.linkedin.com\/school\/university-of-luxembourg\/\",\"https:\/\/www.instagram.com\/uni.lu\",\"https:\/\/www.youtube.com\/@uni_lu\",\"https:\/\/en.wikipedia.org\/wiki\/University_of_Luxembourg\"],\"email\":\"communication@uni.lu\",\"telephone\":\"+352 46 66 44 1\",\"address\":{\"@type\":\"PostalAddress\",\"streetAddress\":\"2, place de l\u2019Universit\u00e9\",\"addressLocality\":\"Esch-sur-Alzette\",\"postalCode\":\"4365\",\"addressCountry\":\"LU\"},\"description\":\"Universit\u00e9 du Luxembourg\"}]}<\/script>\n<!-- \/ Yoast SEO Premium plugin. -->","yoast_head_json":{"title":"Performance on line - Universit\u00e9 du Luxembourg","description":"on line est une marche d\u2019environ 30 jours, durant\u00a0 laquelle l\u2019artiste Clio Van Aerde explorera le trace\u0301 humain de la frontie\u0300re luxembourgeoise. Son parcours sera retransmis en temps re\u0301el au Mudam, ainsi que sur le site web cre\u0301e\u0301 pour l\u2019occasion. De\u0301part de Schengen le 9 juin.","robots":{"index":"index","follow":"follow","max-snippet":"max-snippet:-1","max-image-preview":"max-image-preview:large","max-video-preview":"max-video-preview:-1"},"canonical":"https:\/\/www.uni.lu\/fr\/events\/performance-on-line\/","og_locale":"fr_FR","og_type":"article","og_title":"Performance on line","og_description":"on line est une marche d\u2019environ 30 jours, durant\u00a0 laquelle l\u2019artiste Clio Van Aerde explorera le trace\u0301 humain de la frontie\u0300re luxembourgeoise. Son parcours sera retransmis en temps re\u0301el au Mudam, ainsi que sur le site web cre\u0301e\u0301 pour l\u2019occasion. De\u0301part de Schengen le 9 juin.","og_url":"https:\/\/www.uni.lu\/fr\/events\/performance-on-line\/","og_site_name":"UNI FR","article_publisher":"https:\/\/www.facebook.com\/uni.lu","og_image":[{"width":2560,"height":2560,"url":"https:\/\/www.uni.lu\/wp-content\/uploads\/sites\/11\/2026\/03\/03120045\/UNIV_SM-Profile_1600x1600px-scaled.jpg","type":"image\/jpeg"}],"twitter_card":"summary_large_image","twitter_misc":{"Dur\u00e9e de lecture estim\u00e9e":"1 minute"},"schema":{"@context":"https:\/\/schema.org","@graph":[{"@type":"WebPage","@id":"https:\/\/www.uni.lu\/fr\/events\/performance-on-line\/","url":"https:\/\/www.uni.lu\/fr\/events\/performance-on-line\/","name":"Performance on line - Universit\u00e9 du Luxembourg","isPartOf":{"@id":"https:\/\/www.uni.lu\/fr\/#website"},"primaryImageOfPage":{"@id":"https:\/\/www.uni.lu\/fr\/events\/performance-on-line\/#primaryimage"},"image":{"@id":"https:\/\/www.uni.lu\/fr\/events\/performance-on-line\/#primaryimage"},"thumbnailUrl":"https:\/\/www.uni.lu\/wp-content\/uploads\/sites\/11\/2018\/05\/performance_on_line.jpg","datePublished":"2018-05-14T09:48:53+00:00","dateModified":"2018-05-14T09:48:53+00:00","description":"on line est une marche d\u2019environ 30 jours, durant\u00a0 laquelle l\u2019artiste Clio Van Aerde explorera le trace\u0301 humain de la frontie\u0300re luxembourgeoise. Son parcours sera retransmis en temps re\u0301el au Mudam, ainsi que sur le site web cre\u0301e\u0301 pour l\u2019occasion. De\u0301part de Schengen le 9 juin.","breadcrumb":{"@id":"https:\/\/www.uni.lu\/fr\/events\/performance-on-line\/#breadcrumb"},"inLanguage":"fr-FR","potentialAction":[{"@type":"ReadAction","target":["https:\/\/www.uni.lu\/fr\/events\/performance-on-line\/"]}]},{"@type":"ImageObject","inLanguage":"fr-FR","@id":"https:\/\/www.uni.lu\/fr\/events\/performance-on-line\/#primaryimage","url":"https:\/\/www.uni.lu\/wp-content\/uploads\/sites\/11\/2018\/05\/performance_on_line.jpg","contentUrl":"https:\/\/www.uni.lu\/wp-content\/uploads\/sites\/11\/2018\/05\/performance_on_line.jpg","width":1098,"height":1088},{"@type":"BreadcrumbList","@id":"https:\/\/www.uni.lu\/fr\/events\/performance-on-line\/#breadcrumb","itemListElement":[{"@type":"ListItem","position":1,"name":"Home","item":"https:\/\/www.uni.lu\/fr\/"},{"@type":"ListItem","position":2,"name":"Events","item":"https:\/\/www.uni.lu\/fr\/events\/"},{"@type":"ListItem","position":3,"name":"Performance on line"}]},{"@type":"WebSite","@id":"https:\/\/www.uni.lu\/fr\/#website","url":"https:\/\/www.uni.lu\/fr\/","name":"Uni.lu","description":"Universit\u00e9 du Luxembourg","publisher":{"@id":"https:\/\/www.uni.lu\/fr\/#organization"},"alternateName":"Universit\u00e9 du Luxembourg","potentialAction":[{"@type":"SearchAction","target":{"@type":"EntryPoint","urlTemplate":"https:\/\/www.uni.lu\/fr\/?s={search_term_string}"},"query-input":"required name=search_term_string"}],"inLanguage":"fr-FR"},{"@type":"Organization","@id":"https:\/\/www.uni.lu\/fr\/#organization","name":"Universit\u00e9 du Luxembourg","alternateName":"Uni.lu","url":"https:\/\/www.uni.lu\/fr\/","logo":{"@type":"ImageObject","inLanguage":"fr-FR","@id":"https:\/\/www.uni.lu\/fr\/#\/schema\/logo\/image\/","url":"https:\/\/www.uni.lu\/wp-content\/uploads\/sites\/11\/2026\/03\/03120045\/UNIV_SM-Profile_1600x1600px-scaled.jpg","contentUrl":"https:\/\/www.uni.lu\/wp-content\/uploads\/sites\/11\/2026\/03\/03120045\/UNIV_SM-Profile_1600x1600px-scaled.jpg","width":2560,"height":2560,"caption":"Universit\u00e9 du Luxembourg"},"image":"https:\/\/www.uni.lu\/wp-content\/uploads\/sites\/11\/2026\/04\/24120552\/20200609-Belval-Campus_Henri-Goergen-23.jpg","sameAs":["https:\/\/www.facebook.com\/uni.lu","https:\/\/www.linkedin.com\/school\/university-of-luxembourg\/","https:\/\/www.instagram.com\/uni.lu","https:\/\/www.youtube.com\/@uni_lu","https:\/\/en.wikipedia.org\/wiki\/University_of_Luxembourg"],"email":"communication@uni.lu","telephone":"+352 46 66 44 1","address":{"@type":"PostalAddress","streetAddress":"2, place de l\u2019Universit\u00e9","addressLocality":"Esch-sur-Alzette","postalCode":"4365","addressCountry":"LU"},"description":"Universit\u00e9 du Luxembourg"}]}},"_links":{"self":[{"href":"https:\/\/www.uni.lu\/fr\/wp-json\/wp\/v2\/events\/6834"}],"collection":[{"href":"https:\/\/www.uni.lu\/fr\/wp-json\/wp\/v2\/events"}],"about":[{"href":"https:\/\/www.uni.lu\/fr\/wp-json\/wp\/v2\/types\/events"}],"replies":[{"embeddable":true,"href":"https:\/\/www.uni.lu\/fr\/wp-json\/wp\/v2\/comments?post=6834"}],"version-history":[{"count":0,"href":"https:\/\/www.uni.lu\/fr\/wp-json\/wp\/v2\/events\/6834\/revisions"}],"wp:featuredmedia":[{"embeddable":true,"href":"https:\/\/www.uni.lu\/fr\/wp-json\/wp\/v2\/media\/6835"}],"wp:attachment":[{"href":"https:\/\/www.uni.lu\/fr\/wp-json\/wp\/v2\/media?parent=6834"}],"wp:term":[{"taxonomy":"events-topic","embeddable":true,"href":"https:\/\/www.uni.lu\/fr\/wp-json\/wp\/v2\/events-topic?post=6834"},{"taxonomy":"events-type","embeddable":true,"href":"https:\/\/www.uni.lu\/fr\/wp-json\/wp\/v2\/events-type?post=6834"},{"taxonomy":"organisation","embeddable":true,"href":"https:\/\/www.uni.lu\/fr\/wp-json\/wp\/v2\/organisation?post=6834"}],"curies":[{"name":"wp","href":"https:\/\/api.w.org\/{rel}","templated":true}]}}