{"id":6784,"date":"2018-05-02T10:38:41","date_gmt":"2018-05-02T08:38:41","guid":{"rendered":"https:\/\/www.uni.lu\/fr\/events\/conference-internationale-sur-les-droits-et-la-protection-des-enfants-dans-les-situations-transfrontalieres\/"},"modified":"2018-05-02T10:38:41","modified_gmt":"2018-05-02T08:38:41","slug":"conference-internationale-sur-les-droits-et-la-protection-des-enfants-dans-les-situations-transfrontalieres","status":"publish","type":"events","link":"https:\/\/www.uni.lu\/fr\/events\/conference-internationale-sur-les-droits-et-la-protection-des-enfants-dans-les-situations-transfrontalieres\/","title":{"rendered":"Conf\u00e9rence internationale sur les droits et la protection des enfants dans les situations transfrontali\u00e8res."},"content":{"rendered":"<section class=\"wp-block-unilux-blocks-free-section section\"><div class=\"container xl:max-w-screen-xl\"><p>Le but de cette premi\u00e8re conf\u00e9rence est de pr\u00e9senter les partenaires et le projet \u00e0 un large public et de discuter de la question centrale des principes de la convention internationale sur les droits de l&rsquo;enfant, notamment lorsque cela concerne une situationtransfrontali\u00e8re.<\/p><p>De nombreux enfants franchissent des fronti\u00e8res alors qu\u2019ils font l\u2019objet d\u2019une mesure d\u2019aide \u00e0 l\u2019enfance ou d\u2019une mesure protectionnelle. Certains d\u00e9placements permettent d\u2019am\u00e9liorer la situation de l\u2019enfant. Mais dans de nombreux autres cas, des difficult\u00e9s nouvelles apparaissent en raison de la sp\u00e9cificit\u00e9 des dispositifs r\u00e9glementaires en vigueur dans chaque pays et de pratiques professionnelles h\u00e9t\u00e9rog\u00e8nes.<\/p><p>Cette conf\u00e9rence offre l\u2019opportunit\u00e9 d\u2019ouvrir un questionnement sur la protection de l\u2019enfant dans le contexte des mobilit\u00e9s transfrontali\u00e8res. Elle abordera dans un premier temps les dispositions juridiques, en dressant un point sur la protection internationale de l\u2019enfant. Puis, elle se centrera sur la d\u00e9clinaison de ces droits en situations concr\u00e8tes. Elle traitera dans un dernier temps de l\u2019effet de l\u2019accompagnement \u00e0 vis\u00e9e protectionnelle sur la construction de l\u2019identit\u00e9 personnelle.<\/p><p>Tout au long de la rencontre, la parole sera donn\u00e9e \u00e0 des experts, des juristes, des praticiens du travail social, des chercheurs et des usagers des services sociaux et m\u00e9dico-sociaux. Expos\u00e9s, capsules vid\u00e9os et discussions en table ronde sont au menu de la rencontre.<\/p><p>Les partenaires du projet EUR&#038;QUA auront l&rsquo;honneur d&rsquo;accueillir Monsieur F\u00e9lix Braz, Ministre de la Justice du Luxembourg, ainsi que Monsieur St\u00e9phan Durviaux, Conseiller au Cabinet de Ministre de l&rsquo;Aide \u00e0 la jeunesse en F\u00e9d\u00e9ration Wallonie-Bruxelles qui marqueront cet \u00e9v\u00e9nement international de leur pr\u00e9sence.<\/p><p>Cette conf\u00e9rence se d\u00e9roulera en fran\u00e7ais et en allemand avec traduction simultan\u00e9e. Elle est gratuite et s&rsquo;adresse prioritairement aux sp\u00e9cialistes socio-\u00e9ducatifs, aux avocats, aux repr\u00e9sentants des services publics et des associations ainsi qu&rsquo;aux institutions de formation.<\/p><\/div><\/section>","protected":false},"excerpt":{"rendered":"","protected":false},"author":0,"featured_media":6785,"parent":0,"menu_order":0,"comment_status":"open","ping_status":"closed","template":"","format":"standard","meta":{"featured_image_focal_point":[],"show_featured_caption":false,"ulux_newsletter_groups":"","uluxPostTitle":"","uluxPrePostTitle":"","_trash_the_other_posts":false,"_price":"","_stock":"","_tribe_ticket_header":"","_tribe_default_ticket_provider":"","_tribe_ticket_capacity":"0","_ticket_start_date":"","_ticket_end_date":"","_tribe_ticket_show_description":"","_tribe_ticket_show_not_going":false,"_tribe_ticket_use_global_stock":"","_tribe_ticket_global_stock_level":"","_global_stock_mode":"","_global_stock_cap":"","_tribe_rsvp_for_event":"","_tribe_ticket_going_count":"","_tribe_ticket_not_going_count":"","_tribe_tickets_list":"[]","_tribe_ticket_has_attendee_info_fields":false,"event_start_date":"2018-05-18 09:00:00","event_end_date":"2018-05-18 16:30:00","event_speaker_name":"","event_speaker_link":"","event_is_online":false,"event_location":"Campus Belval, Maison du Savoir ","event_street":"2, avenue de l'Universit\u00e9","event_location_link":"","event_zip_code":"L-4365 ","event_city":"Esch-sur-Alzette","event_country":"LU"},"events-topic":[],"events-type":[],"organisation":[147,226],"authorship":[],"acf":[],"yoast_head":"<!-- This site is optimized with the Yoast SEO Premium plugin v22.3 (Yoast SEO v22.3) - https:\/\/yoast.com\/wordpress\/plugins\/seo\/ -->\n<title>Conf\u00e9rence internationale sur les droits et la protection des enfants dans les situations transfrontali\u00e8res. - Universit\u00e9 du Luxembourg<\/title>\n<meta name=\"description\" content=\"Le but de cette premi\u00e8re conf\u00e9rence est de pr\u00e9senter les partenaires et le projet \u00e0 un large public et de discuter de la question centrale des principes\" \/>\n<meta name=\"robots\" content=\"index, follow, max-snippet:-1, max-image-preview:large, max-video-preview:-1\" \/>\n<link rel=\"canonical\" href=\"https:\/\/www.uni.lu\/fr\/events\/conference-internationale-sur-les-droits-et-la-protection-des-enfants-dans-les-situations-transfrontalieres\/\" \/>\n<meta property=\"og:locale\" content=\"fr_FR\" \/>\n<meta property=\"og:type\" content=\"article\" \/>\n<meta property=\"og:title\" content=\"Conf\u00e9rence internationale sur les droits et la protection des enfants dans les situations transfrontali\u00e8res.\" \/>\n<meta property=\"og:description\" content=\"Le but de cette premi\u00e8re conf\u00e9rence est de pr\u00e9senter les partenaires et le projet \u00e0 un large public et de discuter de la question centrale des principes\" \/>\n<meta property=\"og:url\" content=\"https:\/\/www.uni.lu\/fr\/events\/conference-internationale-sur-les-droits-et-la-protection-des-enfants-dans-les-situations-transfrontalieres\/\" \/>\n<meta property=\"og:site_name\" content=\"UNI FR\" \/>\n<meta property=\"article:publisher\" content=\"https:\/\/www.facebook.com\/uni.lu\" \/>\n<meta property=\"og:image\" content=\"https:\/\/www.uni.lu\/wp-content\/uploads\/sites\/11\/2026\/03\/03120045\/UNIV_SM-Profile_1600x1600px-scaled.jpg\" \/>\n\t<meta property=\"og:image:width\" content=\"2560\" \/>\n\t<meta property=\"og:image:height\" content=\"2560\" \/>\n\t<meta property=\"og:image:type\" content=\"image\/jpeg\" \/>\n<meta name=\"twitter:card\" content=\"summary_large_image\" \/>\n<meta name=\"twitter:label1\" content=\"Dur\u00e9e de lecture estim\u00e9e\" \/>\n\t<meta name=\"twitter:data1\" content=\"2 minutes\" \/>\n<script type=\"application\/ld+json\" class=\"yoast-schema-graph\">{\"@context\":\"https:\/\/schema.org\",\"@graph\":[{\"@type\":\"WebPage\",\"@id\":\"https:\/\/www.uni.lu\/fr\/events\/conference-internationale-sur-les-droits-et-la-protection-des-enfants-dans-les-situations-transfrontalieres\/\",\"url\":\"https:\/\/www.uni.lu\/fr\/events\/conference-internationale-sur-les-droits-et-la-protection-des-enfants-dans-les-situations-transfrontalieres\/\",\"name\":\"Conf\u00e9rence internationale sur les droits et la protection des enfants dans les situations transfrontali\u00e8res. - Universit\u00e9 du Luxembourg\",\"isPartOf\":{\"@id\":\"https:\/\/www.uni.lu\/fr\/#website\"},\"primaryImageOfPage\":{\"@id\":\"https:\/\/www.uni.lu\/fr\/events\/conference-internationale-sur-les-droits-et-la-protection-des-enfants-dans-les-situations-transfrontalieres\/#primaryimage\"},\"image\":{\"@id\":\"https:\/\/www.uni.lu\/fr\/events\/conference-internationale-sur-les-droits-et-la-protection-des-enfants-dans-les-situations-transfrontalieres\/#primaryimage\"},\"thumbnailUrl\":\"https:\/\/www.uni.lu\/wp-content\/uploads\/sites\/11\/2018\/05\/default.jpg\",\"datePublished\":\"2018-05-02T08:38:41+00:00\",\"dateModified\":\"2018-05-02T08:38:41+00:00\",\"description\":\"Le but de cette premi\u00e8re conf\u00e9rence est de pr\u00e9senter les partenaires et le projet \u00e0 un large public et de discuter de la question centrale des principes\",\"breadcrumb\":{\"@id\":\"https:\/\/www.uni.lu\/fr\/events\/conference-internationale-sur-les-droits-et-la-protection-des-enfants-dans-les-situations-transfrontalieres\/#breadcrumb\"},\"inLanguage\":\"fr-FR\",\"potentialAction\":[{\"@type\":\"ReadAction\",\"target\":[\"https:\/\/www.uni.lu\/fr\/events\/conference-internationale-sur-les-droits-et-la-protection-des-enfants-dans-les-situations-transfrontalieres\/\"]}]},{\"@type\":\"ImageObject\",\"inLanguage\":\"fr-FR\",\"@id\":\"https:\/\/www.uni.lu\/fr\/events\/conference-internationale-sur-les-droits-et-la-protection-des-enfants-dans-les-situations-transfrontalieres\/#primaryimage\",\"url\":\"https:\/\/www.uni.lu\/wp-content\/uploads\/sites\/11\/2018\/05\/default.jpg\",\"contentUrl\":\"https:\/\/www.uni.lu\/wp-content\/uploads\/sites\/11\/2018\/05\/default.jpg\",\"width\":1500,\"height\":1125},{\"@type\":\"BreadcrumbList\",\"@id\":\"https:\/\/www.uni.lu\/fr\/events\/conference-internationale-sur-les-droits-et-la-protection-des-enfants-dans-les-situations-transfrontalieres\/#breadcrumb\",\"itemListElement\":[{\"@type\":\"ListItem\",\"position\":1,\"name\":\"Home\",\"item\":\"https:\/\/www.uni.lu\/fr\/\"},{\"@type\":\"ListItem\",\"position\":2,\"name\":\"Events\",\"item\":\"https:\/\/www.uni.lu\/fr\/events\/\"},{\"@type\":\"ListItem\",\"position\":3,\"name\":\"Conf\u00e9rence internationale sur les droits et la protection des enfants dans les situations transfrontali\u00e8res.\"}]},{\"@type\":\"WebSite\",\"@id\":\"https:\/\/www.uni.lu\/fr\/#website\",\"url\":\"https:\/\/www.uni.lu\/fr\/\",\"name\":\"Uni.lu\",\"description\":\"Universit\u00e9 du Luxembourg\",\"publisher\":{\"@id\":\"https:\/\/www.uni.lu\/fr\/#organization\"},\"alternateName\":\"Universit\u00e9 du Luxembourg\",\"potentialAction\":[{\"@type\":\"SearchAction\",\"target\":{\"@type\":\"EntryPoint\",\"urlTemplate\":\"https:\/\/www.uni.lu\/fr\/?s={search_term_string}\"},\"query-input\":\"required name=search_term_string\"}],\"inLanguage\":\"fr-FR\"},{\"@type\":\"Organization\",\"@id\":\"https:\/\/www.uni.lu\/fr\/#organization\",\"name\":\"Universit\u00e9 du Luxembourg\",\"alternateName\":\"Uni.lu\",\"url\":\"https:\/\/www.uni.lu\/fr\/\",\"logo\":{\"@type\":\"ImageObject\",\"inLanguage\":\"fr-FR\",\"@id\":\"https:\/\/www.uni.lu\/fr\/#\/schema\/logo\/image\/\",\"url\":\"https:\/\/www.uni.lu\/wp-content\/uploads\/sites\/11\/2026\/03\/03120045\/UNIV_SM-Profile_1600x1600px-scaled.jpg\",\"contentUrl\":\"https:\/\/www.uni.lu\/wp-content\/uploads\/sites\/11\/2026\/03\/03120045\/UNIV_SM-Profile_1600x1600px-scaled.jpg\",\"width\":2560,\"height\":2560,\"caption\":\"Universit\u00e9 du Luxembourg\"},\"image\":\"https:\/\/www.uni.lu\/wp-content\/uploads\/sites\/11\/2026\/04\/24120552\/20200609-Belval-Campus_Henri-Goergen-23.jpg\",\"sameAs\":[\"https:\/\/www.facebook.com\/uni.lu\",\"https:\/\/www.linkedin.com\/school\/university-of-luxembourg\/\",\"https:\/\/www.instagram.com\/uni.lu\",\"https:\/\/www.youtube.com\/@uni_lu\",\"https:\/\/en.wikipedia.org\/wiki\/University_of_Luxembourg\"],\"email\":\"communication@uni.lu\",\"telephone\":\"+352 46 66 44 1\",\"address\":{\"@type\":\"PostalAddress\",\"streetAddress\":\"2, place de l\u2019Universit\u00e9\",\"addressLocality\":\"Esch-sur-Alzette\",\"postalCode\":\"4365\",\"addressCountry\":\"LU\"},\"description\":\"Universit\u00e9 du Luxembourg\"}]}<\/script>\n<!-- \/ Yoast SEO Premium plugin. -->","yoast_head_json":{"title":"Conf\u00e9rence internationale sur les droits et la protection des enfants dans les situations transfrontali\u00e8res. - Universit\u00e9 du Luxembourg","description":"Le but de cette premi\u00e8re conf\u00e9rence est de pr\u00e9senter les partenaires et le projet \u00e0 un large public et de discuter de la question centrale des principes","robots":{"index":"index","follow":"follow","max-snippet":"max-snippet:-1","max-image-preview":"max-image-preview:large","max-video-preview":"max-video-preview:-1"},"canonical":"https:\/\/www.uni.lu\/fr\/events\/conference-internationale-sur-les-droits-et-la-protection-des-enfants-dans-les-situations-transfrontalieres\/","og_locale":"fr_FR","og_type":"article","og_title":"Conf\u00e9rence internationale sur les droits et la protection des enfants dans les situations transfrontali\u00e8res.","og_description":"Le but de cette premi\u00e8re conf\u00e9rence est de pr\u00e9senter les partenaires et le projet \u00e0 un large public et de discuter de la question centrale des principes","og_url":"https:\/\/www.uni.lu\/fr\/events\/conference-internationale-sur-les-droits-et-la-protection-des-enfants-dans-les-situations-transfrontalieres\/","og_site_name":"UNI FR","article_publisher":"https:\/\/www.facebook.com\/uni.lu","og_image":[{"width":2560,"height":2560,"url":"https:\/\/www.uni.lu\/wp-content\/uploads\/sites\/11\/2026\/03\/03120045\/UNIV_SM-Profile_1600x1600px-scaled.jpg","type":"image\/jpeg"}],"twitter_card":"summary_large_image","twitter_misc":{"Dur\u00e9e de lecture estim\u00e9e":"2 minutes"},"schema":{"@context":"https:\/\/schema.org","@graph":[{"@type":"WebPage","@id":"https:\/\/www.uni.lu\/fr\/events\/conference-internationale-sur-les-droits-et-la-protection-des-enfants-dans-les-situations-transfrontalieres\/","url":"https:\/\/www.uni.lu\/fr\/events\/conference-internationale-sur-les-droits-et-la-protection-des-enfants-dans-les-situations-transfrontalieres\/","name":"Conf\u00e9rence internationale sur les droits et la protection des enfants dans les situations transfrontali\u00e8res. - Universit\u00e9 du Luxembourg","isPartOf":{"@id":"https:\/\/www.uni.lu\/fr\/#website"},"primaryImageOfPage":{"@id":"https:\/\/www.uni.lu\/fr\/events\/conference-internationale-sur-les-droits-et-la-protection-des-enfants-dans-les-situations-transfrontalieres\/#primaryimage"},"image":{"@id":"https:\/\/www.uni.lu\/fr\/events\/conference-internationale-sur-les-droits-et-la-protection-des-enfants-dans-les-situations-transfrontalieres\/#primaryimage"},"thumbnailUrl":"https:\/\/www.uni.lu\/wp-content\/uploads\/sites\/11\/2018\/05\/default.jpg","datePublished":"2018-05-02T08:38:41+00:00","dateModified":"2018-05-02T08:38:41+00:00","description":"Le but de cette premi\u00e8re conf\u00e9rence est de pr\u00e9senter les partenaires et le projet \u00e0 un large public et de discuter de la question centrale des principes","breadcrumb":{"@id":"https:\/\/www.uni.lu\/fr\/events\/conference-internationale-sur-les-droits-et-la-protection-des-enfants-dans-les-situations-transfrontalieres\/#breadcrumb"},"inLanguage":"fr-FR","potentialAction":[{"@type":"ReadAction","target":["https:\/\/www.uni.lu\/fr\/events\/conference-internationale-sur-les-droits-et-la-protection-des-enfants-dans-les-situations-transfrontalieres\/"]}]},{"@type":"ImageObject","inLanguage":"fr-FR","@id":"https:\/\/www.uni.lu\/fr\/events\/conference-internationale-sur-les-droits-et-la-protection-des-enfants-dans-les-situations-transfrontalieres\/#primaryimage","url":"https:\/\/www.uni.lu\/wp-content\/uploads\/sites\/11\/2018\/05\/default.jpg","contentUrl":"https:\/\/www.uni.lu\/wp-content\/uploads\/sites\/11\/2018\/05\/default.jpg","width":1500,"height":1125},{"@type":"BreadcrumbList","@id":"https:\/\/www.uni.lu\/fr\/events\/conference-internationale-sur-les-droits-et-la-protection-des-enfants-dans-les-situations-transfrontalieres\/#breadcrumb","itemListElement":[{"@type":"ListItem","position":1,"name":"Home","item":"https:\/\/www.uni.lu\/fr\/"},{"@type":"ListItem","position":2,"name":"Events","item":"https:\/\/www.uni.lu\/fr\/events\/"},{"@type":"ListItem","position":3,"name":"Conf\u00e9rence internationale sur les droits et la protection des enfants dans les situations transfrontali\u00e8res."}]},{"@type":"WebSite","@id":"https:\/\/www.uni.lu\/fr\/#website","url":"https:\/\/www.uni.lu\/fr\/","name":"Uni.lu","description":"Universit\u00e9 du Luxembourg","publisher":{"@id":"https:\/\/www.uni.lu\/fr\/#organization"},"alternateName":"Universit\u00e9 du Luxembourg","potentialAction":[{"@type":"SearchAction","target":{"@type":"EntryPoint","urlTemplate":"https:\/\/www.uni.lu\/fr\/?s={search_term_string}"},"query-input":"required name=search_term_string"}],"inLanguage":"fr-FR"},{"@type":"Organization","@id":"https:\/\/www.uni.lu\/fr\/#organization","name":"Universit\u00e9 du Luxembourg","alternateName":"Uni.lu","url":"https:\/\/www.uni.lu\/fr\/","logo":{"@type":"ImageObject","inLanguage":"fr-FR","@id":"https:\/\/www.uni.lu\/fr\/#\/schema\/logo\/image\/","url":"https:\/\/www.uni.lu\/wp-content\/uploads\/sites\/11\/2026\/03\/03120045\/UNIV_SM-Profile_1600x1600px-scaled.jpg","contentUrl":"https:\/\/www.uni.lu\/wp-content\/uploads\/sites\/11\/2026\/03\/03120045\/UNIV_SM-Profile_1600x1600px-scaled.jpg","width":2560,"height":2560,"caption":"Universit\u00e9 du Luxembourg"},"image":"https:\/\/www.uni.lu\/wp-content\/uploads\/sites\/11\/2026\/04\/24120552\/20200609-Belval-Campus_Henri-Goergen-23.jpg","sameAs":["https:\/\/www.facebook.com\/uni.lu","https:\/\/www.linkedin.com\/school\/university-of-luxembourg\/","https:\/\/www.instagram.com\/uni.lu","https:\/\/www.youtube.com\/@uni_lu","https:\/\/en.wikipedia.org\/wiki\/University_of_Luxembourg"],"email":"communication@uni.lu","telephone":"+352 46 66 44 1","address":{"@type":"PostalAddress","streetAddress":"2, place de l\u2019Universit\u00e9","addressLocality":"Esch-sur-Alzette","postalCode":"4365","addressCountry":"LU"},"description":"Universit\u00e9 du Luxembourg"}]}},"_links":{"self":[{"href":"https:\/\/www.uni.lu\/fr\/wp-json\/wp\/v2\/events\/6784"}],"collection":[{"href":"https:\/\/www.uni.lu\/fr\/wp-json\/wp\/v2\/events"}],"about":[{"href":"https:\/\/www.uni.lu\/fr\/wp-json\/wp\/v2\/types\/events"}],"replies":[{"embeddable":true,"href":"https:\/\/www.uni.lu\/fr\/wp-json\/wp\/v2\/comments?post=6784"}],"version-history":[{"count":0,"href":"https:\/\/www.uni.lu\/fr\/wp-json\/wp\/v2\/events\/6784\/revisions"}],"wp:featuredmedia":[{"embeddable":true,"href":"https:\/\/www.uni.lu\/fr\/wp-json\/wp\/v2\/media\/6785"}],"wp:attachment":[{"href":"https:\/\/www.uni.lu\/fr\/wp-json\/wp\/v2\/media?parent=6784"}],"wp:term":[{"taxonomy":"events-topic","embeddable":true,"href":"https:\/\/www.uni.lu\/fr\/wp-json\/wp\/v2\/events-topic?post=6784"},{"taxonomy":"events-type","embeddable":true,"href":"https:\/\/www.uni.lu\/fr\/wp-json\/wp\/v2\/events-type?post=6784"},{"taxonomy":"organisation","embeddable":true,"href":"https:\/\/www.uni.lu\/fr\/wp-json\/wp\/v2\/organisation?post=6784"}],"curies":[{"name":"wp","href":"https:\/\/api.w.org\/{rel}","templated":true}]}}