{"id":6780,"date":"2018-04-30T14:15:00","date_gmt":"2018-04-30T12:15:00","guid":{"rendered":"https:\/\/www.uni.lu\/fr\/events\/moderniser-la-democratie-representative-en-europe\/"},"modified":"2018-04-30T14:15:00","modified_gmt":"2018-04-30T12:15:00","slug":"moderniser-la-democratie-representative-en-europe","status":"publish","type":"events","link":"https:\/\/www.uni.lu\/fr\/events\/moderniser-la-democratie-representative-en-europe\/","title":{"rendered":"Moderniser la d\u00e9mocratie repr\u00e9sentative en Europe"},"content":{"rendered":"<section class=\"wp-block-unilux-blocks-free-section section\"><div class=\"container xl:max-w-screen-xl\"><p>Alors que 35 % des Europ\u00e9ens avaient confiance dans leur parlement national, 58% des r\u00e9sidents du Luxembourg l\u2019accordaient \u00e0 la Chambre des D\u00e9put\u00e9s selon l\u2019eurobarom\u00e8tre de novembre 2017. Des adaptions pour la d\u00e9mocratie repr\u00e9sentative luxembourgeoise doivent \u00eatre pourtant envisag\u00e9es.<\/p><p>Dans cette perspective, <strong>Yves LETERME, Ancien Premier Ministre de Belgique<\/strong>, Secr\u00e9taire g\u00e9n\u00e9ral de l\u2019Institut international pour la d\u00e9mocratie et l\u2019assistance \u00e9lectorale, pr\u00e9sentera des pistes innovantes en termes constitutionnels et \u00e9lectoraux d\u00e9velopp\u00e9s dans le cadre de l\u2019Institut international pour la d\u00e9mocratie et l\u2019assistance \u00e9lectorale dont il a responsabilit\u00e9. <strong>Richard Ghevontian, Professeur \u00e9m\u00e9rite \u00e0 la Facult\u00e9 de droit et de science politique, codirecteur de l\u2019Acad\u00e9mie de droit de l&rsquo;Universit\u00e9 d\u2019Aix-Marseille<\/strong> interviendra quant \u00e0 lui sur l&rsquo;\u00e9thique et la d\u00e9ontologie des parlementaires \u00e0 travers les \u00e9valuations du IV\u00b0 cycle du Groupe d\u2019Etats contre la Corruption du Conseil de l\u2019Europe.<\/p><p><strong>Inscription obligatoire avant le 6 mai 2018 via courriel : <\/strong><strong>demos@uni.lu<\/strong><\/p><\/div><\/section>","protected":false},"excerpt":{"rendered":"<p>Alors que 35 % des Europ\u00e9ens avaient confiance dans leur parlement national, 58% des r\u00e9sidents du Luxembourg l\u2019accordaient \u00e0 la Chambre des D\u00e9put\u00e9s selon l\u2019eurobarom\u00e8tre de novembre 2017. Des adaptions pour la d\u00e9mocratie repr\u00e9sentative luxembourgeoise doivent \u00eatre pourtant envisag\u00e9es.<\/p>\n","protected":false},"author":0,"featured_media":6781,"parent":0,"menu_order":0,"comment_status":"open","ping_status":"closed","template":"","format":"standard","meta":{"featured_image_focal_point":[],"show_featured_caption":false,"ulux_newsletter_groups":"","uluxPostTitle":"","uluxPrePostTitle":"","_trash_the_other_posts":false,"_price":"","_stock":"","_tribe_ticket_header":"","_tribe_default_ticket_provider":"","_tribe_ticket_capacity":"0","_ticket_start_date":"","_ticket_end_date":"","_tribe_ticket_show_description":"","_tribe_ticket_show_not_going":false,"_tribe_ticket_use_global_stock":"","_tribe_ticket_global_stock_level":"","_global_stock_mode":"","_global_stock_cap":"","_tribe_rsvp_for_event":"","_tribe_ticket_going_count":"","_tribe_ticket_not_going_count":"","_tribe_tickets_list":"[]","_tribe_ticket_has_attendee_info_fields":false,"event_start_date":"2018-05-09 17:00:00","event_end_date":"2018-05-09 19:00:00","event_speaker_name":"Yves Letreme, Richard Ghevontian, Philippe Poirier","event_speaker_link":"","event_is_online":false,"event_location":"Chambre des D\u00e9put\u00e9s du Luxembourg","event_street":"23, rue du March\u00e9-aux-Herbes ","event_location_link":"","event_zip_code":"1728","event_city":"Luxembourg","event_country":"LU"},"events-topic":[],"events-type":[],"organisation":[147,226],"authorship":[],"acf":[],"yoast_head":"<!-- This site is optimized with the Yoast SEO Premium plugin v22.3 (Yoast SEO v22.3) - https:\/\/yoast.com\/wordpress\/plugins\/seo\/ -->\n<title>Moderniser la d\u00e9mocratie repr\u00e9sentative en Europe - Universit\u00e9 du Luxembourg<\/title>\n<meta name=\"description\" content=\"Alors que 35 % des Europ\u00e9ens avaient confiance dans leur parlement national, 58% des r\u00e9sidents du Luxembourg l\u2019accordaient \u00e0 la Chambre des D\u00e9put\u00e9s selon l\u2019eurobarom\u00e8tre de novembre 2017. Des adaptions pour la d\u00e9mocratie repr\u00e9sentative luxembourgeoise doivent \u00eatre pourtant envisag\u00e9es.\" \/>\n<meta name=\"robots\" content=\"index, follow, max-snippet:-1, max-image-preview:large, max-video-preview:-1\" \/>\n<link rel=\"canonical\" href=\"https:\/\/www.uni.lu\/fr\/events\/moderniser-la-democratie-representative-en-europe\/\" \/>\n<meta property=\"og:locale\" content=\"fr_FR\" \/>\n<meta property=\"og:type\" content=\"article\" \/>\n<meta property=\"og:title\" content=\"Moderniser la d\u00e9mocratie repr\u00e9sentative en Europe\" \/>\n<meta property=\"og:description\" content=\"Alors que 35 % des Europ\u00e9ens avaient confiance dans leur parlement national, 58% des r\u00e9sidents du Luxembourg l\u2019accordaient \u00e0 la Chambre des D\u00e9put\u00e9s selon l\u2019eurobarom\u00e8tre de novembre 2017. Des adaptions pour la d\u00e9mocratie repr\u00e9sentative luxembourgeoise doivent \u00eatre pourtant envisag\u00e9es.\" \/>\n<meta property=\"og:url\" content=\"https:\/\/www.uni.lu\/fr\/events\/moderniser-la-democratie-representative-en-europe\/\" \/>\n<meta property=\"og:site_name\" content=\"UNI FR\" \/>\n<meta property=\"article:publisher\" content=\"https:\/\/www.facebook.com\/uni.lu\" \/>\n<meta property=\"og:image\" content=\"https:\/\/www.uni.lu\/wp-content\/uploads\/sites\/11\/2026\/03\/03120045\/UNIV_SM-Profile_1600x1600px-scaled.jpg\" \/>\n\t<meta property=\"og:image:width\" content=\"2560\" \/>\n\t<meta property=\"og:image:height\" content=\"2560\" \/>\n\t<meta property=\"og:image:type\" content=\"image\/jpeg\" \/>\n<meta name=\"twitter:card\" content=\"summary_large_image\" \/>\n<meta name=\"twitter:label1\" content=\"Dur\u00e9e de lecture estim\u00e9e\" \/>\n\t<meta name=\"twitter:data1\" content=\"1 minute\" \/>\n<script type=\"application\/ld+json\" class=\"yoast-schema-graph\">{\"@context\":\"https:\/\/schema.org\",\"@graph\":[{\"@type\":\"WebPage\",\"@id\":\"https:\/\/www.uni.lu\/fr\/events\/moderniser-la-democratie-representative-en-europe\/\",\"url\":\"https:\/\/www.uni.lu\/fr\/events\/moderniser-la-democratie-representative-en-europe\/\",\"name\":\"Moderniser la d\u00e9mocratie repr\u00e9sentative en Europe - Universit\u00e9 du Luxembourg\",\"isPartOf\":{\"@id\":\"https:\/\/www.uni.lu\/fr\/#website\"},\"primaryImageOfPage\":{\"@id\":\"https:\/\/www.uni.lu\/fr\/events\/moderniser-la-democratie-representative-en-europe\/#primaryimage\"},\"image\":{\"@id\":\"https:\/\/www.uni.lu\/fr\/events\/moderniser-la-democratie-representative-en-europe\/#primaryimage\"},\"thumbnailUrl\":\"https:\/\/www.uni.lu\/wp-content\/uploads\/sites\/11\/2018\/04\/moderniser_la_democratie_representative_en_europe.jpg\",\"datePublished\":\"2018-04-30T12:15:00+00:00\",\"dateModified\":\"2018-04-30T12:15:00+00:00\",\"description\":\"Alors que 35 % des Europ\u00e9ens avaient confiance dans leur parlement national, 58% des r\u00e9sidents du Luxembourg l\u2019accordaient \u00e0 la Chambre des D\u00e9put\u00e9s selon l\u2019eurobarom\u00e8tre de novembre 2017. Des adaptions pour la d\u00e9mocratie repr\u00e9sentative luxembourgeoise doivent \u00eatre pourtant envisag\u00e9es.\",\"breadcrumb\":{\"@id\":\"https:\/\/www.uni.lu\/fr\/events\/moderniser-la-democratie-representative-en-europe\/#breadcrumb\"},\"inLanguage\":\"fr-FR\",\"potentialAction\":[{\"@type\":\"ReadAction\",\"target\":[\"https:\/\/www.uni.lu\/fr\/events\/moderniser-la-democratie-representative-en-europe\/\"]}]},{\"@type\":\"ImageObject\",\"inLanguage\":\"fr-FR\",\"@id\":\"https:\/\/www.uni.lu\/fr\/events\/moderniser-la-democratie-representative-en-europe\/#primaryimage\",\"url\":\"https:\/\/www.uni.lu\/wp-content\/uploads\/sites\/11\/2018\/04\/moderniser_la_democratie_representative_en_europe.jpg\",\"contentUrl\":\"https:\/\/www.uni.lu\/wp-content\/uploads\/sites\/11\/2018\/04\/moderniser_la_democratie_representative_en_europe.jpg\",\"width\":800,\"height\":600},{\"@type\":\"BreadcrumbList\",\"@id\":\"https:\/\/www.uni.lu\/fr\/events\/moderniser-la-democratie-representative-en-europe\/#breadcrumb\",\"itemListElement\":[{\"@type\":\"ListItem\",\"position\":1,\"name\":\"Home\",\"item\":\"https:\/\/www.uni.lu\/fr\/\"},{\"@type\":\"ListItem\",\"position\":2,\"name\":\"Events\",\"item\":\"https:\/\/www.uni.lu\/fr\/events\/\"},{\"@type\":\"ListItem\",\"position\":3,\"name\":\"Moderniser la d\u00e9mocratie repr\u00e9sentative en Europe\"}]},{\"@type\":\"WebSite\",\"@id\":\"https:\/\/www.uni.lu\/fr\/#website\",\"url\":\"https:\/\/www.uni.lu\/fr\/\",\"name\":\"Uni.lu\",\"description\":\"Universit\u00e9 du Luxembourg\",\"publisher\":{\"@id\":\"https:\/\/www.uni.lu\/fr\/#organization\"},\"alternateName\":\"Universit\u00e9 du Luxembourg\",\"potentialAction\":[{\"@type\":\"SearchAction\",\"target\":{\"@type\":\"EntryPoint\",\"urlTemplate\":\"https:\/\/www.uni.lu\/fr\/?s={search_term_string}\"},\"query-input\":\"required name=search_term_string\"}],\"inLanguage\":\"fr-FR\"},{\"@type\":\"Organization\",\"@id\":\"https:\/\/www.uni.lu\/fr\/#organization\",\"name\":\"Universit\u00e9 du Luxembourg\",\"alternateName\":\"Uni.lu\",\"url\":\"https:\/\/www.uni.lu\/fr\/\",\"logo\":{\"@type\":\"ImageObject\",\"inLanguage\":\"fr-FR\",\"@id\":\"https:\/\/www.uni.lu\/fr\/#\/schema\/logo\/image\/\",\"url\":\"https:\/\/www.uni.lu\/wp-content\/uploads\/sites\/11\/2026\/03\/03120045\/UNIV_SM-Profile_1600x1600px-scaled.jpg\",\"contentUrl\":\"https:\/\/www.uni.lu\/wp-content\/uploads\/sites\/11\/2026\/03\/03120045\/UNIV_SM-Profile_1600x1600px-scaled.jpg\",\"width\":2560,\"height\":2560,\"caption\":\"Universit\u00e9 du Luxembourg\"},\"image\":\"https:\/\/www.uni.lu\/wp-content\/uploads\/sites\/11\/2026\/04\/24120552\/20200609-Belval-Campus_Henri-Goergen-23.jpg\",\"sameAs\":[\"https:\/\/www.facebook.com\/uni.lu\",\"https:\/\/www.linkedin.com\/school\/university-of-luxembourg\/\",\"https:\/\/www.instagram.com\/uni.lu\",\"https:\/\/www.youtube.com\/@uni_lu\",\"https:\/\/en.wikipedia.org\/wiki\/University_of_Luxembourg\"],\"email\":\"communication@uni.lu\",\"telephone\":\"+352 46 66 44 1\",\"address\":{\"@type\":\"PostalAddress\",\"streetAddress\":\"2, place de l\u2019Universit\u00e9\",\"addressLocality\":\"Esch-sur-Alzette\",\"postalCode\":\"4365\",\"addressCountry\":\"LU\"},\"description\":\"Universit\u00e9 du Luxembourg\"}]}<\/script>\n<!-- \/ Yoast SEO Premium plugin. -->","yoast_head_json":{"title":"Moderniser la d\u00e9mocratie repr\u00e9sentative en Europe - Universit\u00e9 du Luxembourg","description":"Alors que 35 % des Europ\u00e9ens avaient confiance dans leur parlement national, 58% des r\u00e9sidents du Luxembourg l\u2019accordaient \u00e0 la Chambre des D\u00e9put\u00e9s selon l\u2019eurobarom\u00e8tre de novembre 2017. Des adaptions pour la d\u00e9mocratie repr\u00e9sentative luxembourgeoise doivent \u00eatre pourtant envisag\u00e9es.","robots":{"index":"index","follow":"follow","max-snippet":"max-snippet:-1","max-image-preview":"max-image-preview:large","max-video-preview":"max-video-preview:-1"},"canonical":"https:\/\/www.uni.lu\/fr\/events\/moderniser-la-democratie-representative-en-europe\/","og_locale":"fr_FR","og_type":"article","og_title":"Moderniser la d\u00e9mocratie repr\u00e9sentative en Europe","og_description":"Alors que 35 % des Europ\u00e9ens avaient confiance dans leur parlement national, 58% des r\u00e9sidents du Luxembourg l\u2019accordaient \u00e0 la Chambre des D\u00e9put\u00e9s selon l\u2019eurobarom\u00e8tre de novembre 2017. Des adaptions pour la d\u00e9mocratie repr\u00e9sentative luxembourgeoise doivent \u00eatre pourtant envisag\u00e9es.","og_url":"https:\/\/www.uni.lu\/fr\/events\/moderniser-la-democratie-representative-en-europe\/","og_site_name":"UNI FR","article_publisher":"https:\/\/www.facebook.com\/uni.lu","og_image":[{"width":2560,"height":2560,"url":"https:\/\/www.uni.lu\/wp-content\/uploads\/sites\/11\/2026\/03\/03120045\/UNIV_SM-Profile_1600x1600px-scaled.jpg","type":"image\/jpeg"}],"twitter_card":"summary_large_image","twitter_misc":{"Dur\u00e9e de lecture estim\u00e9e":"1 minute"},"schema":{"@context":"https:\/\/schema.org","@graph":[{"@type":"WebPage","@id":"https:\/\/www.uni.lu\/fr\/events\/moderniser-la-democratie-representative-en-europe\/","url":"https:\/\/www.uni.lu\/fr\/events\/moderniser-la-democratie-representative-en-europe\/","name":"Moderniser la d\u00e9mocratie repr\u00e9sentative en Europe - Universit\u00e9 du Luxembourg","isPartOf":{"@id":"https:\/\/www.uni.lu\/fr\/#website"},"primaryImageOfPage":{"@id":"https:\/\/www.uni.lu\/fr\/events\/moderniser-la-democratie-representative-en-europe\/#primaryimage"},"image":{"@id":"https:\/\/www.uni.lu\/fr\/events\/moderniser-la-democratie-representative-en-europe\/#primaryimage"},"thumbnailUrl":"https:\/\/www.uni.lu\/wp-content\/uploads\/sites\/11\/2018\/04\/moderniser_la_democratie_representative_en_europe.jpg","datePublished":"2018-04-30T12:15:00+00:00","dateModified":"2018-04-30T12:15:00+00:00","description":"Alors que 35 % des Europ\u00e9ens avaient confiance dans leur parlement national, 58% des r\u00e9sidents du Luxembourg l\u2019accordaient \u00e0 la Chambre des D\u00e9put\u00e9s selon l\u2019eurobarom\u00e8tre de novembre 2017. Des adaptions pour la d\u00e9mocratie repr\u00e9sentative luxembourgeoise doivent \u00eatre pourtant envisag\u00e9es.","breadcrumb":{"@id":"https:\/\/www.uni.lu\/fr\/events\/moderniser-la-democratie-representative-en-europe\/#breadcrumb"},"inLanguage":"fr-FR","potentialAction":[{"@type":"ReadAction","target":["https:\/\/www.uni.lu\/fr\/events\/moderniser-la-democratie-representative-en-europe\/"]}]},{"@type":"ImageObject","inLanguage":"fr-FR","@id":"https:\/\/www.uni.lu\/fr\/events\/moderniser-la-democratie-representative-en-europe\/#primaryimage","url":"https:\/\/www.uni.lu\/wp-content\/uploads\/sites\/11\/2018\/04\/moderniser_la_democratie_representative_en_europe.jpg","contentUrl":"https:\/\/www.uni.lu\/wp-content\/uploads\/sites\/11\/2018\/04\/moderniser_la_democratie_representative_en_europe.jpg","width":800,"height":600},{"@type":"BreadcrumbList","@id":"https:\/\/www.uni.lu\/fr\/events\/moderniser-la-democratie-representative-en-europe\/#breadcrumb","itemListElement":[{"@type":"ListItem","position":1,"name":"Home","item":"https:\/\/www.uni.lu\/fr\/"},{"@type":"ListItem","position":2,"name":"Events","item":"https:\/\/www.uni.lu\/fr\/events\/"},{"@type":"ListItem","position":3,"name":"Moderniser la d\u00e9mocratie repr\u00e9sentative en Europe"}]},{"@type":"WebSite","@id":"https:\/\/www.uni.lu\/fr\/#website","url":"https:\/\/www.uni.lu\/fr\/","name":"Uni.lu","description":"Universit\u00e9 du Luxembourg","publisher":{"@id":"https:\/\/www.uni.lu\/fr\/#organization"},"alternateName":"Universit\u00e9 du Luxembourg","potentialAction":[{"@type":"SearchAction","target":{"@type":"EntryPoint","urlTemplate":"https:\/\/www.uni.lu\/fr\/?s={search_term_string}"},"query-input":"required name=search_term_string"}],"inLanguage":"fr-FR"},{"@type":"Organization","@id":"https:\/\/www.uni.lu\/fr\/#organization","name":"Universit\u00e9 du Luxembourg","alternateName":"Uni.lu","url":"https:\/\/www.uni.lu\/fr\/","logo":{"@type":"ImageObject","inLanguage":"fr-FR","@id":"https:\/\/www.uni.lu\/fr\/#\/schema\/logo\/image\/","url":"https:\/\/www.uni.lu\/wp-content\/uploads\/sites\/11\/2026\/03\/03120045\/UNIV_SM-Profile_1600x1600px-scaled.jpg","contentUrl":"https:\/\/www.uni.lu\/wp-content\/uploads\/sites\/11\/2026\/03\/03120045\/UNIV_SM-Profile_1600x1600px-scaled.jpg","width":2560,"height":2560,"caption":"Universit\u00e9 du Luxembourg"},"image":"https:\/\/www.uni.lu\/wp-content\/uploads\/sites\/11\/2026\/04\/24120552\/20200609-Belval-Campus_Henri-Goergen-23.jpg","sameAs":["https:\/\/www.facebook.com\/uni.lu","https:\/\/www.linkedin.com\/school\/university-of-luxembourg\/","https:\/\/www.instagram.com\/uni.lu","https:\/\/www.youtube.com\/@uni_lu","https:\/\/en.wikipedia.org\/wiki\/University_of_Luxembourg"],"email":"communication@uni.lu","telephone":"+352 46 66 44 1","address":{"@type":"PostalAddress","streetAddress":"2, place de l\u2019Universit\u00e9","addressLocality":"Esch-sur-Alzette","postalCode":"4365","addressCountry":"LU"},"description":"Universit\u00e9 du Luxembourg"}]}},"_links":{"self":[{"href":"https:\/\/www.uni.lu\/fr\/wp-json\/wp\/v2\/events\/6780"}],"collection":[{"href":"https:\/\/www.uni.lu\/fr\/wp-json\/wp\/v2\/events"}],"about":[{"href":"https:\/\/www.uni.lu\/fr\/wp-json\/wp\/v2\/types\/events"}],"replies":[{"embeddable":true,"href":"https:\/\/www.uni.lu\/fr\/wp-json\/wp\/v2\/comments?post=6780"}],"version-history":[{"count":0,"href":"https:\/\/www.uni.lu\/fr\/wp-json\/wp\/v2\/events\/6780\/revisions"}],"wp:featuredmedia":[{"embeddable":true,"href":"https:\/\/www.uni.lu\/fr\/wp-json\/wp\/v2\/media\/6781"}],"wp:attachment":[{"href":"https:\/\/www.uni.lu\/fr\/wp-json\/wp\/v2\/media?parent=6780"}],"wp:term":[{"taxonomy":"events-topic","embeddable":true,"href":"https:\/\/www.uni.lu\/fr\/wp-json\/wp\/v2\/events-topic?post=6780"},{"taxonomy":"events-type","embeddable":true,"href":"https:\/\/www.uni.lu\/fr\/wp-json\/wp\/v2\/events-type?post=6780"},{"taxonomy":"organisation","embeddable":true,"href":"https:\/\/www.uni.lu\/fr\/wp-json\/wp\/v2\/organisation?post=6780"}],"curies":[{"name":"wp","href":"https:\/\/api.w.org\/{rel}","templated":true}]}}