{"id":6732,"date":"2018-04-11T14:12:49","date_gmt":"2018-04-11T12:12:49","guid":{"rendered":"https:\/\/www.uni.lu\/fr\/events\/reunion-dinformation-de-la-formation-continue-en-amenagement-du-territoire\/"},"modified":"2018-04-11T14:12:49","modified_gmt":"2018-04-11T12:12:49","slug":"reunion-dinformation-de-la-formation-continue-en-amenagement-du-territoire","status":"publish","type":"events","link":"https:\/\/www.uni.lu\/fr\/events\/reunion-dinformation-de-la-formation-continue-en-amenagement-du-territoire\/","title":{"rendered":"R\u00e9union d\u2019information de la Formation Continue en Am\u00e9nagement du Territoire"},"content":{"rendered":"<section class=\"wp-block-unilux-blocks-free-section section\"><div class=\"container xl:max-w-screen-xl\"><p>La formation a pour but de familiariser les participants aux exigences de la nouvelle Loi sur l\u2019am\u00e9nagement communal et le d\u00e9veloppement urbain, pour leur permettre de r\u00e9aliser Etudes Pr\u00e9paratoires, Plans d\u2019Am\u00e9nagement G\u00e9n\u00e9ral (PAG) et Plans Directeurs (PD).<\/p><p>\u00a0<a href=\"http:\/\/fcat.uni.lu\/\" target=\"_self\" title=\"\" rel=\"noopener\">http:\/\/fcat.uni.lu<\/a><\/p><p>La date limite d\u2019inscription \u00e0 la formation continue pour l\u2019ann\u00e9e 2017\/2018 est fix\u00e9e au <strong>15 ao\u00fbt 2018<\/strong>.<\/p><p>\u00a0<\/p><p><\/p><p>\u00a0<\/p><p><\/p><p>\u00a0<\/p><p>\u00a0<\/p><p>\u00a0<\/p><\/div><\/section>","protected":false},"excerpt":{"rendered":"","protected":false},"author":0,"featured_media":6733,"parent":0,"menu_order":0,"comment_status":"open","ping_status":"closed","template":"","format":"standard","meta":{"featured_image_focal_point":[],"show_featured_caption":false,"ulux_newsletter_groups":"","uluxPostTitle":"","uluxPrePostTitle":"","_trash_the_other_posts":false,"_price":"","_stock":"","_tribe_ticket_header":"","_tribe_default_ticket_provider":"","_tribe_ticket_capacity":"0","_ticket_start_date":"","_ticket_end_date":"","_tribe_ticket_show_description":"","_tribe_ticket_show_not_going":false,"_tribe_ticket_use_global_stock":"","_tribe_ticket_global_stock_level":"","_global_stock_mode":"","_global_stock_cap":"","_tribe_rsvp_for_event":"","_tribe_ticket_going_count":"","_tribe_ticket_not_going_count":"","_tribe_tickets_list":"[]","_tribe_ticket_has_attendee_info_fields":false,"event_start_date":"2018-05-03 17:00:00","event_end_date":"2018-05-03 18:00:00","event_speaker_name":"","event_speaker_link":"","event_is_online":false,"event_location":"Campus Belval, Maison du Savoir, 3\u00e8me \u00e9tage, salle de r\u00e9union 3.230","event_street":"2. avenue de l'Universit\u00e9 ","event_location_link":"","event_zip_code":"L-4365 ","event_city":"Esch-sur-Alzette","event_country":"LU"},"events-topic":[],"events-type":[],"organisation":[147,226],"authorship":[],"acf":[],"yoast_head":"<!-- This site is optimized with the Yoast SEO Premium plugin v22.3 (Yoast SEO v22.3) - https:\/\/yoast.com\/wordpress\/plugins\/seo\/ -->\n<title>R\u00e9union d\u2019information de la Formation Continue en Am\u00e9nagement du Territoire - Universit\u00e9 du Luxembourg<\/title>\n<meta name=\"description\" content=\"La formation a pour but de familiariser les participants aux exigences de la nouvelle Loi sur l\u2019am\u00e9nagement communal et le d\u00e9veloppement urbain, pour leur\" \/>\n<meta name=\"robots\" content=\"index, follow, max-snippet:-1, max-image-preview:large, max-video-preview:-1\" \/>\n<link rel=\"canonical\" href=\"https:\/\/www.uni.lu\/fr\/events\/reunion-dinformation-de-la-formation-continue-en-amenagement-du-territoire\/\" \/>\n<meta property=\"og:locale\" content=\"fr_FR\" \/>\n<meta property=\"og:type\" content=\"article\" \/>\n<meta property=\"og:title\" content=\"R\u00e9union d\u2019information de la Formation Continue en Am\u00e9nagement du Territoire\" \/>\n<meta property=\"og:description\" content=\"La formation a pour but de familiariser les participants aux exigences de la nouvelle Loi sur l\u2019am\u00e9nagement communal et le d\u00e9veloppement urbain, pour leur\" \/>\n<meta property=\"og:url\" content=\"https:\/\/www.uni.lu\/fr\/events\/reunion-dinformation-de-la-formation-continue-en-amenagement-du-territoire\/\" \/>\n<meta property=\"og:site_name\" content=\"UNI FR\" \/>\n<meta property=\"article:publisher\" content=\"https:\/\/www.facebook.com\/uni.lu\" \/>\n<meta property=\"og:image\" content=\"https:\/\/www.uni.lu\/wp-content\/uploads\/sites\/11\/2026\/03\/03120045\/UNIV_SM-Profile_1600x1600px-scaled.jpg\" \/>\n\t<meta property=\"og:image:width\" content=\"2560\" \/>\n\t<meta property=\"og:image:height\" content=\"2560\" \/>\n\t<meta property=\"og:image:type\" content=\"image\/jpeg\" \/>\n<meta name=\"twitter:card\" content=\"summary_large_image\" \/>\n<script type=\"application\/ld+json\" class=\"yoast-schema-graph\">{\"@context\":\"https:\/\/schema.org\",\"@graph\":[{\"@type\":\"WebPage\",\"@id\":\"https:\/\/www.uni.lu\/fr\/events\/reunion-dinformation-de-la-formation-continue-en-amenagement-du-territoire\/\",\"url\":\"https:\/\/www.uni.lu\/fr\/events\/reunion-dinformation-de-la-formation-continue-en-amenagement-du-territoire\/\",\"name\":\"R\u00e9union d\u2019information de la Formation Continue en Am\u00e9nagement du Territoire - Universit\u00e9 du Luxembourg\",\"isPartOf\":{\"@id\":\"https:\/\/www.uni.lu\/fr\/#website\"},\"primaryImageOfPage\":{\"@id\":\"https:\/\/www.uni.lu\/fr\/events\/reunion-dinformation-de-la-formation-continue-en-amenagement-du-territoire\/#primaryimage\"},\"image\":{\"@id\":\"https:\/\/www.uni.lu\/fr\/events\/reunion-dinformation-de-la-formation-continue-en-amenagement-du-territoire\/#primaryimage\"},\"thumbnailUrl\":\"https:\/\/www.uni.lu\/wp-content\/uploads\/sites\/11\/2018\/04\/reunion_d_information_de_la_formation_continue_en_amenagement_du_territoire.jpg\",\"datePublished\":\"2018-04-11T12:12:49+00:00\",\"dateModified\":\"2018-04-11T12:12:49+00:00\",\"description\":\"La formation a pour but de familiariser les participants aux exigences de la nouvelle Loi sur l\u2019am\u00e9nagement communal et le d\u00e9veloppement urbain, pour leur\",\"breadcrumb\":{\"@id\":\"https:\/\/www.uni.lu\/fr\/events\/reunion-dinformation-de-la-formation-continue-en-amenagement-du-territoire\/#breadcrumb\"},\"inLanguage\":\"fr-FR\",\"potentialAction\":[{\"@type\":\"ReadAction\",\"target\":[\"https:\/\/www.uni.lu\/fr\/events\/reunion-dinformation-de-la-formation-continue-en-amenagement-du-territoire\/\"]}]},{\"@type\":\"ImageObject\",\"inLanguage\":\"fr-FR\",\"@id\":\"https:\/\/www.uni.lu\/fr\/events\/reunion-dinformation-de-la-formation-continue-en-amenagement-du-territoire\/#primaryimage\",\"url\":\"https:\/\/www.uni.lu\/wp-content\/uploads\/sites\/11\/2018\/04\/reunion_d_information_de_la_formation_continue_en_amenagement_du_territoire.jpg\",\"contentUrl\":\"https:\/\/www.uni.lu\/wp-content\/uploads\/sites\/11\/2018\/04\/reunion_d_information_de_la_formation_continue_en_amenagement_du_territoire.jpg\",\"width\":800,\"height\":600},{\"@type\":\"BreadcrumbList\",\"@id\":\"https:\/\/www.uni.lu\/fr\/events\/reunion-dinformation-de-la-formation-continue-en-amenagement-du-territoire\/#breadcrumb\",\"itemListElement\":[{\"@type\":\"ListItem\",\"position\":1,\"name\":\"Home\",\"item\":\"https:\/\/www.uni.lu\/fr\/\"},{\"@type\":\"ListItem\",\"position\":2,\"name\":\"Events\",\"item\":\"https:\/\/www.uni.lu\/fr\/events\/\"},{\"@type\":\"ListItem\",\"position\":3,\"name\":\"R\u00e9union d\u2019information de la Formation Continue en Am\u00e9nagement du Territoire\"}]},{\"@type\":\"WebSite\",\"@id\":\"https:\/\/www.uni.lu\/fr\/#website\",\"url\":\"https:\/\/www.uni.lu\/fr\/\",\"name\":\"Uni.lu\",\"description\":\"Universit\u00e9 du Luxembourg\",\"publisher\":{\"@id\":\"https:\/\/www.uni.lu\/fr\/#organization\"},\"alternateName\":\"Universit\u00e9 du Luxembourg\",\"potentialAction\":[{\"@type\":\"SearchAction\",\"target\":{\"@type\":\"EntryPoint\",\"urlTemplate\":\"https:\/\/www.uni.lu\/fr\/?s={search_term_string}\"},\"query-input\":\"required name=search_term_string\"}],\"inLanguage\":\"fr-FR\"},{\"@type\":\"Organization\",\"@id\":\"https:\/\/www.uni.lu\/fr\/#organization\",\"name\":\"Universit\u00e9 du Luxembourg\",\"alternateName\":\"Uni.lu\",\"url\":\"https:\/\/www.uni.lu\/fr\/\",\"logo\":{\"@type\":\"ImageObject\",\"inLanguage\":\"fr-FR\",\"@id\":\"https:\/\/www.uni.lu\/fr\/#\/schema\/logo\/image\/\",\"url\":\"https:\/\/www.uni.lu\/wp-content\/uploads\/sites\/11\/2026\/03\/03120045\/UNIV_SM-Profile_1600x1600px-scaled.jpg\",\"contentUrl\":\"https:\/\/www.uni.lu\/wp-content\/uploads\/sites\/11\/2026\/03\/03120045\/UNIV_SM-Profile_1600x1600px-scaled.jpg\",\"width\":2560,\"height\":2560,\"caption\":\"Universit\u00e9 du Luxembourg\"},\"image\":\"https:\/\/www.uni.lu\/wp-content\/uploads\/sites\/11\/2026\/04\/24120552\/20200609-Belval-Campus_Henri-Goergen-23.jpg\",\"sameAs\":[\"https:\/\/www.facebook.com\/uni.lu\",\"https:\/\/www.linkedin.com\/school\/university-of-luxembourg\/\",\"https:\/\/www.instagram.com\/uni.lu\",\"https:\/\/www.youtube.com\/@uni_lu\",\"https:\/\/en.wikipedia.org\/wiki\/University_of_Luxembourg\"],\"email\":\"communication@uni.lu\",\"telephone\":\"+352 46 66 44 1\",\"address\":{\"@type\":\"PostalAddress\",\"streetAddress\":\"2, place de l\u2019Universit\u00e9\",\"addressLocality\":\"Esch-sur-Alzette\",\"postalCode\":\"4365\",\"addressCountry\":\"LU\"},\"description\":\"Universit\u00e9 du Luxembourg\"}]}<\/script>\n<!-- \/ Yoast SEO Premium plugin. -->","yoast_head_json":{"title":"R\u00e9union d\u2019information de la Formation Continue en Am\u00e9nagement du Territoire - Universit\u00e9 du Luxembourg","description":"La formation a pour but de familiariser les participants aux exigences de la nouvelle Loi sur l\u2019am\u00e9nagement communal et le d\u00e9veloppement urbain, pour leur","robots":{"index":"index","follow":"follow","max-snippet":"max-snippet:-1","max-image-preview":"max-image-preview:large","max-video-preview":"max-video-preview:-1"},"canonical":"https:\/\/www.uni.lu\/fr\/events\/reunion-dinformation-de-la-formation-continue-en-amenagement-du-territoire\/","og_locale":"fr_FR","og_type":"article","og_title":"R\u00e9union d\u2019information de la Formation Continue en Am\u00e9nagement du Territoire","og_description":"La formation a pour but de familiariser les participants aux exigences de la nouvelle Loi sur l\u2019am\u00e9nagement communal et le d\u00e9veloppement urbain, pour leur","og_url":"https:\/\/www.uni.lu\/fr\/events\/reunion-dinformation-de-la-formation-continue-en-amenagement-du-territoire\/","og_site_name":"UNI FR","article_publisher":"https:\/\/www.facebook.com\/uni.lu","og_image":[{"width":2560,"height":2560,"url":"https:\/\/www.uni.lu\/wp-content\/uploads\/sites\/11\/2026\/03\/03120045\/UNIV_SM-Profile_1600x1600px-scaled.jpg","type":"image\/jpeg"}],"twitter_card":"summary_large_image","schema":{"@context":"https:\/\/schema.org","@graph":[{"@type":"WebPage","@id":"https:\/\/www.uni.lu\/fr\/events\/reunion-dinformation-de-la-formation-continue-en-amenagement-du-territoire\/","url":"https:\/\/www.uni.lu\/fr\/events\/reunion-dinformation-de-la-formation-continue-en-amenagement-du-territoire\/","name":"R\u00e9union d\u2019information de la Formation Continue en Am\u00e9nagement du Territoire - Universit\u00e9 du Luxembourg","isPartOf":{"@id":"https:\/\/www.uni.lu\/fr\/#website"},"primaryImageOfPage":{"@id":"https:\/\/www.uni.lu\/fr\/events\/reunion-dinformation-de-la-formation-continue-en-amenagement-du-territoire\/#primaryimage"},"image":{"@id":"https:\/\/www.uni.lu\/fr\/events\/reunion-dinformation-de-la-formation-continue-en-amenagement-du-territoire\/#primaryimage"},"thumbnailUrl":"https:\/\/www.uni.lu\/wp-content\/uploads\/sites\/11\/2018\/04\/reunion_d_information_de_la_formation_continue_en_amenagement_du_territoire.jpg","datePublished":"2018-04-11T12:12:49+00:00","dateModified":"2018-04-11T12:12:49+00:00","description":"La formation a pour but de familiariser les participants aux exigences de la nouvelle Loi sur l\u2019am\u00e9nagement communal et le d\u00e9veloppement urbain, pour leur","breadcrumb":{"@id":"https:\/\/www.uni.lu\/fr\/events\/reunion-dinformation-de-la-formation-continue-en-amenagement-du-territoire\/#breadcrumb"},"inLanguage":"fr-FR","potentialAction":[{"@type":"ReadAction","target":["https:\/\/www.uni.lu\/fr\/events\/reunion-dinformation-de-la-formation-continue-en-amenagement-du-territoire\/"]}]},{"@type":"ImageObject","inLanguage":"fr-FR","@id":"https:\/\/www.uni.lu\/fr\/events\/reunion-dinformation-de-la-formation-continue-en-amenagement-du-territoire\/#primaryimage","url":"https:\/\/www.uni.lu\/wp-content\/uploads\/sites\/11\/2018\/04\/reunion_d_information_de_la_formation_continue_en_amenagement_du_territoire.jpg","contentUrl":"https:\/\/www.uni.lu\/wp-content\/uploads\/sites\/11\/2018\/04\/reunion_d_information_de_la_formation_continue_en_amenagement_du_territoire.jpg","width":800,"height":600},{"@type":"BreadcrumbList","@id":"https:\/\/www.uni.lu\/fr\/events\/reunion-dinformation-de-la-formation-continue-en-amenagement-du-territoire\/#breadcrumb","itemListElement":[{"@type":"ListItem","position":1,"name":"Home","item":"https:\/\/www.uni.lu\/fr\/"},{"@type":"ListItem","position":2,"name":"Events","item":"https:\/\/www.uni.lu\/fr\/events\/"},{"@type":"ListItem","position":3,"name":"R\u00e9union d\u2019information de la Formation Continue en Am\u00e9nagement du Territoire"}]},{"@type":"WebSite","@id":"https:\/\/www.uni.lu\/fr\/#website","url":"https:\/\/www.uni.lu\/fr\/","name":"Uni.lu","description":"Universit\u00e9 du Luxembourg","publisher":{"@id":"https:\/\/www.uni.lu\/fr\/#organization"},"alternateName":"Universit\u00e9 du Luxembourg","potentialAction":[{"@type":"SearchAction","target":{"@type":"EntryPoint","urlTemplate":"https:\/\/www.uni.lu\/fr\/?s={search_term_string}"},"query-input":"required name=search_term_string"}],"inLanguage":"fr-FR"},{"@type":"Organization","@id":"https:\/\/www.uni.lu\/fr\/#organization","name":"Universit\u00e9 du Luxembourg","alternateName":"Uni.lu","url":"https:\/\/www.uni.lu\/fr\/","logo":{"@type":"ImageObject","inLanguage":"fr-FR","@id":"https:\/\/www.uni.lu\/fr\/#\/schema\/logo\/image\/","url":"https:\/\/www.uni.lu\/wp-content\/uploads\/sites\/11\/2026\/03\/03120045\/UNIV_SM-Profile_1600x1600px-scaled.jpg","contentUrl":"https:\/\/www.uni.lu\/wp-content\/uploads\/sites\/11\/2026\/03\/03120045\/UNIV_SM-Profile_1600x1600px-scaled.jpg","width":2560,"height":2560,"caption":"Universit\u00e9 du Luxembourg"},"image":"https:\/\/www.uni.lu\/wp-content\/uploads\/sites\/11\/2026\/04\/24120552\/20200609-Belval-Campus_Henri-Goergen-23.jpg","sameAs":["https:\/\/www.facebook.com\/uni.lu","https:\/\/www.linkedin.com\/school\/university-of-luxembourg\/","https:\/\/www.instagram.com\/uni.lu","https:\/\/www.youtube.com\/@uni_lu","https:\/\/en.wikipedia.org\/wiki\/University_of_Luxembourg"],"email":"communication@uni.lu","telephone":"+352 46 66 44 1","address":{"@type":"PostalAddress","streetAddress":"2, place de l\u2019Universit\u00e9","addressLocality":"Esch-sur-Alzette","postalCode":"4365","addressCountry":"LU"},"description":"Universit\u00e9 du Luxembourg"}]}},"_links":{"self":[{"href":"https:\/\/www.uni.lu\/fr\/wp-json\/wp\/v2\/events\/6732"}],"collection":[{"href":"https:\/\/www.uni.lu\/fr\/wp-json\/wp\/v2\/events"}],"about":[{"href":"https:\/\/www.uni.lu\/fr\/wp-json\/wp\/v2\/types\/events"}],"replies":[{"embeddable":true,"href":"https:\/\/www.uni.lu\/fr\/wp-json\/wp\/v2\/comments?post=6732"}],"version-history":[{"count":0,"href":"https:\/\/www.uni.lu\/fr\/wp-json\/wp\/v2\/events\/6732\/revisions"}],"wp:featuredmedia":[{"embeddable":true,"href":"https:\/\/www.uni.lu\/fr\/wp-json\/wp\/v2\/media\/6733"}],"wp:attachment":[{"href":"https:\/\/www.uni.lu\/fr\/wp-json\/wp\/v2\/media?parent=6732"}],"wp:term":[{"taxonomy":"events-topic","embeddable":true,"href":"https:\/\/www.uni.lu\/fr\/wp-json\/wp\/v2\/events-topic?post=6732"},{"taxonomy":"events-type","embeddable":true,"href":"https:\/\/www.uni.lu\/fr\/wp-json\/wp\/v2\/events-type?post=6732"},{"taxonomy":"organisation","embeddable":true,"href":"https:\/\/www.uni.lu\/fr\/wp-json\/wp\/v2\/organisation?post=6732"}],"curies":[{"name":"wp","href":"https:\/\/api.w.org\/{rel}","templated":true}]}}