{"id":6730,"date":"2018-04-11T11:06:27","date_gmt":"2018-04-11T09:06:27","guid":{"rendered":"https:\/\/www.uni.lu\/fr\/events\/seminar-series-zoom-in-on-europe-culture-law-and-politics\/"},"modified":"2018-04-11T11:06:27","modified_gmt":"2018-04-11T09:06:27","slug":"seminar-series-zoom-in-on-europe-culture-law-and-politics","status":"publish","type":"events","link":"https:\/\/www.uni.lu\/fr\/events\/seminar-series-zoom-in-on-europe-culture-law-and-politics\/","title":{"rendered":"SEMINAR SERIES ZOOM IN ON EUROPE: CULTURE, LAW AND POLITICS"},"content":{"rendered":"<section class=\"wp-block-unilux-blocks-free-section section\"><div class=\"container xl:max-w-screen-xl\">\n<h4 class=\"has-text-align-left wp-block-unilux-blocks-heading\"        id=\"o-das-du-dir-gehortest-sittlichkeit-und-kriminalitat\"\n    >\nO da\u00df du dir geh\u00f6rtest! Sittlichkeit und Kriminalit\u00e4t<\/h4>\n<p>Was tun? Was darf man tun, anstellen, machen? Was ist erlaubt? Was ist verboten? Habe ich Recht oder Unrecht? Wenn es um Kinder geht, Erwachsene, Einzelne, Wenige, Viele, ein Volk, Alle? Was darf ich mit mir (selbst) machen? D\u00fcrfen mir andere helfen bei dem, was ich mir antun m\u00f6chte? Helfe ich beim Machen der Anderen, auch wenn ich nur dabei bin, schaue, hier und da etwas tue, aber nicht eigentlich mitmache? Und mein Verlangen, darf ich es erlangen, auch wenn es den anderen zum M\u00f6rder, zum Beispiel aus Befriedung des Geschlechtstriebs, macht?<\/p><p>Diskutant: Prof. Dr. Georg Mein (Dean of the Faculty of Language and Literature, Humanities, Arts and Education, University of Luxembourg)<\/p><p>Seminar registration: <a href=\"mailto:katrin.becker@uni.lu\" target=\"_self\" title=\"\" rel=\"noopener\">katrin.becker@uni.lu<\/a>, and <a href=\"mailto:konstantinos.papastathis@uni.lu\" target=\"_self\" title=\"\" rel=\"noopener\">konstantinos.papastathis@uni.lu<\/a><\/p><\/div><\/section>","protected":false},"excerpt":{"rendered":"","protected":false},"author":0,"featured_media":6731,"parent":0,"menu_order":0,"comment_status":"open","ping_status":"closed","template":"","format":"standard","meta":{"featured_image_focal_point":[],"show_featured_caption":false,"ulux_newsletter_groups":"","uluxPostTitle":"","uluxPrePostTitle":"","_trash_the_other_posts":false,"_price":"","_stock":"","_tribe_ticket_header":"","_tribe_default_ticket_provider":"","_tribe_ticket_capacity":"0","_ticket_start_date":"","_ticket_end_date":"","_tribe_ticket_show_description":"","_tribe_ticket_show_not_going":false,"_tribe_ticket_use_global_stock":"","_tribe_ticket_global_stock_level":"","_global_stock_mode":"","_global_stock_cap":"","_tribe_rsvp_for_event":"","_tribe_ticket_going_count":"","_tribe_ticket_not_going_count":"","_tribe_tickets_list":"[]","_tribe_ticket_has_attendee_info_fields":false,"event_start_date":"2018-05-08 18:00:00","event_end_date":"2018-05-08 19:30:00","event_speaker_name":"Professor Rainer Maria Kiesow, Directeur du Centre Georg Simmel. Recherches franco-allemandes en sciences sociales. EHESS (\u00c9cole des Hautes \u00c9tudes en Sciences Sociales)","event_speaker_link":"","event_is_online":false,"event_location":"Campus Belval, Maison des Sciences Humaines, Black Box","event_street":"","event_location_link":"","event_zip_code":"","event_city":"","event_country":"LU"},"events-topic":[],"events-type":[],"organisation":[147,226],"authorship":[],"acf":[],"yoast_head":"<!-- This site is optimized with the Yoast SEO Premium plugin v22.3 (Yoast SEO v22.3) - https:\/\/yoast.com\/wordpress\/plugins\/seo\/ -->\n<title>SEMINAR SERIES ZOOM IN ON EUROPE: CULTURE, LAW AND POLITICS - Universit\u00e9 du Luxembourg<\/title>\n<meta name=\"description\" content=\"Was tun? Was darf man tun, anstellen, machen? Was ist erlaubt? Was ist verboten? Habe ich Recht oder Unrecht? Wenn es um Kinder geht, Erwachsene,\" \/>\n<meta name=\"robots\" content=\"index, follow, max-snippet:-1, max-image-preview:large, max-video-preview:-1\" \/>\n<link rel=\"canonical\" href=\"https:\/\/www.uni.lu\/fr\/events\/seminar-series-zoom-in-on-europe-culture-law-and-politics\/\" \/>\n<meta property=\"og:locale\" content=\"fr_FR\" \/>\n<meta property=\"og:type\" content=\"article\" \/>\n<meta property=\"og:title\" content=\"SEMINAR SERIES ZOOM IN ON EUROPE: CULTURE, LAW AND POLITICS\" \/>\n<meta property=\"og:description\" content=\"Was tun? Was darf man tun, anstellen, machen? Was ist erlaubt? Was ist verboten? Habe ich Recht oder Unrecht? Wenn es um Kinder geht, Erwachsene,\" \/>\n<meta property=\"og:url\" content=\"https:\/\/www.uni.lu\/fr\/events\/seminar-series-zoom-in-on-europe-culture-law-and-politics\/\" \/>\n<meta property=\"og:site_name\" content=\"UNI FR\" \/>\n<meta property=\"article:publisher\" content=\"https:\/\/www.facebook.com\/uni.lu\" \/>\n<meta property=\"og:image\" content=\"https:\/\/www.uni.lu\/wp-content\/uploads\/sites\/11\/2026\/03\/03120045\/UNIV_SM-Profile_1600x1600px-scaled.jpg\" \/>\n\t<meta property=\"og:image:width\" content=\"2560\" \/>\n\t<meta property=\"og:image:height\" content=\"2560\" \/>\n\t<meta property=\"og:image:type\" content=\"image\/jpeg\" \/>\n<meta name=\"twitter:card\" content=\"summary_large_image\" \/>\n<meta name=\"twitter:label1\" content=\"Dur\u00e9e de lecture estim\u00e9e\" \/>\n\t<meta name=\"twitter:data1\" content=\"1 minute\" \/>\n<script type=\"application\/ld+json\" class=\"yoast-schema-graph\">{\"@context\":\"https:\/\/schema.org\",\"@graph\":[{\"@type\":\"WebPage\",\"@id\":\"https:\/\/www.uni.lu\/fr\/events\/seminar-series-zoom-in-on-europe-culture-law-and-politics\/\",\"url\":\"https:\/\/www.uni.lu\/fr\/events\/seminar-series-zoom-in-on-europe-culture-law-and-politics\/\",\"name\":\"SEMINAR SERIES ZOOM IN ON EUROPE: CULTURE, LAW AND POLITICS - Universit\u00e9 du Luxembourg\",\"isPartOf\":{\"@id\":\"https:\/\/www.uni.lu\/fr\/#website\"},\"primaryImageOfPage\":{\"@id\":\"https:\/\/www.uni.lu\/fr\/events\/seminar-series-zoom-in-on-europe-culture-law-and-politics\/#primaryimage\"},\"image\":{\"@id\":\"https:\/\/www.uni.lu\/fr\/events\/seminar-series-zoom-in-on-europe-culture-law-and-politics\/#primaryimage\"},\"thumbnailUrl\":\"https:\/\/www.uni.lu\/wp-content\/uploads\/sites\/11\/2018\/04\/seminar_series_zoom_in_on_europe_culture_law_and_politics.jpg\",\"datePublished\":\"2018-04-11T09:06:27+00:00\",\"dateModified\":\"2018-04-11T09:06:27+00:00\",\"description\":\"Was tun? Was darf man tun, anstellen, machen? Was ist erlaubt? Was ist verboten? Habe ich Recht oder Unrecht? Wenn es um Kinder geht, Erwachsene,\",\"breadcrumb\":{\"@id\":\"https:\/\/www.uni.lu\/fr\/events\/seminar-series-zoom-in-on-europe-culture-law-and-politics\/#breadcrumb\"},\"inLanguage\":\"fr-FR\",\"potentialAction\":[{\"@type\":\"ReadAction\",\"target\":[\"https:\/\/www.uni.lu\/fr\/events\/seminar-series-zoom-in-on-europe-culture-law-and-politics\/\"]}]},{\"@type\":\"ImageObject\",\"inLanguage\":\"fr-FR\",\"@id\":\"https:\/\/www.uni.lu\/fr\/events\/seminar-series-zoom-in-on-europe-culture-law-and-politics\/#primaryimage\",\"url\":\"https:\/\/www.uni.lu\/wp-content\/uploads\/sites\/11\/2018\/04\/seminar_series_zoom_in_on_europe_culture_law_and_politics.jpg\",\"contentUrl\":\"https:\/\/www.uni.lu\/wp-content\/uploads\/sites\/11\/2018\/04\/seminar_series_zoom_in_on_europe_culture_law_and_politics.jpg\",\"width\":800,\"height\":600},{\"@type\":\"BreadcrumbList\",\"@id\":\"https:\/\/www.uni.lu\/fr\/events\/seminar-series-zoom-in-on-europe-culture-law-and-politics\/#breadcrumb\",\"itemListElement\":[{\"@type\":\"ListItem\",\"position\":1,\"name\":\"Home\",\"item\":\"https:\/\/www.uni.lu\/fr\/\"},{\"@type\":\"ListItem\",\"position\":2,\"name\":\"Events\",\"item\":\"https:\/\/www.uni.lu\/fr\/events\/\"},{\"@type\":\"ListItem\",\"position\":3,\"name\":\"SEMINAR SERIES ZOOM IN ON EUROPE: CULTURE, LAW AND POLITICS\"}]},{\"@type\":\"WebSite\",\"@id\":\"https:\/\/www.uni.lu\/fr\/#website\",\"url\":\"https:\/\/www.uni.lu\/fr\/\",\"name\":\"Uni.lu\",\"description\":\"Universit\u00e9 du Luxembourg\",\"publisher\":{\"@id\":\"https:\/\/www.uni.lu\/fr\/#organization\"},\"alternateName\":\"Universit\u00e9 du Luxembourg\",\"potentialAction\":[{\"@type\":\"SearchAction\",\"target\":{\"@type\":\"EntryPoint\",\"urlTemplate\":\"https:\/\/www.uni.lu\/fr\/?s={search_term_string}\"},\"query-input\":\"required name=search_term_string\"}],\"inLanguage\":\"fr-FR\"},{\"@type\":\"Organization\",\"@id\":\"https:\/\/www.uni.lu\/fr\/#organization\",\"name\":\"Universit\u00e9 du Luxembourg\",\"alternateName\":\"Uni.lu\",\"url\":\"https:\/\/www.uni.lu\/fr\/\",\"logo\":{\"@type\":\"ImageObject\",\"inLanguage\":\"fr-FR\",\"@id\":\"https:\/\/www.uni.lu\/fr\/#\/schema\/logo\/image\/\",\"url\":\"https:\/\/www.uni.lu\/wp-content\/uploads\/sites\/11\/2026\/03\/03120045\/UNIV_SM-Profile_1600x1600px-scaled.jpg\",\"contentUrl\":\"https:\/\/www.uni.lu\/wp-content\/uploads\/sites\/11\/2026\/03\/03120045\/UNIV_SM-Profile_1600x1600px-scaled.jpg\",\"width\":2560,\"height\":2560,\"caption\":\"Universit\u00e9 du Luxembourg\"},\"image\":\"https:\/\/www.uni.lu\/wp-content\/uploads\/sites\/11\/2026\/04\/24120552\/20200609-Belval-Campus_Henri-Goergen-23.jpg\",\"sameAs\":[\"https:\/\/www.facebook.com\/uni.lu\",\"https:\/\/www.linkedin.com\/school\/university-of-luxembourg\/\",\"https:\/\/www.instagram.com\/uni.lu\",\"https:\/\/www.youtube.com\/@uni_lu\",\"https:\/\/en.wikipedia.org\/wiki\/University_of_Luxembourg\"],\"email\":\"communication@uni.lu\",\"telephone\":\"+352 46 66 44 1\",\"address\":{\"@type\":\"PostalAddress\",\"streetAddress\":\"2, place de l\u2019Universit\u00e9\",\"addressLocality\":\"Esch-sur-Alzette\",\"postalCode\":\"4365\",\"addressCountry\":\"LU\"},\"description\":\"Universit\u00e9 du Luxembourg\"}]}<\/script>\n<!-- \/ Yoast SEO Premium plugin. -->","yoast_head_json":{"title":"SEMINAR SERIES ZOOM IN ON EUROPE: CULTURE, LAW AND POLITICS - Universit\u00e9 du Luxembourg","description":"Was tun? Was darf man tun, anstellen, machen? Was ist erlaubt? Was ist verboten? Habe ich Recht oder Unrecht? Wenn es um Kinder geht, Erwachsene,","robots":{"index":"index","follow":"follow","max-snippet":"max-snippet:-1","max-image-preview":"max-image-preview:large","max-video-preview":"max-video-preview:-1"},"canonical":"https:\/\/www.uni.lu\/fr\/events\/seminar-series-zoom-in-on-europe-culture-law-and-politics\/","og_locale":"fr_FR","og_type":"article","og_title":"SEMINAR SERIES ZOOM IN ON EUROPE: CULTURE, LAW AND POLITICS","og_description":"Was tun? Was darf man tun, anstellen, machen? Was ist erlaubt? Was ist verboten? Habe ich Recht oder Unrecht? Wenn es um Kinder geht, Erwachsene,","og_url":"https:\/\/www.uni.lu\/fr\/events\/seminar-series-zoom-in-on-europe-culture-law-and-politics\/","og_site_name":"UNI FR","article_publisher":"https:\/\/www.facebook.com\/uni.lu","og_image":[{"width":2560,"height":2560,"url":"https:\/\/www.uni.lu\/wp-content\/uploads\/sites\/11\/2026\/03\/03120045\/UNIV_SM-Profile_1600x1600px-scaled.jpg","type":"image\/jpeg"}],"twitter_card":"summary_large_image","twitter_misc":{"Dur\u00e9e de lecture estim\u00e9e":"1 minute"},"schema":{"@context":"https:\/\/schema.org","@graph":[{"@type":"WebPage","@id":"https:\/\/www.uni.lu\/fr\/events\/seminar-series-zoom-in-on-europe-culture-law-and-politics\/","url":"https:\/\/www.uni.lu\/fr\/events\/seminar-series-zoom-in-on-europe-culture-law-and-politics\/","name":"SEMINAR SERIES ZOOM IN ON EUROPE: CULTURE, LAW AND POLITICS - Universit\u00e9 du Luxembourg","isPartOf":{"@id":"https:\/\/www.uni.lu\/fr\/#website"},"primaryImageOfPage":{"@id":"https:\/\/www.uni.lu\/fr\/events\/seminar-series-zoom-in-on-europe-culture-law-and-politics\/#primaryimage"},"image":{"@id":"https:\/\/www.uni.lu\/fr\/events\/seminar-series-zoom-in-on-europe-culture-law-and-politics\/#primaryimage"},"thumbnailUrl":"https:\/\/www.uni.lu\/wp-content\/uploads\/sites\/11\/2018\/04\/seminar_series_zoom_in_on_europe_culture_law_and_politics.jpg","datePublished":"2018-04-11T09:06:27+00:00","dateModified":"2018-04-11T09:06:27+00:00","description":"Was tun? Was darf man tun, anstellen, machen? Was ist erlaubt? Was ist verboten? Habe ich Recht oder Unrecht? Wenn es um Kinder geht, Erwachsene,","breadcrumb":{"@id":"https:\/\/www.uni.lu\/fr\/events\/seminar-series-zoom-in-on-europe-culture-law-and-politics\/#breadcrumb"},"inLanguage":"fr-FR","potentialAction":[{"@type":"ReadAction","target":["https:\/\/www.uni.lu\/fr\/events\/seminar-series-zoom-in-on-europe-culture-law-and-politics\/"]}]},{"@type":"ImageObject","inLanguage":"fr-FR","@id":"https:\/\/www.uni.lu\/fr\/events\/seminar-series-zoom-in-on-europe-culture-law-and-politics\/#primaryimage","url":"https:\/\/www.uni.lu\/wp-content\/uploads\/sites\/11\/2018\/04\/seminar_series_zoom_in_on_europe_culture_law_and_politics.jpg","contentUrl":"https:\/\/www.uni.lu\/wp-content\/uploads\/sites\/11\/2018\/04\/seminar_series_zoom_in_on_europe_culture_law_and_politics.jpg","width":800,"height":600},{"@type":"BreadcrumbList","@id":"https:\/\/www.uni.lu\/fr\/events\/seminar-series-zoom-in-on-europe-culture-law-and-politics\/#breadcrumb","itemListElement":[{"@type":"ListItem","position":1,"name":"Home","item":"https:\/\/www.uni.lu\/fr\/"},{"@type":"ListItem","position":2,"name":"Events","item":"https:\/\/www.uni.lu\/fr\/events\/"},{"@type":"ListItem","position":3,"name":"SEMINAR SERIES ZOOM IN ON EUROPE: CULTURE, LAW AND POLITICS"}]},{"@type":"WebSite","@id":"https:\/\/www.uni.lu\/fr\/#website","url":"https:\/\/www.uni.lu\/fr\/","name":"Uni.lu","description":"Universit\u00e9 du Luxembourg","publisher":{"@id":"https:\/\/www.uni.lu\/fr\/#organization"},"alternateName":"Universit\u00e9 du Luxembourg","potentialAction":[{"@type":"SearchAction","target":{"@type":"EntryPoint","urlTemplate":"https:\/\/www.uni.lu\/fr\/?s={search_term_string}"},"query-input":"required name=search_term_string"}],"inLanguage":"fr-FR"},{"@type":"Organization","@id":"https:\/\/www.uni.lu\/fr\/#organization","name":"Universit\u00e9 du Luxembourg","alternateName":"Uni.lu","url":"https:\/\/www.uni.lu\/fr\/","logo":{"@type":"ImageObject","inLanguage":"fr-FR","@id":"https:\/\/www.uni.lu\/fr\/#\/schema\/logo\/image\/","url":"https:\/\/www.uni.lu\/wp-content\/uploads\/sites\/11\/2026\/03\/03120045\/UNIV_SM-Profile_1600x1600px-scaled.jpg","contentUrl":"https:\/\/www.uni.lu\/wp-content\/uploads\/sites\/11\/2026\/03\/03120045\/UNIV_SM-Profile_1600x1600px-scaled.jpg","width":2560,"height":2560,"caption":"Universit\u00e9 du Luxembourg"},"image":"https:\/\/www.uni.lu\/wp-content\/uploads\/sites\/11\/2026\/04\/24120552\/20200609-Belval-Campus_Henri-Goergen-23.jpg","sameAs":["https:\/\/www.facebook.com\/uni.lu","https:\/\/www.linkedin.com\/school\/university-of-luxembourg\/","https:\/\/www.instagram.com\/uni.lu","https:\/\/www.youtube.com\/@uni_lu","https:\/\/en.wikipedia.org\/wiki\/University_of_Luxembourg"],"email":"communication@uni.lu","telephone":"+352 46 66 44 1","address":{"@type":"PostalAddress","streetAddress":"2, place de l\u2019Universit\u00e9","addressLocality":"Esch-sur-Alzette","postalCode":"4365","addressCountry":"LU"},"description":"Universit\u00e9 du Luxembourg"}]}},"_links":{"self":[{"href":"https:\/\/www.uni.lu\/fr\/wp-json\/wp\/v2\/events\/6730"}],"collection":[{"href":"https:\/\/www.uni.lu\/fr\/wp-json\/wp\/v2\/events"}],"about":[{"href":"https:\/\/www.uni.lu\/fr\/wp-json\/wp\/v2\/types\/events"}],"replies":[{"embeddable":true,"href":"https:\/\/www.uni.lu\/fr\/wp-json\/wp\/v2\/comments?post=6730"}],"version-history":[{"count":0,"href":"https:\/\/www.uni.lu\/fr\/wp-json\/wp\/v2\/events\/6730\/revisions"}],"wp:featuredmedia":[{"embeddable":true,"href":"https:\/\/www.uni.lu\/fr\/wp-json\/wp\/v2\/media\/6731"}],"wp:attachment":[{"href":"https:\/\/www.uni.lu\/fr\/wp-json\/wp\/v2\/media?parent=6730"}],"wp:term":[{"taxonomy":"events-topic","embeddable":true,"href":"https:\/\/www.uni.lu\/fr\/wp-json\/wp\/v2\/events-topic?post=6730"},{"taxonomy":"events-type","embeddable":true,"href":"https:\/\/www.uni.lu\/fr\/wp-json\/wp\/v2\/events-type?post=6730"},{"taxonomy":"organisation","embeddable":true,"href":"https:\/\/www.uni.lu\/fr\/wp-json\/wp\/v2\/organisation?post=6730"}],"curies":[{"name":"wp","href":"https:\/\/api.w.org\/{rel}","templated":true}]}}