{"id":6660,"date":"2018-03-21T10:59:33","date_gmt":"2018-03-21T09:59:33","guid":{"rendered":"https:\/\/www.uni.lu\/fr\/events\/lieft-ar-sproochen-enseignants-es-et-educateurs-trices-plurilingues-des-acteurs-cles-dune-education-plurilingue-reussie\/"},"modified":"2018-03-21T10:59:33","modified_gmt":"2018-03-21T09:59:33","slug":"lieft-ar-sproochen-enseignants-es-et-educateurs-trices-plurilingues-des-acteurs-cles-dune-education-plurilingue-reussie","status":"publish","type":"events","link":"https:\/\/www.uni.lu\/fr\/events\/lieft-ar-sproochen-enseignants-es-et-educateurs-trices-plurilingues-des-acteurs-cles-dune-education-plurilingue-reussie\/","title":{"rendered":"\u00ab Lieft \u00c4r Sproochen! \u00bb Enseignants\/-es et \u00e9ducateurs\/-trices plurilingues: des acteurs cl\u00e9s d\u2019une \u00e9ducation plurilingue r\u00e9ussie"},"content":{"rendered":"<section class=\"wp-block-unilux-blocks-free-section section\"><div class=\"container xl:max-w-screen-xl\"><p><strong>Conf\u00e9rence internationale de cl\u00f4ture du projet Erasmus+ \u201eMeLA \u2013 Mehr-sprachliche Bildung \u2013 Entwicklung und Erprobung von Language-Awareness-Konzepten im Unterricht aller F\u00e4cher\u201c<\/strong><\/p><p>La conf\u00e9rence de deux jours met en avant les enseignants\/-es et les \u00e9ducateurs\/-trices avec leur r\u00e9pertoire plurilingue &#8211; en tant qu&rsquo;acteurs professionnels dans un contexte caract\u00e9ris\u00e9 par la diversit\u00e9 linguistique et culturelle et en tant que personnes avec leur propre biographie plurilingue.<\/p><p>Lors de la conf\u00e9rence, des experts de renomm\u00e9e internationale se prononceront e.a. sur les questions suivantes:<\/p><p><i>Comment les enseignants\/-es et les \u00e9ducateurs\/-trices vivent-ils\/elles leur plurilinguisme? Comment utilisent-ils\/elles leur r\u00e9pertoire plurilingue au quotidien dans leurs classes? Comment les repr\u00e9sentations et les attitudes personnelles envers le plurilinguisme\/multilinguisme affectent-elles la conception et la mise en \u0153uvre de l&rsquo;enseignement des langues et\/ou de l\u2019enseignement d\u2019autres mati\u00e8res? Quelle place faudrait-il accorder \u00e0 ces aspects dans le contexte des formations initiale et continue du personnel enseignant et \u00e9ducatif? Comment peuvent \u00eatre con\u00e7ues des situations d\u2019apprentissage qui permettent \u00e0 tous les acteurs de mettre \u00e0 profit leur r\u00e9pertoire linguistique existant pour aborder de nouveaux apprentissages?<\/i><\/p><p>\u00a0<\/p><p><strong><i>Mots de bienvenue<\/i><\/strong><\/p><ul class=\"ulux-list\"><li class=\"ulux-list-item\">Claude Meisch, Ministre de l\u2019\u00c9ducation nationale, de l\u2019Enfance et de la Jeunesse, Luxembourg<\/li><li class=\"ulux-list-item\">Prof. Dr. Romain Martin, Vice-Recteur acad\u00e9mique, Universit\u00e9 du Luxembourg<\/li><\/ul><p>\u00a0<\/p><p><strong><i>Intervenants et intervenantes<\/i><\/strong><\/p><ul class=\"ulux-list\"><li class=\"ulux-list-item\">Prof. Dr. Adelheid Hu, Universit\u00e9 du Luxembourg<\/li><li class=\"ulux-list-item\">Flore Schank, Minist\u00e8re de l\u2019\u00c9ducation nationale, de l\u2019Enfance et de la Jeunesse, Luxembourg<\/li><li class=\"ulux-list-item\">Prof. Dr. Dagmar Abendroth-Timmer, Universit\u00e4t Siegen, Allemagne<\/li><li class=\"ulux-list-item\">Prof. Dr. Sabine Schm\u00f6lzer-Eibinger, Dr. Daniela Rotter, Lisa Niederdorfer, Karl-Franzens-Universit\u00e4t Graz, Autriche<\/li><li class=\"ulux-list-item\">Prof. Dr. Heidi R\u00f6sch, Dr. Nicole Bachor-Pfeff, Emmanuel Breite, P\u00e4dagogische Hochschule Karlsruhe, Allemagne<\/li><li class=\"ulux-list-item\">Prof. Dr. Ildik\u00f3 L\u00f6rincz, Universit\u00e9 Sz\u00e9chenyi Istv\u00e1n, Hongrie<\/li><li class=\"ulux-list-item\">Prof. Em. Michel Candelier, Universit\u00e9 du Maine, France<\/li><li class=\"ulux-list-item\">Dr. Deirdre Kirwan, Directrice d\u2019\u00e9cole, Scoil Bhr\u00edde (Cail\u00edn\u00ed), Dublin, Irlande<\/li><li class=\"ulux-list-item\">Ass.-Prof. Dr. Claudine Kirsch, Universit\u00e9 du Luxembourg<\/li><\/ul><p>\u00a0<\/p><ul class=\"ulux-list\"><li class=\"ulux-list-item\">Organisation: Prof. Dr. Adelheid Hu, Flore Schank<\/li><li class=\"ulux-list-item\">Contact et inscription (jusqu&rsquo;au 20 avril 2018): andrea.hake@uni.lu<\/li><li class=\"ulux-list-item\">Programme d\u00e9taill\u00e9<\/li><li class=\"ulux-list-item\">Une traduction simultan\u00e9e est assur\u00e9e en allemand et en fran\u00e7ais<\/li><\/ul><p>\u00a0<\/p><p>\u00a0<\/p><\/div><\/section>","protected":false},"excerpt":{"rendered":"<p>Conf\u00e9rence internationale de cl\u00f4ture du projet Erasmus+ \u201eMeLA \u2013 Mehr-sprachliche Bildung \u2013 Entwicklung und Erprobung von Language-Awareness-Konzepten im Unterricht aller F\u00e4cher\u201c<\/p>\n","protected":false},"author":0,"featured_media":6661,"parent":0,"menu_order":0,"comment_status":"open","ping_status":"closed","template":"","format":"standard","meta":{"featured_image_focal_point":[],"show_featured_caption":false,"ulux_newsletter_groups":"","uluxPostTitle":"","uluxPrePostTitle":"","_trash_the_other_posts":false,"_price":"","_stock":"","_tribe_ticket_header":"","_tribe_default_ticket_provider":"","_tribe_ticket_capacity":"0","_ticket_start_date":"","_ticket_end_date":"","_tribe_ticket_show_description":"","_tribe_ticket_show_not_going":false,"_tribe_ticket_use_global_stock":"","_tribe_ticket_global_stock_level":"","_global_stock_mode":"","_global_stock_cap":"","_tribe_rsvp_for_event":"","_tribe_ticket_going_count":"","_tribe_ticket_not_going_count":"","_tribe_tickets_list":"[]","_tribe_ticket_has_attendee_info_fields":false,"event_start_date":"2018-04-27 14:00:00","event_end_date":"2018-04-28 14:00:00","event_speaker_name":"","event_speaker_link":"","event_is_online":false,"event_location":"Campus Belval, Maison des Sciences Humaines, Black Box","event_street":"","event_location_link":"","event_zip_code":"","event_city":"","event_country":"LU"},"events-topic":[312],"events-type":[],"organisation":[171,147,178,226],"authorship":[],"acf":[],"yoast_head":"<!-- This site is optimized with the Yoast SEO Premium plugin v22.3 (Yoast SEO v22.3) - https:\/\/yoast.com\/wordpress\/plugins\/seo\/ -->\n<title>\u00ab Lieft \u00c4r Sproochen! \u00bb Enseignants\/-es et \u00e9ducateurs\/-trices plurilingues: des acteurs cl\u00e9s d\u2019une \u00e9ducation plurilingue r\u00e9ussie - Universit\u00e9 du Luxembourg<\/title>\n<meta name=\"description\" content=\"Conf\u00e9rence internationale de cl\u00f4ture du projet Erasmus+ \u201eMeLA \u2013 Mehr-sprachliche Bildung \u2013 Entwicklung und Erprobung von Language-Awareness-Konzepten im Unterricht aller F\u00e4cher\u201c\" \/>\n<meta name=\"robots\" content=\"index, follow, max-snippet:-1, max-image-preview:large, max-video-preview:-1\" \/>\n<link rel=\"canonical\" href=\"https:\/\/www.uni.lu\/fr\/events\/lieft-ar-sproochen-enseignants-es-et-educateurs-trices-plurilingues-des-acteurs-cles-dune-education-plurilingue-reussie\/\" \/>\n<meta property=\"og:locale\" content=\"fr_FR\" \/>\n<meta property=\"og:type\" content=\"article\" \/>\n<meta property=\"og:title\" content=\"\u00ab Lieft \u00c4r Sproochen! \u00bb Enseignants\/-es et \u00e9ducateurs\/-trices plurilingues: des acteurs cl\u00e9s d\u2019une \u00e9ducation plurilingue r\u00e9ussie\" \/>\n<meta property=\"og:description\" content=\"Conf\u00e9rence internationale de cl\u00f4ture du projet Erasmus+ \u201eMeLA \u2013 Mehr-sprachliche Bildung \u2013 Entwicklung und Erprobung von Language-Awareness-Konzepten im Unterricht aller F\u00e4cher\u201c\" \/>\n<meta property=\"og:url\" content=\"https:\/\/www.uni.lu\/fr\/events\/lieft-ar-sproochen-enseignants-es-et-educateurs-trices-plurilingues-des-acteurs-cles-dune-education-plurilingue-reussie\/\" \/>\n<meta property=\"og:site_name\" content=\"UNI FR\" \/>\n<meta property=\"article:publisher\" content=\"https:\/\/www.facebook.com\/uni.lu\" \/>\n<meta property=\"og:image\" content=\"https:\/\/www.uni.lu\/wp-content\/uploads\/sites\/11\/2026\/03\/03120045\/UNIV_SM-Profile_1600x1600px-scaled.jpg\" \/>\n\t<meta property=\"og:image:width\" content=\"2560\" \/>\n\t<meta property=\"og:image:height\" content=\"2560\" \/>\n\t<meta property=\"og:image:type\" content=\"image\/jpeg\" \/>\n<meta name=\"twitter:card\" content=\"summary_large_image\" \/>\n<meta name=\"twitter:label1\" content=\"Dur\u00e9e de lecture estim\u00e9e\" \/>\n\t<meta name=\"twitter:data1\" content=\"2 minutes\" \/>\n<script type=\"application\/ld+json\" class=\"yoast-schema-graph\">{\"@context\":\"https:\/\/schema.org\",\"@graph\":[{\"@type\":\"WebPage\",\"@id\":\"https:\/\/www.uni.lu\/fr\/events\/lieft-ar-sproochen-enseignants-es-et-educateurs-trices-plurilingues-des-acteurs-cles-dune-education-plurilingue-reussie\/\",\"url\":\"https:\/\/www.uni.lu\/fr\/events\/lieft-ar-sproochen-enseignants-es-et-educateurs-trices-plurilingues-des-acteurs-cles-dune-education-plurilingue-reussie\/\",\"name\":\"\u00ab Lieft \u00c4r Sproochen! \u00bb Enseignants\/-es et \u00e9ducateurs\/-trices plurilingues: des acteurs cl\u00e9s d\u2019une \u00e9ducation plurilingue r\u00e9ussie - Universit\u00e9 du Luxembourg\",\"isPartOf\":{\"@id\":\"https:\/\/www.uni.lu\/fr\/#website\"},\"primaryImageOfPage\":{\"@id\":\"https:\/\/www.uni.lu\/fr\/events\/lieft-ar-sproochen-enseignants-es-et-educateurs-trices-plurilingues-des-acteurs-cles-dune-education-plurilingue-reussie\/#primaryimage\"},\"image\":{\"@id\":\"https:\/\/www.uni.lu\/fr\/events\/lieft-ar-sproochen-enseignants-es-et-educateurs-trices-plurilingues-des-acteurs-cles-dune-education-plurilingue-reussie\/#primaryimage\"},\"thumbnailUrl\":\"https:\/\/www.uni.lu\/wp-content\/uploads\/sites\/11\/2018\/03\/lieft_aer_sproochen_enseignants_es_et_educateurs_trices_plurilingues_des_acteurs_cles_d_une_education_plurilingue_reussie-scaled.jpg\",\"datePublished\":\"2018-03-21T09:59:33+00:00\",\"dateModified\":\"2018-03-21T09:59:33+00:00\",\"description\":\"Conf\u00e9rence internationale de cl\u00f4ture du projet Erasmus+ \u201eMeLA \u2013 Mehr-sprachliche Bildung \u2013 Entwicklung und Erprobung von Language-Awareness-Konzepten im Unterricht aller F\u00e4cher\u201c\",\"breadcrumb\":{\"@id\":\"https:\/\/www.uni.lu\/fr\/events\/lieft-ar-sproochen-enseignants-es-et-educateurs-trices-plurilingues-des-acteurs-cles-dune-education-plurilingue-reussie\/#breadcrumb\"},\"inLanguage\":\"fr-FR\",\"potentialAction\":[{\"@type\":\"ReadAction\",\"target\":[\"https:\/\/www.uni.lu\/fr\/events\/lieft-ar-sproochen-enseignants-es-et-educateurs-trices-plurilingues-des-acteurs-cles-dune-education-plurilingue-reussie\/\"]}]},{\"@type\":\"ImageObject\",\"inLanguage\":\"fr-FR\",\"@id\":\"https:\/\/www.uni.lu\/fr\/events\/lieft-ar-sproochen-enseignants-es-et-educateurs-trices-plurilingues-des-acteurs-cles-dune-education-plurilingue-reussie\/#primaryimage\",\"url\":\"https:\/\/www.uni.lu\/wp-content\/uploads\/sites\/11\/2018\/03\/lieft_aer_sproochen_enseignants_es_et_educateurs_trices_plurilingues_des_acteurs_cles_d_une_education_plurilingue_reussie-scaled.jpg\",\"contentUrl\":\"https:\/\/www.uni.lu\/wp-content\/uploads\/sites\/11\/2018\/03\/lieft_aer_sproochen_enseignants_es_et_educateurs_trices_plurilingues_des_acteurs_cles_d_une_education_plurilingue_reussie-scaled.jpg\",\"width\":2560,\"height\":1707},{\"@type\":\"BreadcrumbList\",\"@id\":\"https:\/\/www.uni.lu\/fr\/events\/lieft-ar-sproochen-enseignants-es-et-educateurs-trices-plurilingues-des-acteurs-cles-dune-education-plurilingue-reussie\/#breadcrumb\",\"itemListElement\":[{\"@type\":\"ListItem\",\"position\":1,\"name\":\"Home\",\"item\":\"https:\/\/www.uni.lu\/fr\/\"},{\"@type\":\"ListItem\",\"position\":2,\"name\":\"Events\",\"item\":\"https:\/\/www.uni.lu\/fr\/events\/\"},{\"@type\":\"ListItem\",\"position\":3,\"name\":\"\u00ab Lieft \u00c4r Sproochen! \u00bb Enseignants\/-es et \u00e9ducateurs\/-trices plurilingues: des acteurs cl\u00e9s d\u2019une \u00e9ducation plurilingue r\u00e9ussie\"}]},{\"@type\":\"WebSite\",\"@id\":\"https:\/\/www.uni.lu\/fr\/#website\",\"url\":\"https:\/\/www.uni.lu\/fr\/\",\"name\":\"Uni.lu\",\"description\":\"Universit\u00e9 du Luxembourg\",\"publisher\":{\"@id\":\"https:\/\/www.uni.lu\/fr\/#organization\"},\"alternateName\":\"Universit\u00e9 du Luxembourg\",\"potentialAction\":[{\"@type\":\"SearchAction\",\"target\":{\"@type\":\"EntryPoint\",\"urlTemplate\":\"https:\/\/www.uni.lu\/fr\/?s={search_term_string}\"},\"query-input\":\"required name=search_term_string\"}],\"inLanguage\":\"fr-FR\"},{\"@type\":\"Organization\",\"@id\":\"https:\/\/www.uni.lu\/fr\/#organization\",\"name\":\"Universit\u00e9 du Luxembourg\",\"alternateName\":\"Uni.lu\",\"url\":\"https:\/\/www.uni.lu\/fr\/\",\"logo\":{\"@type\":\"ImageObject\",\"inLanguage\":\"fr-FR\",\"@id\":\"https:\/\/www.uni.lu\/fr\/#\/schema\/logo\/image\/\",\"url\":\"https:\/\/www.uni.lu\/wp-content\/uploads\/sites\/11\/2026\/03\/03120045\/UNIV_SM-Profile_1600x1600px-scaled.jpg\",\"contentUrl\":\"https:\/\/www.uni.lu\/wp-content\/uploads\/sites\/11\/2026\/03\/03120045\/UNIV_SM-Profile_1600x1600px-scaled.jpg\",\"width\":2560,\"height\":2560,\"caption\":\"Universit\u00e9 du Luxembourg\"},\"image\":\"https:\/\/www.uni.lu\/wp-content\/uploads\/sites\/11\/2026\/04\/24120552\/20200609-Belval-Campus_Henri-Goergen-23.jpg\",\"sameAs\":[\"https:\/\/www.facebook.com\/uni.lu\",\"https:\/\/www.linkedin.com\/school\/university-of-luxembourg\/\",\"https:\/\/www.instagram.com\/uni.lu\",\"https:\/\/www.youtube.com\/@uni_lu\",\"https:\/\/en.wikipedia.org\/wiki\/University_of_Luxembourg\"],\"email\":\"communication@uni.lu\",\"telephone\":\"+352 46 66 44 1\",\"address\":{\"@type\":\"PostalAddress\",\"streetAddress\":\"2, place de l\u2019Universit\u00e9\",\"addressLocality\":\"Esch-sur-Alzette\",\"postalCode\":\"4365\",\"addressCountry\":\"LU\"},\"description\":\"Universit\u00e9 du Luxembourg\"}]}<\/script>\n<!-- \/ Yoast SEO Premium plugin. -->","yoast_head_json":{"title":"\u00ab Lieft \u00c4r Sproochen! \u00bb Enseignants\/-es et \u00e9ducateurs\/-trices plurilingues: des acteurs cl\u00e9s d\u2019une \u00e9ducation plurilingue r\u00e9ussie - Universit\u00e9 du Luxembourg","description":"Conf\u00e9rence internationale de cl\u00f4ture du projet Erasmus+ \u201eMeLA \u2013 Mehr-sprachliche Bildung \u2013 Entwicklung und Erprobung von Language-Awareness-Konzepten im Unterricht aller F\u00e4cher\u201c","robots":{"index":"index","follow":"follow","max-snippet":"max-snippet:-1","max-image-preview":"max-image-preview:large","max-video-preview":"max-video-preview:-1"},"canonical":"https:\/\/www.uni.lu\/fr\/events\/lieft-ar-sproochen-enseignants-es-et-educateurs-trices-plurilingues-des-acteurs-cles-dune-education-plurilingue-reussie\/","og_locale":"fr_FR","og_type":"article","og_title":"\u00ab Lieft \u00c4r Sproochen! \u00bb Enseignants\/-es et \u00e9ducateurs\/-trices plurilingues: des acteurs cl\u00e9s d\u2019une \u00e9ducation plurilingue r\u00e9ussie","og_description":"Conf\u00e9rence internationale de cl\u00f4ture du projet Erasmus+ \u201eMeLA \u2013 Mehr-sprachliche Bildung \u2013 Entwicklung und Erprobung von Language-Awareness-Konzepten im Unterricht aller F\u00e4cher\u201c","og_url":"https:\/\/www.uni.lu\/fr\/events\/lieft-ar-sproochen-enseignants-es-et-educateurs-trices-plurilingues-des-acteurs-cles-dune-education-plurilingue-reussie\/","og_site_name":"UNI FR","article_publisher":"https:\/\/www.facebook.com\/uni.lu","og_image":[{"width":2560,"height":2560,"url":"https:\/\/www.uni.lu\/wp-content\/uploads\/sites\/11\/2026\/03\/03120045\/UNIV_SM-Profile_1600x1600px-scaled.jpg","type":"image\/jpeg"}],"twitter_card":"summary_large_image","twitter_misc":{"Dur\u00e9e de lecture estim\u00e9e":"2 minutes"},"schema":{"@context":"https:\/\/schema.org","@graph":[{"@type":"WebPage","@id":"https:\/\/www.uni.lu\/fr\/events\/lieft-ar-sproochen-enseignants-es-et-educateurs-trices-plurilingues-des-acteurs-cles-dune-education-plurilingue-reussie\/","url":"https:\/\/www.uni.lu\/fr\/events\/lieft-ar-sproochen-enseignants-es-et-educateurs-trices-plurilingues-des-acteurs-cles-dune-education-plurilingue-reussie\/","name":"\u00ab Lieft \u00c4r Sproochen! \u00bb Enseignants\/-es et \u00e9ducateurs\/-trices plurilingues: des acteurs cl\u00e9s d\u2019une \u00e9ducation plurilingue r\u00e9ussie - Universit\u00e9 du Luxembourg","isPartOf":{"@id":"https:\/\/www.uni.lu\/fr\/#website"},"primaryImageOfPage":{"@id":"https:\/\/www.uni.lu\/fr\/events\/lieft-ar-sproochen-enseignants-es-et-educateurs-trices-plurilingues-des-acteurs-cles-dune-education-plurilingue-reussie\/#primaryimage"},"image":{"@id":"https:\/\/www.uni.lu\/fr\/events\/lieft-ar-sproochen-enseignants-es-et-educateurs-trices-plurilingues-des-acteurs-cles-dune-education-plurilingue-reussie\/#primaryimage"},"thumbnailUrl":"https:\/\/www.uni.lu\/wp-content\/uploads\/sites\/11\/2018\/03\/lieft_aer_sproochen_enseignants_es_et_educateurs_trices_plurilingues_des_acteurs_cles_d_une_education_plurilingue_reussie-scaled.jpg","datePublished":"2018-03-21T09:59:33+00:00","dateModified":"2018-03-21T09:59:33+00:00","description":"Conf\u00e9rence internationale de cl\u00f4ture du projet Erasmus+ \u201eMeLA \u2013 Mehr-sprachliche Bildung \u2013 Entwicklung und Erprobung von Language-Awareness-Konzepten im Unterricht aller F\u00e4cher\u201c","breadcrumb":{"@id":"https:\/\/www.uni.lu\/fr\/events\/lieft-ar-sproochen-enseignants-es-et-educateurs-trices-plurilingues-des-acteurs-cles-dune-education-plurilingue-reussie\/#breadcrumb"},"inLanguage":"fr-FR","potentialAction":[{"@type":"ReadAction","target":["https:\/\/www.uni.lu\/fr\/events\/lieft-ar-sproochen-enseignants-es-et-educateurs-trices-plurilingues-des-acteurs-cles-dune-education-plurilingue-reussie\/"]}]},{"@type":"ImageObject","inLanguage":"fr-FR","@id":"https:\/\/www.uni.lu\/fr\/events\/lieft-ar-sproochen-enseignants-es-et-educateurs-trices-plurilingues-des-acteurs-cles-dune-education-plurilingue-reussie\/#primaryimage","url":"https:\/\/www.uni.lu\/wp-content\/uploads\/sites\/11\/2018\/03\/lieft_aer_sproochen_enseignants_es_et_educateurs_trices_plurilingues_des_acteurs_cles_d_une_education_plurilingue_reussie-scaled.jpg","contentUrl":"https:\/\/www.uni.lu\/wp-content\/uploads\/sites\/11\/2018\/03\/lieft_aer_sproochen_enseignants_es_et_educateurs_trices_plurilingues_des_acteurs_cles_d_une_education_plurilingue_reussie-scaled.jpg","width":2560,"height":1707},{"@type":"BreadcrumbList","@id":"https:\/\/www.uni.lu\/fr\/events\/lieft-ar-sproochen-enseignants-es-et-educateurs-trices-plurilingues-des-acteurs-cles-dune-education-plurilingue-reussie\/#breadcrumb","itemListElement":[{"@type":"ListItem","position":1,"name":"Home","item":"https:\/\/www.uni.lu\/fr\/"},{"@type":"ListItem","position":2,"name":"Events","item":"https:\/\/www.uni.lu\/fr\/events\/"},{"@type":"ListItem","position":3,"name":"\u00ab Lieft \u00c4r Sproochen! \u00bb Enseignants\/-es et \u00e9ducateurs\/-trices plurilingues: des acteurs cl\u00e9s d\u2019une \u00e9ducation plurilingue r\u00e9ussie"}]},{"@type":"WebSite","@id":"https:\/\/www.uni.lu\/fr\/#website","url":"https:\/\/www.uni.lu\/fr\/","name":"Uni.lu","description":"Universit\u00e9 du Luxembourg","publisher":{"@id":"https:\/\/www.uni.lu\/fr\/#organization"},"alternateName":"Universit\u00e9 du Luxembourg","potentialAction":[{"@type":"SearchAction","target":{"@type":"EntryPoint","urlTemplate":"https:\/\/www.uni.lu\/fr\/?s={search_term_string}"},"query-input":"required name=search_term_string"}],"inLanguage":"fr-FR"},{"@type":"Organization","@id":"https:\/\/www.uni.lu\/fr\/#organization","name":"Universit\u00e9 du Luxembourg","alternateName":"Uni.lu","url":"https:\/\/www.uni.lu\/fr\/","logo":{"@type":"ImageObject","inLanguage":"fr-FR","@id":"https:\/\/www.uni.lu\/fr\/#\/schema\/logo\/image\/","url":"https:\/\/www.uni.lu\/wp-content\/uploads\/sites\/11\/2026\/03\/03120045\/UNIV_SM-Profile_1600x1600px-scaled.jpg","contentUrl":"https:\/\/www.uni.lu\/wp-content\/uploads\/sites\/11\/2026\/03\/03120045\/UNIV_SM-Profile_1600x1600px-scaled.jpg","width":2560,"height":2560,"caption":"Universit\u00e9 du Luxembourg"},"image":"https:\/\/www.uni.lu\/wp-content\/uploads\/sites\/11\/2026\/04\/24120552\/20200609-Belval-Campus_Henri-Goergen-23.jpg","sameAs":["https:\/\/www.facebook.com\/uni.lu","https:\/\/www.linkedin.com\/school\/university-of-luxembourg\/","https:\/\/www.instagram.com\/uni.lu","https:\/\/www.youtube.com\/@uni_lu","https:\/\/en.wikipedia.org\/wiki\/University_of_Luxembourg"],"email":"communication@uni.lu","telephone":"+352 46 66 44 1","address":{"@type":"PostalAddress","streetAddress":"2, place de l\u2019Universit\u00e9","addressLocality":"Esch-sur-Alzette","postalCode":"4365","addressCountry":"LU"},"description":"Universit\u00e9 du Luxembourg"}]}},"_links":{"self":[{"href":"https:\/\/www.uni.lu\/fr\/wp-json\/wp\/v2\/events\/6660"}],"collection":[{"href":"https:\/\/www.uni.lu\/fr\/wp-json\/wp\/v2\/events"}],"about":[{"href":"https:\/\/www.uni.lu\/fr\/wp-json\/wp\/v2\/types\/events"}],"replies":[{"embeddable":true,"href":"https:\/\/www.uni.lu\/fr\/wp-json\/wp\/v2\/comments?post=6660"}],"version-history":[{"count":0,"href":"https:\/\/www.uni.lu\/fr\/wp-json\/wp\/v2\/events\/6660\/revisions"}],"wp:featuredmedia":[{"embeddable":true,"href":"https:\/\/www.uni.lu\/fr\/wp-json\/wp\/v2\/media\/6661"}],"wp:attachment":[{"href":"https:\/\/www.uni.lu\/fr\/wp-json\/wp\/v2\/media?parent=6660"}],"wp:term":[{"taxonomy":"events-topic","embeddable":true,"href":"https:\/\/www.uni.lu\/fr\/wp-json\/wp\/v2\/events-topic?post=6660"},{"taxonomy":"events-type","embeddable":true,"href":"https:\/\/www.uni.lu\/fr\/wp-json\/wp\/v2\/events-type?post=6660"},{"taxonomy":"organisation","embeddable":true,"href":"https:\/\/www.uni.lu\/fr\/wp-json\/wp\/v2\/organisation?post=6660"}],"curies":[{"name":"wp","href":"https:\/\/api.w.org\/{rel}","templated":true}]}}