{"id":6656,"date":"2018-03-16T09:53:19","date_gmt":"2018-03-16T08:53:19","guid":{"rendered":"https:\/\/www.uni.lu\/fr\/events\/interfasol-final-conference\/"},"modified":"2018-03-16T09:53:19","modified_gmt":"2018-03-16T08:53:19","slug":"interfasol-final-conference","status":"publish","type":"events","link":"https:\/\/www.uni.lu\/fr\/events\/interfasol-final-conference\/","title":{"rendered":"INTERFASOL Final Conference"},"content":{"rendered":"<section class=\"wp-block-unilux-blocks-free-section section\"><div class=\"container xl:max-w-screen-xl\"><p>From April 19th to 20th 2018, the final conference of the EU funded research network INTERFASOL (ISCH COST Action IS1311) will take place at the University of Luxembourg (Campus Belval). This conference offers a platform for exchange and discussion on intergenerational solidarity in Europe from different perspectives. It will bring together international researchers on family relationships and intergenerational solidarity from various disciplines who will present their work in four symposia:\u00a0<\/p><p>\u2022\u00a0\u00a0 \u00a0Intergenerational Family Solidarity, Well-Being &#038; Health<\/p><p>\u2022\u00a0\u00a0 \u00a0Nurturing Intergenerational Solidarity &#038; Intergenerational Projects<\/p><p>\u2022\u00a0\u00a0 \u00a0Intergenerational Family Solidarity and Migration<\/p><p>\u2022\u00a0\u00a0 \u00a0Intergenerational Value Transmission &#038; Societal Change<\/p><p>The following internationally renowned experts will bring their knowledge to the conference by giving keynotes on selected topics:<\/p><p>\u2022\u00a0\u00a0 \u00a0Prof. Dr. Jaan Valsiner (Niels Bohr Professor of Cultural Psychology, Aalborg University, Denmark): Cultures of Care<\/p><p>\u2022\u00a0\u00a0 \u00a0Prof. Dr. Frieder R. Lang (Institute of Psychogerontology, Friedrich-Alexander University of Erlangen-Nuremberg (FAU), Germany): Putting Effort Into Social Life: Principles of Regulating Relationships<\/p><p>\u2022\u00a0\u00a0 \u00a0Prof. Dr. Pearl Dykstra (Department of Public Administration and Sociology, Erasmus University Rotterdam, The Netherlands): Cross-National Differences in Intergenerational Family Relations: The Influence of Public Policy Arrangements<\/p><p>\u2022\u00a0\u00a0 \u00a0Prof. Dr. Howard Litwin (Israel Gerontological Data Center, The Hebrew University of Jerusalem): Intergenerational Transfers in Europe: What can we learn from SHARE?<\/p><p>A round table about \u00ab\u00a0Family Solidarity, Ageing and Migration \u00a0\u00bb will take place with representatives from politics and society on April 19th from 17.00-18.30 (speakers include Corinne Cahen, Ministre de la Famille et de l&rsquo;Int\u00e9gration).<\/p><p>The round table on April 19th will be preceded from 16.30-16.55 by the presentation of the programme Vivre la Solidarit\u00e9 Interg\u00e9n\u00e9rationnelle: un programme fran\u00e7ais \u00e9ducatif unique en Europe + projection of the film \u00ab\u00a0Ateliers \u00c9ducatifs Interg\u00e9n\u00e9rationnels\u00a0\u00bb, Association Ensemble demain (http:\/\/www.ensembledemain.com\/). <\/p><p>A pre-conference will take place on April 18th which will focus on the topic of INTERFASOL in old age &#038; Care with two invited symposia:<\/p><p>\u2022\u00a0\u00a0 \u00a0Intergenerational Solidarity and Technology<\/p><p>\u2022\u00a0\u00a0 \u00a0Old-Age and Social Exclusion (together with the ROSEnet COST ACTION (CA 15122)<\/p><p>Further, early career researchers will have the possibility to present their work in a symposium on April 18th and a poster session on April 19th.<\/p><p>The complete programme can be downloaded here.<\/p><p>Conference language is English; round table is in English \/ French. Participation is free. <\/p><p>For any questions, please feel free to contact the local organizer<a href=\"mailto:isabelle.albert@uni.lu\" target=\"_self\" title=\"\" rel=\"noopener\">\u00a0Dr. Isabelle Albert<\/a> ( Research Unit INSIDE)<\/p><p>To register, please write to: <a href=\"mailto:karin.roth@uni.lu\" target=\"_self\" title=\"\" rel=\"noopener\">Karin.Roth@uni.lu<\/a> \u00a0<\/p><p>Visit <a href=\"http:\/\/www.interfasol.eu\" target=\"_self\" title=\"\" rel=\"noopener\">www.interfasol.eu<\/a> for more information. <\/p><p>This conference is dedicated to the memory of Prof. Dr. Dieter Ferring (1958-2017).<\/p><\/div><\/section>","protected":false},"excerpt":{"rendered":"","protected":false},"author":0,"featured_media":6657,"parent":0,"menu_order":0,"comment_status":"open","ping_status":"closed","template":"","format":"standard","meta":{"featured_image_focal_point":[],"show_featured_caption":false,"ulux_newsletter_groups":"","uluxPostTitle":"","uluxPrePostTitle":"","_trash_the_other_posts":false,"_price":"","_stock":"","_tribe_ticket_header":"","_tribe_default_ticket_provider":"","_tribe_ticket_capacity":"0","_ticket_start_date":"","_ticket_end_date":"","_tribe_ticket_show_description":"","_tribe_ticket_show_not_going":false,"_tribe_ticket_use_global_stock":"","_tribe_ticket_global_stock_level":"","_global_stock_mode":"","_global_stock_cap":"","_tribe_rsvp_for_event":"","_tribe_ticket_going_count":"","_tribe_ticket_not_going_count":"","_tribe_tickets_list":"[]","_tribe_ticket_has_attendee_info_fields":false,"event_start_date":"2018-04-18 10:00:00","event_end_date":"2018-04-20 14:45:00","event_speaker_name":"","event_speaker_link":"","event_is_online":false,"event_location":"University of Luxembourg, Belval Campus, Maison du Savoir, MSA 3.520 \r\n","event_street":" 2, avenue de l'Universit\u00e9 ","event_location_link":"","event_zip_code":"L-4365 ","event_city":"Esch-sur-Alzette  ","event_country":"LU"},"events-topic":[],"events-type":[],"organisation":[147,226],"authorship":[],"acf":[],"yoast_head":"<!-- This site is optimized with the Yoast SEO Premium plugin v22.3 (Yoast SEO v22.3) - https:\/\/yoast.com\/wordpress\/plugins\/seo\/ -->\n<title>INTERFASOL Final Conference - Universit\u00e9 du Luxembourg<\/title>\n<meta name=\"description\" content=\"From April 19th to 20th 2018, the final conference of the EU funded research network INTERFASOL (ISCH COST Action IS1311) will take place at the\" \/>\n<meta name=\"robots\" content=\"index, follow, max-snippet:-1, max-image-preview:large, max-video-preview:-1\" \/>\n<link rel=\"canonical\" href=\"https:\/\/www.uni.lu\/fr\/events\/interfasol-final-conference\/\" \/>\n<meta property=\"og:locale\" content=\"fr_FR\" \/>\n<meta property=\"og:type\" content=\"article\" \/>\n<meta property=\"og:title\" content=\"INTERFASOL Final Conference\" \/>\n<meta property=\"og:description\" content=\"From April 19th to 20th 2018, the final conference of the EU funded research network INTERFASOL (ISCH COST Action IS1311) will take place at the\" \/>\n<meta property=\"og:url\" content=\"https:\/\/www.uni.lu\/fr\/events\/interfasol-final-conference\/\" \/>\n<meta property=\"og:site_name\" content=\"UNI FR\" \/>\n<meta property=\"article:publisher\" content=\"https:\/\/www.facebook.com\/uni.lu\" \/>\n<meta property=\"og:image\" content=\"https:\/\/www.uni.lu\/wp-content\/uploads\/sites\/11\/2026\/03\/03120045\/UNIV_SM-Profile_1600x1600px-scaled.jpg\" \/>\n\t<meta property=\"og:image:width\" content=\"2560\" \/>\n\t<meta property=\"og:image:height\" content=\"2560\" \/>\n\t<meta property=\"og:image:type\" content=\"image\/jpeg\" \/>\n<meta name=\"twitter:card\" content=\"summary_large_image\" \/>\n<meta name=\"twitter:label1\" content=\"Dur\u00e9e de lecture estim\u00e9e\" \/>\n\t<meta name=\"twitter:data1\" content=\"2 minutes\" \/>\n<script type=\"application\/ld+json\" class=\"yoast-schema-graph\">{\"@context\":\"https:\/\/schema.org\",\"@graph\":[{\"@type\":\"WebPage\",\"@id\":\"https:\/\/www.uni.lu\/fr\/events\/interfasol-final-conference\/\",\"url\":\"https:\/\/www.uni.lu\/fr\/events\/interfasol-final-conference\/\",\"name\":\"INTERFASOL Final Conference - Universit\u00e9 du Luxembourg\",\"isPartOf\":{\"@id\":\"https:\/\/www.uni.lu\/fr\/#website\"},\"primaryImageOfPage\":{\"@id\":\"https:\/\/www.uni.lu\/fr\/events\/interfasol-final-conference\/#primaryimage\"},\"image\":{\"@id\":\"https:\/\/www.uni.lu\/fr\/events\/interfasol-final-conference\/#primaryimage\"},\"thumbnailUrl\":\"https:\/\/www.uni.lu\/wp-content\/uploads\/sites\/11\/2018\/03\/default-15.jpg\",\"datePublished\":\"2018-03-16T08:53:19+00:00\",\"dateModified\":\"2018-03-16T08:53:19+00:00\",\"description\":\"From April 19th to 20th 2018, the final conference of the EU funded research network INTERFASOL (ISCH COST Action IS1311) will take place at the\",\"breadcrumb\":{\"@id\":\"https:\/\/www.uni.lu\/fr\/events\/interfasol-final-conference\/#breadcrumb\"},\"inLanguage\":\"fr-FR\",\"potentialAction\":[{\"@type\":\"ReadAction\",\"target\":[\"https:\/\/www.uni.lu\/fr\/events\/interfasol-final-conference\/\"]}]},{\"@type\":\"ImageObject\",\"inLanguage\":\"fr-FR\",\"@id\":\"https:\/\/www.uni.lu\/fr\/events\/interfasol-final-conference\/#primaryimage\",\"url\":\"https:\/\/www.uni.lu\/wp-content\/uploads\/sites\/11\/2018\/03\/default-15.jpg\",\"contentUrl\":\"https:\/\/www.uni.lu\/wp-content\/uploads\/sites\/11\/2018\/03\/default-15.jpg\",\"width\":1500,\"height\":1125},{\"@type\":\"BreadcrumbList\",\"@id\":\"https:\/\/www.uni.lu\/fr\/events\/interfasol-final-conference\/#breadcrumb\",\"itemListElement\":[{\"@type\":\"ListItem\",\"position\":1,\"name\":\"Home\",\"item\":\"https:\/\/www.uni.lu\/fr\/\"},{\"@type\":\"ListItem\",\"position\":2,\"name\":\"Events\",\"item\":\"https:\/\/www.uni.lu\/fr\/events\/\"},{\"@type\":\"ListItem\",\"position\":3,\"name\":\"INTERFASOL Final Conference\"}]},{\"@type\":\"WebSite\",\"@id\":\"https:\/\/www.uni.lu\/fr\/#website\",\"url\":\"https:\/\/www.uni.lu\/fr\/\",\"name\":\"Uni.lu\",\"description\":\"Universit\u00e9 du Luxembourg\",\"publisher\":{\"@id\":\"https:\/\/www.uni.lu\/fr\/#organization\"},\"alternateName\":\"Universit\u00e9 du Luxembourg\",\"potentialAction\":[{\"@type\":\"SearchAction\",\"target\":{\"@type\":\"EntryPoint\",\"urlTemplate\":\"https:\/\/www.uni.lu\/fr\/?s={search_term_string}\"},\"query-input\":\"required name=search_term_string\"}],\"inLanguage\":\"fr-FR\"},{\"@type\":\"Organization\",\"@id\":\"https:\/\/www.uni.lu\/fr\/#organization\",\"name\":\"Universit\u00e9 du Luxembourg\",\"alternateName\":\"Uni.lu\",\"url\":\"https:\/\/www.uni.lu\/fr\/\",\"logo\":{\"@type\":\"ImageObject\",\"inLanguage\":\"fr-FR\",\"@id\":\"https:\/\/www.uni.lu\/fr\/#\/schema\/logo\/image\/\",\"url\":\"https:\/\/www.uni.lu\/wp-content\/uploads\/sites\/11\/2026\/03\/03120045\/UNIV_SM-Profile_1600x1600px-scaled.jpg\",\"contentUrl\":\"https:\/\/www.uni.lu\/wp-content\/uploads\/sites\/11\/2026\/03\/03120045\/UNIV_SM-Profile_1600x1600px-scaled.jpg\",\"width\":2560,\"height\":2560,\"caption\":\"Universit\u00e9 du Luxembourg\"},\"image\":\"https:\/\/www.uni.lu\/wp-content\/uploads\/sites\/11\/2026\/04\/24120552\/20200609-Belval-Campus_Henri-Goergen-23.jpg\",\"sameAs\":[\"https:\/\/www.facebook.com\/uni.lu\",\"https:\/\/www.linkedin.com\/school\/university-of-luxembourg\/\",\"https:\/\/www.instagram.com\/uni.lu\",\"https:\/\/www.youtube.com\/@uni_lu\",\"https:\/\/en.wikipedia.org\/wiki\/University_of_Luxembourg\"],\"email\":\"communication@uni.lu\",\"telephone\":\"+352 46 66 44 1\",\"address\":{\"@type\":\"PostalAddress\",\"streetAddress\":\"2, place de l\u2019Universit\u00e9\",\"addressLocality\":\"Esch-sur-Alzette\",\"postalCode\":\"4365\",\"addressCountry\":\"LU\"},\"description\":\"Universit\u00e9 du Luxembourg\"}]}<\/script>\n<!-- \/ Yoast SEO Premium plugin. -->","yoast_head_json":{"title":"INTERFASOL Final Conference - Universit\u00e9 du Luxembourg","description":"From April 19th to 20th 2018, the final conference of the EU funded research network INTERFASOL (ISCH COST Action IS1311) will take place at the","robots":{"index":"index","follow":"follow","max-snippet":"max-snippet:-1","max-image-preview":"max-image-preview:large","max-video-preview":"max-video-preview:-1"},"canonical":"https:\/\/www.uni.lu\/fr\/events\/interfasol-final-conference\/","og_locale":"fr_FR","og_type":"article","og_title":"INTERFASOL Final Conference","og_description":"From April 19th to 20th 2018, the final conference of the EU funded research network INTERFASOL (ISCH COST Action IS1311) will take place at the","og_url":"https:\/\/www.uni.lu\/fr\/events\/interfasol-final-conference\/","og_site_name":"UNI FR","article_publisher":"https:\/\/www.facebook.com\/uni.lu","og_image":[{"width":2560,"height":2560,"url":"https:\/\/www.uni.lu\/wp-content\/uploads\/sites\/11\/2026\/03\/03120045\/UNIV_SM-Profile_1600x1600px-scaled.jpg","type":"image\/jpeg"}],"twitter_card":"summary_large_image","twitter_misc":{"Dur\u00e9e de lecture estim\u00e9e":"2 minutes"},"schema":{"@context":"https:\/\/schema.org","@graph":[{"@type":"WebPage","@id":"https:\/\/www.uni.lu\/fr\/events\/interfasol-final-conference\/","url":"https:\/\/www.uni.lu\/fr\/events\/interfasol-final-conference\/","name":"INTERFASOL Final Conference - Universit\u00e9 du Luxembourg","isPartOf":{"@id":"https:\/\/www.uni.lu\/fr\/#website"},"primaryImageOfPage":{"@id":"https:\/\/www.uni.lu\/fr\/events\/interfasol-final-conference\/#primaryimage"},"image":{"@id":"https:\/\/www.uni.lu\/fr\/events\/interfasol-final-conference\/#primaryimage"},"thumbnailUrl":"https:\/\/www.uni.lu\/wp-content\/uploads\/sites\/11\/2018\/03\/default-15.jpg","datePublished":"2018-03-16T08:53:19+00:00","dateModified":"2018-03-16T08:53:19+00:00","description":"From April 19th to 20th 2018, the final conference of the EU funded research network INTERFASOL (ISCH COST Action IS1311) will take place at the","breadcrumb":{"@id":"https:\/\/www.uni.lu\/fr\/events\/interfasol-final-conference\/#breadcrumb"},"inLanguage":"fr-FR","potentialAction":[{"@type":"ReadAction","target":["https:\/\/www.uni.lu\/fr\/events\/interfasol-final-conference\/"]}]},{"@type":"ImageObject","inLanguage":"fr-FR","@id":"https:\/\/www.uni.lu\/fr\/events\/interfasol-final-conference\/#primaryimage","url":"https:\/\/www.uni.lu\/wp-content\/uploads\/sites\/11\/2018\/03\/default-15.jpg","contentUrl":"https:\/\/www.uni.lu\/wp-content\/uploads\/sites\/11\/2018\/03\/default-15.jpg","width":1500,"height":1125},{"@type":"BreadcrumbList","@id":"https:\/\/www.uni.lu\/fr\/events\/interfasol-final-conference\/#breadcrumb","itemListElement":[{"@type":"ListItem","position":1,"name":"Home","item":"https:\/\/www.uni.lu\/fr\/"},{"@type":"ListItem","position":2,"name":"Events","item":"https:\/\/www.uni.lu\/fr\/events\/"},{"@type":"ListItem","position":3,"name":"INTERFASOL Final Conference"}]},{"@type":"WebSite","@id":"https:\/\/www.uni.lu\/fr\/#website","url":"https:\/\/www.uni.lu\/fr\/","name":"Uni.lu","description":"Universit\u00e9 du Luxembourg","publisher":{"@id":"https:\/\/www.uni.lu\/fr\/#organization"},"alternateName":"Universit\u00e9 du Luxembourg","potentialAction":[{"@type":"SearchAction","target":{"@type":"EntryPoint","urlTemplate":"https:\/\/www.uni.lu\/fr\/?s={search_term_string}"},"query-input":"required name=search_term_string"}],"inLanguage":"fr-FR"},{"@type":"Organization","@id":"https:\/\/www.uni.lu\/fr\/#organization","name":"Universit\u00e9 du Luxembourg","alternateName":"Uni.lu","url":"https:\/\/www.uni.lu\/fr\/","logo":{"@type":"ImageObject","inLanguage":"fr-FR","@id":"https:\/\/www.uni.lu\/fr\/#\/schema\/logo\/image\/","url":"https:\/\/www.uni.lu\/wp-content\/uploads\/sites\/11\/2026\/03\/03120045\/UNIV_SM-Profile_1600x1600px-scaled.jpg","contentUrl":"https:\/\/www.uni.lu\/wp-content\/uploads\/sites\/11\/2026\/03\/03120045\/UNIV_SM-Profile_1600x1600px-scaled.jpg","width":2560,"height":2560,"caption":"Universit\u00e9 du Luxembourg"},"image":"https:\/\/www.uni.lu\/wp-content\/uploads\/sites\/11\/2026\/04\/24120552\/20200609-Belval-Campus_Henri-Goergen-23.jpg","sameAs":["https:\/\/www.facebook.com\/uni.lu","https:\/\/www.linkedin.com\/school\/university-of-luxembourg\/","https:\/\/www.instagram.com\/uni.lu","https:\/\/www.youtube.com\/@uni_lu","https:\/\/en.wikipedia.org\/wiki\/University_of_Luxembourg"],"email":"communication@uni.lu","telephone":"+352 46 66 44 1","address":{"@type":"PostalAddress","streetAddress":"2, place de l\u2019Universit\u00e9","addressLocality":"Esch-sur-Alzette","postalCode":"4365","addressCountry":"LU"},"description":"Universit\u00e9 du Luxembourg"}]}},"_links":{"self":[{"href":"https:\/\/www.uni.lu\/fr\/wp-json\/wp\/v2\/events\/6656"}],"collection":[{"href":"https:\/\/www.uni.lu\/fr\/wp-json\/wp\/v2\/events"}],"about":[{"href":"https:\/\/www.uni.lu\/fr\/wp-json\/wp\/v2\/types\/events"}],"replies":[{"embeddable":true,"href":"https:\/\/www.uni.lu\/fr\/wp-json\/wp\/v2\/comments?post=6656"}],"version-history":[{"count":0,"href":"https:\/\/www.uni.lu\/fr\/wp-json\/wp\/v2\/events\/6656\/revisions"}],"wp:featuredmedia":[{"embeddable":true,"href":"https:\/\/www.uni.lu\/fr\/wp-json\/wp\/v2\/media\/6657"}],"wp:attachment":[{"href":"https:\/\/www.uni.lu\/fr\/wp-json\/wp\/v2\/media?parent=6656"}],"wp:term":[{"taxonomy":"events-topic","embeddable":true,"href":"https:\/\/www.uni.lu\/fr\/wp-json\/wp\/v2\/events-topic?post=6656"},{"taxonomy":"events-type","embeddable":true,"href":"https:\/\/www.uni.lu\/fr\/wp-json\/wp\/v2\/events-type?post=6656"},{"taxonomy":"organisation","embeddable":true,"href":"https:\/\/www.uni.lu\/fr\/wp-json\/wp\/v2\/organisation?post=6656"}],"curies":[{"name":"wp","href":"https:\/\/api.w.org\/{rel}","templated":true}]}}