{"id":6641,"date":"2018-03-13T17:42:23","date_gmt":"2018-03-13T16:42:23","guid":{"rendered":"https:\/\/www.uni.lu\/fr\/events\/printemps-litteraire-bresilien-2018-la-modernite-litteraire-echanges-luso-bresiliens\/"},"modified":"2018-03-13T17:42:23","modified_gmt":"2018-03-13T16:42:23","slug":"printemps-litteraire-bresilien-2018-la-modernite-litteraire-echanges-luso-bresiliens","status":"publish","type":"events","link":"https:\/\/www.uni.lu\/fr\/events\/printemps-litteraire-bresilien-2018-la-modernite-litteraire-echanges-luso-bresiliens\/","title":{"rendered":"Printemps Litt\u00e9raire Br\u00e9silien 2018: La modernit\u00e9 litt\u00e9raire &#8211; \u00e9changes luso-br\u00e9siliens"},"content":{"rendered":"<section class=\"wp-block-unilux-blocks-free-section section\"><div class=\"container xl:max-w-screen-xl\"><p>Entre le 14 mars et le 10 mai 2018, plus de 50 romanciers, po\u00e8tes, illustrateurs et essayistes br\u00e9siliens et portugais participeront \u00e0 cette cinqui\u00e8me \u00e9dition du Printemps Litt\u00e9raire Br\u00e9silien qui se tiendra, en France, en Belgique, en Allemagne et, pour la premi\u00e8re fois, au Luxembourg et aux \u00c9tats-Unis.<\/p><p>\u00ab La modernit\u00e9 litt\u00e9raire &#8211; \u00e9changes luso-br\u00e9siliens \u00bb<\/p><p>Table ronde avec Almeida Faria, Maria Jo\u00e3o Cantinho, Paulliny Gualberto Tort et Simone Paulino<\/p><p>Mod\u00e9ration : Leonardo Tonus (Sorbonne Universit\u00e9) et Ad\u00edlia Martins de Carvalho (Universit\u00e9 du Luxembourg\/ Institut Cam\u00f5es)<\/p><p>Contact: <a href=\"mailto:adilia.martinsdecarvalho@ext.uni\" target=\"_self\" title=\"\" rel=\"noopener\">adilia.martinsdecarvalho@ext.uni<\/a><\/p><\/div><\/section>","protected":false},"excerpt":{"rendered":"","protected":false},"author":0,"featured_media":6642,"parent":0,"menu_order":0,"comment_status":"open","ping_status":"closed","template":"","format":"standard","meta":{"featured_image_focal_point":[],"show_featured_caption":false,"ulux_newsletter_groups":"","uluxPostTitle":"","uluxPrePostTitle":"","_trash_the_other_posts":false,"_price":"","_stock":"","_tribe_ticket_header":"","_tribe_default_ticket_provider":"","_tribe_ticket_capacity":"0","_ticket_start_date":"","_ticket_end_date":"","_tribe_ticket_show_description":"","_tribe_ticket_show_not_going":false,"_tribe_ticket_use_global_stock":"","_tribe_ticket_global_stock_level":"","_global_stock_mode":"","_global_stock_cap":"","_tribe_rsvp_for_event":"","_tribe_ticket_going_count":"","_tribe_ticket_not_going_count":"","_tribe_tickets_list":"[]","_tribe_ticket_has_attendee_info_fields":false,"event_start_date":"2018-03-26 09:45:00","event_end_date":"2018-03-26 11:15:00","event_speaker_name":"","event_speaker_link":"","event_is_online":false,"event_location":"Campus Belval, Maison du Savoir, MSA 4.500","event_street":"2, avenue de l'Universit\u00e9 ","event_location_link":"","event_zip_code":"L-4365","event_city":"Esch-sur-Alzette","event_country":"LU"},"events-topic":[],"events-type":[],"organisation":[147,226],"authorship":[],"acf":[],"yoast_head":"<!-- This site is optimized with the Yoast SEO Premium plugin v22.3 (Yoast SEO v22.3) - https:\/\/yoast.com\/wordpress\/plugins\/seo\/ -->\n<title>Printemps Litt\u00e9raire Br\u00e9silien 2018: La modernit\u00e9 litt\u00e9raire - \u00e9changes luso-br\u00e9siliens - Universit\u00e9 du Luxembourg<\/title>\n<meta name=\"description\" content=\"Entre le 14 mars et le 10 mai 2018, plus de 50 romanciers, po\u00e8tes, illustrateurs et essayistes br\u00e9siliens et portugais participeront \u00e0 cette cinqui\u00e8me\" \/>\n<meta name=\"robots\" content=\"index, follow, max-snippet:-1, max-image-preview:large, max-video-preview:-1\" \/>\n<link rel=\"canonical\" href=\"https:\/\/www.uni.lu\/fr\/events\/printemps-litteraire-bresilien-2018-la-modernite-litteraire-echanges-luso-bresiliens\/\" \/>\n<meta property=\"og:locale\" content=\"fr_FR\" \/>\n<meta property=\"og:type\" content=\"article\" \/>\n<meta property=\"og:title\" content=\"Printemps Litt\u00e9raire Br\u00e9silien 2018: La modernit\u00e9 litt\u00e9raire - \u00e9changes luso-br\u00e9siliens\" \/>\n<meta property=\"og:description\" content=\"Entre le 14 mars et le 10 mai 2018, plus de 50 romanciers, po\u00e8tes, illustrateurs et essayistes br\u00e9siliens et portugais participeront \u00e0 cette cinqui\u00e8me\" \/>\n<meta property=\"og:url\" content=\"https:\/\/www.uni.lu\/fr\/events\/printemps-litteraire-bresilien-2018-la-modernite-litteraire-echanges-luso-bresiliens\/\" \/>\n<meta property=\"og:site_name\" content=\"UNI FR\" \/>\n<meta property=\"article:publisher\" content=\"https:\/\/www.facebook.com\/uni.lu\" \/>\n<meta property=\"og:image\" content=\"https:\/\/www.uni.lu\/wp-content\/uploads\/sites\/11\/2026\/03\/03120045\/UNIV_SM-Profile_1600x1600px-scaled.jpg\" \/>\n\t<meta property=\"og:image:width\" content=\"2560\" \/>\n\t<meta property=\"og:image:height\" content=\"2560\" \/>\n\t<meta property=\"og:image:type\" content=\"image\/jpeg\" \/>\n<meta name=\"twitter:card\" content=\"summary_large_image\" \/>\n<script type=\"application\/ld+json\" class=\"yoast-schema-graph\">{\"@context\":\"https:\/\/schema.org\",\"@graph\":[{\"@type\":\"WebPage\",\"@id\":\"https:\/\/www.uni.lu\/fr\/events\/printemps-litteraire-bresilien-2018-la-modernite-litteraire-echanges-luso-bresiliens\/\",\"url\":\"https:\/\/www.uni.lu\/fr\/events\/printemps-litteraire-bresilien-2018-la-modernite-litteraire-echanges-luso-bresiliens\/\",\"name\":\"Printemps Litt\u00e9raire Br\u00e9silien 2018: La modernit\u00e9 litt\u00e9raire - \u00e9changes luso-br\u00e9siliens - Universit\u00e9 du Luxembourg\",\"isPartOf\":{\"@id\":\"https:\/\/www.uni.lu\/fr\/#website\"},\"primaryImageOfPage\":{\"@id\":\"https:\/\/www.uni.lu\/fr\/events\/printemps-litteraire-bresilien-2018-la-modernite-litteraire-echanges-luso-bresiliens\/#primaryimage\"},\"image\":{\"@id\":\"https:\/\/www.uni.lu\/fr\/events\/printemps-litteraire-bresilien-2018-la-modernite-litteraire-echanges-luso-bresiliens\/#primaryimage\"},\"thumbnailUrl\":\"https:\/\/www.uni.lu\/wp-content\/uploads\/sites\/11\/2018\/03\/printemps_litteraire_bresilien_2018_la_modernite_litteraire_echanges_luso_bresiliens.jpg\",\"datePublished\":\"2018-03-13T16:42:23+00:00\",\"dateModified\":\"2018-03-13T16:42:23+00:00\",\"description\":\"Entre le 14 mars et le 10 mai 2018, plus de 50 romanciers, po\u00e8tes, illustrateurs et essayistes br\u00e9siliens et portugais participeront \u00e0 cette cinqui\u00e8me\",\"breadcrumb\":{\"@id\":\"https:\/\/www.uni.lu\/fr\/events\/printemps-litteraire-bresilien-2018-la-modernite-litteraire-echanges-luso-bresiliens\/#breadcrumb\"},\"inLanguage\":\"fr-FR\",\"potentialAction\":[{\"@type\":\"ReadAction\",\"target\":[\"https:\/\/www.uni.lu\/fr\/events\/printemps-litteraire-bresilien-2018-la-modernite-litteraire-echanges-luso-bresiliens\/\"]}]},{\"@type\":\"ImageObject\",\"inLanguage\":\"fr-FR\",\"@id\":\"https:\/\/www.uni.lu\/fr\/events\/printemps-litteraire-bresilien-2018-la-modernite-litteraire-echanges-luso-bresiliens\/#primaryimage\",\"url\":\"https:\/\/www.uni.lu\/wp-content\/uploads\/sites\/11\/2018\/03\/printemps_litteraire_bresilien_2018_la_modernite_litteraire_echanges_luso_bresiliens.jpg\",\"contentUrl\":\"https:\/\/www.uni.lu\/wp-content\/uploads\/sites\/11\/2018\/03\/printemps_litteraire_bresilien_2018_la_modernite_litteraire_echanges_luso_bresiliens.jpg\",\"width\":800,\"height\":600},{\"@type\":\"BreadcrumbList\",\"@id\":\"https:\/\/www.uni.lu\/fr\/events\/printemps-litteraire-bresilien-2018-la-modernite-litteraire-echanges-luso-bresiliens\/#breadcrumb\",\"itemListElement\":[{\"@type\":\"ListItem\",\"position\":1,\"name\":\"Home\",\"item\":\"https:\/\/www.uni.lu\/fr\/\"},{\"@type\":\"ListItem\",\"position\":2,\"name\":\"Events\",\"item\":\"https:\/\/www.uni.lu\/fr\/events\/\"},{\"@type\":\"ListItem\",\"position\":3,\"name\":\"Printemps Litt\u00e9raire Br\u00e9silien 2018: La modernit\u00e9 litt\u00e9raire - \u00e9changes luso-br\u00e9siliens\"}]},{\"@type\":\"WebSite\",\"@id\":\"https:\/\/www.uni.lu\/fr\/#website\",\"url\":\"https:\/\/www.uni.lu\/fr\/\",\"name\":\"Uni.lu\",\"description\":\"Universit\u00e9 du Luxembourg\",\"publisher\":{\"@id\":\"https:\/\/www.uni.lu\/fr\/#organization\"},\"alternateName\":\"Universit\u00e9 du Luxembourg\",\"potentialAction\":[{\"@type\":\"SearchAction\",\"target\":{\"@type\":\"EntryPoint\",\"urlTemplate\":\"https:\/\/www.uni.lu\/fr\/?s={search_term_string}\"},\"query-input\":\"required name=search_term_string\"}],\"inLanguage\":\"fr-FR\"},{\"@type\":\"Organization\",\"@id\":\"https:\/\/www.uni.lu\/fr\/#organization\",\"name\":\"Universit\u00e9 du Luxembourg\",\"alternateName\":\"Uni.lu\",\"url\":\"https:\/\/www.uni.lu\/fr\/\",\"logo\":{\"@type\":\"ImageObject\",\"inLanguage\":\"fr-FR\",\"@id\":\"https:\/\/www.uni.lu\/fr\/#\/schema\/logo\/image\/\",\"url\":\"https:\/\/www.uni.lu\/wp-content\/uploads\/sites\/11\/2026\/03\/03120045\/UNIV_SM-Profile_1600x1600px-scaled.jpg\",\"contentUrl\":\"https:\/\/www.uni.lu\/wp-content\/uploads\/sites\/11\/2026\/03\/03120045\/UNIV_SM-Profile_1600x1600px-scaled.jpg\",\"width\":2560,\"height\":2560,\"caption\":\"Universit\u00e9 du Luxembourg\"},\"image\":\"https:\/\/www.uni.lu\/wp-content\/uploads\/sites\/11\/2026\/04\/24120552\/20200609-Belval-Campus_Henri-Goergen-23.jpg\",\"sameAs\":[\"https:\/\/www.facebook.com\/uni.lu\",\"https:\/\/www.linkedin.com\/school\/university-of-luxembourg\/\",\"https:\/\/www.instagram.com\/uni.lu\",\"https:\/\/www.youtube.com\/@uni_lu\",\"https:\/\/en.wikipedia.org\/wiki\/University_of_Luxembourg\"],\"email\":\"communication@uni.lu\",\"telephone\":\"+352 46 66 44 1\",\"address\":{\"@type\":\"PostalAddress\",\"streetAddress\":\"2, place de l\u2019Universit\u00e9\",\"addressLocality\":\"Esch-sur-Alzette\",\"postalCode\":\"4365\",\"addressCountry\":\"LU\"},\"description\":\"Universit\u00e9 du Luxembourg\"}]}<\/script>\n<!-- \/ Yoast SEO Premium plugin. -->","yoast_head_json":{"title":"Printemps Litt\u00e9raire Br\u00e9silien 2018: La modernit\u00e9 litt\u00e9raire - \u00e9changes luso-br\u00e9siliens - Universit\u00e9 du Luxembourg","description":"Entre le 14 mars et le 10 mai 2018, plus de 50 romanciers, po\u00e8tes, illustrateurs et essayistes br\u00e9siliens et portugais participeront \u00e0 cette cinqui\u00e8me","robots":{"index":"index","follow":"follow","max-snippet":"max-snippet:-1","max-image-preview":"max-image-preview:large","max-video-preview":"max-video-preview:-1"},"canonical":"https:\/\/www.uni.lu\/fr\/events\/printemps-litteraire-bresilien-2018-la-modernite-litteraire-echanges-luso-bresiliens\/","og_locale":"fr_FR","og_type":"article","og_title":"Printemps Litt\u00e9raire Br\u00e9silien 2018: La modernit\u00e9 litt\u00e9raire - \u00e9changes luso-br\u00e9siliens","og_description":"Entre le 14 mars et le 10 mai 2018, plus de 50 romanciers, po\u00e8tes, illustrateurs et essayistes br\u00e9siliens et portugais participeront \u00e0 cette cinqui\u00e8me","og_url":"https:\/\/www.uni.lu\/fr\/events\/printemps-litteraire-bresilien-2018-la-modernite-litteraire-echanges-luso-bresiliens\/","og_site_name":"UNI FR","article_publisher":"https:\/\/www.facebook.com\/uni.lu","og_image":[{"width":2560,"height":2560,"url":"https:\/\/www.uni.lu\/wp-content\/uploads\/sites\/11\/2026\/03\/03120045\/UNIV_SM-Profile_1600x1600px-scaled.jpg","type":"image\/jpeg"}],"twitter_card":"summary_large_image","schema":{"@context":"https:\/\/schema.org","@graph":[{"@type":"WebPage","@id":"https:\/\/www.uni.lu\/fr\/events\/printemps-litteraire-bresilien-2018-la-modernite-litteraire-echanges-luso-bresiliens\/","url":"https:\/\/www.uni.lu\/fr\/events\/printemps-litteraire-bresilien-2018-la-modernite-litteraire-echanges-luso-bresiliens\/","name":"Printemps Litt\u00e9raire Br\u00e9silien 2018: La modernit\u00e9 litt\u00e9raire - \u00e9changes luso-br\u00e9siliens - Universit\u00e9 du Luxembourg","isPartOf":{"@id":"https:\/\/www.uni.lu\/fr\/#website"},"primaryImageOfPage":{"@id":"https:\/\/www.uni.lu\/fr\/events\/printemps-litteraire-bresilien-2018-la-modernite-litteraire-echanges-luso-bresiliens\/#primaryimage"},"image":{"@id":"https:\/\/www.uni.lu\/fr\/events\/printemps-litteraire-bresilien-2018-la-modernite-litteraire-echanges-luso-bresiliens\/#primaryimage"},"thumbnailUrl":"https:\/\/www.uni.lu\/wp-content\/uploads\/sites\/11\/2018\/03\/printemps_litteraire_bresilien_2018_la_modernite_litteraire_echanges_luso_bresiliens.jpg","datePublished":"2018-03-13T16:42:23+00:00","dateModified":"2018-03-13T16:42:23+00:00","description":"Entre le 14 mars et le 10 mai 2018, plus de 50 romanciers, po\u00e8tes, illustrateurs et essayistes br\u00e9siliens et portugais participeront \u00e0 cette cinqui\u00e8me","breadcrumb":{"@id":"https:\/\/www.uni.lu\/fr\/events\/printemps-litteraire-bresilien-2018-la-modernite-litteraire-echanges-luso-bresiliens\/#breadcrumb"},"inLanguage":"fr-FR","potentialAction":[{"@type":"ReadAction","target":["https:\/\/www.uni.lu\/fr\/events\/printemps-litteraire-bresilien-2018-la-modernite-litteraire-echanges-luso-bresiliens\/"]}]},{"@type":"ImageObject","inLanguage":"fr-FR","@id":"https:\/\/www.uni.lu\/fr\/events\/printemps-litteraire-bresilien-2018-la-modernite-litteraire-echanges-luso-bresiliens\/#primaryimage","url":"https:\/\/www.uni.lu\/wp-content\/uploads\/sites\/11\/2018\/03\/printemps_litteraire_bresilien_2018_la_modernite_litteraire_echanges_luso_bresiliens.jpg","contentUrl":"https:\/\/www.uni.lu\/wp-content\/uploads\/sites\/11\/2018\/03\/printemps_litteraire_bresilien_2018_la_modernite_litteraire_echanges_luso_bresiliens.jpg","width":800,"height":600},{"@type":"BreadcrumbList","@id":"https:\/\/www.uni.lu\/fr\/events\/printemps-litteraire-bresilien-2018-la-modernite-litteraire-echanges-luso-bresiliens\/#breadcrumb","itemListElement":[{"@type":"ListItem","position":1,"name":"Home","item":"https:\/\/www.uni.lu\/fr\/"},{"@type":"ListItem","position":2,"name":"Events","item":"https:\/\/www.uni.lu\/fr\/events\/"},{"@type":"ListItem","position":3,"name":"Printemps Litt\u00e9raire Br\u00e9silien 2018: La modernit\u00e9 litt\u00e9raire - \u00e9changes luso-br\u00e9siliens"}]},{"@type":"WebSite","@id":"https:\/\/www.uni.lu\/fr\/#website","url":"https:\/\/www.uni.lu\/fr\/","name":"Uni.lu","description":"Universit\u00e9 du Luxembourg","publisher":{"@id":"https:\/\/www.uni.lu\/fr\/#organization"},"alternateName":"Universit\u00e9 du Luxembourg","potentialAction":[{"@type":"SearchAction","target":{"@type":"EntryPoint","urlTemplate":"https:\/\/www.uni.lu\/fr\/?s={search_term_string}"},"query-input":"required name=search_term_string"}],"inLanguage":"fr-FR"},{"@type":"Organization","@id":"https:\/\/www.uni.lu\/fr\/#organization","name":"Universit\u00e9 du Luxembourg","alternateName":"Uni.lu","url":"https:\/\/www.uni.lu\/fr\/","logo":{"@type":"ImageObject","inLanguage":"fr-FR","@id":"https:\/\/www.uni.lu\/fr\/#\/schema\/logo\/image\/","url":"https:\/\/www.uni.lu\/wp-content\/uploads\/sites\/11\/2026\/03\/03120045\/UNIV_SM-Profile_1600x1600px-scaled.jpg","contentUrl":"https:\/\/www.uni.lu\/wp-content\/uploads\/sites\/11\/2026\/03\/03120045\/UNIV_SM-Profile_1600x1600px-scaled.jpg","width":2560,"height":2560,"caption":"Universit\u00e9 du Luxembourg"},"image":"https:\/\/www.uni.lu\/wp-content\/uploads\/sites\/11\/2026\/04\/24120552\/20200609-Belval-Campus_Henri-Goergen-23.jpg","sameAs":["https:\/\/www.facebook.com\/uni.lu","https:\/\/www.linkedin.com\/school\/university-of-luxembourg\/","https:\/\/www.instagram.com\/uni.lu","https:\/\/www.youtube.com\/@uni_lu","https:\/\/en.wikipedia.org\/wiki\/University_of_Luxembourg"],"email":"communication@uni.lu","telephone":"+352 46 66 44 1","address":{"@type":"PostalAddress","streetAddress":"2, place de l\u2019Universit\u00e9","addressLocality":"Esch-sur-Alzette","postalCode":"4365","addressCountry":"LU"},"description":"Universit\u00e9 du Luxembourg"}]}},"_links":{"self":[{"href":"https:\/\/www.uni.lu\/fr\/wp-json\/wp\/v2\/events\/6641"}],"collection":[{"href":"https:\/\/www.uni.lu\/fr\/wp-json\/wp\/v2\/events"}],"about":[{"href":"https:\/\/www.uni.lu\/fr\/wp-json\/wp\/v2\/types\/events"}],"replies":[{"embeddable":true,"href":"https:\/\/www.uni.lu\/fr\/wp-json\/wp\/v2\/comments?post=6641"}],"version-history":[{"count":0,"href":"https:\/\/www.uni.lu\/fr\/wp-json\/wp\/v2\/events\/6641\/revisions"}],"wp:featuredmedia":[{"embeddable":true,"href":"https:\/\/www.uni.lu\/fr\/wp-json\/wp\/v2\/media\/6642"}],"wp:attachment":[{"href":"https:\/\/www.uni.lu\/fr\/wp-json\/wp\/v2\/media?parent=6641"}],"wp:term":[{"taxonomy":"events-topic","embeddable":true,"href":"https:\/\/www.uni.lu\/fr\/wp-json\/wp\/v2\/events-topic?post=6641"},{"taxonomy":"events-type","embeddable":true,"href":"https:\/\/www.uni.lu\/fr\/wp-json\/wp\/v2\/events-type?post=6641"},{"taxonomy":"organisation","embeddable":true,"href":"https:\/\/www.uni.lu\/fr\/wp-json\/wp\/v2\/organisation?post=6641"}],"curies":[{"name":"wp","href":"https:\/\/api.w.org\/{rel}","templated":true}]}}