{"id":6575,"date":"2018-02-20T14:34:49","date_gmt":"2018-02-20T13:34:49","guid":{"rendered":"https:\/\/www.uni.lu\/fr\/events\/ringvorlesung-figurationen-von-krankheiten-chancen-und-grenzen-der-asthetisierung-8\/"},"modified":"2018-02-20T14:34:49","modified_gmt":"2018-02-20T13:34:49","slug":"ringvorlesung-figurationen-von-krankheiten-chancen-und-grenzen-der-asthetisierung-8","status":"publish","type":"events","link":"https:\/\/www.uni.lu\/fr\/events\/ringvorlesung-figurationen-von-krankheiten-chancen-und-grenzen-der-asthetisierung-8\/","title":{"rendered":"Ringvorlesung: Figurationen von Krankheiten. Chancen und Grenzen der \u00c4sthetisierung"},"content":{"rendered":"<section class=\"wp-block-unilux-blocks-free-section section\"><div class=\"container xl:max-w-screen-xl\"><p>Medical Humanities<\/p><p>Ars medicinae. Medizin und K\u00fcnste<\/p><p>Krankheiten sind l\u00e4stige Angelegenheiten: Niemand ist gerne krank oder spricht gerne \u00fcber Krankheiten. Dennoch bestimmen Krankheitserz\u00e4hlungen,<\/p><p>-metaphern, -allegorien oder -symbole den \u00f6ffentlichen und privaten Diskurs und dringen in Form dieser Figurationen auch in den Bereich der<\/p><p>Geisteswissenschaften ein. In der \u00f6ffentlichen Ringvorlesung Figurationen von Krankheiten m\u00f6chten wir aus unterschiedlichen disziplin\u00e4ren Perspektiven<\/p><p>der Frage nachgehen, was \u00e4sthetische Darstellungsformen von Krankheiten in den Humanwissenschaften leisten k\u00f6nnen.<\/p><\/div><\/section>","protected":false},"excerpt":{"rendered":"<p>Medical HumanitiesArs medicinae. Medizin und K\u00fcnsteKrankheiten sind l\u00e4stige Angelegenheiten: Niemand ist gerne krank oder spricht gerne \u00fcber Krankheiten. Dennoch bestimmen Krankheitserz\u00e4hlungen,-metaphern, -allegorien oder -symbole den \u00f6ffentlichen und privaten Diskurs und dringen in Form dieser Figurationen auch in den Bereich derGeisteswissenschaften ein. In der \u00f6ffentlichen Ringvorlesung Figurationen von Krankheiten m\u00f6chten wir aus unterschiedlichen disziplin\u00e4ren Perspektivender Frage nachgehen, was \u00e4sthetische Darstellungsformen von Krankheiten in den Humanwissenschaften leisten k\u00f6nnen.<\/p>\n","protected":false},"author":0,"featured_media":6576,"parent":0,"menu_order":0,"comment_status":"open","ping_status":"closed","template":"","format":"standard","meta":{"featured_image_focal_point":[],"show_featured_caption":false,"ulux_newsletter_groups":"","uluxPostTitle":"","uluxPrePostTitle":"","_trash_the_other_posts":false,"_price":"","_stock":"","_tribe_ticket_header":"","_tribe_default_ticket_provider":"","_tribe_ticket_capacity":"0","_ticket_start_date":"","_ticket_end_date":"","_tribe_ticket_show_description":"","_tribe_ticket_show_not_going":false,"_tribe_ticket_use_global_stock":"","_tribe_ticket_global_stock_level":"","_global_stock_mode":"","_global_stock_cap":"","_tribe_rsvp_for_event":"","_tribe_ticket_going_count":"","_tribe_ticket_not_going_count":"","_tribe_tickets_list":"[]","_tribe_ticket_has_attendee_info_fields":false,"event_start_date":"2018-04-24 11:30:00","event_end_date":"2018-04-24 13:00:00","event_speaker_name":"Prof. Dr. Florian Steger","event_speaker_link":"","event_is_online":false,"event_location":"Campus Belval, Maison du Savoir, MSA 3.040","event_street":"2, avenue de l'Universit\u00e9","event_location_link":"","event_zip_code":"L-4365","event_city":"Esch-sur-Alzette","event_country":"LU"},"events-topic":[],"events-type":[],"organisation":[147,226],"authorship":[],"acf":[],"yoast_head":"<!-- This site is optimized with the Yoast SEO Premium plugin v22.3 (Yoast SEO v22.3) - https:\/\/yoast.com\/wordpress\/plugins\/seo\/ -->\n<title>Ringvorlesung: Figurationen von Krankheiten. Chancen und Grenzen der \u00c4sthetisierung - Universit\u00e9 du Luxembourg<\/title>\n<meta name=\"description\" content=\"Medical HumanitiesArs medicinae. Medizin und K\u00fcnsteKrankheiten sind l\u00e4stige Angelegenheiten: Niemand ist gerne krank oder spricht gerne \u00fcber Krankheiten. Dennoch bestimmen Krankheitserz\u00e4hlungen,-metaphern, -allegorien oder -symbole den \u00f6ffentlichen und privaten Diskurs und dringen in Form dieser Figurationen auch in den Bereich derGeisteswissenschaften ein. In der \u00f6ffentlichen Ringvorlesung Figurationen von Krankheiten m\u00f6chten wir aus unterschiedlichen disziplin\u00e4ren Perspektivender Frage nachgehen, was \u00e4sthetische Darstellungsformen von Krankheiten in den Humanwissenschaften leisten k\u00f6nnen.\" \/>\n<meta name=\"robots\" content=\"index, follow, max-snippet:-1, max-image-preview:large, max-video-preview:-1\" \/>\n<link rel=\"canonical\" href=\"https:\/\/www.uni.lu\/fr\/events\/ringvorlesung-figurationen-von-krankheiten-chancen-und-grenzen-der-asthetisierung-8\/\" \/>\n<meta property=\"og:locale\" content=\"fr_FR\" \/>\n<meta property=\"og:type\" content=\"article\" \/>\n<meta property=\"og:title\" content=\"Ringvorlesung: Figurationen von Krankheiten. Chancen und Grenzen der \u00c4sthetisierung\" \/>\n<meta property=\"og:description\" content=\"Medical HumanitiesArs medicinae. Medizin und K\u00fcnsteKrankheiten sind l\u00e4stige Angelegenheiten: Niemand ist gerne krank oder spricht gerne \u00fcber Krankheiten. Dennoch bestimmen Krankheitserz\u00e4hlungen,-metaphern, -allegorien oder -symbole den \u00f6ffentlichen und privaten Diskurs und dringen in Form dieser Figurationen auch in den Bereich derGeisteswissenschaften ein. In der \u00f6ffentlichen Ringvorlesung Figurationen von Krankheiten m\u00f6chten wir aus unterschiedlichen disziplin\u00e4ren Perspektivender Frage nachgehen, was \u00e4sthetische Darstellungsformen von Krankheiten in den Humanwissenschaften leisten k\u00f6nnen.\" \/>\n<meta property=\"og:url\" content=\"https:\/\/www.uni.lu\/fr\/events\/ringvorlesung-figurationen-von-krankheiten-chancen-und-grenzen-der-asthetisierung-8\/\" \/>\n<meta property=\"og:site_name\" content=\"UNI FR\" \/>\n<meta property=\"article:publisher\" content=\"https:\/\/www.facebook.com\/uni.lu\" \/>\n<meta property=\"og:image\" content=\"https:\/\/www.uni.lu\/wp-content\/uploads\/sites\/11\/2026\/03\/03120045\/UNIV_SM-Profile_1600x1600px-scaled.jpg\" \/>\n\t<meta property=\"og:image:width\" content=\"2560\" \/>\n\t<meta property=\"og:image:height\" content=\"2560\" \/>\n\t<meta property=\"og:image:type\" content=\"image\/jpeg\" \/>\n<meta name=\"twitter:card\" content=\"summary_large_image\" \/>\n<script type=\"application\/ld+json\" class=\"yoast-schema-graph\">{\"@context\":\"https:\/\/schema.org\",\"@graph\":[{\"@type\":\"WebPage\",\"@id\":\"https:\/\/www.uni.lu\/fr\/events\/ringvorlesung-figurationen-von-krankheiten-chancen-und-grenzen-der-asthetisierung-8\/\",\"url\":\"https:\/\/www.uni.lu\/fr\/events\/ringvorlesung-figurationen-von-krankheiten-chancen-und-grenzen-der-asthetisierung-8\/\",\"name\":\"Ringvorlesung: Figurationen von Krankheiten. Chancen und Grenzen der \u00c4sthetisierung - Universit\u00e9 du Luxembourg\",\"isPartOf\":{\"@id\":\"https:\/\/www.uni.lu\/fr\/#website\"},\"primaryImageOfPage\":{\"@id\":\"https:\/\/www.uni.lu\/fr\/events\/ringvorlesung-figurationen-von-krankheiten-chancen-und-grenzen-der-asthetisierung-8\/#primaryimage\"},\"image\":{\"@id\":\"https:\/\/www.uni.lu\/fr\/events\/ringvorlesung-figurationen-von-krankheiten-chancen-und-grenzen-der-asthetisierung-8\/#primaryimage\"},\"thumbnailUrl\":\"https:\/\/www.uni.lu\/wp-content\/uploads\/sites\/11\/2018\/02\/ringvorlesung_figurationen_von_krankheiten_chancen_und_grenzen_der_aesthetisierung-7.jpg\",\"datePublished\":\"2018-02-20T13:34:49+00:00\",\"dateModified\":\"2018-02-20T13:34:49+00:00\",\"description\":\"Medical HumanitiesArs medicinae. Medizin und K\u00fcnsteKrankheiten sind l\u00e4stige Angelegenheiten: Niemand ist gerne krank oder spricht gerne \u00fcber Krankheiten. Dennoch bestimmen Krankheitserz\u00e4hlungen,-metaphern, -allegorien oder -symbole den \u00f6ffentlichen und privaten Diskurs und dringen in Form dieser Figurationen auch in den Bereich derGeisteswissenschaften ein. In der \u00f6ffentlichen Ringvorlesung Figurationen von Krankheiten m\u00f6chten wir aus unterschiedlichen disziplin\u00e4ren Perspektivender Frage nachgehen, was \u00e4sthetische Darstellungsformen von Krankheiten in den Humanwissenschaften leisten k\u00f6nnen.\",\"breadcrumb\":{\"@id\":\"https:\/\/www.uni.lu\/fr\/events\/ringvorlesung-figurationen-von-krankheiten-chancen-und-grenzen-der-asthetisierung-8\/#breadcrumb\"},\"inLanguage\":\"fr-FR\",\"potentialAction\":[{\"@type\":\"ReadAction\",\"target\":[\"https:\/\/www.uni.lu\/fr\/events\/ringvorlesung-figurationen-von-krankheiten-chancen-und-grenzen-der-asthetisierung-8\/\"]}]},{\"@type\":\"ImageObject\",\"inLanguage\":\"fr-FR\",\"@id\":\"https:\/\/www.uni.lu\/fr\/events\/ringvorlesung-figurationen-von-krankheiten-chancen-und-grenzen-der-asthetisierung-8\/#primaryimage\",\"url\":\"https:\/\/www.uni.lu\/wp-content\/uploads\/sites\/11\/2018\/02\/ringvorlesung_figurationen_von_krankheiten_chancen_und_grenzen_der_aesthetisierung-7.jpg\",\"contentUrl\":\"https:\/\/www.uni.lu\/wp-content\/uploads\/sites\/11\/2018\/02\/ringvorlesung_figurationen_von_krankheiten_chancen_und_grenzen_der_aesthetisierung-7.jpg\",\"width\":800,\"height\":600},{\"@type\":\"BreadcrumbList\",\"@id\":\"https:\/\/www.uni.lu\/fr\/events\/ringvorlesung-figurationen-von-krankheiten-chancen-und-grenzen-der-asthetisierung-8\/#breadcrumb\",\"itemListElement\":[{\"@type\":\"ListItem\",\"position\":1,\"name\":\"Home\",\"item\":\"https:\/\/www.uni.lu\/fr\/\"},{\"@type\":\"ListItem\",\"position\":2,\"name\":\"Events\",\"item\":\"https:\/\/www.uni.lu\/fr\/events\/\"},{\"@type\":\"ListItem\",\"position\":3,\"name\":\"Ringvorlesung: Figurationen von Krankheiten. Chancen und Grenzen der \u00c4sthetisierung\"}]},{\"@type\":\"WebSite\",\"@id\":\"https:\/\/www.uni.lu\/fr\/#website\",\"url\":\"https:\/\/www.uni.lu\/fr\/\",\"name\":\"Uni.lu\",\"description\":\"Universit\u00e9 du Luxembourg\",\"publisher\":{\"@id\":\"https:\/\/www.uni.lu\/fr\/#organization\"},\"alternateName\":\"Universit\u00e9 du Luxembourg\",\"potentialAction\":[{\"@type\":\"SearchAction\",\"target\":{\"@type\":\"EntryPoint\",\"urlTemplate\":\"https:\/\/www.uni.lu\/fr\/?s={search_term_string}\"},\"query-input\":\"required name=search_term_string\"}],\"inLanguage\":\"fr-FR\"},{\"@type\":\"Organization\",\"@id\":\"https:\/\/www.uni.lu\/fr\/#organization\",\"name\":\"Universit\u00e9 du Luxembourg\",\"alternateName\":\"Uni.lu\",\"url\":\"https:\/\/www.uni.lu\/fr\/\",\"logo\":{\"@type\":\"ImageObject\",\"inLanguage\":\"fr-FR\",\"@id\":\"https:\/\/www.uni.lu\/fr\/#\/schema\/logo\/image\/\",\"url\":\"https:\/\/www.uni.lu\/wp-content\/uploads\/sites\/11\/2026\/03\/03120045\/UNIV_SM-Profile_1600x1600px-scaled.jpg\",\"contentUrl\":\"https:\/\/www.uni.lu\/wp-content\/uploads\/sites\/11\/2026\/03\/03120045\/UNIV_SM-Profile_1600x1600px-scaled.jpg\",\"width\":2560,\"height\":2560,\"caption\":\"Universit\u00e9 du Luxembourg\"},\"image\":\"https:\/\/www.uni.lu\/wp-content\/uploads\/sites\/11\/2026\/04\/24120552\/20200609-Belval-Campus_Henri-Goergen-23.jpg\",\"sameAs\":[\"https:\/\/www.facebook.com\/uni.lu\",\"https:\/\/www.linkedin.com\/school\/university-of-luxembourg\/\",\"https:\/\/www.instagram.com\/uni.lu\",\"https:\/\/www.youtube.com\/@uni_lu\",\"https:\/\/en.wikipedia.org\/wiki\/University_of_Luxembourg\"],\"email\":\"communication@uni.lu\",\"telephone\":\"+352 46 66 44 1\",\"address\":{\"@type\":\"PostalAddress\",\"streetAddress\":\"2, place de l\u2019Universit\u00e9\",\"addressLocality\":\"Esch-sur-Alzette\",\"postalCode\":\"4365\",\"addressCountry\":\"LU\"},\"description\":\"Universit\u00e9 du Luxembourg\"}]}<\/script>\n<!-- \/ Yoast SEO Premium plugin. -->","yoast_head_json":{"title":"Ringvorlesung: Figurationen von Krankheiten. Chancen und Grenzen der \u00c4sthetisierung - Universit\u00e9 du Luxembourg","description":"Medical HumanitiesArs medicinae. Medizin und K\u00fcnsteKrankheiten sind l\u00e4stige Angelegenheiten: Niemand ist gerne krank oder spricht gerne \u00fcber Krankheiten. Dennoch bestimmen Krankheitserz\u00e4hlungen,-metaphern, -allegorien oder -symbole den \u00f6ffentlichen und privaten Diskurs und dringen in Form dieser Figurationen auch in den Bereich derGeisteswissenschaften ein. In der \u00f6ffentlichen Ringvorlesung Figurationen von Krankheiten m\u00f6chten wir aus unterschiedlichen disziplin\u00e4ren Perspektivender Frage nachgehen, was \u00e4sthetische Darstellungsformen von Krankheiten in den Humanwissenschaften leisten k\u00f6nnen.","robots":{"index":"index","follow":"follow","max-snippet":"max-snippet:-1","max-image-preview":"max-image-preview:large","max-video-preview":"max-video-preview:-1"},"canonical":"https:\/\/www.uni.lu\/fr\/events\/ringvorlesung-figurationen-von-krankheiten-chancen-und-grenzen-der-asthetisierung-8\/","og_locale":"fr_FR","og_type":"article","og_title":"Ringvorlesung: Figurationen von Krankheiten. Chancen und Grenzen der \u00c4sthetisierung","og_description":"Medical HumanitiesArs medicinae. Medizin und K\u00fcnsteKrankheiten sind l\u00e4stige Angelegenheiten: Niemand ist gerne krank oder spricht gerne \u00fcber Krankheiten. Dennoch bestimmen Krankheitserz\u00e4hlungen,-metaphern, -allegorien oder -symbole den \u00f6ffentlichen und privaten Diskurs und dringen in Form dieser Figurationen auch in den Bereich derGeisteswissenschaften ein. In der \u00f6ffentlichen Ringvorlesung Figurationen von Krankheiten m\u00f6chten wir aus unterschiedlichen disziplin\u00e4ren Perspektivender Frage nachgehen, was \u00e4sthetische Darstellungsformen von Krankheiten in den Humanwissenschaften leisten k\u00f6nnen.","og_url":"https:\/\/www.uni.lu\/fr\/events\/ringvorlesung-figurationen-von-krankheiten-chancen-und-grenzen-der-asthetisierung-8\/","og_site_name":"UNI FR","article_publisher":"https:\/\/www.facebook.com\/uni.lu","og_image":[{"width":2560,"height":2560,"url":"https:\/\/www.uni.lu\/wp-content\/uploads\/sites\/11\/2026\/03\/03120045\/UNIV_SM-Profile_1600x1600px-scaled.jpg","type":"image\/jpeg"}],"twitter_card":"summary_large_image","schema":{"@context":"https:\/\/schema.org","@graph":[{"@type":"WebPage","@id":"https:\/\/www.uni.lu\/fr\/events\/ringvorlesung-figurationen-von-krankheiten-chancen-und-grenzen-der-asthetisierung-8\/","url":"https:\/\/www.uni.lu\/fr\/events\/ringvorlesung-figurationen-von-krankheiten-chancen-und-grenzen-der-asthetisierung-8\/","name":"Ringvorlesung: Figurationen von Krankheiten. Chancen und Grenzen der \u00c4sthetisierung - Universit\u00e9 du Luxembourg","isPartOf":{"@id":"https:\/\/www.uni.lu\/fr\/#website"},"primaryImageOfPage":{"@id":"https:\/\/www.uni.lu\/fr\/events\/ringvorlesung-figurationen-von-krankheiten-chancen-und-grenzen-der-asthetisierung-8\/#primaryimage"},"image":{"@id":"https:\/\/www.uni.lu\/fr\/events\/ringvorlesung-figurationen-von-krankheiten-chancen-und-grenzen-der-asthetisierung-8\/#primaryimage"},"thumbnailUrl":"https:\/\/www.uni.lu\/wp-content\/uploads\/sites\/11\/2018\/02\/ringvorlesung_figurationen_von_krankheiten_chancen_und_grenzen_der_aesthetisierung-7.jpg","datePublished":"2018-02-20T13:34:49+00:00","dateModified":"2018-02-20T13:34:49+00:00","description":"Medical HumanitiesArs medicinae. Medizin und K\u00fcnsteKrankheiten sind l\u00e4stige Angelegenheiten: Niemand ist gerne krank oder spricht gerne \u00fcber Krankheiten. Dennoch bestimmen Krankheitserz\u00e4hlungen,-metaphern, -allegorien oder -symbole den \u00f6ffentlichen und privaten Diskurs und dringen in Form dieser Figurationen auch in den Bereich derGeisteswissenschaften ein. In der \u00f6ffentlichen Ringvorlesung Figurationen von Krankheiten m\u00f6chten wir aus unterschiedlichen disziplin\u00e4ren Perspektivender Frage nachgehen, was \u00e4sthetische Darstellungsformen von Krankheiten in den Humanwissenschaften leisten k\u00f6nnen.","breadcrumb":{"@id":"https:\/\/www.uni.lu\/fr\/events\/ringvorlesung-figurationen-von-krankheiten-chancen-und-grenzen-der-asthetisierung-8\/#breadcrumb"},"inLanguage":"fr-FR","potentialAction":[{"@type":"ReadAction","target":["https:\/\/www.uni.lu\/fr\/events\/ringvorlesung-figurationen-von-krankheiten-chancen-und-grenzen-der-asthetisierung-8\/"]}]},{"@type":"ImageObject","inLanguage":"fr-FR","@id":"https:\/\/www.uni.lu\/fr\/events\/ringvorlesung-figurationen-von-krankheiten-chancen-und-grenzen-der-asthetisierung-8\/#primaryimage","url":"https:\/\/www.uni.lu\/wp-content\/uploads\/sites\/11\/2018\/02\/ringvorlesung_figurationen_von_krankheiten_chancen_und_grenzen_der_aesthetisierung-7.jpg","contentUrl":"https:\/\/www.uni.lu\/wp-content\/uploads\/sites\/11\/2018\/02\/ringvorlesung_figurationen_von_krankheiten_chancen_und_grenzen_der_aesthetisierung-7.jpg","width":800,"height":600},{"@type":"BreadcrumbList","@id":"https:\/\/www.uni.lu\/fr\/events\/ringvorlesung-figurationen-von-krankheiten-chancen-und-grenzen-der-asthetisierung-8\/#breadcrumb","itemListElement":[{"@type":"ListItem","position":1,"name":"Home","item":"https:\/\/www.uni.lu\/fr\/"},{"@type":"ListItem","position":2,"name":"Events","item":"https:\/\/www.uni.lu\/fr\/events\/"},{"@type":"ListItem","position":3,"name":"Ringvorlesung: Figurationen von Krankheiten. Chancen und Grenzen der \u00c4sthetisierung"}]},{"@type":"WebSite","@id":"https:\/\/www.uni.lu\/fr\/#website","url":"https:\/\/www.uni.lu\/fr\/","name":"Uni.lu","description":"Universit\u00e9 du Luxembourg","publisher":{"@id":"https:\/\/www.uni.lu\/fr\/#organization"},"alternateName":"Universit\u00e9 du Luxembourg","potentialAction":[{"@type":"SearchAction","target":{"@type":"EntryPoint","urlTemplate":"https:\/\/www.uni.lu\/fr\/?s={search_term_string}"},"query-input":"required name=search_term_string"}],"inLanguage":"fr-FR"},{"@type":"Organization","@id":"https:\/\/www.uni.lu\/fr\/#organization","name":"Universit\u00e9 du Luxembourg","alternateName":"Uni.lu","url":"https:\/\/www.uni.lu\/fr\/","logo":{"@type":"ImageObject","inLanguage":"fr-FR","@id":"https:\/\/www.uni.lu\/fr\/#\/schema\/logo\/image\/","url":"https:\/\/www.uni.lu\/wp-content\/uploads\/sites\/11\/2026\/03\/03120045\/UNIV_SM-Profile_1600x1600px-scaled.jpg","contentUrl":"https:\/\/www.uni.lu\/wp-content\/uploads\/sites\/11\/2026\/03\/03120045\/UNIV_SM-Profile_1600x1600px-scaled.jpg","width":2560,"height":2560,"caption":"Universit\u00e9 du Luxembourg"},"image":"https:\/\/www.uni.lu\/wp-content\/uploads\/sites\/11\/2026\/04\/24120552\/20200609-Belval-Campus_Henri-Goergen-23.jpg","sameAs":["https:\/\/www.facebook.com\/uni.lu","https:\/\/www.linkedin.com\/school\/university-of-luxembourg\/","https:\/\/www.instagram.com\/uni.lu","https:\/\/www.youtube.com\/@uni_lu","https:\/\/en.wikipedia.org\/wiki\/University_of_Luxembourg"],"email":"communication@uni.lu","telephone":"+352 46 66 44 1","address":{"@type":"PostalAddress","streetAddress":"2, place de l\u2019Universit\u00e9","addressLocality":"Esch-sur-Alzette","postalCode":"4365","addressCountry":"LU"},"description":"Universit\u00e9 du Luxembourg"}]}},"_links":{"self":[{"href":"https:\/\/www.uni.lu\/fr\/wp-json\/wp\/v2\/events\/6575"}],"collection":[{"href":"https:\/\/www.uni.lu\/fr\/wp-json\/wp\/v2\/events"}],"about":[{"href":"https:\/\/www.uni.lu\/fr\/wp-json\/wp\/v2\/types\/events"}],"replies":[{"embeddable":true,"href":"https:\/\/www.uni.lu\/fr\/wp-json\/wp\/v2\/comments?post=6575"}],"version-history":[{"count":0,"href":"https:\/\/www.uni.lu\/fr\/wp-json\/wp\/v2\/events\/6575\/revisions"}],"wp:featuredmedia":[{"embeddable":true,"href":"https:\/\/www.uni.lu\/fr\/wp-json\/wp\/v2\/media\/6576"}],"wp:attachment":[{"href":"https:\/\/www.uni.lu\/fr\/wp-json\/wp\/v2\/media?parent=6575"}],"wp:term":[{"taxonomy":"events-topic","embeddable":true,"href":"https:\/\/www.uni.lu\/fr\/wp-json\/wp\/v2\/events-topic?post=6575"},{"taxonomy":"events-type","embeddable":true,"href":"https:\/\/www.uni.lu\/fr\/wp-json\/wp\/v2\/events-type?post=6575"},{"taxonomy":"organisation","embeddable":true,"href":"https:\/\/www.uni.lu\/fr\/wp-json\/wp\/v2\/organisation?post=6575"}],"curies":[{"name":"wp","href":"https:\/\/api.w.org\/{rel}","templated":true}]}}