{"id":6496,"date":"2018-01-31T11:47:01","date_gmt":"2018-01-31T10:47:01","guid":{"rendered":"https:\/\/www.uni.lu\/fr\/events\/infrastrukturen-der-grenze\/"},"modified":"2018-01-31T11:47:01","modified_gmt":"2018-01-31T10:47:01","slug":"infrastrukturen-der-grenze","status":"publish","type":"events","link":"https:\/\/www.uni.lu\/fr\/events\/infrastrukturen-der-grenze\/","title":{"rendered":"Infrastrukturen der Grenze"},"content":{"rendered":"<section class=\"wp-block-unilux-blocks-free-section section\"><div class=\"container xl:max-w-screen-xl\"><p>Grenzen existieren nicht von sich aus, sondern bed\u00fcrfen materiellerund symbolischer Hervorbringungen. Sie sind dabei auf Infrastrukturen angewiesen, also auf die wirkm\u00e4chtigen, h\u00e4ufig unsichtbaren Grundlagen der Verbindung und Trennung, die als eine Art \u201eSubstrat\u201c eine Basis f\u00fcr soziale Prozesse darstellen. Grenzen als infrastrukturelle Gebilde zu fassen, er\u00f6ffnet sowohl einen Zugang zu einzelnen Dimensionen der vielf\u00e4ltigen Grenzziehungsprozesse als auch eine Beschreibung der Relationalit\u00e4t von Grenzdimensionen.<\/p><p>Der Vortrag rekonstruiert das Potenzial des Infrastrukturbegriffs f\u00fcr die Analyse von border- sowie boundary-Prozessen und zeigt die praxeologische Reformulierung eines solchen Grenzverst\u00e4ndnisses.<\/p><p>Dr. Hannes Kr\u00e4mer ist wiss. Koordinator \u201eGrenzforschung\u201c und Leiter der Forschungsgruppe \u201eBorder &#038; Boundary Studies\u201c am Viadrina Center B\/ORDERS IN MOTION. Er hat Sozial- und Kommunikationswissenschaften studiert und wurde mit einer Ethnografie der Kreativarbeit promoviert. Seine Arbeitsgebiete sind Grenzforschung, Praxistheorien, Arbeits- und Organisationsforschung, Mobilit\u00e4tsstudien und Zeitforschung.<\/p><p>Kontakt &#038; Informationen: <a href=\"http:\/\/www.bordertextures.org\" target=\"_self\" title=\"\" rel=\"noopener\">www.bordertextures.org<\/a><\/p><p>Der Vortrag wird von der interregionalen Arbeitsgruppe \u201eBordertexturen\u201c im Rahmen des Leuchtturmbereichs Border Studies der Universit\u00e4t der Gro\u00dfregion (UniGR) organisiert.\u00a0<\/p><\/div><\/section>","protected":false},"excerpt":{"rendered":"","protected":false},"author":0,"featured_media":6497,"parent":0,"menu_order":0,"comment_status":"open","ping_status":"closed","template":"","format":"standard","meta":{"featured_image_focal_point":[],"show_featured_caption":false,"ulux_newsletter_groups":"","uluxPostTitle":"","uluxPrePostTitle":"","_trash_the_other_posts":false,"_price":"","_stock":"","_tribe_ticket_header":"","_tribe_default_ticket_provider":"","_tribe_ticket_capacity":"0","_ticket_start_date":"","_ticket_end_date":"","_tribe_ticket_show_description":"","_tribe_ticket_show_not_going":false,"_tribe_ticket_use_global_stock":"","_tribe_ticket_global_stock_level":"","_global_stock_mode":"","_global_stock_cap":"","_tribe_rsvp_for_event":"","_tribe_ticket_going_count":"","_tribe_ticket_not_going_count":"","_tribe_tickets_list":"[]","_tribe_ticket_has_attendee_info_fields":false,"event_start_date":"2018-02-22 15:30:00","event_end_date":"2018-02-22 17:00:00","event_speaker_name":"Hannes Kr\u00e4mer (Europa-Universit\u00e4t Viadrina Frankfurt (Oder))","event_speaker_link":"","event_is_online":false,"event_location":"Campus Belval, Maison du Savoir, Raum 3.120","event_street":"11, Porte des Sciences ","event_location_link":"","event_zip_code":"L-4366","event_city":"Esch-sur-Alzette ","event_country":"LU"},"events-topic":[],"events-type":[],"organisation":[147,226],"authorship":[],"acf":[],"yoast_head":"<!-- This site is optimized with the Yoast SEO Premium plugin v22.3 (Yoast SEO v22.3) - https:\/\/yoast.com\/wordpress\/plugins\/seo\/ -->\n<title>Infrastrukturen der Grenze - Universit\u00e9 du Luxembourg<\/title>\n<meta name=\"description\" content=\"Grenzen existieren nicht von sich aus, sondern bed\u00fcrfen materiellerund symbolischer Hervorbringungen. Sie sind dabei auf Infrastrukturen angewiesen, also\" \/>\n<meta name=\"robots\" content=\"index, follow, max-snippet:-1, max-image-preview:large, max-video-preview:-1\" \/>\n<link rel=\"canonical\" href=\"https:\/\/www.uni.lu\/fr\/events\/infrastrukturen-der-grenze\/\" \/>\n<meta property=\"og:locale\" content=\"fr_FR\" \/>\n<meta property=\"og:type\" content=\"article\" \/>\n<meta property=\"og:title\" content=\"Infrastrukturen der Grenze\" \/>\n<meta property=\"og:description\" content=\"Grenzen existieren nicht von sich aus, sondern bed\u00fcrfen materiellerund symbolischer Hervorbringungen. Sie sind dabei auf Infrastrukturen angewiesen, also\" \/>\n<meta property=\"og:url\" content=\"https:\/\/www.uni.lu\/fr\/events\/infrastrukturen-der-grenze\/\" \/>\n<meta property=\"og:site_name\" content=\"UNI FR\" \/>\n<meta property=\"article:publisher\" content=\"https:\/\/www.facebook.com\/uni.lu\" \/>\n<meta property=\"og:image\" content=\"https:\/\/www.uni.lu\/wp-content\/uploads\/sites\/11\/2026\/03\/03120045\/UNIV_SM-Profile_1600x1600px-scaled.jpg\" \/>\n\t<meta property=\"og:image:width\" content=\"2560\" \/>\n\t<meta property=\"og:image:height\" content=\"2560\" \/>\n\t<meta property=\"og:image:type\" content=\"image\/jpeg\" \/>\n<meta name=\"twitter:card\" content=\"summary_large_image\" \/>\n<meta name=\"twitter:label1\" content=\"Dur\u00e9e de lecture estim\u00e9e\" \/>\n\t<meta name=\"twitter:data1\" content=\"1 minute\" \/>\n<script type=\"application\/ld+json\" class=\"yoast-schema-graph\">{\"@context\":\"https:\/\/schema.org\",\"@graph\":[{\"@type\":\"WebPage\",\"@id\":\"https:\/\/www.uni.lu\/fr\/events\/infrastrukturen-der-grenze\/\",\"url\":\"https:\/\/www.uni.lu\/fr\/events\/infrastrukturen-der-grenze\/\",\"name\":\"Infrastrukturen der Grenze - Universit\u00e9 du Luxembourg\",\"isPartOf\":{\"@id\":\"https:\/\/www.uni.lu\/fr\/#website\"},\"primaryImageOfPage\":{\"@id\":\"https:\/\/www.uni.lu\/fr\/events\/infrastrukturen-der-grenze\/#primaryimage\"},\"image\":{\"@id\":\"https:\/\/www.uni.lu\/fr\/events\/infrastrukturen-der-grenze\/#primaryimage\"},\"thumbnailUrl\":\"https:\/\/www.uni.lu\/wp-content\/uploads\/sites\/11\/2018\/01\/infrastrukturen_der_grenze.jpg\",\"datePublished\":\"2018-01-31T10:47:01+00:00\",\"dateModified\":\"2018-01-31T10:47:01+00:00\",\"description\":\"Grenzen existieren nicht von sich aus, sondern bed\u00fcrfen materiellerund symbolischer Hervorbringungen. Sie sind dabei auf Infrastrukturen angewiesen, also\",\"breadcrumb\":{\"@id\":\"https:\/\/www.uni.lu\/fr\/events\/infrastrukturen-der-grenze\/#breadcrumb\"},\"inLanguage\":\"fr-FR\",\"potentialAction\":[{\"@type\":\"ReadAction\",\"target\":[\"https:\/\/www.uni.lu\/fr\/events\/infrastrukturen-der-grenze\/\"]}]},{\"@type\":\"ImageObject\",\"inLanguage\":\"fr-FR\",\"@id\":\"https:\/\/www.uni.lu\/fr\/events\/infrastrukturen-der-grenze\/#primaryimage\",\"url\":\"https:\/\/www.uni.lu\/wp-content\/uploads\/sites\/11\/2018\/01\/infrastrukturen_der_grenze.jpg\",\"contentUrl\":\"https:\/\/www.uni.lu\/wp-content\/uploads\/sites\/11\/2018\/01\/infrastrukturen_der_grenze.jpg\",\"width\":800,\"height\":592},{\"@type\":\"BreadcrumbList\",\"@id\":\"https:\/\/www.uni.lu\/fr\/events\/infrastrukturen-der-grenze\/#breadcrumb\",\"itemListElement\":[{\"@type\":\"ListItem\",\"position\":1,\"name\":\"Home\",\"item\":\"https:\/\/www.uni.lu\/fr\/\"},{\"@type\":\"ListItem\",\"position\":2,\"name\":\"Events\",\"item\":\"https:\/\/www.uni.lu\/fr\/events\/\"},{\"@type\":\"ListItem\",\"position\":3,\"name\":\"Infrastrukturen der Grenze\"}]},{\"@type\":\"WebSite\",\"@id\":\"https:\/\/www.uni.lu\/fr\/#website\",\"url\":\"https:\/\/www.uni.lu\/fr\/\",\"name\":\"Uni.lu\",\"description\":\"Universit\u00e9 du Luxembourg\",\"publisher\":{\"@id\":\"https:\/\/www.uni.lu\/fr\/#organization\"},\"alternateName\":\"Universit\u00e9 du Luxembourg\",\"potentialAction\":[{\"@type\":\"SearchAction\",\"target\":{\"@type\":\"EntryPoint\",\"urlTemplate\":\"https:\/\/www.uni.lu\/fr\/?s={search_term_string}\"},\"query-input\":\"required name=search_term_string\"}],\"inLanguage\":\"fr-FR\"},{\"@type\":\"Organization\",\"@id\":\"https:\/\/www.uni.lu\/fr\/#organization\",\"name\":\"Universit\u00e9 du Luxembourg\",\"alternateName\":\"Uni.lu\",\"url\":\"https:\/\/www.uni.lu\/fr\/\",\"logo\":{\"@type\":\"ImageObject\",\"inLanguage\":\"fr-FR\",\"@id\":\"https:\/\/www.uni.lu\/fr\/#\/schema\/logo\/image\/\",\"url\":\"https:\/\/www.uni.lu\/wp-content\/uploads\/sites\/11\/2026\/03\/03120045\/UNIV_SM-Profile_1600x1600px-scaled.jpg\",\"contentUrl\":\"https:\/\/www.uni.lu\/wp-content\/uploads\/sites\/11\/2026\/03\/03120045\/UNIV_SM-Profile_1600x1600px-scaled.jpg\",\"width\":2560,\"height\":2560,\"caption\":\"Universit\u00e9 du Luxembourg\"},\"image\":\"https:\/\/www.uni.lu\/wp-content\/uploads\/sites\/11\/2026\/04\/24120552\/20200609-Belval-Campus_Henri-Goergen-23.jpg\",\"sameAs\":[\"https:\/\/www.facebook.com\/uni.lu\",\"https:\/\/www.linkedin.com\/school\/university-of-luxembourg\/\",\"https:\/\/www.instagram.com\/uni.lu\",\"https:\/\/www.youtube.com\/@uni_lu\",\"https:\/\/en.wikipedia.org\/wiki\/University_of_Luxembourg\"],\"email\":\"communication@uni.lu\",\"telephone\":\"+352 46 66 44 1\",\"address\":{\"@type\":\"PostalAddress\",\"streetAddress\":\"2, place de l\u2019Universit\u00e9\",\"addressLocality\":\"Esch-sur-Alzette\",\"postalCode\":\"4365\",\"addressCountry\":\"LU\"},\"description\":\"Universit\u00e9 du Luxembourg\"}]}<\/script>\n<!-- \/ Yoast SEO Premium plugin. -->","yoast_head_json":{"title":"Infrastrukturen der Grenze - Universit\u00e9 du Luxembourg","description":"Grenzen existieren nicht von sich aus, sondern bed\u00fcrfen materiellerund symbolischer Hervorbringungen. Sie sind dabei auf Infrastrukturen angewiesen, also","robots":{"index":"index","follow":"follow","max-snippet":"max-snippet:-1","max-image-preview":"max-image-preview:large","max-video-preview":"max-video-preview:-1"},"canonical":"https:\/\/www.uni.lu\/fr\/events\/infrastrukturen-der-grenze\/","og_locale":"fr_FR","og_type":"article","og_title":"Infrastrukturen der Grenze","og_description":"Grenzen existieren nicht von sich aus, sondern bed\u00fcrfen materiellerund symbolischer Hervorbringungen. Sie sind dabei auf Infrastrukturen angewiesen, also","og_url":"https:\/\/www.uni.lu\/fr\/events\/infrastrukturen-der-grenze\/","og_site_name":"UNI FR","article_publisher":"https:\/\/www.facebook.com\/uni.lu","og_image":[{"width":2560,"height":2560,"url":"https:\/\/www.uni.lu\/wp-content\/uploads\/sites\/11\/2026\/03\/03120045\/UNIV_SM-Profile_1600x1600px-scaled.jpg","type":"image\/jpeg"}],"twitter_card":"summary_large_image","twitter_misc":{"Dur\u00e9e de lecture estim\u00e9e":"1 minute"},"schema":{"@context":"https:\/\/schema.org","@graph":[{"@type":"WebPage","@id":"https:\/\/www.uni.lu\/fr\/events\/infrastrukturen-der-grenze\/","url":"https:\/\/www.uni.lu\/fr\/events\/infrastrukturen-der-grenze\/","name":"Infrastrukturen der Grenze - Universit\u00e9 du Luxembourg","isPartOf":{"@id":"https:\/\/www.uni.lu\/fr\/#website"},"primaryImageOfPage":{"@id":"https:\/\/www.uni.lu\/fr\/events\/infrastrukturen-der-grenze\/#primaryimage"},"image":{"@id":"https:\/\/www.uni.lu\/fr\/events\/infrastrukturen-der-grenze\/#primaryimage"},"thumbnailUrl":"https:\/\/www.uni.lu\/wp-content\/uploads\/sites\/11\/2018\/01\/infrastrukturen_der_grenze.jpg","datePublished":"2018-01-31T10:47:01+00:00","dateModified":"2018-01-31T10:47:01+00:00","description":"Grenzen existieren nicht von sich aus, sondern bed\u00fcrfen materiellerund symbolischer Hervorbringungen. Sie sind dabei auf Infrastrukturen angewiesen, also","breadcrumb":{"@id":"https:\/\/www.uni.lu\/fr\/events\/infrastrukturen-der-grenze\/#breadcrumb"},"inLanguage":"fr-FR","potentialAction":[{"@type":"ReadAction","target":["https:\/\/www.uni.lu\/fr\/events\/infrastrukturen-der-grenze\/"]}]},{"@type":"ImageObject","inLanguage":"fr-FR","@id":"https:\/\/www.uni.lu\/fr\/events\/infrastrukturen-der-grenze\/#primaryimage","url":"https:\/\/www.uni.lu\/wp-content\/uploads\/sites\/11\/2018\/01\/infrastrukturen_der_grenze.jpg","contentUrl":"https:\/\/www.uni.lu\/wp-content\/uploads\/sites\/11\/2018\/01\/infrastrukturen_der_grenze.jpg","width":800,"height":592},{"@type":"BreadcrumbList","@id":"https:\/\/www.uni.lu\/fr\/events\/infrastrukturen-der-grenze\/#breadcrumb","itemListElement":[{"@type":"ListItem","position":1,"name":"Home","item":"https:\/\/www.uni.lu\/fr\/"},{"@type":"ListItem","position":2,"name":"Events","item":"https:\/\/www.uni.lu\/fr\/events\/"},{"@type":"ListItem","position":3,"name":"Infrastrukturen der Grenze"}]},{"@type":"WebSite","@id":"https:\/\/www.uni.lu\/fr\/#website","url":"https:\/\/www.uni.lu\/fr\/","name":"Uni.lu","description":"Universit\u00e9 du Luxembourg","publisher":{"@id":"https:\/\/www.uni.lu\/fr\/#organization"},"alternateName":"Universit\u00e9 du Luxembourg","potentialAction":[{"@type":"SearchAction","target":{"@type":"EntryPoint","urlTemplate":"https:\/\/www.uni.lu\/fr\/?s={search_term_string}"},"query-input":"required name=search_term_string"}],"inLanguage":"fr-FR"},{"@type":"Organization","@id":"https:\/\/www.uni.lu\/fr\/#organization","name":"Universit\u00e9 du Luxembourg","alternateName":"Uni.lu","url":"https:\/\/www.uni.lu\/fr\/","logo":{"@type":"ImageObject","inLanguage":"fr-FR","@id":"https:\/\/www.uni.lu\/fr\/#\/schema\/logo\/image\/","url":"https:\/\/www.uni.lu\/wp-content\/uploads\/sites\/11\/2026\/03\/03120045\/UNIV_SM-Profile_1600x1600px-scaled.jpg","contentUrl":"https:\/\/www.uni.lu\/wp-content\/uploads\/sites\/11\/2026\/03\/03120045\/UNIV_SM-Profile_1600x1600px-scaled.jpg","width":2560,"height":2560,"caption":"Universit\u00e9 du Luxembourg"},"image":"https:\/\/www.uni.lu\/wp-content\/uploads\/sites\/11\/2026\/04\/24120552\/20200609-Belval-Campus_Henri-Goergen-23.jpg","sameAs":["https:\/\/www.facebook.com\/uni.lu","https:\/\/www.linkedin.com\/school\/university-of-luxembourg\/","https:\/\/www.instagram.com\/uni.lu","https:\/\/www.youtube.com\/@uni_lu","https:\/\/en.wikipedia.org\/wiki\/University_of_Luxembourg"],"email":"communication@uni.lu","telephone":"+352 46 66 44 1","address":{"@type":"PostalAddress","streetAddress":"2, place de l\u2019Universit\u00e9","addressLocality":"Esch-sur-Alzette","postalCode":"4365","addressCountry":"LU"},"description":"Universit\u00e9 du Luxembourg"}]}},"_links":{"self":[{"href":"https:\/\/www.uni.lu\/fr\/wp-json\/wp\/v2\/events\/6496"}],"collection":[{"href":"https:\/\/www.uni.lu\/fr\/wp-json\/wp\/v2\/events"}],"about":[{"href":"https:\/\/www.uni.lu\/fr\/wp-json\/wp\/v2\/types\/events"}],"replies":[{"embeddable":true,"href":"https:\/\/www.uni.lu\/fr\/wp-json\/wp\/v2\/comments?post=6496"}],"version-history":[{"count":0,"href":"https:\/\/www.uni.lu\/fr\/wp-json\/wp\/v2\/events\/6496\/revisions"}],"wp:featuredmedia":[{"embeddable":true,"href":"https:\/\/www.uni.lu\/fr\/wp-json\/wp\/v2\/media\/6497"}],"wp:attachment":[{"href":"https:\/\/www.uni.lu\/fr\/wp-json\/wp\/v2\/media?parent=6496"}],"wp:term":[{"taxonomy":"events-topic","embeddable":true,"href":"https:\/\/www.uni.lu\/fr\/wp-json\/wp\/v2\/events-topic?post=6496"},{"taxonomy":"events-type","embeddable":true,"href":"https:\/\/www.uni.lu\/fr\/wp-json\/wp\/v2\/events-type?post=6496"},{"taxonomy":"organisation","embeddable":true,"href":"https:\/\/www.uni.lu\/fr\/wp-json\/wp\/v2\/organisation?post=6496"}],"curies":[{"name":"wp","href":"https:\/\/api.w.org\/{rel}","templated":true}]}}