{"id":13864,"date":"2025-02-10T09:11:06","date_gmt":"2025-02-10T08:11:06","guid":{"rendered":"https:\/\/www.uni.lu\/fr\/?post_type=events&#038;p=13864"},"modified":"2025-02-13T08:47:25","modified_gmt":"2025-02-13T07:47:25","slug":"journee-portes-ouvertes-2025","status":"publish","type":"events","link":"https:\/\/www.uni.lu\/fr\/events\/journee-portes-ouvertes-2025\/","title":{"rendered":"Journ\u00e9e portes ouvertes 2025"},"content":{"rendered":"\n<section class=\"py-0 wp-block-unilux-blocks-free-section section\"><div class=\"container xl:max-w-screen-xl\"><div class=\"wp-block-unilux-blocks-spacer is-spacer-size-md\"><\/div>\n\n\n<ul class=\"wp-block-unilux-blocks-custom-buttons btn-list\"><li class=\"wp-block-unilux-blocks-custom-button\"    aria-disabled=\"false\"\n    >\n    <a\n        role=\"link\"\n        aria-disabled=\"false\"\n                    href=\"https:\/\/www.uni.lu\/fr\/events\/journee-portes-ouvertes-2025\/calendar\"\n                target=\"_self\"\n        class=\"btn btn--primary\"\n            >Ajouter au calendrier<\/a>\n<\/li>\n<\/ul>\n\n\n<div class=\"wp-block-unilux-blocks-spacer is-spacer-size-md\"><\/div>\n\n\n<h2 class=\"has-text-align-left wp-block-unilux-blocks-heading\"        id=\"decouvrez-luniversite-du-luxembourg-lors-de-la-journee-portes-ouvertes\"\n    >\nD\u00e9couvrez l\u2019Universit\u00e9 du Luxembourg lors de la Journ\u00e9e portes ouvertes !<\/h2>\n\n\n\n<p>Rejoignez-nous pour notre journ\u00e9e portes ouvertes afin de d\u00e9couvrir nos programmes acad\u00e9miques, visiter notre campus ultramoderne \u00e0 Belval, \u00e9changer avec les \u00e9tudiants et les professeurs, et participer \u00e0 des activit\u00e9s pour toute la famille. <\/p>\n\n\n\n<p>Que vous soyez un futur \u00e9tudiant, un parent ou simplement curieux d&rsquo;en savoir plus sur notre universit\u00e9, venez voir tout ce que nous avons \u00e0 offrir.<\/p>\n\n\n\n<p><\/p>\n\n\n\n<ul class=\"wp-block-unilux-blocks-button-list-v2\">\n<li class=\"wp-block-unilux-blocks-button-list-item-v2\"><a class=\"quick-link\" href=\"https:\/\/www.uni.lu\/fr\/etudes\/decouvrir-l-universite\/journee-portes-ouvertes\/\" target=\"\" role=\"link\" rel=\"noopener\" tabindex=\"0\"><span class=\"quick-link__container\">\n<div class=\"wp-block-unilux-blocks-block-inserter quick-link__img\"><\/div>\n\n\n\n<span class=\"quick-link__name wp-block-unilux-blocks-plain-text\">En savoir plus sur la Journ\u00e9e portes ouvertes 2025<\/span>\n\n<svg aria-hidden=\"true\" focusable=\"false\" class=\"icon icon-outline icon--arrow-right \"><use xlink:href=\"https:\/\/www.uni.lu\/wp-content\/themes\/unilux-theme\/assets\/images\/icons\/icons-outline.svg#icon--arrow-right\"><\/use><\/svg><\/span><\/a><\/li>\n<\/ul>\n<\/div><\/section>\n","protected":false},"excerpt":{"rendered":"","protected":false},"author":341,"featured_media":13835,"parent":0,"menu_order":0,"comment_status":"open","ping_status":"closed","template":"","format":"standard","meta":{"featured_image_focal_point":[],"show_featured_caption":false,"ulux_newsletter_groups":"","uluxPostTitle":"","uluxPrePostTitle":"","_trash_the_other_posts":false,"_price":"","_stock":"","_tribe_ticket_header":"","_tribe_default_ticket_provider":"","_tribe_ticket_capacity":"0","_ticket_start_date":"","_ticket_end_date":"","_tribe_ticket_show_description":"","_tribe_ticket_show_not_going":false,"_tribe_ticket_use_global_stock":"","_tribe_ticket_global_stock_level":"","_global_stock_mode":"","_global_stock_cap":"","_tribe_rsvp_for_event":"","_tribe_ticket_going_count":"","_tribe_ticket_not_going_count":"","_tribe_tickets_list":"[]","_tribe_ticket_has_attendee_info_fields":false,"event_start_date":"2025-03-15 09:00:00","event_end_date":"2025-03-15 16:00:00","event_speaker_name":"","event_speaker_link":"","event_is_online":false,"event_location":"Campus de Belval","event_street":"2, place de l\u2019Universit\u00e9","event_location_link":"https:\/\/www.uni.lu\/fr\/a-propos\/campus\/campus-belval\/","event_zip_code":"L-4365","event_city":"Belval","event_country":"Luxembourg"},"events-topic":[322],"events-type":[330,331],"organisation":[226],"authorship":[341],"acf":[],"yoast_head":"<!-- This site is optimized with the Yoast SEO Premium plugin v22.3 (Yoast SEO v22.3) - https:\/\/yoast.com\/wordpress\/plugins\/seo\/ -->\n<title>Journ\u00e9e portes ouvertes 2025 - Universit\u00e9 du Luxembourg<\/title>\n<meta name=\"description\" content=\"Rejoignez-nous pour notre journ\u00e9e portes ouvertes afin de d\u00e9couvrir nos programmes acad\u00e9miques, visiter notre campus ultramoderne \u00e0 Belval, \u00e9changer avec\" \/>\n<meta name=\"robots\" content=\"index, follow, max-snippet:-1, max-image-preview:large, max-video-preview:-1\" \/>\n<link rel=\"canonical\" href=\"https:\/\/www.uni.lu\/fr\/events\/journee-portes-ouvertes-2025\/\" \/>\n<meta property=\"og:locale\" content=\"fr_FR\" \/>\n<meta property=\"og:type\" content=\"article\" \/>\n<meta property=\"og:title\" content=\"Journ\u00e9e portes ouvertes 2025\" \/>\n<meta property=\"og:description\" content=\"Rejoignez-nous pour notre journ\u00e9e portes ouvertes afin de d\u00e9couvrir nos programmes acad\u00e9miques, visiter notre campus ultramoderne \u00e0 Belval, \u00e9changer avec\" \/>\n<meta property=\"og:url\" content=\"https:\/\/www.uni.lu\/fr\/events\/journee-portes-ouvertes-2025\/\" \/>\n<meta property=\"og:site_name\" content=\"UNI FR\" \/>\n<meta property=\"article:publisher\" content=\"https:\/\/www.facebook.com\/uni.lu\" \/>\n<meta property=\"article:modified_time\" content=\"2025-02-13T07:47:25+00:00\" \/>\n<meta property=\"og:image\" content=\"https:\/\/www.uni.lu\/wp-content\/uploads\/sites\/11\/2025\/02\/open-day-2025-1.jpg\" \/>\n\t<meta property=\"og:image:width\" content=\"1920\" \/>\n\t<meta property=\"og:image:height\" content=\"1080\" \/>\n\t<meta property=\"og:image:type\" content=\"image\/jpeg\" \/>\n<meta name=\"twitter:card\" content=\"summary_large_image\" \/>\n<meta name=\"twitter:label1\" content=\"Dur\u00e9e de lecture estim\u00e9e\" \/>\n\t<meta name=\"twitter:data1\" content=\"1 minute\" \/>\n<script type=\"application\/ld+json\" class=\"yoast-schema-graph\">{\"@context\":\"https:\/\/schema.org\",\"@graph\":[{\"@type\":\"WebPage\",\"@id\":\"https:\/\/www.uni.lu\/fr\/events\/journee-portes-ouvertes-2025\/\",\"url\":\"https:\/\/www.uni.lu\/fr\/events\/journee-portes-ouvertes-2025\/\",\"name\":\"Journ\u00e9e portes ouvertes 2025 - Universit\u00e9 du Luxembourg\",\"isPartOf\":{\"@id\":\"https:\/\/www.uni.lu\/fr\/#website\"},\"primaryImageOfPage\":{\"@id\":\"https:\/\/www.uni.lu\/fr\/events\/journee-portes-ouvertes-2025\/#primaryimage\"},\"image\":{\"@id\":\"https:\/\/www.uni.lu\/fr\/events\/journee-portes-ouvertes-2025\/#primaryimage\"},\"thumbnailUrl\":\"https:\/\/www.uni.lu\/wp-content\/uploads\/sites\/11\/2025\/02\/open-day-2025-1.jpg\",\"datePublished\":\"2025-02-10T08:11:06+00:00\",\"dateModified\":\"2025-02-13T07:47:25+00:00\",\"description\":\"Rejoignez-nous pour notre journ\u00e9e portes ouvertes afin de d\u00e9couvrir nos programmes acad\u00e9miques, visiter notre campus ultramoderne \u00e0 Belval, \u00e9changer avec\",\"breadcrumb\":{\"@id\":\"https:\/\/www.uni.lu\/fr\/events\/journee-portes-ouvertes-2025\/#breadcrumb\"},\"inLanguage\":\"fr-FR\",\"potentialAction\":[{\"@type\":\"ReadAction\",\"target\":[\"https:\/\/www.uni.lu\/fr\/events\/journee-portes-ouvertes-2025\/\"]}]},{\"@type\":\"ImageObject\",\"inLanguage\":\"fr-FR\",\"@id\":\"https:\/\/www.uni.lu\/fr\/events\/journee-portes-ouvertes-2025\/#primaryimage\",\"url\":\"https:\/\/www.uni.lu\/wp-content\/uploads\/sites\/11\/2025\/02\/open-day-2025-1.jpg\",\"contentUrl\":\"https:\/\/www.uni.lu\/wp-content\/uploads\/sites\/11\/2025\/02\/open-day-2025-1.jpg\",\"width\":1920,\"height\":1080},{\"@type\":\"BreadcrumbList\",\"@id\":\"https:\/\/www.uni.lu\/fr\/events\/journee-portes-ouvertes-2025\/#breadcrumb\",\"itemListElement\":[{\"@type\":\"ListItem\",\"position\":1,\"name\":\"Home\",\"item\":\"https:\/\/www.uni.lu\/fr\/\"},{\"@type\":\"ListItem\",\"position\":2,\"name\":\"Events\",\"item\":\"https:\/\/www.uni.lu\/fr\/events\/\"},{\"@type\":\"ListItem\",\"position\":3,\"name\":\"Journ\u00e9e portes ouvertes 2025\"}]},{\"@type\":\"WebSite\",\"@id\":\"https:\/\/www.uni.lu\/fr\/#website\",\"url\":\"https:\/\/www.uni.lu\/fr\/\",\"name\":\"Uni.lu\",\"description\":\"Universit\u00e9 du Luxembourg\",\"publisher\":{\"@id\":\"https:\/\/www.uni.lu\/fr\/#organization\"},\"alternateName\":\"Universit\u00e9 du Luxembourg\",\"potentialAction\":[{\"@type\":\"SearchAction\",\"target\":{\"@type\":\"EntryPoint\",\"urlTemplate\":\"https:\/\/www.uni.lu\/fr\/?s={search_term_string}\"},\"query-input\":\"required name=search_term_string\"}],\"inLanguage\":\"fr-FR\"},{\"@type\":\"Organization\",\"@id\":\"https:\/\/www.uni.lu\/fr\/#organization\",\"name\":\"Universit\u00e9 du Luxembourg\",\"alternateName\":\"Uni.lu\",\"url\":\"https:\/\/www.uni.lu\/fr\/\",\"logo\":{\"@type\":\"ImageObject\",\"inLanguage\":\"fr-FR\",\"@id\":\"https:\/\/www.uni.lu\/fr\/#\/schema\/logo\/image\/\",\"url\":\"https:\/\/www.uni.lu\/wp-content\/uploads\/sites\/11\/2026\/03\/03120045\/UNIV_SM-Profile_1600x1600px-scaled.jpg\",\"contentUrl\":\"https:\/\/www.uni.lu\/wp-content\/uploads\/sites\/11\/2026\/03\/03120045\/UNIV_SM-Profile_1600x1600px-scaled.jpg\",\"width\":2560,\"height\":2560,\"caption\":\"Universit\u00e9 du Luxembourg\"},\"image\":\"https:\/\/www.uni.lu\/wp-content\/uploads\/sites\/11\/2026\/04\/24120552\/20200609-Belval-Campus_Henri-Goergen-23.jpg\",\"sameAs\":[\"https:\/\/www.facebook.com\/uni.lu\",\"https:\/\/www.linkedin.com\/school\/university-of-luxembourg\/\",\"https:\/\/www.instagram.com\/uni.lu\",\"https:\/\/www.youtube.com\/@uni_lu\",\"https:\/\/en.wikipedia.org\/wiki\/University_of_Luxembourg\"],\"email\":\"communication@uni.lu\",\"telephone\":\"+352 46 66 44 1\",\"address\":{\"@type\":\"PostalAddress\",\"streetAddress\":\"2, place de l\u2019Universit\u00e9\",\"addressLocality\":\"Esch-sur-Alzette\",\"postalCode\":\"4365\",\"addressCountry\":\"LU\"},\"description\":\"Universit\u00e9 du Luxembourg\"}]}<\/script>\n<!-- \/ Yoast SEO Premium plugin. -->","yoast_head_json":{"title":"Journ\u00e9e portes ouvertes 2025 - Universit\u00e9 du Luxembourg","description":"Rejoignez-nous pour notre journ\u00e9e portes ouvertes afin de d\u00e9couvrir nos programmes acad\u00e9miques, visiter notre campus ultramoderne \u00e0 Belval, \u00e9changer avec","robots":{"index":"index","follow":"follow","max-snippet":"max-snippet:-1","max-image-preview":"max-image-preview:large","max-video-preview":"max-video-preview:-1"},"canonical":"https:\/\/www.uni.lu\/fr\/events\/journee-portes-ouvertes-2025\/","og_locale":"fr_FR","og_type":"article","og_title":"Journ\u00e9e portes ouvertes 2025","og_description":"Rejoignez-nous pour notre journ\u00e9e portes ouvertes afin de d\u00e9couvrir nos programmes acad\u00e9miques, visiter notre campus ultramoderne \u00e0 Belval, \u00e9changer avec","og_url":"https:\/\/www.uni.lu\/fr\/events\/journee-portes-ouvertes-2025\/","og_site_name":"UNI FR","article_publisher":"https:\/\/www.facebook.com\/uni.lu","article_modified_time":"2025-02-13T07:47:25+00:00","og_image":[{"width":1920,"height":1080,"url":"https:\/\/www.uni.lu\/wp-content\/uploads\/sites\/11\/2025\/02\/open-day-2025-1.jpg","type":"image\/jpeg"}],"twitter_card":"summary_large_image","twitter_misc":{"Dur\u00e9e de lecture estim\u00e9e":"1 minute"},"schema":{"@context":"https:\/\/schema.org","@graph":[{"@type":"WebPage","@id":"https:\/\/www.uni.lu\/fr\/events\/journee-portes-ouvertes-2025\/","url":"https:\/\/www.uni.lu\/fr\/events\/journee-portes-ouvertes-2025\/","name":"Journ\u00e9e portes ouvertes 2025 - Universit\u00e9 du Luxembourg","isPartOf":{"@id":"https:\/\/www.uni.lu\/fr\/#website"},"primaryImageOfPage":{"@id":"https:\/\/www.uni.lu\/fr\/events\/journee-portes-ouvertes-2025\/#primaryimage"},"image":{"@id":"https:\/\/www.uni.lu\/fr\/events\/journee-portes-ouvertes-2025\/#primaryimage"},"thumbnailUrl":"https:\/\/www.uni.lu\/wp-content\/uploads\/sites\/11\/2025\/02\/open-day-2025-1.jpg","datePublished":"2025-02-10T08:11:06+00:00","dateModified":"2025-02-13T07:47:25+00:00","description":"Rejoignez-nous pour notre journ\u00e9e portes ouvertes afin de d\u00e9couvrir nos programmes acad\u00e9miques, visiter notre campus ultramoderne \u00e0 Belval, \u00e9changer avec","breadcrumb":{"@id":"https:\/\/www.uni.lu\/fr\/events\/journee-portes-ouvertes-2025\/#breadcrumb"},"inLanguage":"fr-FR","potentialAction":[{"@type":"ReadAction","target":["https:\/\/www.uni.lu\/fr\/events\/journee-portes-ouvertes-2025\/"]}]},{"@type":"ImageObject","inLanguage":"fr-FR","@id":"https:\/\/www.uni.lu\/fr\/events\/journee-portes-ouvertes-2025\/#primaryimage","url":"https:\/\/www.uni.lu\/wp-content\/uploads\/sites\/11\/2025\/02\/open-day-2025-1.jpg","contentUrl":"https:\/\/www.uni.lu\/wp-content\/uploads\/sites\/11\/2025\/02\/open-day-2025-1.jpg","width":1920,"height":1080},{"@type":"BreadcrumbList","@id":"https:\/\/www.uni.lu\/fr\/events\/journee-portes-ouvertes-2025\/#breadcrumb","itemListElement":[{"@type":"ListItem","position":1,"name":"Home","item":"https:\/\/www.uni.lu\/fr\/"},{"@type":"ListItem","position":2,"name":"Events","item":"https:\/\/www.uni.lu\/fr\/events\/"},{"@type":"ListItem","position":3,"name":"Journ\u00e9e portes ouvertes 2025"}]},{"@type":"WebSite","@id":"https:\/\/www.uni.lu\/fr\/#website","url":"https:\/\/www.uni.lu\/fr\/","name":"Uni.lu","description":"Universit\u00e9 du Luxembourg","publisher":{"@id":"https:\/\/www.uni.lu\/fr\/#organization"},"alternateName":"Universit\u00e9 du Luxembourg","potentialAction":[{"@type":"SearchAction","target":{"@type":"EntryPoint","urlTemplate":"https:\/\/www.uni.lu\/fr\/?s={search_term_string}"},"query-input":"required name=search_term_string"}],"inLanguage":"fr-FR"},{"@type":"Organization","@id":"https:\/\/www.uni.lu\/fr\/#organization","name":"Universit\u00e9 du Luxembourg","alternateName":"Uni.lu","url":"https:\/\/www.uni.lu\/fr\/","logo":{"@type":"ImageObject","inLanguage":"fr-FR","@id":"https:\/\/www.uni.lu\/fr\/#\/schema\/logo\/image\/","url":"https:\/\/www.uni.lu\/wp-content\/uploads\/sites\/11\/2026\/03\/03120045\/UNIV_SM-Profile_1600x1600px-scaled.jpg","contentUrl":"https:\/\/www.uni.lu\/wp-content\/uploads\/sites\/11\/2026\/03\/03120045\/UNIV_SM-Profile_1600x1600px-scaled.jpg","width":2560,"height":2560,"caption":"Universit\u00e9 du Luxembourg"},"image":"https:\/\/www.uni.lu\/wp-content\/uploads\/sites\/11\/2026\/04\/24120552\/20200609-Belval-Campus_Henri-Goergen-23.jpg","sameAs":["https:\/\/www.facebook.com\/uni.lu","https:\/\/www.linkedin.com\/school\/university-of-luxembourg\/","https:\/\/www.instagram.com\/uni.lu","https:\/\/www.youtube.com\/@uni_lu","https:\/\/en.wikipedia.org\/wiki\/University_of_Luxembourg"],"email":"communication@uni.lu","telephone":"+352 46 66 44 1","address":{"@type":"PostalAddress","streetAddress":"2, place de l\u2019Universit\u00e9","addressLocality":"Esch-sur-Alzette","postalCode":"4365","addressCountry":"LU"},"description":"Universit\u00e9 du Luxembourg"}]}},"_links":{"self":[{"href":"https:\/\/www.uni.lu\/fr\/wp-json\/wp\/v2\/events\/13864"}],"collection":[{"href":"https:\/\/www.uni.lu\/fr\/wp-json\/wp\/v2\/events"}],"about":[{"href":"https:\/\/www.uni.lu\/fr\/wp-json\/wp\/v2\/types\/events"}],"author":[{"embeddable":true,"href":"https:\/\/www.uni.lu\/fr\/wp-json\/wp\/v2\/users\/341"}],"replies":[{"embeddable":true,"href":"https:\/\/www.uni.lu\/fr\/wp-json\/wp\/v2\/comments?post=13864"}],"version-history":[{"count":2,"href":"https:\/\/www.uni.lu\/fr\/wp-json\/wp\/v2\/events\/13864\/revisions"}],"predecessor-version":[{"id":13922,"href":"https:\/\/www.uni.lu\/fr\/wp-json\/wp\/v2\/events\/13864\/revisions\/13922"}],"wp:authorship":[{"embeddable":true,"href":"https:\/\/www.uni.lu\/fr\/wp-json\/wp\/v2\/users\/341"}],"wp:featuredmedia":[{"embeddable":true,"href":"https:\/\/www.uni.lu\/fr\/wp-json\/wp\/v2\/media\/13835"}],"wp:attachment":[{"href":"https:\/\/www.uni.lu\/fr\/wp-json\/wp\/v2\/media?parent=13864"}],"wp:term":[{"taxonomy":"events-topic","embeddable":true,"href":"https:\/\/www.uni.lu\/fr\/wp-json\/wp\/v2\/events-topic?post=13864"},{"taxonomy":"events-type","embeddable":true,"href":"https:\/\/www.uni.lu\/fr\/wp-json\/wp\/v2\/events-type?post=13864"},{"taxonomy":"organisation","embeddable":true,"href":"https:\/\/www.uni.lu\/fr\/wp-json\/wp\/v2\/organisation?post=13864"}],"curies":[{"name":"wp","href":"https:\/\/api.w.org\/{rel}","templated":true}]}}