{"id":12869,"date":"2024-10-28T10:42:11","date_gmt":"2024-10-28T09:42:11","guid":{"rendered":"https:\/\/www.uni.lu\/fr\/?post_type=events&#038;p=12869"},"modified":"2024-10-28T10:42:12","modified_gmt":"2024-10-28T09:42:12","slug":"present-et-perspectives-de-la-cooperation-transfrontaliere-considerations-du-conseil-economique-et-social-du-luxembourg-2","status":"publish","type":"events","link":"https:\/\/www.uni.lu\/fr\/events\/present-et-perspectives-de-la-cooperation-transfrontaliere-considerations-du-conseil-economique-et-social-du-luxembourg-2\/","title":{"rendered":"Pr\u00e9sent et perspectives de la coop\u00e9ration transfrontali\u00e8re &#8211; consid\u00e9rations du Conseil \u00e9conomique et social du Luxembourg"},"content":{"rendered":"\n<section class=\"wp-block-unilux-blocks-free-section section\"><div class=\"container xl:max-w-screen-xl\">\n<p>L\u2019EDIC de l\u2019Universit\u00e9 du Luxembourg et le Cercle Europ\u00e9en Pierre Werner en collaboration avec la Commune de Ell ont organis\u00e9 la conf\u00e9rence-d\u00e9bat Pr\u00e9sent et perspectives de la coop\u00e9ration transfrontali\u00e8re &#8211; consid\u00e9rations du Conseil \u00e9conomique et social du Luxembourg donn\u00e9e par M. Jean-Jacques Rommes, Pr\u00e9sident du Conseil \u00e9conomique et social du Grand-Duch\u00e9 de Luxembourg qui a eu lieu le vendredi 25 septembre 2020 \u00e0 18h00.<\/p>\n\n\n<div class=\"wp-block-unilux-blocks-spacer is-spacer-size-sm\"><\/div>\n\n\n<h3 class=\"has-text-align-left wp-block-unilux-blocks-heading\"        id=\"organisateurs\"\n    >\nOrganisateurs<\/h3>\n\n\n\n<div class=\"wp-block-unilux-blocks-accordion accordion accordion--theme accordion-standard\" data-reference=\"0fe0dd94-e17c-41e5-ba98-61b559845af6\" data-accordion-type=\"standard\"><div class=\"accordion__item  wp-block-unilux-blocks-accordion-item\">\n    <h3 class=\"accordion__header\"\n                    id=\"centre-dinformation-europe-direct-edic-de-luniversite-du-luxembourg-a-esch-belval\"\n        >\n        <button\n            type=\"button\"\n            id=\"accordion-labelledby-6e393816-1dc1-47bf-a616-643e58b70c1c\"\n            class=\"accordion__button collapsed\"\n            aria-expanded=\"false\"\n            aria-controls=\"accordion-panel-6e393816-1dc1-47bf-a616-643e58b70c1c\"\n            data-bs-toggle=\"collapse\"\n            data-bs-target=\"#accordion-panel-6e393816-1dc1-47bf-a616-643e58b70c1c\"\n        >\n            <span class=\"accordion__title\">\n                                <strong>Centre d\u2019information Europe Direct (EDIC) de\u00a0l\u2019Universit\u00e9 du Luxembourg \u00e0 Esch-Belval<\/strong>            <\/span>\n\n            <svg aria-hidden=\"true\" focusable=\"false\" class=\"icon icon-outline icon--arrow-down \"><use xlink:href=\"https:\/\/www.uni.lu\/wp-content\/themes\/unilux-theme\/assets\/images\/icons\/icons-outline.svg#icon--arrow-down\"><\/use><\/svg>        <\/button>\n    <\/h3>\n    <div id=\"accordion-panel-6e393816-1dc1-47bf-a616-643e58b70c1c\"\n        class=\"accordion__collapse collapse\"\n        aria-labelledby=\"accordion-labelledby-6e393816-1dc1-47bf-a616-643e58b70c1c\"\n        data-bs-parent=\"[data-reference=&quot;0fe0dd94-e17c-41e5-ba98-61b559845af6&quot;]\"\n    >\n        <div class=\"accordion__body \">\n            \n<p>Inaugur\u00e9 le 20 janvier 2020 par Nicolas Schmit, le commissaire europ\u00e9en\u00a0\u00e0 l\u2019emploi et aux droits sociaux, le Centre d\u2019information Europe\u00a0Direct (EDIC) de l\u2019Universit\u00e9 du Luxembourg s\u2019adresse \u00e0 un large\u00a0public et ambitionne d\u2019informer les citoyens sur les questions li\u00e9es au\u00a0pass\u00e9 et au pr\u00e9sent de l\u2019UE, ainsi que de d\u00e9battre de ses d\u00e9fis d\u2019avenir.\u00a0Gr\u00e2ce \u00e0 des connaissances et des informations vari\u00e9es sur l\u2019histoire de l\u2019int\u00e9gration europ\u00e9enne, les institutions, le fonctionnement et\u00a0les politiques de l\u2019Union europ\u00e9enne, et en valorisant son positionnement\u00a0\u00e0 Luxembourg, l\u2019EDIC contribue de mani\u00e8re sp\u00e9cifique \u00e0\u00a0l\u2019\u00e9ducation citoyenne, notamment des jeunes, \u00e0 faire conna\u00eetre les\u00a0politiques de l\u2019UE et \u00e0 d\u00e9velopper l\u2019enseignement et la recherche\u00a0sur l\u2019int\u00e9gration europ\u00e9enne. L\u2019EDIC est pilot\u00e9 par le Luxembourg\u00a0Centre for Contemporary and Digital History (C2DH). Depuis janvier\u00a02020, il dispose d\u2019une permanence accueillie par le Luxembourg\u00a0Learning Centre \u00e0 Belval, qui est \u00e0 la disposition du public du lundi au vendredi, entre 9 et 13 heures.<\/p>\n        <\/div>\n    <\/div>\n<\/div><\/div>\n\n\n\n<div class=\"wp-block-unilux-blocks-accordion accordion accordion--theme accordion-standard\" data-reference=\"627a5188-60ec-4021-a97c-dd6fba942a97\" data-accordion-type=\"standard\"><div class=\"accordion__item  wp-block-unilux-blocks-accordion-item\">\n    <h3 class=\"accordion__header\"\n                    id=\"cercle-europeen-pierre-werner\"\n        >\n        <button\n            type=\"button\"\n            id=\"accordion-labelledby-7a20b1e5-8b9f-4370-b099-ef48f032f67f\"\n            class=\"accordion__button collapsed\"\n            aria-expanded=\"false\"\n            aria-controls=\"accordion-panel-7a20b1e5-8b9f-4370-b099-ef48f032f67f\"\n            data-bs-toggle=\"collapse\"\n            data-bs-target=\"#accordion-panel-7a20b1e5-8b9f-4370-b099-ef48f032f67f\"\n        >\n            <span class=\"accordion__title\">\n                                <strong><strong>Cercle Europ\u00e9en Pierre Werner<\/strong><\/strong>            <\/span>\n\n            <svg aria-hidden=\"true\" focusable=\"false\" class=\"icon icon-outline icon--arrow-down \"><use xlink:href=\"https:\/\/www.uni.lu\/wp-content\/themes\/unilux-theme\/assets\/images\/icons\/icons-outline.svg#icon--arrow-down\"><\/use><\/svg>        <\/button>\n    <\/h3>\n    <div id=\"accordion-panel-7a20b1e5-8b9f-4370-b099-ef48f032f67f\"\n        class=\"accordion__collapse collapse\"\n        aria-labelledby=\"accordion-labelledby-7a20b1e5-8b9f-4370-b099-ef48f032f67f\"\n        data-bs-parent=\"[data-reference=&quot;627a5188-60ec-4021-a97c-dd6fba942a97&quot;]\"\n    >\n        <div class=\"accordion__body \">\n            \n<p>N\u00e9 de la volont\u00e9 de donner une dimension europ\u00e9enne \u00e0 la r\u00e9flexion sur les probl\u00e8mes concrets de la vie des citoyens par-dessus des fronti\u00e8res, o\u00f9 la symbiose des deux Luxembourg demeure un exemple, le Cercle \u00ab Perspectives et r\u00e9alit\u00e9s frontali\u00e8res\u00a0\u00bb, devenu aujourd\u2019hui\u00a0<strong>le Cercle Europ\u00e9en Pierre Werner\u00a0<\/strong>a \u00e9t\u00e9 fond\u00e9 en 1987. Initi\u00e9 et co-pr\u00e9sid\u00e9 de longues ann\u00e9es durant par Pierre Werner, ancien Premier Ministre du Grand-Duch\u00e9 de Luxembourg et Charles-Ferdinand Nothomb, Ministre d\u2019\u00c9tat de Belgique, cette structure d\u2019action et de r\u00e9flexion a constamment \u0153uvr\u00e9 pour favoriser la coop\u00e9ration au sein de la Grande R\u00e9gion. \u00c0 partir de l\u2019exp\u00e9rience engrang\u00e9e et des bonnes pratiques dans un contexte transfrontalier et interr\u00e9gional, plurilingue et multiculturel, le Cercle a, de nos jours, la vocation \u00e0 focaliser son action sur des questions d\u2019int\u00e9gration r\u00e9gionale et europ\u00e9enne, de construction institutionnelle et de sensibilisation et participation citoyenne face aux d\u00e9fis sans pr\u00e9c\u00e9dent auxquels notre continent et le monde sont confront\u00e9s actuellement. (Pour en savoir plus consultez\u00a0<a href=\"https:\/\/web.archive.org\/web\/20230703005736\/http:\/\/www.cepw.lu\/\">www.cepw.lu<\/a>)<\/p>\n        <\/div>\n    <\/div>\n<\/div><\/div>\n\n\n\n<div class=\"wp-block-unilux-blocks-accordion accordion accordion--theme accordion-standard\" data-reference=\"82b296bf-a2f4-4969-a79a-a23830336dd2\" data-accordion-type=\"standard\"><div class=\"accordion__item  wp-block-unilux-blocks-accordion-item\">\n    <h3 class=\"accordion__header\"\n                    id=\"cercle-europeen-pierre-weconseil-economique-et-social-du-grand-duche-de-luxembourg\"\n        >\n        <button\n            type=\"button\"\n            id=\"accordion-labelledby-01b6bc71-4396-4df3-b8bd-7c03a2b3b37c\"\n            class=\"accordion__button collapsed\"\n            aria-expanded=\"false\"\n            aria-controls=\"accordion-panel-01b6bc71-4396-4df3-b8bd-7c03a2b3b37c\"\n            data-bs-toggle=\"collapse\"\n            data-bs-target=\"#accordion-panel-01b6bc71-4396-4df3-b8bd-7c03a2b3b37c\"\n        >\n            <span class=\"accordion__title\">\n                                <strong><strong>Cercle Europ\u00e9en Pierre We<strong>Conseil \u00e9conomique et social du Grand-Duch\u00e9 de Luxembourg<\/strong><\/strong><\/strong>            <\/span>\n\n            <svg aria-hidden=\"true\" focusable=\"false\" class=\"icon icon-outline icon--arrow-down \"><use xlink:href=\"https:\/\/www.uni.lu\/wp-content\/themes\/unilux-theme\/assets\/images\/icons\/icons-outline.svg#icon--arrow-down\"><\/use><\/svg>        <\/button>\n    <\/h3>\n    <div id=\"accordion-panel-01b6bc71-4396-4df3-b8bd-7c03a2b3b37c\"\n        class=\"accordion__collapse collapse\"\n        aria-labelledby=\"accordion-labelledby-01b6bc71-4396-4df3-b8bd-7c03a2b3b37c\"\n        data-bs-parent=\"[data-reference=&quot;82b296bf-a2f4-4969-a79a-a23830336dd2&quot;]\"\n    >\n        <div class=\"accordion__body \">\n            \n<p>Le Conseil \u00e9conomique et social (CES) du Grand-Duch\u00e9 de Luxembourg est l&rsquo;institution consultative permanente du Gouvernement en mati\u00e8re d&rsquo;orientation \u00e9conomique et sociale du pays. Le CES repr\u00e9sente l&rsquo;organe de r\u00e9flexion tripartite central et permanent du dialogue social et de la concertation socioprofessionnelle\u00a0au plan national. Les r\u00e9flexions du CES se situent \u00e0 un stade pr\u00e9coce, en amont des arbitrages finals et des d\u00e9cisions \u00e0 prendre par le Gouvernement et la Chambre des D\u00e9put\u00e9s. Le CES accompagne \u00e9galement le dialogue social europ\u00e9en structur\u00e9 sur le plan national et assure une concertation structur\u00e9e entre les d\u00e9l\u00e9gations luxembourgeoises des enceintes supranationales telles que le Comit\u00e9 \u00e9conomique et social de la Grande-R\u00e9gion et le Comit\u00e9 \u00e9conomique et social europ\u00e9en. Le CES \u2013 institu\u00e9 par la loi du 21 mars 1966 &#8211; est plac\u00e9 sous la tutelle du Premier Ministre et est financ\u00e9 par le biais du budget du Minist\u00e8re d&rsquo;Etat. (Pour en savoir plus consultez le\u00a0<a href=\"https:\/\/web.archive.org\/web\/20230703005736\/https:\/\/ces.public.lu\/fr\/ces.html\" target=\"_blank\" rel=\"noreferrer noopener\">site du CES<\/a>).<\/p>\n        <\/div>\n    <\/div>\n<\/div><\/div>\n\n\n\n<div class=\"wp-block-unilux-blocks-accordion accordion accordion--theme accordion-standard\" data-reference=\"40d8aac8-5a0b-4873-8615-33c5d4e442b3\" data-accordion-type=\"standard\"><div class=\"accordion__item  wp-block-unilux-blocks-accordion-item\">\n    <h3 class=\"accordion__header\"\n                    id=\"commune-de-ell\"\n        >\n        <button\n            type=\"button\"\n            id=\"accordion-labelledby-baeefc16-0117-48f8-907a-abcdd9e6db90\"\n            class=\"accordion__button collapsed\"\n            aria-expanded=\"false\"\n            aria-controls=\"accordion-panel-baeefc16-0117-48f8-907a-abcdd9e6db90\"\n            data-bs-toggle=\"collapse\"\n            data-bs-target=\"#accordion-panel-baeefc16-0117-48f8-907a-abcdd9e6db90\"\n        >\n            <span class=\"accordion__title\">\n                                <strong><strong><strong>Commune de Ell<\/strong><\/strong><\/strong>            <\/span>\n\n            <svg aria-hidden=\"true\" focusable=\"false\" class=\"icon icon-outline icon--arrow-down \"><use xlink:href=\"https:\/\/www.uni.lu\/wp-content\/themes\/unilux-theme\/assets\/images\/icons\/icons-outline.svg#icon--arrow-down\"><\/use><\/svg>        <\/button>\n    <\/h3>\n    <div id=\"accordion-panel-baeefc16-0117-48f8-907a-abcdd9e6db90\"\n        class=\"accordion__collapse collapse\"\n        aria-labelledby=\"accordion-labelledby-baeefc16-0117-48f8-907a-abcdd9e6db90\"\n        data-bs-parent=\"[data-reference=&quot;40d8aac8-5a0b-4873-8615-33c5d4e442b3&quot;]\"\n    >\n        <div class=\"accordion__body \">\n            \n<p>La commune d&rsquo;Ell se situe dans le canton de Redange, district de Diekirch. Elle a une surface de 21,55 km<sup>2\u00a0<\/sup>\u00a0et compte 1431 habitants dans cinq localit\u00e9s Colpach-bas (43 m\u00e9nages &#8211; 115 habitants)\u00a0; Colpach-haut (134 m\u00e9nages &#8211; 317 habitants)\u00a0; Ell (205 m\u00e9nages &#8211; 500 habitants\u00a0)\u00a0; Petit-Nobressart (55 m\u00e9nages &#8211; 159 habitants)\u00a0; Roodt (116 m\u00e9nages &#8211; Roodt 340 habitants). (Pour en savoir plus consultez le\u00a0<a href=\"https:\/\/web.archive.org\/web\/20230703005736\/http:\/\/www.ell.lu\/\" target=\"_blank\" rel=\"noreferrer noopener\">site internet d&rsquo;Ell<\/a>).<\/p>\n        <\/div>\n    <\/div>\n<\/div><\/div>\n\n\n<div class=\"wp-block-unilux-blocks-spacer is-spacer-size-sm\"><\/div>\n\n\n<h3 class=\"has-text-align-left wp-block-unilux-blocks-heading\"        id=\"la-presentation-de-m-jean-jacques-rommes\"\n    >\nLa pr\u00e9sentation de M. Jean-Jacques Rommes<\/h3>\n\n\n\n<p>Vous pouvez t\u00e9l\u00e9charger la pr\u00e9sentation de M. Jean-Jacques Rommes en cliquant sur le lien ci-dessous:<\/p>\n\n\n\n<ul class=\"wp-block-unilux-blocks-button-list-v2\">\n<li class=\"wp-block-unilux-blocks-button-list-item-v2\"><a class=\"quick-link\" href=\"https:\/\/www.uni.lu\/wp-content\/uploads\/sites\/9\/2024\/10\/Presentation-JJ-Rommes.Conf_.-EDIC_CEPW_ELL.25.9.2020.pdf\" target=\"\" role=\"link\" rel=\"noopener\" tabindex=\"0\"><span class=\"quick-link__container\">\n<div class=\"wp-block-unilux-blocks-block-inserter quick-link__img\">\n<div class=\"icon--primary icon--secondary-2 icon--xl wp-block-unilux-blocks-icon-picker\">\n    <svg aria-hidden=\"true\" focusable=\"false\" class=\"icon icon-outline icon--download \"><use xlink:href=\"https:\/\/www.uni.lu\/wp-content\/themes\/unilux-theme\/assets\/images\/icons\/icons-outline.svg#icon--download\"><\/use><\/svg><\/div><\/div>\n\n\n\n<span class=\"quick-link__name wp-block-unilux-blocks-plain-text\">Pr\u00e9sentation Powerpoint de M. Jean-Jacques Rommes <\/span>\n\n<svg aria-hidden=\"true\" focusable=\"false\" class=\"icon icon-outline icon--arrow-right \"><use xlink:href=\"https:\/\/www.uni.lu\/wp-content\/themes\/unilux-theme\/assets\/images\/icons\/icons-outline.svg#icon--arrow-right\"><\/use><\/svg><\/span><\/a><\/li>\n<\/ul>\n\n\n<div class=\"wp-block-unilux-blocks-spacer is-spacer-size-sm\"><\/div>\n\n\n<h3 class=\"has-text-align-left wp-block-unilux-blocks-heading\"        id=\"enregistrement-de-la-conference\"\n    >\nEnr\u00e9gistrement de la conf\u00e9rence\u00a0<\/h3>\n\n\n\n<ul class=\"wp-block-unilux-blocks-button-list-v2\">\n<li class=\"wp-block-unilux-blocks-button-list-item-v2\"><a class=\"quick-link\" href=\"https:\/\/www.youtube.com\/channel\/UCfFNzu4-TNGy82K91jL73OA?embeds_euri=https%3A%2F%2Fweb.archive.org%2Fweb%2F20230206084319%2Fhttps%3A%2F%2Fwwwen.uni.lu%2Fedic%2Four_projects%2Fpresent_et_perspectives_de_la_cooperation_tran&amp;feature=emb_ch_name_ex\" target=\"\" role=\"link\" rel=\"noopener\" tabindex=\"0\"><span class=\"quick-link__container\">\n<div class=\"wp-block-unilux-blocks-block-inserter quick-link__img\">\n<div class=\"icon--primary icon--secondary-2 icon--xl wp-block-unilux-blocks-icon-picker\">\n    <svg aria-hidden=\"true\" focusable=\"false\" class=\"icon icon-outline icon--video \"><use xlink:href=\"https:\/\/www.uni.lu\/wp-content\/themes\/unilux-theme\/assets\/images\/icons\/icons-outline.svg#icon--video\"><\/use><\/svg><\/div><\/div>\n\n\n\n<span class=\"quick-link__name wp-block-unilux-blocks-plain-text\">Enr\u00e9gistrement de la conf\u00e9rence<\/span>\n\n<svg aria-hidden=\"true\" focusable=\"false\" class=\"icon icon-outline icon--arrow-right \"><use xlink:href=\"https:\/\/www.uni.lu\/wp-content\/themes\/unilux-theme\/assets\/images\/icons\/icons-outline.svg#icon--arrow-right\"><\/use><\/svg><\/span><\/a><\/li>\n<\/ul>\n\n\n\n<section class=\"wp-block-unilux-blocks-free-section section\"><div class=\"container xl:max-w-screen-xl\">\n<p><\/p>\n\n\n\n<h3 class=\"has-text-align-left wp-block-unilux-blocks-heading\"        id=\"galerie-de-photos\"\n    >\nGalerie de photos<\/h3>\n\n\n\n<div class=\"wp-block-columns is-layout-flex wp-block-columns-is-layout-flex\">\n<div class=\"wp-block-column is-layout-flow wp-block-column-is-layout-flow\">\n<section class=\"alignfull wp-block-unilux-blocks-gallery-carousel\">\n    <div class=\"swiper swiper-gallery\" aria-roledescription=\"carousel\" aria-label=\"A gallery of images\">\n        <!-- Swiper button Next & Prev -->\n        <div class=\"swiper-nav\">\n            <div class=\"swiper-nav__container\">\n                <div class=\"swiper-nav__grid\">\n                    <button type=\"button\" class=\"swiper-button-next\">\n                        <svg aria-hidden=\"true\" focusable=\"false\" class=\"icon icon-outline icon--arrow-right \"><use xlink:href=\"https:\/\/www.uni.lu\/wp-content\/themes\/unilux-theme\/assets\/images\/icons\/icons-outline.svg#icon--arrow-right\"><\/use><\/svg>                    <\/button>\n                    <button type=\"button\" class=\"swiper-button-prev\">\n                        <svg aria-hidden=\"true\" focusable=\"false\" class=\"icon icon-outline icon--arrow-left \"><use xlink:href=\"https:\/\/www.uni.lu\/wp-content\/themes\/unilux-theme\/assets\/images\/icons\/icons-outline.svg#icon--arrow-left\"><\/use><\/svg>                    <\/button>\n                <\/div>\n            <\/div>\n        <\/div>\n\n        <!-- swiper slides -->\n        <ul class=\"swiper-wrapper\">\n            \n<li class=\"swiper-slide\" aria-roledescription=\"slide\">\n    <figure class=\"wp-block-dev4-reusable-blocks-image swiper-slide__bg object-fit--cover\">\n    \n<img decoding=\"async\" class=\"wp-block-image unilux-custom-image-block\"\n                alt=\"Pr\u00e9sent et perspectives de la coop\u00e9ration transfrontali\u00e8re - consid\u00e9rations du Conseil \u00e9conomique et social du Luxembourg\"\n            src=\"https:\/\/www.uni.lu\/wp-content\/uploads\/sites\/11\/2024\/10\/present_et_perspectives_de_la_cooperation_transfrontaliere_considerations_du_conseil_economique_et_social_du_luxembourg.jpg\"\n                srcset=\"https:\/\/www.uni.lu\/wp-content\/uploads\/sites\/11\/2024\/10\/present_et_perspectives_de_la_cooperation_transfrontaliere_considerations_du_conseil_economique_et_social_du_luxembourg-200x300.jpg 200w, https:\/\/www.uni.lu\/wp-content\/uploads\/sites\/11\/2024\/10\/present_et_perspectives_de_la_cooperation_transfrontaliere_considerations_du_conseil_economique_et_social_du_luxembourg-684x1024.jpg 684w, https:\/\/www.uni.lu\/wp-content\/uploads\/sites\/11\/2024\/10\/present_et_perspectives_de_la_cooperation_transfrontaliere_considerations_du_conseil_economique_et_social_du_luxembourg-768x1151.jpg 768w, https:\/\/www.uni.lu\/wp-content\/uploads\/sites\/11\/2024\/10\/present_et_perspectives_de_la_cooperation_transfrontaliere_considerations_du_conseil_economique_et_social_du_luxembourg-1025x1536.jpg 1025w, https:\/\/www.uni.lu\/wp-content\/uploads\/sites\/11\/2024\/10\/present_et_perspectives_de_la_cooperation_transfrontaliere_considerations_du_conseil_economique_et_social_du_luxembourg.jpg 1335w\"\n                style=\"object-position: 50.00% 50.00%; font-family: &quot;object-fit: cover; object-position: 50.00% 50.00%;&quot;; aspect-ratio: 16\/9; object-fit: cover; width: 100%;\"\n        loading=\"lazy\"\n\/>    <\/figure><\/li>\n<li class=\"swiper-slide\" aria-roledescription=\"slide\">\n    <figure class=\"wp-block-dev4-reusable-blocks-image swiper-slide__bg object-fit--cover\">\n    \n<img decoding=\"async\" class=\"wp-block-image unilux-custom-image-block\"\n                alt=\"Pr\u00e9sent et perspectives de la coop\u00e9ration transfrontali\u00e8re - consid\u00e9rations du Conseil \u00e9conomique et social du Luxembourg\"\n            src=\"https:\/\/www.uni.lu\/wp-content\/uploads\/sites\/11\/2024\/10\/present_et_perspectives_de_la_cooperation_transfrontaliere_considerations_du_conseil_economique_et_social_du_luxembourg-1.jpg\"\n                srcset=\"https:\/\/www.uni.lu\/wp-content\/uploads\/sites\/11\/2024\/10\/present_et_perspectives_de_la_cooperation_transfrontaliere_considerations_du_conseil_economique_et_social_du_luxembourg-1-300x200.jpg 300w, https:\/\/www.uni.lu\/wp-content\/uploads\/sites\/11\/2024\/10\/present_et_perspectives_de_la_cooperation_transfrontaliere_considerations_du_conseil_economique_et_social_du_luxembourg-1-1024x684.jpg 1024w, https:\/\/www.uni.lu\/wp-content\/uploads\/sites\/11\/2024\/10\/present_et_perspectives_de_la_cooperation_transfrontaliere_considerations_du_conseil_economique_et_social_du_luxembourg-1-768x513.jpg 768w, https:\/\/www.uni.lu\/wp-content\/uploads\/sites\/11\/2024\/10\/present_et_perspectives_de_la_cooperation_transfrontaliere_considerations_du_conseil_economique_et_social_du_luxembourg-1-1536x1025.jpg 1536w, https:\/\/www.uni.lu\/wp-content\/uploads\/sites\/11\/2024\/10\/present_et_perspectives_de_la_cooperation_transfrontaliere_considerations_du_conseil_economique_et_social_du_luxembourg-1.jpg 2000w\"\n                style=\"object-position: 50.00% 50.00%; font-family: &quot;object-fit: cover; object-position: 50.00% 50.00%;&quot;; aspect-ratio: 16\/9; object-fit: cover; width: 100%;\"\n        loading=\"lazy\"\n\/>    <\/figure><\/li>\n<li class=\"swiper-slide\" aria-roledescription=\"slide\">\n    <figure class=\"wp-block-dev4-reusable-blocks-image swiper-slide__bg object-fit--cover\">\n    \n<img decoding=\"async\" class=\"wp-block-image unilux-custom-image-block\"\n                alt=\"Pr\u00e9sent et perspectives de la coop\u00e9ration transfrontali\u00e8re - consid\u00e9rations du Conseil \u00e9conomique et social du Luxembourg\"\n            src=\"https:\/\/www.uni.lu\/wp-content\/uploads\/sites\/11\/2024\/10\/present_et_perspectives_de_la_cooperation_transfrontaliere_considerations_du_conseil_economique_et_social_du_luxembourg-2.jpg\"\n                srcset=\"https:\/\/www.uni.lu\/wp-content\/uploads\/sites\/11\/2024\/10\/present_et_perspectives_de_la_cooperation_transfrontaliere_considerations_du_conseil_economique_et_social_du_luxembourg-2-300x200.jpg 300w, https:\/\/www.uni.lu\/wp-content\/uploads\/sites\/11\/2024\/10\/present_et_perspectives_de_la_cooperation_transfrontaliere_considerations_du_conseil_economique_et_social_du_luxembourg-2-1024x684.jpg 1024w, https:\/\/www.uni.lu\/wp-content\/uploads\/sites\/11\/2024\/10\/present_et_perspectives_de_la_cooperation_transfrontaliere_considerations_du_conseil_economique_et_social_du_luxembourg-2-768x513.jpg 768w, https:\/\/www.uni.lu\/wp-content\/uploads\/sites\/11\/2024\/10\/present_et_perspectives_de_la_cooperation_transfrontaliere_considerations_du_conseil_economique_et_social_du_luxembourg-2-1536x1025.jpg 1536w, https:\/\/www.uni.lu\/wp-content\/uploads\/sites\/11\/2024\/10\/present_et_perspectives_de_la_cooperation_transfrontaliere_considerations_du_conseil_economique_et_social_du_luxembourg-2.jpg 2000w\"\n                style=\"object-position: 50.00% 50.00%; font-family: &quot;object-fit: cover; object-position: 50.00% 50.00%;&quot;; aspect-ratio: 16\/9; object-fit: cover; width: 100%;\"\n        loading=\"lazy\"\n\/>    <\/figure><\/li>\n<li class=\"swiper-slide\" aria-roledescription=\"slide\">\n    <figure class=\"wp-block-dev4-reusable-blocks-image swiper-slide__bg object-fit--cover\">\n    \n<img decoding=\"async\" class=\"wp-block-image unilux-custom-image-block\"\n                alt=\"Pr\u00e9sent et perspectives de la coop\u00e9ration transfrontali\u00e8re - consid\u00e9rations du Conseil \u00e9conomique et social du Luxembourg\"\n            src=\"https:\/\/www.uni.lu\/wp-content\/uploads\/sites\/11\/2024\/10\/present_et_perspectives_de_la_cooperation_transfrontaliere_considerations_du_conseil_economique_et_social_du_luxembourg-2.jpg\"\n                srcset=\"https:\/\/www.uni.lu\/wp-content\/uploads\/sites\/11\/2024\/10\/present_et_perspectives_de_la_cooperation_transfrontaliere_considerations_du_conseil_economique_et_social_du_luxembourg-2-300x200.jpg 300w, https:\/\/www.uni.lu\/wp-content\/uploads\/sites\/11\/2024\/10\/present_et_perspectives_de_la_cooperation_transfrontaliere_considerations_du_conseil_economique_et_social_du_luxembourg-2-1024x684.jpg 1024w, https:\/\/www.uni.lu\/wp-content\/uploads\/sites\/11\/2024\/10\/present_et_perspectives_de_la_cooperation_transfrontaliere_considerations_du_conseil_economique_et_social_du_luxembourg-2-768x513.jpg 768w, https:\/\/www.uni.lu\/wp-content\/uploads\/sites\/11\/2024\/10\/present_et_perspectives_de_la_cooperation_transfrontaliere_considerations_du_conseil_economique_et_social_du_luxembourg-2-1536x1025.jpg 1536w, https:\/\/www.uni.lu\/wp-content\/uploads\/sites\/11\/2024\/10\/present_et_perspectives_de_la_cooperation_transfrontaliere_considerations_du_conseil_economique_et_social_du_luxembourg-2.jpg 2000w\"\n                style=\"object-position: 50.00% 50.00%; font-family: &quot;object-fit: cover; object-position: 50.00% 50.00%;&quot;; aspect-ratio: 16\/9; object-fit: cover; width: 100%;\"\n        loading=\"lazy\"\n\/>    <\/figure><\/li>\n<li class=\"swiper-slide\" aria-roledescription=\"slide\">\n    <figure class=\"wp-block-dev4-reusable-blocks-image swiper-slide__bg object-fit--cover\">\n    \n<img decoding=\"async\" class=\"wp-block-image unilux-custom-image-block\"\n                alt=\"Pr\u00e9sent et perspectives de la coop\u00e9ration transfrontali\u00e8re - consid\u00e9rations du Conseil \u00e9conomique et social du Luxembourg\"\n            src=\"https:\/\/www.uni.lu\/wp-content\/uploads\/sites\/11\/2024\/10\/present_et_perspectives_de_la_cooperation_transfrontaliere_considerations_du_conseil_economique_et_social_du_luxembourg-4.jpg\"\n                srcset=\"https:\/\/www.uni.lu\/wp-content\/uploads\/sites\/11\/2024\/10\/present_et_perspectives_de_la_cooperation_transfrontaliere_considerations_du_conseil_economique_et_social_du_luxembourg-4-300x202.jpg 300w, https:\/\/www.uni.lu\/wp-content\/uploads\/sites\/11\/2024\/10\/present_et_perspectives_de_la_cooperation_transfrontaliere_considerations_du_conseil_economique_et_social_du_luxembourg-4-1024x688.jpg 1024w, https:\/\/www.uni.lu\/wp-content\/uploads\/sites\/11\/2024\/10\/present_et_perspectives_de_la_cooperation_transfrontaliere_considerations_du_conseil_economique_et_social_du_luxembourg-4-768x516.jpg 768w, https:\/\/www.uni.lu\/wp-content\/uploads\/sites\/11\/2024\/10\/present_et_perspectives_de_la_cooperation_transfrontaliere_considerations_du_conseil_economique_et_social_du_luxembourg-4-1536x1032.jpg 1536w, https:\/\/www.uni.lu\/wp-content\/uploads\/sites\/11\/2024\/10\/present_et_perspectives_de_la_cooperation_transfrontaliere_considerations_du_conseil_economique_et_social_du_luxembourg-4.jpg 2000w\"\n                style=\"object-position: 50.00% 50.00%; font-family: &quot;object-fit: cover; object-position: 50.00% 50.00%;&quot;; aspect-ratio: 16\/9; object-fit: cover; width: 100%;\"\n        loading=\"lazy\"\n\/>    <\/figure><\/li>\n<li class=\"swiper-slide\" aria-roledescription=\"slide\">\n    <figure class=\"wp-block-dev4-reusable-blocks-image swiper-slide__bg object-fit--cover\">\n    \n<img decoding=\"async\" class=\"wp-block-image unilux-custom-image-block\"\n                alt=\"Pr\u00e9sent et perspectives de la coop\u00e9ration transfrontali\u00e8re - consid\u00e9rations du Conseil \u00e9conomique et social du Luxembourg\"\n            src=\"https:\/\/www.uni.lu\/wp-content\/uploads\/sites\/11\/2024\/10\/present_et_perspectives_de_la_cooperation_transfrontaliere_considerations_du_conseil_economique_et_social_du_luxembourg-5.jpg\"\n                srcset=\"https:\/\/www.uni.lu\/wp-content\/uploads\/sites\/11\/2024\/10\/present_et_perspectives_de_la_cooperation_transfrontaliere_considerations_du_conseil_economique_et_social_du_luxembourg-5-300x200.jpg 300w, https:\/\/www.uni.lu\/wp-content\/uploads\/sites\/11\/2024\/10\/present_et_perspectives_de_la_cooperation_transfrontaliere_considerations_du_conseil_economique_et_social_du_luxembourg-5-1024x684.jpg 1024w, https:\/\/www.uni.lu\/wp-content\/uploads\/sites\/11\/2024\/10\/present_et_perspectives_de_la_cooperation_transfrontaliere_considerations_du_conseil_economique_et_social_du_luxembourg-5-768x513.jpg 768w, https:\/\/www.uni.lu\/wp-content\/uploads\/sites\/11\/2024\/10\/present_et_perspectives_de_la_cooperation_transfrontaliere_considerations_du_conseil_economique_et_social_du_luxembourg-5-1536x1025.jpg 1536w, https:\/\/www.uni.lu\/wp-content\/uploads\/sites\/11\/2024\/10\/present_et_perspectives_de_la_cooperation_transfrontaliere_considerations_du_conseil_economique_et_social_du_luxembourg-5.jpg 2000w\"\n                style=\"object-position: 50.00% 50.00%; font-family: &quot;object-fit: cover; object-position: 50.00% 50.00%;&quot;; aspect-ratio: 16\/9; object-fit: cover; width: 100%;\"\n        loading=\"lazy\"\n\/>    <\/figure><\/li>\n<li class=\"swiper-slide\" aria-roledescription=\"slide\">\n    <figure class=\"wp-block-dev4-reusable-blocks-image swiper-slide__bg object-fit--cover\">\n    \n<img decoding=\"async\" class=\"wp-block-image unilux-custom-image-block\"\n                alt=\"Jean-Jacques Rommes lors de sa conf\u00e9rence\"\n            src=\"https:\/\/www.uni.lu\/wp-content\/uploads\/sites\/11\/2024\/10\/jean_jacques_rommes_lors_de_sa_conference.jpg\"\n                srcset=\"https:\/\/www.uni.lu\/wp-content\/uploads\/sites\/11\/2024\/10\/jean_jacques_rommes_lors_de_sa_conference-300x200.jpg 300w, https:\/\/www.uni.lu\/wp-content\/uploads\/sites\/11\/2024\/10\/jean_jacques_rommes_lors_de_sa_conference-1024x684.jpg 1024w, https:\/\/www.uni.lu\/wp-content\/uploads\/sites\/11\/2024\/10\/jean_jacques_rommes_lors_de_sa_conference-768x513.jpg 768w, https:\/\/www.uni.lu\/wp-content\/uploads\/sites\/11\/2024\/10\/jean_jacques_rommes_lors_de_sa_conference-1536x1025.jpg 1536w, https:\/\/www.uni.lu\/wp-content\/uploads\/sites\/11\/2024\/10\/jean_jacques_rommes_lors_de_sa_conference.jpg 2000w\"\n                style=\"object-position: 50.00% 50.00%; font-family: &quot;object-fit: cover; object-position: 50.00% 50.00%;&quot;; aspect-ratio: 16\/9; object-fit: cover; width: 100%;\"\n        loading=\"lazy\"\n\/>    <\/figure><\/li>\n<li class=\"swiper-slide\" aria-roledescription=\"slide\">\n    <figure class=\"wp-block-dev4-reusable-blocks-image swiper-slide__bg object-fit--cover\">\n    \n<img decoding=\"async\" class=\"wp-block-image unilux-custom-image-block\"\n                alt=\"Jean-Jacques Rommes lors de sa conf\u00e9rence\"\n            src=\"https:\/\/www.uni.lu\/wp-content\/uploads\/sites\/11\/2024\/10\/jean_jacques_rommes_lors_de_sa_conference-1.jpg\"\n                srcset=\"https:\/\/www.uni.lu\/wp-content\/uploads\/sites\/11\/2024\/10\/jean_jacques_rommes_lors_de_sa_conference-1-300x200.jpg 300w, https:\/\/www.uni.lu\/wp-content\/uploads\/sites\/11\/2024\/10\/jean_jacques_rommes_lors_de_sa_conference-1-1024x684.jpg 1024w, https:\/\/www.uni.lu\/wp-content\/uploads\/sites\/11\/2024\/10\/jean_jacques_rommes_lors_de_sa_conference-1-768x513.jpg 768w, https:\/\/www.uni.lu\/wp-content\/uploads\/sites\/11\/2024\/10\/jean_jacques_rommes_lors_de_sa_conference-1-1536x1025.jpg 1536w, https:\/\/www.uni.lu\/wp-content\/uploads\/sites\/11\/2024\/10\/jean_jacques_rommes_lors_de_sa_conference-1.jpg 2000w\"\n                style=\"object-position: 50.00% 50.00%; font-family: &quot;object-fit: cover; object-position: 50.00% 50.00%;&quot;; aspect-ratio: 16\/9; object-fit: cover; width: 100%;\"\n        loading=\"lazy\"\n\/>    <\/figure><\/li>\n<li class=\"swiper-slide\" aria-roledescription=\"slide\">\n    <figure class=\"wp-block-dev4-reusable-blocks-image swiper-slide__bg object-fit--cover\">\n    \n<img decoding=\"async\" class=\"wp-block-image unilux-custom-image-block\"\n                alt=\"Pr\u00e9sent et perspectives de la coop\u00e9ration transfrontali\u00e8re - consid\u00e9rations du Conseil \u00e9conomique et social du Luxembourg\"\n            src=\"https:\/\/www.uni.lu\/wp-content\/uploads\/sites\/11\/2024\/10\/present_et_perspectives_de_la_cooperation_transfrontaliere_considerations_du_conseil_economique_et_social_du_luxembourg-6.jpg\"\n                srcset=\"https:\/\/www.uni.lu\/wp-content\/uploads\/sites\/11\/2024\/10\/present_et_perspectives_de_la_cooperation_transfrontaliere_considerations_du_conseil_economique_et_social_du_luxembourg-6-200x300.jpg 200w, https:\/\/www.uni.lu\/wp-content\/uploads\/sites\/11\/2024\/10\/present_et_perspectives_de_la_cooperation_transfrontaliere_considerations_du_conseil_economique_et_social_du_luxembourg-6-684x1024.jpg 684w, https:\/\/www.uni.lu\/wp-content\/uploads\/sites\/11\/2024\/10\/present_et_perspectives_de_la_cooperation_transfrontaliere_considerations_du_conseil_economique_et_social_du_luxembourg-6-768x1151.jpg 768w, https:\/\/www.uni.lu\/wp-content\/uploads\/sites\/11\/2024\/10\/present_et_perspectives_de_la_cooperation_transfrontaliere_considerations_du_conseil_economique_et_social_du_luxembourg-6-1025x1536.jpg 1025w, https:\/\/www.uni.lu\/wp-content\/uploads\/sites\/11\/2024\/10\/present_et_perspectives_de_la_cooperation_transfrontaliere_considerations_du_conseil_economique_et_social_du_luxembourg-6.jpg 1335w\"\n                style=\"object-position: 48.00% 60.00%; font-family: &quot;object-fit: cover; object-position: 48.00% 60.00%;&quot;; aspect-ratio: 16\/9; object-fit: cover; width: 100%;\"\n        loading=\"lazy\"\n\/>    <\/figure><\/li>        <\/ul>\n\n        <!-- Swiper pagination -->\n        <div class=\"swiper-pagination\">\n            <div class=\"swiper-pagination__bullets\"><\/div>\n        <\/div>\n    <\/div>\n<\/section><\/div>\n\n\n\n<div class=\"wp-block-column is-layout-flow wp-block-column-is-layout-flow\">\n<section class=\"alignfull wp-block-unilux-blocks-gallery-carousel\">\n    <div class=\"swiper swiper-gallery\" aria-roledescription=\"carousel\" aria-label=\"A gallery of images\">\n        <!-- Swiper button Next & Prev -->\n        <div class=\"swiper-nav\">\n            <div class=\"swiper-nav__container\">\n                <div class=\"swiper-nav__grid\">\n                    <button type=\"button\" class=\"swiper-button-next\">\n                        <svg aria-hidden=\"true\" focusable=\"false\" class=\"icon icon-outline icon--arrow-right \"><use xlink:href=\"https:\/\/www.uni.lu\/wp-content\/themes\/unilux-theme\/assets\/images\/icons\/icons-outline.svg#icon--arrow-right\"><\/use><\/svg>                    <\/button>\n                    <button type=\"button\" class=\"swiper-button-prev\">\n                        <svg aria-hidden=\"true\" focusable=\"false\" class=\"icon icon-outline icon--arrow-left \"><use xlink:href=\"https:\/\/www.uni.lu\/wp-content\/themes\/unilux-theme\/assets\/images\/icons\/icons-outline.svg#icon--arrow-left\"><\/use><\/svg>                    <\/button>\n                <\/div>\n            <\/div>\n        <\/div>\n\n        <!-- swiper slides -->\n        <ul class=\"swiper-wrapper\">\n            \n<li class=\"swiper-slide\" aria-roledescription=\"slide\">\n    <figure class=\"wp-block-dev4-reusable-blocks-image swiper-slide__bg object-fit--cover\">\n    \n<img decoding=\"async\" class=\"wp-block-image unilux-custom-image-block\"\n                alt=\"Pr\u00e9sent et perspectives de la coop\u00e9ration transfrontali\u00e8re - consid\u00e9rations du Conseil \u00e9conomique et social du Luxembourg\"\n            src=\"https:\/\/www.uni.lu\/wp-content\/uploads\/sites\/11\/2024\/10\/present_et_perspectives_de_la_cooperation_transfrontaliere_considerations_du_conseil_economique_et_social_du_luxembourg-7.jpg\"\n                srcset=\"https:\/\/www.uni.lu\/wp-content\/uploads\/sites\/11\/2024\/10\/present_et_perspectives_de_la_cooperation_transfrontaliere_considerations_du_conseil_economique_et_social_du_luxembourg-7-300x200.jpg 300w, https:\/\/www.uni.lu\/wp-content\/uploads\/sites\/11\/2024\/10\/present_et_perspectives_de_la_cooperation_transfrontaliere_considerations_du_conseil_economique_et_social_du_luxembourg-7-1024x684.jpg 1024w, https:\/\/www.uni.lu\/wp-content\/uploads\/sites\/11\/2024\/10\/present_et_perspectives_de_la_cooperation_transfrontaliere_considerations_du_conseil_economique_et_social_du_luxembourg-7-768x513.jpg 768w, https:\/\/www.uni.lu\/wp-content\/uploads\/sites\/11\/2024\/10\/present_et_perspectives_de_la_cooperation_transfrontaliere_considerations_du_conseil_economique_et_social_du_luxembourg-7-1536x1025.jpg 1536w, https:\/\/www.uni.lu\/wp-content\/uploads\/sites\/11\/2024\/10\/present_et_perspectives_de_la_cooperation_transfrontaliere_considerations_du_conseil_economique_et_social_du_luxembourg-7.jpg 2000w\"\n                style=\"object-position: 50.00% 50.00%; font-family: &quot;object-fit: cover; object-position: 50.00% 50.00%;&quot;; aspect-ratio: 16\/9; object-fit: cover; width: 100%;\"\n        loading=\"lazy\"\n\/>    <\/figure><\/li>\n<li class=\"swiper-slide\" aria-roledescription=\"slide\">\n    <figure class=\"wp-block-dev4-reusable-blocks-image swiper-slide__bg object-fit--cover\">\n    \n<img decoding=\"async\" class=\"wp-block-image unilux-custom-image-block\"\n                alt=\"Pr\u00e9sent et perspectives de la coop\u00e9ration transfrontali\u00e8re - consid\u00e9rations du Conseil \u00e9conomique et social du Luxembourg\"\n            src=\"https:\/\/www.uni.lu\/wp-content\/uploads\/sites\/11\/2024\/10\/present_et_perspectives_de_la_cooperation_transfrontaliere_considerations_du_conseil_economique_et_social_du_luxembourg-8.jpg\"\n                srcset=\"https:\/\/www.uni.lu\/wp-content\/uploads\/sites\/11\/2024\/10\/present_et_perspectives_de_la_cooperation_transfrontaliere_considerations_du_conseil_economique_et_social_du_luxembourg-8-300x200.jpg 300w, https:\/\/www.uni.lu\/wp-content\/uploads\/sites\/11\/2024\/10\/present_et_perspectives_de_la_cooperation_transfrontaliere_considerations_du_conseil_economique_et_social_du_luxembourg-8-1024x684.jpg 1024w, https:\/\/www.uni.lu\/wp-content\/uploads\/sites\/11\/2024\/10\/present_et_perspectives_de_la_cooperation_transfrontaliere_considerations_du_conseil_economique_et_social_du_luxembourg-8-768x513.jpg 768w, https:\/\/www.uni.lu\/wp-content\/uploads\/sites\/11\/2024\/10\/present_et_perspectives_de_la_cooperation_transfrontaliere_considerations_du_conseil_economique_et_social_du_luxembourg-8-1536x1025.jpg 1536w, https:\/\/www.uni.lu\/wp-content\/uploads\/sites\/11\/2024\/10\/present_et_perspectives_de_la_cooperation_transfrontaliere_considerations_du_conseil_economique_et_social_du_luxembourg-8.jpg 2000w\"\n                style=\"object-position: 50.00% 50.00%; font-family: &quot;object-fit: cover; object-position: 50.00% 50.00%;&quot;; aspect-ratio: 16\/9; object-fit: cover; width: 100%;\"\n        loading=\"lazy\"\n\/>    <\/figure><\/li>\n<li class=\"swiper-slide\" aria-roledescription=\"slide\">\n    <figure class=\"wp-block-dev4-reusable-blocks-image swiper-slide__bg object-fit--cover\">\n    \n<img decoding=\"async\" class=\"wp-block-image unilux-custom-image-block\"\n                alt=\"Pr\u00e9sent et perspectives de la coop\u00e9ration transfrontali\u00e8re - consid\u00e9rations du Conseil \u00e9conomique et social du Luxembourg\"\n            src=\"https:\/\/www.uni.lu\/wp-content\/uploads\/sites\/11\/2024\/10\/present_et_perspectives_de_la_cooperation_transfrontaliere_considerations_du_conseil_economique_et_social_du_luxembourg-9.jpg\"\n                srcset=\"https:\/\/www.uni.lu\/wp-content\/uploads\/sites\/11\/2024\/10\/present_et_perspectives_de_la_cooperation_transfrontaliere_considerations_du_conseil_economique_et_social_du_luxembourg-9-300x200.jpg 300w, https:\/\/www.uni.lu\/wp-content\/uploads\/sites\/11\/2024\/10\/present_et_perspectives_de_la_cooperation_transfrontaliere_considerations_du_conseil_economique_et_social_du_luxembourg-9-1024x684.jpg 1024w, https:\/\/www.uni.lu\/wp-content\/uploads\/sites\/11\/2024\/10\/present_et_perspectives_de_la_cooperation_transfrontaliere_considerations_du_conseil_economique_et_social_du_luxembourg-9-768x513.jpg 768w, https:\/\/www.uni.lu\/wp-content\/uploads\/sites\/11\/2024\/10\/present_et_perspectives_de_la_cooperation_transfrontaliere_considerations_du_conseil_economique_et_social_du_luxembourg-9-1536x1025.jpg 1536w, https:\/\/www.uni.lu\/wp-content\/uploads\/sites\/11\/2024\/10\/present_et_perspectives_de_la_cooperation_transfrontaliere_considerations_du_conseil_economique_et_social_du_luxembourg-9.jpg 2000w\"\n                style=\"object-position: 50.00% 50.00%; font-family: &quot;object-fit: cover; object-position: 50.00% 50.00%;&quot;; aspect-ratio: 16\/9; object-fit: cover; width: 100%;\"\n        loading=\"lazy\"\n\/>    <\/figure><\/li>\n<li class=\"swiper-slide\" aria-roledescription=\"slide\">\n    <figure class=\"wp-block-dev4-reusable-blocks-image swiper-slide__bg object-fit--cover\">\n    \n<img decoding=\"async\" class=\"wp-block-image unilux-custom-image-block\"\n                alt=\"Pr\u00e9sent et perspectives de la coop\u00e9ration transfrontali\u00e8re - consid\u00e9rations du Conseil \u00e9conomique et social du Luxembourg\"\n            src=\"https:\/\/www.uni.lu\/wp-content\/uploads\/sites\/11\/2024\/10\/present_et_perspectives_de_la_cooperation_transfrontaliere_considerations_du_conseil_economique_et_social_du_luxembourg_previous_1_2.jpg\"\n                srcset=\"https:\/\/www.uni.lu\/wp-content\/uploads\/sites\/11\/2024\/10\/present_et_perspectives_de_la_cooperation_transfrontaliere_considerations_du_conseil_economique_et_social_du_luxembourg_previous_1_2-300x200.jpg 300w, https:\/\/www.uni.lu\/wp-content\/uploads\/sites\/11\/2024\/10\/present_et_perspectives_de_la_cooperation_transfrontaliere_considerations_du_conseil_economique_et_social_du_luxembourg_previous_1_2-1024x684.jpg 1024w, https:\/\/www.uni.lu\/wp-content\/uploads\/sites\/11\/2024\/10\/present_et_perspectives_de_la_cooperation_transfrontaliere_considerations_du_conseil_economique_et_social_du_luxembourg_previous_1_2-768x513.jpg 768w, https:\/\/www.uni.lu\/wp-content\/uploads\/sites\/11\/2024\/10\/present_et_perspectives_de_la_cooperation_transfrontaliere_considerations_du_conseil_economique_et_social_du_luxembourg_previous_1_2-1536x1025.jpg 1536w, https:\/\/www.uni.lu\/wp-content\/uploads\/sites\/11\/2024\/10\/present_et_perspectives_de_la_cooperation_transfrontaliere_considerations_du_conseil_economique_et_social_du_luxembourg_previous_1_2.jpg 2000w\"\n                style=\"object-position: 50.00% 50.00%; font-family: &quot;object-fit: cover; object-position: 50.00% 50.00%;&quot;; aspect-ratio: 16\/9; object-fit: cover; width: 100%;\"\n        loading=\"lazy\"\n\/>    <\/figure><\/li>        <\/ul>\n\n        <!-- Swiper pagination -->\n        <div class=\"swiper-pagination\">\n            <div class=\"swiper-pagination__bullets\"><\/div>\n        <\/div>\n    <\/div>\n<\/section><\/div>\n<\/div>\n<\/div><\/section>\n<\/div><\/section>\n","protected":false},"excerpt":{"rendered":"","protected":false},"author":292,"featured_media":12880,"parent":0,"menu_order":0,"comment_status":"open","ping_status":"closed","template":"","format":"standard","meta":{"featured_image_focal_point":[],"show_featured_caption":false,"ulux_newsletter_groups":"","uluxPostTitle":"","uluxPrePostTitle":"","_trash_the_other_posts":false,"_price":"","_stock":"","_tribe_ticket_header":"","_tribe_default_ticket_provider":"","_tribe_ticket_capacity":"0","_ticket_start_date":"","_ticket_end_date":"","_tribe_ticket_show_description":"","_tribe_ticket_show_not_going":false,"_tribe_ticket_use_global_stock":"","_tribe_ticket_global_stock_level":"","_global_stock_mode":"","_global_stock_cap":"","_tribe_rsvp_for_event":"","_tribe_ticket_going_count":"","_tribe_ticket_not_going_count":"","_tribe_tickets_list":"[]","_tribe_ticket_has_attendee_info_fields":false,"event_start_date":"2020-09-25 10:00:00","event_end_date":"2020-09-25 15:00:00","event_speaker_name":"Jean-Jacques Rommes","event_speaker_link":"","event_is_online":false,"event_location":"Universit\u00e9 de Luxembourg, Campus Belval","event_street":"2 Av. de l'Universite ","event_location_link":"","event_zip_code":"4365","event_city":"Belval Esch an der Alzette","event_country":"Luxembourg"},"events-topic":[],"events-type":[],"organisation":[297],"authorship":[292],"acf":[],"yoast_head":"<!-- This site is optimized with the Yoast SEO Premium plugin v22.3 (Yoast SEO v22.3) - https:\/\/yoast.com\/wordpress\/plugins\/seo\/ -->\n<title>Pr\u00e9sent et perspectives de la coop\u00e9ration transfrontali\u00e8re - consid\u00e9rations du Conseil \u00e9conomique et social du Luxembourg - Universit\u00e9 du Luxembourg<\/title>\n<meta name=\"description\" content=\"L\u2019EDIC de l\u2019Universit\u00e9 du Luxembourg et le Cercle Europ\u00e9en Pierre Werner en collaboration avec la Commune de Ell ont organis\u00e9 la conf\u00e9rence-d\u00e9bat Pr\u00e9sent\" \/>\n<meta name=\"robots\" content=\"index, follow, max-snippet:-1, max-image-preview:large, max-video-preview:-1\" \/>\n<link rel=\"canonical\" href=\"https:\/\/www.uni.lu\/fr\/events\/present-et-perspectives-de-la-cooperation-transfrontaliere-considerations-du-conseil-economique-et-social-du-luxembourg-2\/\" \/>\n<meta property=\"og:locale\" content=\"fr_FR\" \/>\n<meta property=\"og:type\" content=\"article\" \/>\n<meta property=\"og:title\" content=\"Pr\u00e9sent et perspectives de la coop\u00e9ration transfrontali\u00e8re - consid\u00e9rations du Conseil \u00e9conomique et social du Luxembourg\" \/>\n<meta property=\"og:description\" content=\"L\u2019EDIC de l\u2019Universit\u00e9 du Luxembourg et le Cercle Europ\u00e9en Pierre Werner en collaboration avec la Commune de Ell ont organis\u00e9 la conf\u00e9rence-d\u00e9bat Pr\u00e9sent\" \/>\n<meta property=\"og:url\" content=\"https:\/\/www.uni.lu\/fr\/events\/present-et-perspectives-de-la-cooperation-transfrontaliere-considerations-du-conseil-economique-et-social-du-luxembourg-2\/\" \/>\n<meta property=\"og:site_name\" content=\"UNI FR\" \/>\n<meta property=\"article:publisher\" content=\"https:\/\/www.facebook.com\/uni.lu\" \/>\n<meta property=\"article:modified_time\" content=\"2024-10-28T09:42:12+00:00\" \/>\n<meta property=\"og:image\" content=\"https:\/\/www.uni.lu\/wp-content\/uploads\/sites\/11\/2024\/10\/jean_jacques_rommes_lors_de_sa_conference.jpg\" \/>\n\t<meta property=\"og:image:width\" content=\"2000\" \/>\n\t<meta property=\"og:image:height\" content=\"1335\" \/>\n\t<meta property=\"og:image:type\" content=\"image\/jpeg\" \/>\n<meta name=\"twitter:card\" content=\"summary_large_image\" \/>\n<meta name=\"twitter:label1\" content=\"Dur\u00e9e de lecture estim\u00e9e\" \/>\n\t<meta name=\"twitter:data1\" content=\"4 minutes\" \/>\n<script type=\"application\/ld+json\" class=\"yoast-schema-graph\">{\"@context\":\"https:\/\/schema.org\",\"@graph\":[{\"@type\":\"WebPage\",\"@id\":\"https:\/\/www.uni.lu\/fr\/events\/present-et-perspectives-de-la-cooperation-transfrontaliere-considerations-du-conseil-economique-et-social-du-luxembourg-2\/\",\"url\":\"https:\/\/www.uni.lu\/fr\/events\/present-et-perspectives-de-la-cooperation-transfrontaliere-considerations-du-conseil-economique-et-social-du-luxembourg-2\/\",\"name\":\"Pr\u00e9sent et perspectives de la coop\u00e9ration transfrontali\u00e8re - consid\u00e9rations du Conseil \u00e9conomique et social du Luxembourg - Universit\u00e9 du Luxembourg\",\"isPartOf\":{\"@id\":\"https:\/\/www.uni.lu\/fr\/#website\"},\"primaryImageOfPage\":{\"@id\":\"https:\/\/www.uni.lu\/fr\/events\/present-et-perspectives-de-la-cooperation-transfrontaliere-considerations-du-conseil-economique-et-social-du-luxembourg-2\/#primaryimage\"},\"image\":{\"@id\":\"https:\/\/www.uni.lu\/fr\/events\/present-et-perspectives-de-la-cooperation-transfrontaliere-considerations-du-conseil-economique-et-social-du-luxembourg-2\/#primaryimage\"},\"thumbnailUrl\":\"https:\/\/www.uni.lu\/wp-content\/uploads\/sites\/11\/2024\/10\/jean_jacques_rommes_lors_de_sa_conference.jpg\",\"datePublished\":\"2024-10-28T09:42:11+00:00\",\"dateModified\":\"2024-10-28T09:42:12+00:00\",\"description\":\"L\u2019EDIC de l\u2019Universit\u00e9 du Luxembourg et le Cercle Europ\u00e9en Pierre Werner en collaboration avec la Commune de Ell ont organis\u00e9 la conf\u00e9rence-d\u00e9bat Pr\u00e9sent\",\"breadcrumb\":{\"@id\":\"https:\/\/www.uni.lu\/fr\/events\/present-et-perspectives-de-la-cooperation-transfrontaliere-considerations-du-conseil-economique-et-social-du-luxembourg-2\/#breadcrumb\"},\"inLanguage\":\"fr-FR\",\"potentialAction\":[{\"@type\":\"ReadAction\",\"target\":[\"https:\/\/www.uni.lu\/fr\/events\/present-et-perspectives-de-la-cooperation-transfrontaliere-considerations-du-conseil-economique-et-social-du-luxembourg-2\/\"]}]},{\"@type\":\"ImageObject\",\"inLanguage\":\"fr-FR\",\"@id\":\"https:\/\/www.uni.lu\/fr\/events\/present-et-perspectives-de-la-cooperation-transfrontaliere-considerations-du-conseil-economique-et-social-du-luxembourg-2\/#primaryimage\",\"url\":\"https:\/\/www.uni.lu\/wp-content\/uploads\/sites\/11\/2024\/10\/jean_jacques_rommes_lors_de_sa_conference.jpg\",\"contentUrl\":\"https:\/\/www.uni.lu\/wp-content\/uploads\/sites\/11\/2024\/10\/jean_jacques_rommes_lors_de_sa_conference.jpg\",\"width\":2000,\"height\":1335,\"caption\":\"Jean-Jacques Rommes lors de sa conf\u00e9rence\"},{\"@type\":\"BreadcrumbList\",\"@id\":\"https:\/\/www.uni.lu\/fr\/events\/present-et-perspectives-de-la-cooperation-transfrontaliere-considerations-du-conseil-economique-et-social-du-luxembourg-2\/#breadcrumb\",\"itemListElement\":[{\"@type\":\"ListItem\",\"position\":1,\"name\":\"Home\",\"item\":\"https:\/\/www.uni.lu\/fr\/\"},{\"@type\":\"ListItem\",\"position\":2,\"name\":\"Events\",\"item\":\"https:\/\/www.uni.lu\/fr\/events\/\"},{\"@type\":\"ListItem\",\"position\":3,\"name\":\"Pr\u00e9sent et perspectives de la coop\u00e9ration transfrontali\u00e8re - consid\u00e9rations du Conseil \u00e9conomique et social du Luxembourg\"}]},{\"@type\":\"WebSite\",\"@id\":\"https:\/\/www.uni.lu\/fr\/#website\",\"url\":\"https:\/\/www.uni.lu\/fr\/\",\"name\":\"Uni.lu\",\"description\":\"Universit\u00e9 du Luxembourg\",\"publisher\":{\"@id\":\"https:\/\/www.uni.lu\/fr\/#organization\"},\"alternateName\":\"Universit\u00e9 du Luxembourg\",\"potentialAction\":[{\"@type\":\"SearchAction\",\"target\":{\"@type\":\"EntryPoint\",\"urlTemplate\":\"https:\/\/www.uni.lu\/fr\/?s={search_term_string}\"},\"query-input\":\"required name=search_term_string\"}],\"inLanguage\":\"fr-FR\"},{\"@type\":\"Organization\",\"@id\":\"https:\/\/www.uni.lu\/fr\/#organization\",\"name\":\"Universit\u00e9 du Luxembourg\",\"alternateName\":\"Uni.lu\",\"url\":\"https:\/\/www.uni.lu\/fr\/\",\"logo\":{\"@type\":\"ImageObject\",\"inLanguage\":\"fr-FR\",\"@id\":\"https:\/\/www.uni.lu\/fr\/#\/schema\/logo\/image\/\",\"url\":\"https:\/\/www.uni.lu\/wp-content\/uploads\/sites\/11\/2026\/03\/03120045\/UNIV_SM-Profile_1600x1600px-scaled.jpg\",\"contentUrl\":\"https:\/\/www.uni.lu\/wp-content\/uploads\/sites\/11\/2026\/03\/03120045\/UNIV_SM-Profile_1600x1600px-scaled.jpg\",\"width\":2560,\"height\":2560,\"caption\":\"Universit\u00e9 du Luxembourg\"},\"image\":\"https:\/\/www.uni.lu\/wp-content\/uploads\/sites\/11\/2026\/04\/24120552\/20200609-Belval-Campus_Henri-Goergen-23.jpg\",\"sameAs\":[\"https:\/\/www.facebook.com\/uni.lu\",\"https:\/\/www.linkedin.com\/school\/university-of-luxembourg\/\",\"https:\/\/www.instagram.com\/uni.lu\",\"https:\/\/www.youtube.com\/@uni_lu\",\"https:\/\/en.wikipedia.org\/wiki\/University_of_Luxembourg\"],\"email\":\"communication@uni.lu\",\"telephone\":\"+352 46 66 44 1\",\"address\":{\"@type\":\"PostalAddress\",\"streetAddress\":\"2, place de l\u2019Universit\u00e9\",\"addressLocality\":\"Esch-sur-Alzette\",\"postalCode\":\"4365\",\"addressCountry\":\"LU\"},\"description\":\"Universit\u00e9 du Luxembourg\"}]}<\/script>\n<!-- \/ Yoast SEO Premium plugin. -->","yoast_head_json":{"title":"Pr\u00e9sent et perspectives de la coop\u00e9ration transfrontali\u00e8re - consid\u00e9rations du Conseil \u00e9conomique et social du Luxembourg - Universit\u00e9 du Luxembourg","description":"L\u2019EDIC de l\u2019Universit\u00e9 du Luxembourg et le Cercle Europ\u00e9en Pierre Werner en collaboration avec la Commune de Ell ont organis\u00e9 la conf\u00e9rence-d\u00e9bat Pr\u00e9sent","robots":{"index":"index","follow":"follow","max-snippet":"max-snippet:-1","max-image-preview":"max-image-preview:large","max-video-preview":"max-video-preview:-1"},"canonical":"https:\/\/www.uni.lu\/fr\/events\/present-et-perspectives-de-la-cooperation-transfrontaliere-considerations-du-conseil-economique-et-social-du-luxembourg-2\/","og_locale":"fr_FR","og_type":"article","og_title":"Pr\u00e9sent et perspectives de la coop\u00e9ration transfrontali\u00e8re - consid\u00e9rations du Conseil \u00e9conomique et social du Luxembourg","og_description":"L\u2019EDIC de l\u2019Universit\u00e9 du Luxembourg et le Cercle Europ\u00e9en Pierre Werner en collaboration avec la Commune de Ell ont organis\u00e9 la conf\u00e9rence-d\u00e9bat Pr\u00e9sent","og_url":"https:\/\/www.uni.lu\/fr\/events\/present-et-perspectives-de-la-cooperation-transfrontaliere-considerations-du-conseil-economique-et-social-du-luxembourg-2\/","og_site_name":"UNI FR","article_publisher":"https:\/\/www.facebook.com\/uni.lu","article_modified_time":"2024-10-28T09:42:12+00:00","og_image":[{"width":2000,"height":1335,"url":"https:\/\/www.uni.lu\/wp-content\/uploads\/sites\/11\/2024\/10\/jean_jacques_rommes_lors_de_sa_conference.jpg","type":"image\/jpeg"}],"twitter_card":"summary_large_image","twitter_misc":{"Dur\u00e9e de lecture estim\u00e9e":"4 minutes"},"schema":{"@context":"https:\/\/schema.org","@graph":[{"@type":"WebPage","@id":"https:\/\/www.uni.lu\/fr\/events\/present-et-perspectives-de-la-cooperation-transfrontaliere-considerations-du-conseil-economique-et-social-du-luxembourg-2\/","url":"https:\/\/www.uni.lu\/fr\/events\/present-et-perspectives-de-la-cooperation-transfrontaliere-considerations-du-conseil-economique-et-social-du-luxembourg-2\/","name":"Pr\u00e9sent et perspectives de la coop\u00e9ration transfrontali\u00e8re - consid\u00e9rations du Conseil \u00e9conomique et social du Luxembourg - Universit\u00e9 du Luxembourg","isPartOf":{"@id":"https:\/\/www.uni.lu\/fr\/#website"},"primaryImageOfPage":{"@id":"https:\/\/www.uni.lu\/fr\/events\/present-et-perspectives-de-la-cooperation-transfrontaliere-considerations-du-conseil-economique-et-social-du-luxembourg-2\/#primaryimage"},"image":{"@id":"https:\/\/www.uni.lu\/fr\/events\/present-et-perspectives-de-la-cooperation-transfrontaliere-considerations-du-conseil-economique-et-social-du-luxembourg-2\/#primaryimage"},"thumbnailUrl":"https:\/\/www.uni.lu\/wp-content\/uploads\/sites\/11\/2024\/10\/jean_jacques_rommes_lors_de_sa_conference.jpg","datePublished":"2024-10-28T09:42:11+00:00","dateModified":"2024-10-28T09:42:12+00:00","description":"L\u2019EDIC de l\u2019Universit\u00e9 du Luxembourg et le Cercle Europ\u00e9en Pierre Werner en collaboration avec la Commune de Ell ont organis\u00e9 la conf\u00e9rence-d\u00e9bat Pr\u00e9sent","breadcrumb":{"@id":"https:\/\/www.uni.lu\/fr\/events\/present-et-perspectives-de-la-cooperation-transfrontaliere-considerations-du-conseil-economique-et-social-du-luxembourg-2\/#breadcrumb"},"inLanguage":"fr-FR","potentialAction":[{"@type":"ReadAction","target":["https:\/\/www.uni.lu\/fr\/events\/present-et-perspectives-de-la-cooperation-transfrontaliere-considerations-du-conseil-economique-et-social-du-luxembourg-2\/"]}]},{"@type":"ImageObject","inLanguage":"fr-FR","@id":"https:\/\/www.uni.lu\/fr\/events\/present-et-perspectives-de-la-cooperation-transfrontaliere-considerations-du-conseil-economique-et-social-du-luxembourg-2\/#primaryimage","url":"https:\/\/www.uni.lu\/wp-content\/uploads\/sites\/11\/2024\/10\/jean_jacques_rommes_lors_de_sa_conference.jpg","contentUrl":"https:\/\/www.uni.lu\/wp-content\/uploads\/sites\/11\/2024\/10\/jean_jacques_rommes_lors_de_sa_conference.jpg","width":2000,"height":1335,"caption":"Jean-Jacques Rommes lors de sa conf\u00e9rence"},{"@type":"BreadcrumbList","@id":"https:\/\/www.uni.lu\/fr\/events\/present-et-perspectives-de-la-cooperation-transfrontaliere-considerations-du-conseil-economique-et-social-du-luxembourg-2\/#breadcrumb","itemListElement":[{"@type":"ListItem","position":1,"name":"Home","item":"https:\/\/www.uni.lu\/fr\/"},{"@type":"ListItem","position":2,"name":"Events","item":"https:\/\/www.uni.lu\/fr\/events\/"},{"@type":"ListItem","position":3,"name":"Pr\u00e9sent et perspectives de la coop\u00e9ration transfrontali\u00e8re - consid\u00e9rations du Conseil \u00e9conomique et social du Luxembourg"}]},{"@type":"WebSite","@id":"https:\/\/www.uni.lu\/fr\/#website","url":"https:\/\/www.uni.lu\/fr\/","name":"Uni.lu","description":"Universit\u00e9 du Luxembourg","publisher":{"@id":"https:\/\/www.uni.lu\/fr\/#organization"},"alternateName":"Universit\u00e9 du Luxembourg","potentialAction":[{"@type":"SearchAction","target":{"@type":"EntryPoint","urlTemplate":"https:\/\/www.uni.lu\/fr\/?s={search_term_string}"},"query-input":"required name=search_term_string"}],"inLanguage":"fr-FR"},{"@type":"Organization","@id":"https:\/\/www.uni.lu\/fr\/#organization","name":"Universit\u00e9 du Luxembourg","alternateName":"Uni.lu","url":"https:\/\/www.uni.lu\/fr\/","logo":{"@type":"ImageObject","inLanguage":"fr-FR","@id":"https:\/\/www.uni.lu\/fr\/#\/schema\/logo\/image\/","url":"https:\/\/www.uni.lu\/wp-content\/uploads\/sites\/11\/2026\/03\/03120045\/UNIV_SM-Profile_1600x1600px-scaled.jpg","contentUrl":"https:\/\/www.uni.lu\/wp-content\/uploads\/sites\/11\/2026\/03\/03120045\/UNIV_SM-Profile_1600x1600px-scaled.jpg","width":2560,"height":2560,"caption":"Universit\u00e9 du Luxembourg"},"image":"https:\/\/www.uni.lu\/wp-content\/uploads\/sites\/11\/2026\/04\/24120552\/20200609-Belval-Campus_Henri-Goergen-23.jpg","sameAs":["https:\/\/www.facebook.com\/uni.lu","https:\/\/www.linkedin.com\/school\/university-of-luxembourg\/","https:\/\/www.instagram.com\/uni.lu","https:\/\/www.youtube.com\/@uni_lu","https:\/\/en.wikipedia.org\/wiki\/University_of_Luxembourg"],"email":"communication@uni.lu","telephone":"+352 46 66 44 1","address":{"@type":"PostalAddress","streetAddress":"2, place de l\u2019Universit\u00e9","addressLocality":"Esch-sur-Alzette","postalCode":"4365","addressCountry":"LU"},"description":"Universit\u00e9 du Luxembourg"}]}},"_links":{"self":[{"href":"https:\/\/www.uni.lu\/fr\/wp-json\/wp\/v2\/events\/12869"}],"collection":[{"href":"https:\/\/www.uni.lu\/fr\/wp-json\/wp\/v2\/events"}],"about":[{"href":"https:\/\/www.uni.lu\/fr\/wp-json\/wp\/v2\/types\/events"}],"author":[{"embeddable":true,"href":"https:\/\/www.uni.lu\/fr\/wp-json\/wp\/v2\/users\/292"}],"replies":[{"embeddable":true,"href":"https:\/\/www.uni.lu\/fr\/wp-json\/wp\/v2\/comments?post=12869"}],"version-history":[{"count":1,"href":"https:\/\/www.uni.lu\/fr\/wp-json\/wp\/v2\/events\/12869\/revisions"}],"predecessor-version":[{"id":12886,"href":"https:\/\/www.uni.lu\/fr\/wp-json\/wp\/v2\/events\/12869\/revisions\/12886"}],"wp:authorship":[{"embeddable":true,"href":"https:\/\/www.uni.lu\/fr\/wp-json\/wp\/v2\/users\/292"}],"wp:featuredmedia":[{"embeddable":true,"href":"https:\/\/www.uni.lu\/fr\/wp-json\/wp\/v2\/media\/12880"}],"wp:attachment":[{"href":"https:\/\/www.uni.lu\/fr\/wp-json\/wp\/v2\/media?parent=12869"}],"wp:term":[{"taxonomy":"events-topic","embeddable":true,"href":"https:\/\/www.uni.lu\/fr\/wp-json\/wp\/v2\/events-topic?post=12869"},{"taxonomy":"events-type","embeddable":true,"href":"https:\/\/www.uni.lu\/fr\/wp-json\/wp\/v2\/events-type?post=12869"},{"taxonomy":"organisation","embeddable":true,"href":"https:\/\/www.uni.lu\/fr\/wp-json\/wp\/v2\/organisation?post=12869"}],"curies":[{"name":"wp","href":"https:\/\/api.w.org\/{rel}","templated":true}]}}