{"id":12838,"date":"2020-07-15T11:56:00","date_gmt":"2020-07-15T09:56:00","guid":{"rendered":"https:\/\/www.uni.lu\/fr\/?post_type=events&#038;p=12838"},"modified":"2024-10-24T12:05:29","modified_gmt":"2024-10-24T10:05:29","slug":"webinaire-le-palais-de-la-cour-de-justice-de-lunion-europeenne-images-dune-identite-en-devenir","status":"publish","type":"events","link":"https:\/\/www.uni.lu\/fr\/events\/webinaire-le-palais-de-la-cour-de-justice-de-lunion-europeenne-images-dune-identite-en-devenir\/","title":{"rendered":"Webinaire: Le Palais de la Cour de Justice de l\u2019Union europ\u00e9enne \u2013 images d\u2019une identit\u00e9 en devenir"},"content":{"rendered":"\n<section class=\"wp-block-unilux-blocks-free-section section\"><div class=\"container xl:max-w-screen-xl\">\n<p><strong>Conf\u00e9renci\u00e8re :<\/strong> Sara Afonso Ferreira, Historienne d\u2019art , Direction du Protocole et des Visites de la Cour de Justice de l\u2019UE<\/p>\n\n\n\n<p>Situ\u00e9 au coeur de l\u2019Europe, le Grand-Duch\u00e9 de Luxembourg a \u00e9t\u00e9 d\u2019embl\u00e9e un acteur cl\u00e9 de l\u2019unification europ\u00e9enne. D\u00e8s 1952, sa capitale devient le premier lieu de travail de la Communaut\u00e9 Europ\u00e9enne du Charbon et de l\u2019Acier (CECA) qui \u00e9merge apr\u00e8s la D\u00e9claration prononc\u00e9e le 9 mai 1950 par Robert Schuman, ministre des Affaires \u00e9trang\u00e8res de la France (qui naquit le 29 juin 1886 \u00e0 Clausen, d\u2019une m\u00e8re luxembourgeoise et d\u2019un p\u00e8re lorrain). La CECA implante ses institutions au Luxembourg. Ainsi, son organe ex\u00e9cutif &#8211; la Haute Autorit\u00e9 &#8211; pr\u00e9sid\u00e9e par Jean Monnet, s\u2019\u00e9tablit dans un&nbsp; b\u00e2timent embl\u00e9matique de la ville, qui abrite actuellement de la Banque et caisse d\u2019\u00e9pargne de l\u2019\u00c9tat (BCEE)&nbsp;; le Conseil des ministres &nbsp;se r\u00e9unit r\u00e9guli\u00e8rement dans la grande salle de l\u2019h\u00f4tel de ville&nbsp;; la Cour de Justice de la CECA inaugure ses&nbsp; travaux Cercle municipal (aujourd\u2019hui, le Cercle Cit\u00e9) situ\u00e9 \u00e0 la Place d\u2019Armes et place ses bureaux \u00e0 la Villa Vauban, aux abords du parc municipal.<\/p>\n\n\n\n<p>Apr\u00e8s la fusion des ex\u00e9cutifs de la CECA, le la CEE et de l\u2019Euratom survenue le 8 avril 1965, le Luxembourg partage, avec Strasbourg et Bruxelles, le statut de lieu de travail des institutions communautaires, avant de devenir, en 1992, une des trois \u00ab&nbsp;capitales permanentes&nbsp;\u00bb de l\u2019Union europ\u00e9enne. La ville de Luxembourg est d\u00e9finie comme \u00ab&nbsp;centre des institutions communautaires \u00e0 vocation juridique et financi\u00e8re, pr\u00e9sentes et futures&nbsp;\u00bb.<\/p>\n\n\n\n<p>Si, depuis sa cr\u00e9ation la Cour de Justice de la CECA, puis des Communaut\u00e9s europ\u00e9ennes et finalement de l\u2019UE (CJUE) est bas\u00e9e au Luxembourg, c\u2019est seulement \u00e0 l\u2019aube des ann\u00e9es 1990 qu\u2019elle \u00e9lit domicile sur le plateau de Kirchberg, dans son nouveau Palais, dessin\u00e9 par l\u2019architecte fran\u00e7ais Dominique Perrault. Ce Palais, qui a \u00e9volu\u00e9 sans cesse \u00e0 travers des choix esth\u00e9tiques et techniques d\u2019une grande originalit\u00e9, est devenu, de nos jours, une \u0153uvre d\u2019art vivante, un symbole de l\u2019UE et un fleuron de l\u2019urbanisme luxembourgeois.<\/p>\n\n\n\n<p>Pour d\u00e9couvrir l&rsquo;histoire de cette oeuvre architecturale sans cesse&nbsp;renouvell\u00e9e et des collections d&rsquo;art qu&rsquo;elle abrite, l\u2019Europe Direct&nbsp;Information Centre (EDIC) de l\u2019Universit\u00e9 du Luxembourg a organis\u00e9 le webinaire intitul\u00e9 \u00ab Le Palais de la Cour de Justice de l\u2019Union europ\u00e9enne \u2013&nbsp;images d\u2019une identit\u00e9 en devenir \u00bb avec Sara Afonso Ferreira,&nbsp;Historienne d\u2019art, Direction du Protocole et des Visites de la Cour de&nbsp;Justice de l\u2019Union europ\u00e9enne.<\/p>\n\n\n<div class=\"wp-block-unilux-blocks-spacer is-spacer-size-sm\"><\/div>\n\n\n<h3 class=\"has-text-align-left wp-block-unilux-blocks-heading\"        id=\"programme\"\n    >\nProgramme<\/h3>\n\n\n\n<p>Introduction \u2013 Dr Elena Danescu, Coordinatrice de l\u2019EDIC de l\u2019Universit\u00e9 du Luxembourg<br>\u2022 Conf\u00e9rence \u2013 Mme Sara Afonso Ferreira, Historienne d\u2019art, Direction du Protocole et des Visites de la Cour de Justice de l\u2019UE<br>\u2022 Visite virtuelle du Palais de la Cour de Justice de l\u2019UE et de ses collections d\u2019art<br>\u2022 D\u00e9bats avec les participants\/Session de questions-r\u00e9ponses<br>\u2022 Conclusion<\/p>\n\n\n<div class=\"wp-block-unilux-blocks-spacer is-spacer-size-sm\"><\/div>\n\n\n<ul class=\"wp-block-unilux-blocks-button-list-v2\">\n<li class=\"wp-block-unilux-blocks-button-list-item-v2\"><a class=\"quick-link\" href=\"https:\/\/www.youtube.com\/watch?v=-YOi777N1EU\" target=\"\" role=\"link\" rel=\"noopener\" tabindex=\"0\"><span class=\"quick-link__container\">\n<div class=\"wp-block-unilux-blocks-block-inserter quick-link__img\">\n<div class=\"icon--primary icon--secondary-2 icon--xl wp-block-unilux-blocks-icon-picker\">\n    <svg aria-hidden=\"true\" focusable=\"false\" class=\"icon icon-outline icon--video \"><use xlink:href=\"https:\/\/www.uni.lu\/wp-content\/themes\/unilux-theme\/assets\/images\/icons\/icons-outline.svg#icon--video\"><\/use><\/svg><\/div><\/div>\n\n\n\n<span class=\"quick-link__name wp-block-unilux-blocks-plain-text\">Enregistrement de la conf\u00e9rence<\/span>\n\n<svg aria-hidden=\"true\" focusable=\"false\" class=\"icon icon-outline icon--arrow-right \"><use xlink:href=\"https:\/\/www.uni.lu\/wp-content\/themes\/unilux-theme\/assets\/images\/icons\/icons-outline.svg#icon--arrow-right\"><\/use><\/svg><\/span><\/a><\/li>\n<\/ul>\n<\/div><\/section>\n","protected":false},"excerpt":{"rendered":"","protected":false},"author":292,"featured_media":12842,"parent":0,"menu_order":0,"comment_status":"open","ping_status":"closed","template":"","format":"standard","meta":{"featured_image_focal_point":[],"show_featured_caption":false,"ulux_newsletter_groups":"","uluxPostTitle":"","uluxPrePostTitle":"","_trash_the_other_posts":false,"_price":"","_stock":"","_tribe_ticket_header":"","_tribe_default_ticket_provider":"","_tribe_ticket_capacity":"0","_ticket_start_date":"","_ticket_end_date":"","_tribe_ticket_show_description":"","_tribe_ticket_show_not_going":false,"_tribe_ticket_use_global_stock":"","_tribe_ticket_global_stock_level":"","_global_stock_mode":"","_global_stock_cap":"","_tribe_rsvp_for_event":"","_tribe_ticket_going_count":"","_tribe_ticket_not_going_count":"","_tribe_tickets_list":"[]","_tribe_ticket_has_attendee_info_fields":false,"event_start_date":"2020-07-15 14:00:00","event_end_date":"2020-07-15 16:00:00","event_speaker_name":"Sara Afonso Ferreira","event_speaker_link":"","event_is_online":true,"event_location":"Universit\u00e9 de Luxembourg","event_street":"","event_location_link":"","event_zip_code":"","event_city":"","event_country":""},"events-topic":[],"events-type":[],"organisation":[297],"authorship":[292],"acf":[],"yoast_head":"<!-- This site is optimized with the Yoast SEO Premium plugin v22.3 (Yoast SEO v22.3) - https:\/\/yoast.com\/wordpress\/plugins\/seo\/ -->\n<title>Webinaire: Le Palais de la Cour de Justice de l\u2019Union europ\u00e9enne \u2013 images d\u2019une identit\u00e9 en devenir - Universit\u00e9 du Luxembourg<\/title>\n<meta name=\"description\" content=\"Conf\u00e9renci\u00e8re : Sara Afonso Ferreira, Historienne d\u2019art , Direction du Protocole et des Visites de la Cour de Justice de l\u2019UE Situ\u00e9 au coeur de l\u2019Europe,\" \/>\n<meta name=\"robots\" content=\"index, follow, max-snippet:-1, max-image-preview:large, max-video-preview:-1\" \/>\n<link rel=\"canonical\" href=\"https:\/\/www.uni.lu\/fr\/events\/webinaire-le-palais-de-la-cour-de-justice-de-lunion-europeenne-images-dune-identite-en-devenir\/\" \/>\n<meta property=\"og:locale\" content=\"fr_FR\" \/>\n<meta property=\"og:type\" content=\"article\" \/>\n<meta property=\"og:title\" content=\"Webinaire: Le Palais de la Cour de Justice de l\u2019Union europ\u00e9enne \u2013 images d\u2019une identit\u00e9 en devenir\" \/>\n<meta property=\"og:description\" content=\"Conf\u00e9renci\u00e8re : Sara Afonso Ferreira, Historienne d\u2019art , Direction du Protocole et des Visites de la Cour de Justice de l\u2019UE Situ\u00e9 au coeur de l\u2019Europe,\" \/>\n<meta property=\"og:url\" content=\"https:\/\/www.uni.lu\/fr\/events\/webinaire-le-palais-de-la-cour-de-justice-de-lunion-europeenne-images-dune-identite-en-devenir\/\" \/>\n<meta property=\"og:site_name\" content=\"UNI FR\" \/>\n<meta property=\"article:publisher\" content=\"https:\/\/www.facebook.com\/uni.lu\" \/>\n<meta property=\"article:modified_time\" content=\"2024-10-24T10:05:29+00:00\" \/>\n<meta property=\"og:image\" content=\"https:\/\/www.uni.lu\/wp-content\/uploads\/sites\/11\/2024\/10\/uni_lu_article_thumbnail_medium.png\" \/>\n\t<meta property=\"og:image:width\" content=\"200\" \/>\n\t<meta property=\"og:image:height\" content=\"200\" \/>\n\t<meta property=\"og:image:type\" content=\"image\/png\" \/>\n<meta name=\"twitter:card\" content=\"summary_large_image\" \/>\n<meta name=\"twitter:label1\" content=\"Dur\u00e9e de lecture estim\u00e9e\" \/>\n\t<meta name=\"twitter:data1\" content=\"3 minutes\" \/>\n<script type=\"application\/ld+json\" class=\"yoast-schema-graph\">{\"@context\":\"https:\/\/schema.org\",\"@graph\":[{\"@type\":\"WebPage\",\"@id\":\"https:\/\/www.uni.lu\/fr\/events\/webinaire-le-palais-de-la-cour-de-justice-de-lunion-europeenne-images-dune-identite-en-devenir\/\",\"url\":\"https:\/\/www.uni.lu\/fr\/events\/webinaire-le-palais-de-la-cour-de-justice-de-lunion-europeenne-images-dune-identite-en-devenir\/\",\"name\":\"Webinaire: Le Palais de la Cour de Justice de l\u2019Union europ\u00e9enne \u2013 images d\u2019une identit\u00e9 en devenir - Universit\u00e9 du Luxembourg\",\"isPartOf\":{\"@id\":\"https:\/\/www.uni.lu\/fr\/#website\"},\"primaryImageOfPage\":{\"@id\":\"https:\/\/www.uni.lu\/fr\/events\/webinaire-le-palais-de-la-cour-de-justice-de-lunion-europeenne-images-dune-identite-en-devenir\/#primaryimage\"},\"image\":{\"@id\":\"https:\/\/www.uni.lu\/fr\/events\/webinaire-le-palais-de-la-cour-de-justice-de-lunion-europeenne-images-dune-identite-en-devenir\/#primaryimage\"},\"thumbnailUrl\":\"https:\/\/www.uni.lu\/wp-content\/uploads\/sites\/11\/2024\/10\/uni_lu_article_thumbnail_medium.png\",\"datePublished\":\"2020-07-15T09:56:00+00:00\",\"dateModified\":\"2024-10-24T10:05:29+00:00\",\"description\":\"Conf\u00e9renci\u00e8re : Sara Afonso Ferreira, Historienne d\u2019art , Direction du Protocole et des Visites de la Cour de Justice de l\u2019UE Situ\u00e9 au coeur de l\u2019Europe,\",\"breadcrumb\":{\"@id\":\"https:\/\/www.uni.lu\/fr\/events\/webinaire-le-palais-de-la-cour-de-justice-de-lunion-europeenne-images-dune-identite-en-devenir\/#breadcrumb\"},\"inLanguage\":\"fr-FR\",\"potentialAction\":[{\"@type\":\"ReadAction\",\"target\":[\"https:\/\/www.uni.lu\/fr\/events\/webinaire-le-palais-de-la-cour-de-justice-de-lunion-europeenne-images-dune-identite-en-devenir\/\"]}]},{\"@type\":\"ImageObject\",\"inLanguage\":\"fr-FR\",\"@id\":\"https:\/\/www.uni.lu\/fr\/events\/webinaire-le-palais-de-la-cour-de-justice-de-lunion-europeenne-images-dune-identite-en-devenir\/#primaryimage\",\"url\":\"https:\/\/www.uni.lu\/wp-content\/uploads\/sites\/11\/2024\/10\/uni_lu_article_thumbnail_medium.png\",\"contentUrl\":\"https:\/\/www.uni.lu\/wp-content\/uploads\/sites\/11\/2024\/10\/uni_lu_article_thumbnail_medium.png\",\"width\":200,\"height\":200},{\"@type\":\"BreadcrumbList\",\"@id\":\"https:\/\/www.uni.lu\/fr\/events\/webinaire-le-palais-de-la-cour-de-justice-de-lunion-europeenne-images-dune-identite-en-devenir\/#breadcrumb\",\"itemListElement\":[{\"@type\":\"ListItem\",\"position\":1,\"name\":\"Home\",\"item\":\"https:\/\/www.uni.lu\/fr\/\"},{\"@type\":\"ListItem\",\"position\":2,\"name\":\"Events\",\"item\":\"https:\/\/www.uni.lu\/fr\/events\/\"},{\"@type\":\"ListItem\",\"position\":3,\"name\":\"Webinaire: Le Palais de la Cour de Justice de l\u2019Union europ\u00e9enne \u2013 images d\u2019une identit\u00e9 en devenir\"}]},{\"@type\":\"WebSite\",\"@id\":\"https:\/\/www.uni.lu\/fr\/#website\",\"url\":\"https:\/\/www.uni.lu\/fr\/\",\"name\":\"Uni.lu\",\"description\":\"Universit\u00e9 du Luxembourg\",\"publisher\":{\"@id\":\"https:\/\/www.uni.lu\/fr\/#organization\"},\"alternateName\":\"Universit\u00e9 du Luxembourg\",\"potentialAction\":[{\"@type\":\"SearchAction\",\"target\":{\"@type\":\"EntryPoint\",\"urlTemplate\":\"https:\/\/www.uni.lu\/fr\/?s={search_term_string}\"},\"query-input\":\"required name=search_term_string\"}],\"inLanguage\":\"fr-FR\"},{\"@type\":\"Organization\",\"@id\":\"https:\/\/www.uni.lu\/fr\/#organization\",\"name\":\"Universit\u00e9 du Luxembourg\",\"alternateName\":\"Uni.lu\",\"url\":\"https:\/\/www.uni.lu\/fr\/\",\"logo\":{\"@type\":\"ImageObject\",\"inLanguage\":\"fr-FR\",\"@id\":\"https:\/\/www.uni.lu\/fr\/#\/schema\/logo\/image\/\",\"url\":\"https:\/\/www.uni.lu\/wp-content\/uploads\/sites\/11\/2026\/03\/03120045\/UNIV_SM-Profile_1600x1600px-scaled.jpg\",\"contentUrl\":\"https:\/\/www.uni.lu\/wp-content\/uploads\/sites\/11\/2026\/03\/03120045\/UNIV_SM-Profile_1600x1600px-scaled.jpg\",\"width\":2560,\"height\":2560,\"caption\":\"Universit\u00e9 du Luxembourg\"},\"image\":\"https:\/\/www.uni.lu\/wp-content\/uploads\/sites\/11\/2026\/04\/24120552\/20200609-Belval-Campus_Henri-Goergen-23.jpg\",\"sameAs\":[\"https:\/\/www.facebook.com\/uni.lu\",\"https:\/\/www.linkedin.com\/school\/university-of-luxembourg\/\",\"https:\/\/www.instagram.com\/uni.lu\",\"https:\/\/www.youtube.com\/@uni_lu\",\"https:\/\/en.wikipedia.org\/wiki\/University_of_Luxembourg\"],\"email\":\"communication@uni.lu\",\"telephone\":\"+352 46 66 44 1\",\"address\":{\"@type\":\"PostalAddress\",\"streetAddress\":\"2, place de l\u2019Universit\u00e9\",\"addressLocality\":\"Esch-sur-Alzette\",\"postalCode\":\"4365\",\"addressCountry\":\"LU\"},\"description\":\"Universit\u00e9 du Luxembourg\"}]}<\/script>\n<!-- \/ Yoast SEO Premium plugin. -->","yoast_head_json":{"title":"Webinaire: Le Palais de la Cour de Justice de l\u2019Union europ\u00e9enne \u2013 images d\u2019une identit\u00e9 en devenir - Universit\u00e9 du Luxembourg","description":"Conf\u00e9renci\u00e8re : Sara Afonso Ferreira, Historienne d\u2019art , Direction du Protocole et des Visites de la Cour de Justice de l\u2019UE Situ\u00e9 au coeur de l\u2019Europe,","robots":{"index":"index","follow":"follow","max-snippet":"max-snippet:-1","max-image-preview":"max-image-preview:large","max-video-preview":"max-video-preview:-1"},"canonical":"https:\/\/www.uni.lu\/fr\/events\/webinaire-le-palais-de-la-cour-de-justice-de-lunion-europeenne-images-dune-identite-en-devenir\/","og_locale":"fr_FR","og_type":"article","og_title":"Webinaire: Le Palais de la Cour de Justice de l\u2019Union europ\u00e9enne \u2013 images d\u2019une identit\u00e9 en devenir","og_description":"Conf\u00e9renci\u00e8re : Sara Afonso Ferreira, Historienne d\u2019art , Direction du Protocole et des Visites de la Cour de Justice de l\u2019UE Situ\u00e9 au coeur de l\u2019Europe,","og_url":"https:\/\/www.uni.lu\/fr\/events\/webinaire-le-palais-de-la-cour-de-justice-de-lunion-europeenne-images-dune-identite-en-devenir\/","og_site_name":"UNI FR","article_publisher":"https:\/\/www.facebook.com\/uni.lu","article_modified_time":"2024-10-24T10:05:29+00:00","og_image":[{"width":200,"height":200,"url":"https:\/\/www.uni.lu\/wp-content\/uploads\/sites\/11\/2024\/10\/uni_lu_article_thumbnail_medium.png","type":"image\/png"}],"twitter_card":"summary_large_image","twitter_misc":{"Dur\u00e9e de lecture estim\u00e9e":"3 minutes"},"schema":{"@context":"https:\/\/schema.org","@graph":[{"@type":"WebPage","@id":"https:\/\/www.uni.lu\/fr\/events\/webinaire-le-palais-de-la-cour-de-justice-de-lunion-europeenne-images-dune-identite-en-devenir\/","url":"https:\/\/www.uni.lu\/fr\/events\/webinaire-le-palais-de-la-cour-de-justice-de-lunion-europeenne-images-dune-identite-en-devenir\/","name":"Webinaire: Le Palais de la Cour de Justice de l\u2019Union europ\u00e9enne \u2013 images d\u2019une identit\u00e9 en devenir - Universit\u00e9 du Luxembourg","isPartOf":{"@id":"https:\/\/www.uni.lu\/fr\/#website"},"primaryImageOfPage":{"@id":"https:\/\/www.uni.lu\/fr\/events\/webinaire-le-palais-de-la-cour-de-justice-de-lunion-europeenne-images-dune-identite-en-devenir\/#primaryimage"},"image":{"@id":"https:\/\/www.uni.lu\/fr\/events\/webinaire-le-palais-de-la-cour-de-justice-de-lunion-europeenne-images-dune-identite-en-devenir\/#primaryimage"},"thumbnailUrl":"https:\/\/www.uni.lu\/wp-content\/uploads\/sites\/11\/2024\/10\/uni_lu_article_thumbnail_medium.png","datePublished":"2020-07-15T09:56:00+00:00","dateModified":"2024-10-24T10:05:29+00:00","description":"Conf\u00e9renci\u00e8re : Sara Afonso Ferreira, Historienne d\u2019art , Direction du Protocole et des Visites de la Cour de Justice de l\u2019UE Situ\u00e9 au coeur de l\u2019Europe,","breadcrumb":{"@id":"https:\/\/www.uni.lu\/fr\/events\/webinaire-le-palais-de-la-cour-de-justice-de-lunion-europeenne-images-dune-identite-en-devenir\/#breadcrumb"},"inLanguage":"fr-FR","potentialAction":[{"@type":"ReadAction","target":["https:\/\/www.uni.lu\/fr\/events\/webinaire-le-palais-de-la-cour-de-justice-de-lunion-europeenne-images-dune-identite-en-devenir\/"]}]},{"@type":"ImageObject","inLanguage":"fr-FR","@id":"https:\/\/www.uni.lu\/fr\/events\/webinaire-le-palais-de-la-cour-de-justice-de-lunion-europeenne-images-dune-identite-en-devenir\/#primaryimage","url":"https:\/\/www.uni.lu\/wp-content\/uploads\/sites\/11\/2024\/10\/uni_lu_article_thumbnail_medium.png","contentUrl":"https:\/\/www.uni.lu\/wp-content\/uploads\/sites\/11\/2024\/10\/uni_lu_article_thumbnail_medium.png","width":200,"height":200},{"@type":"BreadcrumbList","@id":"https:\/\/www.uni.lu\/fr\/events\/webinaire-le-palais-de-la-cour-de-justice-de-lunion-europeenne-images-dune-identite-en-devenir\/#breadcrumb","itemListElement":[{"@type":"ListItem","position":1,"name":"Home","item":"https:\/\/www.uni.lu\/fr\/"},{"@type":"ListItem","position":2,"name":"Events","item":"https:\/\/www.uni.lu\/fr\/events\/"},{"@type":"ListItem","position":3,"name":"Webinaire: Le Palais de la Cour de Justice de l\u2019Union europ\u00e9enne \u2013 images d\u2019une identit\u00e9 en devenir"}]},{"@type":"WebSite","@id":"https:\/\/www.uni.lu\/fr\/#website","url":"https:\/\/www.uni.lu\/fr\/","name":"Uni.lu","description":"Universit\u00e9 du Luxembourg","publisher":{"@id":"https:\/\/www.uni.lu\/fr\/#organization"},"alternateName":"Universit\u00e9 du Luxembourg","potentialAction":[{"@type":"SearchAction","target":{"@type":"EntryPoint","urlTemplate":"https:\/\/www.uni.lu\/fr\/?s={search_term_string}"},"query-input":"required name=search_term_string"}],"inLanguage":"fr-FR"},{"@type":"Organization","@id":"https:\/\/www.uni.lu\/fr\/#organization","name":"Universit\u00e9 du Luxembourg","alternateName":"Uni.lu","url":"https:\/\/www.uni.lu\/fr\/","logo":{"@type":"ImageObject","inLanguage":"fr-FR","@id":"https:\/\/www.uni.lu\/fr\/#\/schema\/logo\/image\/","url":"https:\/\/www.uni.lu\/wp-content\/uploads\/sites\/11\/2026\/03\/03120045\/UNIV_SM-Profile_1600x1600px-scaled.jpg","contentUrl":"https:\/\/www.uni.lu\/wp-content\/uploads\/sites\/11\/2026\/03\/03120045\/UNIV_SM-Profile_1600x1600px-scaled.jpg","width":2560,"height":2560,"caption":"Universit\u00e9 du Luxembourg"},"image":"https:\/\/www.uni.lu\/wp-content\/uploads\/sites\/11\/2026\/04\/24120552\/20200609-Belval-Campus_Henri-Goergen-23.jpg","sameAs":["https:\/\/www.facebook.com\/uni.lu","https:\/\/www.linkedin.com\/school\/university-of-luxembourg\/","https:\/\/www.instagram.com\/uni.lu","https:\/\/www.youtube.com\/@uni_lu","https:\/\/en.wikipedia.org\/wiki\/University_of_Luxembourg"],"email":"communication@uni.lu","telephone":"+352 46 66 44 1","address":{"@type":"PostalAddress","streetAddress":"2, place de l\u2019Universit\u00e9","addressLocality":"Esch-sur-Alzette","postalCode":"4365","addressCountry":"LU"},"description":"Universit\u00e9 du Luxembourg"}]}},"_links":{"self":[{"href":"https:\/\/www.uni.lu\/fr\/wp-json\/wp\/v2\/events\/12838"}],"collection":[{"href":"https:\/\/www.uni.lu\/fr\/wp-json\/wp\/v2\/events"}],"about":[{"href":"https:\/\/www.uni.lu\/fr\/wp-json\/wp\/v2\/types\/events"}],"author":[{"embeddable":true,"href":"https:\/\/www.uni.lu\/fr\/wp-json\/wp\/v2\/users\/292"}],"replies":[{"embeddable":true,"href":"https:\/\/www.uni.lu\/fr\/wp-json\/wp\/v2\/comments?post=12838"}],"version-history":[{"count":1,"href":"https:\/\/www.uni.lu\/fr\/wp-json\/wp\/v2\/events\/12838\/revisions"}],"predecessor-version":[{"id":12843,"href":"https:\/\/www.uni.lu\/fr\/wp-json\/wp\/v2\/events\/12838\/revisions\/12843"}],"wp:authorship":[{"embeddable":true,"href":"https:\/\/www.uni.lu\/fr\/wp-json\/wp\/v2\/users\/292"}],"wp:featuredmedia":[{"embeddable":true,"href":"https:\/\/www.uni.lu\/fr\/wp-json\/wp\/v2\/media\/12842"}],"wp:attachment":[{"href":"https:\/\/www.uni.lu\/fr\/wp-json\/wp\/v2\/media?parent=12838"}],"wp:term":[{"taxonomy":"events-topic","embeddable":true,"href":"https:\/\/www.uni.lu\/fr\/wp-json\/wp\/v2\/events-topic?post=12838"},{"taxonomy":"events-type","embeddable":true,"href":"https:\/\/www.uni.lu\/fr\/wp-json\/wp\/v2\/events-type?post=12838"},{"taxonomy":"organisation","embeddable":true,"href":"https:\/\/www.uni.lu\/fr\/wp-json\/wp\/v2\/organisation?post=12838"}],"curies":[{"name":"wp","href":"https:\/\/api.w.org\/{rel}","templated":true}]}}